{"id":19106,"date":"2025-06-18T15:36:56","date_gmt":"2025-06-18T13:36:56","guid":{"rendered":"https:\/\/galerie-artima.com\/dominique-rayou-biography"},"modified":"2025-12-27T18:33:57","modified_gmt":"2025-12-27T17:33:57","slug":"dominique-rayou-biography","status":"publish","type":"page","link":"https:\/\/galerie-artima.com\/en\/dominique-rayou-biography","title":{"rendered":"Dominique RAYOU &#8211; Biography"},"content":{"rendered":"<p><div class=\"fusion-fullwidth fullwidth-box fusion-builder-row-1 fusion-flex-container nonhundred-percent-fullwidth non-hundred-percent-height-scrolling\" style=\"--awb-border-radius-top-left:0px;--awb-border-radius-top-right:0px;--awb-border-radius-bottom-right:0px;--awb-border-radius-bottom-left:0px;--awb-padding-left:22px;--awb-padding-left-medium:0px;--awb-flex-wrap:wrap;\" ><div class=\"fusion-builder-row fusion-row fusion-flex-align-items-flex-start fusion-flex-content-wrap\" style=\"max-width:1248px;margin-left: calc(-4% \/ 2 );margin-right: calc(-4% \/ 2 );\"><div class=\"fusion-layout-column fusion_builder_column fusion-builder-column-0 fusion-flex-column\" style=\"--awb-bg-size:cover;--awb-width-large:auto;--awb-margin-top-large:0px;--awb-spacing-right-large:25px;--awb-margin-bottom-large:0px;--awb-spacing-left-large:2%;--awb-width-medium:auto;--awb-order-medium:0;--awb-spacing-right-medium:25px;--awb-spacing-left-medium:2%;--awb-width-small:auto;--awb-order-small:0;--awb-spacing-right-small:25px;--awb-spacing-left-small:2%;\"><div class=\"fusion-column-wrapper fusion-column-has-shadow fusion-flex-justify-content-center fusion-content-layout-column\"><div style=\"text-align:left;\"><a class=\"fusion-button button-flat button-medium button-custom fusion-button-default button-1 fusion-button-span-no fusion-has-button-gradient\" style=\"--button_accent_color:#607d8b;--button_border_color:#607d8b;--button_accent_hover_color:#000000;--button_border_hover_color:#000000;--button_border_width-top:1px;--button_border_width-right:1px;--button_border_width-bottom:1px;--button_border_width-left:1px;--button_gradient_top_color:rgba(0,0,0,0.03);--button_gradient_bottom_color:rgba(0,0,0,0);--button_gradient_top_color_hover:rgba(0,0,0,0);--button_gradient_bottom_color_hover:rgba(0,0,0,0);\" target=\"_self\" href=\"https:\/\/galerie-artima.com\/en\/dominique-rayou-works\"><span class=\"fusion-button-text awb-button__text awb-button__text--default\">Works<\/span><\/a><\/div><\/div><\/div><div class=\"fusion-layout-column fusion_builder_column fusion-builder-column-1 fusion-flex-column\" style=\"--awb-bg-size:cover;--awb-width-large:auto;--awb-margin-top-large:0px;--awb-spacing-right-large:2%;--awb-margin-bottom-large:0px;--awb-spacing-left-large:2%;--awb-width-medium:auto;--awb-order-medium:0;--awb-spacing-right-medium:2%;--awb-spacing-left-medium:2%;--awb-width-small:auto;--awb-order-small:0;--awb-spacing-right-small:2%;--awb-spacing-left-small:2%;\"><div class=\"fusion-column-wrapper fusion-column-has-shadow fusion-flex-justify-content-center fusion-content-layout-column\"><div style=\"text-align:left;\"><a class=\"fusion-button button-flat button-medium button-custom fusion-button-default button-2 fusion-button-span-no fusion-has-button-gradient\" style=\"--button_accent_color:#000000;--button_border_color:#000000;--button_accent_hover_color:#000000;--button_border_hover_color:#000000;--button_border_width-top:1px;--button_border_width-right:1px;--button_border_width-bottom:1px;--button_border_width-left:1px;--button_gradient_top_color:rgba(0,0,0,0.03);--button_gradient_bottom_color:rgba(0,0,0,0);--button_gradient_top_color_hover:rgba(0,0,0,0);--button_gradient_bottom_color_hover:rgba(0,0,0,0);\" target=\"_self\" href=\"#\"><span class=\"fusion-button-text awb-button__text awb-button__text--default\">Biography<\/span><\/a><\/div><\/div><\/div><\/div><\/div><div class=\"fusion-fullwidth fullwidth-box fusion-builder-row-2 fusion-flex-container nonhundred-percent-fullwidth non-hundred-percent-height-scrolling\" style=\"--awb-border-radius-top-left:0px;--awb-border-radius-top-right:0px;--awb-border-radius-bottom-right:0px;--awb-border-radius-bottom-left:0px;--awb-margin-bottom:25px;--awb-flex-wrap:wrap;\" ><div class=\"fusion-builder-row fusion-row fusion-flex-align-items-flex-start fusion-flex-content-wrap\" style=\"max-width:1248px;margin-left: calc(-4% \/ 2 );margin-right: calc(-4% \/ 2 );\"><div class=\"fusion-layout-column fusion_builder_column fusion-builder-column-2 fusion_builder_column_1_1 1_1 fusion-flex-column fusion-flex-align-self-center\" style=\"--awb-bg-size:cover;--awb-width-large:100%;--awb-margin-top-large:10px;--awb-spacing-right-large:1.92%;--awb-margin-bottom-large:10px;--awb-spacing-left-large:1.92%;--awb-width-medium:50%;--awb-order-medium:0;--awb-spacing-right-medium:3.84%;--awb-spacing-left-medium:3.84%;--awb-width-small:100%;--awb-order-small:0;--awb-spacing-right-small:1.92%;--awb-spacing-left-small:1.92%;\"><div class=\"fusion-column-wrapper fusion-column-has-shadow fusion-flex-justify-content-center fusion-content-layout-column\"><div class=\"fusion-separator fusion-full-width-sep\" style=\"align-self: center;margin-left: auto;margin-right: auto;width:100%;\"><div class=\"fusion-separator-border sep-single sep-solid\" style=\"--awb-height:20px;--awb-amount:20px;border-color:#e0dede;border-top-width:1px;\"><\/div><\/div><\/div><\/div><\/div><\/div><div class=\"fusion-fullwidth fullwidth-box fusion-builder-row-3 fusion-flex-container nonhundred-percent-fullwidth non-hundred-percent-height-scrolling\" style=\"--awb-border-radius-top-left:0px;--awb-border-radius-top-right:0px;--awb-border-radius-bottom-right:0px;--awb-border-radius-bottom-left:0px;--awb-flex-wrap:wrap;\" ><div class=\"fusion-builder-row fusion-row fusion-flex-align-items-flex-start fusion-flex-content-wrap\" style=\"max-width:1248px;margin-left: calc(-4% \/ 2 );margin-right: calc(-4% \/ 2 );\"><div class=\"fusion-layout-column fusion_builder_column fusion-builder-column-3 fusion_builder_column_1_6 1_6 fusion-flex-column\" style=\"--awb-bg-size:cover;--awb-width-large:16.666666666667%;--awb-margin-top-large:0px;--awb-spacing-right-large:11.52%;--awb-margin-bottom-large:0px;--awb-spacing-left-large:11.52%;--awb-width-medium:16.666666666667%;--awb-order-medium:0;--awb-spacing-right-medium:11.52%;--awb-spacing-left-medium:11.52%;--awb-width-small:16.666666666667%;--awb-order-small:0;--awb-spacing-right-small:11.52%;--awb-spacing-left-small:11.52%;\"><div class=\"fusion-column-wrapper fusion-column-has-shadow fusion-flex-justify-content-flex-start fusion-content-layout-column\"><div class=\"fusion-image-element \" style=\"--awb-caption-title-font-family:var(--h2_typography-font-family);--awb-caption-title-font-weight:var(--h2_typography-font-weight);--awb-caption-title-font-style:var(--h2_typography-font-style);--awb-caption-title-size:var(--h2_typography-font-size);--awb-caption-title-transform:var(--h2_typography-text-transform);--awb-caption-title-line-height:var(--h2_typography-line-height);--awb-caption-title-letter-spacing:var(--h2_typography-letter-spacing);\"><span class=\" fusion-imageframe imageframe-none imageframe-1 hover-type-none\"><img decoding=\"async\" width=\"380\" height=\"487\" title=\"dominique-Rayou\" src=\"https:\/\/galerie-artima.com\/wp-content\/uploads\/2025\/06\/dominique-Rayou.jpg\" data-orig-src=\"https:\/\/galerie-artima.com\/wp-content\/uploads\/2025\/06\/dominique-Rayou.jpg\" alt class=\"lazyload img-responsive wp-image-19103\" srcset=\"data:image\/svg+xml,%3Csvg%20xmlns%3D%27http%3A%2F%2Fwww.w3.org%2F2000%2Fsvg%27%20width%3D%27380%27%20height%3D%27487%27%20viewBox%3D%270%200%20380%20487%27%3E%3Crect%20width%3D%27380%27%20height%3D%27487%27%20fill-opacity%3D%220%22%2F%3E%3C%2Fsvg%3E\" data-srcset=\"https:\/\/galerie-artima.com\/wp-content\/uploads\/2025\/06\/dominique-Rayou-200x256.jpg 200w, https:\/\/galerie-artima.com\/wp-content\/uploads\/2025\/06\/dominique-Rayou.jpg 380w\" data-sizes=\"auto\" data-orig-sizes=\"200px\" \/><\/span><\/div><\/div><\/div><div class=\"fusion-layout-column fusion_builder_column fusion-builder-column-4 fusion_builder_column_5_6 5_6 fusion-flex-column\" style=\"--awb-bg-size:cover;--awb-width-large:83.333333333333%;--awb-margin-top-large:0px;--awb-spacing-right-large:2.304%;--awb-margin-bottom-large:0px;--awb-spacing-left-large:2.304%;--awb-width-medium:83.333333333333%;--awb-order-medium:0;--awb-spacing-right-medium:2.304%;--awb-spacing-left-medium:2.304%;--awb-width-small:83.333333333333%;--awb-order-small:0;--awb-spacing-right-small:2.304%;--awb-spacing-left-small:2.304%;\"><div class=\"fusion-column-wrapper fusion-column-has-shadow fusion-flex-justify-content-flex-start fusion-content-layout-column\"><div class=\"fusion-text fusion-text-1\" style=\"--awb-text-color:#222222;\"><p><strong>Born in Bordeaux in 1957. Lives and works in Beynac<\/strong><\/p>\n<p style=\"text-align: justify;\">Self-taught, Dominique Rayou began sculpting at the age of 20. His first exhibition in 1981 won him the first prize for sculpture. Alternating materials with curiosity &#8211; wood, marble, bronze &#8211; her passion continues to grow, as does her mastery as her imagination unfolds. His patience, concentration and artistry are honed by carving directly into marble, a stone whose fragile nature he strives to tame, revealing its fascinating colors. His pleasure becomes his profession. He likes to surprise by giving matter a second life, by reinventing it. He prefers a dynamic, lively new harmony to the still lifes so familiar from art history.<\/p>\n<p style=\"text-align: justify;\">His sculptures reflect a duality between the human and the abstract, the visible and the invisible, focusing on partial representations of the human body such as hands, arms and, above all, busts. His recent works explore the interplay of emotions, with an aesthetic concern honed by experience, inspiration and new techniques, notably in silver-chromed bronze, with a colorful patina that captures light in a unique way.<\/p>\n<p style=\"text-align: justify;\">Dominique Rayou loves aesthetics as much as the thought that goes into creation, or the technique used to achieve her goal. Her patinas are extraordinary, with a richness and depth that no foundry patinist could achieve. At a time when many artists are outsourcing their work, Dominique Rayou does the chasing himself. The time he spends and the meticulousness he demonstrates are economically viable only for the enthusiast, the artist and the craftsman.<\/p>\n<p style=\"text-align: justify;\">The result is a vast oeuvre of trompe l&#8217;oeil fruit, anamorphoses and titles, each more succulent than the last. Destin\u00e9e, for example, is a marvellous illustration of Rayou&#8217;s sense of humour, as he presents a fruit as a woman whose destiny is to be eaten. Here again, sculpture is a pretext for indulging in technical pleasure. The chiselling of fine striations that reflect the light brilliantly to represent the moist flesh of the fruit. Or the oxidation on the edges, the grain on the skin&#8230; right down to the delicate attention to detail of leaving the tip of the stem in mirror-polished bronze to show that it is indeed bronze. In each of his works, there is the jubilation of the artist who takes infinite pleasure in working and making his sculpture as beautiful and relevant as he imagined it.<\/p>\n<p><strong>Exhibitions : <\/strong><\/p>\n<p>2025<br \/>\nGalerie Artima &#8211; Honfleur<br \/>\nDomaine de Montjoie &#8211; Ramonville Saint-Agne<br \/>\nGalerie Fine Arts selection &#8211; Arcachon<br \/>\nGalerie De M\u00e9dicis &#8211; Paris<\/p>\n<p>2024<br \/>\nVlask Gallery &#8211; Gent &#8211; BE<br \/>\nArt Club Gallery &#8211; Paris<br \/>\nArt Club Gallery &#8211; Lyon<br \/>\nGalerie 713 &#8211; Knokke &#8211; BE<br \/>\nGalerie De M\u00e9dicis &#8211; Paris<\/p>\n<p>2023<br \/>\nArt Club Gallery &#8211; Lyon<br \/>\nGalerie 713 &#8211; Knokke &#8211; BE<br \/>\nGalerie Alain Daudet &#8211; Toulouse<br \/>\nGalerie De M\u00e9dicis &#8211; Paris<br \/>\nGalerie Harmattan &#8211; Meg\u00e8ve<br \/>\nGalerie Fine arts s\u00e9lection &#8211; Arcachon<\/p>\n<p>2022<br \/>\nGalerie 713 &#8211; Knokke &#8211; BE<br \/>\nGalerie Alain Daudet &#8211; Toulouse<br \/>\nGalerie De M\u00e9dicis &#8211; Paris<br \/>\nGalerie Harmattan &#8211; Meg\u00e8ve<br \/>\nGalerie Fine arts s\u00e9lection &#8211; Arcachon<\/p>\n<p>2021<br \/>\nGalerie 713 &#8211; Knokke &#8211; BE<br \/>\nGalerie Alain Daudet &#8211; Toulouse<br \/>\nGalerie De M\u00e9dicis &#8211; Paris<br \/>\nGalerie Harmattan &#8211; Meg\u00e8ve<br \/>\nGalerie Fine arts s\u00e9lection &#8211; Arcachon<\/p>\n<p>2020<br \/>\nGalerie Vladimir Rustinoff &#8211; Saint-Paul-de-Vence<br \/>\nGalerie 713 &#8211; Knokke &#8211; BE<br \/>\nGalerie Alain Daudet &#8211; Toulouse<br \/>\nGalerie De M\u00e9dicis &#8211; Paris<br \/>\nGalerie Harmattan &#8211; Meg\u00e8ve<br \/>\nGalerie Julien &#8211; Honfleur<br \/>\nGalerie Viviane Henwood &#8211; Les Sables-d\u2019Olonne<\/p>\n<p>2019<br \/>\nSummer exhibition &#8211; Galerie 713 &#8211; Knokke &#8211; BE<br \/>\nGalerie Vladimir Rustinoff &#8211; Saint-Paul-de-Vence<br \/>\nPersonnal exhibition &#8211; Galerie Alain Daudet &#8211; Toulouse<br \/>\nGalerie De M\u00e9dicis &#8211; Paris<br \/>\nGalerie Harmattan &#8211; Meg\u00e8ve<br \/>\nE.D.A. gallery &#8211; Miami &#8211; U.S.A.<\/p>\n<p>2018<br \/>\nSummer exhibition &#8211; Galerie 713 &#8211; Knokke &#8211; BE<br \/>\nGalerie De M\u00e9dicis &#8211; Paris<br \/>\nGalerie Vladimir Rustinoff &#8211; Saint-Paul-de-Vence<br \/>\nGalerie Alain Daudet &#8211; Toulouse<br \/>\nArt Club Gallery &#8211; Paris<br \/>\nE.D.A. gallery &#8211; Miami &#8211; U.S.A.<\/p>\n<p>2017<br \/>\nPersonnal exhibition &#8211; Galerie 713 &#8211; Knokke &#8211; BE<br \/>\nGalerie Vladimir Rustinoff &#8211; Saint-Paul-de-<br \/>\nArt Club Gallery &#8211; Paris<\/p>\n<p>2016<br \/>\nCh\u00e2teau de Saint-Vitu &#8211; Tinlot &#8211; Galerie 713 &#8211; BE<br \/>\nGalerie De M\u00e9dicis &#8211; Paris<br \/>\nGalerie Vecchiato &#8211; Padova &#8211; IT<br \/>\nGalerie Vladimir Rustinoff &#8211; Saint-Paul-de-Vence<br \/>\nGalerie ArTiane &#8211; Honfleur<br \/>\nVan Loon Galleries &#8211; Vught &#8211; NL<\/p>\n<p>2015<br \/>\nVan Loon Galleries &#8211; Vught &#8211; NL<br \/>\nGalerie Vladimir Rustinoff &#8211; Saint-Paul-de-Vence<br \/>\nGalerie ArTiane &#8211; Honfleur<br \/>\nGalerie Harmattan &#8211; Meg\u00e8ve<br \/>\nGalerie Viviane Henwood &#8211; Les Sables-d\u2019Olonne<br \/>\nGalerie Briand &#8211; Royan<br \/>\nGalerie Sakah &#8211; Toulouse<br \/>\nGalerie De M\u00e9dicis &#8211; Paris<\/p>\n<p>2014<br \/>\nPersonnal exhibition &#8211; Van Loon Galleries &#8211; Vught &#8211; NL<br \/>\nGalerie Briand &#8211; Royan<br \/>\nGalerie Vladimir Rustinoff &#8211; Saint-Paul-de-Vence<br \/>\nGalerie De M\u00e9dicis &#8211; Paris<br \/>\nPersonnal exhibition &#8211; Galerie Sakah &#8211; Toulouse<\/p>\n<p>2013<br \/>\nGalerie Sakah &#8211; Toulouse<br \/>\nArt Toulouse<br \/>\nPersonnal exhibition &#8211; Galerie Magnanat &#8211; Sarlat<br \/>\nPersonnal exhibition Sculpture &#8211; Galerie Het Depot &#8211; Wageningen &#8211; NL<br \/>\nGalerie Vladimir Rustinoff &#8211; Saint-Paul-de-Vence<br \/>\nGalerie De M\u00e9dicis &#8211; Paris<\/p>\n<p>2012<br \/>\nGalerie Van Loon &amp; Simons &#8211; Vught &#8211; NL<br \/>\nPersonnal exhibition &#8211; Galerie Sakah &#8211; Toulouse<br \/>\nArt Toulouse<br \/>\nFondation Het Depot &#8211; Wageningen &#8211; NL<br \/>\nGalerie Vladimir Rustinoff &#8211; Saint-Paul-de-Vence<\/p>\n<p>2011<br \/>\nArt Toulouse &#8211; Toulouse<br \/>\nGalerie Van Loon &amp; Simons &#8211; Vught &#8211; NL<br \/>\nSalon d\u2019automne de Colomiers<\/p>\n<p>2010<br \/>\nExhibition salle Victoire &#8211; Bruxelles &#8211; BE<br \/>\nExhibition &#8211; Soci\u00e9t\u00e9 Bleecker &#8211; avenue Georges V &#8211; Paris<br \/>\nConseil g\u00e9n\u00e9ral de l\u2019Eure &#8211; Rouen<br \/>\nGmac Bastille &#8211; Paris<br \/>\nSculpture en libert\u00e9 &#8211; Roquebrune-sur-Argens<\/p>\n<p>2009<br \/>\nGmac Bastille &#8211; Paris<br \/>\nPersonal exhibition &#8211; Galerie Etienne &#8211; Oisterwijk &#8211; NL<br \/>\nPersonal exhibition &#8211; Golf De l&#8217;Olivarie &#8211; Siorac<\/p>\n<p>2008<br \/>\nPersonnal exhibitions &#8211; Duba\u00ef and Abou Dhabi &#8211; AE<br \/>\nPersonal exhibition &#8211; Espace La Tour du Bourreau &#8211; Sarlat<br \/>\nSCULPTUUR &#8211; Group show &#8211; Oisterwijk &#8211; NL<\/p>\n<p>2007<br \/>\nGalerie Etienne &#8211; Oisterwijk &#8211; NL<br \/>\nGalerie le Violon bleu &#8211; Tunis &#8211; TN<br \/>\nMus\u00e9e d\u2019art moderne de la ville de Tunis &#8211; TN<br \/>\nConseil g\u00e9n\u00e9ral de la Dordogne<\/p>\n<p>2006<br \/>\nGalerie Patou fine art &#8211; Miami &#8211; USA<br \/>\nGalerie Etienne &#8211; Oisterwijk &#8211; NL<br \/>\nGalerie Briand &#8211; Royan<\/p>\n<p>2005<br \/>\nPersonal exhibition &#8211; 34 Champs Elys\u00e9es &#8211; Paris<br \/>\nPersonal exhibition &#8211; Galerie Etienne \u2013 Oisterwijk &#8211; NL<br \/>\nGroup show Nouvelles acquisitions &#8211; Stichting Het Depot &#8211; Wageningen &#8211; NL<\/p>\n<p>2004<br \/>\nPersonal exhibition &#8211; Fondation Het Depot &#8211; Wageningen &#8211; NL<br \/>\nPermanent artist since 2004 &#8211; Fondation Het Depot<br \/>\nSCULPTUUR &#8211; Group show &#8211; Galerie Etienne &#8211; Oisterwijk &#8211; NL<\/p>\n<p>2003<br \/>\nPersonal exhibition &#8211; Fondation 15 square Vergennes &#8211; Paris<br \/>\nGalerie Etienne Van Den Dool &#8211; Oisterwijk &#8211; NL<\/p>\n<p>2002<br \/>\nPersonal exhibition &#8211; La Tour Grise &#8211; Verneuil-sur-Avre<\/p>\n<p>2000<br \/>\nPersonal exhibition &#8211; Orangerie du S\u00e9nat &#8211; Paris<br \/>\nPersonal exhibition &#8211; La Tour Grise &#8211; Verneuil-sur-Avre<br \/>\nPersonal exhibition &#8211; Galerie Magnanat &#8211; Sarlat<\/p>\n<p>1999<br \/>\nPersonal exhibition &#8211; Galerie Magnanat &#8211; Sarlat<\/p>\n<p>1998<br \/>\nGmac Bastille &#8211; Paris<\/p>\n<p>1997<br \/>\nPersonal exhibition &#8211; Galerie Heraud &#8211; Paris<br \/>\nGMAC Bastille &#8211; Paris<\/p>\n<p>1996<br \/>\nGrand March\u00e9 de l\u2019Art Contemporain &#8211; Bastille &#8211; Paris<br \/>\nGalerie H\u00e9raud &#8211; Paris<\/p>\n<p>1995<br \/>\nPersonal exhibition &#8211; Centre culturel de l&#8217;a\u00e9rospatiale &#8211; Toulouse<br \/>\nPersonal exhibition &#8211; Galerie Magnanat &#8211; Sarlat<\/p>\n<p>1994<br \/>\nPersonal exhibition &#8211; Galerie H\u00e9raud &#8211; Paris<br \/>\nBiennale de St L\u00e9onard de Noblat<\/p>\n<p>1992<br \/>\nPersonal exhibition &#8211; H\u00f4tel de la R\u00e9gion Midi-Pyr\u00e9n\u00e9es &#8211; Toulouse<br \/>\nMus\u00e9e d\u2019art moderne de la ville de Toulouse<br \/>\nCREAC Centre Culturel Bonnefoy &#8211; Toulouse<br \/>\nPersonal exhibition &#8211; Galerie Magnanat &#8211; Sarlat<\/p>\n<p>1991<br \/>\nPersonal exhibition &#8211; Galerie place des arts &#8211; Toulouse<br \/>\nPersonal exhibition &#8211; H\u00f4tel Capoul &#8211; Toulouse<\/p>\n<p>1989<br \/>\nFoire d&#8217;art contemporain &#8211; Toulouse<\/p>\n<p>1987<br \/>\nSalon Aura -Toulouse<\/p>\n<p>1986<br \/>\nSalon d&#8217;automne &#8211; Grand Palais &#8211; Paris<br \/>\nGalerie d&#8217;art Orly ouest &#8211; Personal exhibition &#8211; Orly<br \/>\nAmbassade de France &#8211; Wien &#8211; AT<br \/>\nPersonal exhibition &#8211; Centre Socio-Culturel &#8211; Brive<br \/>\nPersonal exhibition &#8211; Galerie Auriel &#8211; Toulouse<\/p>\n<p>1985<br \/>\nSalon d\u2019Automne &#8211; Grand Palais &#8211; Paris,<br \/>\nPersonal exhibition &#8211; Galerie Magnanat &#8211; Sarlat<\/p>\n<p>1984<br \/>\nSalon d&#8217;automne &#8211; Grand Palais &#8211; Paris<br \/>\nMairie d&#8217;Escalquens<\/p>\n<p>1983<br \/>\nPersonal exhibition &#8211; Galerie Auriel &#8211; Toulouse<\/p>\n<p>1982<br \/>\nMairie d&#8217;Escalquens<br \/>\nSalon des M\u00e9ridionaux- Toulouse<\/p>\n<p>1981<br \/>\nSalon des M\u00e9ridionaux &#8211; Toulouse<br \/>\nExhibition Fousseret<\/p>\n<p><strong>Awards and distinctions:<\/strong><br \/>\n1981: 1st prize for sculpture Le Fousseret &#8211; Carbonne<br \/>\n1984: 1st prize for sculpture &#8211; Mairie d&#8217;Escalquens<br \/>\n1987: 1st prize for sculpture &#8211; Salon Aura &#8211; Toulouse<br \/>\n2011: 1st prize for sculpture &#8211; Salon d&#8217;automne de Colomiers<br \/>\n2013: 1st prize for sculpture &#8211; Art Toulouse<\/p>\n<p><strong>\u00a0<\/strong><\/p>\n<p><strong>Public and private collections:<\/strong><br \/>\nH\u00f4tel de R\u00e9gion Midi Pyr\u00e9n\u00e9es &#8211; Ville de Sarlat<br \/>\nAmbassade de France &#8211; Wien &#8211; AT<br \/>\nStichting Het Depot &#8211; Wageningen &#8211; NL<br \/>\nFondation 15 Square de Vergennes &#8211; Paris<br \/>\nMus\u00e9e d&#8217;Art Moderne &#8211; Tunis &#8211; TN<\/p>\n<\/div><\/div><\/div><\/div><\/div><\/p>\n","protected":false},"excerpt":{"rendered":"","protected":false},"author":1,"featured_media":0,"parent":0,"menu_order":58,"comment_status":"closed","ping_status":"closed","template":"","meta":{"footnotes":""},"class_list":["post-19106","page","type-page","status-publish","hentry"],"yoast_head":"<!-- This site is optimized with the Yoast SEO plugin v27.2 - https:\/\/yoast.com\/product\/yoast-seo-wordpress\/ -->\n<title>Dominique RAYOU - Biography - Galerie Artima<\/title>\n<meta name=\"description\" content=\"DOMINIQUE RAYOU - Sculpteur fran\u00e7ais n\u00e9 en 1957 \u00e0 Bordeaux - Sculptures en bronze de fruits en trompe-l&#039;oeil - Anamorphoses - Poires-femmes\" \/>\n<meta name=\"robots\" content=\"index, follow, max-snippet:-1, max-image-preview:large, max-video-preview:-1\" \/>\n<link rel=\"canonical\" href=\"https:\/\/galerie-artima.com\/en\/dominique-rayou-biography\" \/>\n<meta property=\"og:locale\" content=\"en_US\" \/>\n<meta property=\"og:type\" content=\"article\" \/>\n<meta property=\"og:title\" content=\"Dominique RAYOU - Biography - Galerie Artima\" \/>\n<meta property=\"og:description\" content=\"DOMINIQUE RAYOU - Sculpteur fran\u00e7ais n\u00e9 en 1957 \u00e0 Bordeaux - Sculptures en bronze de fruits en trompe-l&#039;oeil - Anamorphoses - Poires-femmes\" \/>\n<meta property=\"og:url\" content=\"https:\/\/galerie-artima.com\/en\/dominique-rayou-biography\" \/>\n<meta property=\"og:site_name\" content=\"Galerie Artima\" \/>\n<meta property=\"article:publisher\" content=\"https:\/\/www.facebook.com\/mulevosges\" \/>\n<meta property=\"article:modified_time\" content=\"2025-12-27T17:33:57+00:00\" \/>\n<meta name=\"twitter:card\" content=\"summary_large_image\" \/>\n<script type=\"application\/ld+json\" class=\"yoast-schema-graph\">{\"@context\":\"https:\/\/schema.org\",\"@graph\":[{\"@type\":\"WebPage\",\"@id\":\"https:\/\/galerie-artima.com\/en\/dominique-rayou-biography\",\"url\":\"https:\/\/galerie-artima.com\/en\/dominique-rayou-biography\",\"name\":\"Dominique RAYOU - Biography - Galerie Artima\",\"isPartOf\":{\"@id\":\"https:\/\/galerie-artima.com\/#website\"},\"datePublished\":\"2025-06-18T13:36:56+00:00\",\"dateModified\":\"2025-12-27T17:33:57+00:00\",\"description\":\"DOMINIQUE RAYOU - Sculpteur fran\u00e7ais n\u00e9 en 1957 \u00e0 Bordeaux - Sculptures en bronze de fruits en trompe-l'oeil - Anamorphoses - Poires-femmes\",\"breadcrumb\":{\"@id\":\"https:\/\/galerie-artima.com\/en\/dominique-rayou-biography#breadcrumb\"},\"inLanguage\":\"en-US\",\"potentialAction\":[{\"@type\":\"ReadAction\",\"target\":[\"https:\/\/galerie-artima.com\/en\/dominique-rayou-biography\"]}]},{\"@type\":\"BreadcrumbList\",\"@id\":\"https:\/\/galerie-artima.com\/en\/dominique-rayou-biography#breadcrumb\",\"itemListElement\":[{\"@type\":\"ListItem\",\"position\":1,\"name\":\"Accueil\",\"item\":\"https:\/\/galerie-artima.com\/en\"},{\"@type\":\"ListItem\",\"position\":2,\"name\":\"Dominique RAYOU &#8211; Biography\"}]},{\"@type\":\"WebSite\",\"@id\":\"https:\/\/galerie-artima.com\/#website\",\"url\":\"https:\/\/galerie-artima.com\/\",\"name\":\"Galerie Artima\",\"description\":\"Galerie ARTIMA - Paris - Honfleur\",\"publisher\":{\"@id\":\"https:\/\/galerie-artima.com\/#organization\"},\"potentialAction\":[{\"@type\":\"SearchAction\",\"target\":{\"@type\":\"EntryPoint\",\"urlTemplate\":\"https:\/\/galerie-artima.com\/?s={search_term_string}\"},\"query-input\":{\"@type\":\"PropertyValueSpecification\",\"valueRequired\":true,\"valueName\":\"search_term_string\"}}],\"inLanguage\":\"en-US\"},{\"@type\":\"Organization\",\"@id\":\"https:\/\/galerie-artima.com\/#organization\",\"name\":\"Galerie ARTIMA\",\"url\":\"https:\/\/galerie-artima.com\/\",\"logo\":{\"@type\":\"ImageObject\",\"inLanguage\":\"en-US\",\"@id\":\"https:\/\/galerie-artima.com\/#\/schema\/logo\/image\/\",\"url\":\"https:\/\/galerie-artima.com\/wp-content\/uploads\/2022\/02\/LOGO-2022-copie.jpg\",\"contentUrl\":\"https:\/\/galerie-artima.com\/wp-content\/uploads\/2022\/02\/LOGO-2022-copie.jpg\",\"width\":2362,\"height\":654,\"caption\":\"Galerie ARTIMA\"},\"image\":{\"@id\":\"https:\/\/galerie-artima.com\/#\/schema\/logo\/image\/\"},\"sameAs\":[\"https:\/\/www.facebook.com\/mulevosges\",\"https:\/\/www.instagram.com\/galerie_artima\/\"]}]}<\/script>\n<!-- \/ Yoast SEO plugin. -->","yoast_head_json":{"title":"Dominique RAYOU - Biography - Galerie Artima","description":"DOMINIQUE RAYOU - Sculpteur fran\u00e7ais n\u00e9 en 1957 \u00e0 Bordeaux - Sculptures en bronze de fruits en trompe-l'oeil - Anamorphoses - Poires-femmes","robots":{"index":"index","follow":"follow","max-snippet":"max-snippet:-1","max-image-preview":"max-image-preview:large","max-video-preview":"max-video-preview:-1"},"canonical":"https:\/\/galerie-artima.com\/en\/dominique-rayou-biography","og_locale":"en_US","og_type":"article","og_title":"Dominique RAYOU - Biography - Galerie Artima","og_description":"DOMINIQUE RAYOU - Sculpteur fran\u00e7ais n\u00e9 en 1957 \u00e0 Bordeaux - Sculptures en bronze de fruits en trompe-l'oeil - Anamorphoses - Poires-femmes","og_url":"https:\/\/galerie-artima.com\/en\/dominique-rayou-biography","og_site_name":"Galerie Artima","article_publisher":"https:\/\/www.facebook.com\/mulevosges","article_modified_time":"2025-12-27T17:33:57+00:00","twitter_card":"summary_large_image","schema":{"@context":"https:\/\/schema.org","@graph":[{"@type":"WebPage","@id":"https:\/\/galerie-artima.com\/en\/dominique-rayou-biography","url":"https:\/\/galerie-artima.com\/en\/dominique-rayou-biography","name":"Dominique RAYOU - Biography - Galerie Artima","isPartOf":{"@id":"https:\/\/galerie-artima.com\/#website"},"datePublished":"2025-06-18T13:36:56+00:00","dateModified":"2025-12-27T17:33:57+00:00","description":"DOMINIQUE RAYOU - Sculpteur fran\u00e7ais n\u00e9 en 1957 \u00e0 Bordeaux - Sculptures en bronze de fruits en trompe-l'oeil - Anamorphoses - Poires-femmes","breadcrumb":{"@id":"https:\/\/galerie-artima.com\/en\/dominique-rayou-biography#breadcrumb"},"inLanguage":"en-US","potentialAction":[{"@type":"ReadAction","target":["https:\/\/galerie-artima.com\/en\/dominique-rayou-biography"]}]},{"@type":"BreadcrumbList","@id":"https:\/\/galerie-artima.com\/en\/dominique-rayou-biography#breadcrumb","itemListElement":[{"@type":"ListItem","position":1,"name":"Accueil","item":"https:\/\/galerie-artima.com\/en"},{"@type":"ListItem","position":2,"name":"Dominique RAYOU &#8211; Biography"}]},{"@type":"WebSite","@id":"https:\/\/galerie-artima.com\/#website","url":"https:\/\/galerie-artima.com\/","name":"Galerie Artima","description":"Galerie ARTIMA - Paris - Honfleur","publisher":{"@id":"https:\/\/galerie-artima.com\/#organization"},"potentialAction":[{"@type":"SearchAction","target":{"@type":"EntryPoint","urlTemplate":"https:\/\/galerie-artima.com\/?s={search_term_string}"},"query-input":{"@type":"PropertyValueSpecification","valueRequired":true,"valueName":"search_term_string"}}],"inLanguage":"en-US"},{"@type":"Organization","@id":"https:\/\/galerie-artima.com\/#organization","name":"Galerie ARTIMA","url":"https:\/\/galerie-artima.com\/","logo":{"@type":"ImageObject","inLanguage":"en-US","@id":"https:\/\/galerie-artima.com\/#\/schema\/logo\/image\/","url":"https:\/\/galerie-artima.com\/wp-content\/uploads\/2022\/02\/LOGO-2022-copie.jpg","contentUrl":"https:\/\/galerie-artima.com\/wp-content\/uploads\/2022\/02\/LOGO-2022-copie.jpg","width":2362,"height":654,"caption":"Galerie ARTIMA"},"image":{"@id":"https:\/\/galerie-artima.com\/#\/schema\/logo\/image\/"},"sameAs":["https:\/\/www.facebook.com\/mulevosges","https:\/\/www.instagram.com\/galerie_artima\/"]}]}},"_links":{"self":[{"href":"https:\/\/galerie-artima.com\/en\/wp-json\/wp\/v2\/pages\/19106","targetHints":{"allow":["GET"]}}],"collection":[{"href":"https:\/\/galerie-artima.com\/en\/wp-json\/wp\/v2\/pages"}],"about":[{"href":"https:\/\/galerie-artima.com\/en\/wp-json\/wp\/v2\/types\/page"}],"author":[{"embeddable":true,"href":"https:\/\/galerie-artima.com\/en\/wp-json\/wp\/v2\/users\/1"}],"replies":[{"embeddable":true,"href":"https:\/\/galerie-artima.com\/en\/wp-json\/wp\/v2\/comments?post=19106"}],"version-history":[{"count":11,"href":"https:\/\/galerie-artima.com\/en\/wp-json\/wp\/v2\/pages\/19106\/revisions"}],"predecessor-version":[{"id":21044,"href":"https:\/\/galerie-artima.com\/en\/wp-json\/wp\/v2\/pages\/19106\/revisions\/21044"}],"wp:attachment":[{"href":"https:\/\/galerie-artima.com\/en\/wp-json\/wp\/v2\/media?parent=19106"}],"curies":[{"name":"wp","href":"https:\/\/api.w.org\/{rel}","templated":true}]}}