{"id":6,"date":"2021-03-22T14:38:13","date_gmt":"2021-03-22T14:38:13","guid":{"rendered":"http:\/\/galerieartima.fr\/boutique"},"modified":"2026-02-03T23:59:51","modified_gmt":"2026-02-03T22:59:51","slug":"store","status":"publish","type":"page","link":"https:\/\/galerie-artima.com\/store","title":{"rendered":"Store"},"content":{"rendered":"<p><div class=\"fusion-fullwidth fullwidth-box fusion-builder-row-1 fusion-flex-container nonhundred-percent-fullwidth non-hundred-percent-height-scrolling\" style=\"--awb-background-position:left top;--awb-border-sizes-top:0px;--awb-border-sizes-bottom:0px;--awb-border-sizes-left:0px;--awb-border-sizes-right:0px;--awb-border-radius-top-left:0px;--awb-border-radius-top-right:0px;--awb-border-radius-bottom-right:0px;--awb-border-radius-bottom-left:0px;--awb-padding-top:52px;--awb-padding-bottom:5px;--awb-margin-bottom:15px;--awb-flex-wrap:wrap;\" ><div class=\"fusion-builder-row fusion-row fusion-flex-align-items-stretch fusion-flex-content-wrap\" style=\"max-width:calc( 1200px + 0px );margin-left: calc(-0px \/ 2 );margin-right: calc(-0px \/ 2 );\"><div class=\"fusion-layout-column fusion_builder_column fusion-builder-column-0 fusion_builder_column_1_1 1_1 fusion-flex-column fusion-flex-align-self-flex-start fusion-column-no-min-height\" style=\"--awb-bg-blend:overlay;--awb-bg-size:cover;--awb-width-large:100%;--awb-margin-top-large:0px;--awb-spacing-right-large:0px;--awb-margin-bottom-large:0px;--awb-spacing-left-large:0px;--awb-width-medium:100%;--awb-spacing-right-medium:0px;--awb-spacing-left-medium:0px;--awb-width-small:100%;--awb-spacing-right-small:0px;--awb-spacing-left-small:0px;\"><div class=\"fusion-column-wrapper fusion-flex-justify-content-flex-start fusion-content-layout-column\"><div class=\"fusion-title title fusion-title-1 sep-underline sep-solid fusion-title-center fusion-title-text fusion-title-size-two\" style=\"--awb-margin-bottom:10px;\"><h2 class=\"fusion-title-heading title-heading-center\" style=\"margin:0;\"><span style=\"font-family: 'arial black', sans-serif; color: #000000;\">STORE<\/span><\/h2><\/div><\/div><\/div><\/div><\/div><div class=\"fusion-fullwidth fullwidth-box fusion-builder-row-2 fusion-flex-container nonhundred-percent-fullwidth non-hundred-percent-height-scrolling fusion-no-small-visibility fusion-no-large-visibility\" style=\"--awb-border-radius-top-left:0px;--awb-border-radius-top-right:0px;--awb-border-radius-bottom-right:0px;--awb-border-radius-bottom-left:0px;--awb-flex-wrap:wrap;\" ><div class=\"fusion-builder-row fusion-row fusion-flex-align-items-flex-start fusion-flex-content-wrap\" style=\"max-width:1248px;margin-left: calc(-4% \/ 2 );margin-right: calc(-4% \/ 2 );\"><div class=\"fusion-layout-column fusion_builder_column fusion-builder-column-1 fusion_builder_column_1_1 1_1 fusion-flex-column\" style=\"--awb-bg-size:cover;--awb-width-large:100%;--awb-margin-top-large:0px;--awb-spacing-right-large:1.92%;--awb-margin-bottom-large:0px;--awb-spacing-left-large:1.92%;--awb-width-medium:100%;--awb-order-medium:0;--awb-spacing-right-medium:1.92%;--awb-spacing-left-medium:1.92%;--awb-width-small:100%;--awb-order-small:0;--awb-spacing-right-small:1.92%;--awb-spacing-left-small:1.92%;\"><div class=\"fusion-column-wrapper fusion-column-has-shadow fusion-flex-justify-content-flex-start fusion-content-layout-column\"><div class=\"fusion-text fusion-text-1\" style=\"--awb-content-alignment:center;--awb-font-size:18px;--awb-line-height:30px;\"><p>\u0152uvres disponibles en ligne<\/p>\n<\/div><\/div><\/div><\/div><\/div><div class=\"fusion-fullwidth fullwidth-box fusion-builder-row-3 fusion-flex-container nonhundred-percent-fullwidth non-hundred-percent-height-scrolling fusion-no-small-visibility\" style=\"--awb-background-position:left top;--awb-border-sizes-top:0px;--awb-border-sizes-bottom:0px;--awb-border-sizes-left:0px;--awb-border-sizes-right:0px;--awb-border-radius-top-left:0px;--awb-border-radius-top-right:0px;--awb-border-radius-bottom-right:0px;--awb-border-radius-bottom-left:0px;--awb-padding-top:0px;--awb-padding-bottom:90px;--awb-flex-wrap:wrap;\" ><div class=\"fusion-builder-row fusion-row fusion-flex-align-items-flex-start fusion-flex-content-wrap\" style=\"max-width:1248px;margin-left: calc(-4% \/ 2 );margin-right: calc(-4% \/ 2 );\"><div class=\"fusion-layout-column fusion_builder_column fusion-builder-column-2 fusion_builder_column_1_1 1_1 fusion-flex-column fusion-flex-align-self-flex-start fusion-column-no-min-height\" style=\"--awb-bg-blend:overlay;--awb-bg-size:cover;--awb-width-large:100%;--awb-margin-top-large:0px;--awb-spacing-right-large:0%;--awb-margin-bottom-large:0px;--awb-spacing-left-large:0.192%;--awb-width-medium:100%;--awb-spacing-right-medium:0%;--awb-spacing-left-medium:0.192%;--awb-width-small:100%;--awb-spacing-right-small:0%;--awb-spacing-left-small:0.192%;\"><div class=\"fusion-column-wrapper fusion-flex-justify-content-flex-start fusion-content-layout-column\"><div class=\"fusion-tabs fusion-tabs-1 clean fusion-no-small-visibility nav-not-justified horizontal-tabs icon-position-left mobile-mode-accordion\" style=\"--awb-title-border-radius-top-left:0px;--awb-title-border-radius-top-right:0px;--awb-title-border-radius-bottom-right:0px;--awb-title-border-radius-bottom-left:0px;--awb-alignment:start;--awb-inactive-color:var(--awb-color1);--awb-background-color:var(--awb-custom17);--awb-border-color:var(--awb-color4);--awb-active-border-color:#cccccc;\"><div class=\"nav\"><ul class=\"nav-tabs\" role=\"tablist\"><li class=\"active\" role=\"presentation\"><a class=\"tab-link\" data-toggle=\"tab\" role=\"tab\" aria-controls=\"tab-53fe28743db2d3be390\" aria-selected=\"true\" id=\"fusion-tab-tout\" href=\"#tab-53fe28743db2d3be390\"><h4 class=\"fusion-tab-heading\">TOUT<\/h4><\/a><\/li><li role=\"presentation\"><a class=\"tab-link\" data-toggle=\"tab\" role=\"tab\" aria-controls=\"tab-6ccc80d6229d9aebe85\" aria-selected=\"false\" tabindex=\"-1\" id=\"fusion-tab-sculpture\" href=\"#tab-6ccc80d6229d9aebe85\"><h4 class=\"fusion-tab-heading\">SCULPTURE<\/h4><\/a><\/li><li role=\"presentation\"><a class=\"tab-link\" data-toggle=\"tab\" role=\"tab\" aria-controls=\"tab-2b9ec6c7d2c41414b87\" aria-selected=\"false\" tabindex=\"-1\" id=\"fusion-tab-tableau\" href=\"#tab-2b9ec6c7d2c41414b87\"><h4 class=\"fusion-tab-heading\">TABLEAU<\/h4><\/a><\/li><li role=\"presentation\"><a class=\"tab-link\" data-toggle=\"tab\" role=\"tab\" aria-controls=\"tab-14d6ca0181bf9104abc\" aria-selected=\"false\" tabindex=\"-1\" id=\"fusion-tab-photographie\" href=\"#tab-14d6ca0181bf9104abc\"><h4 class=\"fusion-tab-heading\">PHOTOGRAPHIE<\/h4><\/a><\/li><li role=\"presentation\"><a class=\"tab-link\" data-toggle=\"tab\" role=\"tab\" aria-controls=\"tab-99c26764051f46aed21\" aria-selected=\"false\" tabindex=\"-1\" id=\"fusion-tab-dessin\" href=\"#tab-99c26764051f46aed21\"><h4 class=\"fusion-tab-heading\">DESSIN<\/h4><\/a><\/li><li role=\"presentation\"><a class=\"tab-link\" data-toggle=\"tab\" role=\"tab\" aria-controls=\"tab-bb3dadf2fd75b7667f2\" aria-selected=\"false\" tabindex=\"-1\" id=\"fusion-tab-publication\" href=\"#tab-bb3dadf2fd75b7667f2\"><h4 class=\"fusion-tab-heading\">PUBLICATION<\/h4><\/a><\/li><\/ul><\/div><div class=\"tab-content\"><div class=\"nav fusion-mobile-tab-nav\"><ul class=\"nav-tabs\" role=\"tablist\"><li class=\"active\" role=\"presentation\"><a class=\"tab-link\" data-toggle=\"tab\" role=\"tab\" aria-controls=\"tab-53fe28743db2d3be390\" aria-selected=\"true\" id=\"mobile-fusion-tab-tout\" href=\"#tab-53fe28743db2d3be390\"><h4 class=\"fusion-tab-heading\">TOUT<\/h4><\/a><\/li><\/ul><\/div><div class=\"tab-pane fade fusion-clearfix in active\" role=\"tabpanel\" tabindex=\"0\" aria-labelledby=\"fusion-tab-tout\" id=\"tab-53fe28743db2d3be390\">\n<div class=\"fusion-woo-product-grid fusion-product-archive fusion-woo-product-grid-1 has-load-more\"><ul class=\"products products-4 fusion-products-container-infinite\" data-pages=\"1\"><li class=\"product type-product post-5934 status-publish first instock product_cat-all product_cat-painting has-post-thumbnail sold-individually shipping-taxable purchasable product-type-simple product-grid-view\">\n\t<div class=\"fusion-product-wrapper\">\n\n<div class=\"fusion-clean-product-image-wrapper \">\n\t<div  class=\"fusion-image-wrapper fusion-image-size-fixed\" aria-haspopup=\"true\">\n\t\t\t\t<img decoding=\"async\" width=\"500\" height=\"721\" src=\"https:\/\/galerie-artima.com\/wp-content\/uploads\/2022\/01\/AYLINE-OLUKMAN-Miracle-Poolside-100x70cm-Mixed-media-on-canvas-2020-500x721.jpg\" class=\"attachment-woocommerce_thumbnail size-woocommerce_thumbnail lazyload wp-post-image\" alt=\"\" srcset=\"data:image\/svg+xml,%3Csvg%20xmlns%3D%27http%3A%2F%2Fwww.w3.org%2F2000%2Fsvg%27%20width%3D%27555%27%20height%3D%27800%27%20viewBox%3D%270%200%20555%20800%27%3E%3Crect%20width%3D%27555%27%20height%3D%27800%27%20fill-opacity%3D%220%22%2F%3E%3C%2Fsvg%3E\" data-orig-src=\"https:\/\/galerie-artima.com\/wp-content\/uploads\/2022\/01\/AYLINE-OLUKMAN-Miracle-Poolside-100x70cm-Mixed-media-on-canvas-2020-500x721.jpg\" data-srcset=\"https:\/\/galerie-artima.com\/wp-content\/uploads\/2022\/01\/AYLINE-OLUKMAN-Miracle-Poolside-100x70cm-Mixed-media-on-canvas-2020-200x288.jpg 200w, https:\/\/galerie-artima.com\/wp-content\/uploads\/2022\/01\/AYLINE-OLUKMAN-Miracle-Poolside-100x70cm-Mixed-media-on-canvas-2020-208x300.jpg 208w, https:\/\/galerie-artima.com\/wp-content\/uploads\/2022\/01\/AYLINE-OLUKMAN-Miracle-Poolside-100x70cm-Mixed-media-on-canvas-2020-400x577.jpg 400w, https:\/\/galerie-artima.com\/wp-content\/uploads\/2022\/01\/AYLINE-OLUKMAN-Miracle-Poolside-100x70cm-Mixed-media-on-canvas-2020-500x721.jpg 500w, https:\/\/galerie-artima.com\/wp-content\/uploads\/2022\/01\/AYLINE-OLUKMAN-Miracle-Poolside-100x70cm-Mixed-media-on-canvas-2020.jpg 555w\" data-sizes=\"auto\" \/><div class=\"fusion-rollover\">\n\t<div class=\"fusion-rollover-content\">\n\n\t\t\t\t\n\t\t\n\t\t\t\t\t\t\t\t\n\t\t\t\t\t\t\t\t\n\t\t\n\t\t\t\t\t\t\t\t\t\t\t\t\t\t\t\n\t\t\t\t\t\t\n\t\t\t\t\t\t\t\t\t\t<div class=\"fusion-product-buttons\">\n\t\t\t\t\t<a href=\"\/en\/wp-json\/wp\/v2\/pages\/6?add-to-cart=5934\" aria-describedby=\"woocommerce_loop_add_to_cart_link_describedby_5934\" data-quantity=\"1\" class=\"button product_type_simple add_to_cart_button ajax_add_to_cart\" data-product_id=\"5934\" data-product_sku=\"\" aria-label=\"Add to cart: &ldquo;Ayline Olukman I Miracle Poolside&rdquo;\" rel=\"nofollow\">Add to cart<\/a>\t<span id=\"woocommerce_loop_add_to_cart_link_describedby_5934\" class=\"screen-reader-text\">\n\t\t\t<\/span>\n<span class=\"fusion-rollover-linebreak\">\n\t\/<\/span>\n\n<a href=\"https:\/\/galerie-artima.com\/en\/shop\/ayline-olukman-i-miracle-poolside\" class=\"show_details_button\">\n\tDetails<\/a>\n\n\t\t\t\t<\/div>\n\t\t\t\t\t\t\t\t\t<a class=\"fusion-link-wrapper\" href=\"https:\/\/galerie-artima.com\/en\/shop\/ayline-olukman-i-miracle-poolside\" aria-label=\"Ayline Olukman I Miracle Poolside\"><\/a>\n\t<\/div>\n<\/div>\n<\/div>\n<\/div>\n<div class=\"fusion-product-content\">\n\t<div class=\"product-details\">\n\t\t<div class=\"product-details-container\">\n<h3 class=\"product-title\">\n\t<a href=\"https:\/\/galerie-artima.com\/en\/shop\/ayline-olukman-i-miracle-poolside\">\n\t\tAyline Olukman I Miracle Poolside\t<\/a>\n<\/h3>\n<div class=\"fusion-price-rating\">\n\n\t<span class=\"price\"><span class=\"woocommerce-Price-amount amount\"><bdi>2900,00<span class=\"woocommerce-Price-currencySymbol\">&euro;<\/span><\/bdi><\/span><\/span>\n\t\t<\/div>\n\t<\/div>\n<\/div>\n\n\t<\/div> \n\n\n<\/div>\n<\/li>\n<li class=\"product type-product post-3950 status-publish instock product_cat-all product_cat-sculpture-en has-post-thumbnail sold-individually shipping-taxable purchasable product-type-simple product-grid-view\">\n\t<div class=\"fusion-product-wrapper\">\n\n<div class=\"fusion-clean-product-image-wrapper \">\n\t<div  class=\"fusion-image-wrapper fusion-image-size-fixed\" aria-haspopup=\"true\">\n\t\t\t\t<img decoding=\"async\" width=\"500\" height=\"500\" src=\"https:\/\/galerie-artima.com\/wp-content\/uploads\/2022\/01\/BRUNO-HELGEN-Globe-O30cm-1000-holes-graphite-2-1-500x500.jpg\" class=\"attachment-woocommerce_thumbnail size-woocommerce_thumbnail lazyload wp-post-image\" alt=\"\" srcset=\"data:image\/svg+xml,%3Csvg%20xmlns%3D%27http%3A%2F%2Fwww.w3.org%2F2000%2Fsvg%27%20width%3D%271200%27%20height%3D%271200%27%20viewBox%3D%270%200%201200%201200%27%3E%3Crect%20width%3D%271200%27%20height%3D%271200%27%20fill-opacity%3D%220%22%2F%3E%3C%2Fsvg%3E\" data-orig-src=\"https:\/\/galerie-artima.com\/wp-content\/uploads\/2022\/01\/BRUNO-HELGEN-Globe-O30cm-1000-holes-graphite-2-1-500x500.jpg\" data-srcset=\"https:\/\/galerie-artima.com\/wp-content\/uploads\/2022\/01\/BRUNO-HELGEN-Globe-O30cm-1000-holes-graphite-2-1-66x66.jpg 66w, https:\/\/galerie-artima.com\/wp-content\/uploads\/2022\/01\/BRUNO-HELGEN-Globe-O30cm-1000-holes-graphite-2-1-96x96.jpg 96w, https:\/\/galerie-artima.com\/wp-content\/uploads\/2022\/01\/BRUNO-HELGEN-Globe-O30cm-1000-holes-graphite-2-1-150x150.jpg 150w, https:\/\/galerie-artima.com\/wp-content\/uploads\/2022\/01\/BRUNO-HELGEN-Globe-O30cm-1000-holes-graphite-2-1-200x200.jpg 200w, https:\/\/galerie-artima.com\/wp-content\/uploads\/2022\/01\/BRUNO-HELGEN-Globe-O30cm-1000-holes-graphite-2-1-300x300.jpg 300w, https:\/\/galerie-artima.com\/wp-content\/uploads\/2022\/01\/BRUNO-HELGEN-Globe-O30cm-1000-holes-graphite-2-1-400x400.jpg 400w, https:\/\/galerie-artima.com\/wp-content\/uploads\/2022\/01\/BRUNO-HELGEN-Globe-O30cm-1000-holes-graphite-2-1-500x500.jpg 500w, https:\/\/galerie-artima.com\/wp-content\/uploads\/2022\/01\/BRUNO-HELGEN-Globe-O30cm-1000-holes-graphite-2-1-600x600.jpg 600w, https:\/\/galerie-artima.com\/wp-content\/uploads\/2022\/01\/BRUNO-HELGEN-Globe-O30cm-1000-holes-graphite-2-1-768x768.jpg 768w, https:\/\/galerie-artima.com\/wp-content\/uploads\/2022\/01\/BRUNO-HELGEN-Globe-O30cm-1000-holes-graphite-2-1-800x800.jpg 800w, https:\/\/galerie-artima.com\/wp-content\/uploads\/2022\/01\/BRUNO-HELGEN-Globe-O30cm-1000-holes-graphite-2-1-1024x1024.jpg 1024w, https:\/\/galerie-artima.com\/wp-content\/uploads\/2022\/01\/BRUNO-HELGEN-Globe-O30cm-1000-holes-graphite-2-1.jpg 1200w\" data-sizes=\"auto\" \/><div class=\"fusion-rollover\">\n\t<div class=\"fusion-rollover-content\">\n\n\t\t\t\t\n\t\t\n\t\t\t\t\t\t\t\t\n\t\t\t\t\t\t\t\t\n\t\t\n\t\t\t\t\t\t\t\t\t\t\t\t\t\t\t\n\t\t\t\t\t\t\n\t\t\t\t\t\t\t\t\t\t<div class=\"fusion-product-buttons\">\n\t\t\t\t\t<a href=\"\/en\/wp-json\/wp\/v2\/pages\/6?add-to-cart=3950\" aria-describedby=\"woocommerce_loop_add_to_cart_link_describedby_3950\" data-quantity=\"1\" class=\"button product_type_simple add_to_cart_button ajax_add_to_cart\" data-product_id=\"3950\" data-product_sku=\"\" aria-label=\"Add to cart: &ldquo;Bruno Helgen | Globe 1000 holes 35cm&rdquo;\" rel=\"nofollow\">Add to cart<\/a>\t<span id=\"woocommerce_loop_add_to_cart_link_describedby_3950\" class=\"screen-reader-text\">\n\t\t\t<\/span>\n<span class=\"fusion-rollover-linebreak\">\n\t\/<\/span>\n\n<a href=\"https:\/\/galerie-artima.com\/en\/shop\/bruno-helgen-globe-1000-holes-30cm\" class=\"show_details_button\">\n\tDetails<\/a>\n\n\t\t\t\t<\/div>\n\t\t\t\t\t\t\t\t\t<a class=\"fusion-link-wrapper\" href=\"https:\/\/galerie-artima.com\/en\/shop\/bruno-helgen-globe-1000-holes-30cm\" aria-label=\"Bruno Helgen | Globe 1000 holes 35cm\"><\/a>\n\t<\/div>\n<\/div>\n<\/div>\n<\/div>\n<div class=\"fusion-product-content\">\n\t<div class=\"product-details\">\n\t\t<div class=\"product-details-container\">\n<h3 class=\"product-title\">\n\t<a href=\"https:\/\/galerie-artima.com\/en\/shop\/bruno-helgen-globe-1000-holes-30cm\">\n\t\tBruno Helgen | Globe 1000 holes 35cm\t<\/a>\n<\/h3>\n<div class=\"fusion-price-rating\">\n\n\t<span class=\"price\"><span class=\"woocommerce-Price-amount amount\"><bdi>4500,00<span class=\"woocommerce-Price-currencySymbol\">&euro;<\/span><\/bdi><\/span><\/span>\n\t\t<\/div>\n\t<\/div>\n<\/div>\n\n\t<\/div> \n\n\n<\/div>\n<\/li>\n<li class=\"product type-product post-7179 status-publish instock product_cat-all product_cat-sculpture-en has-post-thumbnail sold-individually shipping-taxable purchasable product-type-simple product-grid-view\">\n\t<div class=\"fusion-product-wrapper\">\n\n<div class=\"fusion-clean-product-image-wrapper \">\n\t<div  class=\"fusion-image-wrapper fusion-image-size-fixed\" aria-haspopup=\"true\">\n\t\t\t\t<img decoding=\"async\" width=\"500\" height=\"500\" src=\"https:\/\/galerie-artima.com\/wp-content\/uploads\/2022\/10\/BRUNO-HELGEN-White-Peace-30cm-Racine-de-Teck-et-sable-2-500x500.jpg\" class=\"attachment-woocommerce_thumbnail size-woocommerce_thumbnail lazyload wp-post-image\" alt=\"\" srcset=\"data:image\/svg+xml,%3Csvg%20xmlns%3D%27http%3A%2F%2Fwww.w3.org%2F2000%2Fsvg%27%20width%3D%271200%27%20height%3D%271200%27%20viewBox%3D%270%200%201200%201200%27%3E%3Crect%20width%3D%271200%27%20height%3D%271200%27%20fill-opacity%3D%220%22%2F%3E%3C%2Fsvg%3E\" data-orig-src=\"https:\/\/galerie-artima.com\/wp-content\/uploads\/2022\/10\/BRUNO-HELGEN-White-Peace-30cm-Racine-de-Teck-et-sable-2-500x500.jpg\" data-srcset=\"https:\/\/galerie-artima.com\/wp-content\/uploads\/2022\/10\/BRUNO-HELGEN-White-Peace-30cm-Racine-de-Teck-et-sable-2-66x66.jpg 66w, https:\/\/galerie-artima.com\/wp-content\/uploads\/2022\/10\/BRUNO-HELGEN-White-Peace-30cm-Racine-de-Teck-et-sable-2-96x96.jpg 96w, https:\/\/galerie-artima.com\/wp-content\/uploads\/2022\/10\/BRUNO-HELGEN-White-Peace-30cm-Racine-de-Teck-et-sable-2-150x150.jpg 150w, https:\/\/galerie-artima.com\/wp-content\/uploads\/2022\/10\/BRUNO-HELGEN-White-Peace-30cm-Racine-de-Teck-et-sable-2-200x200.jpg 200w, https:\/\/galerie-artima.com\/wp-content\/uploads\/2022\/10\/BRUNO-HELGEN-White-Peace-30cm-Racine-de-Teck-et-sable-2-300x300.jpg 300w, https:\/\/galerie-artima.com\/wp-content\/uploads\/2022\/10\/BRUNO-HELGEN-White-Peace-30cm-Racine-de-Teck-et-sable-2-400x400.jpg 400w, https:\/\/galerie-artima.com\/wp-content\/uploads\/2022\/10\/BRUNO-HELGEN-White-Peace-30cm-Racine-de-Teck-et-sable-2-500x500.jpg 500w, https:\/\/galerie-artima.com\/wp-content\/uploads\/2022\/10\/BRUNO-HELGEN-White-Peace-30cm-Racine-de-Teck-et-sable-2-600x600.jpg 600w, https:\/\/galerie-artima.com\/wp-content\/uploads\/2022\/10\/BRUNO-HELGEN-White-Peace-30cm-Racine-de-Teck-et-sable-2-768x768.jpg 768w, https:\/\/galerie-artima.com\/wp-content\/uploads\/2022\/10\/BRUNO-HELGEN-White-Peace-30cm-Racine-de-Teck-et-sable-2-800x800.jpg 800w, https:\/\/galerie-artima.com\/wp-content\/uploads\/2022\/10\/BRUNO-HELGEN-White-Peace-30cm-Racine-de-Teck-et-sable-2-1024x1024.jpg 1024w, https:\/\/galerie-artima.com\/wp-content\/uploads\/2022\/10\/BRUNO-HELGEN-White-Peace-30cm-Racine-de-Teck-et-sable-2.jpg 1200w\" data-sizes=\"auto\" \/><div class=\"fusion-rollover\">\n\t<div class=\"fusion-rollover-content\">\n\n\t\t\t\t\n\t\t\n\t\t\t\t\t\t\t\t\n\t\t\t\t\t\t\t\t\n\t\t\n\t\t\t\t\t\t\t\t\t\t\t\t\t\t\t\n\t\t\t\t\t\t\n\t\t\t\t\t\t\t\t\t\t<div class=\"fusion-product-buttons\">\n\t\t\t\t\t<a href=\"\/en\/wp-json\/wp\/v2\/pages\/6?add-to-cart=7179\" aria-describedby=\"woocommerce_loop_add_to_cart_link_describedby_7179\" data-quantity=\"1\" class=\"button product_type_simple add_to_cart_button ajax_add_to_cart\" data-product_id=\"7179\" data-product_sku=\"\" aria-label=\"Add to cart: &ldquo;Bruno Helgen | Globe White Sand 30cm&rdquo;\" rel=\"nofollow\">Add to cart<\/a>\t<span id=\"woocommerce_loop_add_to_cart_link_describedby_7179\" class=\"screen-reader-text\">\n\t\t\t<\/span>\n<span class=\"fusion-rollover-linebreak\">\n\t\/<\/span>\n\n<a href=\"https:\/\/galerie-artima.com\/en\/shop\/bruno-helgen-globe-white-sand-30cm\" class=\"show_details_button\">\n\tDetails<\/a>\n\n\t\t\t\t<\/div>\n\t\t\t\t\t\t\t\t\t<a class=\"fusion-link-wrapper\" href=\"https:\/\/galerie-artima.com\/en\/shop\/bruno-helgen-globe-white-sand-30cm\" aria-label=\"Bruno Helgen | Globe White Sand 30cm\"><\/a>\n\t<\/div>\n<\/div>\n<\/div>\n<\/div>\n<div class=\"fusion-product-content\">\n\t<div class=\"product-details\">\n\t\t<div class=\"product-details-container\">\n<h3 class=\"product-title\">\n\t<a href=\"https:\/\/galerie-artima.com\/en\/shop\/bruno-helgen-globe-white-sand-30cm\">\n\t\tBruno Helgen | Globe White Sand 30cm\t<\/a>\n<\/h3>\n<div class=\"fusion-price-rating\">\n\n\t<span class=\"price\"><span class=\"woocommerce-Price-amount amount\"><bdi>2500,00<span class=\"woocommerce-Price-currencySymbol\">&euro;<\/span><\/bdi><\/span><\/span>\n\t\t<\/div>\n\t<\/div>\n<\/div>\n\n\t<\/div> \n\n\n<\/div>\n<\/li>\n<li class=\"product type-product post-3953 status-publish last instock product_cat-sculpture product_cat-tout has-post-thumbnail sold-individually shipping-taxable purchasable product-type-simple product-grid-view\">\n\t<div class=\"fusion-product-wrapper\">\n\n<div class=\"fusion-clean-product-image-wrapper \">\n\t<div  class=\"fusion-image-wrapper fusion-image-size-fixed\" aria-haspopup=\"true\">\n\t\t\t\t<img decoding=\"async\" width=\"500\" height=\"500\" src=\"https:\/\/galerie-artima.com\/wp-content\/uploads\/2022\/10\/BRUNO-HELGEN-Globe-O30cm-Golden-Lines-2-500x500.jpg\" class=\"attachment-woocommerce_thumbnail size-woocommerce_thumbnail lazyload wp-post-image\" alt=\"bruno helgen globe o30cm golden lines 2\" srcset=\"data:image\/svg+xml,%3Csvg%20xmlns%3D%27http%3A%2F%2Fwww.w3.org%2F2000%2Fsvg%27%20width%3D%271200%27%20height%3D%271200%27%20viewBox%3D%270%200%201200%201200%27%3E%3Crect%20width%3D%271200%27%20height%3D%271200%27%20fill-opacity%3D%220%22%2F%3E%3C%2Fsvg%3E\" data-orig-src=\"https:\/\/galerie-artima.com\/wp-content\/uploads\/2022\/10\/BRUNO-HELGEN-Globe-O30cm-Golden-Lines-2-500x500.jpg\" data-srcset=\"https:\/\/galerie-artima.com\/wp-content\/uploads\/2022\/10\/BRUNO-HELGEN-Globe-O30cm-Golden-Lines-2-66x66.jpg 66w, https:\/\/galerie-artima.com\/wp-content\/uploads\/2022\/10\/BRUNO-HELGEN-Globe-O30cm-Golden-Lines-2-96x96.jpg 96w, https:\/\/galerie-artima.com\/wp-content\/uploads\/2022\/10\/BRUNO-HELGEN-Globe-O30cm-Golden-Lines-2-150x150.jpg 150w, https:\/\/galerie-artima.com\/wp-content\/uploads\/2022\/10\/BRUNO-HELGEN-Globe-O30cm-Golden-Lines-2-200x200.jpg 200w, https:\/\/galerie-artima.com\/wp-content\/uploads\/2022\/10\/BRUNO-HELGEN-Globe-O30cm-Golden-Lines-2-300x300.jpg 300w, https:\/\/galerie-artima.com\/wp-content\/uploads\/2022\/10\/BRUNO-HELGEN-Globe-O30cm-Golden-Lines-2-400x400.jpg 400w, https:\/\/galerie-artima.com\/wp-content\/uploads\/2022\/10\/BRUNO-HELGEN-Globe-O30cm-Golden-Lines-2-500x500.jpg 500w, https:\/\/galerie-artima.com\/wp-content\/uploads\/2022\/10\/BRUNO-HELGEN-Globe-O30cm-Golden-Lines-2-600x600.jpg 600w, https:\/\/galerie-artima.com\/wp-content\/uploads\/2022\/10\/BRUNO-HELGEN-Globe-O30cm-Golden-Lines-2-768x768.jpg 768w, https:\/\/galerie-artima.com\/wp-content\/uploads\/2022\/10\/BRUNO-HELGEN-Globe-O30cm-Golden-Lines-2-800x800.jpg 800w, https:\/\/galerie-artima.com\/wp-content\/uploads\/2022\/10\/BRUNO-HELGEN-Globe-O30cm-Golden-Lines-2-1024x1024.jpg 1024w, https:\/\/galerie-artima.com\/wp-content\/uploads\/2022\/10\/BRUNO-HELGEN-Globe-O30cm-Golden-Lines-2.jpg 1200w\" data-sizes=\"auto\" \/><div class=\"fusion-rollover\">\n\t<div class=\"fusion-rollover-content\">\n\n\t\t\t\t\n\t\t\n\t\t\t\t\t\t\t\t\n\t\t\t\t\t\t\t\t\n\t\t\n\t\t\t\t\t\t\t\t\t\t\t\t\t\t\t\n\t\t\t\t\t\t\n\t\t\t\t\t\t\t\t\t\t<div class=\"fusion-product-buttons\">\n\t\t\t\t\t<a href=\"\/en\/wp-json\/wp\/v2\/pages\/6?add-to-cart=3953\" aria-describedby=\"woocommerce_loop_add_to_cart_link_describedby_3953\" data-quantity=\"1\" class=\"button product_type_simple add_to_cart_button ajax_add_to_cart\" data-product_id=\"3953\" data-product_sku=\"\" aria-label=\"Add to cart: &ldquo;Bruno Helgen | Globe Golden Lines 30cm&rdquo;\" rel=\"nofollow\">Add to cart<\/a>\t<span id=\"woocommerce_loop_add_to_cart_link_describedby_3953\" class=\"screen-reader-text\">\n\t\t\t<\/span>\n<span class=\"fusion-rollover-linebreak\">\n\t\/<\/span>\n\n<a href=\"https:\/\/galerie-artima.com\/shop\/bruno-helgen-golden-lines-30cm\" class=\"show_details_button\">\n\tDetails<\/a>\n\n\t\t\t\t<\/div>\n\t\t\t\t\t\t\t\t\t<a class=\"fusion-link-wrapper\" href=\"https:\/\/galerie-artima.com\/shop\/bruno-helgen-golden-lines-30cm\" aria-label=\"Bruno Helgen | Globe Golden Lines 30cm\"><\/a>\n\t<\/div>\n<\/div>\n<\/div>\n<\/div>\n<div class=\"fusion-product-content\">\n\t<div class=\"product-details\">\n\t\t<div class=\"product-details-container\">\n<h3 class=\"product-title\">\n\t<a href=\"https:\/\/galerie-artima.com\/shop\/bruno-helgen-golden-lines-30cm\">\n\t\tBruno Helgen | Globe Golden Lines 30cm\t<\/a>\n<\/h3>\n<div class=\"fusion-price-rating\">\n\n\t<span class=\"price\"><span class=\"woocommerce-Price-amount amount\"><bdi>3500,00<span class=\"woocommerce-Price-currencySymbol\">&euro;<\/span><\/bdi><\/span><\/span>\n\t\t<\/div>\n\t<\/div>\n<\/div>\n\n\t<\/div> \n\n\n<\/div>\n<\/li>\n<li class=\"product type-product post-9800 status-publish first instock product_cat-all product_cat-painting has-post-thumbnail sold-individually shipping-taxable purchasable product-type-simple product-grid-view\">\n\t<div class=\"fusion-product-wrapper\">\n\n<div class=\"fusion-clean-product-image-wrapper \">\n\t<div  class=\"fusion-image-wrapper fusion-image-size-fixed\" aria-haspopup=\"true\">\n\t\t\t\t<img decoding=\"async\" width=\"500\" height=\"500\" src=\"https:\/\/galerie-artima.com\/wp-content\/uploads\/2022\/10\/CHARLES-FAZZINO-A-tour-of-the-Mediterranean-mural-132x143cm-500x500.jpg\" class=\"attachment-woocommerce_thumbnail size-woocommerce_thumbnail lazyload wp-post-image\" alt=\"\" srcset=\"data:image\/svg+xml,%3Csvg%20xmlns%3D%27http%3A%2F%2Fwww.w3.org%2F2000%2Fsvg%27%20width%3D%271200%27%20height%3D%271200%27%20viewBox%3D%270%200%201200%201200%27%3E%3Crect%20width%3D%271200%27%20height%3D%271200%27%20fill-opacity%3D%220%22%2F%3E%3C%2Fsvg%3E\" data-orig-src=\"https:\/\/galerie-artima.com\/wp-content\/uploads\/2022\/10\/CHARLES-FAZZINO-A-tour-of-the-Mediterranean-mural-132x143cm-500x500.jpg\" data-srcset=\"https:\/\/galerie-artima.com\/wp-content\/uploads\/2022\/10\/CHARLES-FAZZINO-A-tour-of-the-Mediterranean-mural-132x143cm-66x66.jpg 66w, https:\/\/galerie-artima.com\/wp-content\/uploads\/2022\/10\/CHARLES-FAZZINO-A-tour-of-the-Mediterranean-mural-132x143cm-96x96.jpg 96w, https:\/\/galerie-artima.com\/wp-content\/uploads\/2022\/10\/CHARLES-FAZZINO-A-tour-of-the-Mediterranean-mural-132x143cm-150x150.jpg 150w, https:\/\/galerie-artima.com\/wp-content\/uploads\/2022\/10\/CHARLES-FAZZINO-A-tour-of-the-Mediterranean-mural-132x143cm-200x200.jpg 200w, https:\/\/galerie-artima.com\/wp-content\/uploads\/2022\/10\/CHARLES-FAZZINO-A-tour-of-the-Mediterranean-mural-132x143cm-300x300.jpg 300w, https:\/\/galerie-artima.com\/wp-content\/uploads\/2022\/10\/CHARLES-FAZZINO-A-tour-of-the-Mediterranean-mural-132x143cm-400x400.jpg 400w, https:\/\/galerie-artima.com\/wp-content\/uploads\/2022\/10\/CHARLES-FAZZINO-A-tour-of-the-Mediterranean-mural-132x143cm-500x500.jpg 500w, https:\/\/galerie-artima.com\/wp-content\/uploads\/2022\/10\/CHARLES-FAZZINO-A-tour-of-the-Mediterranean-mural-132x143cm-600x600.jpg 600w, https:\/\/galerie-artima.com\/wp-content\/uploads\/2022\/10\/CHARLES-FAZZINO-A-tour-of-the-Mediterranean-mural-132x143cm-768x768.jpg 768w, https:\/\/galerie-artima.com\/wp-content\/uploads\/2022\/10\/CHARLES-FAZZINO-A-tour-of-the-Mediterranean-mural-132x143cm-800x800.jpg 800w, https:\/\/galerie-artima.com\/wp-content\/uploads\/2022\/10\/CHARLES-FAZZINO-A-tour-of-the-Mediterranean-mural-132x143cm-1024x1024.jpg 1024w, https:\/\/galerie-artima.com\/wp-content\/uploads\/2022\/10\/CHARLES-FAZZINO-A-tour-of-the-Mediterranean-mural-132x143cm.jpg 1200w\" data-sizes=\"auto\" \/><div class=\"fusion-rollover\">\n\t<div class=\"fusion-rollover-content\">\n\n\t\t\t\t\n\t\t\n\t\t\t\t\t\t\t\t\n\t\t\t\t\t\t\t\t\n\t\t\n\t\t\t\t\t\t\t\t\t\t\t\t\t\t\t\n\t\t\t\t\t\t\n\t\t\t\t\t\t\t\t\t\t<div class=\"fusion-product-buttons\">\n\t\t\t\t\t<a href=\"\/en\/wp-json\/wp\/v2\/pages\/6?add-to-cart=9800\" aria-describedby=\"woocommerce_loop_add_to_cart_link_describedby_9800\" data-quantity=\"1\" class=\"button product_type_simple add_to_cart_button ajax_add_to_cart\" data-product_id=\"9800\" data-product_sku=\"\" aria-label=\"Add to cart: &ldquo;Charles Fazzino | A tour of Mediterranean&rdquo;\" rel=\"nofollow\">Add to cart<\/a>\t<span id=\"woocommerce_loop_add_to_cart_link_describedby_9800\" class=\"screen-reader-text\">\n\t\t\t<\/span>\n<span class=\"fusion-rollover-linebreak\">\n\t\/<\/span>\n\n<a href=\"https:\/\/galerie-artima.com\/en\/shop\/charles-fazzino-a-tour-of-mediterranean\" class=\"show_details_button\">\n\tDetails<\/a>\n\n\t\t\t\t<\/div>\n\t\t\t\t\t\t\t\t\t<a class=\"fusion-link-wrapper\" href=\"https:\/\/galerie-artima.com\/en\/shop\/charles-fazzino-a-tour-of-mediterranean\" aria-label=\"Charles Fazzino | A tour of Mediterranean\"><\/a>\n\t<\/div>\n<\/div>\n<\/div>\n<\/div>\n<div class=\"fusion-product-content\">\n\t<div class=\"product-details\">\n\t\t<div class=\"product-details-container\">\n<h3 class=\"product-title\">\n\t<a href=\"https:\/\/galerie-artima.com\/en\/shop\/charles-fazzino-a-tour-of-mediterranean\">\n\t\tCharles Fazzino | A tour of Mediterranean\t<\/a>\n<\/h3>\n<div class=\"fusion-price-rating\">\n\n\t<span class=\"price\"><span class=\"woocommerce-Price-amount amount\"><bdi>15500,00<span class=\"woocommerce-Price-currencySymbol\">&euro;<\/span><\/bdi><\/span><\/span>\n\t\t<\/div>\n\t<\/div>\n<\/div>\n\n\t<\/div> \n\n\n<\/div>\n<\/li>\n<li class=\"product type-product post-3851 status-publish instock product_cat-all product_cat-painting has-post-thumbnail sold-individually shipping-taxable purchasable product-type-simple product-grid-view\">\n\t<div class=\"fusion-product-wrapper\">\n\n<div class=\"fusion-clean-product-image-wrapper \">\n\t<div  class=\"fusion-image-wrapper fusion-image-size-fixed\" aria-haspopup=\"true\">\n\t\t\t\t<img decoding=\"async\" width=\"500\" height=\"500\" src=\"https:\/\/galerie-artima.com\/wp-content\/uploads\/2024\/06\/CHARLES-FAZZINO-Le-Marais-est-magnifique-64x71cm-AP-500x500.jpg\" class=\"attachment-woocommerce_thumbnail size-woocommerce_thumbnail lazyload wp-post-image\" alt=\"\" srcset=\"data:image\/svg+xml,%3Csvg%20xmlns%3D%27http%3A%2F%2Fwww.w3.org%2F2000%2Fsvg%27%20width%3D%271200%27%20height%3D%271200%27%20viewBox%3D%270%200%201200%201200%27%3E%3Crect%20width%3D%271200%27%20height%3D%271200%27%20fill-opacity%3D%220%22%2F%3E%3C%2Fsvg%3E\" data-orig-src=\"https:\/\/galerie-artima.com\/wp-content\/uploads\/2024\/06\/CHARLES-FAZZINO-Le-Marais-est-magnifique-64x71cm-AP-500x500.jpg\" data-srcset=\"https:\/\/galerie-artima.com\/wp-content\/uploads\/2024\/06\/CHARLES-FAZZINO-Le-Marais-est-magnifique-64x71cm-AP-66x66.jpg 66w, https:\/\/galerie-artima.com\/wp-content\/uploads\/2024\/06\/CHARLES-FAZZINO-Le-Marais-est-magnifique-64x71cm-AP-96x96.jpg 96w, https:\/\/galerie-artima.com\/wp-content\/uploads\/2024\/06\/CHARLES-FAZZINO-Le-Marais-est-magnifique-64x71cm-AP-150x150.jpg 150w, https:\/\/galerie-artima.com\/wp-content\/uploads\/2024\/06\/CHARLES-FAZZINO-Le-Marais-est-magnifique-64x71cm-AP-200x200.jpg 200w, https:\/\/galerie-artima.com\/wp-content\/uploads\/2024\/06\/CHARLES-FAZZINO-Le-Marais-est-magnifique-64x71cm-AP-300x300.jpg 300w, https:\/\/galerie-artima.com\/wp-content\/uploads\/2024\/06\/CHARLES-FAZZINO-Le-Marais-est-magnifique-64x71cm-AP-400x400.jpg 400w, https:\/\/galerie-artima.com\/wp-content\/uploads\/2024\/06\/CHARLES-FAZZINO-Le-Marais-est-magnifique-64x71cm-AP-500x500.jpg 500w, https:\/\/galerie-artima.com\/wp-content\/uploads\/2024\/06\/CHARLES-FAZZINO-Le-Marais-est-magnifique-64x71cm-AP-600x600.jpg 600w, https:\/\/galerie-artima.com\/wp-content\/uploads\/2024\/06\/CHARLES-FAZZINO-Le-Marais-est-magnifique-64x71cm-AP-768x768.jpg 768w, https:\/\/galerie-artima.com\/wp-content\/uploads\/2024\/06\/CHARLES-FAZZINO-Le-Marais-est-magnifique-64x71cm-AP-800x800.jpg 800w, https:\/\/galerie-artima.com\/wp-content\/uploads\/2024\/06\/CHARLES-FAZZINO-Le-Marais-est-magnifique-64x71cm-AP-1024x1024.jpg 1024w, https:\/\/galerie-artima.com\/wp-content\/uploads\/2024\/06\/CHARLES-FAZZINO-Le-Marais-est-magnifique-64x71cm-AP.jpg 1200w\" data-sizes=\"auto\" \/><div class=\"fusion-rollover\">\n\t<div class=\"fusion-rollover-content\">\n\n\t\t\t\t\n\t\t\n\t\t\t\t\t\t\t\t\n\t\t\t\t\t\t\t\t\n\t\t\n\t\t\t\t\t\t\t\t\t\t\t\t\t\t\t\n\t\t\t\t\t\t\n\t\t\t\t\t\t\t\t\t\t<div class=\"fusion-product-buttons\">\n\t\t\t\t\t<a href=\"\/en\/wp-json\/wp\/v2\/pages\/6?add-to-cart=3851\" aria-describedby=\"woocommerce_loop_add_to_cart_link_describedby_3851\" data-quantity=\"1\" class=\"button product_type_simple add_to_cart_button ajax_add_to_cart\" data-product_id=\"3851\" data-product_sku=\"\" aria-label=\"Add to cart: &ldquo;Charles Fazzino | Le Marais est magnifique&rdquo;\" rel=\"nofollow\">Add to cart<\/a>\t<span id=\"woocommerce_loop_add_to_cart_link_describedby_3851\" class=\"screen-reader-text\">\n\t\t\t<\/span>\n<span class=\"fusion-rollover-linebreak\">\n\t\/<\/span>\n\n<a href=\"https:\/\/galerie-artima.com\/en\/shop\/charles-fazzino-le-marais-est-magnifique\" class=\"show_details_button\">\n\tDetails<\/a>\n\n\t\t\t\t<\/div>\n\t\t\t\t\t\t\t\t\t<a class=\"fusion-link-wrapper\" href=\"https:\/\/galerie-artima.com\/en\/shop\/charles-fazzino-le-marais-est-magnifique\" aria-label=\"Charles Fazzino | Le Marais est magnifique\"><\/a>\n\t<\/div>\n<\/div>\n<\/div>\n<\/div>\n<div class=\"fusion-product-content\">\n\t<div class=\"product-details\">\n\t\t<div class=\"product-details-container\">\n<h3 class=\"product-title\">\n\t<a href=\"https:\/\/galerie-artima.com\/en\/shop\/charles-fazzino-le-marais-est-magnifique\">\n\t\tCharles Fazzino | Le Marais est magnifique\t<\/a>\n<\/h3>\n<div class=\"fusion-price-rating\">\n\n\t<span class=\"price\"><span class=\"woocommerce-Price-amount amount\"><bdi>3900,00<span class=\"woocommerce-Price-currencySymbol\">&euro;<\/span><\/bdi><\/span><\/span>\n\t\t<\/div>\n\t<\/div>\n<\/div>\n\n\t<\/div> \n\n\n<\/div>\n<\/li>\n<li class=\"product type-product post-5949 status-publish instock product_cat-all product_cat-drawing product_cat-sculpture-en has-post-thumbnail sold-individually shipping-taxable purchasable product-type-simple product-grid-view\">\n\t<div class=\"fusion-product-wrapper\">\n\n<div class=\"fusion-clean-product-image-wrapper \">\n\t<div  class=\"fusion-image-wrapper fusion-image-size-fixed\" aria-haspopup=\"true\">\n\t\t\t\t<img decoding=\"async\" width=\"500\" height=\"500\" src=\"https:\/\/galerie-artima.com\/wp-content\/uploads\/2024\/02\/CLAIRE-FANJUL-Oeuf-a-lhyppocampe-Feutre-Posca-sur-coquille-doeuf-18x15cm-2024-3-500x500.jpg\" class=\"attachment-woocommerce_thumbnail size-woocommerce_thumbnail lazyload wp-post-image\" alt=\"\" srcset=\"data:image\/svg+xml,%3Csvg%20xmlns%3D%27http%3A%2F%2Fwww.w3.org%2F2000%2Fsvg%27%20width%3D%271200%27%20height%3D%271200%27%20viewBox%3D%270%200%201200%201200%27%3E%3Crect%20width%3D%271200%27%20height%3D%271200%27%20fill-opacity%3D%220%22%2F%3E%3C%2Fsvg%3E\" data-orig-src=\"https:\/\/galerie-artima.com\/wp-content\/uploads\/2024\/02\/CLAIRE-FANJUL-Oeuf-a-lhyppocampe-Feutre-Posca-sur-coquille-doeuf-18x15cm-2024-3-500x500.jpg\" data-srcset=\"https:\/\/galerie-artima.com\/wp-content\/uploads\/2024\/02\/CLAIRE-FANJUL-Oeuf-a-lhyppocampe-Feutre-Posca-sur-coquille-doeuf-18x15cm-2024-3-66x66.jpg 66w, https:\/\/galerie-artima.com\/wp-content\/uploads\/2024\/02\/CLAIRE-FANJUL-Oeuf-a-lhyppocampe-Feutre-Posca-sur-coquille-doeuf-18x15cm-2024-3-96x96.jpg 96w, https:\/\/galerie-artima.com\/wp-content\/uploads\/2024\/02\/CLAIRE-FANJUL-Oeuf-a-lhyppocampe-Feutre-Posca-sur-coquille-doeuf-18x15cm-2024-3-150x150.jpg 150w, https:\/\/galerie-artima.com\/wp-content\/uploads\/2024\/02\/CLAIRE-FANJUL-Oeuf-a-lhyppocampe-Feutre-Posca-sur-coquille-doeuf-18x15cm-2024-3-200x200.jpg 200w, https:\/\/galerie-artima.com\/wp-content\/uploads\/2024\/02\/CLAIRE-FANJUL-Oeuf-a-lhyppocampe-Feutre-Posca-sur-coquille-doeuf-18x15cm-2024-3-300x300.jpg 300w, https:\/\/galerie-artima.com\/wp-content\/uploads\/2024\/02\/CLAIRE-FANJUL-Oeuf-a-lhyppocampe-Feutre-Posca-sur-coquille-doeuf-18x15cm-2024-3-400x400.jpg 400w, https:\/\/galerie-artima.com\/wp-content\/uploads\/2024\/02\/CLAIRE-FANJUL-Oeuf-a-lhyppocampe-Feutre-Posca-sur-coquille-doeuf-18x15cm-2024-3-500x500.jpg 500w, https:\/\/galerie-artima.com\/wp-content\/uploads\/2024\/02\/CLAIRE-FANJUL-Oeuf-a-lhyppocampe-Feutre-Posca-sur-coquille-doeuf-18x15cm-2024-3-600x600.jpg 600w, https:\/\/galerie-artima.com\/wp-content\/uploads\/2024\/02\/CLAIRE-FANJUL-Oeuf-a-lhyppocampe-Feutre-Posca-sur-coquille-doeuf-18x15cm-2024-3-768x768.jpg 768w, https:\/\/galerie-artima.com\/wp-content\/uploads\/2024\/02\/CLAIRE-FANJUL-Oeuf-a-lhyppocampe-Feutre-Posca-sur-coquille-doeuf-18x15cm-2024-3-800x800.jpg 800w, https:\/\/galerie-artima.com\/wp-content\/uploads\/2024\/02\/CLAIRE-FANJUL-Oeuf-a-lhyppocampe-Feutre-Posca-sur-coquille-doeuf-18x15cm-2024-3-1024x1024.jpg 1024w, https:\/\/galerie-artima.com\/wp-content\/uploads\/2024\/02\/CLAIRE-FANJUL-Oeuf-a-lhyppocampe-Feutre-Posca-sur-coquille-doeuf-18x15cm-2024-3.jpg 1200w\" data-sizes=\"auto\" \/><div class=\"fusion-rollover\">\n\t<div class=\"fusion-rollover-content\">\n\n\t\t\t\t\n\t\t\n\t\t\t\t\t\t\t\t\n\t\t\t\t\t\t\t\t\n\t\t\n\t\t\t\t\t\t\t\t\t\t\t\t\t\t\t\n\t\t\t\t\t\t\n\t\t\t\t\t\t\t\t\t\t<div class=\"fusion-product-buttons\">\n\t\t\t\t\t<a href=\"\/en\/wp-json\/wp\/v2\/pages\/6?add-to-cart=5949\" aria-describedby=\"woocommerce_loop_add_to_cart_link_describedby_5949\" data-quantity=\"1\" class=\"button product_type_simple add_to_cart_button ajax_add_to_cart\" data-product_id=\"5949\" data-product_sku=\"\" aria-label=\"Add to cart: &ldquo;Claire Fanjul I L&#039;oeuf \u00e0 l&#039;hyppocampe&rdquo;\" rel=\"nofollow\">Add to cart<\/a>\t<span id=\"woocommerce_loop_add_to_cart_link_describedby_5949\" class=\"screen-reader-text\">\n\t\t\t<\/span>\n<span class=\"fusion-rollover-linebreak\">\n\t\/<\/span>\n\n<a href=\"https:\/\/galerie-artima.com\/en\/shop\/claire-fanjul-loeuf-a-lhyppocampe\" class=\"show_details_button\">\n\tDetails<\/a>\n\n\t\t\t\t<\/div>\n\t\t\t\t\t\t\t\t\t<a class=\"fusion-link-wrapper\" href=\"https:\/\/galerie-artima.com\/en\/shop\/claire-fanjul-loeuf-a-lhyppocampe\" aria-label=\"Claire Fanjul I L&#8217;oeuf \u00e0 l&#8217;hyppocampe\"><\/a>\n\t<\/div>\n<\/div>\n<\/div>\n<\/div>\n<div class=\"fusion-product-content\">\n\t<div class=\"product-details\">\n\t\t<div class=\"product-details-container\">\n<h3 class=\"product-title\">\n\t<a href=\"https:\/\/galerie-artima.com\/en\/shop\/claire-fanjul-loeuf-a-lhyppocampe\">\n\t\tClaire Fanjul I L&#8217;oeuf \u00e0 l&#8217;hyppocampe\t<\/a>\n<\/h3>\n<div class=\"fusion-price-rating\">\n\n\t<span class=\"price\"><span class=\"woocommerce-Price-amount amount\"><bdi>1300,00<span class=\"woocommerce-Price-currencySymbol\">&euro;<\/span><\/bdi><\/span><\/span>\n\t\t<\/div>\n\t<\/div>\n<\/div>\n\n\t<\/div> \n\n\n<\/div>\n<\/li>\n<li class=\"product type-product post-7395 status-publish last instock product_cat-all product_cat-drawing product_cat-sculpture-en has-post-thumbnail sold-individually shipping-taxable purchasable product-type-simple product-grid-view\">\n\t<div class=\"fusion-product-wrapper\">\n\n<div class=\"fusion-clean-product-image-wrapper \">\n\t<div  class=\"fusion-image-wrapper fusion-image-size-fixed\" aria-haspopup=\"true\">\n\t\t\t\t<img decoding=\"async\" width=\"500\" height=\"500\" src=\"https:\/\/galerie-artima.com\/wp-content\/uploads\/2024\/02\/CLAIRE-FANJUL-Oeuf-au-poisson-a-bec-Feutre-Posca-sur-coquille-doeuf-18x15cm-2023-3-500x500.jpg\" class=\"attachment-woocommerce_thumbnail size-woocommerce_thumbnail lazyload wp-post-image\" alt=\"\" srcset=\"data:image\/svg+xml,%3Csvg%20xmlns%3D%27http%3A%2F%2Fwww.w3.org%2F2000%2Fsvg%27%20width%3D%271200%27%20height%3D%271200%27%20viewBox%3D%270%200%201200%201200%27%3E%3Crect%20width%3D%271200%27%20height%3D%271200%27%20fill-opacity%3D%220%22%2F%3E%3C%2Fsvg%3E\" data-orig-src=\"https:\/\/galerie-artima.com\/wp-content\/uploads\/2024\/02\/CLAIRE-FANJUL-Oeuf-au-poisson-a-bec-Feutre-Posca-sur-coquille-doeuf-18x15cm-2023-3-500x500.jpg\" data-srcset=\"https:\/\/galerie-artima.com\/wp-content\/uploads\/2024\/02\/CLAIRE-FANJUL-Oeuf-au-poisson-a-bec-Feutre-Posca-sur-coquille-doeuf-18x15cm-2023-3-66x66.jpg 66w, https:\/\/galerie-artima.com\/wp-content\/uploads\/2024\/02\/CLAIRE-FANJUL-Oeuf-au-poisson-a-bec-Feutre-Posca-sur-coquille-doeuf-18x15cm-2023-3-96x96.jpg 96w, https:\/\/galerie-artima.com\/wp-content\/uploads\/2024\/02\/CLAIRE-FANJUL-Oeuf-au-poisson-a-bec-Feutre-Posca-sur-coquille-doeuf-18x15cm-2023-3-150x150.jpg 150w, https:\/\/galerie-artima.com\/wp-content\/uploads\/2024\/02\/CLAIRE-FANJUL-Oeuf-au-poisson-a-bec-Feutre-Posca-sur-coquille-doeuf-18x15cm-2023-3-200x200.jpg 200w, https:\/\/galerie-artima.com\/wp-content\/uploads\/2024\/02\/CLAIRE-FANJUL-Oeuf-au-poisson-a-bec-Feutre-Posca-sur-coquille-doeuf-18x15cm-2023-3-300x300.jpg 300w, https:\/\/galerie-artima.com\/wp-content\/uploads\/2024\/02\/CLAIRE-FANJUL-Oeuf-au-poisson-a-bec-Feutre-Posca-sur-coquille-doeuf-18x15cm-2023-3-400x400.jpg 400w, https:\/\/galerie-artima.com\/wp-content\/uploads\/2024\/02\/CLAIRE-FANJUL-Oeuf-au-poisson-a-bec-Feutre-Posca-sur-coquille-doeuf-18x15cm-2023-3-500x500.jpg 500w, https:\/\/galerie-artima.com\/wp-content\/uploads\/2024\/02\/CLAIRE-FANJUL-Oeuf-au-poisson-a-bec-Feutre-Posca-sur-coquille-doeuf-18x15cm-2023-3-600x600.jpg 600w, https:\/\/galerie-artima.com\/wp-content\/uploads\/2024\/02\/CLAIRE-FANJUL-Oeuf-au-poisson-a-bec-Feutre-Posca-sur-coquille-doeuf-18x15cm-2023-3-768x768.jpg 768w, https:\/\/galerie-artima.com\/wp-content\/uploads\/2024\/02\/CLAIRE-FANJUL-Oeuf-au-poisson-a-bec-Feutre-Posca-sur-coquille-doeuf-18x15cm-2023-3-800x800.jpg 800w, https:\/\/galerie-artima.com\/wp-content\/uploads\/2024\/02\/CLAIRE-FANJUL-Oeuf-au-poisson-a-bec-Feutre-Posca-sur-coquille-doeuf-18x15cm-2023-3-1024x1024.jpg 1024w, https:\/\/galerie-artima.com\/wp-content\/uploads\/2024\/02\/CLAIRE-FANJUL-Oeuf-au-poisson-a-bec-Feutre-Posca-sur-coquille-doeuf-18x15cm-2023-3.jpg 1200w\" data-sizes=\"auto\" \/><div class=\"fusion-rollover\">\n\t<div class=\"fusion-rollover-content\">\n\n\t\t\t\t\n\t\t\n\t\t\t\t\t\t\t\t\n\t\t\t\t\t\t\t\t\n\t\t\n\t\t\t\t\t\t\t\t\t\t\t\t\t\t\t\n\t\t\t\t\t\t\n\t\t\t\t\t\t\t\t\t\t<div class=\"fusion-product-buttons\">\n\t\t\t\t\t<a href=\"\/en\/wp-json\/wp\/v2\/pages\/6?add-to-cart=7395\" aria-describedby=\"woocommerce_loop_add_to_cart_link_describedby_7395\" data-quantity=\"1\" class=\"button product_type_simple add_to_cart_button ajax_add_to_cart\" data-product_id=\"7395\" data-product_sku=\"\" aria-label=\"Add to cart: &ldquo;Claire Fanjul | Oeuf au poisson \u00e0 bec&rdquo;\" rel=\"nofollow\">Add to cart<\/a>\t<span id=\"woocommerce_loop_add_to_cart_link_describedby_7395\" class=\"screen-reader-text\">\n\t\t\t<\/span>\n<span class=\"fusion-rollover-linebreak\">\n\t\/<\/span>\n\n<a href=\"https:\/\/galerie-artima.com\/en\/shop\/claire-fanjul-oeuf-au-poisson-a-bec\" class=\"show_details_button\">\n\tDetails<\/a>\n\n\t\t\t\t<\/div>\n\t\t\t\t\t\t\t\t\t<a class=\"fusion-link-wrapper\" href=\"https:\/\/galerie-artima.com\/en\/shop\/claire-fanjul-oeuf-au-poisson-a-bec\" aria-label=\"Claire Fanjul | Oeuf au poisson \u00e0 bec\"><\/a>\n\t<\/div>\n<\/div>\n<\/div>\n<\/div>\n<div class=\"fusion-product-content\">\n\t<div class=\"product-details\">\n\t\t<div class=\"product-details-container\">\n<h3 class=\"product-title\">\n\t<a href=\"https:\/\/galerie-artima.com\/en\/shop\/claire-fanjul-oeuf-au-poisson-a-bec\">\n\t\tClaire Fanjul | Oeuf au poisson \u00e0 bec\t<\/a>\n<\/h3>\n<div class=\"fusion-price-rating\">\n\n\t<span class=\"price\"><span class=\"woocommerce-Price-amount amount\"><bdi>1300,00<span class=\"woocommerce-Price-currencySymbol\">&euro;<\/span><\/bdi><\/span><\/span>\n\t\t<\/div>\n\t<\/div>\n<\/div>\n\n\t<\/div> \n\n\n<\/div>\n<\/li>\n<li class=\"product type-product post-3843 status-publish first instock product_cat-all product_cat-drawing product_cat-sculpture-en has-post-thumbnail sold-individually shipping-taxable purchasable product-type-simple product-grid-view\">\n\t<div class=\"fusion-product-wrapper\">\n\n<div class=\"fusion-clean-product-image-wrapper \">\n\t<div  class=\"fusion-image-wrapper fusion-image-size-fixed\" aria-haspopup=\"true\">\n\t\t\t\t<img decoding=\"async\" width=\"500\" height=\"500\" src=\"https:\/\/galerie-artima.com\/wp-content\/uploads\/2023\/11\/CLAIRE-FANJUL-Games-of-sword-Dessin-au-feutre-sur-oeuf-dautruche-18x15cm-500x500.jpg\" class=\"attachment-woocommerce_thumbnail size-woocommerce_thumbnail lazyload wp-post-image\" alt=\"\" srcset=\"data:image\/svg+xml,%3Csvg%20xmlns%3D%27http%3A%2F%2Fwww.w3.org%2F2000%2Fsvg%27%20width%3D%271200%27%20height%3D%271200%27%20viewBox%3D%270%200%201200%201200%27%3E%3Crect%20width%3D%271200%27%20height%3D%271200%27%20fill-opacity%3D%220%22%2F%3E%3C%2Fsvg%3E\" data-orig-src=\"https:\/\/galerie-artima.com\/wp-content\/uploads\/2023\/11\/CLAIRE-FANJUL-Games-of-sword-Dessin-au-feutre-sur-oeuf-dautruche-18x15cm-500x500.jpg\" data-srcset=\"https:\/\/galerie-artima.com\/wp-content\/uploads\/2023\/11\/CLAIRE-FANJUL-Games-of-sword-Dessin-au-feutre-sur-oeuf-dautruche-18x15cm-66x66.jpg 66w, https:\/\/galerie-artima.com\/wp-content\/uploads\/2023\/11\/CLAIRE-FANJUL-Games-of-sword-Dessin-au-feutre-sur-oeuf-dautruche-18x15cm-96x96.jpg 96w, https:\/\/galerie-artima.com\/wp-content\/uploads\/2023\/11\/CLAIRE-FANJUL-Games-of-sword-Dessin-au-feutre-sur-oeuf-dautruche-18x15cm-150x150.jpg 150w, https:\/\/galerie-artima.com\/wp-content\/uploads\/2023\/11\/CLAIRE-FANJUL-Games-of-sword-Dessin-au-feutre-sur-oeuf-dautruche-18x15cm-200x200.jpg 200w, https:\/\/galerie-artima.com\/wp-content\/uploads\/2023\/11\/CLAIRE-FANJUL-Games-of-sword-Dessin-au-feutre-sur-oeuf-dautruche-18x15cm-300x300.jpg 300w, https:\/\/galerie-artima.com\/wp-content\/uploads\/2023\/11\/CLAIRE-FANJUL-Games-of-sword-Dessin-au-feutre-sur-oeuf-dautruche-18x15cm-400x400.jpg 400w, https:\/\/galerie-artima.com\/wp-content\/uploads\/2023\/11\/CLAIRE-FANJUL-Games-of-sword-Dessin-au-feutre-sur-oeuf-dautruche-18x15cm-500x500.jpg 500w, https:\/\/galerie-artima.com\/wp-content\/uploads\/2023\/11\/CLAIRE-FANJUL-Games-of-sword-Dessin-au-feutre-sur-oeuf-dautruche-18x15cm-600x600.jpg 600w, https:\/\/galerie-artima.com\/wp-content\/uploads\/2023\/11\/CLAIRE-FANJUL-Games-of-sword-Dessin-au-feutre-sur-oeuf-dautruche-18x15cm-768x768.jpg 768w, https:\/\/galerie-artima.com\/wp-content\/uploads\/2023\/11\/CLAIRE-FANJUL-Games-of-sword-Dessin-au-feutre-sur-oeuf-dautruche-18x15cm-800x800.jpg 800w, https:\/\/galerie-artima.com\/wp-content\/uploads\/2023\/11\/CLAIRE-FANJUL-Games-of-sword-Dessin-au-feutre-sur-oeuf-dautruche-18x15cm-1024x1024.jpg 1024w, https:\/\/galerie-artima.com\/wp-content\/uploads\/2023\/11\/CLAIRE-FANJUL-Games-of-sword-Dessin-au-feutre-sur-oeuf-dautruche-18x15cm.jpg 1200w\" data-sizes=\"auto\" \/><div class=\"fusion-rollover\">\n\t<div class=\"fusion-rollover-content\">\n\n\t\t\t\t\n\t\t\n\t\t\t\t\t\t\t\t\n\t\t\t\t\t\t\t\t\n\t\t\n\t\t\t\t\t\t\t\t\t\t\t\t\t\t\t\n\t\t\t\t\t\t\n\t\t\t\t\t\t\t\t\t\t<div class=\"fusion-product-buttons\">\n\t\t\t\t\t<a href=\"\/en\/wp-json\/wp\/v2\/pages\/6?add-to-cart=3843\" aria-describedby=\"woocommerce_loop_add_to_cart_link_describedby_3843\" data-quantity=\"1\" class=\"button product_type_simple add_to_cart_button ajax_add_to_cart\" data-product_id=\"3843\" data-product_sku=\"\" aria-label=\"Add to cart: &ldquo;Claire Fanjul | Oeuf Game of sword&rdquo;\" rel=\"nofollow\">Add to cart<\/a>\t<span id=\"woocommerce_loop_add_to_cart_link_describedby_3843\" class=\"screen-reader-text\">\n\t\t\t<\/span>\n<span class=\"fusion-rollover-linebreak\">\n\t\/<\/span>\n\n<a href=\"https:\/\/galerie-artima.com\/en\/shop\/claire-fanjul-oeuf-game-of-sword\" class=\"show_details_button\">\n\tDetails<\/a>\n\n\t\t\t\t<\/div>\n\t\t\t\t\t\t\t\t\t<a class=\"fusion-link-wrapper\" href=\"https:\/\/galerie-artima.com\/en\/shop\/claire-fanjul-oeuf-game-of-sword\" aria-label=\"Claire Fanjul | Oeuf Game of sword\"><\/a>\n\t<\/div>\n<\/div>\n<\/div>\n<\/div>\n<div class=\"fusion-product-content\">\n\t<div class=\"product-details\">\n\t\t<div class=\"product-details-container\">\n<h3 class=\"product-title\">\n\t<a href=\"https:\/\/galerie-artima.com\/en\/shop\/claire-fanjul-oeuf-game-of-sword\">\n\t\tClaire Fanjul | Oeuf Game of sword\t<\/a>\n<\/h3>\n<div class=\"fusion-price-rating\">\n\n\t<span class=\"price\"><span class=\"woocommerce-Price-amount amount\"><bdi>1300,00<span class=\"woocommerce-Price-currencySymbol\">&euro;<\/span><\/bdi><\/span><\/span>\n\t\t<\/div>\n\t<\/div>\n<\/div>\n\n\t<\/div> \n\n\n<\/div>\n<\/li>\n<li class=\"product type-product post-8113 status-publish instock product_cat-all product_cat-drawing product_cat-sculpture-en has-post-thumbnail sold-individually shipping-taxable purchasable product-type-simple product-grid-view\">\n\t<div class=\"fusion-product-wrapper\">\n\n<div class=\"fusion-clean-product-image-wrapper \">\n\t<div  class=\"fusion-image-wrapper fusion-image-size-fixed\" aria-haspopup=\"true\">\n\t\t\t\t<img decoding=\"async\" width=\"500\" height=\"500\" src=\"https:\/\/galerie-artima.com\/wp-content\/uploads\/2022\/04\/CLAIRE-FANJUL-Perles-Dessin-au-feutre-sur-oeuf-dautruche-18x15cm-2021-6-500x500.jpg\" class=\"attachment-woocommerce_thumbnail size-woocommerce_thumbnail lazyload wp-post-image\" alt=\"\" srcset=\"data:image\/svg+xml,%3Csvg%20xmlns%3D%27http%3A%2F%2Fwww.w3.org%2F2000%2Fsvg%27%20width%3D%271200%27%20height%3D%271200%27%20viewBox%3D%270%200%201200%201200%27%3E%3Crect%20width%3D%271200%27%20height%3D%271200%27%20fill-opacity%3D%220%22%2F%3E%3C%2Fsvg%3E\" data-orig-src=\"https:\/\/galerie-artima.com\/wp-content\/uploads\/2022\/04\/CLAIRE-FANJUL-Perles-Dessin-au-feutre-sur-oeuf-dautruche-18x15cm-2021-6-500x500.jpg\" data-srcset=\"https:\/\/galerie-artima.com\/wp-content\/uploads\/2022\/04\/CLAIRE-FANJUL-Perles-Dessin-au-feutre-sur-oeuf-dautruche-18x15cm-2021-6-66x66.jpg 66w, https:\/\/galerie-artima.com\/wp-content\/uploads\/2022\/04\/CLAIRE-FANJUL-Perles-Dessin-au-feutre-sur-oeuf-dautruche-18x15cm-2021-6-96x96.jpg 96w, https:\/\/galerie-artima.com\/wp-content\/uploads\/2022\/04\/CLAIRE-FANJUL-Perles-Dessin-au-feutre-sur-oeuf-dautruche-18x15cm-2021-6-150x150.jpg 150w, https:\/\/galerie-artima.com\/wp-content\/uploads\/2022\/04\/CLAIRE-FANJUL-Perles-Dessin-au-feutre-sur-oeuf-dautruche-18x15cm-2021-6-200x200.jpg 200w, https:\/\/galerie-artima.com\/wp-content\/uploads\/2022\/04\/CLAIRE-FANJUL-Perles-Dessin-au-feutre-sur-oeuf-dautruche-18x15cm-2021-6-300x300.jpg 300w, https:\/\/galerie-artima.com\/wp-content\/uploads\/2022\/04\/CLAIRE-FANJUL-Perles-Dessin-au-feutre-sur-oeuf-dautruche-18x15cm-2021-6-400x400.jpg 400w, https:\/\/galerie-artima.com\/wp-content\/uploads\/2022\/04\/CLAIRE-FANJUL-Perles-Dessin-au-feutre-sur-oeuf-dautruche-18x15cm-2021-6-500x500.jpg 500w, https:\/\/galerie-artima.com\/wp-content\/uploads\/2022\/04\/CLAIRE-FANJUL-Perles-Dessin-au-feutre-sur-oeuf-dautruche-18x15cm-2021-6-600x600.jpg 600w, https:\/\/galerie-artima.com\/wp-content\/uploads\/2022\/04\/CLAIRE-FANJUL-Perles-Dessin-au-feutre-sur-oeuf-dautruche-18x15cm-2021-6-768x768.jpg 768w, https:\/\/galerie-artima.com\/wp-content\/uploads\/2022\/04\/CLAIRE-FANJUL-Perles-Dessin-au-feutre-sur-oeuf-dautruche-18x15cm-2021-6-800x800.jpg 800w, https:\/\/galerie-artima.com\/wp-content\/uploads\/2022\/04\/CLAIRE-FANJUL-Perles-Dessin-au-feutre-sur-oeuf-dautruche-18x15cm-2021-6-1024x1024.jpg 1024w, https:\/\/galerie-artima.com\/wp-content\/uploads\/2022\/04\/CLAIRE-FANJUL-Perles-Dessin-au-feutre-sur-oeuf-dautruche-18x15cm-2021-6.jpg 1200w\" data-sizes=\"auto\" \/><div class=\"fusion-rollover\">\n\t<div class=\"fusion-rollover-content\">\n\n\t\t\t\t\n\t\t\n\t\t\t\t\t\t\t\t\n\t\t\t\t\t\t\t\t\n\t\t\n\t\t\t\t\t\t\t\t\t\t\t\t\t\t\t\n\t\t\t\t\t\t\n\t\t\t\t\t\t\t\t\t\t<div class=\"fusion-product-buttons\">\n\t\t\t\t\t<a href=\"\/en\/wp-json\/wp\/v2\/pages\/6?add-to-cart=8113\" aria-describedby=\"woocommerce_loop_add_to_cart_link_describedby_8113\" data-quantity=\"1\" class=\"button product_type_simple add_to_cart_button ajax_add_to_cart\" data-product_id=\"8113\" data-product_sku=\"\" aria-label=\"Add to cart: &ldquo;Claire Fanjul | Perles&rdquo;\" rel=\"nofollow\">Add to cart<\/a>\t<span id=\"woocommerce_loop_add_to_cart_link_describedby_8113\" class=\"screen-reader-text\">\n\t\t\t<\/span>\n<span class=\"fusion-rollover-linebreak\">\n\t\/<\/span>\n\n<a href=\"https:\/\/galerie-artima.com\/en\/shop\/claire-fanjul-perles\" class=\"show_details_button\">\n\tDetails<\/a>\n\n\t\t\t\t<\/div>\n\t\t\t\t\t\t\t\t\t<a class=\"fusion-link-wrapper\" href=\"https:\/\/galerie-artima.com\/en\/shop\/claire-fanjul-perles\" aria-label=\"Claire Fanjul | Perles\"><\/a>\n\t<\/div>\n<\/div>\n<\/div>\n<\/div>\n<div class=\"fusion-product-content\">\n\t<div class=\"product-details\">\n\t\t<div class=\"product-details-container\">\n<h3 class=\"product-title\">\n\t<a href=\"https:\/\/galerie-artima.com\/en\/shop\/claire-fanjul-perles\">\n\t\tClaire Fanjul | Perles\t<\/a>\n<\/h3>\n<div class=\"fusion-price-rating\">\n\n\t<span class=\"price\"><span class=\"woocommerce-Price-amount amount\"><bdi>1300,00<span class=\"woocommerce-Price-currencySymbol\">&euro;<\/span><\/bdi><\/span><\/span>\n\t\t<\/div>\n\t<\/div>\n<\/div>\n\n\t<\/div> \n\n\n<\/div>\n<\/li>\n<li class=\"product type-product post-7393 status-publish instock product_cat-all product_cat-drawing product_cat-sculpture-en has-post-thumbnail sold-individually shipping-taxable purchasable product-type-simple product-grid-view\">\n\t<div class=\"fusion-product-wrapper\">\n\n<div class=\"fusion-clean-product-image-wrapper \">\n\t<div  class=\"fusion-image-wrapper fusion-image-size-fixed\" aria-haspopup=\"true\">\n\t\t\t\t<img decoding=\"async\" width=\"500\" height=\"500\" src=\"https:\/\/galerie-artima.com\/wp-content\/uploads\/2024\/02\/CLAIRE-FANJUL-Serie-Utopia-Sphere-au-Porc-Epique-Posca-et-bois-de-tilleul-20cm-2022-2--500x500.jpg\" class=\"attachment-woocommerce_thumbnail size-woocommerce_thumbnail lazyload wp-post-image\" alt=\"\" srcset=\"data:image\/svg+xml,%3Csvg%20xmlns%3D%27http%3A%2F%2Fwww.w3.org%2F2000%2Fsvg%27%20width%3D%271200%27%20height%3D%271200%27%20viewBox%3D%270%200%201200%201200%27%3E%3Crect%20width%3D%271200%27%20height%3D%271200%27%20fill-opacity%3D%220%22%2F%3E%3C%2Fsvg%3E\" data-orig-src=\"https:\/\/galerie-artima.com\/wp-content\/uploads\/2024\/02\/CLAIRE-FANJUL-Serie-Utopia-Sphere-au-Porc-Epique-Posca-et-bois-de-tilleul-20cm-2022-2--500x500.jpg\" data-srcset=\"https:\/\/galerie-artima.com\/wp-content\/uploads\/2024\/02\/CLAIRE-FANJUL-Serie-Utopia-Sphere-au-Porc-Epique-Posca-et-bois-de-tilleul-20cm-2022-2--66x66.jpg 66w, https:\/\/galerie-artima.com\/wp-content\/uploads\/2024\/02\/CLAIRE-FANJUL-Serie-Utopia-Sphere-au-Porc-Epique-Posca-et-bois-de-tilleul-20cm-2022-2--96x96.jpg 96w, https:\/\/galerie-artima.com\/wp-content\/uploads\/2024\/02\/CLAIRE-FANJUL-Serie-Utopia-Sphere-au-Porc-Epique-Posca-et-bois-de-tilleul-20cm-2022-2--150x150.jpg 150w, https:\/\/galerie-artima.com\/wp-content\/uploads\/2024\/02\/CLAIRE-FANJUL-Serie-Utopia-Sphere-au-Porc-Epique-Posca-et-bois-de-tilleul-20cm-2022-2--200x200.jpg 200w, https:\/\/galerie-artima.com\/wp-content\/uploads\/2024\/02\/CLAIRE-FANJUL-Serie-Utopia-Sphere-au-Porc-Epique-Posca-et-bois-de-tilleul-20cm-2022-2--300x300.jpg 300w, https:\/\/galerie-artima.com\/wp-content\/uploads\/2024\/02\/CLAIRE-FANJUL-Serie-Utopia-Sphere-au-Porc-Epique-Posca-et-bois-de-tilleul-20cm-2022-2--400x400.jpg 400w, https:\/\/galerie-artima.com\/wp-content\/uploads\/2024\/02\/CLAIRE-FANJUL-Serie-Utopia-Sphere-au-Porc-Epique-Posca-et-bois-de-tilleul-20cm-2022-2--500x500.jpg 500w, https:\/\/galerie-artima.com\/wp-content\/uploads\/2024\/02\/CLAIRE-FANJUL-Serie-Utopia-Sphere-au-Porc-Epique-Posca-et-bois-de-tilleul-20cm-2022-2--600x600.jpg 600w, https:\/\/galerie-artima.com\/wp-content\/uploads\/2024\/02\/CLAIRE-FANJUL-Serie-Utopia-Sphere-au-Porc-Epique-Posca-et-bois-de-tilleul-20cm-2022-2--768x768.jpg 768w, https:\/\/galerie-artima.com\/wp-content\/uploads\/2024\/02\/CLAIRE-FANJUL-Serie-Utopia-Sphere-au-Porc-Epique-Posca-et-bois-de-tilleul-20cm-2022-2--800x800.jpg 800w, https:\/\/galerie-artima.com\/wp-content\/uploads\/2024\/02\/CLAIRE-FANJUL-Serie-Utopia-Sphere-au-Porc-Epique-Posca-et-bois-de-tilleul-20cm-2022-2--1024x1024.jpg 1024w, https:\/\/galerie-artima.com\/wp-content\/uploads\/2024\/02\/CLAIRE-FANJUL-Serie-Utopia-Sphere-au-Porc-Epique-Posca-et-bois-de-tilleul-20cm-2022-2-.jpg 1200w\" data-sizes=\"auto\" \/><div class=\"fusion-rollover\">\n\t<div class=\"fusion-rollover-content\">\n\n\t\t\t\t\n\t\t\n\t\t\t\t\t\t\t\t\n\t\t\t\t\t\t\t\t\n\t\t\n\t\t\t\t\t\t\t\t\t\t\t\t\t\t\t\n\t\t\t\t\t\t\n\t\t\t\t\t\t\t\t\t\t<div class=\"fusion-product-buttons\">\n\t\t\t\t\t<a href=\"\/en\/wp-json\/wp\/v2\/pages\/6?add-to-cart=7393\" aria-describedby=\"woocommerce_loop_add_to_cart_link_describedby_7393\" data-quantity=\"1\" class=\"button product_type_simple add_to_cart_button ajax_add_to_cart\" data-product_id=\"7393\" data-product_sku=\"\" aria-label=\"Add to cart: &ldquo;Claire Fanjul | Sph\u00e8re c\u00e9leste au porc-\u00e9pic&rdquo;\" rel=\"nofollow\">Add to cart<\/a>\t<span id=\"woocommerce_loop_add_to_cart_link_describedby_7393\" class=\"screen-reader-text\">\n\t\t\t<\/span>\n<span class=\"fusion-rollover-linebreak\">\n\t\/<\/span>\n\n<a href=\"https:\/\/galerie-artima.com\/en\/shop\/claire-fanjul-sphere-celeste-au-porc-epic\" class=\"show_details_button\">\n\tDetails<\/a>\n\n\t\t\t\t<\/div>\n\t\t\t\t\t\t\t\t\t<a class=\"fusion-link-wrapper\" href=\"https:\/\/galerie-artima.com\/en\/shop\/claire-fanjul-sphere-celeste-au-porc-epic\" aria-label=\"Claire Fanjul | Sph\u00e8re c\u00e9leste au porc-\u00e9pic\"><\/a>\n\t<\/div>\n<\/div>\n<\/div>\n<\/div>\n<div class=\"fusion-product-content\">\n\t<div class=\"product-details\">\n\t\t<div class=\"product-details-container\">\n<h3 class=\"product-title\">\n\t<a href=\"https:\/\/galerie-artima.com\/en\/shop\/claire-fanjul-sphere-celeste-au-porc-epic\">\n\t\tClaire Fanjul | Sph\u00e8re c\u00e9leste au porc-\u00e9pic\t<\/a>\n<\/h3>\n<div class=\"fusion-price-rating\">\n\n\t<span class=\"price\"><span class=\"woocommerce-Price-amount amount\"><bdi>3500,00<span class=\"woocommerce-Price-currencySymbol\">&euro;<\/span><\/bdi><\/span><\/span>\n\t\t<\/div>\n\t<\/div>\n<\/div>\n\n\t<\/div> \n\n\n<\/div>\n<\/li>\n<li class=\"product type-product post-7359 status-publish last instock product_cat-all product_cat-sculpture-en has-post-thumbnail sold-individually shipping-taxable purchasable product-type-simple product-grid-view\">\n\t<div class=\"fusion-product-wrapper\">\n\n<div class=\"fusion-clean-product-image-wrapper \">\n\t<div  class=\"fusion-image-wrapper fusion-image-size-fixed\" aria-haspopup=\"true\">\n\t\t\t\t<img decoding=\"async\" width=\"500\" height=\"500\" src=\"https:\/\/galerie-artima.com\/wp-content\/uploads\/2022\/01\/DAN-LAM-Bang-23x23x18cm-Mousse-de-polyurethane-resine-et-acrylique-2019-2-500x500.jpg\" class=\"attachment-woocommerce_thumbnail size-woocommerce_thumbnail lazyload wp-post-image\" alt=\"\" srcset=\"data:image\/svg+xml,%3Csvg%20xmlns%3D%27http%3A%2F%2Fwww.w3.org%2F2000%2Fsvg%27%20width%3D%271200%27%20height%3D%271200%27%20viewBox%3D%270%200%201200%201200%27%3E%3Crect%20width%3D%271200%27%20height%3D%271200%27%20fill-opacity%3D%220%22%2F%3E%3C%2Fsvg%3E\" data-orig-src=\"https:\/\/galerie-artima.com\/wp-content\/uploads\/2022\/01\/DAN-LAM-Bang-23x23x18cm-Mousse-de-polyurethane-resine-et-acrylique-2019-2-500x500.jpg\" data-srcset=\"https:\/\/galerie-artima.com\/wp-content\/uploads\/2022\/01\/DAN-LAM-Bang-23x23x18cm-Mousse-de-polyurethane-resine-et-acrylique-2019-2-66x66.jpg 66w, https:\/\/galerie-artima.com\/wp-content\/uploads\/2022\/01\/DAN-LAM-Bang-23x23x18cm-Mousse-de-polyurethane-resine-et-acrylique-2019-2-96x96.jpg 96w, https:\/\/galerie-artima.com\/wp-content\/uploads\/2022\/01\/DAN-LAM-Bang-23x23x18cm-Mousse-de-polyurethane-resine-et-acrylique-2019-2-150x150.jpg 150w, https:\/\/galerie-artima.com\/wp-content\/uploads\/2022\/01\/DAN-LAM-Bang-23x23x18cm-Mousse-de-polyurethane-resine-et-acrylique-2019-2-200x200.jpg 200w, https:\/\/galerie-artima.com\/wp-content\/uploads\/2022\/01\/DAN-LAM-Bang-23x23x18cm-Mousse-de-polyurethane-resine-et-acrylique-2019-2-300x300.jpg 300w, https:\/\/galerie-artima.com\/wp-content\/uploads\/2022\/01\/DAN-LAM-Bang-23x23x18cm-Mousse-de-polyurethane-resine-et-acrylique-2019-2-400x400.jpg 400w, https:\/\/galerie-artima.com\/wp-content\/uploads\/2022\/01\/DAN-LAM-Bang-23x23x18cm-Mousse-de-polyurethane-resine-et-acrylique-2019-2-500x500.jpg 500w, https:\/\/galerie-artima.com\/wp-content\/uploads\/2022\/01\/DAN-LAM-Bang-23x23x18cm-Mousse-de-polyurethane-resine-et-acrylique-2019-2-600x600.jpg 600w, https:\/\/galerie-artima.com\/wp-content\/uploads\/2022\/01\/DAN-LAM-Bang-23x23x18cm-Mousse-de-polyurethane-resine-et-acrylique-2019-2-768x768.jpg 768w, https:\/\/galerie-artima.com\/wp-content\/uploads\/2022\/01\/DAN-LAM-Bang-23x23x18cm-Mousse-de-polyurethane-resine-et-acrylique-2019-2-800x800.jpg 800w, https:\/\/galerie-artima.com\/wp-content\/uploads\/2022\/01\/DAN-LAM-Bang-23x23x18cm-Mousse-de-polyurethane-resine-et-acrylique-2019-2-1024x1024.jpg 1024w, https:\/\/galerie-artima.com\/wp-content\/uploads\/2022\/01\/DAN-LAM-Bang-23x23x18cm-Mousse-de-polyurethane-resine-et-acrylique-2019-2.jpg 1200w\" data-sizes=\"auto\" \/><div class=\"fusion-rollover\">\n\t<div class=\"fusion-rollover-content\">\n\n\t\t\t\t\n\t\t\n\t\t\t\t\t\t\t\t\n\t\t\t\t\t\t\t\t\n\t\t\n\t\t\t\t\t\t\t\t\t\t\t\t\t\t\t\n\t\t\t\t\t\t\n\t\t\t\t\t\t\t\t\t\t<div class=\"fusion-product-buttons\">\n\t\t\t\t\t<a href=\"\/en\/wp-json\/wp\/v2\/pages\/6?add-to-cart=7359\" aria-describedby=\"woocommerce_loop_add_to_cart_link_describedby_7359\" data-quantity=\"1\" class=\"button product_type_simple add_to_cart_button ajax_add_to_cart\" data-product_id=\"7359\" data-product_sku=\"\" aria-label=\"Add to cart: &ldquo;Dan Lam | Bang&rdquo;\" rel=\"nofollow\">Add to cart<\/a>\t<span id=\"woocommerce_loop_add_to_cart_link_describedby_7359\" class=\"screen-reader-text\">\n\t\t\t<\/span>\n<span class=\"fusion-rollover-linebreak\">\n\t\/<\/span>\n\n<a href=\"https:\/\/galerie-artima.com\/en\/shop\/dan-lam-bang\" class=\"show_details_button\">\n\tDetails<\/a>\n\n\t\t\t\t<\/div>\n\t\t\t\t\t\t\t\t\t<a class=\"fusion-link-wrapper\" href=\"https:\/\/galerie-artima.com\/en\/shop\/dan-lam-bang\" aria-label=\"Dan Lam | Bang\"><\/a>\n\t<\/div>\n<\/div>\n<\/div>\n<\/div>\n<div class=\"fusion-product-content\">\n\t<div class=\"product-details\">\n\t\t<div class=\"product-details-container\">\n<h3 class=\"product-title\">\n\t<a href=\"https:\/\/galerie-artima.com\/en\/shop\/dan-lam-bang\">\n\t\tDan Lam | Bang\t<\/a>\n<\/h3>\n<div class=\"fusion-price-rating\">\n\n\t<span class=\"price\"><span class=\"woocommerce-Price-amount amount\"><bdi>1600,00<span class=\"woocommerce-Price-currencySymbol\">&euro;<\/span><\/bdi><\/span><\/span>\n\t\t<\/div>\n\t<\/div>\n<\/div>\n\n\t<\/div> \n\n\n<\/div>\n<\/li>\n<li class=\"product type-product post-4010 status-publish first instock product_cat-all product_cat-sculpture-en has-post-thumbnail sold-individually shipping-taxable purchasable product-type-simple product-grid-view\">\n\t<div class=\"fusion-product-wrapper\">\n\n<div class=\"fusion-clean-product-image-wrapper \">\n\t<div  class=\"fusion-image-wrapper fusion-image-size-fixed\" aria-haspopup=\"true\">\n\t\t\t\t<img decoding=\"async\" width=\"500\" height=\"500\" src=\"https:\/\/galerie-artima.com\/wp-content\/uploads\/2022\/01\/DAN-LAM-Feeling-Off-20x24x15cm-Mousse-de-polyurethane-resine-et-acrylique-2019-2-500x500.jpg\" class=\"attachment-woocommerce_thumbnail size-woocommerce_thumbnail lazyload wp-post-image\" alt=\"\" srcset=\"data:image\/svg+xml,%3Csvg%20xmlns%3D%27http%3A%2F%2Fwww.w3.org%2F2000%2Fsvg%27%20width%3D%271200%27%20height%3D%271200%27%20viewBox%3D%270%200%201200%201200%27%3E%3Crect%20width%3D%271200%27%20height%3D%271200%27%20fill-opacity%3D%220%22%2F%3E%3C%2Fsvg%3E\" data-orig-src=\"https:\/\/galerie-artima.com\/wp-content\/uploads\/2022\/01\/DAN-LAM-Feeling-Off-20x24x15cm-Mousse-de-polyurethane-resine-et-acrylique-2019-2-500x500.jpg\" data-srcset=\"https:\/\/galerie-artima.com\/wp-content\/uploads\/2022\/01\/DAN-LAM-Feeling-Off-20x24x15cm-Mousse-de-polyurethane-resine-et-acrylique-2019-2-66x66.jpg 66w, https:\/\/galerie-artima.com\/wp-content\/uploads\/2022\/01\/DAN-LAM-Feeling-Off-20x24x15cm-Mousse-de-polyurethane-resine-et-acrylique-2019-2-96x96.jpg 96w, https:\/\/galerie-artima.com\/wp-content\/uploads\/2022\/01\/DAN-LAM-Feeling-Off-20x24x15cm-Mousse-de-polyurethane-resine-et-acrylique-2019-2-150x150.jpg 150w, https:\/\/galerie-artima.com\/wp-content\/uploads\/2022\/01\/DAN-LAM-Feeling-Off-20x24x15cm-Mousse-de-polyurethane-resine-et-acrylique-2019-2-200x200.jpg 200w, https:\/\/galerie-artima.com\/wp-content\/uploads\/2022\/01\/DAN-LAM-Feeling-Off-20x24x15cm-Mousse-de-polyurethane-resine-et-acrylique-2019-2-300x300.jpg 300w, https:\/\/galerie-artima.com\/wp-content\/uploads\/2022\/01\/DAN-LAM-Feeling-Off-20x24x15cm-Mousse-de-polyurethane-resine-et-acrylique-2019-2-400x400.jpg 400w, https:\/\/galerie-artima.com\/wp-content\/uploads\/2022\/01\/DAN-LAM-Feeling-Off-20x24x15cm-Mousse-de-polyurethane-resine-et-acrylique-2019-2-500x500.jpg 500w, https:\/\/galerie-artima.com\/wp-content\/uploads\/2022\/01\/DAN-LAM-Feeling-Off-20x24x15cm-Mousse-de-polyurethane-resine-et-acrylique-2019-2-600x600.jpg 600w, https:\/\/galerie-artima.com\/wp-content\/uploads\/2022\/01\/DAN-LAM-Feeling-Off-20x24x15cm-Mousse-de-polyurethane-resine-et-acrylique-2019-2-768x768.jpg 768w, https:\/\/galerie-artima.com\/wp-content\/uploads\/2022\/01\/DAN-LAM-Feeling-Off-20x24x15cm-Mousse-de-polyurethane-resine-et-acrylique-2019-2-800x800.jpg 800w, https:\/\/galerie-artima.com\/wp-content\/uploads\/2022\/01\/DAN-LAM-Feeling-Off-20x24x15cm-Mousse-de-polyurethane-resine-et-acrylique-2019-2-1024x1024.jpg 1024w, https:\/\/galerie-artima.com\/wp-content\/uploads\/2022\/01\/DAN-LAM-Feeling-Off-20x24x15cm-Mousse-de-polyurethane-resine-et-acrylique-2019-2.jpg 1200w\" data-sizes=\"auto\" \/><div class=\"fusion-rollover\">\n\t<div class=\"fusion-rollover-content\">\n\n\t\t\t\t\n\t\t\n\t\t\t\t\t\t\t\t\n\t\t\t\t\t\t\t\t\n\t\t\n\t\t\t\t\t\t\t\t\t\t\t\t\t\t\t\n\t\t\t\t\t\t\n\t\t\t\t\t\t\t\t\t\t<div class=\"fusion-product-buttons\">\n\t\t\t\t\t<a href=\"\/en\/wp-json\/wp\/v2\/pages\/6?add-to-cart=4010\" aria-describedby=\"woocommerce_loop_add_to_cart_link_describedby_4010\" data-quantity=\"1\" class=\"button product_type_simple add_to_cart_button ajax_add_to_cart\" data-product_id=\"4010\" data-product_sku=\"\" aria-label=\"Add to cart: &ldquo;Dan Lam | Feeling off&rdquo;\" rel=\"nofollow\">Add to cart<\/a>\t<span id=\"woocommerce_loop_add_to_cart_link_describedby_4010\" class=\"screen-reader-text\">\n\t\t\t<\/span>\n<span class=\"fusion-rollover-linebreak\">\n\t\/<\/span>\n\n<a href=\"https:\/\/galerie-artima.com\/en\/shop\/dan-lam-feeling-off\" class=\"show_details_button\">\n\tDetails<\/a>\n\n\t\t\t\t<\/div>\n\t\t\t\t\t\t\t\t\t<a class=\"fusion-link-wrapper\" href=\"https:\/\/galerie-artima.com\/en\/shop\/dan-lam-feeling-off\" aria-label=\"Dan Lam | Feeling off\"><\/a>\n\t<\/div>\n<\/div>\n<\/div>\n<\/div>\n<div class=\"fusion-product-content\">\n\t<div class=\"product-details\">\n\t\t<div class=\"product-details-container\">\n<h3 class=\"product-title\">\n\t<a href=\"https:\/\/galerie-artima.com\/en\/shop\/dan-lam-feeling-off\">\n\t\tDan Lam | Feeling off\t<\/a>\n<\/h3>\n<div class=\"fusion-price-rating\">\n\n\t<span class=\"price\"><span class=\"woocommerce-Price-amount amount\"><bdi>1600,00<span class=\"woocommerce-Price-currencySymbol\">&euro;<\/span><\/bdi><\/span><\/span>\n\t\t<\/div>\n\t<\/div>\n<\/div>\n\n\t<\/div> \n\n\n<\/div>\n<\/li>\n<li class=\"product type-product post-4008 status-publish instock product_cat-all product_cat-sculpture-en has-post-thumbnail sold-individually shipping-taxable purchasable product-type-simple product-grid-view\">\n\t<div class=\"fusion-product-wrapper\">\n\n<div class=\"fusion-clean-product-image-wrapper \">\n\t<div  class=\"fusion-image-wrapper fusion-image-size-fixed\" aria-haspopup=\"true\">\n\t\t\t\t<img decoding=\"async\" width=\"500\" height=\"500\" src=\"https:\/\/galerie-artima.com\/wp-content\/uploads\/2022\/01\/DAN-LAM-Majesty-19x25x24cm-Mousse-de-polyurethane-resine-et-acrylique-2019-2-500x500.jpg\" class=\"attachment-woocommerce_thumbnail size-woocommerce_thumbnail lazyload wp-post-image\" alt=\"\" srcset=\"data:image\/svg+xml,%3Csvg%20xmlns%3D%27http%3A%2F%2Fwww.w3.org%2F2000%2Fsvg%27%20width%3D%271200%27%20height%3D%271200%27%20viewBox%3D%270%200%201200%201200%27%3E%3Crect%20width%3D%271200%27%20height%3D%271200%27%20fill-opacity%3D%220%22%2F%3E%3C%2Fsvg%3E\" data-orig-src=\"https:\/\/galerie-artima.com\/wp-content\/uploads\/2022\/01\/DAN-LAM-Majesty-19x25x24cm-Mousse-de-polyurethane-resine-et-acrylique-2019-2-500x500.jpg\" data-srcset=\"https:\/\/galerie-artima.com\/wp-content\/uploads\/2022\/01\/DAN-LAM-Majesty-19x25x24cm-Mousse-de-polyurethane-resine-et-acrylique-2019-2-66x66.jpg 66w, https:\/\/galerie-artima.com\/wp-content\/uploads\/2022\/01\/DAN-LAM-Majesty-19x25x24cm-Mousse-de-polyurethane-resine-et-acrylique-2019-2-96x96.jpg 96w, https:\/\/galerie-artima.com\/wp-content\/uploads\/2022\/01\/DAN-LAM-Majesty-19x25x24cm-Mousse-de-polyurethane-resine-et-acrylique-2019-2-150x150.jpg 150w, https:\/\/galerie-artima.com\/wp-content\/uploads\/2022\/01\/DAN-LAM-Majesty-19x25x24cm-Mousse-de-polyurethane-resine-et-acrylique-2019-2-200x200.jpg 200w, https:\/\/galerie-artima.com\/wp-content\/uploads\/2022\/01\/DAN-LAM-Majesty-19x25x24cm-Mousse-de-polyurethane-resine-et-acrylique-2019-2-300x300.jpg 300w, https:\/\/galerie-artima.com\/wp-content\/uploads\/2022\/01\/DAN-LAM-Majesty-19x25x24cm-Mousse-de-polyurethane-resine-et-acrylique-2019-2-400x400.jpg 400w, https:\/\/galerie-artima.com\/wp-content\/uploads\/2022\/01\/DAN-LAM-Majesty-19x25x24cm-Mousse-de-polyurethane-resine-et-acrylique-2019-2-500x500.jpg 500w, https:\/\/galerie-artima.com\/wp-content\/uploads\/2022\/01\/DAN-LAM-Majesty-19x25x24cm-Mousse-de-polyurethane-resine-et-acrylique-2019-2-600x600.jpg 600w, https:\/\/galerie-artima.com\/wp-content\/uploads\/2022\/01\/DAN-LAM-Majesty-19x25x24cm-Mousse-de-polyurethane-resine-et-acrylique-2019-2-768x768.jpg 768w, https:\/\/galerie-artima.com\/wp-content\/uploads\/2022\/01\/DAN-LAM-Majesty-19x25x24cm-Mousse-de-polyurethane-resine-et-acrylique-2019-2-800x800.jpg 800w, https:\/\/galerie-artima.com\/wp-content\/uploads\/2022\/01\/DAN-LAM-Majesty-19x25x24cm-Mousse-de-polyurethane-resine-et-acrylique-2019-2-1024x1024.jpg 1024w, https:\/\/galerie-artima.com\/wp-content\/uploads\/2022\/01\/DAN-LAM-Majesty-19x25x24cm-Mousse-de-polyurethane-resine-et-acrylique-2019-2.jpg 1200w\" data-sizes=\"auto\" \/><div class=\"fusion-rollover\">\n\t<div class=\"fusion-rollover-content\">\n\n\t\t\t\t\n\t\t\n\t\t\t\t\t\t\t\t\n\t\t\t\t\t\t\t\t\n\t\t\n\t\t\t\t\t\t\t\t\t\t\t\t\t\t\t\n\t\t\t\t\t\t\n\t\t\t\t\t\t\t\t\t\t<div class=\"fusion-product-buttons\">\n\t\t\t\t\t<a href=\"\/en\/wp-json\/wp\/v2\/pages\/6?add-to-cart=4008\" aria-describedby=\"woocommerce_loop_add_to_cart_link_describedby_4008\" data-quantity=\"1\" class=\"button product_type_simple add_to_cart_button ajax_add_to_cart\" data-product_id=\"4008\" data-product_sku=\"\" aria-label=\"Add to cart: &ldquo;Dan Lam | Majesty&rdquo;\" rel=\"nofollow\">Add to cart<\/a>\t<span id=\"woocommerce_loop_add_to_cart_link_describedby_4008\" class=\"screen-reader-text\">\n\t\t\t<\/span>\n<span class=\"fusion-rollover-linebreak\">\n\t\/<\/span>\n\n<a href=\"https:\/\/galerie-artima.com\/en\/shop\/dan-lam-majesty\" class=\"show_details_button\">\n\tDetails<\/a>\n\n\t\t\t\t<\/div>\n\t\t\t\t\t\t\t\t\t<a class=\"fusion-link-wrapper\" href=\"https:\/\/galerie-artima.com\/en\/shop\/dan-lam-majesty\" aria-label=\"Dan Lam | Majesty\"><\/a>\n\t<\/div>\n<\/div>\n<\/div>\n<\/div>\n<div class=\"fusion-product-content\">\n\t<div class=\"product-details\">\n\t\t<div class=\"product-details-container\">\n<h3 class=\"product-title\">\n\t<a href=\"https:\/\/galerie-artima.com\/en\/shop\/dan-lam-majesty\">\n\t\tDan Lam | Majesty\t<\/a>\n<\/h3>\n<div class=\"fusion-price-rating\">\n\n\t<span class=\"price\"><span class=\"woocommerce-Price-amount amount\"><bdi>1600,00<span class=\"woocommerce-Price-currencySymbol\">&euro;<\/span><\/bdi><\/span><\/span>\n\t\t<\/div>\n\t<\/div>\n<\/div>\n\n\t<\/div> \n\n\n<\/div>\n<\/li>\n<li class=\"product type-product post-11542 status-publish instock product_cat-all product_cat-serigraph has-post-thumbnail sold-individually shipping-taxable purchasable product-type-simple product-grid-view\">\n\t<div class=\"fusion-product-wrapper\">\n\n<div class=\"fusion-clean-product-image-wrapper \">\n\t<div  class=\"fusion-image-wrapper fusion-image-size-fixed\" aria-haspopup=\"true\">\n\t\t\t\t<img decoding=\"async\" width=\"500\" height=\"500\" src=\"https:\/\/galerie-artima.com\/wp-content\/uploads\/2026\/04\/LAURENT-MINGUET-Alone-in-San-Francisco-Serigraphie-sur-merisier-60x36cm-30ex.-2026-500x500.jpg\" class=\"attachment-woocommerce_thumbnail size-woocommerce_thumbnail lazyload wp-post-image\" alt=\"\" srcset=\"data:image\/svg+xml,%3Csvg%20xmlns%3D%27http%3A%2F%2Fwww.w3.org%2F2000%2Fsvg%27%20width%3D%271200%27%20height%3D%271200%27%20viewBox%3D%270%200%201200%201200%27%3E%3Crect%20width%3D%271200%27%20height%3D%271200%27%20fill-opacity%3D%220%22%2F%3E%3C%2Fsvg%3E\" data-orig-src=\"https:\/\/galerie-artima.com\/wp-content\/uploads\/2026\/04\/LAURENT-MINGUET-Alone-in-San-Francisco-Serigraphie-sur-merisier-60x36cm-30ex.-2026-500x500.jpg\" data-srcset=\"https:\/\/galerie-artima.com\/wp-content\/uploads\/2026\/04\/LAURENT-MINGUET-Alone-in-San-Francisco-Serigraphie-sur-merisier-60x36cm-30ex.-2026-66x66.jpg 66w, https:\/\/galerie-artima.com\/wp-content\/uploads\/2026\/04\/LAURENT-MINGUET-Alone-in-San-Francisco-Serigraphie-sur-merisier-60x36cm-30ex.-2026-96x96.jpg 96w, https:\/\/galerie-artima.com\/wp-content\/uploads\/2026\/04\/LAURENT-MINGUET-Alone-in-San-Francisco-Serigraphie-sur-merisier-60x36cm-30ex.-2026-150x150.jpg 150w, https:\/\/galerie-artima.com\/wp-content\/uploads\/2026\/04\/LAURENT-MINGUET-Alone-in-San-Francisco-Serigraphie-sur-merisier-60x36cm-30ex.-2026-200x200.jpg 200w, https:\/\/galerie-artima.com\/wp-content\/uploads\/2026\/04\/LAURENT-MINGUET-Alone-in-San-Francisco-Serigraphie-sur-merisier-60x36cm-30ex.-2026-300x300.jpg 300w, https:\/\/galerie-artima.com\/wp-content\/uploads\/2026\/04\/LAURENT-MINGUET-Alone-in-San-Francisco-Serigraphie-sur-merisier-60x36cm-30ex.-2026-400x400.jpg 400w, https:\/\/galerie-artima.com\/wp-content\/uploads\/2026\/04\/LAURENT-MINGUET-Alone-in-San-Francisco-Serigraphie-sur-merisier-60x36cm-30ex.-2026-500x500.jpg 500w, https:\/\/galerie-artima.com\/wp-content\/uploads\/2026\/04\/LAURENT-MINGUET-Alone-in-San-Francisco-Serigraphie-sur-merisier-60x36cm-30ex.-2026-600x600.jpg 600w, https:\/\/galerie-artima.com\/wp-content\/uploads\/2026\/04\/LAURENT-MINGUET-Alone-in-San-Francisco-Serigraphie-sur-merisier-60x36cm-30ex.-2026-768x768.jpg 768w, https:\/\/galerie-artima.com\/wp-content\/uploads\/2026\/04\/LAURENT-MINGUET-Alone-in-San-Francisco-Serigraphie-sur-merisier-60x36cm-30ex.-2026-800x800.jpg 800w, https:\/\/galerie-artima.com\/wp-content\/uploads\/2026\/04\/LAURENT-MINGUET-Alone-in-San-Francisco-Serigraphie-sur-merisier-60x36cm-30ex.-2026-1024x1024.jpg 1024w, https:\/\/galerie-artima.com\/wp-content\/uploads\/2026\/04\/LAURENT-MINGUET-Alone-in-San-Francisco-Serigraphie-sur-merisier-60x36cm-30ex.-2026.jpg 1200w\" data-sizes=\"auto\" \/><div class=\"fusion-rollover\">\n\t<div class=\"fusion-rollover-content\">\n\n\t\t\t\t\n\t\t\n\t\t\t\t\t\t\t\t\n\t\t\t\t\t\t\t\t\n\t\t\n\t\t\t\t\t\t\t\t\t\t\t\t\t\t\t\n\t\t\t\t\t\t\n\t\t\t\t\t\t\t\t\t\t<div class=\"fusion-product-buttons\">\n\t\t\t\t\t<a href=\"\/en\/wp-json\/wp\/v2\/pages\/6?add-to-cart=11542\" aria-describedby=\"woocommerce_loop_add_to_cart_link_describedby_11542\" data-quantity=\"1\" class=\"button product_type_simple add_to_cart_button ajax_add_to_cart\" data-product_id=\"11542\" data-product_sku=\"\" aria-label=\"Add to cart: &ldquo;Laurent Minguet I Alone in San Francisco&rdquo;\" rel=\"nofollow\">Add to cart<\/a>\t<span id=\"woocommerce_loop_add_to_cart_link_describedby_11542\" class=\"screen-reader-text\">\n\t\t\t<\/span>\n<span class=\"fusion-rollover-linebreak\">\n\t\/<\/span>\n\n<a href=\"https:\/\/galerie-artima.com\/en\/shop\/daniel-raynott-summer-evening-and-dancing-skies\" class=\"show_details_button\">\n\tDetails<\/a>\n\n\t\t\t\t<\/div>\n\t\t\t\t\t\t\t\t\t<a class=\"fusion-link-wrapper\" href=\"https:\/\/galerie-artima.com\/en\/shop\/daniel-raynott-summer-evening-and-dancing-skies\" aria-label=\"Laurent Minguet I Alone in San Francisco\"><\/a>\n\t<\/div>\n<\/div>\n<\/div>\n<\/div>\n<div class=\"fusion-product-content\">\n\t<div class=\"product-details\">\n\t\t<div class=\"product-details-container\">\n<h3 class=\"product-title\">\n\t<a href=\"https:\/\/galerie-artima.com\/en\/shop\/daniel-raynott-summer-evening-and-dancing-skies\">\n\t\tLaurent Minguet I Alone in San Francisco\t<\/a>\n<\/h3>\n<div class=\"fusion-price-rating\">\n\n\t<span class=\"price\"><span class=\"woocommerce-Price-amount amount\"><bdi>770,00<span class=\"woocommerce-Price-currencySymbol\">&euro;<\/span><\/bdi><\/span><\/span>\n\t\t<\/div>\n\t<\/div>\n<\/div>\n\n\t<\/div> \n\n\n<\/div>\n<\/li>\n<li class=\"product type-product post-7366 status-publish last instock product_cat-all product_cat-sculpture-en has-post-thumbnail sold-individually shipping-taxable purchasable product-type-simple product-grid-view\">\n\t<div class=\"fusion-product-wrapper\">\n\n<div class=\"fusion-clean-product-image-wrapper \">\n\t<div  class=\"fusion-image-wrapper fusion-image-size-fixed\" aria-haspopup=\"true\">\n\t\t\t\t<img decoding=\"async\" width=\"500\" height=\"500\" src=\"https:\/\/galerie-artima.com\/wp-content\/uploads\/2022\/03\/JANKLO-Dior-Rose-irise-Synthetic-crystal-inclusion-27x16x16cm-2018-3-500x500.jpg\" class=\"attachment-woocommerce_thumbnail size-woocommerce_thumbnail lazyload wp-post-image\" alt=\"\" srcset=\"data:image\/svg+xml,%3Csvg%20xmlns%3D%27http%3A%2F%2Fwww.w3.org%2F2000%2Fsvg%27%20width%3D%271200%27%20height%3D%271200%27%20viewBox%3D%270%200%201200%201200%27%3E%3Crect%20width%3D%271200%27%20height%3D%271200%27%20fill-opacity%3D%220%22%2F%3E%3C%2Fsvg%3E\" data-orig-src=\"https:\/\/galerie-artima.com\/wp-content\/uploads\/2022\/03\/JANKLO-Dior-Rose-irise-Synthetic-crystal-inclusion-27x16x16cm-2018-3-500x500.jpg\" data-srcset=\"https:\/\/galerie-artima.com\/wp-content\/uploads\/2022\/03\/JANKLO-Dior-Rose-irise-Synthetic-crystal-inclusion-27x16x16cm-2018-3-66x66.jpg 66w, https:\/\/galerie-artima.com\/wp-content\/uploads\/2022\/03\/JANKLO-Dior-Rose-irise-Synthetic-crystal-inclusion-27x16x16cm-2018-3-96x96.jpg 96w, https:\/\/galerie-artima.com\/wp-content\/uploads\/2022\/03\/JANKLO-Dior-Rose-irise-Synthetic-crystal-inclusion-27x16x16cm-2018-3-150x150.jpg 150w, https:\/\/galerie-artima.com\/wp-content\/uploads\/2022\/03\/JANKLO-Dior-Rose-irise-Synthetic-crystal-inclusion-27x16x16cm-2018-3-200x200.jpg 200w, https:\/\/galerie-artima.com\/wp-content\/uploads\/2022\/03\/JANKLO-Dior-Rose-irise-Synthetic-crystal-inclusion-27x16x16cm-2018-3-300x300.jpg 300w, https:\/\/galerie-artima.com\/wp-content\/uploads\/2022\/03\/JANKLO-Dior-Rose-irise-Synthetic-crystal-inclusion-27x16x16cm-2018-3-400x400.jpg 400w, https:\/\/galerie-artima.com\/wp-content\/uploads\/2022\/03\/JANKLO-Dior-Rose-irise-Synthetic-crystal-inclusion-27x16x16cm-2018-3-500x500.jpg 500w, https:\/\/galerie-artima.com\/wp-content\/uploads\/2022\/03\/JANKLO-Dior-Rose-irise-Synthetic-crystal-inclusion-27x16x16cm-2018-3-600x600.jpg 600w, https:\/\/galerie-artima.com\/wp-content\/uploads\/2022\/03\/JANKLO-Dior-Rose-irise-Synthetic-crystal-inclusion-27x16x16cm-2018-3-768x768.jpg 768w, https:\/\/galerie-artima.com\/wp-content\/uploads\/2022\/03\/JANKLO-Dior-Rose-irise-Synthetic-crystal-inclusion-27x16x16cm-2018-3-800x800.jpg 800w, https:\/\/galerie-artima.com\/wp-content\/uploads\/2022\/03\/JANKLO-Dior-Rose-irise-Synthetic-crystal-inclusion-27x16x16cm-2018-3-1024x1024.jpg 1024w, https:\/\/galerie-artima.com\/wp-content\/uploads\/2022\/03\/JANKLO-Dior-Rose-irise-Synthetic-crystal-inclusion-27x16x16cm-2018-3.jpg 1200w\" data-sizes=\"auto\" \/><div class=\"fusion-rollover\">\n\t<div class=\"fusion-rollover-content\">\n\n\t\t\t\t\n\t\t\n\t\t\t\t\t\t\t\t\n\t\t\t\t\t\t\t\t\n\t\t\n\t\t\t\t\t\t\t\t\t\t\t\t\t\t\t\n\t\t\t\t\t\t\n\t\t\t\t\t\t\t\t\t\t<div class=\"fusion-product-buttons\">\n\t\t\t\t\t<a href=\"\/en\/wp-json\/wp\/v2\/pages\/6?add-to-cart=7366\" aria-describedby=\"woocommerce_loop_add_to_cart_link_describedby_7366\" data-quantity=\"1\" class=\"button product_type_simple add_to_cart_button ajax_add_to_cart\" data-product_id=\"7366\" data-product_sku=\"\" aria-label=\"Add to cart: &ldquo;Janklo | Acrylic glass Inclusion Dior&rdquo;\" rel=\"nofollow\">Add to cart<\/a>\t<span id=\"woocommerce_loop_add_to_cart_link_describedby_7366\" class=\"screen-reader-text\">\n\t\t\t<\/span>\n<span class=\"fusion-rollover-linebreak\">\n\t\/<\/span>\n\n<a href=\"https:\/\/galerie-artima.com\/en\/shop\/janklo-acrylic-glass-inclusion-dior\" class=\"show_details_button\">\n\tDetails<\/a>\n\n\t\t\t\t<\/div>\n\t\t\t\t\t\t\t\t\t<a class=\"fusion-link-wrapper\" href=\"https:\/\/galerie-artima.com\/en\/shop\/janklo-acrylic-glass-inclusion-dior\" aria-label=\"Janklo | Acrylic glass Inclusion Dior\"><\/a>\n\t<\/div>\n<\/div>\n<\/div>\n<\/div>\n<div class=\"fusion-product-content\">\n\t<div class=\"product-details\">\n\t\t<div class=\"product-details-container\">\n<h3 class=\"product-title\">\n\t<a href=\"https:\/\/galerie-artima.com\/en\/shop\/janklo-acrylic-glass-inclusion-dior\">\n\t\tJanklo | Acrylic glass Inclusion Dior\t<\/a>\n<\/h3>\n<div class=\"fusion-price-rating\">\n\n\t<span class=\"price\"><span class=\"woocommerce-Price-amount amount\"><bdi>4000,00<span class=\"woocommerce-Price-currencySymbol\">&euro;<\/span><\/bdi><\/span><\/span>\n\t\t<\/div>\n\t<\/div>\n<\/div>\n\n\t<\/div> \n\n\n<\/div>\n<\/li>\n<li class=\"product type-product post-3876 status-publish first instock product_cat-tableau product_cat-tout has-post-thumbnail sold-individually shipping-taxable purchasable product-type-simple product-grid-view\">\n\t<div class=\"fusion-product-wrapper\">\n\n<div class=\"fusion-clean-product-image-wrapper \">\n\t<div  class=\"fusion-image-wrapper fusion-image-size-fixed\" aria-haspopup=\"true\">\n\t\t\t\t<img decoding=\"async\" width=\"500\" height=\"500\" src=\"https:\/\/galerie-artima.com\/wp-content\/uploads\/2022\/11\/JOEL-CUOQ-John-Coltrane-100x100cm-Mosaique-de-cubes-en-papier-compresse-2023-500x500.jpg\" class=\"attachment-woocommerce_thumbnail size-woocommerce_thumbnail lazyload wp-post-image\" alt=\"joel cuoq john coltrane 100x100cm mosaique de cubes en papier compresse 2023\" srcset=\"data:image\/svg+xml,%3Csvg%20xmlns%3D%27http%3A%2F%2Fwww.w3.org%2F2000%2Fsvg%27%20width%3D%271200%27%20height%3D%271200%27%20viewBox%3D%270%200%201200%201200%27%3E%3Crect%20width%3D%271200%27%20height%3D%271200%27%20fill-opacity%3D%220%22%2F%3E%3C%2Fsvg%3E\" data-orig-src=\"https:\/\/galerie-artima.com\/wp-content\/uploads\/2022\/11\/JOEL-CUOQ-John-Coltrane-100x100cm-Mosaique-de-cubes-en-papier-compresse-2023-500x500.jpg\" data-srcset=\"https:\/\/galerie-artima.com\/wp-content\/uploads\/2022\/11\/JOEL-CUOQ-John-Coltrane-100x100cm-Mosaique-de-cubes-en-papier-compresse-2023-66x66.jpg 66w, https:\/\/galerie-artima.com\/wp-content\/uploads\/2022\/11\/JOEL-CUOQ-John-Coltrane-100x100cm-Mosaique-de-cubes-en-papier-compresse-2023-96x96.jpg 96w, https:\/\/galerie-artima.com\/wp-content\/uploads\/2022\/11\/JOEL-CUOQ-John-Coltrane-100x100cm-Mosaique-de-cubes-en-papier-compresse-2023-150x150.jpg 150w, https:\/\/galerie-artima.com\/wp-content\/uploads\/2022\/11\/JOEL-CUOQ-John-Coltrane-100x100cm-Mosaique-de-cubes-en-papier-compresse-2023-200x200.jpg 200w, https:\/\/galerie-artima.com\/wp-content\/uploads\/2022\/11\/JOEL-CUOQ-John-Coltrane-100x100cm-Mosaique-de-cubes-en-papier-compresse-2023-300x300.jpg 300w, https:\/\/galerie-artima.com\/wp-content\/uploads\/2022\/11\/JOEL-CUOQ-John-Coltrane-100x100cm-Mosaique-de-cubes-en-papier-compresse-2023-400x400.jpg 400w, https:\/\/galerie-artima.com\/wp-content\/uploads\/2022\/11\/JOEL-CUOQ-John-Coltrane-100x100cm-Mosaique-de-cubes-en-papier-compresse-2023-500x500.jpg 500w, https:\/\/galerie-artima.com\/wp-content\/uploads\/2022\/11\/JOEL-CUOQ-John-Coltrane-100x100cm-Mosaique-de-cubes-en-papier-compresse-2023-600x600.jpg 600w, https:\/\/galerie-artima.com\/wp-content\/uploads\/2022\/11\/JOEL-CUOQ-John-Coltrane-100x100cm-Mosaique-de-cubes-en-papier-compresse-2023-768x768.jpg 768w, https:\/\/galerie-artima.com\/wp-content\/uploads\/2022\/11\/JOEL-CUOQ-John-Coltrane-100x100cm-Mosaique-de-cubes-en-papier-compresse-2023-800x800.jpg 800w, https:\/\/galerie-artima.com\/wp-content\/uploads\/2022\/11\/JOEL-CUOQ-John-Coltrane-100x100cm-Mosaique-de-cubes-en-papier-compresse-2023-1024x1024.jpg 1024w, https:\/\/galerie-artima.com\/wp-content\/uploads\/2022\/11\/JOEL-CUOQ-John-Coltrane-100x100cm-Mosaique-de-cubes-en-papier-compresse-2023.jpg 1200w\" data-sizes=\"auto\" \/><div class=\"fusion-rollover\">\n\t<div class=\"fusion-rollover-content\">\n\n\t\t\t\t\n\t\t\n\t\t\t\t\t\t\t\t\n\t\t\t\t\t\t\t\t\n\t\t\n\t\t\t\t\t\t\t\t\t\t\t\t\t\t\t\n\t\t\t\t\t\t\n\t\t\t\t\t\t\t\t\t\t<div class=\"fusion-product-buttons\">\n\t\t\t\t\t<a href=\"\/en\/wp-json\/wp\/v2\/pages\/6?add-to-cart=3876\" aria-describedby=\"woocommerce_loop_add_to_cart_link_describedby_3876\" data-quantity=\"1\" class=\"button product_type_simple add_to_cart_button ajax_add_to_cart\" data-product_id=\"3876\" data-product_sku=\"\" aria-label=\"Add to cart: &ldquo;Jo\u00ebl Cuoq | John Coltrane&rdquo;\" rel=\"nofollow\">Add to cart<\/a>\t<span id=\"woocommerce_loop_add_to_cart_link_describedby_3876\" class=\"screen-reader-text\">\n\t\t\t<\/span>\n<span class=\"fusion-rollover-linebreak\">\n\t\/<\/span>\n\n<a href=\"https:\/\/galerie-artima.com\/shop\/joel-cuoq-john-coltrane\" class=\"show_details_button\">\n\tDetails<\/a>\n\n\t\t\t\t<\/div>\n\t\t\t\t\t\t\t\t\t<a class=\"fusion-link-wrapper\" href=\"https:\/\/galerie-artima.com\/shop\/joel-cuoq-john-coltrane\" aria-label=\"Jo\u00ebl Cuoq | John Coltrane\"><\/a>\n\t<\/div>\n<\/div>\n<\/div>\n<\/div>\n<div class=\"fusion-product-content\">\n\t<div class=\"product-details\">\n\t\t<div class=\"product-details-container\">\n<h3 class=\"product-title\">\n\t<a href=\"https:\/\/galerie-artima.com\/shop\/joel-cuoq-john-coltrane\">\n\t\tJo\u00ebl Cuoq | John Coltrane\t<\/a>\n<\/h3>\n<div class=\"fusion-price-rating\">\n\n\t<span class=\"price\"><span class=\"woocommerce-Price-amount amount\"><bdi>5500,00<span class=\"woocommerce-Price-currencySymbol\">&euro;<\/span><\/bdi><\/span><\/span>\n\t\t<\/div>\n\t<\/div>\n<\/div>\n\n\t<\/div> \n\n\n<\/div>\n<\/li>\n<li class=\"product type-product post-7360 status-publish instock product_cat-all product_cat-painting has-post-thumbnail sold-individually shipping-taxable purchasable product-type-simple product-grid-view\">\n\t<div class=\"fusion-product-wrapper\">\n\n<div class=\"fusion-clean-product-image-wrapper \">\n\t<div  class=\"fusion-image-wrapper fusion-image-size-fixed\" aria-haspopup=\"true\">\n\t\t\t\t<img decoding=\"async\" width=\"500\" height=\"504\" src=\"https:\/\/galerie-artima.com\/wp-content\/uploads\/2022\/03\/JORG-DORING-1o9-Norma-Jane-80x80cm-1-500x504.jpg\" class=\"attachment-woocommerce_thumbnail size-woocommerce_thumbnail lazyload wp-post-image\" alt=\"\" srcset=\"data:image\/svg+xml,%3Csvg%20xmlns%3D%27http%3A%2F%2Fwww.w3.org%2F2000%2Fsvg%27%20width%3D%27800%27%20height%3D%27807%27%20viewBox%3D%270%200%20800%20807%27%3E%3Crect%20width%3D%27800%27%20height%3D%27807%27%20fill-opacity%3D%220%22%2F%3E%3C%2Fsvg%3E\" data-orig-src=\"https:\/\/galerie-artima.com\/wp-content\/uploads\/2022\/03\/JORG-DORING-1o9-Norma-Jane-80x80cm-1-500x504.jpg\" data-srcset=\"https:\/\/galerie-artima.com\/wp-content\/uploads\/2022\/03\/JORG-DORING-1o9-Norma-Jane-80x80cm-1-66x66.jpg 66w, https:\/\/galerie-artima.com\/wp-content\/uploads\/2022\/03\/JORG-DORING-1o9-Norma-Jane-80x80cm-1-96x96.jpg 96w, https:\/\/galerie-artima.com\/wp-content\/uploads\/2022\/03\/JORG-DORING-1o9-Norma-Jane-80x80cm-1-150x150.jpg 150w, https:\/\/galerie-artima.com\/wp-content\/uploads\/2022\/03\/JORG-DORING-1o9-Norma-Jane-80x80cm-1-200x202.jpg 200w, https:\/\/galerie-artima.com\/wp-content\/uploads\/2022\/03\/JORG-DORING-1o9-Norma-Jane-80x80cm-1-297x300.jpg 297w, https:\/\/galerie-artima.com\/wp-content\/uploads\/2022\/03\/JORG-DORING-1o9-Norma-Jane-80x80cm-1-400x404.jpg 400w, https:\/\/galerie-artima.com\/wp-content\/uploads\/2022\/03\/JORG-DORING-1o9-Norma-Jane-80x80cm-1-500x504.jpg 500w, https:\/\/galerie-artima.com\/wp-content\/uploads\/2022\/03\/JORG-DORING-1o9-Norma-Jane-80x80cm-1-600x605.jpg 600w, https:\/\/galerie-artima.com\/wp-content\/uploads\/2022\/03\/JORG-DORING-1o9-Norma-Jane-80x80cm-1-768x775.jpg 768w, https:\/\/galerie-artima.com\/wp-content\/uploads\/2022\/03\/JORG-DORING-1o9-Norma-Jane-80x80cm-1.jpg 800w\" data-sizes=\"auto\" \/><div class=\"fusion-rollover\">\n\t<div class=\"fusion-rollover-content\">\n\n\t\t\t\t\n\t\t\n\t\t\t\t\t\t\t\t\n\t\t\t\t\t\t\t\t\n\t\t\n\t\t\t\t\t\t\t\t\t\t\t\t\t\t\t\n\t\t\t\t\t\t\n\t\t\t\t\t\t\t\t\t\t<div class=\"fusion-product-buttons\">\n\t\t\t\t\t<a href=\"\/en\/wp-json\/wp\/v2\/pages\/6?add-to-cart=7360\" aria-describedby=\"woocommerce_loop_add_to_cart_link_describedby_7360\" data-quantity=\"1\" class=\"button product_type_simple add_to_cart_button ajax_add_to_cart\" data-product_id=\"7360\" data-product_sku=\"\" aria-label=\"Add to cart: &ldquo;J\u00f6rg D\u00f6ring | Norma Jean&rdquo;\" rel=\"nofollow\">Add to cart<\/a>\t<span id=\"woocommerce_loop_add_to_cart_link_describedby_7360\" class=\"screen-reader-text\">\n\t\t\t<\/span>\n<span class=\"fusion-rollover-linebreak\">\n\t\/<\/span>\n\n<a href=\"https:\/\/galerie-artima.com\/en\/shop\/jorg-doring-norma-jean\" class=\"show_details_button\">\n\tDetails<\/a>\n\n\t\t\t\t<\/div>\n\t\t\t\t\t\t\t\t\t<a class=\"fusion-link-wrapper\" href=\"https:\/\/galerie-artima.com\/en\/shop\/jorg-doring-norma-jean\" aria-label=\"J\u00f6rg D\u00f6ring | Norma Jean\"><\/a>\n\t<\/div>\n<\/div>\n<\/div>\n<\/div>\n<div class=\"fusion-product-content\">\n\t<div class=\"product-details\">\n\t\t<div class=\"product-details-container\">\n<h3 class=\"product-title\">\n\t<a href=\"https:\/\/galerie-artima.com\/en\/shop\/jorg-doring-norma-jean\">\n\t\tJ\u00f6rg D\u00f6ring | Norma Jean\t<\/a>\n<\/h3>\n<div class=\"fusion-price-rating\">\n\n\t<span class=\"price\"><span class=\"woocommerce-Price-amount amount\"><bdi>1800,00<span class=\"woocommerce-Price-currencySymbol\">&euro;<\/span><\/bdi><\/span><\/span>\n\t\t<\/div>\n\t<\/div>\n<\/div>\n\n\t<\/div> \n\n\n<\/div>\n<\/li>\n<li class=\"product type-product post-13293 status-publish instock product_cat-all product_cat-painting has-post-thumbnail sold-individually shipping-taxable purchasable product-type-simple product-grid-view\">\n\t<div class=\"fusion-product-wrapper\">\n\n<div class=\"fusion-clean-product-image-wrapper \">\n\t<div  class=\"fusion-image-wrapper fusion-image-size-fixed\" aria-haspopup=\"true\">\n\t\t\t\t<img decoding=\"async\" width=\"500\" height=\"500\" src=\"https:\/\/galerie-artima.com\/wp-content\/uploads\/2025\/05\/KEYMI-Cacophonie-encadree-De-dangereux-penchants-95x95cm-Peinture-acrylique-sur-polystyrene-resine-2025-500x500.jpg\" class=\"attachment-woocommerce_thumbnail size-woocommerce_thumbnail lazyload wp-post-image\" alt=\"\" srcset=\"data:image\/svg+xml,%3Csvg%20xmlns%3D%27http%3A%2F%2Fwww.w3.org%2F2000%2Fsvg%27%20width%3D%271200%27%20height%3D%271200%27%20viewBox%3D%270%200%201200%201200%27%3E%3Crect%20width%3D%271200%27%20height%3D%271200%27%20fill-opacity%3D%220%22%2F%3E%3C%2Fsvg%3E\" data-orig-src=\"https:\/\/galerie-artima.com\/wp-content\/uploads\/2025\/05\/KEYMI-Cacophonie-encadree-De-dangereux-penchants-95x95cm-Peinture-acrylique-sur-polystyrene-resine-2025-500x500.jpg\" data-srcset=\"https:\/\/galerie-artima.com\/wp-content\/uploads\/2025\/05\/KEYMI-Cacophonie-encadree-De-dangereux-penchants-95x95cm-Peinture-acrylique-sur-polystyrene-resine-2025-66x66.jpg 66w, https:\/\/galerie-artima.com\/wp-content\/uploads\/2025\/05\/KEYMI-Cacophonie-encadree-De-dangereux-penchants-95x95cm-Peinture-acrylique-sur-polystyrene-resine-2025-96x96.jpg 96w, https:\/\/galerie-artima.com\/wp-content\/uploads\/2025\/05\/KEYMI-Cacophonie-encadree-De-dangereux-penchants-95x95cm-Peinture-acrylique-sur-polystyrene-resine-2025-150x150.jpg 150w, https:\/\/galerie-artima.com\/wp-content\/uploads\/2025\/05\/KEYMI-Cacophonie-encadree-De-dangereux-penchants-95x95cm-Peinture-acrylique-sur-polystyrene-resine-2025-200x200.jpg 200w, https:\/\/galerie-artima.com\/wp-content\/uploads\/2025\/05\/KEYMI-Cacophonie-encadree-De-dangereux-penchants-95x95cm-Peinture-acrylique-sur-polystyrene-resine-2025-300x300.jpg 300w, https:\/\/galerie-artima.com\/wp-content\/uploads\/2025\/05\/KEYMI-Cacophonie-encadree-De-dangereux-penchants-95x95cm-Peinture-acrylique-sur-polystyrene-resine-2025-400x400.jpg 400w, https:\/\/galerie-artima.com\/wp-content\/uploads\/2025\/05\/KEYMI-Cacophonie-encadree-De-dangereux-penchants-95x95cm-Peinture-acrylique-sur-polystyrene-resine-2025-500x500.jpg 500w, https:\/\/galerie-artima.com\/wp-content\/uploads\/2025\/05\/KEYMI-Cacophonie-encadree-De-dangereux-penchants-95x95cm-Peinture-acrylique-sur-polystyrene-resine-2025-600x600.jpg 600w, https:\/\/galerie-artima.com\/wp-content\/uploads\/2025\/05\/KEYMI-Cacophonie-encadree-De-dangereux-penchants-95x95cm-Peinture-acrylique-sur-polystyrene-resine-2025-768x768.jpg 768w, https:\/\/galerie-artima.com\/wp-content\/uploads\/2025\/05\/KEYMI-Cacophonie-encadree-De-dangereux-penchants-95x95cm-Peinture-acrylique-sur-polystyrene-resine-2025-800x800.jpg 800w, https:\/\/galerie-artima.com\/wp-content\/uploads\/2025\/05\/KEYMI-Cacophonie-encadree-De-dangereux-penchants-95x95cm-Peinture-acrylique-sur-polystyrene-resine-2025-1024x1024.jpg 1024w, https:\/\/galerie-artima.com\/wp-content\/uploads\/2025\/05\/KEYMI-Cacophonie-encadree-De-dangereux-penchants-95x95cm-Peinture-acrylique-sur-polystyrene-resine-2025.jpg 1200w\" data-sizes=\"auto\" \/><div class=\"fusion-rollover\">\n\t<div class=\"fusion-rollover-content\">\n\n\t\t\t\t\n\t\t\n\t\t\t\t\t\t\t\t\n\t\t\t\t\t\t\t\t\n\t\t\n\t\t\t\t\t\t\t\t\t\t\t\t\t\t\t\n\t\t\t\t\t\t\n\t\t\t\t\t\t\t\t\t\t<div class=\"fusion-product-buttons\">\n\t\t\t\t\t<a href=\"\/en\/wp-json\/wp\/v2\/pages\/6?add-to-cart=13293\" aria-describedby=\"woocommerce_loop_add_to_cart_link_describedby_13293\" data-quantity=\"1\" class=\"button product_type_simple add_to_cart_button ajax_add_to_cart\" data-product_id=\"13293\" data-product_sku=\"\" aria-label=\"Add to cart: &ldquo;Keymi I Cacophonie encadr\u00e9e De dangereux penchants&rdquo;\" rel=\"nofollow\">Add to cart<\/a>\t<span id=\"woocommerce_loop_add_to_cart_link_describedby_13293\" class=\"screen-reader-text\">\n\t\t\t<\/span>\n<span class=\"fusion-rollover-linebreak\">\n\t\/<\/span>\n\n<a href=\"https:\/\/galerie-artima.com\/en\/shop\/keymi-cacophonie-encadree-de-dangereux-penchants\" class=\"show_details_button\">\n\tDetails<\/a>\n\n\t\t\t\t<\/div>\n\t\t\t\t\t\t\t\t\t<a class=\"fusion-link-wrapper\" href=\"https:\/\/galerie-artima.com\/en\/shop\/keymi-cacophonie-encadree-de-dangereux-penchants\" aria-label=\"Keymi I Cacophonie encadr\u00e9e De dangereux penchants\"><\/a>\n\t<\/div>\n<\/div>\n<\/div>\n<\/div>\n<div class=\"fusion-product-content\">\n\t<div class=\"product-details\">\n\t\t<div class=\"product-details-container\">\n<h3 class=\"product-title\">\n\t<a href=\"https:\/\/galerie-artima.com\/en\/shop\/keymi-cacophonie-encadree-de-dangereux-penchants\">\n\t\tKeymi I Cacophonie encadr\u00e9e De dangereux penchants\t<\/a>\n<\/h3>\n<div class=\"fusion-price-rating\">\n\n\t<span class=\"price\"><span class=\"woocommerce-Price-amount amount\"><bdi>4900,00<span class=\"woocommerce-Price-currencySymbol\">&euro;<\/span><\/bdi><\/span><\/span>\n\t\t<\/div>\n\t<\/div>\n<\/div>\n\n\t<\/div> \n\n\n<\/div>\n<\/li>\n<li class=\"product type-product post-16610 status-publish last instock product_cat-all product_cat-painting has-post-thumbnail sold-individually shipping-taxable purchasable product-type-simple product-grid-view\">\n\t<div class=\"fusion-product-wrapper\">\n\n<div class=\"fusion-clean-product-image-wrapper \">\n\t<div  class=\"fusion-image-wrapper fusion-image-size-fixed\" aria-haspopup=\"true\">\n\t\t\t\t<img decoding=\"async\" width=\"500\" height=\"500\" src=\"https:\/\/galerie-artima.com\/wp-content\/uploads\/2025\/05\/KEYMI-Tout-le-monde-savait-60x30cm-Peinture-acrylique-sur-polystyrene-resine-2025-500x500.jpg\" class=\"attachment-woocommerce_thumbnail size-woocommerce_thumbnail lazyload wp-post-image\" alt=\"\" srcset=\"data:image\/svg+xml,%3Csvg%20xmlns%3D%27http%3A%2F%2Fwww.w3.org%2F2000%2Fsvg%27%20width%3D%271200%27%20height%3D%271200%27%20viewBox%3D%270%200%201200%201200%27%3E%3Crect%20width%3D%271200%27%20height%3D%271200%27%20fill-opacity%3D%220%22%2F%3E%3C%2Fsvg%3E\" data-orig-src=\"https:\/\/galerie-artima.com\/wp-content\/uploads\/2025\/05\/KEYMI-Tout-le-monde-savait-60x30cm-Peinture-acrylique-sur-polystyrene-resine-2025-500x500.jpg\" data-srcset=\"https:\/\/galerie-artima.com\/wp-content\/uploads\/2025\/05\/KEYMI-Tout-le-monde-savait-60x30cm-Peinture-acrylique-sur-polystyrene-resine-2025-66x66.jpg 66w, https:\/\/galerie-artima.com\/wp-content\/uploads\/2025\/05\/KEYMI-Tout-le-monde-savait-60x30cm-Peinture-acrylique-sur-polystyrene-resine-2025-96x96.jpg 96w, https:\/\/galerie-artima.com\/wp-content\/uploads\/2025\/05\/KEYMI-Tout-le-monde-savait-60x30cm-Peinture-acrylique-sur-polystyrene-resine-2025-150x150.jpg 150w, https:\/\/galerie-artima.com\/wp-content\/uploads\/2025\/05\/KEYMI-Tout-le-monde-savait-60x30cm-Peinture-acrylique-sur-polystyrene-resine-2025-200x200.jpg 200w, https:\/\/galerie-artima.com\/wp-content\/uploads\/2025\/05\/KEYMI-Tout-le-monde-savait-60x30cm-Peinture-acrylique-sur-polystyrene-resine-2025-300x300.jpg 300w, https:\/\/galerie-artima.com\/wp-content\/uploads\/2025\/05\/KEYMI-Tout-le-monde-savait-60x30cm-Peinture-acrylique-sur-polystyrene-resine-2025-400x400.jpg 400w, https:\/\/galerie-artima.com\/wp-content\/uploads\/2025\/05\/KEYMI-Tout-le-monde-savait-60x30cm-Peinture-acrylique-sur-polystyrene-resine-2025-500x500.jpg 500w, https:\/\/galerie-artima.com\/wp-content\/uploads\/2025\/05\/KEYMI-Tout-le-monde-savait-60x30cm-Peinture-acrylique-sur-polystyrene-resine-2025-600x600.jpg 600w, https:\/\/galerie-artima.com\/wp-content\/uploads\/2025\/05\/KEYMI-Tout-le-monde-savait-60x30cm-Peinture-acrylique-sur-polystyrene-resine-2025-768x768.jpg 768w, https:\/\/galerie-artima.com\/wp-content\/uploads\/2025\/05\/KEYMI-Tout-le-monde-savait-60x30cm-Peinture-acrylique-sur-polystyrene-resine-2025-800x800.jpg 800w, https:\/\/galerie-artima.com\/wp-content\/uploads\/2025\/05\/KEYMI-Tout-le-monde-savait-60x30cm-Peinture-acrylique-sur-polystyrene-resine-2025-1024x1024.jpg 1024w, https:\/\/galerie-artima.com\/wp-content\/uploads\/2025\/05\/KEYMI-Tout-le-monde-savait-60x30cm-Peinture-acrylique-sur-polystyrene-resine-2025.jpg 1200w\" data-sizes=\"auto\" \/><div class=\"fusion-rollover\">\n\t<div class=\"fusion-rollover-content\">\n\n\t\t\t\t\n\t\t\n\t\t\t\t\t\t\t\t\n\t\t\t\t\t\t\t\t\n\t\t\n\t\t\t\t\t\t\t\t\t\t\t\t\t\t\t\n\t\t\t\t\t\t\n\t\t\t\t\t\t\t\t\t\t<div class=\"fusion-product-buttons\">\n\t\t\t\t\t<a href=\"\/en\/wp-json\/wp\/v2\/pages\/6?add-to-cart=16610\" aria-describedby=\"woocommerce_loop_add_to_cart_link_describedby_16610\" data-quantity=\"1\" class=\"button product_type_simple add_to_cart_button ajax_add_to_cart\" data-product_id=\"16610\" data-product_sku=\"\" aria-label=\"Add to cart: &ldquo;Keymi I Rumeur Encadr\u00e9e Tout le monde savait&rdquo;\" rel=\"nofollow\">Add to cart<\/a>\t<span id=\"woocommerce_loop_add_to_cart_link_describedby_16610\" class=\"screen-reader-text\">\n\t\t\t<\/span>\n<span class=\"fusion-rollover-linebreak\">\n\t\/<\/span>\n\n<a href=\"https:\/\/galerie-artima.com\/en\/shop\/keymi-i-rumeur-encadree-tout-le-monde-savait\" class=\"show_details_button\">\n\tDetails<\/a>\n\n\t\t\t\t<\/div>\n\t\t\t\t\t\t\t\t\t<a class=\"fusion-link-wrapper\" href=\"https:\/\/galerie-artima.com\/en\/shop\/keymi-i-rumeur-encadree-tout-le-monde-savait\" aria-label=\"Keymi I Rumeur Encadr\u00e9e Tout le monde savait\"><\/a>\n\t<\/div>\n<\/div>\n<\/div>\n<\/div>\n<div class=\"fusion-product-content\">\n\t<div class=\"product-details\">\n\t\t<div class=\"product-details-container\">\n<h3 class=\"product-title\">\n\t<a href=\"https:\/\/galerie-artima.com\/en\/shop\/keymi-i-rumeur-encadree-tout-le-monde-savait\">\n\t\tKeymi I Rumeur Encadr\u00e9e Tout le monde savait\t<\/a>\n<\/h3>\n<div class=\"fusion-price-rating\">\n\n\t<span class=\"price\"><span class=\"woocommerce-Price-amount amount\"><bdi>990,00<span class=\"woocommerce-Price-currencySymbol\">&euro;<\/span><\/bdi><\/span><\/span>\n\t\t<\/div>\n\t<\/div>\n<\/div>\n\n\t<\/div> \n\n\n<\/div>\n<\/li>\n<li class=\"product type-product post-10622 status-publish first instock product_cat-all product_cat-painting has-post-thumbnail sold-individually shipping-taxable purchasable product-type-simple product-grid-view\">\n\t<div class=\"fusion-product-wrapper\">\n\n<div class=\"fusion-clean-product-image-wrapper \">\n\t<div  class=\"fusion-image-wrapper fusion-image-size-fixed\" aria-haspopup=\"true\">\n\t\t\t\t<img decoding=\"async\" width=\"500\" height=\"500\" src=\"https:\/\/galerie-artima.com\/wp-content\/uploads\/2023\/10\/KEYMI-Pin-up-Debbie-Puzzle-de-8-pieces-120x90cm-Peinture-a-la-bombe-sur-polystyrene-resine-2023-500x500.jpg\" class=\"attachment-woocommerce_thumbnail size-woocommerce_thumbnail lazyload wp-post-image\" alt=\"\" srcset=\"data:image\/svg+xml,%3Csvg%20xmlns%3D%27http%3A%2F%2Fwww.w3.org%2F2000%2Fsvg%27%20width%3D%271200%27%20height%3D%271200%27%20viewBox%3D%270%200%201200%201200%27%3E%3Crect%20width%3D%271200%27%20height%3D%271200%27%20fill-opacity%3D%220%22%2F%3E%3C%2Fsvg%3E\" data-orig-src=\"https:\/\/galerie-artima.com\/wp-content\/uploads\/2023\/10\/KEYMI-Pin-up-Debbie-Puzzle-de-8-pieces-120x90cm-Peinture-a-la-bombe-sur-polystyrene-resine-2023-500x500.jpg\" data-srcset=\"https:\/\/galerie-artima.com\/wp-content\/uploads\/2023\/10\/KEYMI-Pin-up-Debbie-Puzzle-de-8-pieces-120x90cm-Peinture-a-la-bombe-sur-polystyrene-resine-2023-66x66.jpg 66w, https:\/\/galerie-artima.com\/wp-content\/uploads\/2023\/10\/KEYMI-Pin-up-Debbie-Puzzle-de-8-pieces-120x90cm-Peinture-a-la-bombe-sur-polystyrene-resine-2023-96x96.jpg 96w, https:\/\/galerie-artima.com\/wp-content\/uploads\/2023\/10\/KEYMI-Pin-up-Debbie-Puzzle-de-8-pieces-120x90cm-Peinture-a-la-bombe-sur-polystyrene-resine-2023-150x150.jpg 150w, https:\/\/galerie-artima.com\/wp-content\/uploads\/2023\/10\/KEYMI-Pin-up-Debbie-Puzzle-de-8-pieces-120x90cm-Peinture-a-la-bombe-sur-polystyrene-resine-2023-200x200.jpg 200w, https:\/\/galerie-artima.com\/wp-content\/uploads\/2023\/10\/KEYMI-Pin-up-Debbie-Puzzle-de-8-pieces-120x90cm-Peinture-a-la-bombe-sur-polystyrene-resine-2023-300x300.jpg 300w, https:\/\/galerie-artima.com\/wp-content\/uploads\/2023\/10\/KEYMI-Pin-up-Debbie-Puzzle-de-8-pieces-120x90cm-Peinture-a-la-bombe-sur-polystyrene-resine-2023-400x400.jpg 400w, https:\/\/galerie-artima.com\/wp-content\/uploads\/2023\/10\/KEYMI-Pin-up-Debbie-Puzzle-de-8-pieces-120x90cm-Peinture-a-la-bombe-sur-polystyrene-resine-2023-500x500.jpg 500w, https:\/\/galerie-artima.com\/wp-content\/uploads\/2023\/10\/KEYMI-Pin-up-Debbie-Puzzle-de-8-pieces-120x90cm-Peinture-a-la-bombe-sur-polystyrene-resine-2023-600x600.jpg 600w, https:\/\/galerie-artima.com\/wp-content\/uploads\/2023\/10\/KEYMI-Pin-up-Debbie-Puzzle-de-8-pieces-120x90cm-Peinture-a-la-bombe-sur-polystyrene-resine-2023-768x768.jpg 768w, https:\/\/galerie-artima.com\/wp-content\/uploads\/2023\/10\/KEYMI-Pin-up-Debbie-Puzzle-de-8-pieces-120x90cm-Peinture-a-la-bombe-sur-polystyrene-resine-2023-800x800.jpg 800w, https:\/\/galerie-artima.com\/wp-content\/uploads\/2023\/10\/KEYMI-Pin-up-Debbie-Puzzle-de-8-pieces-120x90cm-Peinture-a-la-bombe-sur-polystyrene-resine-2023-1024x1024.jpg 1024w, https:\/\/galerie-artima.com\/wp-content\/uploads\/2023\/10\/KEYMI-Pin-up-Debbie-Puzzle-de-8-pieces-120x90cm-Peinture-a-la-bombe-sur-polystyrene-resine-2023.jpg 1200w\" data-sizes=\"auto\" \/><div class=\"fusion-rollover\">\n\t<div class=\"fusion-rollover-content\">\n\n\t\t\t\t\n\t\t\n\t\t\t\t\t\t\t\t\n\t\t\t\t\t\t\t\t\n\t\t\n\t\t\t\t\t\t\t\t\t\t\t\t\t\t\t\n\t\t\t\t\t\t\n\t\t\t\t\t\t\t\t\t\t<div class=\"fusion-product-buttons\">\n\t\t\t\t\t<a href=\"\/en\/wp-json\/wp\/v2\/pages\/6?add-to-cart=10622\" aria-describedby=\"woocommerce_loop_add_to_cart_link_describedby_10622\" data-quantity=\"1\" class=\"button product_type_simple add_to_cart_button ajax_add_to_cart\" data-product_id=\"10622\" data-product_sku=\"\" aria-label=\"Add to cart: &ldquo;Keymi I Pin up puzzle Debbie&rdquo;\" rel=\"nofollow\">Add to cart<\/a>\t<span id=\"woocommerce_loop_add_to_cart_link_describedby_10622\" class=\"screen-reader-text\">\n\t\t\t<\/span>\n<span class=\"fusion-rollover-linebreak\">\n\t\/<\/span>\n\n<a href=\"https:\/\/galerie-artima.com\/en\/shop\/keymi-pin-up-puzzle-debbie\" class=\"show_details_button\">\n\tDetails<\/a>\n\n\t\t\t\t<\/div>\n\t\t\t\t\t\t\t\t\t<a class=\"fusion-link-wrapper\" href=\"https:\/\/galerie-artima.com\/en\/shop\/keymi-pin-up-puzzle-debbie\" aria-label=\"Keymi I Pin up puzzle Debbie\"><\/a>\n\t<\/div>\n<\/div>\n<\/div>\n<\/div>\n<div class=\"fusion-product-content\">\n\t<div class=\"product-details\">\n\t\t<div class=\"product-details-container\">\n<h3 class=\"product-title\">\n\t<a href=\"https:\/\/galerie-artima.com\/en\/shop\/keymi-pin-up-puzzle-debbie\">\n\t\tKeymi I Pin up puzzle Debbie\t<\/a>\n<\/h3>\n<div class=\"fusion-price-rating\">\n\n\t<span class=\"price\"><span class=\"woocommerce-Price-amount amount\"><bdi>3400,00<span class=\"woocommerce-Price-currencySymbol\">&euro;<\/span><\/bdi><\/span><\/span>\n\t\t<\/div>\n\t<\/div>\n<\/div>\n\n\t<\/div> \n\n\n<\/div>\n<\/li>\n<li class=\"product type-product post-13699 status-publish instock product_cat-all product_cat-painting has-post-thumbnail sold-individually shipping-taxable purchasable product-type-simple product-grid-view\">\n\t<div class=\"fusion-product-wrapper\">\n\n<div class=\"fusion-clean-product-image-wrapper \">\n\t<div  class=\"fusion-image-wrapper fusion-image-size-fixed\" aria-haspopup=\"true\">\n\t\t\t\t<img decoding=\"async\" width=\"500\" height=\"500\" src=\"https:\/\/galerie-artima.com\/wp-content\/uploads\/2025\/05\/KEYMI-Lenigmatique-lettre-60x30cm-Peinture-acrylique-sur-polystyrene-resine-2025-500x500.jpg\" class=\"attachment-woocommerce_thumbnail size-woocommerce_thumbnail lazyload wp-post-image\" alt=\"\" srcset=\"data:image\/svg+xml,%3Csvg%20xmlns%3D%27http%3A%2F%2Fwww.w3.org%2F2000%2Fsvg%27%20width%3D%271200%27%20height%3D%271200%27%20viewBox%3D%270%200%201200%201200%27%3E%3Crect%20width%3D%271200%27%20height%3D%271200%27%20fill-opacity%3D%220%22%2F%3E%3C%2Fsvg%3E\" data-orig-src=\"https:\/\/galerie-artima.com\/wp-content\/uploads\/2025\/05\/KEYMI-Lenigmatique-lettre-60x30cm-Peinture-acrylique-sur-polystyrene-resine-2025-500x500.jpg\" data-srcset=\"https:\/\/galerie-artima.com\/wp-content\/uploads\/2025\/05\/KEYMI-Lenigmatique-lettre-60x30cm-Peinture-acrylique-sur-polystyrene-resine-2025-66x66.jpg 66w, https:\/\/galerie-artima.com\/wp-content\/uploads\/2025\/05\/KEYMI-Lenigmatique-lettre-60x30cm-Peinture-acrylique-sur-polystyrene-resine-2025-96x96.jpg 96w, https:\/\/galerie-artima.com\/wp-content\/uploads\/2025\/05\/KEYMI-Lenigmatique-lettre-60x30cm-Peinture-acrylique-sur-polystyrene-resine-2025-150x150.jpg 150w, https:\/\/galerie-artima.com\/wp-content\/uploads\/2025\/05\/KEYMI-Lenigmatique-lettre-60x30cm-Peinture-acrylique-sur-polystyrene-resine-2025-200x200.jpg 200w, https:\/\/galerie-artima.com\/wp-content\/uploads\/2025\/05\/KEYMI-Lenigmatique-lettre-60x30cm-Peinture-acrylique-sur-polystyrene-resine-2025-300x300.jpg 300w, https:\/\/galerie-artima.com\/wp-content\/uploads\/2025\/05\/KEYMI-Lenigmatique-lettre-60x30cm-Peinture-acrylique-sur-polystyrene-resine-2025-400x400.jpg 400w, https:\/\/galerie-artima.com\/wp-content\/uploads\/2025\/05\/KEYMI-Lenigmatique-lettre-60x30cm-Peinture-acrylique-sur-polystyrene-resine-2025-500x500.jpg 500w, https:\/\/galerie-artima.com\/wp-content\/uploads\/2025\/05\/KEYMI-Lenigmatique-lettre-60x30cm-Peinture-acrylique-sur-polystyrene-resine-2025-600x600.jpg 600w, https:\/\/galerie-artima.com\/wp-content\/uploads\/2025\/05\/KEYMI-Lenigmatique-lettre-60x30cm-Peinture-acrylique-sur-polystyrene-resine-2025-768x768.jpg 768w, https:\/\/galerie-artima.com\/wp-content\/uploads\/2025\/05\/KEYMI-Lenigmatique-lettre-60x30cm-Peinture-acrylique-sur-polystyrene-resine-2025-800x800.jpg 800w, https:\/\/galerie-artima.com\/wp-content\/uploads\/2025\/05\/KEYMI-Lenigmatique-lettre-60x30cm-Peinture-acrylique-sur-polystyrene-resine-2025-1024x1024.jpg 1024w, https:\/\/galerie-artima.com\/wp-content\/uploads\/2025\/05\/KEYMI-Lenigmatique-lettre-60x30cm-Peinture-acrylique-sur-polystyrene-resine-2025.jpg 1200w\" data-sizes=\"auto\" \/><div class=\"fusion-rollover\">\n\t<div class=\"fusion-rollover-content\">\n\n\t\t\t\t\n\t\t\n\t\t\t\t\t\t\t\t\n\t\t\t\t\t\t\t\t\n\t\t\n\t\t\t\t\t\t\t\t\t\t\t\t\t\t\t\n\t\t\t\t\t\t\n\t\t\t\t\t\t\t\t\t\t<div class=\"fusion-product-buttons\">\n\t\t\t\t\t<a href=\"\/en\/wp-json\/wp\/v2\/pages\/6?add-to-cart=13699\" aria-describedby=\"woocommerce_loop_add_to_cart_link_describedby_13699\" data-quantity=\"1\" class=\"button product_type_simple add_to_cart_button ajax_add_to_cart\" data-product_id=\"13699\" data-product_sku=\"\" aria-label=\"Add to cart: &ldquo;Keymi I Rumeur Encadr\u00e9e L&#039;\u00e9nigmatique lettre&rdquo;\" rel=\"nofollow\">Add to cart<\/a>\t<span id=\"woocommerce_loop_add_to_cart_link_describedby_13699\" class=\"screen-reader-text\">\n\t\t\t<\/span>\n<span class=\"fusion-rollover-linebreak\">\n\t\/<\/span>\n\n<a href=\"https:\/\/galerie-artima.com\/en\/shop\/keymi-rumeur-encadree-lenigmatique-lettre\" class=\"show_details_button\">\n\tDetails<\/a>\n\n\t\t\t\t<\/div>\n\t\t\t\t\t\t\t\t\t<a class=\"fusion-link-wrapper\" href=\"https:\/\/galerie-artima.com\/en\/shop\/keymi-rumeur-encadree-lenigmatique-lettre\" aria-label=\"Keymi I Rumeur Encadr\u00e9e L&#8217;\u00e9nigmatique lettre\"><\/a>\n\t<\/div>\n<\/div>\n<\/div>\n<\/div>\n<div class=\"fusion-product-content\">\n\t<div class=\"product-details\">\n\t\t<div class=\"product-details-container\">\n<h3 class=\"product-title\">\n\t<a href=\"https:\/\/galerie-artima.com\/en\/shop\/keymi-rumeur-encadree-lenigmatique-lettre\">\n\t\tKeymi I Rumeur Encadr\u00e9e L&#8217;\u00e9nigmatique lettre\t<\/a>\n<\/h3>\n<div class=\"fusion-price-rating\">\n\n\t<span class=\"price\"><span class=\"woocommerce-Price-amount amount\"><bdi>990,00<span class=\"woocommerce-Price-currencySymbol\">&euro;<\/span><\/bdi><\/span><\/span>\n\t\t<\/div>\n\t<\/div>\n<\/div>\n\n\t<\/div> \n\n\n<\/div>\n<\/li>\n<li class=\"product type-product post-10631 status-publish instock product_cat-all product_cat-painting has-post-thumbnail sold-individually shipping-taxable purchasable product-type-simple product-grid-view\">\n\t<div class=\"fusion-product-wrapper\">\n\n<div class=\"fusion-clean-product-image-wrapper \">\n\t<div  class=\"fusion-image-wrapper fusion-image-size-fixed\" aria-haspopup=\"true\">\n\t\t\t\t<img decoding=\"async\" width=\"500\" height=\"500\" src=\"https:\/\/galerie-artima.com\/wp-content\/uploads\/2025\/05\/KEYMI-Le-duel-60x30cm-Peinture-acrylique-sur-polystyrene-resine-2025-500x500.jpg\" class=\"attachment-woocommerce_thumbnail size-woocommerce_thumbnail lazyload wp-post-image\" alt=\"\" srcset=\"data:image\/svg+xml,%3Csvg%20xmlns%3D%27http%3A%2F%2Fwww.w3.org%2F2000%2Fsvg%27%20width%3D%271200%27%20height%3D%271200%27%20viewBox%3D%270%200%201200%201200%27%3E%3Crect%20width%3D%271200%27%20height%3D%271200%27%20fill-opacity%3D%220%22%2F%3E%3C%2Fsvg%3E\" data-orig-src=\"https:\/\/galerie-artima.com\/wp-content\/uploads\/2025\/05\/KEYMI-Le-duel-60x30cm-Peinture-acrylique-sur-polystyrene-resine-2025-500x500.jpg\" data-srcset=\"https:\/\/galerie-artima.com\/wp-content\/uploads\/2025\/05\/KEYMI-Le-duel-60x30cm-Peinture-acrylique-sur-polystyrene-resine-2025-66x66.jpg 66w, https:\/\/galerie-artima.com\/wp-content\/uploads\/2025\/05\/KEYMI-Le-duel-60x30cm-Peinture-acrylique-sur-polystyrene-resine-2025-96x96.jpg 96w, https:\/\/galerie-artima.com\/wp-content\/uploads\/2025\/05\/KEYMI-Le-duel-60x30cm-Peinture-acrylique-sur-polystyrene-resine-2025-150x150.jpg 150w, https:\/\/galerie-artima.com\/wp-content\/uploads\/2025\/05\/KEYMI-Le-duel-60x30cm-Peinture-acrylique-sur-polystyrene-resine-2025-200x200.jpg 200w, https:\/\/galerie-artima.com\/wp-content\/uploads\/2025\/05\/KEYMI-Le-duel-60x30cm-Peinture-acrylique-sur-polystyrene-resine-2025-300x300.jpg 300w, https:\/\/galerie-artima.com\/wp-content\/uploads\/2025\/05\/KEYMI-Le-duel-60x30cm-Peinture-acrylique-sur-polystyrene-resine-2025-400x400.jpg 400w, https:\/\/galerie-artima.com\/wp-content\/uploads\/2025\/05\/KEYMI-Le-duel-60x30cm-Peinture-acrylique-sur-polystyrene-resine-2025-500x500.jpg 500w, https:\/\/galerie-artima.com\/wp-content\/uploads\/2025\/05\/KEYMI-Le-duel-60x30cm-Peinture-acrylique-sur-polystyrene-resine-2025-600x600.jpg 600w, https:\/\/galerie-artima.com\/wp-content\/uploads\/2025\/05\/KEYMI-Le-duel-60x30cm-Peinture-acrylique-sur-polystyrene-resine-2025-768x768.jpg 768w, https:\/\/galerie-artima.com\/wp-content\/uploads\/2025\/05\/KEYMI-Le-duel-60x30cm-Peinture-acrylique-sur-polystyrene-resine-2025-800x800.jpg 800w, https:\/\/galerie-artima.com\/wp-content\/uploads\/2025\/05\/KEYMI-Le-duel-60x30cm-Peinture-acrylique-sur-polystyrene-resine-2025-1024x1024.jpg 1024w, https:\/\/galerie-artima.com\/wp-content\/uploads\/2025\/05\/KEYMI-Le-duel-60x30cm-Peinture-acrylique-sur-polystyrene-resine-2025.jpg 1200w\" data-sizes=\"auto\" \/><div class=\"fusion-rollover\">\n\t<div class=\"fusion-rollover-content\">\n\n\t\t\t\t\n\t\t\n\t\t\t\t\t\t\t\t\n\t\t\t\t\t\t\t\t\n\t\t\n\t\t\t\t\t\t\t\t\t\t\t\t\t\t\t\n\t\t\t\t\t\t\n\t\t\t\t\t\t\t\t\t\t<div class=\"fusion-product-buttons\">\n\t\t\t\t\t<a href=\"\/en\/wp-json\/wp\/v2\/pages\/6?add-to-cart=10631\" aria-describedby=\"woocommerce_loop_add_to_cart_link_describedby_10631\" data-quantity=\"1\" class=\"button product_type_simple add_to_cart_button ajax_add_to_cart\" data-product_id=\"10631\" data-product_sku=\"\" aria-label=\"Add to cart: &ldquo;Keymi I Rumeur encadr\u00e9e L&#039;intenable secret&rdquo;\" rel=\"nofollow\">Add to cart<\/a>\t<span id=\"woocommerce_loop_add_to_cart_link_describedby_10631\" class=\"screen-reader-text\">\n\t\t\t<\/span>\n<span class=\"fusion-rollover-linebreak\">\n\t\/<\/span>\n\n<a href=\"https:\/\/galerie-artima.com\/en\/shop\/keymi-rumeur-encadree-lintenable-secret\" class=\"show_details_button\">\n\tDetails<\/a>\n\n\t\t\t\t<\/div>\n\t\t\t\t\t\t\t\t\t<a class=\"fusion-link-wrapper\" href=\"https:\/\/galerie-artima.com\/en\/shop\/keymi-rumeur-encadree-lintenable-secret\" aria-label=\"Keymi I Rumeur encadr\u00e9e L&#8217;intenable secret\"><\/a>\n\t<\/div>\n<\/div>\n<\/div>\n<\/div>\n<div class=\"fusion-product-content\">\n\t<div class=\"product-details\">\n\t\t<div class=\"product-details-container\">\n<h3 class=\"product-title\">\n\t<a href=\"https:\/\/galerie-artima.com\/en\/shop\/keymi-rumeur-encadree-lintenable-secret\">\n\t\tKeymi I Rumeur encadr\u00e9e L&#8217;intenable secret\t<\/a>\n<\/h3>\n<div class=\"fusion-price-rating\">\n\n\t<span class=\"price\"><span class=\"woocommerce-Price-amount amount\"><bdi>990,00<span class=\"woocommerce-Price-currencySymbol\">&euro;<\/span><\/bdi><\/span><\/span>\n\t\t<\/div>\n\t<\/div>\n<\/div>\n\n\t<\/div> \n\n\n<\/div>\n<\/li>\n<li class=\"product type-product post-16601 status-publish last instock product_cat-all product_cat-painting has-post-thumbnail sold-individually shipping-taxable purchasable product-type-simple product-grid-view\">\n\t<div class=\"fusion-product-wrapper\">\n\n<div class=\"fusion-clean-product-image-wrapper \">\n\t<div  class=\"fusion-image-wrapper fusion-image-size-fixed\" aria-haspopup=\"true\">\n\t\t\t\t<img decoding=\"async\" width=\"500\" height=\"500\" src=\"https:\/\/galerie-artima.com\/wp-content\/uploads\/2025\/05\/KEYMI-Lultime-composition-60x30cm-Peinture-acrylique-sur-polystyrene-resine-2025-500x500.jpg\" class=\"attachment-woocommerce_thumbnail size-woocommerce_thumbnail lazyload wp-post-image\" alt=\"\" srcset=\"data:image\/svg+xml,%3Csvg%20xmlns%3D%27http%3A%2F%2Fwww.w3.org%2F2000%2Fsvg%27%20width%3D%271200%27%20height%3D%271200%27%20viewBox%3D%270%200%201200%201200%27%3E%3Crect%20width%3D%271200%27%20height%3D%271200%27%20fill-opacity%3D%220%22%2F%3E%3C%2Fsvg%3E\" data-orig-src=\"https:\/\/galerie-artima.com\/wp-content\/uploads\/2025\/05\/KEYMI-Lultime-composition-60x30cm-Peinture-acrylique-sur-polystyrene-resine-2025-500x500.jpg\" data-srcset=\"https:\/\/galerie-artima.com\/wp-content\/uploads\/2025\/05\/KEYMI-Lultime-composition-60x30cm-Peinture-acrylique-sur-polystyrene-resine-2025-66x66.jpg 66w, https:\/\/galerie-artima.com\/wp-content\/uploads\/2025\/05\/KEYMI-Lultime-composition-60x30cm-Peinture-acrylique-sur-polystyrene-resine-2025-96x96.jpg 96w, https:\/\/galerie-artima.com\/wp-content\/uploads\/2025\/05\/KEYMI-Lultime-composition-60x30cm-Peinture-acrylique-sur-polystyrene-resine-2025-150x150.jpg 150w, https:\/\/galerie-artima.com\/wp-content\/uploads\/2025\/05\/KEYMI-Lultime-composition-60x30cm-Peinture-acrylique-sur-polystyrene-resine-2025-200x200.jpg 200w, https:\/\/galerie-artima.com\/wp-content\/uploads\/2025\/05\/KEYMI-Lultime-composition-60x30cm-Peinture-acrylique-sur-polystyrene-resine-2025-300x300.jpg 300w, https:\/\/galerie-artima.com\/wp-content\/uploads\/2025\/05\/KEYMI-Lultime-composition-60x30cm-Peinture-acrylique-sur-polystyrene-resine-2025-400x400.jpg 400w, https:\/\/galerie-artima.com\/wp-content\/uploads\/2025\/05\/KEYMI-Lultime-composition-60x30cm-Peinture-acrylique-sur-polystyrene-resine-2025-500x500.jpg 500w, https:\/\/galerie-artima.com\/wp-content\/uploads\/2025\/05\/KEYMI-Lultime-composition-60x30cm-Peinture-acrylique-sur-polystyrene-resine-2025-600x600.jpg 600w, https:\/\/galerie-artima.com\/wp-content\/uploads\/2025\/05\/KEYMI-Lultime-composition-60x30cm-Peinture-acrylique-sur-polystyrene-resine-2025-768x768.jpg 768w, https:\/\/galerie-artima.com\/wp-content\/uploads\/2025\/05\/KEYMI-Lultime-composition-60x30cm-Peinture-acrylique-sur-polystyrene-resine-2025-800x800.jpg 800w, https:\/\/galerie-artima.com\/wp-content\/uploads\/2025\/05\/KEYMI-Lultime-composition-60x30cm-Peinture-acrylique-sur-polystyrene-resine-2025-1024x1024.jpg 1024w, https:\/\/galerie-artima.com\/wp-content\/uploads\/2025\/05\/KEYMI-Lultime-composition-60x30cm-Peinture-acrylique-sur-polystyrene-resine-2025.jpg 1200w\" data-sizes=\"auto\" \/><div class=\"fusion-rollover\">\n\t<div class=\"fusion-rollover-content\">\n\n\t\t\t\t\n\t\t\n\t\t\t\t\t\t\t\t\n\t\t\t\t\t\t\t\t\n\t\t\n\t\t\t\t\t\t\t\t\t\t\t\t\t\t\t\n\t\t\t\t\t\t\n\t\t\t\t\t\t\t\t\t\t<div class=\"fusion-product-buttons\">\n\t\t\t\t\t<a href=\"\/en\/wp-json\/wp\/v2\/pages\/6?add-to-cart=16601\" aria-describedby=\"woocommerce_loop_add_to_cart_link_describedby_16601\" data-quantity=\"1\" class=\"button product_type_simple add_to_cart_button ajax_add_to_cart\" data-product_id=\"16601\" data-product_sku=\"\" aria-label=\"Add to cart: &ldquo;Keymi I Rumeur Encadr\u00e9e L&#039;ultime composition&rdquo;\" rel=\"nofollow\">Add to cart<\/a>\t<span id=\"woocommerce_loop_add_to_cart_link_describedby_16601\" class=\"screen-reader-text\">\n\t\t\t<\/span>\n<span class=\"fusion-rollover-linebreak\">\n\t\/<\/span>\n\n<a href=\"https:\/\/galerie-artima.com\/en\/shop\/keymi-rumeur-encadree-lultime-composition\" class=\"show_details_button\">\n\tDetails<\/a>\n\n\t\t\t\t<\/div>\n\t\t\t\t\t\t\t\t\t<a class=\"fusion-link-wrapper\" href=\"https:\/\/galerie-artima.com\/en\/shop\/keymi-rumeur-encadree-lultime-composition\" aria-label=\"Keymi I Rumeur Encadr\u00e9e L&#8217;ultime composition\"><\/a>\n\t<\/div>\n<\/div>\n<\/div>\n<\/div>\n<div class=\"fusion-product-content\">\n\t<div class=\"product-details\">\n\t\t<div class=\"product-details-container\">\n<h3 class=\"product-title\">\n\t<a href=\"https:\/\/galerie-artima.com\/en\/shop\/keymi-rumeur-encadree-lultime-composition\">\n\t\tKeymi I Rumeur Encadr\u00e9e L&#8217;ultime composition\t<\/a>\n<\/h3>\n<div class=\"fusion-price-rating\">\n\n\t<span class=\"price\"><span class=\"woocommerce-Price-amount amount\"><bdi>990,00<span class=\"woocommerce-Price-currencySymbol\">&euro;<\/span><\/bdi><\/span><\/span>\n\t\t<\/div>\n\t<\/div>\n<\/div>\n\n\t<\/div> \n\n\n<\/div>\n<\/li>\n<li class=\"product type-product post-16616 status-publish first instock product_cat-all product_cat-painting has-post-thumbnail sold-individually shipping-taxable purchasable product-type-simple product-grid-view\">\n\t<div class=\"fusion-product-wrapper\">\n\n<div class=\"fusion-clean-product-image-wrapper \">\n\t<div  class=\"fusion-image-wrapper fusion-image-size-fixed\" aria-haspopup=\"true\">\n\t\t\t\t<img decoding=\"async\" width=\"500\" height=\"500\" src=\"https:\/\/galerie-artima.com\/wp-content\/uploads\/2023\/05\/KEYMI-Rumeur-encadree-N\u00b0936-Messe-noire-Peinture-acrylique-sur-polystyrene-resine-64x54cm-2024-500x500.jpg\" class=\"attachment-woocommerce_thumbnail size-woocommerce_thumbnail lazyload wp-post-image\" alt=\"\" srcset=\"data:image\/svg+xml,%3Csvg%20xmlns%3D%27http%3A%2F%2Fwww.w3.org%2F2000%2Fsvg%27%20width%3D%271200%27%20height%3D%271200%27%20viewBox%3D%270%200%201200%201200%27%3E%3Crect%20width%3D%271200%27%20height%3D%271200%27%20fill-opacity%3D%220%22%2F%3E%3C%2Fsvg%3E\" data-orig-src=\"https:\/\/galerie-artima.com\/wp-content\/uploads\/2023\/05\/KEYMI-Rumeur-encadree-N\u00b0936-Messe-noire-Peinture-acrylique-sur-polystyrene-resine-64x54cm-2024-500x500.jpg\" data-srcset=\"https:\/\/galerie-artima.com\/wp-content\/uploads\/2023\/05\/KEYMI-Rumeur-encadree-N\u00b0936-Messe-noire-Peinture-acrylique-sur-polystyrene-resine-64x54cm-2024-66x66.jpg 66w, https:\/\/galerie-artima.com\/wp-content\/uploads\/2023\/05\/KEYMI-Rumeur-encadree-N\u00b0936-Messe-noire-Peinture-acrylique-sur-polystyrene-resine-64x54cm-2024-96x96.jpg 96w, https:\/\/galerie-artima.com\/wp-content\/uploads\/2023\/05\/KEYMI-Rumeur-encadree-N\u00b0936-Messe-noire-Peinture-acrylique-sur-polystyrene-resine-64x54cm-2024-150x150.jpg 150w, https:\/\/galerie-artima.com\/wp-content\/uploads\/2023\/05\/KEYMI-Rumeur-encadree-N\u00b0936-Messe-noire-Peinture-acrylique-sur-polystyrene-resine-64x54cm-2024-200x200.jpg 200w, https:\/\/galerie-artima.com\/wp-content\/uploads\/2023\/05\/KEYMI-Rumeur-encadree-N\u00b0936-Messe-noire-Peinture-acrylique-sur-polystyrene-resine-64x54cm-2024-300x300.jpg 300w, https:\/\/galerie-artima.com\/wp-content\/uploads\/2023\/05\/KEYMI-Rumeur-encadree-N\u00b0936-Messe-noire-Peinture-acrylique-sur-polystyrene-resine-64x54cm-2024-400x400.jpg 400w, https:\/\/galerie-artima.com\/wp-content\/uploads\/2023\/05\/KEYMI-Rumeur-encadree-N\u00b0936-Messe-noire-Peinture-acrylique-sur-polystyrene-resine-64x54cm-2024-500x500.jpg 500w, https:\/\/galerie-artima.com\/wp-content\/uploads\/2023\/05\/KEYMI-Rumeur-encadree-N\u00b0936-Messe-noire-Peinture-acrylique-sur-polystyrene-resine-64x54cm-2024-600x600.jpg 600w, https:\/\/galerie-artima.com\/wp-content\/uploads\/2023\/05\/KEYMI-Rumeur-encadree-N\u00b0936-Messe-noire-Peinture-acrylique-sur-polystyrene-resine-64x54cm-2024-768x768.jpg 768w, https:\/\/galerie-artima.com\/wp-content\/uploads\/2023\/05\/KEYMI-Rumeur-encadree-N\u00b0936-Messe-noire-Peinture-acrylique-sur-polystyrene-resine-64x54cm-2024-800x800.jpg 800w, https:\/\/galerie-artima.com\/wp-content\/uploads\/2023\/05\/KEYMI-Rumeur-encadree-N\u00b0936-Messe-noire-Peinture-acrylique-sur-polystyrene-resine-64x54cm-2024-1024x1024.jpg 1024w, https:\/\/galerie-artima.com\/wp-content\/uploads\/2023\/05\/KEYMI-Rumeur-encadree-N\u00b0936-Messe-noire-Peinture-acrylique-sur-polystyrene-resine-64x54cm-2024.jpg 1200w\" data-sizes=\"auto\" \/><div class=\"fusion-rollover\">\n\t<div class=\"fusion-rollover-content\">\n\n\t\t\t\t\n\t\t\n\t\t\t\t\t\t\t\t\n\t\t\t\t\t\t\t\t\n\t\t\n\t\t\t\t\t\t\t\t\t\t\t\t\t\t\t\n\t\t\t\t\t\t\n\t\t\t\t\t\t\t\t\t\t<div class=\"fusion-product-buttons\">\n\t\t\t\t\t<a href=\"\/en\/wp-json\/wp\/v2\/pages\/6?add-to-cart=16616\" aria-describedby=\"woocommerce_loop_add_to_cart_link_describedby_16616\" data-quantity=\"1\" class=\"button product_type_simple add_to_cart_button ajax_add_to_cart\" data-product_id=\"16616\" data-product_sku=\"\" aria-label=\"Add to cart: &ldquo;Keymi I Rumeur Encadr\u00e9e Messe noire&rdquo;\" rel=\"nofollow\">Add to cart<\/a>\t<span id=\"woocommerce_loop_add_to_cart_link_describedby_16616\" class=\"screen-reader-text\">\n\t\t\t<\/span>\n<span class=\"fusion-rollover-linebreak\">\n\t\/<\/span>\n\n<a href=\"https:\/\/galerie-artima.com\/en\/shop\/keymi-rumeur-encadree-messe-noire\" class=\"show_details_button\">\n\tDetails<\/a>\n\n\t\t\t\t<\/div>\n\t\t\t\t\t\t\t\t\t<a class=\"fusion-link-wrapper\" href=\"https:\/\/galerie-artima.com\/en\/shop\/keymi-rumeur-encadree-messe-noire\" aria-label=\"Keymi I Rumeur Encadr\u00e9e Messe noire\"><\/a>\n\t<\/div>\n<\/div>\n<\/div>\n<\/div>\n<div class=\"fusion-product-content\">\n\t<div class=\"product-details\">\n\t\t<div class=\"product-details-container\">\n<h3 class=\"product-title\">\n\t<a href=\"https:\/\/galerie-artima.com\/en\/shop\/keymi-rumeur-encadree-messe-noire\">\n\t\tKeymi I Rumeur Encadr\u00e9e Messe noire\t<\/a>\n<\/h3>\n<div class=\"fusion-price-rating\">\n\n\t<span class=\"price\"><span class=\"woocommerce-Price-amount amount\"><bdi>1200,00<span class=\"woocommerce-Price-currencySymbol\">&euro;<\/span><\/bdi><\/span><\/span>\n\t\t<\/div>\n\t<\/div>\n<\/div>\n\n\t<\/div> \n\n\n<\/div>\n<\/li>\n<li class=\"product type-product post-13726 status-publish instock product_cat-all product_cat-painting has-post-thumbnail sold-individually shipping-taxable purchasable product-type-simple product-grid-view\">\n\t<div class=\"fusion-product-wrapper\">\n\n<div class=\"fusion-clean-product-image-wrapper \">\n\t<div  class=\"fusion-image-wrapper fusion-image-size-fixed\" aria-haspopup=\"true\">\n\t\t\t\t<img decoding=\"async\" width=\"500\" height=\"500\" src=\"https:\/\/galerie-artima.com\/wp-content\/uploads\/2023\/12\/KEYMI-Rumeur-encadree-N\u00b0566-Peinture-acrylique-sur-polystyrene-resine-64x54cm-2020-500x500.jpg\" class=\"attachment-woocommerce_thumbnail size-woocommerce_thumbnail lazyload wp-post-image\" alt=\"\" srcset=\"data:image\/svg+xml,%3Csvg%20xmlns%3D%27http%3A%2F%2Fwww.w3.org%2F2000%2Fsvg%27%20width%3D%271200%27%20height%3D%271200%27%20viewBox%3D%270%200%201200%201200%27%3E%3Crect%20width%3D%271200%27%20height%3D%271200%27%20fill-opacity%3D%220%22%2F%3E%3C%2Fsvg%3E\" data-orig-src=\"https:\/\/galerie-artima.com\/wp-content\/uploads\/2023\/12\/KEYMI-Rumeur-encadree-N\u00b0566-Peinture-acrylique-sur-polystyrene-resine-64x54cm-2020-500x500.jpg\" data-srcset=\"https:\/\/galerie-artima.com\/wp-content\/uploads\/2023\/12\/KEYMI-Rumeur-encadree-N\u00b0566-Peinture-acrylique-sur-polystyrene-resine-64x54cm-2020-66x66.jpg 66w, https:\/\/galerie-artima.com\/wp-content\/uploads\/2023\/12\/KEYMI-Rumeur-encadree-N\u00b0566-Peinture-acrylique-sur-polystyrene-resine-64x54cm-2020-96x96.jpg 96w, https:\/\/galerie-artima.com\/wp-content\/uploads\/2023\/12\/KEYMI-Rumeur-encadree-N\u00b0566-Peinture-acrylique-sur-polystyrene-resine-64x54cm-2020-150x150.jpg 150w, https:\/\/galerie-artima.com\/wp-content\/uploads\/2023\/12\/KEYMI-Rumeur-encadree-N\u00b0566-Peinture-acrylique-sur-polystyrene-resine-64x54cm-2020-200x200.jpg 200w, https:\/\/galerie-artima.com\/wp-content\/uploads\/2023\/12\/KEYMI-Rumeur-encadree-N\u00b0566-Peinture-acrylique-sur-polystyrene-resine-64x54cm-2020-300x300.jpg 300w, https:\/\/galerie-artima.com\/wp-content\/uploads\/2023\/12\/KEYMI-Rumeur-encadree-N\u00b0566-Peinture-acrylique-sur-polystyrene-resine-64x54cm-2020-400x400.jpg 400w, https:\/\/galerie-artima.com\/wp-content\/uploads\/2023\/12\/KEYMI-Rumeur-encadree-N\u00b0566-Peinture-acrylique-sur-polystyrene-resine-64x54cm-2020-500x500.jpg 500w, https:\/\/galerie-artima.com\/wp-content\/uploads\/2023\/12\/KEYMI-Rumeur-encadree-N\u00b0566-Peinture-acrylique-sur-polystyrene-resine-64x54cm-2020-600x600.jpg 600w, https:\/\/galerie-artima.com\/wp-content\/uploads\/2023\/12\/KEYMI-Rumeur-encadree-N\u00b0566-Peinture-acrylique-sur-polystyrene-resine-64x54cm-2020-768x768.jpg 768w, https:\/\/galerie-artima.com\/wp-content\/uploads\/2023\/12\/KEYMI-Rumeur-encadree-N\u00b0566-Peinture-acrylique-sur-polystyrene-resine-64x54cm-2020-800x800.jpg 800w, https:\/\/galerie-artima.com\/wp-content\/uploads\/2023\/12\/KEYMI-Rumeur-encadree-N\u00b0566-Peinture-acrylique-sur-polystyrene-resine-64x54cm-2020-1024x1024.jpg 1024w, https:\/\/galerie-artima.com\/wp-content\/uploads\/2023\/12\/KEYMI-Rumeur-encadree-N\u00b0566-Peinture-acrylique-sur-polystyrene-resine-64x54cm-2020.jpg 1200w\" data-sizes=\"auto\" \/><div class=\"fusion-rollover\">\n\t<div class=\"fusion-rollover-content\">\n\n\t\t\t\t\n\t\t\n\t\t\t\t\t\t\t\t\n\t\t\t\t\t\t\t\t\n\t\t\n\t\t\t\t\t\t\t\t\t\t\t\t\t\t\t\n\t\t\t\t\t\t\n\t\t\t\t\t\t\t\t\t\t<div class=\"fusion-product-buttons\">\n\t\t\t\t\t<a href=\"\/en\/wp-json\/wp\/v2\/pages\/6?add-to-cart=13726\" aria-describedby=\"woocommerce_loop_add_to_cart_link_describedby_13726\" data-quantity=\"1\" class=\"button product_type_simple add_to_cart_button ajax_add_to_cart\" data-product_id=\"13726\" data-product_sku=\"\" aria-label=\"Add to cart: &ldquo;Keymi I Rumeur Encadr\u00e9e N\u00b0566&rdquo;\" rel=\"nofollow\">Add to cart<\/a>\t<span id=\"woocommerce_loop_add_to_cart_link_describedby_13726\" class=\"screen-reader-text\">\n\t\t\t<\/span>\n<span class=\"fusion-rollover-linebreak\">\n\t\/<\/span>\n\n<a href=\"https:\/\/galerie-artima.com\/en\/shop\/keymi-rumeur-encadree-n566\" class=\"show_details_button\">\n\tDetails<\/a>\n\n\t\t\t\t<\/div>\n\t\t\t\t\t\t\t\t\t<a class=\"fusion-link-wrapper\" href=\"https:\/\/galerie-artima.com\/en\/shop\/keymi-rumeur-encadree-n566\" aria-label=\"Keymi I Rumeur Encadr\u00e9e N\u00b0566\"><\/a>\n\t<\/div>\n<\/div>\n<\/div>\n<\/div>\n<div class=\"fusion-product-content\">\n\t<div class=\"product-details\">\n\t\t<div class=\"product-details-container\">\n<h3 class=\"product-title\">\n\t<a href=\"https:\/\/galerie-artima.com\/en\/shop\/keymi-rumeur-encadree-n566\">\n\t\tKeymi I Rumeur Encadr\u00e9e N\u00b0566\t<\/a>\n<\/h3>\n<div class=\"fusion-price-rating\">\n\n\t<span class=\"price\"><span class=\"woocommerce-Price-amount amount\"><bdi>1200,00<span class=\"woocommerce-Price-currencySymbol\">&euro;<\/span><\/bdi><\/span><\/span>\n\t\t<\/div>\n\t<\/div>\n<\/div>\n\n\t<\/div> \n\n\n<\/div>\n<\/li>\n<li class=\"product type-product post-16618 status-publish instock product_cat-all product_cat-painting has-post-thumbnail sold-individually shipping-taxable purchasable product-type-simple product-grid-view\">\n\t<div class=\"fusion-product-wrapper\">\n\n<div class=\"fusion-clean-product-image-wrapper \">\n\t<div  class=\"fusion-image-wrapper fusion-image-size-fixed\" aria-haspopup=\"true\">\n\t\t\t\t<img decoding=\"async\" width=\"500\" height=\"500\" src=\"https:\/\/galerie-artima.com\/wp-content\/uploads\/2025\/05\/KEYMI-Supa-hero-60x30cm-Peinture-acrylique-sur-polystyrene-resine-2025-500x500.jpg\" class=\"attachment-woocommerce_thumbnail size-woocommerce_thumbnail lazyload wp-post-image\" alt=\"\" srcset=\"data:image\/svg+xml,%3Csvg%20xmlns%3D%27http%3A%2F%2Fwww.w3.org%2F2000%2Fsvg%27%20width%3D%271200%27%20height%3D%271200%27%20viewBox%3D%270%200%201200%201200%27%3E%3Crect%20width%3D%271200%27%20height%3D%271200%27%20fill-opacity%3D%220%22%2F%3E%3C%2Fsvg%3E\" data-orig-src=\"https:\/\/galerie-artima.com\/wp-content\/uploads\/2025\/05\/KEYMI-Supa-hero-60x30cm-Peinture-acrylique-sur-polystyrene-resine-2025-500x500.jpg\" data-srcset=\"https:\/\/galerie-artima.com\/wp-content\/uploads\/2025\/05\/KEYMI-Supa-hero-60x30cm-Peinture-acrylique-sur-polystyrene-resine-2025-66x66.jpg 66w, https:\/\/galerie-artima.com\/wp-content\/uploads\/2025\/05\/KEYMI-Supa-hero-60x30cm-Peinture-acrylique-sur-polystyrene-resine-2025-96x96.jpg 96w, https:\/\/galerie-artima.com\/wp-content\/uploads\/2025\/05\/KEYMI-Supa-hero-60x30cm-Peinture-acrylique-sur-polystyrene-resine-2025-150x150.jpg 150w, https:\/\/galerie-artima.com\/wp-content\/uploads\/2025\/05\/KEYMI-Supa-hero-60x30cm-Peinture-acrylique-sur-polystyrene-resine-2025-200x200.jpg 200w, https:\/\/galerie-artima.com\/wp-content\/uploads\/2025\/05\/KEYMI-Supa-hero-60x30cm-Peinture-acrylique-sur-polystyrene-resine-2025-300x300.jpg 300w, https:\/\/galerie-artima.com\/wp-content\/uploads\/2025\/05\/KEYMI-Supa-hero-60x30cm-Peinture-acrylique-sur-polystyrene-resine-2025-400x400.jpg 400w, https:\/\/galerie-artima.com\/wp-content\/uploads\/2025\/05\/KEYMI-Supa-hero-60x30cm-Peinture-acrylique-sur-polystyrene-resine-2025-500x500.jpg 500w, https:\/\/galerie-artima.com\/wp-content\/uploads\/2025\/05\/KEYMI-Supa-hero-60x30cm-Peinture-acrylique-sur-polystyrene-resine-2025-600x600.jpg 600w, https:\/\/galerie-artima.com\/wp-content\/uploads\/2025\/05\/KEYMI-Supa-hero-60x30cm-Peinture-acrylique-sur-polystyrene-resine-2025-768x768.jpg 768w, https:\/\/galerie-artima.com\/wp-content\/uploads\/2025\/05\/KEYMI-Supa-hero-60x30cm-Peinture-acrylique-sur-polystyrene-resine-2025-800x800.jpg 800w, https:\/\/galerie-artima.com\/wp-content\/uploads\/2025\/05\/KEYMI-Supa-hero-60x30cm-Peinture-acrylique-sur-polystyrene-resine-2025-1024x1024.jpg 1024w, https:\/\/galerie-artima.com\/wp-content\/uploads\/2025\/05\/KEYMI-Supa-hero-60x30cm-Peinture-acrylique-sur-polystyrene-resine-2025.jpg 1200w\" data-sizes=\"auto\" \/><div class=\"fusion-rollover\">\n\t<div class=\"fusion-rollover-content\">\n\n\t\t\t\t\n\t\t\n\t\t\t\t\t\t\t\t\n\t\t\t\t\t\t\t\t\n\t\t\n\t\t\t\t\t\t\t\t\t\t\t\t\t\t\t\n\t\t\t\t\t\t\n\t\t\t\t\t\t\t\t\t\t<div class=\"fusion-product-buttons\">\n\t\t\t\t\t<a href=\"\/en\/wp-json\/wp\/v2\/pages\/6?add-to-cart=16618\" aria-describedby=\"woocommerce_loop_add_to_cart_link_describedby_16618\" data-quantity=\"1\" class=\"button product_type_simple add_to_cart_button ajax_add_to_cart\" data-product_id=\"16618\" data-product_sku=\"\" aria-label=\"Add to cart: &ldquo;Keymi I Rumeur Encadr\u00e9e Supa Hero&rdquo;\" rel=\"nofollow\">Add to cart<\/a>\t<span id=\"woocommerce_loop_add_to_cart_link_describedby_16618\" class=\"screen-reader-text\">\n\t\t\t<\/span>\n<span class=\"fusion-rollover-linebreak\">\n\t\/<\/span>\n\n<a href=\"https:\/\/galerie-artima.com\/en\/shop\/keymi-rumeur-encadree-supa-hero\" class=\"show_details_button\">\n\tDetails<\/a>\n\n\t\t\t\t<\/div>\n\t\t\t\t\t\t\t\t\t<a class=\"fusion-link-wrapper\" href=\"https:\/\/galerie-artima.com\/en\/shop\/keymi-rumeur-encadree-supa-hero\" aria-label=\"Keymi I Rumeur Encadr\u00e9e Supa Hero\"><\/a>\n\t<\/div>\n<\/div>\n<\/div>\n<\/div>\n<div class=\"fusion-product-content\">\n\t<div class=\"product-details\">\n\t\t<div class=\"product-details-container\">\n<h3 class=\"product-title\">\n\t<a href=\"https:\/\/galerie-artima.com\/en\/shop\/keymi-rumeur-encadree-supa-hero\">\n\t\tKeymi I Rumeur Encadr\u00e9e Supa Hero\t<\/a>\n<\/h3>\n<div class=\"fusion-price-rating\">\n\n\t<span class=\"price\"><span class=\"woocommerce-Price-amount amount\"><bdi>990,00<span class=\"woocommerce-Price-currencySymbol\">&euro;<\/span><\/bdi><\/span><\/span>\n\t\t<\/div>\n\t<\/div>\n<\/div>\n\n\t<\/div> \n\n\n<\/div>\n<\/li>\n<li class=\"product type-product post-13694 status-publish last instock product_cat-all product_cat-painting has-post-thumbnail sold-individually shipping-taxable purchasable product-type-simple product-grid-view\">\n\t<div class=\"fusion-product-wrapper\">\n\n<div class=\"fusion-clean-product-image-wrapper \">\n\t<div  class=\"fusion-image-wrapper fusion-image-size-fixed\" aria-haspopup=\"true\">\n\t\t\t\t<img decoding=\"async\" width=\"500\" height=\"500\" src=\"https:\/\/galerie-artima.com\/wp-content\/uploads\/2025\/05\/KEYMI-Un-fauteuil-pour-trois-60x30cm-Peinture-acrylique-sur-polystyrene-resine-2025-500x500.jpg\" class=\"attachment-woocommerce_thumbnail size-woocommerce_thumbnail lazyload wp-post-image\" alt=\"\" srcset=\"data:image\/svg+xml,%3Csvg%20xmlns%3D%27http%3A%2F%2Fwww.w3.org%2F2000%2Fsvg%27%20width%3D%271200%27%20height%3D%271200%27%20viewBox%3D%270%200%201200%201200%27%3E%3Crect%20width%3D%271200%27%20height%3D%271200%27%20fill-opacity%3D%220%22%2F%3E%3C%2Fsvg%3E\" data-orig-src=\"https:\/\/galerie-artima.com\/wp-content\/uploads\/2025\/05\/KEYMI-Un-fauteuil-pour-trois-60x30cm-Peinture-acrylique-sur-polystyrene-resine-2025-500x500.jpg\" data-srcset=\"https:\/\/galerie-artima.com\/wp-content\/uploads\/2025\/05\/KEYMI-Un-fauteuil-pour-trois-60x30cm-Peinture-acrylique-sur-polystyrene-resine-2025-66x66.jpg 66w, https:\/\/galerie-artima.com\/wp-content\/uploads\/2025\/05\/KEYMI-Un-fauteuil-pour-trois-60x30cm-Peinture-acrylique-sur-polystyrene-resine-2025-96x96.jpg 96w, https:\/\/galerie-artima.com\/wp-content\/uploads\/2025\/05\/KEYMI-Un-fauteuil-pour-trois-60x30cm-Peinture-acrylique-sur-polystyrene-resine-2025-150x150.jpg 150w, https:\/\/galerie-artima.com\/wp-content\/uploads\/2025\/05\/KEYMI-Un-fauteuil-pour-trois-60x30cm-Peinture-acrylique-sur-polystyrene-resine-2025-200x200.jpg 200w, https:\/\/galerie-artima.com\/wp-content\/uploads\/2025\/05\/KEYMI-Un-fauteuil-pour-trois-60x30cm-Peinture-acrylique-sur-polystyrene-resine-2025-300x300.jpg 300w, https:\/\/galerie-artima.com\/wp-content\/uploads\/2025\/05\/KEYMI-Un-fauteuil-pour-trois-60x30cm-Peinture-acrylique-sur-polystyrene-resine-2025-400x400.jpg 400w, https:\/\/galerie-artima.com\/wp-content\/uploads\/2025\/05\/KEYMI-Un-fauteuil-pour-trois-60x30cm-Peinture-acrylique-sur-polystyrene-resine-2025-500x500.jpg 500w, https:\/\/galerie-artima.com\/wp-content\/uploads\/2025\/05\/KEYMI-Un-fauteuil-pour-trois-60x30cm-Peinture-acrylique-sur-polystyrene-resine-2025-600x600.jpg 600w, https:\/\/galerie-artima.com\/wp-content\/uploads\/2025\/05\/KEYMI-Un-fauteuil-pour-trois-60x30cm-Peinture-acrylique-sur-polystyrene-resine-2025-768x768.jpg 768w, https:\/\/galerie-artima.com\/wp-content\/uploads\/2025\/05\/KEYMI-Un-fauteuil-pour-trois-60x30cm-Peinture-acrylique-sur-polystyrene-resine-2025-800x800.jpg 800w, https:\/\/galerie-artima.com\/wp-content\/uploads\/2025\/05\/KEYMI-Un-fauteuil-pour-trois-60x30cm-Peinture-acrylique-sur-polystyrene-resine-2025-1024x1024.jpg 1024w, https:\/\/galerie-artima.com\/wp-content\/uploads\/2025\/05\/KEYMI-Un-fauteuil-pour-trois-60x30cm-Peinture-acrylique-sur-polystyrene-resine-2025.jpg 1200w\" data-sizes=\"auto\" \/><div class=\"fusion-rollover\">\n\t<div class=\"fusion-rollover-content\">\n\n\t\t\t\t\n\t\t\n\t\t\t\t\t\t\t\t\n\t\t\t\t\t\t\t\t\n\t\t\n\t\t\t\t\t\t\t\t\t\t\t\t\t\t\t\n\t\t\t\t\t\t\n\t\t\t\t\t\t\t\t\t\t<div class=\"fusion-product-buttons\">\n\t\t\t\t\t<a href=\"\/en\/wp-json\/wp\/v2\/pages\/6?add-to-cart=13694\" aria-describedby=\"woocommerce_loop_add_to_cart_link_describedby_13694\" data-quantity=\"1\" class=\"button product_type_simple add_to_cart_button ajax_add_to_cart\" data-product_id=\"13694\" data-product_sku=\"\" aria-label=\"Add to cart: &ldquo;Keymi I Rumeur Encadr\u00e9e Un fauteuil pour trois&rdquo;\" rel=\"nofollow\">Add to cart<\/a>\t<span id=\"woocommerce_loop_add_to_cart_link_describedby_13694\" class=\"screen-reader-text\">\n\t\t\t<\/span>\n<span class=\"fusion-rollover-linebreak\">\n\t\/<\/span>\n\n<a href=\"https:\/\/galerie-artima.com\/en\/shop\/keymi-rumeur-encadree-un-fauteuil-pour-trois\" class=\"show_details_button\">\n\tDetails<\/a>\n\n\t\t\t\t<\/div>\n\t\t\t\t\t\t\t\t\t<a class=\"fusion-link-wrapper\" href=\"https:\/\/galerie-artima.com\/en\/shop\/keymi-rumeur-encadree-un-fauteuil-pour-trois\" aria-label=\"Keymi I Rumeur Encadr\u00e9e Un fauteuil pour trois\"><\/a>\n\t<\/div>\n<\/div>\n<\/div>\n<\/div>\n<div class=\"fusion-product-content\">\n\t<div class=\"product-details\">\n\t\t<div class=\"product-details-container\">\n<h3 class=\"product-title\">\n\t<a href=\"https:\/\/galerie-artima.com\/en\/shop\/keymi-rumeur-encadree-un-fauteuil-pour-trois\">\n\t\tKeymi I Rumeur Encadr\u00e9e Un fauteuil pour trois\t<\/a>\n<\/h3>\n<div class=\"fusion-price-rating\">\n\n\t<span class=\"price\"><span class=\"woocommerce-Price-amount amount\"><bdi>990,00<span class=\"woocommerce-Price-currencySymbol\">&euro;<\/span><\/bdi><\/span><\/span>\n\t\t<\/div>\n\t<\/div>\n<\/div>\n\n\t<\/div> \n\n\n<\/div>\n<\/li>\n<li class=\"product type-product post-11519 status-publish first instock product_cat-tableau product_cat-tout has-post-thumbnail sold-individually shipping-taxable purchasable product-type-simple product-grid-view\">\n\t<div class=\"fusion-product-wrapper\">\n\n<div class=\"fusion-clean-product-image-wrapper \">\n\t<div  class=\"fusion-image-wrapper fusion-image-size-fixed\" aria-haspopup=\"true\">\n\t\t\t\t<img decoding=\"async\" width=\"500\" height=\"500\" src=\"https:\/\/galerie-artima.com\/wp-content\/uploads\/2023\/05\/LAURENT-MINGUET-Alone-in-Madison-serigraphie-sur-merisier-44x44cm-20-ex-500x500.jpg\" class=\"attachment-woocommerce_thumbnail size-woocommerce_thumbnail lazyload wp-post-image\" alt=\"laurent minguet alone in madison serigraphie sur merisier 44x44cm 20 ex\" srcset=\"data:image\/svg+xml,%3Csvg%20xmlns%3D%27http%3A%2F%2Fwww.w3.org%2F2000%2Fsvg%27%20width%3D%271200%27%20height%3D%271200%27%20viewBox%3D%270%200%201200%201200%27%3E%3Crect%20width%3D%271200%27%20height%3D%271200%27%20fill-opacity%3D%220%22%2F%3E%3C%2Fsvg%3E\" data-orig-src=\"https:\/\/galerie-artima.com\/wp-content\/uploads\/2023\/05\/LAURENT-MINGUET-Alone-in-Madison-serigraphie-sur-merisier-44x44cm-20-ex-500x500.jpg\" data-srcset=\"https:\/\/galerie-artima.com\/wp-content\/uploads\/2023\/05\/LAURENT-MINGUET-Alone-in-Madison-serigraphie-sur-merisier-44x44cm-20-ex-66x66.jpg 66w, https:\/\/galerie-artima.com\/wp-content\/uploads\/2023\/05\/LAURENT-MINGUET-Alone-in-Madison-serigraphie-sur-merisier-44x44cm-20-ex-96x96.jpg 96w, https:\/\/galerie-artima.com\/wp-content\/uploads\/2023\/05\/LAURENT-MINGUET-Alone-in-Madison-serigraphie-sur-merisier-44x44cm-20-ex-150x150.jpg 150w, https:\/\/galerie-artima.com\/wp-content\/uploads\/2023\/05\/LAURENT-MINGUET-Alone-in-Madison-serigraphie-sur-merisier-44x44cm-20-ex-200x200.jpg 200w, https:\/\/galerie-artima.com\/wp-content\/uploads\/2023\/05\/LAURENT-MINGUET-Alone-in-Madison-serigraphie-sur-merisier-44x44cm-20-ex-300x300.jpg 300w, https:\/\/galerie-artima.com\/wp-content\/uploads\/2023\/05\/LAURENT-MINGUET-Alone-in-Madison-serigraphie-sur-merisier-44x44cm-20-ex-400x400.jpg 400w, https:\/\/galerie-artima.com\/wp-content\/uploads\/2023\/05\/LAURENT-MINGUET-Alone-in-Madison-serigraphie-sur-merisier-44x44cm-20-ex-500x500.jpg 500w, https:\/\/galerie-artima.com\/wp-content\/uploads\/2023\/05\/LAURENT-MINGUET-Alone-in-Madison-serigraphie-sur-merisier-44x44cm-20-ex-600x600.jpg 600w, https:\/\/galerie-artima.com\/wp-content\/uploads\/2023\/05\/LAURENT-MINGUET-Alone-in-Madison-serigraphie-sur-merisier-44x44cm-20-ex-768x768.jpg 768w, https:\/\/galerie-artima.com\/wp-content\/uploads\/2023\/05\/LAURENT-MINGUET-Alone-in-Madison-serigraphie-sur-merisier-44x44cm-20-ex-800x800.jpg 800w, https:\/\/galerie-artima.com\/wp-content\/uploads\/2023\/05\/LAURENT-MINGUET-Alone-in-Madison-serigraphie-sur-merisier-44x44cm-20-ex-1024x1024.jpg 1024w, https:\/\/galerie-artima.com\/wp-content\/uploads\/2023\/05\/LAURENT-MINGUET-Alone-in-Madison-serigraphie-sur-merisier-44x44cm-20-ex.jpg 1200w\" data-sizes=\"auto\" \/><div class=\"fusion-rollover\">\n\t<div class=\"fusion-rollover-content\">\n\n\t\t\t\t\n\t\t\n\t\t\t\t\t\t\t\t\n\t\t\t\t\t\t\t\t\n\t\t\n\t\t\t\t\t\t\t\t\t\t\t\t\t\t\t\n\t\t\t\t\t\t\n\t\t\t\t\t\t\t\t\t\t<div class=\"fusion-product-buttons\">\n\t\t\t\t\t<a href=\"\/en\/wp-json\/wp\/v2\/pages\/6?add-to-cart=11519\" aria-describedby=\"woocommerce_loop_add_to_cart_link_describedby_11519\" data-quantity=\"1\" class=\"button product_type_simple add_to_cart_button ajax_add_to_cart\" data-product_id=\"11519\" data-product_sku=\"\" aria-label=\"Add to cart: &ldquo;Laurent Minguet I Alone in Madison&rdquo;\" rel=\"nofollow\">Add to cart<\/a>\t<span id=\"woocommerce_loop_add_to_cart_link_describedby_11519\" class=\"screen-reader-text\">\n\t\t\t<\/span>\n<span class=\"fusion-rollover-linebreak\">\n\t\/<\/span>\n\n<a href=\"https:\/\/galerie-artima.com\/shop\/laurent-minguet-alone-in-madison\" class=\"show_details_button\">\n\tDetails<\/a>\n\n\t\t\t\t<\/div>\n\t\t\t\t\t\t\t\t\t<a class=\"fusion-link-wrapper\" href=\"https:\/\/galerie-artima.com\/shop\/laurent-minguet-alone-in-madison\" aria-label=\"Laurent Minguet I Alone in Madison\"><\/a>\n\t<\/div>\n<\/div>\n<\/div>\n<\/div>\n<div class=\"fusion-product-content\">\n\t<div class=\"product-details\">\n\t\t<div class=\"product-details-container\">\n<h3 class=\"product-title\">\n\t<a href=\"https:\/\/galerie-artima.com\/shop\/laurent-minguet-alone-in-madison\">\n\t\tLaurent Minguet I Alone in Madison\t<\/a>\n<\/h3>\n<div class=\"fusion-price-rating\">\n\n\t<span class=\"price\"><span class=\"woocommerce-Price-amount amount\"><bdi>660,00<span class=\"woocommerce-Price-currencySymbol\">&euro;<\/span><\/bdi><\/span><\/span>\n\t\t<\/div>\n\t<\/div>\n<\/div>\n\n\t<\/div> \n\n\n<\/div>\n<\/li>\n<li class=\"product type-product post-7221 status-publish instock product_cat-all product_cat-painting has-post-thumbnail sold-individually shipping-taxable purchasable product-type-simple product-grid-view\">\n\t<div class=\"fusion-product-wrapper\">\n\n<div class=\"fusion-clean-product-image-wrapper \">\n\t<div  class=\"fusion-image-wrapper fusion-image-size-fixed\" aria-haspopup=\"true\">\n\t\t\t\t<img decoding=\"async\" width=\"500\" height=\"500\" src=\"https:\/\/galerie-artima.com\/wp-content\/uploads\/2022\/03\/Alone-in-Tokyo-Serigraphie-sur-merisier-60x36cm-2026-500x500.webp\" class=\"attachment-woocommerce_thumbnail size-woocommerce_thumbnail lazyload wp-post-image\" alt=\"\" srcset=\"data:image\/svg+xml,%3Csvg%20xmlns%3D%27http%3A%2F%2Fwww.w3.org%2F2000%2Fsvg%27%20width%3D%271200%27%20height%3D%271200%27%20viewBox%3D%270%200%201200%201200%27%3E%3Crect%20width%3D%271200%27%20height%3D%271200%27%20fill-opacity%3D%220%22%2F%3E%3C%2Fsvg%3E\" data-orig-src=\"https:\/\/galerie-artima.com\/wp-content\/uploads\/2022\/03\/Alone-in-Tokyo-Serigraphie-sur-merisier-60x36cm-2026-500x500.webp\" data-srcset=\"https:\/\/galerie-artima.com\/wp-content\/uploads\/2022\/03\/Alone-in-Tokyo-Serigraphie-sur-merisier-60x36cm-2026-66x66.webp 66w, https:\/\/galerie-artima.com\/wp-content\/uploads\/2022\/03\/Alone-in-Tokyo-Serigraphie-sur-merisier-60x36cm-2026-96x96.webp 96w, https:\/\/galerie-artima.com\/wp-content\/uploads\/2022\/03\/Alone-in-Tokyo-Serigraphie-sur-merisier-60x36cm-2026-150x150.webp 150w, https:\/\/galerie-artima.com\/wp-content\/uploads\/2022\/03\/Alone-in-Tokyo-Serigraphie-sur-merisier-60x36cm-2026-200x200.webp 200w, https:\/\/galerie-artima.com\/wp-content\/uploads\/2022\/03\/Alone-in-Tokyo-Serigraphie-sur-merisier-60x36cm-2026-300x300.webp 300w, https:\/\/galerie-artima.com\/wp-content\/uploads\/2022\/03\/Alone-in-Tokyo-Serigraphie-sur-merisier-60x36cm-2026-400x400.webp 400w, https:\/\/galerie-artima.com\/wp-content\/uploads\/2022\/03\/Alone-in-Tokyo-Serigraphie-sur-merisier-60x36cm-2026-500x500.webp 500w, https:\/\/galerie-artima.com\/wp-content\/uploads\/2022\/03\/Alone-in-Tokyo-Serigraphie-sur-merisier-60x36cm-2026-600x600.webp 600w, https:\/\/galerie-artima.com\/wp-content\/uploads\/2022\/03\/Alone-in-Tokyo-Serigraphie-sur-merisier-60x36cm-2026-768x768.webp 768w, https:\/\/galerie-artima.com\/wp-content\/uploads\/2022\/03\/Alone-in-Tokyo-Serigraphie-sur-merisier-60x36cm-2026-800x800.webp 800w, https:\/\/galerie-artima.com\/wp-content\/uploads\/2022\/03\/Alone-in-Tokyo-Serigraphie-sur-merisier-60x36cm-2026-1024x1024.webp 1024w, https:\/\/galerie-artima.com\/wp-content\/uploads\/2022\/03\/Alone-in-Tokyo-Serigraphie-sur-merisier-60x36cm-2026.webp 1200w\" data-sizes=\"auto\" \/><div class=\"fusion-rollover\">\n\t<div class=\"fusion-rollover-content\">\n\n\t\t\t\t\n\t\t\n\t\t\t\t\t\t\t\t\n\t\t\t\t\t\t\t\t\n\t\t\n\t\t\t\t\t\t\t\t\t\t\t\t\t\t\t\n\t\t\t\t\t\t\n\t\t\t\t\t\t\t\t\t\t<div class=\"fusion-product-buttons\">\n\t\t\t\t\t<a href=\"\/en\/wp-json\/wp\/v2\/pages\/6?add-to-cart=7221\" aria-describedby=\"woocommerce_loop_add_to_cart_link_describedby_7221\" data-quantity=\"1\" class=\"button product_type_simple add_to_cart_button ajax_add_to_cart\" data-product_id=\"7221\" data-product_sku=\"\" aria-label=\"Add to cart: &ldquo;Laurent Minguet I Alone in Tokyo&rdquo;\" rel=\"nofollow\">Add to cart<\/a>\t<span id=\"woocommerce_loop_add_to_cart_link_describedby_7221\" class=\"screen-reader-text\">\n\t\t\t<\/span>\n<span class=\"fusion-rollover-linebreak\">\n\t\/<\/span>\n\n<a href=\"https:\/\/galerie-artima.com\/en\/shop\/laurent-minguet-alone-in-tokyo\" class=\"show_details_button\">\n\tDetails<\/a>\n\n\t\t\t\t<\/div>\n\t\t\t\t\t\t\t\t\t<a class=\"fusion-link-wrapper\" href=\"https:\/\/galerie-artima.com\/en\/shop\/laurent-minguet-alone-in-tokyo\" aria-label=\"Laurent Minguet I Alone in Tokyo\"><\/a>\n\t<\/div>\n<\/div>\n<\/div>\n<\/div>\n<div class=\"fusion-product-content\">\n\t<div class=\"product-details\">\n\t\t<div class=\"product-details-container\">\n<h3 class=\"product-title\">\n\t<a href=\"https:\/\/galerie-artima.com\/en\/shop\/laurent-minguet-alone-in-tokyo\">\n\t\tLaurent Minguet I Alone in Tokyo\t<\/a>\n<\/h3>\n<div class=\"fusion-price-rating\">\n\n\t<span class=\"price\"><span class=\"woocommerce-Price-amount amount\"><bdi>770,00<span class=\"woocommerce-Price-currencySymbol\">&euro;<\/span><\/bdi><\/span><\/span>\n\t\t<\/div>\n\t<\/div>\n<\/div>\n\n\t<\/div> \n\n\n<\/div>\n<\/li>\n<li class=\"product type-product post-11517 status-publish instock product_cat-all product_cat-serigraph has-post-thumbnail sold-individually shipping-taxable purchasable product-type-simple product-grid-view\">\n\t<div class=\"fusion-product-wrapper\">\n\n<div class=\"fusion-clean-product-image-wrapper \">\n\t<div  class=\"fusion-image-wrapper fusion-image-size-fixed\" aria-haspopup=\"true\">\n\t\t\t\t<img decoding=\"async\" width=\"500\" height=\"500\" src=\"https:\/\/galerie-artima.com\/wp-content\/uploads\/2026\/04\/LAURENT-MINGUET-Back-to-Miami-Serigraphie-sur-erable-45x45cm-30ex.-2026-500x500.jpg\" class=\"attachment-woocommerce_thumbnail size-woocommerce_thumbnail lazyload wp-post-image\" alt=\"\" srcset=\"data:image\/svg+xml,%3Csvg%20xmlns%3D%27http%3A%2F%2Fwww.w3.org%2F2000%2Fsvg%27%20width%3D%271200%27%20height%3D%271200%27%20viewBox%3D%270%200%201200%201200%27%3E%3Crect%20width%3D%271200%27%20height%3D%271200%27%20fill-opacity%3D%220%22%2F%3E%3C%2Fsvg%3E\" data-orig-src=\"https:\/\/galerie-artima.com\/wp-content\/uploads\/2026\/04\/LAURENT-MINGUET-Back-to-Miami-Serigraphie-sur-erable-45x45cm-30ex.-2026-500x500.jpg\" data-srcset=\"https:\/\/galerie-artima.com\/wp-content\/uploads\/2026\/04\/LAURENT-MINGUET-Back-to-Miami-Serigraphie-sur-erable-45x45cm-30ex.-2026-66x66.jpg 66w, https:\/\/galerie-artima.com\/wp-content\/uploads\/2026\/04\/LAURENT-MINGUET-Back-to-Miami-Serigraphie-sur-erable-45x45cm-30ex.-2026-96x96.jpg 96w, https:\/\/galerie-artima.com\/wp-content\/uploads\/2026\/04\/LAURENT-MINGUET-Back-to-Miami-Serigraphie-sur-erable-45x45cm-30ex.-2026-150x150.jpg 150w, https:\/\/galerie-artima.com\/wp-content\/uploads\/2026\/04\/LAURENT-MINGUET-Back-to-Miami-Serigraphie-sur-erable-45x45cm-30ex.-2026-200x200.jpg 200w, https:\/\/galerie-artima.com\/wp-content\/uploads\/2026\/04\/LAURENT-MINGUET-Back-to-Miami-Serigraphie-sur-erable-45x45cm-30ex.-2026-300x300.jpg 300w, https:\/\/galerie-artima.com\/wp-content\/uploads\/2026\/04\/LAURENT-MINGUET-Back-to-Miami-Serigraphie-sur-erable-45x45cm-30ex.-2026-400x400.jpg 400w, https:\/\/galerie-artima.com\/wp-content\/uploads\/2026\/04\/LAURENT-MINGUET-Back-to-Miami-Serigraphie-sur-erable-45x45cm-30ex.-2026-500x500.jpg 500w, https:\/\/galerie-artima.com\/wp-content\/uploads\/2026\/04\/LAURENT-MINGUET-Back-to-Miami-Serigraphie-sur-erable-45x45cm-30ex.-2026-600x600.jpg 600w, https:\/\/galerie-artima.com\/wp-content\/uploads\/2026\/04\/LAURENT-MINGUET-Back-to-Miami-Serigraphie-sur-erable-45x45cm-30ex.-2026-768x768.jpg 768w, https:\/\/galerie-artima.com\/wp-content\/uploads\/2026\/04\/LAURENT-MINGUET-Back-to-Miami-Serigraphie-sur-erable-45x45cm-30ex.-2026-800x800.jpg 800w, https:\/\/galerie-artima.com\/wp-content\/uploads\/2026\/04\/LAURENT-MINGUET-Back-to-Miami-Serigraphie-sur-erable-45x45cm-30ex.-2026-1024x1024.jpg 1024w, https:\/\/galerie-artima.com\/wp-content\/uploads\/2026\/04\/LAURENT-MINGUET-Back-to-Miami-Serigraphie-sur-erable-45x45cm-30ex.-2026.jpg 1200w\" data-sizes=\"auto\" \/><div class=\"fusion-rollover\">\n\t<div class=\"fusion-rollover-content\">\n\n\t\t\t\t\n\t\t\n\t\t\t\t\t\t\t\t\n\t\t\t\t\t\t\t\t\n\t\t\n\t\t\t\t\t\t\t\t\t\t\t\t\t\t\t\n\t\t\t\t\t\t\n\t\t\t\t\t\t\t\t\t\t<div class=\"fusion-product-buttons\">\n\t\t\t\t\t<a href=\"\/en\/wp-json\/wp\/v2\/pages\/6?add-to-cart=11517\" aria-describedby=\"woocommerce_loop_add_to_cart_link_describedby_11517\" data-quantity=\"1\" class=\"button product_type_simple add_to_cart_button ajax_add_to_cart\" data-product_id=\"11517\" data-product_sku=\"\" aria-label=\"Add to cart: &ldquo;Laurent Minguet I Back to Miami&rdquo;\" rel=\"nofollow\">Add to cart<\/a>\t<span id=\"woocommerce_loop_add_to_cart_link_describedby_11517\" class=\"screen-reader-text\">\n\t\t\t<\/span>\n<span class=\"fusion-rollover-linebreak\">\n\t\/<\/span>\n\n<a href=\"https:\/\/galerie-artima.com\/en\/shop\/laurent-minguet-back-to-miami\" class=\"show_details_button\">\n\tDetails<\/a>\n\n\t\t\t\t<\/div>\n\t\t\t\t\t\t\t\t\t<a class=\"fusion-link-wrapper\" href=\"https:\/\/galerie-artima.com\/en\/shop\/laurent-minguet-back-to-miami\" aria-label=\"Laurent Minguet I Back to Miami\"><\/a>\n\t<\/div>\n<\/div>\n<\/div>\n<\/div>\n<div class=\"fusion-product-content\">\n\t<div class=\"product-details\">\n\t\t<div class=\"product-details-container\">\n<h3 class=\"product-title\">\n\t<a href=\"https:\/\/galerie-artima.com\/en\/shop\/laurent-minguet-back-to-miami\">\n\t\tLaurent Minguet I Back to Miami\t<\/a>\n<\/h3>\n<div class=\"fusion-price-rating\">\n\n\t<span class=\"price\"><span class=\"woocommerce-Price-amount amount\"><bdi>660,00<span class=\"woocommerce-Price-currencySymbol\">&euro;<\/span><\/bdi><\/span><\/span>\n\t\t<\/div>\n\t<\/div>\n<\/div>\n\n\t<\/div> \n\n\n<\/div>\n<\/li>\n<li class=\"product type-product post-7213 status-publish last instock product_cat-all product_cat-serigraph has-post-thumbnail sold-individually shipping-taxable purchasable product-type-simple product-grid-view\">\n\t<div class=\"fusion-product-wrapper\">\n\n<div class=\"fusion-clean-product-image-wrapper \">\n\t<div  class=\"fusion-image-wrapper fusion-image-size-fixed\" aria-haspopup=\"true\">\n\t\t\t\t<img decoding=\"async\" width=\"500\" height=\"500\" src=\"https:\/\/galerie-artima.com\/wp-content\/uploads\/2026\/04\/LAURENT-MINGUET-Japan-spirit-Serigraphie-sur-erable-37x75cm-30ex.-2026-500x500.jpg\" class=\"attachment-woocommerce_thumbnail size-woocommerce_thumbnail lazyload wp-post-image\" alt=\"\" srcset=\"data:image\/svg+xml,%3Csvg%20xmlns%3D%27http%3A%2F%2Fwww.w3.org%2F2000%2Fsvg%27%20width%3D%271200%27%20height%3D%271200%27%20viewBox%3D%270%200%201200%201200%27%3E%3Crect%20width%3D%271200%27%20height%3D%271200%27%20fill-opacity%3D%220%22%2F%3E%3C%2Fsvg%3E\" data-orig-src=\"https:\/\/galerie-artima.com\/wp-content\/uploads\/2026\/04\/LAURENT-MINGUET-Japan-spirit-Serigraphie-sur-erable-37x75cm-30ex.-2026-500x500.jpg\" data-srcset=\"https:\/\/galerie-artima.com\/wp-content\/uploads\/2026\/04\/LAURENT-MINGUET-Japan-spirit-Serigraphie-sur-erable-37x75cm-30ex.-2026-66x66.jpg 66w, https:\/\/galerie-artima.com\/wp-content\/uploads\/2026\/04\/LAURENT-MINGUET-Japan-spirit-Serigraphie-sur-erable-37x75cm-30ex.-2026-96x96.jpg 96w, https:\/\/galerie-artima.com\/wp-content\/uploads\/2026\/04\/LAURENT-MINGUET-Japan-spirit-Serigraphie-sur-erable-37x75cm-30ex.-2026-150x150.jpg 150w, https:\/\/galerie-artima.com\/wp-content\/uploads\/2026\/04\/LAURENT-MINGUET-Japan-spirit-Serigraphie-sur-erable-37x75cm-30ex.-2026-200x200.jpg 200w, https:\/\/galerie-artima.com\/wp-content\/uploads\/2026\/04\/LAURENT-MINGUET-Japan-spirit-Serigraphie-sur-erable-37x75cm-30ex.-2026-300x300.jpg 300w, https:\/\/galerie-artima.com\/wp-content\/uploads\/2026\/04\/LAURENT-MINGUET-Japan-spirit-Serigraphie-sur-erable-37x75cm-30ex.-2026-400x400.jpg 400w, https:\/\/galerie-artima.com\/wp-content\/uploads\/2026\/04\/LAURENT-MINGUET-Japan-spirit-Serigraphie-sur-erable-37x75cm-30ex.-2026-500x500.jpg 500w, https:\/\/galerie-artima.com\/wp-content\/uploads\/2026\/04\/LAURENT-MINGUET-Japan-spirit-Serigraphie-sur-erable-37x75cm-30ex.-2026-600x600.jpg 600w, https:\/\/galerie-artima.com\/wp-content\/uploads\/2026\/04\/LAURENT-MINGUET-Japan-spirit-Serigraphie-sur-erable-37x75cm-30ex.-2026-768x768.jpg 768w, https:\/\/galerie-artima.com\/wp-content\/uploads\/2026\/04\/LAURENT-MINGUET-Japan-spirit-Serigraphie-sur-erable-37x75cm-30ex.-2026-800x800.jpg 800w, https:\/\/galerie-artima.com\/wp-content\/uploads\/2026\/04\/LAURENT-MINGUET-Japan-spirit-Serigraphie-sur-erable-37x75cm-30ex.-2026-1024x1024.jpg 1024w, https:\/\/galerie-artima.com\/wp-content\/uploads\/2026\/04\/LAURENT-MINGUET-Japan-spirit-Serigraphie-sur-erable-37x75cm-30ex.-2026.jpg 1200w\" data-sizes=\"auto\" \/><div class=\"fusion-rollover\">\n\t<div class=\"fusion-rollover-content\">\n\n\t\t\t\t\n\t\t\n\t\t\t\t\t\t\t\t\n\t\t\t\t\t\t\t\t\n\t\t\n\t\t\t\t\t\t\t\t\t\t\t\t\t\t\t\n\t\t\t\t\t\t\n\t\t\t\t\t\t\t\t\t\t<div class=\"fusion-product-buttons\">\n\t\t\t\t\t<a href=\"\/en\/wp-json\/wp\/v2\/pages\/6?add-to-cart=7213\" aria-describedby=\"woocommerce_loop_add_to_cart_link_describedby_7213\" data-quantity=\"1\" class=\"button product_type_simple add_to_cart_button ajax_add_to_cart\" data-product_id=\"7213\" data-product_sku=\"\" aria-label=\"Add to cart: &ldquo;Laurent Minguet | Japan spirit&rdquo;\" rel=\"nofollow\">Add to cart<\/a>\t<span id=\"woocommerce_loop_add_to_cart_link_describedby_7213\" class=\"screen-reader-text\">\n\t\t\t<\/span>\n<span class=\"fusion-rollover-linebreak\">\n\t\/<\/span>\n\n<a href=\"https:\/\/galerie-artima.com\/en\/shop\/laurent-minguet-japan-spirit\" class=\"show_details_button\">\n\tDetails<\/a>\n\n\t\t\t\t<\/div>\n\t\t\t\t\t\t\t\t\t<a class=\"fusion-link-wrapper\" href=\"https:\/\/galerie-artima.com\/en\/shop\/laurent-minguet-japan-spirit\" aria-label=\"Laurent Minguet | Japan spirit\"><\/a>\n\t<\/div>\n<\/div>\n<\/div>\n<\/div>\n<div class=\"fusion-product-content\">\n\t<div class=\"product-details\">\n\t\t<div class=\"product-details-container\">\n<h3 class=\"product-title\">\n\t<a href=\"https:\/\/galerie-artima.com\/en\/shop\/laurent-minguet-japan-spirit\">\n\t\tLaurent Minguet | Japan spirit\t<\/a>\n<\/h3>\n<div class=\"fusion-price-rating\">\n\n\t<span class=\"price\"><span class=\"woocommerce-Price-amount amount\"><bdi>850,00<span class=\"woocommerce-Price-currencySymbol\">&euro;<\/span><\/bdi><\/span><\/span>\n\t\t<\/div>\n\t<\/div>\n<\/div>\n\n\t<\/div> \n\n\n<\/div>\n<\/li>\n<li class=\"product type-product post-7223 status-publish first instock product_cat-all product_cat-painting has-post-thumbnail sold-individually shipping-taxable purchasable product-type-simple product-grid-view\">\n\t<div class=\"fusion-product-wrapper\">\n\n<div class=\"fusion-clean-product-image-wrapper \">\n\t<div  class=\"fusion-image-wrapper fusion-image-size-fixed\" aria-haspopup=\"true\">\n\t\t\t\t<img decoding=\"async\" width=\"500\" height=\"500\" src=\"https:\/\/galerie-artima.com\/wp-content\/uploads\/2022\/02\/LAURENT-MINGUET-New-York-5th-avenue-Serigraphie-sur-merisier-90ex-40x77cm-2018-1200x1200-1-500x500.jpg\" class=\"attachment-woocommerce_thumbnail size-woocommerce_thumbnail lazyload wp-post-image\" alt=\"\" srcset=\"data:image\/svg+xml,%3Csvg%20xmlns%3D%27http%3A%2F%2Fwww.w3.org%2F2000%2Fsvg%27%20width%3D%271200%27%20height%3D%271200%27%20viewBox%3D%270%200%201200%201200%27%3E%3Crect%20width%3D%271200%27%20height%3D%271200%27%20fill-opacity%3D%220%22%2F%3E%3C%2Fsvg%3E\" data-orig-src=\"https:\/\/galerie-artima.com\/wp-content\/uploads\/2022\/02\/LAURENT-MINGUET-New-York-5th-avenue-Serigraphie-sur-merisier-90ex-40x77cm-2018-1200x1200-1-500x500.jpg\" data-srcset=\"https:\/\/galerie-artima.com\/wp-content\/uploads\/2022\/02\/LAURENT-MINGUET-New-York-5th-avenue-Serigraphie-sur-merisier-90ex-40x77cm-2018-1200x1200-1-66x66.jpg 66w, https:\/\/galerie-artima.com\/wp-content\/uploads\/2022\/02\/LAURENT-MINGUET-New-York-5th-avenue-Serigraphie-sur-merisier-90ex-40x77cm-2018-1200x1200-1-96x96.jpg 96w, https:\/\/galerie-artima.com\/wp-content\/uploads\/2022\/02\/LAURENT-MINGUET-New-York-5th-avenue-Serigraphie-sur-merisier-90ex-40x77cm-2018-1200x1200-1-150x150.jpg 150w, https:\/\/galerie-artima.com\/wp-content\/uploads\/2022\/02\/LAURENT-MINGUET-New-York-5th-avenue-Serigraphie-sur-merisier-90ex-40x77cm-2018-1200x1200-1-200x200.jpg 200w, https:\/\/galerie-artima.com\/wp-content\/uploads\/2022\/02\/LAURENT-MINGUET-New-York-5th-avenue-Serigraphie-sur-merisier-90ex-40x77cm-2018-1200x1200-1-300x300.jpg 300w, https:\/\/galerie-artima.com\/wp-content\/uploads\/2022\/02\/LAURENT-MINGUET-New-York-5th-avenue-Serigraphie-sur-merisier-90ex-40x77cm-2018-1200x1200-1-400x400.jpg 400w, https:\/\/galerie-artima.com\/wp-content\/uploads\/2022\/02\/LAURENT-MINGUET-New-York-5th-avenue-Serigraphie-sur-merisier-90ex-40x77cm-2018-1200x1200-1-500x500.jpg 500w, https:\/\/galerie-artima.com\/wp-content\/uploads\/2022\/02\/LAURENT-MINGUET-New-York-5th-avenue-Serigraphie-sur-merisier-90ex-40x77cm-2018-1200x1200-1-600x600.jpg 600w, https:\/\/galerie-artima.com\/wp-content\/uploads\/2022\/02\/LAURENT-MINGUET-New-York-5th-avenue-Serigraphie-sur-merisier-90ex-40x77cm-2018-1200x1200-1-768x768.jpg 768w, https:\/\/galerie-artima.com\/wp-content\/uploads\/2022\/02\/LAURENT-MINGUET-New-York-5th-avenue-Serigraphie-sur-merisier-90ex-40x77cm-2018-1200x1200-1-800x800.jpg 800w, https:\/\/galerie-artima.com\/wp-content\/uploads\/2022\/02\/LAURENT-MINGUET-New-York-5th-avenue-Serigraphie-sur-merisier-90ex-40x77cm-2018-1200x1200-1-1024x1024.jpg 1024w, https:\/\/galerie-artima.com\/wp-content\/uploads\/2022\/02\/LAURENT-MINGUET-New-York-5th-avenue-Serigraphie-sur-merisier-90ex-40x77cm-2018-1200x1200-1.jpg 1200w\" data-sizes=\"auto\" \/><div class=\"fusion-rollover\">\n\t<div class=\"fusion-rollover-content\">\n\n\t\t\t\t\n\t\t\n\t\t\t\t\t\t\t\t\n\t\t\t\t\t\t\t\t\n\t\t\n\t\t\t\t\t\t\t\t\t\t\t\t\t\t\t\n\t\t\t\t\t\t\n\t\t\t\t\t\t\t\t\t\t<div class=\"fusion-product-buttons\">\n\t\t\t\t\t<a href=\"\/en\/wp-json\/wp\/v2\/pages\/6?add-to-cart=7223\" aria-describedby=\"woocommerce_loop_add_to_cart_link_describedby_7223\" data-quantity=\"1\" class=\"button product_type_simple add_to_cart_button ajax_add_to_cart\" data-product_id=\"7223\" data-product_sku=\"\" aria-label=\"Add to cart: &ldquo;Laurent Minguet I NYC 5th avenue&rdquo;\" rel=\"nofollow\">Add to cart<\/a>\t<span id=\"woocommerce_loop_add_to_cart_link_describedby_7223\" class=\"screen-reader-text\">\n\t\t\t<\/span>\n<span class=\"fusion-rollover-linebreak\">\n\t\/<\/span>\n\n<a href=\"https:\/\/galerie-artima.com\/en\/shop\/laurent-minguet-nyc-5th-avenue\" class=\"show_details_button\">\n\tDetails<\/a>\n\n\t\t\t\t<\/div>\n\t\t\t\t\t\t\t\t\t<a class=\"fusion-link-wrapper\" href=\"https:\/\/galerie-artima.com\/en\/shop\/laurent-minguet-nyc-5th-avenue\" aria-label=\"Laurent Minguet I NYC 5th avenue\"><\/a>\n\t<\/div>\n<\/div>\n<\/div>\n<\/div>\n<div class=\"fusion-product-content\">\n\t<div class=\"product-details\">\n\t\t<div class=\"product-details-container\">\n<h3 class=\"product-title\">\n\t<a href=\"https:\/\/galerie-artima.com\/en\/shop\/laurent-minguet-nyc-5th-avenue\">\n\t\tLaurent Minguet I NYC 5th avenue\t<\/a>\n<\/h3>\n<div class=\"fusion-price-rating\">\n\n\t<span class=\"price\"><span class=\"woocommerce-Price-amount amount\"><bdi>850,00<span class=\"woocommerce-Price-currencySymbol\">&euro;<\/span><\/bdi><\/span><\/span>\n\t\t<\/div>\n\t<\/div>\n<\/div>\n\n\t<\/div> \n\n\n<\/div>\n<\/li>\n<li class=\"product type-product post-11500 status-publish instock product_cat-all product_cat-painting has-post-thumbnail sold-individually shipping-taxable purchasable product-type-simple product-grid-view\">\n\t<div class=\"fusion-product-wrapper\">\n\n<div class=\"fusion-clean-product-image-wrapper \">\n\t<div  class=\"fusion-image-wrapper fusion-image-size-fixed\" aria-haspopup=\"true\">\n\t\t\t\t<img decoding=\"async\" width=\"500\" height=\"500\" src=\"https:\/\/galerie-artima.com\/wp-content\/uploads\/2023\/05\/LAURENT-MINGUET-Good-Morning-NYC-Serigraphie-sur-erable-60x74cm-30-ex-500x500.jpg\" class=\"attachment-woocommerce_thumbnail size-woocommerce_thumbnail lazyload wp-post-image\" alt=\"\" srcset=\"data:image\/svg+xml,%3Csvg%20xmlns%3D%27http%3A%2F%2Fwww.w3.org%2F2000%2Fsvg%27%20width%3D%271200%27%20height%3D%271200%27%20viewBox%3D%270%200%201200%201200%27%3E%3Crect%20width%3D%271200%27%20height%3D%271200%27%20fill-opacity%3D%220%22%2F%3E%3C%2Fsvg%3E\" data-orig-src=\"https:\/\/galerie-artima.com\/wp-content\/uploads\/2023\/05\/LAURENT-MINGUET-Good-Morning-NYC-Serigraphie-sur-erable-60x74cm-30-ex-500x500.jpg\" data-srcset=\"https:\/\/galerie-artima.com\/wp-content\/uploads\/2023\/05\/LAURENT-MINGUET-Good-Morning-NYC-Serigraphie-sur-erable-60x74cm-30-ex-66x66.jpg 66w, https:\/\/galerie-artima.com\/wp-content\/uploads\/2023\/05\/LAURENT-MINGUET-Good-Morning-NYC-Serigraphie-sur-erable-60x74cm-30-ex-96x96.jpg 96w, https:\/\/galerie-artima.com\/wp-content\/uploads\/2023\/05\/LAURENT-MINGUET-Good-Morning-NYC-Serigraphie-sur-erable-60x74cm-30-ex-150x150.jpg 150w, https:\/\/galerie-artima.com\/wp-content\/uploads\/2023\/05\/LAURENT-MINGUET-Good-Morning-NYC-Serigraphie-sur-erable-60x74cm-30-ex-200x200.jpg 200w, https:\/\/galerie-artima.com\/wp-content\/uploads\/2023\/05\/LAURENT-MINGUET-Good-Morning-NYC-Serigraphie-sur-erable-60x74cm-30-ex-300x300.jpg 300w, https:\/\/galerie-artima.com\/wp-content\/uploads\/2023\/05\/LAURENT-MINGUET-Good-Morning-NYC-Serigraphie-sur-erable-60x74cm-30-ex-400x400.jpg 400w, https:\/\/galerie-artima.com\/wp-content\/uploads\/2023\/05\/LAURENT-MINGUET-Good-Morning-NYC-Serigraphie-sur-erable-60x74cm-30-ex-500x500.jpg 500w, https:\/\/galerie-artima.com\/wp-content\/uploads\/2023\/05\/LAURENT-MINGUET-Good-Morning-NYC-Serigraphie-sur-erable-60x74cm-30-ex-600x600.jpg 600w, https:\/\/galerie-artima.com\/wp-content\/uploads\/2023\/05\/LAURENT-MINGUET-Good-Morning-NYC-Serigraphie-sur-erable-60x74cm-30-ex-768x768.jpg 768w, https:\/\/galerie-artima.com\/wp-content\/uploads\/2023\/05\/LAURENT-MINGUET-Good-Morning-NYC-Serigraphie-sur-erable-60x74cm-30-ex-800x800.jpg 800w, https:\/\/galerie-artima.com\/wp-content\/uploads\/2023\/05\/LAURENT-MINGUET-Good-Morning-NYC-Serigraphie-sur-erable-60x74cm-30-ex-1024x1024.jpg 1024w, https:\/\/galerie-artima.com\/wp-content\/uploads\/2023\/05\/LAURENT-MINGUET-Good-Morning-NYC-Serigraphie-sur-erable-60x74cm-30-ex.jpg 1200w\" data-sizes=\"auto\" \/><div class=\"fusion-rollover\">\n\t<div class=\"fusion-rollover-content\">\n\n\t\t\t\t\n\t\t\n\t\t\t\t\t\t\t\t\n\t\t\t\t\t\t\t\t\n\t\t\n\t\t\t\t\t\t\t\t\t\t\t\t\t\t\t\n\t\t\t\t\t\t\n\t\t\t\t\t\t\t\t\t\t<div class=\"fusion-product-buttons\">\n\t\t\t\t\t<a href=\"\/en\/wp-json\/wp\/v2\/pages\/6?add-to-cart=11500\" aria-describedby=\"woocommerce_loop_add_to_cart_link_describedby_11500\" data-quantity=\"1\" class=\"button product_type_simple add_to_cart_button ajax_add_to_cart\" data-product_id=\"11500\" data-product_sku=\"\" aria-label=\"Add to cart: &ldquo;Laurent Minguet I NYC Good morning&rdquo;\" rel=\"nofollow\">Add to cart<\/a>\t<span id=\"woocommerce_loop_add_to_cart_link_describedby_11500\" class=\"screen-reader-text\">\n\t\t\t<\/span>\n<span class=\"fusion-rollover-linebreak\">\n\t\/<\/span>\n\n<a href=\"https:\/\/galerie-artima.com\/en\/shop\/laurent-minguet-nyc-good-morning\" class=\"show_details_button\">\n\tDetails<\/a>\n\n\t\t\t\t<\/div>\n\t\t\t\t\t\t\t\t\t<a class=\"fusion-link-wrapper\" href=\"https:\/\/galerie-artima.com\/en\/shop\/laurent-minguet-nyc-good-morning\" aria-label=\"Laurent Minguet I NYC Good morning\"><\/a>\n\t<\/div>\n<\/div>\n<\/div>\n<\/div>\n<div class=\"fusion-product-content\">\n\t<div class=\"product-details\">\n\t\t<div class=\"product-details-container\">\n<h3 class=\"product-title\">\n\t<a href=\"https:\/\/galerie-artima.com\/en\/shop\/laurent-minguet-nyc-good-morning\">\n\t\tLaurent Minguet I NYC Good morning\t<\/a>\n<\/h3>\n<div class=\"fusion-price-rating\">\n\n\t<span class=\"price\"><span class=\"woocommerce-Price-amount amount\"><bdi>850,00<span class=\"woocommerce-Price-currencySymbol\">&euro;<\/span><\/bdi><\/span><\/span>\n\t\t<\/div>\n\t<\/div>\n<\/div>\n\n\t<\/div> \n\n\n<\/div>\n<\/li>\n<li class=\"product type-product post-11522 status-publish instock product_cat-all has-post-thumbnail sold-individually shipping-taxable purchasable product-type-simple product-grid-view\">\n\t<div class=\"fusion-product-wrapper\">\n\n<div class=\"fusion-clean-product-image-wrapper \">\n\t<div  class=\"fusion-image-wrapper fusion-image-size-fixed\" aria-haspopup=\"true\">\n\t\t\t\t<img decoding=\"async\" width=\"500\" height=\"500\" src=\"https:\/\/galerie-artima.com\/wp-content\/uploads\/2023\/05\/LAURENT-MINGUET-The-dark-side-of-Miami-77x44cm-Serigraphie-sur-bois-30-ex-2022-500x500.jpg\" class=\"attachment-woocommerce_thumbnail size-woocommerce_thumbnail lazyload wp-post-image\" alt=\"\" srcset=\"data:image\/svg+xml,%3Csvg%20xmlns%3D%27http%3A%2F%2Fwww.w3.org%2F2000%2Fsvg%27%20width%3D%271200%27%20height%3D%271200%27%20viewBox%3D%270%200%201200%201200%27%3E%3Crect%20width%3D%271200%27%20height%3D%271200%27%20fill-opacity%3D%220%22%2F%3E%3C%2Fsvg%3E\" data-orig-src=\"https:\/\/galerie-artima.com\/wp-content\/uploads\/2023\/05\/LAURENT-MINGUET-The-dark-side-of-Miami-77x44cm-Serigraphie-sur-bois-30-ex-2022-500x500.jpg\" data-srcset=\"https:\/\/galerie-artima.com\/wp-content\/uploads\/2023\/05\/LAURENT-MINGUET-The-dark-side-of-Miami-77x44cm-Serigraphie-sur-bois-30-ex-2022-66x66.jpg 66w, https:\/\/galerie-artima.com\/wp-content\/uploads\/2023\/05\/LAURENT-MINGUET-The-dark-side-of-Miami-77x44cm-Serigraphie-sur-bois-30-ex-2022-96x96.jpg 96w, https:\/\/galerie-artima.com\/wp-content\/uploads\/2023\/05\/LAURENT-MINGUET-The-dark-side-of-Miami-77x44cm-Serigraphie-sur-bois-30-ex-2022-150x150.jpg 150w, https:\/\/galerie-artima.com\/wp-content\/uploads\/2023\/05\/LAURENT-MINGUET-The-dark-side-of-Miami-77x44cm-Serigraphie-sur-bois-30-ex-2022-200x200.jpg 200w, https:\/\/galerie-artima.com\/wp-content\/uploads\/2023\/05\/LAURENT-MINGUET-The-dark-side-of-Miami-77x44cm-Serigraphie-sur-bois-30-ex-2022-300x300.jpg 300w, https:\/\/galerie-artima.com\/wp-content\/uploads\/2023\/05\/LAURENT-MINGUET-The-dark-side-of-Miami-77x44cm-Serigraphie-sur-bois-30-ex-2022-400x400.jpg 400w, https:\/\/galerie-artima.com\/wp-content\/uploads\/2023\/05\/LAURENT-MINGUET-The-dark-side-of-Miami-77x44cm-Serigraphie-sur-bois-30-ex-2022-500x500.jpg 500w, https:\/\/galerie-artima.com\/wp-content\/uploads\/2023\/05\/LAURENT-MINGUET-The-dark-side-of-Miami-77x44cm-Serigraphie-sur-bois-30-ex-2022-600x600.jpg 600w, https:\/\/galerie-artima.com\/wp-content\/uploads\/2023\/05\/LAURENT-MINGUET-The-dark-side-of-Miami-77x44cm-Serigraphie-sur-bois-30-ex-2022-768x768.jpg 768w, https:\/\/galerie-artima.com\/wp-content\/uploads\/2023\/05\/LAURENT-MINGUET-The-dark-side-of-Miami-77x44cm-Serigraphie-sur-bois-30-ex-2022-800x800.jpg 800w, https:\/\/galerie-artima.com\/wp-content\/uploads\/2023\/05\/LAURENT-MINGUET-The-dark-side-of-Miami-77x44cm-Serigraphie-sur-bois-30-ex-2022-1024x1024.jpg 1024w, https:\/\/galerie-artima.com\/wp-content\/uploads\/2023\/05\/LAURENT-MINGUET-The-dark-side-of-Miami-77x44cm-Serigraphie-sur-bois-30-ex-2022.jpg 1200w\" data-sizes=\"auto\" \/><div class=\"fusion-rollover\">\n\t<div class=\"fusion-rollover-content\">\n\n\t\t\t\t\n\t\t\n\t\t\t\t\t\t\t\t\n\t\t\t\t\t\t\t\t\n\t\t\n\t\t\t\t\t\t\t\t\t\t\t\t\t\t\t\n\t\t\t\t\t\t\n\t\t\t\t\t\t\t\t\t\t<div class=\"fusion-product-buttons\">\n\t\t\t\t\t<a href=\"\/en\/wp-json\/wp\/v2\/pages\/6?add-to-cart=11522\" aria-describedby=\"woocommerce_loop_add_to_cart_link_describedby_11522\" data-quantity=\"1\" class=\"button product_type_simple add_to_cart_button ajax_add_to_cart\" data-product_id=\"11522\" data-product_sku=\"\" aria-label=\"Add to cart: &ldquo;Laurent Minguet I The dark side of Miami&rdquo;\" rel=\"nofollow\">Add to cart<\/a>\t<span id=\"woocommerce_loop_add_to_cart_link_describedby_11522\" class=\"screen-reader-text\">\n\t\t\t<\/span>\n<span class=\"fusion-rollover-linebreak\">\n\t\/<\/span>\n\n<a href=\"https:\/\/galerie-artima.com\/en\/shop\/laurent-minguet-the-dark-side-of-miami\" class=\"show_details_button\">\n\tDetails<\/a>\n\n\t\t\t\t<\/div>\n\t\t\t\t\t\t\t\t\t<a class=\"fusion-link-wrapper\" href=\"https:\/\/galerie-artima.com\/en\/shop\/laurent-minguet-the-dark-side-of-miami\" aria-label=\"Laurent Minguet I The dark side of Miami\"><\/a>\n\t<\/div>\n<\/div>\n<\/div>\n<\/div>\n<div class=\"fusion-product-content\">\n\t<div class=\"product-details\">\n\t\t<div class=\"product-details-container\">\n<h3 class=\"product-title\">\n\t<a href=\"https:\/\/galerie-artima.com\/en\/shop\/laurent-minguet-the-dark-side-of-miami\">\n\t\tLaurent Minguet I The dark side of Miami\t<\/a>\n<\/h3>\n<div class=\"fusion-price-rating\">\n\n\t<span class=\"price\"><span class=\"woocommerce-Price-amount amount\"><bdi>850,00<span class=\"woocommerce-Price-currencySymbol\">&euro;<\/span><\/bdi><\/span><\/span>\n\t\t<\/div>\n\t<\/div>\n<\/div>\n\n\t<\/div> \n\n\n<\/div>\n<\/li>\n<li class=\"product type-product post-12321 status-publish last instock product_cat-all product_cat-photograph has-post-thumbnail sold-individually shipping-taxable purchasable product-type-simple product-grid-view\">\n\t<div class=\"fusion-product-wrapper\">\n\n<div class=\"fusion-clean-product-image-wrapper \">\n\t<div  class=\"fusion-image-wrapper fusion-image-size-fixed\" aria-haspopup=\"true\">\n\t\t\t\t<img decoding=\"async\" width=\"500\" height=\"500\" src=\"https:\/\/galerie-artima.com\/wp-content\/uploads\/2022\/05\/MARC-HARROLD-Beach-31-65x145cm-2-500x500.jpg\" class=\"attachment-woocommerce_thumbnail size-woocommerce_thumbnail lazyload wp-post-image\" alt=\"\" srcset=\"data:image\/svg+xml,%3Csvg%20xmlns%3D%27http%3A%2F%2Fwww.w3.org%2F2000%2Fsvg%27%20width%3D%271200%27%20height%3D%271200%27%20viewBox%3D%270%200%201200%201200%27%3E%3Crect%20width%3D%271200%27%20height%3D%271200%27%20fill-opacity%3D%220%22%2F%3E%3C%2Fsvg%3E\" data-orig-src=\"https:\/\/galerie-artima.com\/wp-content\/uploads\/2022\/05\/MARC-HARROLD-Beach-31-65x145cm-2-500x500.jpg\" data-srcset=\"https:\/\/galerie-artima.com\/wp-content\/uploads\/2022\/05\/MARC-HARROLD-Beach-31-65x145cm-2-66x66.jpg 66w, https:\/\/galerie-artima.com\/wp-content\/uploads\/2022\/05\/MARC-HARROLD-Beach-31-65x145cm-2-96x96.jpg 96w, https:\/\/galerie-artima.com\/wp-content\/uploads\/2022\/05\/MARC-HARROLD-Beach-31-65x145cm-2-150x150.jpg 150w, https:\/\/galerie-artima.com\/wp-content\/uploads\/2022\/05\/MARC-HARROLD-Beach-31-65x145cm-2-200x200.jpg 200w, https:\/\/galerie-artima.com\/wp-content\/uploads\/2022\/05\/MARC-HARROLD-Beach-31-65x145cm-2-300x300.jpg 300w, https:\/\/galerie-artima.com\/wp-content\/uploads\/2022\/05\/MARC-HARROLD-Beach-31-65x145cm-2-400x400.jpg 400w, https:\/\/galerie-artima.com\/wp-content\/uploads\/2022\/05\/MARC-HARROLD-Beach-31-65x145cm-2-500x500.jpg 500w, https:\/\/galerie-artima.com\/wp-content\/uploads\/2022\/05\/MARC-HARROLD-Beach-31-65x145cm-2-600x600.jpg 600w, https:\/\/galerie-artima.com\/wp-content\/uploads\/2022\/05\/MARC-HARROLD-Beach-31-65x145cm-2-768x768.jpg 768w, https:\/\/galerie-artima.com\/wp-content\/uploads\/2022\/05\/MARC-HARROLD-Beach-31-65x145cm-2-800x800.jpg 800w, https:\/\/galerie-artima.com\/wp-content\/uploads\/2022\/05\/MARC-HARROLD-Beach-31-65x145cm-2-1024x1024.jpg 1024w, https:\/\/galerie-artima.com\/wp-content\/uploads\/2022\/05\/MARC-HARROLD-Beach-31-65x145cm-2.jpg 1200w\" data-sizes=\"auto\" \/><div class=\"fusion-rollover\">\n\t<div class=\"fusion-rollover-content\">\n\n\t\t\t\t\n\t\t\n\t\t\t\t\t\t\t\t\n\t\t\t\t\t\t\t\t\n\t\t\n\t\t\t\t\t\t\t\t\t\t\t\t\t\t\t\n\t\t\t\t\t\t\n\t\t\t\t\t\t\t\t\t\t<div class=\"fusion-product-buttons\">\n\t\t\t\t\t<a href=\"\/en\/wp-json\/wp\/v2\/pages\/6?add-to-cart=12321\" aria-describedby=\"woocommerce_loop_add_to_cart_link_describedby_12321\" data-quantity=\"1\" class=\"button product_type_simple add_to_cart_button ajax_add_to_cart\" data-product_id=\"12321\" data-product_sku=\"\" aria-label=\"Add to cart: &ldquo;Marc Harrold I Beach #31&rdquo;\" rel=\"nofollow\">Add to cart<\/a>\t<span id=\"woocommerce_loop_add_to_cart_link_describedby_12321\" class=\"screen-reader-text\">\n\t\t\t<\/span>\n<span class=\"fusion-rollover-linebreak\">\n\t\/<\/span>\n\n<a href=\"https:\/\/galerie-artima.com\/en\/shop\/marc-harrold-beach-31\" class=\"show_details_button\">\n\tDetails<\/a>\n\n\t\t\t\t<\/div>\n\t\t\t\t\t\t\t\t\t<a class=\"fusion-link-wrapper\" href=\"https:\/\/galerie-artima.com\/en\/shop\/marc-harrold-beach-31\" aria-label=\"Marc Harrold I Beach #31\"><\/a>\n\t<\/div>\n<\/div>\n<\/div>\n<\/div>\n<div class=\"fusion-product-content\">\n\t<div class=\"product-details\">\n\t\t<div class=\"product-details-container\">\n<h3 class=\"product-title\">\n\t<a href=\"https:\/\/galerie-artima.com\/en\/shop\/marc-harrold-beach-31\">\n\t\tMarc Harrold I Beach #31\t<\/a>\n<\/h3>\n<div class=\"fusion-price-rating\">\n\n\t<span class=\"price\"><span class=\"woocommerce-Price-amount amount\"><bdi>4500,00<span class=\"woocommerce-Price-currencySymbol\">&euro;<\/span><\/bdi><\/span><\/span>\n\t\t<\/div>\n\t<\/div>\n<\/div>\n\n\t<\/div> \n\n\n<\/div>\n<\/li>\n<li class=\"product type-product post-12327 status-publish first instock product_cat-all product_cat-photograph has-post-thumbnail sold-individually shipping-taxable purchasable product-type-simple product-grid-view\">\n\t<div class=\"fusion-product-wrapper\">\n\n<div class=\"fusion-clean-product-image-wrapper \">\n\t<div  class=\"fusion-image-wrapper fusion-image-size-fixed\" aria-haspopup=\"true\">\n\t\t\t\t<img decoding=\"async\" width=\"500\" height=\"500\" src=\"https:\/\/galerie-artima.com\/wp-content\/uploads\/2023\/08\/MARC-HARROLD-Brooklyn-Bridge-500x500.jpg\" class=\"attachment-woocommerce_thumbnail size-woocommerce_thumbnail lazyload wp-post-image\" alt=\"\" srcset=\"data:image\/svg+xml,%3Csvg%20xmlns%3D%27http%3A%2F%2Fwww.w3.org%2F2000%2Fsvg%27%20width%3D%271200%27%20height%3D%271200%27%20viewBox%3D%270%200%201200%201200%27%3E%3Crect%20width%3D%271200%27%20height%3D%271200%27%20fill-opacity%3D%220%22%2F%3E%3C%2Fsvg%3E\" data-orig-src=\"https:\/\/galerie-artima.com\/wp-content\/uploads\/2023\/08\/MARC-HARROLD-Brooklyn-Bridge-500x500.jpg\" data-srcset=\"https:\/\/galerie-artima.com\/wp-content\/uploads\/2023\/08\/MARC-HARROLD-Brooklyn-Bridge-66x66.jpg 66w, https:\/\/galerie-artima.com\/wp-content\/uploads\/2023\/08\/MARC-HARROLD-Brooklyn-Bridge-96x96.jpg 96w, https:\/\/galerie-artima.com\/wp-content\/uploads\/2023\/08\/MARC-HARROLD-Brooklyn-Bridge-150x150.jpg 150w, https:\/\/galerie-artima.com\/wp-content\/uploads\/2023\/08\/MARC-HARROLD-Brooklyn-Bridge-200x200.jpg 200w, https:\/\/galerie-artima.com\/wp-content\/uploads\/2023\/08\/MARC-HARROLD-Brooklyn-Bridge-300x300.jpg 300w, https:\/\/galerie-artima.com\/wp-content\/uploads\/2023\/08\/MARC-HARROLD-Brooklyn-Bridge-400x400.jpg 400w, https:\/\/galerie-artima.com\/wp-content\/uploads\/2023\/08\/MARC-HARROLD-Brooklyn-Bridge-500x500.jpg 500w, https:\/\/galerie-artima.com\/wp-content\/uploads\/2023\/08\/MARC-HARROLD-Brooklyn-Bridge-600x600.jpg 600w, https:\/\/galerie-artima.com\/wp-content\/uploads\/2023\/08\/MARC-HARROLD-Brooklyn-Bridge-768x768.jpg 768w, https:\/\/galerie-artima.com\/wp-content\/uploads\/2023\/08\/MARC-HARROLD-Brooklyn-Bridge-800x800.jpg 800w, https:\/\/galerie-artima.com\/wp-content\/uploads\/2023\/08\/MARC-HARROLD-Brooklyn-Bridge-1024x1024.jpg 1024w, https:\/\/galerie-artima.com\/wp-content\/uploads\/2023\/08\/MARC-HARROLD-Brooklyn-Bridge.jpg 1200w\" data-sizes=\"auto\" \/><div class=\"fusion-rollover\">\n\t<div class=\"fusion-rollover-content\">\n\n\t\t\t\t\n\t\t\n\t\t\t\t\t\t\t\t\n\t\t\t\t\t\t\t\t\n\t\t\n\t\t\t\t\t\t\t\t\t\t\t\t\t\t\t\n\t\t\t\t\t\t\n\t\t\t\t\t\t\t\t\t\t<div class=\"fusion-product-buttons\">\n\t\t\t\t\t<a href=\"\/en\/wp-json\/wp\/v2\/pages\/6?add-to-cart=12327\" aria-describedby=\"woocommerce_loop_add_to_cart_link_describedby_12327\" data-quantity=\"1\" class=\"button product_type_simple add_to_cart_button ajax_add_to_cart\" data-product_id=\"12327\" data-product_sku=\"\" aria-label=\"Add to cart: &ldquo;Marc Harrold I Brooklyn bridge&rdquo;\" rel=\"nofollow\">Add to cart<\/a>\t<span id=\"woocommerce_loop_add_to_cart_link_describedby_12327\" class=\"screen-reader-text\">\n\t\t\t<\/span>\n<span class=\"fusion-rollover-linebreak\">\n\t\/<\/span>\n\n<a href=\"https:\/\/galerie-artima.com\/en\/shop\/marc-harrold-brooklyn-bridge\" class=\"show_details_button\">\n\tDetails<\/a>\n\n\t\t\t\t<\/div>\n\t\t\t\t\t\t\t\t\t<a class=\"fusion-link-wrapper\" href=\"https:\/\/galerie-artima.com\/en\/shop\/marc-harrold-brooklyn-bridge\" aria-label=\"Marc Harrold I Brooklyn bridge\"><\/a>\n\t<\/div>\n<\/div>\n<\/div>\n<\/div>\n<div class=\"fusion-product-content\">\n\t<div class=\"product-details\">\n\t\t<div class=\"product-details-container\">\n<h3 class=\"product-title\">\n\t<a href=\"https:\/\/galerie-artima.com\/en\/shop\/marc-harrold-brooklyn-bridge\">\n\t\tMarc Harrold I Brooklyn bridge\t<\/a>\n<\/h3>\n<div class=\"fusion-price-rating\">\n\n\t<span class=\"price\"><span class=\"woocommerce-Price-amount amount\"><bdi>6000,00<span class=\"woocommerce-Price-currencySymbol\">&euro;<\/span><\/bdi><\/span><\/span>\n\t\t<\/div>\n\t<\/div>\n<\/div>\n\n\t<\/div> \n\n\n<\/div>\n<\/li>\n<li class=\"product type-product post-4015 status-publish instock product_cat-all product_cat-sculpture-en has-post-thumbnail sold-individually shipping-taxable purchasable product-type-simple product-grid-view\">\n\t<div class=\"fusion-product-wrapper\">\n\n<div class=\"fusion-clean-product-image-wrapper \">\n\t<div  class=\"fusion-image-wrapper fusion-image-size-fixed\" aria-haspopup=\"true\">\n\t\t\t\t<img decoding=\"async\" width=\"500\" height=\"500\" src=\"https:\/\/galerie-artima.com\/wp-content\/uploads\/2022\/02\/MARCUS-EGLI-Hominium-1-piece-unique-en-aluminium-sculpte-14x4x2cm-1200x1200-1-500x500.jpg\" class=\"attachment-woocommerce_thumbnail size-woocommerce_thumbnail lazyload wp-post-image\" alt=\"\" srcset=\"data:image\/svg+xml,%3Csvg%20xmlns%3D%27http%3A%2F%2Fwww.w3.org%2F2000%2Fsvg%27%20width%3D%271200%27%20height%3D%271200%27%20viewBox%3D%270%200%201200%201200%27%3E%3Crect%20width%3D%271200%27%20height%3D%271200%27%20fill-opacity%3D%220%22%2F%3E%3C%2Fsvg%3E\" data-orig-src=\"https:\/\/galerie-artima.com\/wp-content\/uploads\/2022\/02\/MARCUS-EGLI-Hominium-1-piece-unique-en-aluminium-sculpte-14x4x2cm-1200x1200-1-500x500.jpg\" data-srcset=\"https:\/\/galerie-artima.com\/wp-content\/uploads\/2022\/02\/MARCUS-EGLI-Hominium-1-piece-unique-en-aluminium-sculpte-14x4x2cm-1200x1200-1-66x66.jpg 66w, https:\/\/galerie-artima.com\/wp-content\/uploads\/2022\/02\/MARCUS-EGLI-Hominium-1-piece-unique-en-aluminium-sculpte-14x4x2cm-1200x1200-1-96x96.jpg 96w, https:\/\/galerie-artima.com\/wp-content\/uploads\/2022\/02\/MARCUS-EGLI-Hominium-1-piece-unique-en-aluminium-sculpte-14x4x2cm-1200x1200-1-150x150.jpg 150w, https:\/\/galerie-artima.com\/wp-content\/uploads\/2022\/02\/MARCUS-EGLI-Hominium-1-piece-unique-en-aluminium-sculpte-14x4x2cm-1200x1200-1-200x200.jpg 200w, https:\/\/galerie-artima.com\/wp-content\/uploads\/2022\/02\/MARCUS-EGLI-Hominium-1-piece-unique-en-aluminium-sculpte-14x4x2cm-1200x1200-1-300x300.jpg 300w, https:\/\/galerie-artima.com\/wp-content\/uploads\/2022\/02\/MARCUS-EGLI-Hominium-1-piece-unique-en-aluminium-sculpte-14x4x2cm-1200x1200-1-400x400.jpg 400w, https:\/\/galerie-artima.com\/wp-content\/uploads\/2022\/02\/MARCUS-EGLI-Hominium-1-piece-unique-en-aluminium-sculpte-14x4x2cm-1200x1200-1-500x500.jpg 500w, https:\/\/galerie-artima.com\/wp-content\/uploads\/2022\/02\/MARCUS-EGLI-Hominium-1-piece-unique-en-aluminium-sculpte-14x4x2cm-1200x1200-1-600x600.jpg 600w, https:\/\/galerie-artima.com\/wp-content\/uploads\/2022\/02\/MARCUS-EGLI-Hominium-1-piece-unique-en-aluminium-sculpte-14x4x2cm-1200x1200-1-768x768.jpg 768w, https:\/\/galerie-artima.com\/wp-content\/uploads\/2022\/02\/MARCUS-EGLI-Hominium-1-piece-unique-en-aluminium-sculpte-14x4x2cm-1200x1200-1-800x800.jpg 800w, https:\/\/galerie-artima.com\/wp-content\/uploads\/2022\/02\/MARCUS-EGLI-Hominium-1-piece-unique-en-aluminium-sculpte-14x4x2cm-1200x1200-1-1024x1024.jpg 1024w, https:\/\/galerie-artima.com\/wp-content\/uploads\/2022\/02\/MARCUS-EGLI-Hominium-1-piece-unique-en-aluminium-sculpte-14x4x2cm-1200x1200-1.jpg 1200w\" data-sizes=\"auto\" \/><div class=\"fusion-rollover\">\n\t<div class=\"fusion-rollover-content\">\n\n\t\t\t\t\n\t\t\n\t\t\t\t\t\t\t\t\n\t\t\t\t\t\t\t\t\n\t\t\n\t\t\t\t\t\t\t\t\t\t\t\t\t\t\t\n\t\t\t\t\t\t\n\t\t\t\t\t\t\t\t\t\t<div class=\"fusion-product-buttons\">\n\t\t\t\t\t<a href=\"\/en\/wp-json\/wp\/v2\/pages\/6?add-to-cart=4015\" aria-describedby=\"woocommerce_loop_add_to_cart_link_describedby_4015\" data-quantity=\"1\" class=\"button product_type_simple add_to_cart_button ajax_add_to_cart\" data-product_id=\"4015\" data-product_sku=\"\" aria-label=\"Add to cart: &ldquo;Marcus Egli | Hominium&rdquo;\" rel=\"nofollow\">Add to cart<\/a>\t<span id=\"woocommerce_loop_add_to_cart_link_describedby_4015\" class=\"screen-reader-text\">\n\t\t\t<\/span>\n<span class=\"fusion-rollover-linebreak\">\n\t\/<\/span>\n\n<a href=\"https:\/\/galerie-artima.com\/en\/shop\/marcus-egli-hominium__trashed\" class=\"show_details_button\">\n\tDetails<\/a>\n\n\t\t\t\t<\/div>\n\t\t\t\t\t\t\t\t\t<a class=\"fusion-link-wrapper\" href=\"https:\/\/galerie-artima.com\/en\/shop\/marcus-egli-hominium__trashed\" aria-label=\"Marcus Egli | Hominium\"><\/a>\n\t<\/div>\n<\/div>\n<\/div>\n<\/div>\n<div class=\"fusion-product-content\">\n\t<div class=\"product-details\">\n\t\t<div class=\"product-details-container\">\n<h3 class=\"product-title\">\n\t<a href=\"https:\/\/galerie-artima.com\/en\/shop\/marcus-egli-hominium__trashed\">\n\t\tMarcus Egli | Hominium\t<\/a>\n<\/h3>\n<div class=\"fusion-price-rating\">\n\n\t<span class=\"price\"><span class=\"woocommerce-Price-amount amount\"><bdi>225,00<span class=\"woocommerce-Price-currencySymbol\">&euro;<\/span><\/bdi><\/span><\/span>\n\t\t<\/div>\n\t<\/div>\n<\/div>\n\n\t<\/div> \n\n\n<\/div>\n<\/li>\n<li class=\"product type-product post-4019 status-publish instock product_cat-all product_cat-sculpture-en has-post-thumbnail sold-individually shipping-taxable purchasable product-type-simple product-grid-view\">\n\t<div class=\"fusion-product-wrapper\">\n\n<div class=\"fusion-clean-product-image-wrapper \">\n\t<div  class=\"fusion-image-wrapper fusion-image-size-fixed\" aria-haspopup=\"true\">\n\t\t\t\t<img decoding=\"async\" width=\"500\" height=\"500\" src=\"https:\/\/galerie-artima.com\/wp-content\/uploads\/2022\/02\/MARCUS-EGLI-Hominium-groupe-de-2-Piece-unique-en-aluminium-sculpte-1200x1200-1-500x500.jpg\" class=\"attachment-woocommerce_thumbnail size-woocommerce_thumbnail lazyload wp-post-image\" alt=\"\" srcset=\"data:image\/svg+xml,%3Csvg%20xmlns%3D%27http%3A%2F%2Fwww.w3.org%2F2000%2Fsvg%27%20width%3D%271200%27%20height%3D%271200%27%20viewBox%3D%270%200%201200%201200%27%3E%3Crect%20width%3D%271200%27%20height%3D%271200%27%20fill-opacity%3D%220%22%2F%3E%3C%2Fsvg%3E\" data-orig-src=\"https:\/\/galerie-artima.com\/wp-content\/uploads\/2022\/02\/MARCUS-EGLI-Hominium-groupe-de-2-Piece-unique-en-aluminium-sculpte-1200x1200-1-500x500.jpg\" data-srcset=\"https:\/\/galerie-artima.com\/wp-content\/uploads\/2022\/02\/MARCUS-EGLI-Hominium-groupe-de-2-Piece-unique-en-aluminium-sculpte-1200x1200-1-66x66.jpg 66w, https:\/\/galerie-artima.com\/wp-content\/uploads\/2022\/02\/MARCUS-EGLI-Hominium-groupe-de-2-Piece-unique-en-aluminium-sculpte-1200x1200-1-96x96.jpg 96w, https:\/\/galerie-artima.com\/wp-content\/uploads\/2022\/02\/MARCUS-EGLI-Hominium-groupe-de-2-Piece-unique-en-aluminium-sculpte-1200x1200-1-150x150.jpg 150w, https:\/\/galerie-artima.com\/wp-content\/uploads\/2022\/02\/MARCUS-EGLI-Hominium-groupe-de-2-Piece-unique-en-aluminium-sculpte-1200x1200-1-200x200.jpg 200w, https:\/\/galerie-artima.com\/wp-content\/uploads\/2022\/02\/MARCUS-EGLI-Hominium-groupe-de-2-Piece-unique-en-aluminium-sculpte-1200x1200-1-300x300.jpg 300w, https:\/\/galerie-artima.com\/wp-content\/uploads\/2022\/02\/MARCUS-EGLI-Hominium-groupe-de-2-Piece-unique-en-aluminium-sculpte-1200x1200-1-400x400.jpg 400w, https:\/\/galerie-artima.com\/wp-content\/uploads\/2022\/02\/MARCUS-EGLI-Hominium-groupe-de-2-Piece-unique-en-aluminium-sculpte-1200x1200-1-500x500.jpg 500w, https:\/\/galerie-artima.com\/wp-content\/uploads\/2022\/02\/MARCUS-EGLI-Hominium-groupe-de-2-Piece-unique-en-aluminium-sculpte-1200x1200-1-600x600.jpg 600w, https:\/\/galerie-artima.com\/wp-content\/uploads\/2022\/02\/MARCUS-EGLI-Hominium-groupe-de-2-Piece-unique-en-aluminium-sculpte-1200x1200-1-768x768.jpg 768w, https:\/\/galerie-artima.com\/wp-content\/uploads\/2022\/02\/MARCUS-EGLI-Hominium-groupe-de-2-Piece-unique-en-aluminium-sculpte-1200x1200-1-800x800.jpg 800w, https:\/\/galerie-artima.com\/wp-content\/uploads\/2022\/02\/MARCUS-EGLI-Hominium-groupe-de-2-Piece-unique-en-aluminium-sculpte-1200x1200-1-1024x1024.jpg 1024w, https:\/\/galerie-artima.com\/wp-content\/uploads\/2022\/02\/MARCUS-EGLI-Hominium-groupe-de-2-Piece-unique-en-aluminium-sculpte-1200x1200-1.jpg 1200w\" data-sizes=\"auto\" \/><div class=\"fusion-rollover\">\n\t<div class=\"fusion-rollover-content\">\n\n\t\t\t\t\n\t\t\n\t\t\t\t\t\t\t\t\n\t\t\t\t\t\t\t\t\n\t\t\n\t\t\t\t\t\t\t\t\t\t\t\t\t\t\t\n\t\t\t\t\t\t\n\t\t\t\t\t\t\t\t\t\t<div class=\"fusion-product-buttons\">\n\t\t\t\t\t<a href=\"\/en\/wp-json\/wp\/v2\/pages\/6?add-to-cart=4019\" aria-describedby=\"woocommerce_loop_add_to_cart_link_describedby_4019\" data-quantity=\"1\" class=\"button product_type_simple add_to_cart_button ajax_add_to_cart\" data-product_id=\"4019\" data-product_sku=\"\" aria-label=\"Add to cart: &ldquo;Marcus Egli | Hominium Group of  2&rdquo;\" rel=\"nofollow\">Add to cart<\/a>\t<span id=\"woocommerce_loop_add_to_cart_link_describedby_4019\" class=\"screen-reader-text\">\n\t\t\t<\/span>\n<span class=\"fusion-rollover-linebreak\">\n\t\/<\/span>\n\n<a href=\"https:\/\/galerie-artima.com\/en\/shop\/marcus-egli-hominium-group-of-2\" class=\"show_details_button\">\n\tDetails<\/a>\n\n\t\t\t\t<\/div>\n\t\t\t\t\t\t\t\t\t<a class=\"fusion-link-wrapper\" href=\"https:\/\/galerie-artima.com\/en\/shop\/marcus-egli-hominium-group-of-2\" aria-label=\"Marcus Egli | Hominium Group of  2\"><\/a>\n\t<\/div>\n<\/div>\n<\/div>\n<\/div>\n<div class=\"fusion-product-content\">\n\t<div class=\"product-details\">\n\t\t<div class=\"product-details-container\">\n<h3 class=\"product-title\">\n\t<a href=\"https:\/\/galerie-artima.com\/en\/shop\/marcus-egli-hominium-group-of-2\">\n\t\tMarcus Egli | Hominium Group of  2\t<\/a>\n<\/h3>\n<div class=\"fusion-price-rating\">\n\n\t<span class=\"price\"><span class=\"woocommerce-Price-amount amount\"><bdi>450,00<span class=\"woocommerce-Price-currencySymbol\">&euro;<\/span><\/bdi><\/span><\/span>\n\t\t<\/div>\n\t<\/div>\n<\/div>\n\n\t<\/div> \n\n\n<\/div>\n<\/li>\n<li class=\"product type-product post-4021 status-publish last instock product_cat-all product_cat-sculpture-en has-post-thumbnail sold-individually shipping-taxable purchasable product-type-simple product-grid-view\">\n\t<div class=\"fusion-product-wrapper\">\n\n<div class=\"fusion-clean-product-image-wrapper \">\n\t<div  class=\"fusion-image-wrapper fusion-image-size-fixed\" aria-haspopup=\"true\">\n\t\t\t\t<img decoding=\"async\" width=\"500\" height=\"500\" src=\"https:\/\/galerie-artima.com\/wp-content\/uploads\/2022\/02\/MARCUS-EGLI-Hominium-groupe-de-3-Piece-unique-en-aluminium-sculpte-1200x1200-1-500x500.jpg\" class=\"attachment-woocommerce_thumbnail size-woocommerce_thumbnail lazyload wp-post-image\" alt=\"\" srcset=\"data:image\/svg+xml,%3Csvg%20xmlns%3D%27http%3A%2F%2Fwww.w3.org%2F2000%2Fsvg%27%20width%3D%271200%27%20height%3D%271200%27%20viewBox%3D%270%200%201200%201200%27%3E%3Crect%20width%3D%271200%27%20height%3D%271200%27%20fill-opacity%3D%220%22%2F%3E%3C%2Fsvg%3E\" data-orig-src=\"https:\/\/galerie-artima.com\/wp-content\/uploads\/2022\/02\/MARCUS-EGLI-Hominium-groupe-de-3-Piece-unique-en-aluminium-sculpte-1200x1200-1-500x500.jpg\" data-srcset=\"https:\/\/galerie-artima.com\/wp-content\/uploads\/2022\/02\/MARCUS-EGLI-Hominium-groupe-de-3-Piece-unique-en-aluminium-sculpte-1200x1200-1-66x66.jpg 66w, https:\/\/galerie-artima.com\/wp-content\/uploads\/2022\/02\/MARCUS-EGLI-Hominium-groupe-de-3-Piece-unique-en-aluminium-sculpte-1200x1200-1-96x96.jpg 96w, https:\/\/galerie-artima.com\/wp-content\/uploads\/2022\/02\/MARCUS-EGLI-Hominium-groupe-de-3-Piece-unique-en-aluminium-sculpte-1200x1200-1-150x150.jpg 150w, https:\/\/galerie-artima.com\/wp-content\/uploads\/2022\/02\/MARCUS-EGLI-Hominium-groupe-de-3-Piece-unique-en-aluminium-sculpte-1200x1200-1-200x200.jpg 200w, https:\/\/galerie-artima.com\/wp-content\/uploads\/2022\/02\/MARCUS-EGLI-Hominium-groupe-de-3-Piece-unique-en-aluminium-sculpte-1200x1200-1-300x300.jpg 300w, https:\/\/galerie-artima.com\/wp-content\/uploads\/2022\/02\/MARCUS-EGLI-Hominium-groupe-de-3-Piece-unique-en-aluminium-sculpte-1200x1200-1-400x400.jpg 400w, https:\/\/galerie-artima.com\/wp-content\/uploads\/2022\/02\/MARCUS-EGLI-Hominium-groupe-de-3-Piece-unique-en-aluminium-sculpte-1200x1200-1-500x500.jpg 500w, https:\/\/galerie-artima.com\/wp-content\/uploads\/2022\/02\/MARCUS-EGLI-Hominium-groupe-de-3-Piece-unique-en-aluminium-sculpte-1200x1200-1-600x600.jpg 600w, https:\/\/galerie-artima.com\/wp-content\/uploads\/2022\/02\/MARCUS-EGLI-Hominium-groupe-de-3-Piece-unique-en-aluminium-sculpte-1200x1200-1-768x768.jpg 768w, https:\/\/galerie-artima.com\/wp-content\/uploads\/2022\/02\/MARCUS-EGLI-Hominium-groupe-de-3-Piece-unique-en-aluminium-sculpte-1200x1200-1-800x800.jpg 800w, https:\/\/galerie-artima.com\/wp-content\/uploads\/2022\/02\/MARCUS-EGLI-Hominium-groupe-de-3-Piece-unique-en-aluminium-sculpte-1200x1200-1-1024x1024.jpg 1024w, https:\/\/galerie-artima.com\/wp-content\/uploads\/2022\/02\/MARCUS-EGLI-Hominium-groupe-de-3-Piece-unique-en-aluminium-sculpte-1200x1200-1.jpg 1200w\" data-sizes=\"auto\" \/><div class=\"fusion-rollover\">\n\t<div class=\"fusion-rollover-content\">\n\n\t\t\t\t\n\t\t\n\t\t\t\t\t\t\t\t\n\t\t\t\t\t\t\t\t\n\t\t\n\t\t\t\t\t\t\t\t\t\t\t\t\t\t\t\n\t\t\t\t\t\t\n\t\t\t\t\t\t\t\t\t\t<div class=\"fusion-product-buttons\">\n\t\t\t\t\t<a href=\"\/en\/wp-json\/wp\/v2\/pages\/6?add-to-cart=4021\" aria-describedby=\"woocommerce_loop_add_to_cart_link_describedby_4021\" data-quantity=\"1\" class=\"button product_type_simple add_to_cart_button ajax_add_to_cart\" data-product_id=\"4021\" data-product_sku=\"\" aria-label=\"Add to cart: &ldquo;Marcus Egli | Hominium Group of 3&rdquo;\" rel=\"nofollow\">Add to cart<\/a>\t<span id=\"woocommerce_loop_add_to_cart_link_describedby_4021\" class=\"screen-reader-text\">\n\t\t\t<\/span>\n<span class=\"fusion-rollover-linebreak\">\n\t\/<\/span>\n\n<a href=\"https:\/\/galerie-artima.com\/en\/shop\/marcus-egli-hominium-groupe-of-3\" class=\"show_details_button\">\n\tDetails<\/a>\n\n\t\t\t\t<\/div>\n\t\t\t\t\t\t\t\t\t<a class=\"fusion-link-wrapper\" href=\"https:\/\/galerie-artima.com\/en\/shop\/marcus-egli-hominium-groupe-of-3\" aria-label=\"Marcus Egli | Hominium Group of 3\"><\/a>\n\t<\/div>\n<\/div>\n<\/div>\n<\/div>\n<div class=\"fusion-product-content\">\n\t<div class=\"product-details\">\n\t\t<div class=\"product-details-container\">\n<h3 class=\"product-title\">\n\t<a href=\"https:\/\/galerie-artima.com\/en\/shop\/marcus-egli-hominium-groupe-of-3\">\n\t\tMarcus Egli | Hominium Group of 3\t<\/a>\n<\/h3>\n<div class=\"fusion-price-rating\">\n\n\t<span class=\"price\"><span class=\"woocommerce-Price-amount amount\"><bdi>650,00<span class=\"woocommerce-Price-currencySymbol\">&euro;<\/span><\/bdi><\/span><\/span>\n\t\t<\/div>\n\t<\/div>\n<\/div>\n\n\t<\/div> \n\n\n<\/div>\n<\/li>\n<li class=\"product type-product post-4023 status-publish first instock product_cat-all product_cat-sculpture-en has-post-thumbnail sold-individually shipping-taxable purchasable product-type-simple product-grid-view\">\n\t<div class=\"fusion-product-wrapper\">\n\n<div class=\"fusion-clean-product-image-wrapper \">\n\t<div  class=\"fusion-image-wrapper fusion-image-size-fixed\" aria-haspopup=\"true\">\n\t\t\t\t<img decoding=\"async\" width=\"500\" height=\"500\" src=\"https:\/\/galerie-artima.com\/wp-content\/uploads\/2022\/02\/MARCUS-EGLI-Hominium-groupe-de-4-Piece-unique-en-aluminium-sculpte-1200x1200-1-500x500.jpg\" class=\"attachment-woocommerce_thumbnail size-woocommerce_thumbnail lazyload wp-post-image\" alt=\"\" srcset=\"data:image\/svg+xml,%3Csvg%20xmlns%3D%27http%3A%2F%2Fwww.w3.org%2F2000%2Fsvg%27%20width%3D%271200%27%20height%3D%271200%27%20viewBox%3D%270%200%201200%201200%27%3E%3Crect%20width%3D%271200%27%20height%3D%271200%27%20fill-opacity%3D%220%22%2F%3E%3C%2Fsvg%3E\" data-orig-src=\"https:\/\/galerie-artima.com\/wp-content\/uploads\/2022\/02\/MARCUS-EGLI-Hominium-groupe-de-4-Piece-unique-en-aluminium-sculpte-1200x1200-1-500x500.jpg\" data-srcset=\"https:\/\/galerie-artima.com\/wp-content\/uploads\/2022\/02\/MARCUS-EGLI-Hominium-groupe-de-4-Piece-unique-en-aluminium-sculpte-1200x1200-1-66x66.jpg 66w, https:\/\/galerie-artima.com\/wp-content\/uploads\/2022\/02\/MARCUS-EGLI-Hominium-groupe-de-4-Piece-unique-en-aluminium-sculpte-1200x1200-1-96x96.jpg 96w, https:\/\/galerie-artima.com\/wp-content\/uploads\/2022\/02\/MARCUS-EGLI-Hominium-groupe-de-4-Piece-unique-en-aluminium-sculpte-1200x1200-1-150x150.jpg 150w, https:\/\/galerie-artima.com\/wp-content\/uploads\/2022\/02\/MARCUS-EGLI-Hominium-groupe-de-4-Piece-unique-en-aluminium-sculpte-1200x1200-1-200x200.jpg 200w, https:\/\/galerie-artima.com\/wp-content\/uploads\/2022\/02\/MARCUS-EGLI-Hominium-groupe-de-4-Piece-unique-en-aluminium-sculpte-1200x1200-1-300x300.jpg 300w, https:\/\/galerie-artima.com\/wp-content\/uploads\/2022\/02\/MARCUS-EGLI-Hominium-groupe-de-4-Piece-unique-en-aluminium-sculpte-1200x1200-1-400x400.jpg 400w, https:\/\/galerie-artima.com\/wp-content\/uploads\/2022\/02\/MARCUS-EGLI-Hominium-groupe-de-4-Piece-unique-en-aluminium-sculpte-1200x1200-1-500x500.jpg 500w, https:\/\/galerie-artima.com\/wp-content\/uploads\/2022\/02\/MARCUS-EGLI-Hominium-groupe-de-4-Piece-unique-en-aluminium-sculpte-1200x1200-1-600x600.jpg 600w, https:\/\/galerie-artima.com\/wp-content\/uploads\/2022\/02\/MARCUS-EGLI-Hominium-groupe-de-4-Piece-unique-en-aluminium-sculpte-1200x1200-1-768x768.jpg 768w, https:\/\/galerie-artima.com\/wp-content\/uploads\/2022\/02\/MARCUS-EGLI-Hominium-groupe-de-4-Piece-unique-en-aluminium-sculpte-1200x1200-1-800x800.jpg 800w, https:\/\/galerie-artima.com\/wp-content\/uploads\/2022\/02\/MARCUS-EGLI-Hominium-groupe-de-4-Piece-unique-en-aluminium-sculpte-1200x1200-1-1024x1024.jpg 1024w, https:\/\/galerie-artima.com\/wp-content\/uploads\/2022\/02\/MARCUS-EGLI-Hominium-groupe-de-4-Piece-unique-en-aluminium-sculpte-1200x1200-1.jpg 1200w\" data-sizes=\"auto\" \/><div class=\"fusion-rollover\">\n\t<div class=\"fusion-rollover-content\">\n\n\t\t\t\t\n\t\t\n\t\t\t\t\t\t\t\t\n\t\t\t\t\t\t\t\t\n\t\t\n\t\t\t\t\t\t\t\t\t\t\t\t\t\t\t\n\t\t\t\t\t\t\n\t\t\t\t\t\t\t\t\t\t<div class=\"fusion-product-buttons\">\n\t\t\t\t\t<a href=\"\/en\/wp-json\/wp\/v2\/pages\/6?add-to-cart=4023\" aria-describedby=\"woocommerce_loop_add_to_cart_link_describedby_4023\" data-quantity=\"1\" class=\"button product_type_simple add_to_cart_button ajax_add_to_cart\" data-product_id=\"4023\" data-product_sku=\"\" aria-label=\"Add to cart: &ldquo;Marcus Egli | Hominium Group of 4&rdquo;\" rel=\"nofollow\">Add to cart<\/a>\t<span id=\"woocommerce_loop_add_to_cart_link_describedby_4023\" class=\"screen-reader-text\">\n\t\t\t<\/span>\n<span class=\"fusion-rollover-linebreak\">\n\t\/<\/span>\n\n<a href=\"https:\/\/galerie-artima.com\/en\/shop\/marcus-egli-hominium-groupe-of-4\" class=\"show_details_button\">\n\tDetails<\/a>\n\n\t\t\t\t<\/div>\n\t\t\t\t\t\t\t\t\t<a class=\"fusion-link-wrapper\" href=\"https:\/\/galerie-artima.com\/en\/shop\/marcus-egli-hominium-groupe-of-4\" aria-label=\"Marcus Egli | Hominium Group of 4\"><\/a>\n\t<\/div>\n<\/div>\n<\/div>\n<\/div>\n<div class=\"fusion-product-content\">\n\t<div class=\"product-details\">\n\t\t<div class=\"product-details-container\">\n<h3 class=\"product-title\">\n\t<a href=\"https:\/\/galerie-artima.com\/en\/shop\/marcus-egli-hominium-groupe-of-4\">\n\t\tMarcus Egli | Hominium Group of 4\t<\/a>\n<\/h3>\n<div class=\"fusion-price-rating\">\n\n\t<span class=\"price\"><span class=\"woocommerce-Price-amount amount\"><bdi>850,00<span class=\"woocommerce-Price-currencySymbol\">&euro;<\/span><\/bdi><\/span><\/span>\n\t\t<\/div>\n\t<\/div>\n<\/div>\n\n\t<\/div> \n\n\n<\/div>\n<\/li>\n<li class=\"product type-product post-14689 status-publish instock product_cat-all product_cat-sculpture-en has-post-thumbnail sold-individually shipping-taxable purchasable product-type-simple product-grid-view\">\n\t<div class=\"fusion-product-wrapper\">\n\n<div class=\"fusion-clean-product-image-wrapper \">\n\t<div  class=\"fusion-image-wrapper fusion-image-size-fixed\" aria-haspopup=\"true\">\n\t\t\t\t<img decoding=\"async\" width=\"500\" height=\"500\" src=\"https:\/\/galerie-artima.com\/wp-content\/uploads\/2024\/07\/MICHAEL-VIVIANI-AC-DC-Live-18.5x29x2.5cm-Technique-mixte-sur-resine-Edition-de-8-1-1-500x500.jpg\" class=\"attachment-woocommerce_thumbnail size-woocommerce_thumbnail lazyload wp-post-image\" alt=\"\" srcset=\"data:image\/svg+xml,%3Csvg%20xmlns%3D%27http%3A%2F%2Fwww.w3.org%2F2000%2Fsvg%27%20width%3D%271200%27%20height%3D%271200%27%20viewBox%3D%270%200%201200%201200%27%3E%3Crect%20width%3D%271200%27%20height%3D%271200%27%20fill-opacity%3D%220%22%2F%3E%3C%2Fsvg%3E\" data-orig-src=\"https:\/\/galerie-artima.com\/wp-content\/uploads\/2024\/07\/MICHAEL-VIVIANI-AC-DC-Live-18.5x29x2.5cm-Technique-mixte-sur-resine-Edition-de-8-1-1-500x500.jpg\" data-srcset=\"https:\/\/galerie-artima.com\/wp-content\/uploads\/2024\/07\/MICHAEL-VIVIANI-AC-DC-Live-18.5x29x2.5cm-Technique-mixte-sur-resine-Edition-de-8-1-1-66x66.jpg 66w, https:\/\/galerie-artima.com\/wp-content\/uploads\/2024\/07\/MICHAEL-VIVIANI-AC-DC-Live-18.5x29x2.5cm-Technique-mixte-sur-resine-Edition-de-8-1-1-96x96.jpg 96w, https:\/\/galerie-artima.com\/wp-content\/uploads\/2024\/07\/MICHAEL-VIVIANI-AC-DC-Live-18.5x29x2.5cm-Technique-mixte-sur-resine-Edition-de-8-1-1-150x150.jpg 150w, https:\/\/galerie-artima.com\/wp-content\/uploads\/2024\/07\/MICHAEL-VIVIANI-AC-DC-Live-18.5x29x2.5cm-Technique-mixte-sur-resine-Edition-de-8-1-1-200x200.jpg 200w, https:\/\/galerie-artima.com\/wp-content\/uploads\/2024\/07\/MICHAEL-VIVIANI-AC-DC-Live-18.5x29x2.5cm-Technique-mixte-sur-resine-Edition-de-8-1-1-300x300.jpg 300w, https:\/\/galerie-artima.com\/wp-content\/uploads\/2024\/07\/MICHAEL-VIVIANI-AC-DC-Live-18.5x29x2.5cm-Technique-mixte-sur-resine-Edition-de-8-1-1-400x400.jpg 400w, https:\/\/galerie-artima.com\/wp-content\/uploads\/2024\/07\/MICHAEL-VIVIANI-AC-DC-Live-18.5x29x2.5cm-Technique-mixte-sur-resine-Edition-de-8-1-1-500x500.jpg 500w, https:\/\/galerie-artima.com\/wp-content\/uploads\/2024\/07\/MICHAEL-VIVIANI-AC-DC-Live-18.5x29x2.5cm-Technique-mixte-sur-resine-Edition-de-8-1-1-600x600.jpg 600w, https:\/\/galerie-artima.com\/wp-content\/uploads\/2024\/07\/MICHAEL-VIVIANI-AC-DC-Live-18.5x29x2.5cm-Technique-mixte-sur-resine-Edition-de-8-1-1-768x768.jpg 768w, https:\/\/galerie-artima.com\/wp-content\/uploads\/2024\/07\/MICHAEL-VIVIANI-AC-DC-Live-18.5x29x2.5cm-Technique-mixte-sur-resine-Edition-de-8-1-1-800x800.jpg 800w, https:\/\/galerie-artima.com\/wp-content\/uploads\/2024\/07\/MICHAEL-VIVIANI-AC-DC-Live-18.5x29x2.5cm-Technique-mixte-sur-resine-Edition-de-8-1-1-1024x1024.jpg 1024w, https:\/\/galerie-artima.com\/wp-content\/uploads\/2024\/07\/MICHAEL-VIVIANI-AC-DC-Live-18.5x29x2.5cm-Technique-mixte-sur-resine-Edition-de-8-1-1.jpg 1200w\" data-sizes=\"auto\" \/><div class=\"fusion-rollover\">\n\t<div class=\"fusion-rollover-content\">\n\n\t\t\t\t\n\t\t\n\t\t\t\t\t\t\t\t\n\t\t\t\t\t\t\t\t\n\t\t\n\t\t\t\t\t\t\t\t\t\t\t\t\t\t\t\n\t\t\t\t\t\t\n\t\t\t\t\t\t\t\t\t\t<div class=\"fusion-product-buttons\">\n\t\t\t\t\t<a href=\"\/en\/wp-json\/wp\/v2\/pages\/6?add-to-cart=14689\" aria-describedby=\"woocommerce_loop_add_to_cart_link_describedby_14689\" data-quantity=\"1\" class=\"button product_type_simple add_to_cart_button ajax_add_to_cart\" data-product_id=\"14689\" data-product_sku=\"\" aria-label=\"Add to cart: &ldquo;Michael Viviani I AC DC Live&rdquo;\" rel=\"nofollow\">Add to cart<\/a>\t<span id=\"woocommerce_loop_add_to_cart_link_describedby_14689\" class=\"screen-reader-text\">\n\t\t\t<\/span>\n<span class=\"fusion-rollover-linebreak\">\n\t\/<\/span>\n\n<a href=\"https:\/\/galerie-artima.com\/en\/shop\/michael-viviani-acdc-live\" class=\"show_details_button\">\n\tDetails<\/a>\n\n\t\t\t\t<\/div>\n\t\t\t\t\t\t\t\t\t<a class=\"fusion-link-wrapper\" href=\"https:\/\/galerie-artima.com\/en\/shop\/michael-viviani-acdc-live\" aria-label=\"Michael Viviani I AC DC Live\"><\/a>\n\t<\/div>\n<\/div>\n<\/div>\n<\/div>\n<div class=\"fusion-product-content\">\n\t<div class=\"product-details\">\n\t\t<div class=\"product-details-container\">\n<h3 class=\"product-title\">\n\t<a href=\"https:\/\/galerie-artima.com\/en\/shop\/michael-viviani-acdc-live\">\n\t\tMichael Viviani I AC DC Live\t<\/a>\n<\/h3>\n<div class=\"fusion-price-rating\">\n\n\t<span class=\"price\"><span class=\"woocommerce-Price-amount amount\"><bdi>1700,00<span class=\"woocommerce-Price-currencySymbol\">&euro;<\/span><\/bdi><\/span><\/span>\n\t\t<\/div>\n\t<\/div>\n<\/div>\n\n\t<\/div> \n\n\n<\/div>\n<\/li>\n<li class=\"product type-product post-14648 status-publish instock product_cat-all product_cat-sculpture-en has-post-thumbnail sold-individually shipping-taxable purchasable product-type-simple product-grid-view\">\n\t<div class=\"fusion-product-wrapper\">\n\n<div class=\"fusion-clean-product-image-wrapper \">\n\t<div  class=\"fusion-image-wrapper fusion-image-size-fixed\" aria-haspopup=\"true\">\n\t\t\t\t<img decoding=\"async\" width=\"500\" height=\"500\" src=\"https:\/\/galerie-artima.com\/wp-content\/uploads\/2024\/07\/MICHAEL-VIVIANI-M-Revalite-18.5x29x2.5cm-Technique-mixte-sur-resine-Edition-de-8-3-500x500.jpg\" class=\"attachment-woocommerce_thumbnail size-woocommerce_thumbnail lazyload wp-post-image\" alt=\"\" srcset=\"data:image\/svg+xml,%3Csvg%20xmlns%3D%27http%3A%2F%2Fwww.w3.org%2F2000%2Fsvg%27%20width%3D%271200%27%20height%3D%271200%27%20viewBox%3D%270%200%201200%201200%27%3E%3Crect%20width%3D%271200%27%20height%3D%271200%27%20fill-opacity%3D%220%22%2F%3E%3C%2Fsvg%3E\" data-orig-src=\"https:\/\/galerie-artima.com\/wp-content\/uploads\/2024\/07\/MICHAEL-VIVIANI-M-Revalite-18.5x29x2.5cm-Technique-mixte-sur-resine-Edition-de-8-3-500x500.jpg\" data-srcset=\"https:\/\/galerie-artima.com\/wp-content\/uploads\/2024\/07\/MICHAEL-VIVIANI-M-Revalite-18.5x29x2.5cm-Technique-mixte-sur-resine-Edition-de-8-3-66x66.jpg 66w, https:\/\/galerie-artima.com\/wp-content\/uploads\/2024\/07\/MICHAEL-VIVIANI-M-Revalite-18.5x29x2.5cm-Technique-mixte-sur-resine-Edition-de-8-3-96x96.jpg 96w, https:\/\/galerie-artima.com\/wp-content\/uploads\/2024\/07\/MICHAEL-VIVIANI-M-Revalite-18.5x29x2.5cm-Technique-mixte-sur-resine-Edition-de-8-3-150x150.jpg 150w, https:\/\/galerie-artima.com\/wp-content\/uploads\/2024\/07\/MICHAEL-VIVIANI-M-Revalite-18.5x29x2.5cm-Technique-mixte-sur-resine-Edition-de-8-3-200x200.jpg 200w, https:\/\/galerie-artima.com\/wp-content\/uploads\/2024\/07\/MICHAEL-VIVIANI-M-Revalite-18.5x29x2.5cm-Technique-mixte-sur-resine-Edition-de-8-3-300x300.jpg 300w, https:\/\/galerie-artima.com\/wp-content\/uploads\/2024\/07\/MICHAEL-VIVIANI-M-Revalite-18.5x29x2.5cm-Technique-mixte-sur-resine-Edition-de-8-3-400x400.jpg 400w, https:\/\/galerie-artima.com\/wp-content\/uploads\/2024\/07\/MICHAEL-VIVIANI-M-Revalite-18.5x29x2.5cm-Technique-mixte-sur-resine-Edition-de-8-3-500x500.jpg 500w, https:\/\/galerie-artima.com\/wp-content\/uploads\/2024\/07\/MICHAEL-VIVIANI-M-Revalite-18.5x29x2.5cm-Technique-mixte-sur-resine-Edition-de-8-3-600x600.jpg 600w, https:\/\/galerie-artima.com\/wp-content\/uploads\/2024\/07\/MICHAEL-VIVIANI-M-Revalite-18.5x29x2.5cm-Technique-mixte-sur-resine-Edition-de-8-3-768x768.jpg 768w, https:\/\/galerie-artima.com\/wp-content\/uploads\/2024\/07\/MICHAEL-VIVIANI-M-Revalite-18.5x29x2.5cm-Technique-mixte-sur-resine-Edition-de-8-3-800x800.jpg 800w, https:\/\/galerie-artima.com\/wp-content\/uploads\/2024\/07\/MICHAEL-VIVIANI-M-Revalite-18.5x29x2.5cm-Technique-mixte-sur-resine-Edition-de-8-3-1024x1024.jpg 1024w, https:\/\/galerie-artima.com\/wp-content\/uploads\/2024\/07\/MICHAEL-VIVIANI-M-Revalite-18.5x29x2.5cm-Technique-mixte-sur-resine-Edition-de-8-3.jpg 1200w\" data-sizes=\"auto\" \/><div class=\"fusion-rollover\">\n\t<div class=\"fusion-rollover-content\">\n\n\t\t\t\t\n\t\t\n\t\t\t\t\t\t\t\t\n\t\t\t\t\t\t\t\t\n\t\t\n\t\t\t\t\t\t\t\t\t\t\t\t\t\t\t\n\t\t\t\t\t\t\n\t\t\t\t\t\t\t\t\t\t<div class=\"fusion-product-buttons\">\n\t\t\t\t\t<a href=\"\/en\/wp-json\/wp\/v2\/pages\/6?add-to-cart=14648\" aria-describedby=\"woocommerce_loop_add_to_cart_link_describedby_14648\" data-quantity=\"1\" class=\"button product_type_simple add_to_cart_button ajax_add_to_cart\" data-product_id=\"14648\" data-product_sku=\"\" aria-label=\"Add to cart: &ldquo;Michael Viviani I M R\u00e9valit\u00e9&rdquo;\" rel=\"nofollow\">Add to cart<\/a>\t<span id=\"woocommerce_loop_add_to_cart_link_describedby_14648\" class=\"screen-reader-text\">\n\t\t\t<\/span>\n<span class=\"fusion-rollover-linebreak\">\n\t\/<\/span>\n\n<a href=\"https:\/\/galerie-artima.com\/en\/shop\/michael-viviani-m-revalite\" class=\"show_details_button\">\n\tDetails<\/a>\n\n\t\t\t\t<\/div>\n\t\t\t\t\t\t\t\t\t<a class=\"fusion-link-wrapper\" href=\"https:\/\/galerie-artima.com\/en\/shop\/michael-viviani-m-revalite\" aria-label=\"Michael Viviani I M R\u00e9valit\u00e9\"><\/a>\n\t<\/div>\n<\/div>\n<\/div>\n<\/div>\n<div class=\"fusion-product-content\">\n\t<div class=\"product-details\">\n\t\t<div class=\"product-details-container\">\n<h3 class=\"product-title\">\n\t<a href=\"https:\/\/galerie-artima.com\/en\/shop\/michael-viviani-m-revalite\">\n\t\tMichael Viviani I M R\u00e9valit\u00e9\t<\/a>\n<\/h3>\n<div class=\"fusion-price-rating\">\n\n\t<span class=\"price\"><span class=\"woocommerce-Price-amount amount\"><bdi>1700,00<span class=\"woocommerce-Price-currencySymbol\">&euro;<\/span><\/bdi><\/span><\/span>\n\t\t<\/div>\n\t<\/div>\n<\/div>\n\n\t<\/div> \n\n\n<\/div>\n<\/li>\n<li class=\"product type-product post-14682 status-publish last instock product_cat-all product_cat-sculpture-en has-post-thumbnail sold-individually shipping-taxable purchasable product-type-simple product-grid-view\">\n\t<div class=\"fusion-product-wrapper\">\n\n<div class=\"fusion-clean-product-image-wrapper \">\n\t<div  class=\"fusion-image-wrapper fusion-image-size-fixed\" aria-haspopup=\"true\">\n\t\t\t\t<img decoding=\"async\" width=\"500\" height=\"500\" src=\"https:\/\/galerie-artima.com\/wp-content\/uploads\/2024\/03\/MICHAEL-VIVIANI-Pink-Floyd-Animals-18.5x29x2.5cm-Technique-mixte-sur-resine-Edition-de-8-2-500x500.jpg\" class=\"attachment-woocommerce_thumbnail size-woocommerce_thumbnail lazyload wp-post-image\" alt=\"\" srcset=\"data:image\/svg+xml,%3Csvg%20xmlns%3D%27http%3A%2F%2Fwww.w3.org%2F2000%2Fsvg%27%20width%3D%271200%27%20height%3D%271200%27%20viewBox%3D%270%200%201200%201200%27%3E%3Crect%20width%3D%271200%27%20height%3D%271200%27%20fill-opacity%3D%220%22%2F%3E%3C%2Fsvg%3E\" data-orig-src=\"https:\/\/galerie-artima.com\/wp-content\/uploads\/2024\/03\/MICHAEL-VIVIANI-Pink-Floyd-Animals-18.5x29x2.5cm-Technique-mixte-sur-resine-Edition-de-8-2-500x500.jpg\" data-srcset=\"https:\/\/galerie-artima.com\/wp-content\/uploads\/2024\/03\/MICHAEL-VIVIANI-Pink-Floyd-Animals-18.5x29x2.5cm-Technique-mixte-sur-resine-Edition-de-8-2-66x66.jpg 66w, https:\/\/galerie-artima.com\/wp-content\/uploads\/2024\/03\/MICHAEL-VIVIANI-Pink-Floyd-Animals-18.5x29x2.5cm-Technique-mixte-sur-resine-Edition-de-8-2-96x96.jpg 96w, https:\/\/galerie-artima.com\/wp-content\/uploads\/2024\/03\/MICHAEL-VIVIANI-Pink-Floyd-Animals-18.5x29x2.5cm-Technique-mixte-sur-resine-Edition-de-8-2-150x150.jpg 150w, https:\/\/galerie-artima.com\/wp-content\/uploads\/2024\/03\/MICHAEL-VIVIANI-Pink-Floyd-Animals-18.5x29x2.5cm-Technique-mixte-sur-resine-Edition-de-8-2-200x200.jpg 200w, https:\/\/galerie-artima.com\/wp-content\/uploads\/2024\/03\/MICHAEL-VIVIANI-Pink-Floyd-Animals-18.5x29x2.5cm-Technique-mixte-sur-resine-Edition-de-8-2-300x300.jpg 300w, https:\/\/galerie-artima.com\/wp-content\/uploads\/2024\/03\/MICHAEL-VIVIANI-Pink-Floyd-Animals-18.5x29x2.5cm-Technique-mixte-sur-resine-Edition-de-8-2-400x400.jpg 400w, https:\/\/galerie-artima.com\/wp-content\/uploads\/2024\/03\/MICHAEL-VIVIANI-Pink-Floyd-Animals-18.5x29x2.5cm-Technique-mixte-sur-resine-Edition-de-8-2-500x500.jpg 500w, https:\/\/galerie-artima.com\/wp-content\/uploads\/2024\/03\/MICHAEL-VIVIANI-Pink-Floyd-Animals-18.5x29x2.5cm-Technique-mixte-sur-resine-Edition-de-8-2-600x600.jpg 600w, https:\/\/galerie-artima.com\/wp-content\/uploads\/2024\/03\/MICHAEL-VIVIANI-Pink-Floyd-Animals-18.5x29x2.5cm-Technique-mixte-sur-resine-Edition-de-8-2-768x768.jpg 768w, https:\/\/galerie-artima.com\/wp-content\/uploads\/2024\/03\/MICHAEL-VIVIANI-Pink-Floyd-Animals-18.5x29x2.5cm-Technique-mixte-sur-resine-Edition-de-8-2-800x800.jpg 800w, https:\/\/galerie-artima.com\/wp-content\/uploads\/2024\/03\/MICHAEL-VIVIANI-Pink-Floyd-Animals-18.5x29x2.5cm-Technique-mixte-sur-resine-Edition-de-8-2-1024x1024.jpg 1024w, https:\/\/galerie-artima.com\/wp-content\/uploads\/2024\/03\/MICHAEL-VIVIANI-Pink-Floyd-Animals-18.5x29x2.5cm-Technique-mixte-sur-resine-Edition-de-8-2.jpg 1200w\" data-sizes=\"auto\" \/><div class=\"fusion-rollover\">\n\t<div class=\"fusion-rollover-content\">\n\n\t\t\t\t\n\t\t\n\t\t\t\t\t\t\t\t\n\t\t\t\t\t\t\t\t\n\t\t\n\t\t\t\t\t\t\t\t\t\t\t\t\t\t\t\n\t\t\t\t\t\t\n\t\t\t\t\t\t\t\t\t\t<div class=\"fusion-product-buttons\">\n\t\t\t\t\t<a href=\"\/en\/wp-json\/wp\/v2\/pages\/6?add-to-cart=14682\" aria-describedby=\"woocommerce_loop_add_to_cart_link_describedby_14682\" data-quantity=\"1\" class=\"button product_type_simple add_to_cart_button ajax_add_to_cart\" data-product_id=\"14682\" data-product_sku=\"\" aria-label=\"Add to cart: &ldquo;Michael Viviani I Pink Floyd Animals&rdquo;\" rel=\"nofollow\">Add to cart<\/a>\t<span id=\"woocommerce_loop_add_to_cart_link_describedby_14682\" class=\"screen-reader-text\">\n\t\t\t<\/span>\n<span class=\"fusion-rollover-linebreak\">\n\t\/<\/span>\n\n<a href=\"https:\/\/galerie-artima.com\/en\/shop\/michael-viviani-pink-floyd-animals\" class=\"show_details_button\">\n\tDetails<\/a>\n\n\t\t\t\t<\/div>\n\t\t\t\t\t\t\t\t\t<a class=\"fusion-link-wrapper\" href=\"https:\/\/galerie-artima.com\/en\/shop\/michael-viviani-pink-floyd-animals\" aria-label=\"Michael Viviani I Pink Floyd Animals\"><\/a>\n\t<\/div>\n<\/div>\n<\/div>\n<\/div>\n<div class=\"fusion-product-content\">\n\t<div class=\"product-details\">\n\t\t<div class=\"product-details-container\">\n<h3 class=\"product-title\">\n\t<a href=\"https:\/\/galerie-artima.com\/en\/shop\/michael-viviani-pink-floyd-animals\">\n\t\tMichael Viviani I Pink Floyd Animals\t<\/a>\n<\/h3>\n<div class=\"fusion-price-rating\">\n\n\t<span class=\"price\"><span class=\"woocommerce-Price-amount amount\"><bdi>1700,00<span class=\"woocommerce-Price-currencySymbol\">&euro;<\/span><\/bdi><\/span><\/span>\n\t\t<\/div>\n\t<\/div>\n<\/div>\n\n\t<\/div> \n\n\n<\/div>\n<\/li>\n<li class=\"product type-product post-9795 status-publish first instock product_cat-all product_cat-painting has-post-thumbnail sold-individually shipping-taxable purchasable product-type-simple product-grid-view\">\n\t<div class=\"fusion-product-wrapper\">\n\n<div class=\"fusion-clean-product-image-wrapper \">\n\t<div  class=\"fusion-image-wrapper fusion-image-size-fixed\" aria-haspopup=\"true\">\n\t\t\t\t<img decoding=\"async\" width=\"500\" height=\"500\" src=\"https:\/\/galerie-artima.com\/wp-content\/uploads\/2021\/07\/MONICA-DIXON-Brightwood-100x100-m-Acrylic-on-canvas-2024-500x500.jpg\" class=\"attachment-woocommerce_thumbnail size-woocommerce_thumbnail lazyload wp-post-image\" alt=\"\" srcset=\"data:image\/svg+xml,%3Csvg%20xmlns%3D%27http%3A%2F%2Fwww.w3.org%2F2000%2Fsvg%27%20width%3D%271200%27%20height%3D%271200%27%20viewBox%3D%270%200%201200%201200%27%3E%3Crect%20width%3D%271200%27%20height%3D%271200%27%20fill-opacity%3D%220%22%2F%3E%3C%2Fsvg%3E\" data-orig-src=\"https:\/\/galerie-artima.com\/wp-content\/uploads\/2021\/07\/MONICA-DIXON-Brightwood-100x100-m-Acrylic-on-canvas-2024-500x500.jpg\" data-srcset=\"https:\/\/galerie-artima.com\/wp-content\/uploads\/2021\/07\/MONICA-DIXON-Brightwood-100x100-m-Acrylic-on-canvas-2024-66x66.jpg 66w, https:\/\/galerie-artima.com\/wp-content\/uploads\/2021\/07\/MONICA-DIXON-Brightwood-100x100-m-Acrylic-on-canvas-2024-96x96.jpg 96w, https:\/\/galerie-artima.com\/wp-content\/uploads\/2021\/07\/MONICA-DIXON-Brightwood-100x100-m-Acrylic-on-canvas-2024-150x150.jpg 150w, https:\/\/galerie-artima.com\/wp-content\/uploads\/2021\/07\/MONICA-DIXON-Brightwood-100x100-m-Acrylic-on-canvas-2024-200x200.jpg 200w, https:\/\/galerie-artima.com\/wp-content\/uploads\/2021\/07\/MONICA-DIXON-Brightwood-100x100-m-Acrylic-on-canvas-2024-300x300.jpg 300w, https:\/\/galerie-artima.com\/wp-content\/uploads\/2021\/07\/MONICA-DIXON-Brightwood-100x100-m-Acrylic-on-canvas-2024-400x400.jpg 400w, https:\/\/galerie-artima.com\/wp-content\/uploads\/2021\/07\/MONICA-DIXON-Brightwood-100x100-m-Acrylic-on-canvas-2024-500x500.jpg 500w, https:\/\/galerie-artima.com\/wp-content\/uploads\/2021\/07\/MONICA-DIXON-Brightwood-100x100-m-Acrylic-on-canvas-2024-600x600.jpg 600w, https:\/\/galerie-artima.com\/wp-content\/uploads\/2021\/07\/MONICA-DIXON-Brightwood-100x100-m-Acrylic-on-canvas-2024-768x768.jpg 768w, https:\/\/galerie-artima.com\/wp-content\/uploads\/2021\/07\/MONICA-DIXON-Brightwood-100x100-m-Acrylic-on-canvas-2024-800x800.jpg 800w, https:\/\/galerie-artima.com\/wp-content\/uploads\/2021\/07\/MONICA-DIXON-Brightwood-100x100-m-Acrylic-on-canvas-2024-1024x1024.jpg 1024w, https:\/\/galerie-artima.com\/wp-content\/uploads\/2021\/07\/MONICA-DIXON-Brightwood-100x100-m-Acrylic-on-canvas-2024.jpg 1200w\" data-sizes=\"auto\" \/><div class=\"fusion-rollover\">\n\t<div class=\"fusion-rollover-content\">\n\n\t\t\t\t\n\t\t\n\t\t\t\t\t\t\t\t\n\t\t\t\t\t\t\t\t\n\t\t\n\t\t\t\t\t\t\t\t\t\t\t\t\t\t\t\n\t\t\t\t\t\t\n\t\t\t\t\t\t\t\t\t\t<div class=\"fusion-product-buttons\">\n\t\t\t\t\t<a href=\"\/en\/wp-json\/wp\/v2\/pages\/6?add-to-cart=9795\" aria-describedby=\"woocommerce_loop_add_to_cart_link_describedby_9795\" data-quantity=\"1\" class=\"button product_type_simple add_to_cart_button ajax_add_to_cart\" data-product_id=\"9795\" data-product_sku=\"\" aria-label=\"Add to cart: &ldquo;Monica Dixon | Brightwood&rdquo;\" rel=\"nofollow\">Add to cart<\/a>\t<span id=\"woocommerce_loop_add_to_cart_link_describedby_9795\" class=\"screen-reader-text\">\n\t\t\t<\/span>\n<span class=\"fusion-rollover-linebreak\">\n\t\/<\/span>\n\n<a href=\"https:\/\/galerie-artima.com\/en\/shop\/monica-dixon-brightwood\" class=\"show_details_button\">\n\tDetails<\/a>\n\n\t\t\t\t<\/div>\n\t\t\t\t\t\t\t\t\t<a class=\"fusion-link-wrapper\" href=\"https:\/\/galerie-artima.com\/en\/shop\/monica-dixon-brightwood\" aria-label=\"Monica Dixon | Brightwood\"><\/a>\n\t<\/div>\n<\/div>\n<\/div>\n<\/div>\n<div class=\"fusion-product-content\">\n\t<div class=\"product-details\">\n\t\t<div class=\"product-details-container\">\n<h3 class=\"product-title\">\n\t<a href=\"https:\/\/galerie-artima.com\/en\/shop\/monica-dixon-brightwood\">\n\t\tMonica Dixon | Brightwood\t<\/a>\n<\/h3>\n<div class=\"fusion-price-rating\">\n\n\t<span class=\"price\"><span class=\"woocommerce-Price-amount amount\"><bdi>5500,00<span class=\"woocommerce-Price-currencySymbol\">&euro;<\/span><\/bdi><\/span><\/span>\n\t\t<\/div>\n\t<\/div>\n<\/div>\n\n\t<\/div> \n\n\n<\/div>\n<\/li>\n<li class=\"product type-product post-9256 status-publish instock product_cat-all product_cat-painting has-post-thumbnail sold-individually shipping-taxable purchasable product-type-simple product-grid-view\">\n\t<div class=\"fusion-product-wrapper\">\n\n<div class=\"fusion-clean-product-image-wrapper \">\n\t<div  class=\"fusion-image-wrapper fusion-image-size-fixed\" aria-haspopup=\"true\">\n\t\t\t\t<img decoding=\"async\" width=\"500\" height=\"500\" src=\"https:\/\/galerie-artima.com\/wp-content\/uploads\/2022\/08\/Dhyaan-68x84cm-1200x1200-1-500x500.jpg\" class=\"attachment-woocommerce_thumbnail size-woocommerce_thumbnail lazyload wp-post-image\" alt=\"\" srcset=\"data:image\/svg+xml,%3Csvg%20xmlns%3D%27http%3A%2F%2Fwww.w3.org%2F2000%2Fsvg%27%20width%3D%271200%27%20height%3D%271200%27%20viewBox%3D%270%200%201200%201200%27%3E%3Crect%20width%3D%271200%27%20height%3D%271200%27%20fill-opacity%3D%220%22%2F%3E%3C%2Fsvg%3E\" data-orig-src=\"https:\/\/galerie-artima.com\/wp-content\/uploads\/2022\/08\/Dhyaan-68x84cm-1200x1200-1-500x500.jpg\" data-srcset=\"https:\/\/galerie-artima.com\/wp-content\/uploads\/2022\/08\/Dhyaan-68x84cm-1200x1200-1-66x66.jpg 66w, https:\/\/galerie-artima.com\/wp-content\/uploads\/2022\/08\/Dhyaan-68x84cm-1200x1200-1-96x96.jpg 96w, https:\/\/galerie-artima.com\/wp-content\/uploads\/2022\/08\/Dhyaan-68x84cm-1200x1200-1-150x150.jpg 150w, https:\/\/galerie-artima.com\/wp-content\/uploads\/2022\/08\/Dhyaan-68x84cm-1200x1200-1-200x200.jpg 200w, https:\/\/galerie-artima.com\/wp-content\/uploads\/2022\/08\/Dhyaan-68x84cm-1200x1200-1-300x300.jpg 300w, https:\/\/galerie-artima.com\/wp-content\/uploads\/2022\/08\/Dhyaan-68x84cm-1200x1200-1-400x400.jpg 400w, https:\/\/galerie-artima.com\/wp-content\/uploads\/2022\/08\/Dhyaan-68x84cm-1200x1200-1-500x500.jpg 500w, https:\/\/galerie-artima.com\/wp-content\/uploads\/2022\/08\/Dhyaan-68x84cm-1200x1200-1-600x600.jpg 600w, https:\/\/galerie-artima.com\/wp-content\/uploads\/2022\/08\/Dhyaan-68x84cm-1200x1200-1-768x768.jpg 768w, https:\/\/galerie-artima.com\/wp-content\/uploads\/2022\/08\/Dhyaan-68x84cm-1200x1200-1-800x800.jpg 800w, https:\/\/galerie-artima.com\/wp-content\/uploads\/2022\/08\/Dhyaan-68x84cm-1200x1200-1-1024x1024.jpg 1024w, https:\/\/galerie-artima.com\/wp-content\/uploads\/2022\/08\/Dhyaan-68x84cm-1200x1200-1.jpg 1200w\" data-sizes=\"auto\" \/><div class=\"fusion-rollover\">\n\t<div class=\"fusion-rollover-content\">\n\n\t\t\t\t\n\t\t\n\t\t\t\t\t\t\t\t\n\t\t\t\t\t\t\t\t\n\t\t\n\t\t\t\t\t\t\t\t\t\t\t\t\t\t\t\n\t\t\t\t\t\t\n\t\t\t\t\t\t\t\t\t\t<div class=\"fusion-product-buttons\">\n\t\t\t\t\t<a href=\"\/en\/wp-json\/wp\/v2\/pages\/6?add-to-cart=9256\" aria-describedby=\"woocommerce_loop_add_to_cart_link_describedby_9256\" data-quantity=\"1\" class=\"button product_type_simple add_to_cart_button ajax_add_to_cart\" data-product_id=\"9256\" data-product_sku=\"\" aria-label=\"Add to cart: &ldquo;Ren\u00e9 Galassi I Dhyaan&rdquo;\" rel=\"nofollow\">Add to cart<\/a>\t<span id=\"woocommerce_loop_add_to_cart_link_describedby_9256\" class=\"screen-reader-text\">\n\t\t\t<\/span>\n<span class=\"fusion-rollover-linebreak\">\n\t\/<\/span>\n\n<a href=\"https:\/\/galerie-artima.com\/en\/shop\/rene-galassi-dhyaan\" class=\"show_details_button\">\n\tDetails<\/a>\n\n\t\t\t\t<\/div>\n\t\t\t\t\t\t\t\t\t<a class=\"fusion-link-wrapper\" href=\"https:\/\/galerie-artima.com\/en\/shop\/rene-galassi-dhyaan\" aria-label=\"Ren\u00e9 Galassi I Dhyaan\"><\/a>\n\t<\/div>\n<\/div>\n<\/div>\n<\/div>\n<div class=\"fusion-product-content\">\n\t<div class=\"product-details\">\n\t\t<div class=\"product-details-container\">\n<h3 class=\"product-title\">\n\t<a href=\"https:\/\/galerie-artima.com\/en\/shop\/rene-galassi-dhyaan\">\n\t\tRen\u00e9 Galassi I Dhyaan\t<\/a>\n<\/h3>\n<div class=\"fusion-price-rating\">\n\n\t<span class=\"price\"><span class=\"woocommerce-Price-amount amount\"><bdi>3500,00<span class=\"woocommerce-Price-currencySymbol\">&euro;<\/span><\/bdi><\/span><\/span>\n\t\t<\/div>\n\t<\/div>\n<\/div>\n\n\t<\/div> \n\n\n<\/div>\n<\/li>\n<li class=\"product type-product post-7297 status-publish instock product_cat-all product_cat-sculpture-en has-post-thumbnail sold-individually shipping-taxable purchasable product-type-simple product-grid-view\">\n\t<div class=\"fusion-product-wrapper\">\n\n<div class=\"fusion-clean-product-image-wrapper \">\n\t<div  class=\"fusion-image-wrapper fusion-image-size-fixed\" aria-haspopup=\"true\">\n\t\t\t\t<img decoding=\"async\" width=\"500\" height=\"500\" src=\"https:\/\/galerie-artima.com\/wp-content\/uploads\/2022\/03\/PHALIPPON-Sculpture-lumineuse-N\u00b01-60x23x23-cm-1200x1200--500x500.jpg\" class=\"attachment-woocommerce_thumbnail size-woocommerce_thumbnail lazyload wp-post-image\" alt=\"\" srcset=\"data:image\/svg+xml,%3Csvg%20xmlns%3D%27http%3A%2F%2Fwww.w3.org%2F2000%2Fsvg%27%20width%3D%271200%27%20height%3D%271200%27%20viewBox%3D%270%200%201200%201200%27%3E%3Crect%20width%3D%271200%27%20height%3D%271200%27%20fill-opacity%3D%220%22%2F%3E%3C%2Fsvg%3E\" data-orig-src=\"https:\/\/galerie-artima.com\/wp-content\/uploads\/2022\/03\/PHALIPPON-Sculpture-lumineuse-N\u00b01-60x23x23-cm-1200x1200--500x500.jpg\" data-srcset=\"https:\/\/galerie-artima.com\/wp-content\/uploads\/2022\/03\/PHALIPPON-Sculpture-lumineuse-N\u00b01-60x23x23-cm-1200x1200--66x66.jpg 66w, https:\/\/galerie-artima.com\/wp-content\/uploads\/2022\/03\/PHALIPPON-Sculpture-lumineuse-N\u00b01-60x23x23-cm-1200x1200--96x96.jpg 96w, https:\/\/galerie-artima.com\/wp-content\/uploads\/2022\/03\/PHALIPPON-Sculpture-lumineuse-N\u00b01-60x23x23-cm-1200x1200--150x150.jpg 150w, https:\/\/galerie-artima.com\/wp-content\/uploads\/2022\/03\/PHALIPPON-Sculpture-lumineuse-N\u00b01-60x23x23-cm-1200x1200--200x200.jpg 200w, https:\/\/galerie-artima.com\/wp-content\/uploads\/2022\/03\/PHALIPPON-Sculpture-lumineuse-N\u00b01-60x23x23-cm-1200x1200--300x300.jpg 300w, https:\/\/galerie-artima.com\/wp-content\/uploads\/2022\/03\/PHALIPPON-Sculpture-lumineuse-N\u00b01-60x23x23-cm-1200x1200--400x400.jpg 400w, https:\/\/galerie-artima.com\/wp-content\/uploads\/2022\/03\/PHALIPPON-Sculpture-lumineuse-N\u00b01-60x23x23-cm-1200x1200--500x500.jpg 500w, https:\/\/galerie-artima.com\/wp-content\/uploads\/2022\/03\/PHALIPPON-Sculpture-lumineuse-N\u00b01-60x23x23-cm-1200x1200--600x600.jpg 600w, https:\/\/galerie-artima.com\/wp-content\/uploads\/2022\/03\/PHALIPPON-Sculpture-lumineuse-N\u00b01-60x23x23-cm-1200x1200--768x768.jpg 768w, https:\/\/galerie-artima.com\/wp-content\/uploads\/2022\/03\/PHALIPPON-Sculpture-lumineuse-N\u00b01-60x23x23-cm-1200x1200--800x800.jpg 800w, https:\/\/galerie-artima.com\/wp-content\/uploads\/2022\/03\/PHALIPPON-Sculpture-lumineuse-N\u00b01-60x23x23-cm-1200x1200--1024x1024.jpg 1024w, https:\/\/galerie-artima.com\/wp-content\/uploads\/2022\/03\/PHALIPPON-Sculpture-lumineuse-N\u00b01-60x23x23-cm-1200x1200-.jpg 1200w\" data-sizes=\"auto\" \/><div class=\"fusion-rollover\">\n\t<div class=\"fusion-rollover-content\">\n\n\t\t\t\t\n\t\t\n\t\t\t\t\t\t\t\t\n\t\t\t\t\t\t\t\t\n\t\t\n\t\t\t\t\t\t\t\t\t\t\t\t\t\t\t\n\t\t\t\t\t\t\n\t\t\t\t\t\t\t\t\t\t<div class=\"fusion-product-buttons\">\n\t\t\t\t\t<a href=\"\/en\/wp-json\/wp\/v2\/pages\/6?add-to-cart=7297\" aria-describedby=\"woocommerce_loop_add_to_cart_link_describedby_7297\" data-quantity=\"1\" class=\"button product_type_simple add_to_cart_button ajax_add_to_cart\" data-product_id=\"7297\" data-product_sku=\"\" aria-label=\"Add to cart: &ldquo;Richard Phalippon | Light Sculpture N\u00b01&rdquo;\" rel=\"nofollow\">Add to cart<\/a>\t<span id=\"woocommerce_loop_add_to_cart_link_describedby_7297\" class=\"screen-reader-text\">\n\t\t\t<\/span>\n<span class=\"fusion-rollover-linebreak\">\n\t\/<\/span>\n\n<a href=\"https:\/\/galerie-artima.com\/en\/shop\/richard-phalippon-light-sculpture-n1\" class=\"show_details_button\">\n\tDetails<\/a>\n\n\t\t\t\t<\/div>\n\t\t\t\t\t\t\t\t\t<a class=\"fusion-link-wrapper\" href=\"https:\/\/galerie-artima.com\/en\/shop\/richard-phalippon-light-sculpture-n1\" aria-label=\"Richard Phalippon | Light Sculpture N\u00b01\"><\/a>\n\t<\/div>\n<\/div>\n<\/div>\n<\/div>\n<div class=\"fusion-product-content\">\n\t<div class=\"product-details\">\n\t\t<div class=\"product-details-container\">\n<h3 class=\"product-title\">\n\t<a href=\"https:\/\/galerie-artima.com\/en\/shop\/richard-phalippon-light-sculpture-n1\">\n\t\tRichard Phalippon | Light Sculpture N\u00b01\t<\/a>\n<\/h3>\n<div class=\"fusion-price-rating\">\n\n\t<span class=\"price\"><span class=\"woocommerce-Price-amount amount\"><bdi>1500,00<span class=\"woocommerce-Price-currencySymbol\">&euro;<\/span><\/bdi><\/span><\/span>\n\t\t<\/div>\n\t<\/div>\n<\/div>\n\n\t<\/div> \n\n\n<\/div>\n<\/li>\n<li class=\"product type-product post-7339 status-publish last instock product_cat-all product_cat-sculpture-en has-post-thumbnail sold-individually shipping-taxable purchasable product-type-simple product-grid-view\">\n\t<div class=\"fusion-product-wrapper\">\n\n<div class=\"fusion-clean-product-image-wrapper \">\n\t<div  class=\"fusion-image-wrapper fusion-image-size-fixed\" aria-haspopup=\"true\">\n\t\t\t\t<img decoding=\"async\" width=\"500\" height=\"555\" src=\"https:\/\/galerie-artima.com\/wp-content\/uploads\/2022\/03\/PHALIPPON-Sculpture-lumineuse-N\u00b04-645x66x2cm-500x555.jpg\" class=\"attachment-woocommerce_thumbnail size-woocommerce_thumbnail lazyload wp-post-image\" alt=\"\" srcset=\"data:image\/svg+xml,%3Csvg%20xmlns%3D%27http%3A%2F%2Fwww.w3.org%2F2000%2Fsvg%27%20width%3D%271082%27%20height%3D%271200%27%20viewBox%3D%270%200%201082%201200%27%3E%3Crect%20width%3D%271082%27%20height%3D%271200%27%20fill-opacity%3D%220%22%2F%3E%3C%2Fsvg%3E\" data-orig-src=\"https:\/\/galerie-artima.com\/wp-content\/uploads\/2022\/03\/PHALIPPON-Sculpture-lumineuse-N\u00b04-645x66x2cm-500x555.jpg\" data-srcset=\"https:\/\/galerie-artima.com\/wp-content\/uploads\/2022\/03\/PHALIPPON-Sculpture-lumineuse-N\u00b04-645x66x2cm-200x222.jpg 200w, https:\/\/galerie-artima.com\/wp-content\/uploads\/2022\/03\/PHALIPPON-Sculpture-lumineuse-N\u00b04-645x66x2cm-271x300.jpg 271w, https:\/\/galerie-artima.com\/wp-content\/uploads\/2022\/03\/PHALIPPON-Sculpture-lumineuse-N\u00b04-645x66x2cm-400x444.jpg 400w, https:\/\/galerie-artima.com\/wp-content\/uploads\/2022\/03\/PHALIPPON-Sculpture-lumineuse-N\u00b04-645x66x2cm-500x555.jpg 500w, https:\/\/galerie-artima.com\/wp-content\/uploads\/2022\/03\/PHALIPPON-Sculpture-lumineuse-N\u00b04-645x66x2cm-600x665.jpg 600w, https:\/\/galerie-artima.com\/wp-content\/uploads\/2022\/03\/PHALIPPON-Sculpture-lumineuse-N\u00b04-645x66x2cm-768x852.jpg 768w, https:\/\/galerie-artima.com\/wp-content\/uploads\/2022\/03\/PHALIPPON-Sculpture-lumineuse-N\u00b04-645x66x2cm-800x887.jpg 800w, https:\/\/galerie-artima.com\/wp-content\/uploads\/2022\/03\/PHALIPPON-Sculpture-lumineuse-N\u00b04-645x66x2cm-923x1024.jpg 923w, https:\/\/galerie-artima.com\/wp-content\/uploads\/2022\/03\/PHALIPPON-Sculpture-lumineuse-N\u00b04-645x66x2cm.jpg 1082w\" data-sizes=\"auto\" \/><div class=\"fusion-rollover\">\n\t<div class=\"fusion-rollover-content\">\n\n\t\t\t\t\n\t\t\n\t\t\t\t\t\t\t\t\n\t\t\t\t\t\t\t\t\n\t\t\n\t\t\t\t\t\t\t\t\t\t\t\t\t\t\t\n\t\t\t\t\t\t\n\t\t\t\t\t\t\t\t\t\t<div class=\"fusion-product-buttons\">\n\t\t\t\t\t<a href=\"\/en\/wp-json\/wp\/v2\/pages\/6?add-to-cart=7339\" aria-describedby=\"woocommerce_loop_add_to_cart_link_describedby_7339\" data-quantity=\"1\" class=\"button product_type_simple add_to_cart_button ajax_add_to_cart\" data-product_id=\"7339\" data-product_sku=\"\" aria-label=\"Add to cart: &ldquo;Richard Phalippon | Light Sculpture N\u00b04&rdquo;\" rel=\"nofollow\">Add to cart<\/a>\t<span id=\"woocommerce_loop_add_to_cart_link_describedby_7339\" class=\"screen-reader-text\">\n\t\t\t<\/span>\n<span class=\"fusion-rollover-linebreak\">\n\t\/<\/span>\n\n<a href=\"https:\/\/galerie-artima.com\/en\/shop\/richard-phalippon-light-sculpture-n4\" class=\"show_details_button\">\n\tDetails<\/a>\n\n\t\t\t\t<\/div>\n\t\t\t\t\t\t\t\t\t<a class=\"fusion-link-wrapper\" href=\"https:\/\/galerie-artima.com\/en\/shop\/richard-phalippon-light-sculpture-n4\" aria-label=\"Richard Phalippon | Light Sculpture N\u00b04\"><\/a>\n\t<\/div>\n<\/div>\n<\/div>\n<\/div>\n<div class=\"fusion-product-content\">\n\t<div class=\"product-details\">\n\t\t<div class=\"product-details-container\">\n<h3 class=\"product-title\">\n\t<a href=\"https:\/\/galerie-artima.com\/en\/shop\/richard-phalippon-light-sculpture-n4\">\n\t\tRichard Phalippon | Light Sculpture N\u00b04\t<\/a>\n<\/h3>\n<div class=\"fusion-price-rating\">\n\n\t<span class=\"price\"><span class=\"woocommerce-Price-amount amount\"><bdi>900,00<span class=\"woocommerce-Price-currencySymbol\">&euro;<\/span><\/bdi><\/span><\/span>\n\t\t<\/div>\n\t<\/div>\n<\/div>\n\n\t<\/div> \n\n\n<\/div>\n<\/li>\n<li class=\"product type-product post-7341 status-publish first instock product_cat-all product_cat-sculpture-en has-post-thumbnail sold-individually shipping-taxable purchasable product-type-simple product-grid-view\">\n\t<div class=\"fusion-product-wrapper\">\n\n<div class=\"fusion-clean-product-image-wrapper \">\n\t<div  class=\"fusion-image-wrapper fusion-image-size-fixed\" aria-haspopup=\"true\">\n\t\t\t\t<img decoding=\"async\" width=\"500\" height=\"500\" src=\"https:\/\/galerie-artima.com\/wp-content\/uploads\/2022\/03\/PHALIPPON-Sculpture-Lumineuse-N\u00b05-415x18x18-cm-1200x1200--500x500.jpg\" class=\"attachment-woocommerce_thumbnail size-woocommerce_thumbnail lazyload wp-post-image\" alt=\"\" srcset=\"data:image\/svg+xml,%3Csvg%20xmlns%3D%27http%3A%2F%2Fwww.w3.org%2F2000%2Fsvg%27%20width%3D%271200%27%20height%3D%271200%27%20viewBox%3D%270%200%201200%201200%27%3E%3Crect%20width%3D%271200%27%20height%3D%271200%27%20fill-opacity%3D%220%22%2F%3E%3C%2Fsvg%3E\" data-orig-src=\"https:\/\/galerie-artima.com\/wp-content\/uploads\/2022\/03\/PHALIPPON-Sculpture-Lumineuse-N\u00b05-415x18x18-cm-1200x1200--500x500.jpg\" data-srcset=\"https:\/\/galerie-artima.com\/wp-content\/uploads\/2022\/03\/PHALIPPON-Sculpture-Lumineuse-N\u00b05-415x18x18-cm-1200x1200--66x66.jpg 66w, https:\/\/galerie-artima.com\/wp-content\/uploads\/2022\/03\/PHALIPPON-Sculpture-Lumineuse-N\u00b05-415x18x18-cm-1200x1200--96x96.jpg 96w, https:\/\/galerie-artima.com\/wp-content\/uploads\/2022\/03\/PHALIPPON-Sculpture-Lumineuse-N\u00b05-415x18x18-cm-1200x1200--150x150.jpg 150w, https:\/\/galerie-artima.com\/wp-content\/uploads\/2022\/03\/PHALIPPON-Sculpture-Lumineuse-N\u00b05-415x18x18-cm-1200x1200--200x200.jpg 200w, https:\/\/galerie-artima.com\/wp-content\/uploads\/2022\/03\/PHALIPPON-Sculpture-Lumineuse-N\u00b05-415x18x18-cm-1200x1200--300x300.jpg 300w, https:\/\/galerie-artima.com\/wp-content\/uploads\/2022\/03\/PHALIPPON-Sculpture-Lumineuse-N\u00b05-415x18x18-cm-1200x1200--400x400.jpg 400w, https:\/\/galerie-artima.com\/wp-content\/uploads\/2022\/03\/PHALIPPON-Sculpture-Lumineuse-N\u00b05-415x18x18-cm-1200x1200--500x500.jpg 500w, https:\/\/galerie-artima.com\/wp-content\/uploads\/2022\/03\/PHALIPPON-Sculpture-Lumineuse-N\u00b05-415x18x18-cm-1200x1200--600x600.jpg 600w, https:\/\/galerie-artima.com\/wp-content\/uploads\/2022\/03\/PHALIPPON-Sculpture-Lumineuse-N\u00b05-415x18x18-cm-1200x1200--768x768.jpg 768w, https:\/\/galerie-artima.com\/wp-content\/uploads\/2022\/03\/PHALIPPON-Sculpture-Lumineuse-N\u00b05-415x18x18-cm-1200x1200--800x800.jpg 800w, https:\/\/galerie-artima.com\/wp-content\/uploads\/2022\/03\/PHALIPPON-Sculpture-Lumineuse-N\u00b05-415x18x18-cm-1200x1200--1024x1024.jpg 1024w, https:\/\/galerie-artima.com\/wp-content\/uploads\/2022\/03\/PHALIPPON-Sculpture-Lumineuse-N\u00b05-415x18x18-cm-1200x1200-.jpg 1200w\" data-sizes=\"auto\" \/><div class=\"fusion-rollover\">\n\t<div class=\"fusion-rollover-content\">\n\n\t\t\t\t\n\t\t\n\t\t\t\t\t\t\t\t\n\t\t\t\t\t\t\t\t\n\t\t\n\t\t\t\t\t\t\t\t\t\t\t\t\t\t\t\n\t\t\t\t\t\t\n\t\t\t\t\t\t\t\t\t\t<div class=\"fusion-product-buttons\">\n\t\t\t\t\t<a href=\"\/en\/wp-json\/wp\/v2\/pages\/6?add-to-cart=7341\" aria-describedby=\"woocommerce_loop_add_to_cart_link_describedby_7341\" data-quantity=\"1\" class=\"button product_type_simple add_to_cart_button ajax_add_to_cart\" data-product_id=\"7341\" data-product_sku=\"\" aria-label=\"Add to cart: &ldquo;Richard Phalippon | Light Sculpture N\u00b05&rdquo;\" rel=\"nofollow\">Add to cart<\/a>\t<span id=\"woocommerce_loop_add_to_cart_link_describedby_7341\" class=\"screen-reader-text\">\n\t\t\t<\/span>\n<span class=\"fusion-rollover-linebreak\">\n\t\/<\/span>\n\n<a href=\"https:\/\/galerie-artima.com\/en\/shop\/richard-phalippon-light-sculpture-n5\" class=\"show_details_button\">\n\tDetails<\/a>\n\n\t\t\t\t<\/div>\n\t\t\t\t\t\t\t\t\t<a class=\"fusion-link-wrapper\" href=\"https:\/\/galerie-artima.com\/en\/shop\/richard-phalippon-light-sculpture-n5\" aria-label=\"Richard Phalippon | Light Sculpture N\u00b05\"><\/a>\n\t<\/div>\n<\/div>\n<\/div>\n<\/div>\n<div class=\"fusion-product-content\">\n\t<div class=\"product-details\">\n\t\t<div class=\"product-details-container\">\n<h3 class=\"product-title\">\n\t<a href=\"https:\/\/galerie-artima.com\/en\/shop\/richard-phalippon-light-sculpture-n5\">\n\t\tRichard Phalippon | Light Sculpture N\u00b05\t<\/a>\n<\/h3>\n<div class=\"fusion-price-rating\">\n\n\t<span class=\"price\"><span class=\"woocommerce-Price-amount amount\"><bdi>400,00<span class=\"woocommerce-Price-currencySymbol\">&euro;<\/span><\/bdi><\/span><\/span>\n\t\t<\/div>\n\t<\/div>\n<\/div>\n\n\t<\/div> \n\n\n<\/div>\n<\/li>\n<\/ul><div class=\"fusion-woo-product-grid-pagination fusion-clearfix infinite-scroll infinite-scroll-hide\"><\/div><\/div>\n<\/div><div class=\"nav fusion-mobile-tab-nav\"><ul class=\"nav-tabs\" role=\"tablist\"><li role=\"presentation\"><a class=\"tab-link\" data-toggle=\"tab\" role=\"tab\" aria-controls=\"tab-6ccc80d6229d9aebe85\" aria-selected=\"false\" tabindex=\"-1\" id=\"mobile-fusion-tab-sculpture\" href=\"#tab-6ccc80d6229d9aebe85\"><h4 class=\"fusion-tab-heading\">SCULPTURE<\/h4><\/a><\/li><\/ul><\/div><div class=\"tab-pane fade fusion-clearfix\" role=\"tabpanel\" tabindex=\"0\" aria-labelledby=\"fusion-tab-sculpture\" id=\"tab-6ccc80d6229d9aebe85\">\n<div class=\"woocommerce columns-4 \"><ul class=\"products clearfix products-4\">\n<li class=\"product type-product post-3949 status-publish first instock product_cat-sculpture product_cat-tout has-post-thumbnail sold-individually shipping-taxable purchasable product-type-simple product-grid-view\">\n\t<div class=\"fusion-product-wrapper\">\n\n<div class=\"fusion-clean-product-image-wrapper \">\n\t<div  class=\"fusion-image-wrapper fusion-image-size-fixed\" aria-haspopup=\"true\">\n\t\t\t\t<img decoding=\"async\" width=\"500\" height=\"500\" src=\"https:\/\/galerie-artima.com\/wp-content\/uploads\/2022\/01\/BRUNO-HELGEN-Globe-O30cm-1000-holes-graphite-2-1-500x500.jpg\" class=\"attachment-woocommerce_thumbnail size-woocommerce_thumbnail lazyload wp-post-image\" alt=\"bruno helgen globe o30cm 1000 holes graphite 2 1\" srcset=\"data:image\/svg+xml,%3Csvg%20xmlns%3D%27http%3A%2F%2Fwww.w3.org%2F2000%2Fsvg%27%20width%3D%271200%27%20height%3D%271200%27%20viewBox%3D%270%200%201200%201200%27%3E%3Crect%20width%3D%271200%27%20height%3D%271200%27%20fill-opacity%3D%220%22%2F%3E%3C%2Fsvg%3E\" data-orig-src=\"https:\/\/galerie-artima.com\/wp-content\/uploads\/2022\/01\/BRUNO-HELGEN-Globe-O30cm-1000-holes-graphite-2-1-500x500.jpg\" data-srcset=\"https:\/\/galerie-artima.com\/wp-content\/uploads\/2022\/01\/BRUNO-HELGEN-Globe-O30cm-1000-holes-graphite-2-1-66x66.jpg 66w, https:\/\/galerie-artima.com\/wp-content\/uploads\/2022\/01\/BRUNO-HELGEN-Globe-O30cm-1000-holes-graphite-2-1-96x96.jpg 96w, https:\/\/galerie-artima.com\/wp-content\/uploads\/2022\/01\/BRUNO-HELGEN-Globe-O30cm-1000-holes-graphite-2-1-150x150.jpg 150w, https:\/\/galerie-artima.com\/wp-content\/uploads\/2022\/01\/BRUNO-HELGEN-Globe-O30cm-1000-holes-graphite-2-1-200x200.jpg 200w, https:\/\/galerie-artima.com\/wp-content\/uploads\/2022\/01\/BRUNO-HELGEN-Globe-O30cm-1000-holes-graphite-2-1-300x300.jpg 300w, https:\/\/galerie-artima.com\/wp-content\/uploads\/2022\/01\/BRUNO-HELGEN-Globe-O30cm-1000-holes-graphite-2-1-400x400.jpg 400w, https:\/\/galerie-artima.com\/wp-content\/uploads\/2022\/01\/BRUNO-HELGEN-Globe-O30cm-1000-holes-graphite-2-1-500x500.jpg 500w, https:\/\/galerie-artima.com\/wp-content\/uploads\/2022\/01\/BRUNO-HELGEN-Globe-O30cm-1000-holes-graphite-2-1-600x600.jpg 600w, https:\/\/galerie-artima.com\/wp-content\/uploads\/2022\/01\/BRUNO-HELGEN-Globe-O30cm-1000-holes-graphite-2-1-768x768.jpg 768w, https:\/\/galerie-artima.com\/wp-content\/uploads\/2022\/01\/BRUNO-HELGEN-Globe-O30cm-1000-holes-graphite-2-1-800x800.jpg 800w, https:\/\/galerie-artima.com\/wp-content\/uploads\/2022\/01\/BRUNO-HELGEN-Globe-O30cm-1000-holes-graphite-2-1-1024x1024.jpg 1024w, https:\/\/galerie-artima.com\/wp-content\/uploads\/2022\/01\/BRUNO-HELGEN-Globe-O30cm-1000-holes-graphite-2-1.jpg 1200w\" data-sizes=\"auto\" \/><div class=\"fusion-rollover\">\n\t<div class=\"fusion-rollover-content\">\n\n\t\t\t\t\n\t\t\n\t\t\t\t\t\t\t\t\n\t\t\t\t\t\t\t\t\n\t\t\n\t\t\t\t\t\t\t\t\t\t\t\t\t\t\t\n\t\t\t\t\t\t\n\t\t\t\t\t\t\t\t\t\t<div class=\"fusion-product-buttons\">\n\t\t\t\t\t<a href=\"\/en\/wp-json\/wp\/v2\/pages\/6?add-to-cart=3949\" aria-describedby=\"woocommerce_loop_add_to_cart_link_describedby_3949\" data-quantity=\"1\" class=\"button product_type_simple add_to_cart_button ajax_add_to_cart\" data-product_id=\"3949\" data-product_sku=\"\" aria-label=\"Add to cart: &ldquo;Bruno Helgen | Globe 1000 holes 35cm&rdquo;\" rel=\"nofollow\">Add to cart<\/a>\t<span id=\"woocommerce_loop_add_to_cart_link_describedby_3949\" class=\"screen-reader-text\">\n\t\t\t<\/span>\n<span class=\"fusion-rollover-linebreak\">\n\t\/<\/span>\n\n<a href=\"https:\/\/galerie-artima.com\/shop\/bruno-helgen-globe-1000-holes-35cm\" class=\"show_details_button\">\n\tDetails<\/a>\n\n\t\t\t\t<\/div>\n\t\t\t\t\t\t\t\t\t<a class=\"fusion-link-wrapper\" href=\"https:\/\/galerie-artima.com\/shop\/bruno-helgen-globe-1000-holes-35cm\" aria-label=\"Bruno Helgen | Globe 1000 holes 35cm\"><\/a>\n\t<\/div>\n<\/div>\n<\/div>\n<\/div>\n<div class=\"fusion-product-content\">\n\t<div class=\"product-details\">\n\t\t<div class=\"product-details-container\">\n<h3 class=\"product-title\">\n\t<a href=\"https:\/\/galerie-artima.com\/shop\/bruno-helgen-globe-1000-holes-35cm\">\n\t\tBruno Helgen | Globe 1000 holes 35cm\t<\/a>\n<\/h3>\n<div class=\"fusion-price-rating\">\n\n\t<span class=\"price\"><span class=\"woocommerce-Price-amount amount\"><bdi>4500,00<span class=\"woocommerce-Price-currencySymbol\">&euro;<\/span><\/bdi><\/span><\/span>\n\t\t<\/div>\n\t<\/div>\n<\/div>\n\n\t<\/div> \n\n\n<\/div>\n<\/li>\n<li class=\"product type-product post-3953 status-publish instock product_cat-sculpture product_cat-tout has-post-thumbnail sold-individually shipping-taxable purchasable product-type-simple product-grid-view\">\n\t<div class=\"fusion-product-wrapper\">\n\n<div class=\"fusion-clean-product-image-wrapper \">\n\t<div  class=\"fusion-image-wrapper fusion-image-size-fixed\" aria-haspopup=\"true\">\n\t\t\t\t<img decoding=\"async\" width=\"500\" height=\"500\" src=\"https:\/\/galerie-artima.com\/wp-content\/uploads\/2022\/10\/BRUNO-HELGEN-Globe-O30cm-Golden-Lines-2-500x500.jpg\" class=\"attachment-woocommerce_thumbnail size-woocommerce_thumbnail lazyload wp-post-image\" alt=\"bruno helgen globe o30cm golden lines 2\" srcset=\"data:image\/svg+xml,%3Csvg%20xmlns%3D%27http%3A%2F%2Fwww.w3.org%2F2000%2Fsvg%27%20width%3D%271200%27%20height%3D%271200%27%20viewBox%3D%270%200%201200%201200%27%3E%3Crect%20width%3D%271200%27%20height%3D%271200%27%20fill-opacity%3D%220%22%2F%3E%3C%2Fsvg%3E\" data-orig-src=\"https:\/\/galerie-artima.com\/wp-content\/uploads\/2022\/10\/BRUNO-HELGEN-Globe-O30cm-Golden-Lines-2-500x500.jpg\" data-srcset=\"https:\/\/galerie-artima.com\/wp-content\/uploads\/2022\/10\/BRUNO-HELGEN-Globe-O30cm-Golden-Lines-2-66x66.jpg 66w, https:\/\/galerie-artima.com\/wp-content\/uploads\/2022\/10\/BRUNO-HELGEN-Globe-O30cm-Golden-Lines-2-96x96.jpg 96w, https:\/\/galerie-artima.com\/wp-content\/uploads\/2022\/10\/BRUNO-HELGEN-Globe-O30cm-Golden-Lines-2-150x150.jpg 150w, https:\/\/galerie-artima.com\/wp-content\/uploads\/2022\/10\/BRUNO-HELGEN-Globe-O30cm-Golden-Lines-2-200x200.jpg 200w, https:\/\/galerie-artima.com\/wp-content\/uploads\/2022\/10\/BRUNO-HELGEN-Globe-O30cm-Golden-Lines-2-300x300.jpg 300w, https:\/\/galerie-artima.com\/wp-content\/uploads\/2022\/10\/BRUNO-HELGEN-Globe-O30cm-Golden-Lines-2-400x400.jpg 400w, https:\/\/galerie-artima.com\/wp-content\/uploads\/2022\/10\/BRUNO-HELGEN-Globe-O30cm-Golden-Lines-2-500x500.jpg 500w, https:\/\/galerie-artima.com\/wp-content\/uploads\/2022\/10\/BRUNO-HELGEN-Globe-O30cm-Golden-Lines-2-600x600.jpg 600w, https:\/\/galerie-artima.com\/wp-content\/uploads\/2022\/10\/BRUNO-HELGEN-Globe-O30cm-Golden-Lines-2-768x768.jpg 768w, https:\/\/galerie-artima.com\/wp-content\/uploads\/2022\/10\/BRUNO-HELGEN-Globe-O30cm-Golden-Lines-2-800x800.jpg 800w, https:\/\/galerie-artima.com\/wp-content\/uploads\/2022\/10\/BRUNO-HELGEN-Globe-O30cm-Golden-Lines-2-1024x1024.jpg 1024w, https:\/\/galerie-artima.com\/wp-content\/uploads\/2022\/10\/BRUNO-HELGEN-Globe-O30cm-Golden-Lines-2.jpg 1200w\" data-sizes=\"auto\" \/><div class=\"fusion-rollover\">\n\t<div class=\"fusion-rollover-content\">\n\n\t\t\t\t\n\t\t\n\t\t\t\t\t\t\t\t\n\t\t\t\t\t\t\t\t\n\t\t\n\t\t\t\t\t\t\t\t\t\t\t\t\t\t\t\n\t\t\t\t\t\t\n\t\t\t\t\t\t\t\t\t\t<div class=\"fusion-product-buttons\">\n\t\t\t\t\t<a href=\"\/en\/wp-json\/wp\/v2\/pages\/6?add-to-cart=3953\" aria-describedby=\"woocommerce_loop_add_to_cart_link_describedby_3953\" data-quantity=\"1\" class=\"button product_type_simple add_to_cart_button ajax_add_to_cart\" data-product_id=\"3953\" data-product_sku=\"\" aria-label=\"Add to cart: &ldquo;Bruno Helgen | Globe Golden Lines 30cm&rdquo;\" rel=\"nofollow\">Add to cart<\/a>\t<span id=\"woocommerce_loop_add_to_cart_link_describedby_3953\" class=\"screen-reader-text\">\n\t\t\t<\/span>\n<span class=\"fusion-rollover-linebreak\">\n\t\/<\/span>\n\n<a href=\"https:\/\/galerie-artima.com\/shop\/bruno-helgen-golden-lines-30cm\" class=\"show_details_button\">\n\tDetails<\/a>\n\n\t\t\t\t<\/div>\n\t\t\t\t\t\t\t\t\t<a class=\"fusion-link-wrapper\" href=\"https:\/\/galerie-artima.com\/shop\/bruno-helgen-golden-lines-30cm\" aria-label=\"Bruno Helgen | Globe Golden Lines 30cm\"><\/a>\n\t<\/div>\n<\/div>\n<\/div>\n<\/div>\n<div class=\"fusion-product-content\">\n\t<div class=\"product-details\">\n\t\t<div class=\"product-details-container\">\n<h3 class=\"product-title\">\n\t<a href=\"https:\/\/galerie-artima.com\/shop\/bruno-helgen-golden-lines-30cm\">\n\t\tBruno Helgen | Globe Golden Lines 30cm\t<\/a>\n<\/h3>\n<div class=\"fusion-price-rating\">\n\n\t<span class=\"price\"><span class=\"woocommerce-Price-amount amount\"><bdi>3500,00<span class=\"woocommerce-Price-currencySymbol\">&euro;<\/span><\/bdi><\/span><\/span>\n\t\t<\/div>\n\t<\/div>\n<\/div>\n\n\t<\/div> \n\n\n<\/div>\n<\/li>\n<li class=\"product type-product post-7178 status-publish instock product_cat-sculpture product_cat-tout has-post-thumbnail sold-individually shipping-taxable purchasable product-type-simple product-grid-view\">\n\t<div class=\"fusion-product-wrapper\">\n\n<div class=\"fusion-clean-product-image-wrapper \">\n\t<div  class=\"fusion-image-wrapper fusion-image-size-fixed\" aria-haspopup=\"true\">\n\t\t\t\t<img decoding=\"async\" width=\"500\" height=\"500\" src=\"https:\/\/galerie-artima.com\/wp-content\/uploads\/2022\/10\/BRUNO-HELGEN-White-Peace-30cm-Racine-de-Teck-et-sable-2-500x500.jpg\" class=\"attachment-woocommerce_thumbnail size-woocommerce_thumbnail lazyload wp-post-image\" alt=\"bruno helgen white peace 30cm racine de teck et sable 2\" srcset=\"data:image\/svg+xml,%3Csvg%20xmlns%3D%27http%3A%2F%2Fwww.w3.org%2F2000%2Fsvg%27%20width%3D%271200%27%20height%3D%271200%27%20viewBox%3D%270%200%201200%201200%27%3E%3Crect%20width%3D%271200%27%20height%3D%271200%27%20fill-opacity%3D%220%22%2F%3E%3C%2Fsvg%3E\" data-orig-src=\"https:\/\/galerie-artima.com\/wp-content\/uploads\/2022\/10\/BRUNO-HELGEN-White-Peace-30cm-Racine-de-Teck-et-sable-2-500x500.jpg\" data-srcset=\"https:\/\/galerie-artima.com\/wp-content\/uploads\/2022\/10\/BRUNO-HELGEN-White-Peace-30cm-Racine-de-Teck-et-sable-2-66x66.jpg 66w, https:\/\/galerie-artima.com\/wp-content\/uploads\/2022\/10\/BRUNO-HELGEN-White-Peace-30cm-Racine-de-Teck-et-sable-2-96x96.jpg 96w, https:\/\/galerie-artima.com\/wp-content\/uploads\/2022\/10\/BRUNO-HELGEN-White-Peace-30cm-Racine-de-Teck-et-sable-2-150x150.jpg 150w, https:\/\/galerie-artima.com\/wp-content\/uploads\/2022\/10\/BRUNO-HELGEN-White-Peace-30cm-Racine-de-Teck-et-sable-2-200x200.jpg 200w, https:\/\/galerie-artima.com\/wp-content\/uploads\/2022\/10\/BRUNO-HELGEN-White-Peace-30cm-Racine-de-Teck-et-sable-2-300x300.jpg 300w, https:\/\/galerie-artima.com\/wp-content\/uploads\/2022\/10\/BRUNO-HELGEN-White-Peace-30cm-Racine-de-Teck-et-sable-2-400x400.jpg 400w, https:\/\/galerie-artima.com\/wp-content\/uploads\/2022\/10\/BRUNO-HELGEN-White-Peace-30cm-Racine-de-Teck-et-sable-2-500x500.jpg 500w, https:\/\/galerie-artima.com\/wp-content\/uploads\/2022\/10\/BRUNO-HELGEN-White-Peace-30cm-Racine-de-Teck-et-sable-2-600x600.jpg 600w, https:\/\/galerie-artima.com\/wp-content\/uploads\/2022\/10\/BRUNO-HELGEN-White-Peace-30cm-Racine-de-Teck-et-sable-2-768x768.jpg 768w, https:\/\/galerie-artima.com\/wp-content\/uploads\/2022\/10\/BRUNO-HELGEN-White-Peace-30cm-Racine-de-Teck-et-sable-2-800x800.jpg 800w, https:\/\/galerie-artima.com\/wp-content\/uploads\/2022\/10\/BRUNO-HELGEN-White-Peace-30cm-Racine-de-Teck-et-sable-2-1024x1024.jpg 1024w, https:\/\/galerie-artima.com\/wp-content\/uploads\/2022\/10\/BRUNO-HELGEN-White-Peace-30cm-Racine-de-Teck-et-sable-2.jpg 1200w\" data-sizes=\"auto\" \/><div class=\"fusion-rollover\">\n\t<div class=\"fusion-rollover-content\">\n\n\t\t\t\t\n\t\t\n\t\t\t\t\t\t\t\t\n\t\t\t\t\t\t\t\t\n\t\t\n\t\t\t\t\t\t\t\t\t\t\t\t\t\t\t\n\t\t\t\t\t\t\n\t\t\t\t\t\t\t\t\t\t<div class=\"fusion-product-buttons\">\n\t\t\t\t\t<a href=\"\/en\/wp-json\/wp\/v2\/pages\/6?add-to-cart=7178\" aria-describedby=\"woocommerce_loop_add_to_cart_link_describedby_7178\" data-quantity=\"1\" class=\"button product_type_simple add_to_cart_button ajax_add_to_cart\" data-product_id=\"7178\" data-product_sku=\"\" aria-label=\"Add to cart: &ldquo;Bruno Helgen | Globe White sand 30cm&rdquo;\" rel=\"nofollow\">Add to cart<\/a>\t<span id=\"woocommerce_loop_add_to_cart_link_describedby_7178\" class=\"screen-reader-text\">\n\t\t\t<\/span>\n<span class=\"fusion-rollover-linebreak\">\n\t\/<\/span>\n\n<a href=\"https:\/\/galerie-artima.com\/shop\/bruno-helgen-white-sand-30cm\" class=\"show_details_button\">\n\tDetails<\/a>\n\n\t\t\t\t<\/div>\n\t\t\t\t\t\t\t\t\t<a class=\"fusion-link-wrapper\" href=\"https:\/\/galerie-artima.com\/shop\/bruno-helgen-white-sand-30cm\" aria-label=\"Bruno Helgen | Globe White sand 30cm\"><\/a>\n\t<\/div>\n<\/div>\n<\/div>\n<\/div>\n<div class=\"fusion-product-content\">\n\t<div class=\"product-details\">\n\t\t<div class=\"product-details-container\">\n<h3 class=\"product-title\">\n\t<a href=\"https:\/\/galerie-artima.com\/shop\/bruno-helgen-white-sand-30cm\">\n\t\tBruno Helgen | Globe White sand 30cm\t<\/a>\n<\/h3>\n<div class=\"fusion-price-rating\">\n\n\t<span class=\"price\"><span class=\"woocommerce-Price-amount amount\"><bdi>2500,00<span class=\"woocommerce-Price-currencySymbol\">&euro;<\/span><\/bdi><\/span><\/span>\n\t\t<\/div>\n\t<\/div>\n<\/div>\n\n\t<\/div> \n\n\n<\/div>\n<\/li>\n<li class=\"product type-product post-3975 status-publish last instock product_cat-dessin product_cat-sculpture product_cat-tout has-post-thumbnail sold-individually shipping-taxable purchasable product-type-simple product-grid-view\">\n\t<div class=\"fusion-product-wrapper\">\n\n<div class=\"fusion-clean-product-image-wrapper \">\n\t<div  class=\"fusion-image-wrapper fusion-image-size-fixed\" aria-haspopup=\"true\">\n\t\t\t\t<img decoding=\"async\" width=\"500\" height=\"500\" src=\"https:\/\/galerie-artima.com\/wp-content\/uploads\/2024\/02\/CLAIRE-FANJUL-Oeuf-a-lhyppocampe-Feutre-Posca-sur-coquille-doeuf-18x15cm-2024-3-500x500.jpg\" class=\"attachment-woocommerce_thumbnail size-woocommerce_thumbnail lazyload wp-post-image\" alt=\"claire fanjul oeuf a lhyppocampe feutre posca sur coquille doeuf 18x15cm 2024 3\" srcset=\"data:image\/svg+xml,%3Csvg%20xmlns%3D%27http%3A%2F%2Fwww.w3.org%2F2000%2Fsvg%27%20width%3D%271200%27%20height%3D%271200%27%20viewBox%3D%270%200%201200%201200%27%3E%3Crect%20width%3D%271200%27%20height%3D%271200%27%20fill-opacity%3D%220%22%2F%3E%3C%2Fsvg%3E\" data-orig-src=\"https:\/\/galerie-artima.com\/wp-content\/uploads\/2024\/02\/CLAIRE-FANJUL-Oeuf-a-lhyppocampe-Feutre-Posca-sur-coquille-doeuf-18x15cm-2024-3-500x500.jpg\" data-srcset=\"https:\/\/galerie-artima.com\/wp-content\/uploads\/2024\/02\/CLAIRE-FANJUL-Oeuf-a-lhyppocampe-Feutre-Posca-sur-coquille-doeuf-18x15cm-2024-3-66x66.jpg 66w, https:\/\/galerie-artima.com\/wp-content\/uploads\/2024\/02\/CLAIRE-FANJUL-Oeuf-a-lhyppocampe-Feutre-Posca-sur-coquille-doeuf-18x15cm-2024-3-96x96.jpg 96w, https:\/\/galerie-artima.com\/wp-content\/uploads\/2024\/02\/CLAIRE-FANJUL-Oeuf-a-lhyppocampe-Feutre-Posca-sur-coquille-doeuf-18x15cm-2024-3-150x150.jpg 150w, https:\/\/galerie-artima.com\/wp-content\/uploads\/2024\/02\/CLAIRE-FANJUL-Oeuf-a-lhyppocampe-Feutre-Posca-sur-coquille-doeuf-18x15cm-2024-3-200x200.jpg 200w, https:\/\/galerie-artima.com\/wp-content\/uploads\/2024\/02\/CLAIRE-FANJUL-Oeuf-a-lhyppocampe-Feutre-Posca-sur-coquille-doeuf-18x15cm-2024-3-300x300.jpg 300w, https:\/\/galerie-artima.com\/wp-content\/uploads\/2024\/02\/CLAIRE-FANJUL-Oeuf-a-lhyppocampe-Feutre-Posca-sur-coquille-doeuf-18x15cm-2024-3-400x400.jpg 400w, https:\/\/galerie-artima.com\/wp-content\/uploads\/2024\/02\/CLAIRE-FANJUL-Oeuf-a-lhyppocampe-Feutre-Posca-sur-coquille-doeuf-18x15cm-2024-3-500x500.jpg 500w, https:\/\/galerie-artima.com\/wp-content\/uploads\/2024\/02\/CLAIRE-FANJUL-Oeuf-a-lhyppocampe-Feutre-Posca-sur-coquille-doeuf-18x15cm-2024-3-600x600.jpg 600w, https:\/\/galerie-artima.com\/wp-content\/uploads\/2024\/02\/CLAIRE-FANJUL-Oeuf-a-lhyppocampe-Feutre-Posca-sur-coquille-doeuf-18x15cm-2024-3-768x768.jpg 768w, https:\/\/galerie-artima.com\/wp-content\/uploads\/2024\/02\/CLAIRE-FANJUL-Oeuf-a-lhyppocampe-Feutre-Posca-sur-coquille-doeuf-18x15cm-2024-3-800x800.jpg 800w, https:\/\/galerie-artima.com\/wp-content\/uploads\/2024\/02\/CLAIRE-FANJUL-Oeuf-a-lhyppocampe-Feutre-Posca-sur-coquille-doeuf-18x15cm-2024-3-1024x1024.jpg 1024w, https:\/\/galerie-artima.com\/wp-content\/uploads\/2024\/02\/CLAIRE-FANJUL-Oeuf-a-lhyppocampe-Feutre-Posca-sur-coquille-doeuf-18x15cm-2024-3.jpg 1200w\" data-sizes=\"auto\" \/><div class=\"fusion-rollover\">\n\t<div class=\"fusion-rollover-content\">\n\n\t\t\t\t\n\t\t\n\t\t\t\t\t\t\t\t\n\t\t\t\t\t\t\t\t\n\t\t\n\t\t\t\t\t\t\t\t\t\t\t\t\t\t\t\n\t\t\t\t\t\t\n\t\t\t\t\t\t\t\t\t\t<div class=\"fusion-product-buttons\">\n\t\t\t\t\t<a href=\"\/en\/wp-json\/wp\/v2\/pages\/6?add-to-cart=3975\" aria-describedby=\"woocommerce_loop_add_to_cart_link_describedby_3975\" data-quantity=\"1\" class=\"button product_type_simple add_to_cart_button ajax_add_to_cart\" data-product_id=\"3975\" data-product_sku=\"\" aria-label=\"Add to cart: &ldquo;Claire Fanjul I L&#039;oeuf \u00e0 l&#039;hyppocampe&rdquo;\" rel=\"nofollow\">Add to cart<\/a>\t<span id=\"woocommerce_loop_add_to_cart_link_describedby_3975\" class=\"screen-reader-text\">\n\t\t\t<\/span>\n<span class=\"fusion-rollover-linebreak\">\n\t\/<\/span>\n\n<a href=\"https:\/\/galerie-artima.com\/shop\/claire-fanjul-loeuf-a-lhyppocampe\" class=\"show_details_button\">\n\tDetails<\/a>\n\n\t\t\t\t<\/div>\n\t\t\t\t\t\t\t\t\t<a class=\"fusion-link-wrapper\" href=\"https:\/\/galerie-artima.com\/shop\/claire-fanjul-loeuf-a-lhyppocampe\" aria-label=\"Claire Fanjul I L&#8217;oeuf \u00e0 l&#8217;hyppocampe\"><\/a>\n\t<\/div>\n<\/div>\n<\/div>\n<\/div>\n<div class=\"fusion-product-content\">\n\t<div class=\"product-details\">\n\t\t<div class=\"product-details-container\">\n<h3 class=\"product-title\">\n\t<a href=\"https:\/\/galerie-artima.com\/shop\/claire-fanjul-loeuf-a-lhyppocampe\">\n\t\tClaire Fanjul I L&#8217;oeuf \u00e0 l&#8217;hyppocampe\t<\/a>\n<\/h3>\n<div class=\"fusion-price-rating\">\n\n\t<span class=\"price\"><span class=\"woocommerce-Price-amount amount\"><bdi>1300,00<span class=\"woocommerce-Price-currencySymbol\">&euro;<\/span><\/bdi><\/span><\/span>\n\t\t<\/div>\n\t<\/div>\n<\/div>\n\n\t<\/div> \n\n\n<\/div>\n<\/li>\n<li class=\"product type-product post-7394 status-publish first instock product_cat-dessin product_cat-sculpture product_cat-tout has-post-thumbnail sold-individually shipping-taxable purchasable product-type-simple product-grid-view\">\n\t<div class=\"fusion-product-wrapper\">\n\n<div class=\"fusion-clean-product-image-wrapper \">\n\t<div  class=\"fusion-image-wrapper fusion-image-size-fixed\" aria-haspopup=\"true\">\n\t\t\t\t<img decoding=\"async\" width=\"500\" height=\"500\" src=\"https:\/\/galerie-artima.com\/wp-content\/uploads\/2024\/02\/CLAIRE-FANJUL-Oeuf-au-poisson-a-bec-Feutre-Posca-sur-coquille-doeuf-18x15cm-2023-3-500x500.jpg\" class=\"attachment-woocommerce_thumbnail size-woocommerce_thumbnail lazyload wp-post-image\" alt=\"claire fanjul oeuf au poisson a bec feutre posca sur coquille doeuf 18x15cm 2023 3\" srcset=\"data:image\/svg+xml,%3Csvg%20xmlns%3D%27http%3A%2F%2Fwww.w3.org%2F2000%2Fsvg%27%20width%3D%271200%27%20height%3D%271200%27%20viewBox%3D%270%200%201200%201200%27%3E%3Crect%20width%3D%271200%27%20height%3D%271200%27%20fill-opacity%3D%220%22%2F%3E%3C%2Fsvg%3E\" data-orig-src=\"https:\/\/galerie-artima.com\/wp-content\/uploads\/2024\/02\/CLAIRE-FANJUL-Oeuf-au-poisson-a-bec-Feutre-Posca-sur-coquille-doeuf-18x15cm-2023-3-500x500.jpg\" data-srcset=\"https:\/\/galerie-artima.com\/wp-content\/uploads\/2024\/02\/CLAIRE-FANJUL-Oeuf-au-poisson-a-bec-Feutre-Posca-sur-coquille-doeuf-18x15cm-2023-3-66x66.jpg 66w, https:\/\/galerie-artima.com\/wp-content\/uploads\/2024\/02\/CLAIRE-FANJUL-Oeuf-au-poisson-a-bec-Feutre-Posca-sur-coquille-doeuf-18x15cm-2023-3-96x96.jpg 96w, https:\/\/galerie-artima.com\/wp-content\/uploads\/2024\/02\/CLAIRE-FANJUL-Oeuf-au-poisson-a-bec-Feutre-Posca-sur-coquille-doeuf-18x15cm-2023-3-150x150.jpg 150w, https:\/\/galerie-artima.com\/wp-content\/uploads\/2024\/02\/CLAIRE-FANJUL-Oeuf-au-poisson-a-bec-Feutre-Posca-sur-coquille-doeuf-18x15cm-2023-3-200x200.jpg 200w, https:\/\/galerie-artima.com\/wp-content\/uploads\/2024\/02\/CLAIRE-FANJUL-Oeuf-au-poisson-a-bec-Feutre-Posca-sur-coquille-doeuf-18x15cm-2023-3-300x300.jpg 300w, https:\/\/galerie-artima.com\/wp-content\/uploads\/2024\/02\/CLAIRE-FANJUL-Oeuf-au-poisson-a-bec-Feutre-Posca-sur-coquille-doeuf-18x15cm-2023-3-400x400.jpg 400w, https:\/\/galerie-artima.com\/wp-content\/uploads\/2024\/02\/CLAIRE-FANJUL-Oeuf-au-poisson-a-bec-Feutre-Posca-sur-coquille-doeuf-18x15cm-2023-3-500x500.jpg 500w, https:\/\/galerie-artima.com\/wp-content\/uploads\/2024\/02\/CLAIRE-FANJUL-Oeuf-au-poisson-a-bec-Feutre-Posca-sur-coquille-doeuf-18x15cm-2023-3-600x600.jpg 600w, https:\/\/galerie-artima.com\/wp-content\/uploads\/2024\/02\/CLAIRE-FANJUL-Oeuf-au-poisson-a-bec-Feutre-Posca-sur-coquille-doeuf-18x15cm-2023-3-768x768.jpg 768w, https:\/\/galerie-artima.com\/wp-content\/uploads\/2024\/02\/CLAIRE-FANJUL-Oeuf-au-poisson-a-bec-Feutre-Posca-sur-coquille-doeuf-18x15cm-2023-3-800x800.jpg 800w, https:\/\/galerie-artima.com\/wp-content\/uploads\/2024\/02\/CLAIRE-FANJUL-Oeuf-au-poisson-a-bec-Feutre-Posca-sur-coquille-doeuf-18x15cm-2023-3-1024x1024.jpg 1024w, https:\/\/galerie-artima.com\/wp-content\/uploads\/2024\/02\/CLAIRE-FANJUL-Oeuf-au-poisson-a-bec-Feutre-Posca-sur-coquille-doeuf-18x15cm-2023-3.jpg 1200w\" data-sizes=\"auto\" \/><div class=\"fusion-rollover\">\n\t<div class=\"fusion-rollover-content\">\n\n\t\t\t\t\n\t\t\n\t\t\t\t\t\t\t\t\n\t\t\t\t\t\t\t\t\n\t\t\n\t\t\t\t\t\t\t\t\t\t\t\t\t\t\t\n\t\t\t\t\t\t\n\t\t\t\t\t\t\t\t\t\t<div class=\"fusion-product-buttons\">\n\t\t\t\t\t<a href=\"\/en\/wp-json\/wp\/v2\/pages\/6?add-to-cart=7394\" aria-describedby=\"woocommerce_loop_add_to_cart_link_describedby_7394\" data-quantity=\"1\" class=\"button product_type_simple add_to_cart_button ajax_add_to_cart\" data-product_id=\"7394\" data-product_sku=\"\" aria-label=\"Add to cart: &ldquo;Claire Fanjul | Oeuf au poisson \u00e0 bec&rdquo;\" rel=\"nofollow\">Add to cart<\/a>\t<span id=\"woocommerce_loop_add_to_cart_link_describedby_7394\" class=\"screen-reader-text\">\n\t\t\t<\/span>\n<span class=\"fusion-rollover-linebreak\">\n\t\/<\/span>\n\n<a href=\"https:\/\/galerie-artima.com\/shop\/claire-fanjul-oeuf-au-poisson-a-bec\" class=\"show_details_button\">\n\tDetails<\/a>\n\n\t\t\t\t<\/div>\n\t\t\t\t\t\t\t\t\t<a class=\"fusion-link-wrapper\" href=\"https:\/\/galerie-artima.com\/shop\/claire-fanjul-oeuf-au-poisson-a-bec\" aria-label=\"Claire Fanjul | Oeuf au poisson \u00e0 bec\"><\/a>\n\t<\/div>\n<\/div>\n<\/div>\n<\/div>\n<div class=\"fusion-product-content\">\n\t<div class=\"product-details\">\n\t\t<div class=\"product-details-container\">\n<h3 class=\"product-title\">\n\t<a href=\"https:\/\/galerie-artima.com\/shop\/claire-fanjul-oeuf-au-poisson-a-bec\">\n\t\tClaire Fanjul | Oeuf au poisson \u00e0 bec\t<\/a>\n<\/h3>\n<div class=\"fusion-price-rating\">\n\n\t<span class=\"price\"><span class=\"woocommerce-Price-amount amount\"><bdi>1300,00<span class=\"woocommerce-Price-currencySymbol\">&euro;<\/span><\/bdi><\/span><\/span>\n\t\t<\/div>\n\t<\/div>\n<\/div>\n\n\t<\/div> \n\n\n<\/div>\n<\/li>\n<li class=\"product type-product post-3842 status-publish instock product_cat-dessin product_cat-sculpture product_cat-tout has-post-thumbnail sold-individually shipping-taxable purchasable product-type-simple product-grid-view\">\n\t<div class=\"fusion-product-wrapper\">\n\n<div class=\"fusion-clean-product-image-wrapper \">\n\t<div  class=\"fusion-image-wrapper fusion-image-size-fixed\" aria-haspopup=\"true\">\n\t\t\t\t<img decoding=\"async\" width=\"500\" height=\"500\" src=\"https:\/\/galerie-artima.com\/wp-content\/uploads\/2023\/11\/CLAIRE-FANJUL-Games-of-sword-Dessin-au-feutre-sur-oeuf-dautruche-18x15cm-500x500.jpg\" class=\"attachment-woocommerce_thumbnail size-woocommerce_thumbnail lazyload wp-post-image\" alt=\"claire fanjul games of sword dessin au feutre sur oeuf dautruche 18x15cm\" srcset=\"data:image\/svg+xml,%3Csvg%20xmlns%3D%27http%3A%2F%2Fwww.w3.org%2F2000%2Fsvg%27%20width%3D%271200%27%20height%3D%271200%27%20viewBox%3D%270%200%201200%201200%27%3E%3Crect%20width%3D%271200%27%20height%3D%271200%27%20fill-opacity%3D%220%22%2F%3E%3C%2Fsvg%3E\" data-orig-src=\"https:\/\/galerie-artima.com\/wp-content\/uploads\/2023\/11\/CLAIRE-FANJUL-Games-of-sword-Dessin-au-feutre-sur-oeuf-dautruche-18x15cm-500x500.jpg\" data-srcset=\"https:\/\/galerie-artima.com\/wp-content\/uploads\/2023\/11\/CLAIRE-FANJUL-Games-of-sword-Dessin-au-feutre-sur-oeuf-dautruche-18x15cm-66x66.jpg 66w, https:\/\/galerie-artima.com\/wp-content\/uploads\/2023\/11\/CLAIRE-FANJUL-Games-of-sword-Dessin-au-feutre-sur-oeuf-dautruche-18x15cm-96x96.jpg 96w, https:\/\/galerie-artima.com\/wp-content\/uploads\/2023\/11\/CLAIRE-FANJUL-Games-of-sword-Dessin-au-feutre-sur-oeuf-dautruche-18x15cm-150x150.jpg 150w, https:\/\/galerie-artima.com\/wp-content\/uploads\/2023\/11\/CLAIRE-FANJUL-Games-of-sword-Dessin-au-feutre-sur-oeuf-dautruche-18x15cm-200x200.jpg 200w, https:\/\/galerie-artima.com\/wp-content\/uploads\/2023\/11\/CLAIRE-FANJUL-Games-of-sword-Dessin-au-feutre-sur-oeuf-dautruche-18x15cm-300x300.jpg 300w, https:\/\/galerie-artima.com\/wp-content\/uploads\/2023\/11\/CLAIRE-FANJUL-Games-of-sword-Dessin-au-feutre-sur-oeuf-dautruche-18x15cm-400x400.jpg 400w, https:\/\/galerie-artima.com\/wp-content\/uploads\/2023\/11\/CLAIRE-FANJUL-Games-of-sword-Dessin-au-feutre-sur-oeuf-dautruche-18x15cm-500x500.jpg 500w, https:\/\/galerie-artima.com\/wp-content\/uploads\/2023\/11\/CLAIRE-FANJUL-Games-of-sword-Dessin-au-feutre-sur-oeuf-dautruche-18x15cm-600x600.jpg 600w, https:\/\/galerie-artima.com\/wp-content\/uploads\/2023\/11\/CLAIRE-FANJUL-Games-of-sword-Dessin-au-feutre-sur-oeuf-dautruche-18x15cm-768x768.jpg 768w, https:\/\/galerie-artima.com\/wp-content\/uploads\/2023\/11\/CLAIRE-FANJUL-Games-of-sword-Dessin-au-feutre-sur-oeuf-dautruche-18x15cm-800x800.jpg 800w, https:\/\/galerie-artima.com\/wp-content\/uploads\/2023\/11\/CLAIRE-FANJUL-Games-of-sword-Dessin-au-feutre-sur-oeuf-dautruche-18x15cm-1024x1024.jpg 1024w, https:\/\/galerie-artima.com\/wp-content\/uploads\/2023\/11\/CLAIRE-FANJUL-Games-of-sword-Dessin-au-feutre-sur-oeuf-dautruche-18x15cm.jpg 1200w\" data-sizes=\"auto\" \/><div class=\"fusion-rollover\">\n\t<div class=\"fusion-rollover-content\">\n\n\t\t\t\t\n\t\t\n\t\t\t\t\t\t\t\t\n\t\t\t\t\t\t\t\t\n\t\t\n\t\t\t\t\t\t\t\t\t\t\t\t\t\t\t\n\t\t\t\t\t\t\n\t\t\t\t\t\t\t\t\t\t<div class=\"fusion-product-buttons\">\n\t\t\t\t\t<a href=\"\/en\/wp-json\/wp\/v2\/pages\/6?add-to-cart=3842\" aria-describedby=\"woocommerce_loop_add_to_cart_link_describedby_3842\" data-quantity=\"1\" class=\"button product_type_simple add_to_cart_button ajax_add_to_cart\" data-product_id=\"3842\" data-product_sku=\"\" aria-label=\"Add to cart: &ldquo;Claire Fanjul | Oeuf Game of sword&rdquo;\" rel=\"nofollow\">Add to cart<\/a>\t<span id=\"woocommerce_loop_add_to_cart_link_describedby_3842\" class=\"screen-reader-text\">\n\t\t\t<\/span>\n<span class=\"fusion-rollover-linebreak\">\n\t\/<\/span>\n\n<a href=\"https:\/\/galerie-artima.com\/shop\/claire-fanjul-oeuf-game-of-sword\" class=\"show_details_button\">\n\tDetails<\/a>\n\n\t\t\t\t<\/div>\n\t\t\t\t\t\t\t\t\t<a class=\"fusion-link-wrapper\" href=\"https:\/\/galerie-artima.com\/shop\/claire-fanjul-oeuf-game-of-sword\" aria-label=\"Claire Fanjul | Oeuf Game of sword\"><\/a>\n\t<\/div>\n<\/div>\n<\/div>\n<\/div>\n<div class=\"fusion-product-content\">\n\t<div class=\"product-details\">\n\t\t<div class=\"product-details-container\">\n<h3 class=\"product-title\">\n\t<a href=\"https:\/\/galerie-artima.com\/shop\/claire-fanjul-oeuf-game-of-sword\">\n\t\tClaire Fanjul | Oeuf Game of sword\t<\/a>\n<\/h3>\n<div class=\"fusion-price-rating\">\n\n\t<span class=\"price\"><span class=\"woocommerce-Price-amount amount\"><bdi>1300,00<span class=\"woocommerce-Price-currencySymbol\">&euro;<\/span><\/bdi><\/span><\/span>\n\t\t<\/div>\n\t<\/div>\n<\/div>\n\n\t<\/div> \n\n\n<\/div>\n<\/li>\n<li class=\"product type-product post-8112 status-publish instock product_cat-dessin product_cat-sculpture product_cat-tout has-post-thumbnail sold-individually shipping-taxable purchasable product-type-simple product-grid-view\">\n\t<div class=\"fusion-product-wrapper\">\n\n<div class=\"fusion-clean-product-image-wrapper \">\n\t<div  class=\"fusion-image-wrapper fusion-image-size-fixed\" aria-haspopup=\"true\">\n\t\t\t\t<img decoding=\"async\" width=\"500\" height=\"500\" src=\"https:\/\/galerie-artima.com\/wp-content\/uploads\/2022\/04\/CLAIRE-FANJUL-Perles-Dessin-au-feutre-sur-oeuf-dautruche-18x15cm-2021-6-500x500.jpg\" class=\"attachment-woocommerce_thumbnail size-woocommerce_thumbnail lazyload wp-post-image\" alt=\"claire fanjul perles dessin au feutre sur oeuf dautruche 18x15cm 2021 6\" srcset=\"data:image\/svg+xml,%3Csvg%20xmlns%3D%27http%3A%2F%2Fwww.w3.org%2F2000%2Fsvg%27%20width%3D%271200%27%20height%3D%271200%27%20viewBox%3D%270%200%201200%201200%27%3E%3Crect%20width%3D%271200%27%20height%3D%271200%27%20fill-opacity%3D%220%22%2F%3E%3C%2Fsvg%3E\" data-orig-src=\"https:\/\/galerie-artima.com\/wp-content\/uploads\/2022\/04\/CLAIRE-FANJUL-Perles-Dessin-au-feutre-sur-oeuf-dautruche-18x15cm-2021-6-500x500.jpg\" data-srcset=\"https:\/\/galerie-artima.com\/wp-content\/uploads\/2022\/04\/CLAIRE-FANJUL-Perles-Dessin-au-feutre-sur-oeuf-dautruche-18x15cm-2021-6-66x66.jpg 66w, https:\/\/galerie-artima.com\/wp-content\/uploads\/2022\/04\/CLAIRE-FANJUL-Perles-Dessin-au-feutre-sur-oeuf-dautruche-18x15cm-2021-6-96x96.jpg 96w, https:\/\/galerie-artima.com\/wp-content\/uploads\/2022\/04\/CLAIRE-FANJUL-Perles-Dessin-au-feutre-sur-oeuf-dautruche-18x15cm-2021-6-150x150.jpg 150w, https:\/\/galerie-artima.com\/wp-content\/uploads\/2022\/04\/CLAIRE-FANJUL-Perles-Dessin-au-feutre-sur-oeuf-dautruche-18x15cm-2021-6-200x200.jpg 200w, https:\/\/galerie-artima.com\/wp-content\/uploads\/2022\/04\/CLAIRE-FANJUL-Perles-Dessin-au-feutre-sur-oeuf-dautruche-18x15cm-2021-6-300x300.jpg 300w, https:\/\/galerie-artima.com\/wp-content\/uploads\/2022\/04\/CLAIRE-FANJUL-Perles-Dessin-au-feutre-sur-oeuf-dautruche-18x15cm-2021-6-400x400.jpg 400w, https:\/\/galerie-artima.com\/wp-content\/uploads\/2022\/04\/CLAIRE-FANJUL-Perles-Dessin-au-feutre-sur-oeuf-dautruche-18x15cm-2021-6-500x500.jpg 500w, https:\/\/galerie-artima.com\/wp-content\/uploads\/2022\/04\/CLAIRE-FANJUL-Perles-Dessin-au-feutre-sur-oeuf-dautruche-18x15cm-2021-6-600x600.jpg 600w, https:\/\/galerie-artima.com\/wp-content\/uploads\/2022\/04\/CLAIRE-FANJUL-Perles-Dessin-au-feutre-sur-oeuf-dautruche-18x15cm-2021-6-768x768.jpg 768w, https:\/\/galerie-artima.com\/wp-content\/uploads\/2022\/04\/CLAIRE-FANJUL-Perles-Dessin-au-feutre-sur-oeuf-dautruche-18x15cm-2021-6-800x800.jpg 800w, https:\/\/galerie-artima.com\/wp-content\/uploads\/2022\/04\/CLAIRE-FANJUL-Perles-Dessin-au-feutre-sur-oeuf-dautruche-18x15cm-2021-6-1024x1024.jpg 1024w, https:\/\/galerie-artima.com\/wp-content\/uploads\/2022\/04\/CLAIRE-FANJUL-Perles-Dessin-au-feutre-sur-oeuf-dautruche-18x15cm-2021-6.jpg 1200w\" data-sizes=\"auto\" \/><div class=\"fusion-rollover\">\n\t<div class=\"fusion-rollover-content\">\n\n\t\t\t\t\n\t\t\n\t\t\t\t\t\t\t\t\n\t\t\t\t\t\t\t\t\n\t\t\n\t\t\t\t\t\t\t\t\t\t\t\t\t\t\t\n\t\t\t\t\t\t\n\t\t\t\t\t\t\t\t\t\t<div class=\"fusion-product-buttons\">\n\t\t\t\t\t<a href=\"\/en\/wp-json\/wp\/v2\/pages\/6?add-to-cart=8112\" aria-describedby=\"woocommerce_loop_add_to_cart_link_describedby_8112\" data-quantity=\"1\" class=\"button product_type_simple add_to_cart_button ajax_add_to_cart\" data-product_id=\"8112\" data-product_sku=\"\" aria-label=\"Add to cart: &ldquo;Claire Fanjul | Perles&rdquo;\" rel=\"nofollow\">Add to cart<\/a>\t<span id=\"woocommerce_loop_add_to_cart_link_describedby_8112\" class=\"screen-reader-text\">\n\t\t\t<\/span>\n<span class=\"fusion-rollover-linebreak\">\n\t\/<\/span>\n\n<a href=\"https:\/\/galerie-artima.com\/shop\/claire-fanjul-perles\" class=\"show_details_button\">\n\tDetails<\/a>\n\n\t\t\t\t<\/div>\n\t\t\t\t\t\t\t\t\t<a class=\"fusion-link-wrapper\" href=\"https:\/\/galerie-artima.com\/shop\/claire-fanjul-perles\" aria-label=\"Claire Fanjul | Perles\"><\/a>\n\t<\/div>\n<\/div>\n<\/div>\n<\/div>\n<div class=\"fusion-product-content\">\n\t<div class=\"product-details\">\n\t\t<div class=\"product-details-container\">\n<h3 class=\"product-title\">\n\t<a href=\"https:\/\/galerie-artima.com\/shop\/claire-fanjul-perles\">\n\t\tClaire Fanjul | Perles\t<\/a>\n<\/h3>\n<div class=\"fusion-price-rating\">\n\n\t<span class=\"price\"><span class=\"woocommerce-Price-amount amount\"><bdi>1300,00<span class=\"woocommerce-Price-currencySymbol\">&euro;<\/span><\/bdi><\/span><\/span>\n\t\t<\/div>\n\t<\/div>\n<\/div>\n\n\t<\/div> \n\n\n<\/div>\n<\/li>\n<li class=\"product type-product post-7392 status-publish last instock product_cat-dessin product_cat-sculpture product_cat-tout has-post-thumbnail sold-individually shipping-taxable purchasable product-type-simple product-grid-view\">\n\t<div class=\"fusion-product-wrapper\">\n\n<div class=\"fusion-clean-product-image-wrapper \">\n\t<div  class=\"fusion-image-wrapper fusion-image-size-fixed\" aria-haspopup=\"true\">\n\t\t\t\t<img decoding=\"async\" width=\"500\" height=\"500\" src=\"https:\/\/galerie-artima.com\/wp-content\/uploads\/2024\/02\/CLAIRE-FANJUL-Serie-Utopia-Sphere-au-Porc-Epique-Posca-et-bois-de-tilleul-20cm-2022-2--500x500.jpg\" class=\"attachment-woocommerce_thumbnail size-woocommerce_thumbnail lazyload wp-post-image\" alt=\"claire fanjul serie utopia sphere au porc epique posca et bois de tilleul 20cm 2022 2\" srcset=\"data:image\/svg+xml,%3Csvg%20xmlns%3D%27http%3A%2F%2Fwww.w3.org%2F2000%2Fsvg%27%20width%3D%271200%27%20height%3D%271200%27%20viewBox%3D%270%200%201200%201200%27%3E%3Crect%20width%3D%271200%27%20height%3D%271200%27%20fill-opacity%3D%220%22%2F%3E%3C%2Fsvg%3E\" data-orig-src=\"https:\/\/galerie-artima.com\/wp-content\/uploads\/2024\/02\/CLAIRE-FANJUL-Serie-Utopia-Sphere-au-Porc-Epique-Posca-et-bois-de-tilleul-20cm-2022-2--500x500.jpg\" data-srcset=\"https:\/\/galerie-artima.com\/wp-content\/uploads\/2024\/02\/CLAIRE-FANJUL-Serie-Utopia-Sphere-au-Porc-Epique-Posca-et-bois-de-tilleul-20cm-2022-2--66x66.jpg 66w, https:\/\/galerie-artima.com\/wp-content\/uploads\/2024\/02\/CLAIRE-FANJUL-Serie-Utopia-Sphere-au-Porc-Epique-Posca-et-bois-de-tilleul-20cm-2022-2--96x96.jpg 96w, https:\/\/galerie-artima.com\/wp-content\/uploads\/2024\/02\/CLAIRE-FANJUL-Serie-Utopia-Sphere-au-Porc-Epique-Posca-et-bois-de-tilleul-20cm-2022-2--150x150.jpg 150w, https:\/\/galerie-artima.com\/wp-content\/uploads\/2024\/02\/CLAIRE-FANJUL-Serie-Utopia-Sphere-au-Porc-Epique-Posca-et-bois-de-tilleul-20cm-2022-2--200x200.jpg 200w, https:\/\/galerie-artima.com\/wp-content\/uploads\/2024\/02\/CLAIRE-FANJUL-Serie-Utopia-Sphere-au-Porc-Epique-Posca-et-bois-de-tilleul-20cm-2022-2--300x300.jpg 300w, https:\/\/galerie-artima.com\/wp-content\/uploads\/2024\/02\/CLAIRE-FANJUL-Serie-Utopia-Sphere-au-Porc-Epique-Posca-et-bois-de-tilleul-20cm-2022-2--400x400.jpg 400w, https:\/\/galerie-artima.com\/wp-content\/uploads\/2024\/02\/CLAIRE-FANJUL-Serie-Utopia-Sphere-au-Porc-Epique-Posca-et-bois-de-tilleul-20cm-2022-2--500x500.jpg 500w, https:\/\/galerie-artima.com\/wp-content\/uploads\/2024\/02\/CLAIRE-FANJUL-Serie-Utopia-Sphere-au-Porc-Epique-Posca-et-bois-de-tilleul-20cm-2022-2--600x600.jpg 600w, https:\/\/galerie-artima.com\/wp-content\/uploads\/2024\/02\/CLAIRE-FANJUL-Serie-Utopia-Sphere-au-Porc-Epique-Posca-et-bois-de-tilleul-20cm-2022-2--768x768.jpg 768w, https:\/\/galerie-artima.com\/wp-content\/uploads\/2024\/02\/CLAIRE-FANJUL-Serie-Utopia-Sphere-au-Porc-Epique-Posca-et-bois-de-tilleul-20cm-2022-2--800x800.jpg 800w, https:\/\/galerie-artima.com\/wp-content\/uploads\/2024\/02\/CLAIRE-FANJUL-Serie-Utopia-Sphere-au-Porc-Epique-Posca-et-bois-de-tilleul-20cm-2022-2--1024x1024.jpg 1024w, https:\/\/galerie-artima.com\/wp-content\/uploads\/2024\/02\/CLAIRE-FANJUL-Serie-Utopia-Sphere-au-Porc-Epique-Posca-et-bois-de-tilleul-20cm-2022-2-.jpg 1200w\" data-sizes=\"auto\" \/><div class=\"fusion-rollover\">\n\t<div class=\"fusion-rollover-content\">\n\n\t\t\t\t\n\t\t\n\t\t\t\t\t\t\t\t\n\t\t\t\t\t\t\t\t\n\t\t\n\t\t\t\t\t\t\t\t\t\t\t\t\t\t\t\n\t\t\t\t\t\t\n\t\t\t\t\t\t\t\t\t\t<div class=\"fusion-product-buttons\">\n\t\t\t\t\t<a href=\"\/en\/wp-json\/wp\/v2\/pages\/6?add-to-cart=7392\" aria-describedby=\"woocommerce_loop_add_to_cart_link_describedby_7392\" data-quantity=\"1\" class=\"button product_type_simple add_to_cart_button ajax_add_to_cart\" data-product_id=\"7392\" data-product_sku=\"\" aria-label=\"Add to cart: &ldquo;Claire Fanjul | Sph\u00e8re c\u00e9leste au porc-\u00e9pic&rdquo;\" rel=\"nofollow\">Add to cart<\/a>\t<span id=\"woocommerce_loop_add_to_cart_link_describedby_7392\" class=\"screen-reader-text\">\n\t\t\t<\/span>\n<span class=\"fusion-rollover-linebreak\">\n\t\/<\/span>\n\n<a href=\"https:\/\/galerie-artima.com\/shop\/claire-fanjul-sphere-celeste-au-porc-epic\" class=\"show_details_button\">\n\tDetails<\/a>\n\n\t\t\t\t<\/div>\n\t\t\t\t\t\t\t\t\t<a class=\"fusion-link-wrapper\" href=\"https:\/\/galerie-artima.com\/shop\/claire-fanjul-sphere-celeste-au-porc-epic\" aria-label=\"Claire Fanjul | Sph\u00e8re c\u00e9leste au porc-\u00e9pic\"><\/a>\n\t<\/div>\n<\/div>\n<\/div>\n<\/div>\n<div class=\"fusion-product-content\">\n\t<div class=\"product-details\">\n\t\t<div class=\"product-details-container\">\n<h3 class=\"product-title\">\n\t<a href=\"https:\/\/galerie-artima.com\/shop\/claire-fanjul-sphere-celeste-au-porc-epic\">\n\t\tClaire Fanjul | Sph\u00e8re c\u00e9leste au porc-\u00e9pic\t<\/a>\n<\/h3>\n<div class=\"fusion-price-rating\">\n\n\t<span class=\"price\"><span class=\"woocommerce-Price-amount amount\"><bdi>3500,00<span class=\"woocommerce-Price-currencySymbol\">&euro;<\/span><\/bdi><\/span><\/span>\n\t\t<\/div>\n\t<\/div>\n<\/div>\n\n\t<\/div> \n\n\n<\/div>\n<\/li>\n<li class=\"product type-product post-7358 status-publish first instock product_cat-sculpture product_cat-tout has-post-thumbnail sold-individually shipping-taxable purchasable product-type-simple product-grid-view\">\n\t<div class=\"fusion-product-wrapper\">\n\n<div class=\"fusion-clean-product-image-wrapper \">\n\t<div  class=\"fusion-image-wrapper fusion-image-size-fixed\" aria-haspopup=\"true\">\n\t\t\t\t<img decoding=\"async\" width=\"500\" height=\"500\" src=\"https:\/\/galerie-artima.com\/wp-content\/uploads\/2022\/01\/DAN-LAM-Bang-23x23x18cm-Mousse-de-polyurethane-resine-et-acrylique-2019-2-500x500.jpg\" class=\"attachment-woocommerce_thumbnail size-woocommerce_thumbnail lazyload wp-post-image\" alt=\"dan lam bang 23x23x18cm mousse de polyurethane resine et acrylique 2019 2\" srcset=\"data:image\/svg+xml,%3Csvg%20xmlns%3D%27http%3A%2F%2Fwww.w3.org%2F2000%2Fsvg%27%20width%3D%271200%27%20height%3D%271200%27%20viewBox%3D%270%200%201200%201200%27%3E%3Crect%20width%3D%271200%27%20height%3D%271200%27%20fill-opacity%3D%220%22%2F%3E%3C%2Fsvg%3E\" data-orig-src=\"https:\/\/galerie-artima.com\/wp-content\/uploads\/2022\/01\/DAN-LAM-Bang-23x23x18cm-Mousse-de-polyurethane-resine-et-acrylique-2019-2-500x500.jpg\" data-srcset=\"https:\/\/galerie-artima.com\/wp-content\/uploads\/2022\/01\/DAN-LAM-Bang-23x23x18cm-Mousse-de-polyurethane-resine-et-acrylique-2019-2-66x66.jpg 66w, https:\/\/galerie-artima.com\/wp-content\/uploads\/2022\/01\/DAN-LAM-Bang-23x23x18cm-Mousse-de-polyurethane-resine-et-acrylique-2019-2-96x96.jpg 96w, https:\/\/galerie-artima.com\/wp-content\/uploads\/2022\/01\/DAN-LAM-Bang-23x23x18cm-Mousse-de-polyurethane-resine-et-acrylique-2019-2-150x150.jpg 150w, https:\/\/galerie-artima.com\/wp-content\/uploads\/2022\/01\/DAN-LAM-Bang-23x23x18cm-Mousse-de-polyurethane-resine-et-acrylique-2019-2-200x200.jpg 200w, https:\/\/galerie-artima.com\/wp-content\/uploads\/2022\/01\/DAN-LAM-Bang-23x23x18cm-Mousse-de-polyurethane-resine-et-acrylique-2019-2-300x300.jpg 300w, https:\/\/galerie-artima.com\/wp-content\/uploads\/2022\/01\/DAN-LAM-Bang-23x23x18cm-Mousse-de-polyurethane-resine-et-acrylique-2019-2-400x400.jpg 400w, https:\/\/galerie-artima.com\/wp-content\/uploads\/2022\/01\/DAN-LAM-Bang-23x23x18cm-Mousse-de-polyurethane-resine-et-acrylique-2019-2-500x500.jpg 500w, https:\/\/galerie-artima.com\/wp-content\/uploads\/2022\/01\/DAN-LAM-Bang-23x23x18cm-Mousse-de-polyurethane-resine-et-acrylique-2019-2-600x600.jpg 600w, https:\/\/galerie-artima.com\/wp-content\/uploads\/2022\/01\/DAN-LAM-Bang-23x23x18cm-Mousse-de-polyurethane-resine-et-acrylique-2019-2-768x768.jpg 768w, https:\/\/galerie-artima.com\/wp-content\/uploads\/2022\/01\/DAN-LAM-Bang-23x23x18cm-Mousse-de-polyurethane-resine-et-acrylique-2019-2-800x800.jpg 800w, https:\/\/galerie-artima.com\/wp-content\/uploads\/2022\/01\/DAN-LAM-Bang-23x23x18cm-Mousse-de-polyurethane-resine-et-acrylique-2019-2-1024x1024.jpg 1024w, https:\/\/galerie-artima.com\/wp-content\/uploads\/2022\/01\/DAN-LAM-Bang-23x23x18cm-Mousse-de-polyurethane-resine-et-acrylique-2019-2.jpg 1200w\" data-sizes=\"auto\" \/><div class=\"fusion-rollover\">\n\t<div class=\"fusion-rollover-content\">\n\n\t\t\t\t\n\t\t\n\t\t\t\t\t\t\t\t\n\t\t\t\t\t\t\t\t\n\t\t\n\t\t\t\t\t\t\t\t\t\t\t\t\t\t\t\n\t\t\t\t\t\t\n\t\t\t\t\t\t\t\t\t\t<div class=\"fusion-product-buttons\">\n\t\t\t\t\t<a href=\"\/en\/wp-json\/wp\/v2\/pages\/6?add-to-cart=7358\" aria-describedby=\"woocommerce_loop_add_to_cart_link_describedby_7358\" data-quantity=\"1\" class=\"button product_type_simple add_to_cart_button ajax_add_to_cart\" data-product_id=\"7358\" data-product_sku=\"\" aria-label=\"Add to cart: &ldquo;Dan Lam | Bang&rdquo;\" rel=\"nofollow\">Add to cart<\/a>\t<span id=\"woocommerce_loop_add_to_cart_link_describedby_7358\" class=\"screen-reader-text\">\n\t\t\t<\/span>\n<span class=\"fusion-rollover-linebreak\">\n\t\/<\/span>\n\n<a href=\"https:\/\/galerie-artima.com\/shop\/dan-lam-bang\" class=\"show_details_button\">\n\tDetails<\/a>\n\n\t\t\t\t<\/div>\n\t\t\t\t\t\t\t\t\t<a class=\"fusion-link-wrapper\" href=\"https:\/\/galerie-artima.com\/shop\/dan-lam-bang\" aria-label=\"Dan Lam | Bang\"><\/a>\n\t<\/div>\n<\/div>\n<\/div>\n<\/div>\n<div class=\"fusion-product-content\">\n\t<div class=\"product-details\">\n\t\t<div class=\"product-details-container\">\n<h3 class=\"product-title\">\n\t<a href=\"https:\/\/galerie-artima.com\/shop\/dan-lam-bang\">\n\t\tDan Lam | Bang\t<\/a>\n<\/h3>\n<div class=\"fusion-price-rating\">\n\n\t<span class=\"price\"><span class=\"woocommerce-Price-amount amount\"><bdi>1600,00<span class=\"woocommerce-Price-currencySymbol\">&euro;<\/span><\/bdi><\/span><\/span>\n\t\t<\/div>\n\t<\/div>\n<\/div>\n\n\t<\/div> \n\n\n<\/div>\n<\/li>\n<li class=\"product type-product post-4009 status-publish instock product_cat-sculpture product_cat-tout has-post-thumbnail sold-individually shipping-taxable purchasable product-type-simple product-grid-view\">\n\t<div class=\"fusion-product-wrapper\">\n\n<div class=\"fusion-clean-product-image-wrapper \">\n\t<div  class=\"fusion-image-wrapper fusion-image-size-fixed\" aria-haspopup=\"true\">\n\t\t\t\t<img decoding=\"async\" width=\"500\" height=\"500\" src=\"https:\/\/galerie-artima.com\/wp-content\/uploads\/2022\/01\/DAN-LAM-Feeling-Off-20x24x15cm-Mousse-de-polyurethane-resine-et-acrylique-2019-2-500x500.jpg\" class=\"attachment-woocommerce_thumbnail size-woocommerce_thumbnail lazyload wp-post-image\" alt=\"dan lam feeling off 20x24x15cm mousse de polyurethane resine et acrylique 2019 2\" srcset=\"data:image\/svg+xml,%3Csvg%20xmlns%3D%27http%3A%2F%2Fwww.w3.org%2F2000%2Fsvg%27%20width%3D%271200%27%20height%3D%271200%27%20viewBox%3D%270%200%201200%201200%27%3E%3Crect%20width%3D%271200%27%20height%3D%271200%27%20fill-opacity%3D%220%22%2F%3E%3C%2Fsvg%3E\" data-orig-src=\"https:\/\/galerie-artima.com\/wp-content\/uploads\/2022\/01\/DAN-LAM-Feeling-Off-20x24x15cm-Mousse-de-polyurethane-resine-et-acrylique-2019-2-500x500.jpg\" data-srcset=\"https:\/\/galerie-artima.com\/wp-content\/uploads\/2022\/01\/DAN-LAM-Feeling-Off-20x24x15cm-Mousse-de-polyurethane-resine-et-acrylique-2019-2-66x66.jpg 66w, https:\/\/galerie-artima.com\/wp-content\/uploads\/2022\/01\/DAN-LAM-Feeling-Off-20x24x15cm-Mousse-de-polyurethane-resine-et-acrylique-2019-2-96x96.jpg 96w, https:\/\/galerie-artima.com\/wp-content\/uploads\/2022\/01\/DAN-LAM-Feeling-Off-20x24x15cm-Mousse-de-polyurethane-resine-et-acrylique-2019-2-150x150.jpg 150w, https:\/\/galerie-artima.com\/wp-content\/uploads\/2022\/01\/DAN-LAM-Feeling-Off-20x24x15cm-Mousse-de-polyurethane-resine-et-acrylique-2019-2-200x200.jpg 200w, https:\/\/galerie-artima.com\/wp-content\/uploads\/2022\/01\/DAN-LAM-Feeling-Off-20x24x15cm-Mousse-de-polyurethane-resine-et-acrylique-2019-2-300x300.jpg 300w, https:\/\/galerie-artima.com\/wp-content\/uploads\/2022\/01\/DAN-LAM-Feeling-Off-20x24x15cm-Mousse-de-polyurethane-resine-et-acrylique-2019-2-400x400.jpg 400w, https:\/\/galerie-artima.com\/wp-content\/uploads\/2022\/01\/DAN-LAM-Feeling-Off-20x24x15cm-Mousse-de-polyurethane-resine-et-acrylique-2019-2-500x500.jpg 500w, https:\/\/galerie-artima.com\/wp-content\/uploads\/2022\/01\/DAN-LAM-Feeling-Off-20x24x15cm-Mousse-de-polyurethane-resine-et-acrylique-2019-2-600x600.jpg 600w, https:\/\/galerie-artima.com\/wp-content\/uploads\/2022\/01\/DAN-LAM-Feeling-Off-20x24x15cm-Mousse-de-polyurethane-resine-et-acrylique-2019-2-768x768.jpg 768w, https:\/\/galerie-artima.com\/wp-content\/uploads\/2022\/01\/DAN-LAM-Feeling-Off-20x24x15cm-Mousse-de-polyurethane-resine-et-acrylique-2019-2-800x800.jpg 800w, https:\/\/galerie-artima.com\/wp-content\/uploads\/2022\/01\/DAN-LAM-Feeling-Off-20x24x15cm-Mousse-de-polyurethane-resine-et-acrylique-2019-2-1024x1024.jpg 1024w, https:\/\/galerie-artima.com\/wp-content\/uploads\/2022\/01\/DAN-LAM-Feeling-Off-20x24x15cm-Mousse-de-polyurethane-resine-et-acrylique-2019-2.jpg 1200w\" data-sizes=\"auto\" \/><div class=\"fusion-rollover\">\n\t<div class=\"fusion-rollover-content\">\n\n\t\t\t\t\n\t\t\n\t\t\t\t\t\t\t\t\n\t\t\t\t\t\t\t\t\n\t\t\n\t\t\t\t\t\t\t\t\t\t\t\t\t\t\t\n\t\t\t\t\t\t\n\t\t\t\t\t\t\t\t\t\t<div class=\"fusion-product-buttons\">\n\t\t\t\t\t<a href=\"\/en\/wp-json\/wp\/v2\/pages\/6?add-to-cart=4009\" aria-describedby=\"woocommerce_loop_add_to_cart_link_describedby_4009\" data-quantity=\"1\" class=\"button product_type_simple add_to_cart_button ajax_add_to_cart\" data-product_id=\"4009\" data-product_sku=\"\" aria-label=\"Add to cart: &ldquo;Dan Lam | Feeling off&rdquo;\" rel=\"nofollow\">Add to cart<\/a>\t<span id=\"woocommerce_loop_add_to_cart_link_describedby_4009\" class=\"screen-reader-text\">\n\t\t\t<\/span>\n<span class=\"fusion-rollover-linebreak\">\n\t\/<\/span>\n\n<a href=\"https:\/\/galerie-artima.com\/shop\/dan-lam-feeling-off\" class=\"show_details_button\">\n\tDetails<\/a>\n\n\t\t\t\t<\/div>\n\t\t\t\t\t\t\t\t\t<a class=\"fusion-link-wrapper\" href=\"https:\/\/galerie-artima.com\/shop\/dan-lam-feeling-off\" aria-label=\"Dan Lam | Feeling off\"><\/a>\n\t<\/div>\n<\/div>\n<\/div>\n<\/div>\n<div class=\"fusion-product-content\">\n\t<div class=\"product-details\">\n\t\t<div class=\"product-details-container\">\n<h3 class=\"product-title\">\n\t<a href=\"https:\/\/galerie-artima.com\/shop\/dan-lam-feeling-off\">\n\t\tDan Lam | Feeling off\t<\/a>\n<\/h3>\n<div class=\"fusion-price-rating\">\n\n\t<span class=\"price\"><span class=\"woocommerce-Price-amount amount\"><bdi>1600,00<span class=\"woocommerce-Price-currencySymbol\">&euro;<\/span><\/bdi><\/span><\/span>\n\t\t<\/div>\n\t<\/div>\n<\/div>\n\n\t<\/div> \n\n\n<\/div>\n<\/li>\n<li class=\"product type-product post-4007 status-publish instock product_cat-sculpture product_cat-tout has-post-thumbnail sold-individually shipping-taxable purchasable product-type-simple product-grid-view\">\n\t<div class=\"fusion-product-wrapper\">\n\n<div class=\"fusion-clean-product-image-wrapper \">\n\t<div  class=\"fusion-image-wrapper fusion-image-size-fixed\" aria-haspopup=\"true\">\n\t\t\t\t<img decoding=\"async\" width=\"500\" height=\"500\" src=\"https:\/\/galerie-artima.com\/wp-content\/uploads\/2022\/01\/DAN-LAM-Majesty-19x25x24cm-Mousse-de-polyurethane-resine-et-acrylique-2019-2-500x500.jpg\" class=\"attachment-woocommerce_thumbnail size-woocommerce_thumbnail lazyload wp-post-image\" alt=\"dan lam majesty 19x25x24cm mousse de polyurethane resine et acrylique 2019 2\" srcset=\"data:image\/svg+xml,%3Csvg%20xmlns%3D%27http%3A%2F%2Fwww.w3.org%2F2000%2Fsvg%27%20width%3D%271200%27%20height%3D%271200%27%20viewBox%3D%270%200%201200%201200%27%3E%3Crect%20width%3D%271200%27%20height%3D%271200%27%20fill-opacity%3D%220%22%2F%3E%3C%2Fsvg%3E\" data-orig-src=\"https:\/\/galerie-artima.com\/wp-content\/uploads\/2022\/01\/DAN-LAM-Majesty-19x25x24cm-Mousse-de-polyurethane-resine-et-acrylique-2019-2-500x500.jpg\" data-srcset=\"https:\/\/galerie-artima.com\/wp-content\/uploads\/2022\/01\/DAN-LAM-Majesty-19x25x24cm-Mousse-de-polyurethane-resine-et-acrylique-2019-2-66x66.jpg 66w, https:\/\/galerie-artima.com\/wp-content\/uploads\/2022\/01\/DAN-LAM-Majesty-19x25x24cm-Mousse-de-polyurethane-resine-et-acrylique-2019-2-96x96.jpg 96w, https:\/\/galerie-artima.com\/wp-content\/uploads\/2022\/01\/DAN-LAM-Majesty-19x25x24cm-Mousse-de-polyurethane-resine-et-acrylique-2019-2-150x150.jpg 150w, https:\/\/galerie-artima.com\/wp-content\/uploads\/2022\/01\/DAN-LAM-Majesty-19x25x24cm-Mousse-de-polyurethane-resine-et-acrylique-2019-2-200x200.jpg 200w, https:\/\/galerie-artima.com\/wp-content\/uploads\/2022\/01\/DAN-LAM-Majesty-19x25x24cm-Mousse-de-polyurethane-resine-et-acrylique-2019-2-300x300.jpg 300w, https:\/\/galerie-artima.com\/wp-content\/uploads\/2022\/01\/DAN-LAM-Majesty-19x25x24cm-Mousse-de-polyurethane-resine-et-acrylique-2019-2-400x400.jpg 400w, https:\/\/galerie-artima.com\/wp-content\/uploads\/2022\/01\/DAN-LAM-Majesty-19x25x24cm-Mousse-de-polyurethane-resine-et-acrylique-2019-2-500x500.jpg 500w, https:\/\/galerie-artima.com\/wp-content\/uploads\/2022\/01\/DAN-LAM-Majesty-19x25x24cm-Mousse-de-polyurethane-resine-et-acrylique-2019-2-600x600.jpg 600w, https:\/\/galerie-artima.com\/wp-content\/uploads\/2022\/01\/DAN-LAM-Majesty-19x25x24cm-Mousse-de-polyurethane-resine-et-acrylique-2019-2-768x768.jpg 768w, https:\/\/galerie-artima.com\/wp-content\/uploads\/2022\/01\/DAN-LAM-Majesty-19x25x24cm-Mousse-de-polyurethane-resine-et-acrylique-2019-2-800x800.jpg 800w, https:\/\/galerie-artima.com\/wp-content\/uploads\/2022\/01\/DAN-LAM-Majesty-19x25x24cm-Mousse-de-polyurethane-resine-et-acrylique-2019-2-1024x1024.jpg 1024w, https:\/\/galerie-artima.com\/wp-content\/uploads\/2022\/01\/DAN-LAM-Majesty-19x25x24cm-Mousse-de-polyurethane-resine-et-acrylique-2019-2.jpg 1200w\" data-sizes=\"auto\" \/><div class=\"fusion-rollover\">\n\t<div class=\"fusion-rollover-content\">\n\n\t\t\t\t\n\t\t\n\t\t\t\t\t\t\t\t\n\t\t\t\t\t\t\t\t\n\t\t\n\t\t\t\t\t\t\t\t\t\t\t\t\t\t\t\n\t\t\t\t\t\t\n\t\t\t\t\t\t\t\t\t\t<div class=\"fusion-product-buttons\">\n\t\t\t\t\t<a href=\"\/en\/wp-json\/wp\/v2\/pages\/6?add-to-cart=4007\" aria-describedby=\"woocommerce_loop_add_to_cart_link_describedby_4007\" data-quantity=\"1\" class=\"button product_type_simple add_to_cart_button ajax_add_to_cart\" data-product_id=\"4007\" data-product_sku=\"\" aria-label=\"Add to cart: &ldquo;Dan Lam | Majesty&rdquo;\" rel=\"nofollow\">Add to cart<\/a>\t<span id=\"woocommerce_loop_add_to_cart_link_describedby_4007\" class=\"screen-reader-text\">\n\t\t\t<\/span>\n<span class=\"fusion-rollover-linebreak\">\n\t\/<\/span>\n\n<a href=\"https:\/\/galerie-artima.com\/shop\/dan-lam-majesty\" class=\"show_details_button\">\n\tDetails<\/a>\n\n\t\t\t\t<\/div>\n\t\t\t\t\t\t\t\t\t<a class=\"fusion-link-wrapper\" href=\"https:\/\/galerie-artima.com\/shop\/dan-lam-majesty\" aria-label=\"Dan Lam | Majesty\"><\/a>\n\t<\/div>\n<\/div>\n<\/div>\n<\/div>\n<div class=\"fusion-product-content\">\n\t<div class=\"product-details\">\n\t\t<div class=\"product-details-container\">\n<h3 class=\"product-title\">\n\t<a href=\"https:\/\/galerie-artima.com\/shop\/dan-lam-majesty\">\n\t\tDan Lam | Majesty\t<\/a>\n<\/h3>\n<div class=\"fusion-price-rating\">\n\n\t<span class=\"price\"><span class=\"woocommerce-Price-amount amount\"><bdi>1600,00<span class=\"woocommerce-Price-currencySymbol\">&euro;<\/span><\/bdi><\/span><\/span>\n\t\t<\/div>\n\t<\/div>\n<\/div>\n\n\t<\/div> \n\n\n<\/div>\n<\/li>\n<li class=\"product type-product post-7367 status-publish last instock product_cat-sculpture product_cat-tout has-post-thumbnail sold-individually shipping-taxable purchasable product-type-simple product-grid-view\">\n\t<div class=\"fusion-product-wrapper\">\n\n<div class=\"fusion-clean-product-image-wrapper \">\n\t<div  class=\"fusion-image-wrapper fusion-image-size-fixed\" aria-haspopup=\"true\">\n\t\t\t\t<img decoding=\"async\" width=\"500\" height=\"500\" src=\"https:\/\/galerie-artima.com\/wp-content\/uploads\/2022\/03\/JANKLO-Dior-Rose-irise-Synthetic-crystal-inclusion-27x16x16cm-2018-3-500x500.jpg\" class=\"attachment-woocommerce_thumbnail size-woocommerce_thumbnail lazyload wp-post-image\" alt=\"janklo dior rose irise synthetic crystal inclusion 27x16x16cm 2018 3\" srcset=\"data:image\/svg+xml,%3Csvg%20xmlns%3D%27http%3A%2F%2Fwww.w3.org%2F2000%2Fsvg%27%20width%3D%271200%27%20height%3D%271200%27%20viewBox%3D%270%200%201200%201200%27%3E%3Crect%20width%3D%271200%27%20height%3D%271200%27%20fill-opacity%3D%220%22%2F%3E%3C%2Fsvg%3E\" data-orig-src=\"https:\/\/galerie-artima.com\/wp-content\/uploads\/2022\/03\/JANKLO-Dior-Rose-irise-Synthetic-crystal-inclusion-27x16x16cm-2018-3-500x500.jpg\" data-srcset=\"https:\/\/galerie-artima.com\/wp-content\/uploads\/2022\/03\/JANKLO-Dior-Rose-irise-Synthetic-crystal-inclusion-27x16x16cm-2018-3-66x66.jpg 66w, https:\/\/galerie-artima.com\/wp-content\/uploads\/2022\/03\/JANKLO-Dior-Rose-irise-Synthetic-crystal-inclusion-27x16x16cm-2018-3-96x96.jpg 96w, https:\/\/galerie-artima.com\/wp-content\/uploads\/2022\/03\/JANKLO-Dior-Rose-irise-Synthetic-crystal-inclusion-27x16x16cm-2018-3-150x150.jpg 150w, https:\/\/galerie-artima.com\/wp-content\/uploads\/2022\/03\/JANKLO-Dior-Rose-irise-Synthetic-crystal-inclusion-27x16x16cm-2018-3-200x200.jpg 200w, https:\/\/galerie-artima.com\/wp-content\/uploads\/2022\/03\/JANKLO-Dior-Rose-irise-Synthetic-crystal-inclusion-27x16x16cm-2018-3-300x300.jpg 300w, https:\/\/galerie-artima.com\/wp-content\/uploads\/2022\/03\/JANKLO-Dior-Rose-irise-Synthetic-crystal-inclusion-27x16x16cm-2018-3-400x400.jpg 400w, https:\/\/galerie-artima.com\/wp-content\/uploads\/2022\/03\/JANKLO-Dior-Rose-irise-Synthetic-crystal-inclusion-27x16x16cm-2018-3-500x500.jpg 500w, https:\/\/galerie-artima.com\/wp-content\/uploads\/2022\/03\/JANKLO-Dior-Rose-irise-Synthetic-crystal-inclusion-27x16x16cm-2018-3-600x600.jpg 600w, https:\/\/galerie-artima.com\/wp-content\/uploads\/2022\/03\/JANKLO-Dior-Rose-irise-Synthetic-crystal-inclusion-27x16x16cm-2018-3-768x768.jpg 768w, https:\/\/galerie-artima.com\/wp-content\/uploads\/2022\/03\/JANKLO-Dior-Rose-irise-Synthetic-crystal-inclusion-27x16x16cm-2018-3-800x800.jpg 800w, https:\/\/galerie-artima.com\/wp-content\/uploads\/2022\/03\/JANKLO-Dior-Rose-irise-Synthetic-crystal-inclusion-27x16x16cm-2018-3-1024x1024.jpg 1024w, https:\/\/galerie-artima.com\/wp-content\/uploads\/2022\/03\/JANKLO-Dior-Rose-irise-Synthetic-crystal-inclusion-27x16x16cm-2018-3.jpg 1200w\" data-sizes=\"auto\" \/><div class=\"fusion-rollover\">\n\t<div class=\"fusion-rollover-content\">\n\n\t\t\t\t\n\t\t\n\t\t\t\t\t\t\t\t\n\t\t\t\t\t\t\t\t\n\t\t\n\t\t\t\t\t\t\t\t\t\t\t\t\t\t\t\n\t\t\t\t\t\t\n\t\t\t\t\t\t\t\t\t\t<div class=\"fusion-product-buttons\">\n\t\t\t\t\t<a href=\"\/en\/wp-json\/wp\/v2\/pages\/6?add-to-cart=7367\" aria-describedby=\"woocommerce_loop_add_to_cart_link_describedby_7367\" data-quantity=\"1\" class=\"button product_type_simple add_to_cart_button ajax_add_to_cart\" data-product_id=\"7367\" data-product_sku=\"\" aria-label=\"Add to cart: &ldquo;Janklo | Inclusion Dior Rose&rdquo;\" rel=\"nofollow\">Add to cart<\/a>\t<span id=\"woocommerce_loop_add_to_cart_link_describedby_7367\" class=\"screen-reader-text\">\n\t\t\t<\/span>\n<span class=\"fusion-rollover-linebreak\">\n\t\/<\/span>\n\n<a href=\"https:\/\/galerie-artima.com\/shop\/janklo-inclusion-dior-rose\" class=\"show_details_button\">\n\tDetails<\/a>\n\n\t\t\t\t<\/div>\n\t\t\t\t\t\t\t\t\t<a class=\"fusion-link-wrapper\" href=\"https:\/\/galerie-artima.com\/shop\/janklo-inclusion-dior-rose\" aria-label=\"Janklo | Inclusion Dior Rose\"><\/a>\n\t<\/div>\n<\/div>\n<\/div>\n<\/div>\n<div class=\"fusion-product-content\">\n\t<div class=\"product-details\">\n\t\t<div class=\"product-details-container\">\n<h3 class=\"product-title\">\n\t<a href=\"https:\/\/galerie-artima.com\/shop\/janklo-inclusion-dior-rose\">\n\t\tJanklo | Inclusion Dior Rose\t<\/a>\n<\/h3>\n<div class=\"fusion-price-rating\">\n\n\t<span class=\"price\"><span class=\"woocommerce-Price-amount amount\"><bdi>4000,00<span class=\"woocommerce-Price-currencySymbol\">&euro;<\/span><\/bdi><\/span><\/span>\n\t\t<\/div>\n\t<\/div>\n<\/div>\n\n\t<\/div> \n\n\n<\/div>\n<\/li>\n<li class=\"product type-product post-4014 status-publish first instock product_cat-sculpture product_cat-tout has-post-thumbnail sold-individually shipping-taxable purchasable product-type-simple product-grid-view\">\n\t<div class=\"fusion-product-wrapper\">\n\n<div class=\"fusion-clean-product-image-wrapper \">\n\t<div  class=\"fusion-image-wrapper fusion-image-size-fixed\" aria-haspopup=\"true\">\n\t\t\t\t<img decoding=\"async\" width=\"500\" height=\"500\" src=\"https:\/\/galerie-artima.com\/wp-content\/uploads\/2022\/02\/MARCUS-EGLI-Hominium-1-piece-unique-en-aluminium-sculpte-14x4x2cm-1200x1200-1-500x500.jpg\" class=\"attachment-woocommerce_thumbnail size-woocommerce_thumbnail lazyload wp-post-image\" alt=\"marcus egli hominium 1 piece unique en aluminium sculpte 14x4x2cm 1200x1200 1\" srcset=\"data:image\/svg+xml,%3Csvg%20xmlns%3D%27http%3A%2F%2Fwww.w3.org%2F2000%2Fsvg%27%20width%3D%271200%27%20height%3D%271200%27%20viewBox%3D%270%200%201200%201200%27%3E%3Crect%20width%3D%271200%27%20height%3D%271200%27%20fill-opacity%3D%220%22%2F%3E%3C%2Fsvg%3E\" data-orig-src=\"https:\/\/galerie-artima.com\/wp-content\/uploads\/2022\/02\/MARCUS-EGLI-Hominium-1-piece-unique-en-aluminium-sculpte-14x4x2cm-1200x1200-1-500x500.jpg\" data-srcset=\"https:\/\/galerie-artima.com\/wp-content\/uploads\/2022\/02\/MARCUS-EGLI-Hominium-1-piece-unique-en-aluminium-sculpte-14x4x2cm-1200x1200-1-66x66.jpg 66w, https:\/\/galerie-artima.com\/wp-content\/uploads\/2022\/02\/MARCUS-EGLI-Hominium-1-piece-unique-en-aluminium-sculpte-14x4x2cm-1200x1200-1-96x96.jpg 96w, https:\/\/galerie-artima.com\/wp-content\/uploads\/2022\/02\/MARCUS-EGLI-Hominium-1-piece-unique-en-aluminium-sculpte-14x4x2cm-1200x1200-1-150x150.jpg 150w, https:\/\/galerie-artima.com\/wp-content\/uploads\/2022\/02\/MARCUS-EGLI-Hominium-1-piece-unique-en-aluminium-sculpte-14x4x2cm-1200x1200-1-200x200.jpg 200w, https:\/\/galerie-artima.com\/wp-content\/uploads\/2022\/02\/MARCUS-EGLI-Hominium-1-piece-unique-en-aluminium-sculpte-14x4x2cm-1200x1200-1-300x300.jpg 300w, https:\/\/galerie-artima.com\/wp-content\/uploads\/2022\/02\/MARCUS-EGLI-Hominium-1-piece-unique-en-aluminium-sculpte-14x4x2cm-1200x1200-1-400x400.jpg 400w, https:\/\/galerie-artima.com\/wp-content\/uploads\/2022\/02\/MARCUS-EGLI-Hominium-1-piece-unique-en-aluminium-sculpte-14x4x2cm-1200x1200-1-500x500.jpg 500w, https:\/\/galerie-artima.com\/wp-content\/uploads\/2022\/02\/MARCUS-EGLI-Hominium-1-piece-unique-en-aluminium-sculpte-14x4x2cm-1200x1200-1-600x600.jpg 600w, https:\/\/galerie-artima.com\/wp-content\/uploads\/2022\/02\/MARCUS-EGLI-Hominium-1-piece-unique-en-aluminium-sculpte-14x4x2cm-1200x1200-1-768x768.jpg 768w, https:\/\/galerie-artima.com\/wp-content\/uploads\/2022\/02\/MARCUS-EGLI-Hominium-1-piece-unique-en-aluminium-sculpte-14x4x2cm-1200x1200-1-800x800.jpg 800w, https:\/\/galerie-artima.com\/wp-content\/uploads\/2022\/02\/MARCUS-EGLI-Hominium-1-piece-unique-en-aluminium-sculpte-14x4x2cm-1200x1200-1-1024x1024.jpg 1024w, https:\/\/galerie-artima.com\/wp-content\/uploads\/2022\/02\/MARCUS-EGLI-Hominium-1-piece-unique-en-aluminium-sculpte-14x4x2cm-1200x1200-1.jpg 1200w\" data-sizes=\"auto\" \/><div class=\"fusion-rollover\">\n\t<div class=\"fusion-rollover-content\">\n\n\t\t\t\t\n\t\t\n\t\t\t\t\t\t\t\t\n\t\t\t\t\t\t\t\t\n\t\t\n\t\t\t\t\t\t\t\t\t\t\t\t\t\t\t\n\t\t\t\t\t\t\n\t\t\t\t\t\t\t\t\t\t<div class=\"fusion-product-buttons\">\n\t\t\t\t\t<a href=\"\/en\/wp-json\/wp\/v2\/pages\/6?add-to-cart=4014\" aria-describedby=\"woocommerce_loop_add_to_cart_link_describedby_4014\" data-quantity=\"1\" class=\"button product_type_simple add_to_cart_button ajax_add_to_cart\" data-product_id=\"4014\" data-product_sku=\"\" aria-label=\"Add to cart: &ldquo;Marcus Egli | Hominium&rdquo;\" rel=\"nofollow\">Add to cart<\/a>\t<span id=\"woocommerce_loop_add_to_cart_link_describedby_4014\" class=\"screen-reader-text\">\n\t\t\t<\/span>\n<span class=\"fusion-rollover-linebreak\">\n\t\/<\/span>\n\n<a href=\"https:\/\/galerie-artima.com\/shop\/marcus-egli-hominium\" class=\"show_details_button\">\n\tDetails<\/a>\n\n\t\t\t\t<\/div>\n\t\t\t\t\t\t\t\t\t<a class=\"fusion-link-wrapper\" href=\"https:\/\/galerie-artima.com\/shop\/marcus-egli-hominium\" aria-label=\"Marcus Egli | Hominium\"><\/a>\n\t<\/div>\n<\/div>\n<\/div>\n<\/div>\n<div class=\"fusion-product-content\">\n\t<div class=\"product-details\">\n\t\t<div class=\"product-details-container\">\n<h3 class=\"product-title\">\n\t<a href=\"https:\/\/galerie-artima.com\/shop\/marcus-egli-hominium\">\n\t\tMarcus Egli | Hominium\t<\/a>\n<\/h3>\n<div class=\"fusion-price-rating\">\n\n\t<span class=\"price\"><span class=\"woocommerce-Price-amount amount\"><bdi>225,00<span class=\"woocommerce-Price-currencySymbol\">&euro;<\/span><\/bdi><\/span><\/span>\n\t\t<\/div>\n\t<\/div>\n<\/div>\n\n\t<\/div> \n\n\n<\/div>\n<\/li>\n<li class=\"product type-product post-4018 status-publish instock product_cat-sculpture product_cat-tout has-post-thumbnail sold-individually shipping-taxable purchasable product-type-simple product-grid-view\">\n\t<div class=\"fusion-product-wrapper\">\n\n<div class=\"fusion-clean-product-image-wrapper \">\n\t<div  class=\"fusion-image-wrapper fusion-image-size-fixed\" aria-haspopup=\"true\">\n\t\t\t\t<img decoding=\"async\" width=\"500\" height=\"500\" src=\"https:\/\/galerie-artima.com\/wp-content\/uploads\/2022\/02\/MARCUS-EGLI-Hominium-groupe-de-2-Piece-unique-en-aluminium-sculpte-1200x1200-1-500x500.jpg\" class=\"attachment-woocommerce_thumbnail size-woocommerce_thumbnail lazyload wp-post-image\" alt=\"marcus egli hominium groupe de 2 piece unique en aluminium sculpte 1200x1200 1\" srcset=\"data:image\/svg+xml,%3Csvg%20xmlns%3D%27http%3A%2F%2Fwww.w3.org%2F2000%2Fsvg%27%20width%3D%271200%27%20height%3D%271200%27%20viewBox%3D%270%200%201200%201200%27%3E%3Crect%20width%3D%271200%27%20height%3D%271200%27%20fill-opacity%3D%220%22%2F%3E%3C%2Fsvg%3E\" data-orig-src=\"https:\/\/galerie-artima.com\/wp-content\/uploads\/2022\/02\/MARCUS-EGLI-Hominium-groupe-de-2-Piece-unique-en-aluminium-sculpte-1200x1200-1-500x500.jpg\" data-srcset=\"https:\/\/galerie-artima.com\/wp-content\/uploads\/2022\/02\/MARCUS-EGLI-Hominium-groupe-de-2-Piece-unique-en-aluminium-sculpte-1200x1200-1-66x66.jpg 66w, https:\/\/galerie-artima.com\/wp-content\/uploads\/2022\/02\/MARCUS-EGLI-Hominium-groupe-de-2-Piece-unique-en-aluminium-sculpte-1200x1200-1-96x96.jpg 96w, https:\/\/galerie-artima.com\/wp-content\/uploads\/2022\/02\/MARCUS-EGLI-Hominium-groupe-de-2-Piece-unique-en-aluminium-sculpte-1200x1200-1-150x150.jpg 150w, https:\/\/galerie-artima.com\/wp-content\/uploads\/2022\/02\/MARCUS-EGLI-Hominium-groupe-de-2-Piece-unique-en-aluminium-sculpte-1200x1200-1-200x200.jpg 200w, https:\/\/galerie-artima.com\/wp-content\/uploads\/2022\/02\/MARCUS-EGLI-Hominium-groupe-de-2-Piece-unique-en-aluminium-sculpte-1200x1200-1-300x300.jpg 300w, https:\/\/galerie-artima.com\/wp-content\/uploads\/2022\/02\/MARCUS-EGLI-Hominium-groupe-de-2-Piece-unique-en-aluminium-sculpte-1200x1200-1-400x400.jpg 400w, https:\/\/galerie-artima.com\/wp-content\/uploads\/2022\/02\/MARCUS-EGLI-Hominium-groupe-de-2-Piece-unique-en-aluminium-sculpte-1200x1200-1-500x500.jpg 500w, https:\/\/galerie-artima.com\/wp-content\/uploads\/2022\/02\/MARCUS-EGLI-Hominium-groupe-de-2-Piece-unique-en-aluminium-sculpte-1200x1200-1-600x600.jpg 600w, https:\/\/galerie-artima.com\/wp-content\/uploads\/2022\/02\/MARCUS-EGLI-Hominium-groupe-de-2-Piece-unique-en-aluminium-sculpte-1200x1200-1-768x768.jpg 768w, https:\/\/galerie-artima.com\/wp-content\/uploads\/2022\/02\/MARCUS-EGLI-Hominium-groupe-de-2-Piece-unique-en-aluminium-sculpte-1200x1200-1-800x800.jpg 800w, https:\/\/galerie-artima.com\/wp-content\/uploads\/2022\/02\/MARCUS-EGLI-Hominium-groupe-de-2-Piece-unique-en-aluminium-sculpte-1200x1200-1-1024x1024.jpg 1024w, https:\/\/galerie-artima.com\/wp-content\/uploads\/2022\/02\/MARCUS-EGLI-Hominium-groupe-de-2-Piece-unique-en-aluminium-sculpte-1200x1200-1.jpg 1200w\" data-sizes=\"auto\" \/><div class=\"fusion-rollover\">\n\t<div class=\"fusion-rollover-content\">\n\n\t\t\t\t\n\t\t\n\t\t\t\t\t\t\t\t\n\t\t\t\t\t\t\t\t\n\t\t\n\t\t\t\t\t\t\t\t\t\t\t\t\t\t\t\n\t\t\t\t\t\t\n\t\t\t\t\t\t\t\t\t\t<div class=\"fusion-product-buttons\">\n\t\t\t\t\t<a href=\"\/en\/wp-json\/wp\/v2\/pages\/6?add-to-cart=4018\" aria-describedby=\"woocommerce_loop_add_to_cart_link_describedby_4018\" data-quantity=\"1\" class=\"button product_type_simple add_to_cart_button ajax_add_to_cart\" data-product_id=\"4018\" data-product_sku=\"\" aria-label=\"Add to cart: &ldquo;Marcus Egli | Hominium Groupe de 2&rdquo;\" rel=\"nofollow\">Add to cart<\/a>\t<span id=\"woocommerce_loop_add_to_cart_link_describedby_4018\" class=\"screen-reader-text\">\n\t\t\t<\/span>\n<span class=\"fusion-rollover-linebreak\">\n\t\/<\/span>\n\n<a href=\"https:\/\/galerie-artima.com\/shop\/marcus-egli-hominium-groupe-de-2\" class=\"show_details_button\">\n\tDetails<\/a>\n\n\t\t\t\t<\/div>\n\t\t\t\t\t\t\t\t\t<a class=\"fusion-link-wrapper\" href=\"https:\/\/galerie-artima.com\/shop\/marcus-egli-hominium-groupe-de-2\" aria-label=\"Marcus Egli | Hominium Groupe de 2\"><\/a>\n\t<\/div>\n<\/div>\n<\/div>\n<\/div>\n<div class=\"fusion-product-content\">\n\t<div class=\"product-details\">\n\t\t<div class=\"product-details-container\">\n<h3 class=\"product-title\">\n\t<a href=\"https:\/\/galerie-artima.com\/shop\/marcus-egli-hominium-groupe-de-2\">\n\t\tMarcus Egli | Hominium Groupe de 2\t<\/a>\n<\/h3>\n<div class=\"fusion-price-rating\">\n\n\t<span class=\"price\"><span class=\"woocommerce-Price-amount amount\"><bdi>450,00<span class=\"woocommerce-Price-currencySymbol\">&euro;<\/span><\/bdi><\/span><\/span>\n\t\t<\/div>\n\t<\/div>\n<\/div>\n\n\t<\/div> \n\n\n<\/div>\n<\/li>\n<li class=\"product type-product post-4020 status-publish instock product_cat-sculpture product_cat-tout has-post-thumbnail sold-individually shipping-taxable purchasable product-type-simple product-grid-view\">\n\t<div class=\"fusion-product-wrapper\">\n\n<div class=\"fusion-clean-product-image-wrapper \">\n\t<div  class=\"fusion-image-wrapper fusion-image-size-fixed\" aria-haspopup=\"true\">\n\t\t\t\t<img decoding=\"async\" width=\"500\" height=\"500\" src=\"https:\/\/galerie-artima.com\/wp-content\/uploads\/2022\/02\/MARCUS-EGLI-Hominium-groupe-de-3-Piece-unique-en-aluminium-sculpte-1200x1200-1-500x500.jpg\" class=\"attachment-woocommerce_thumbnail size-woocommerce_thumbnail lazyload wp-post-image\" alt=\"marcus egli hominium groupe de 3 piece unique en aluminium sculpte 1200x1200 1\" srcset=\"data:image\/svg+xml,%3Csvg%20xmlns%3D%27http%3A%2F%2Fwww.w3.org%2F2000%2Fsvg%27%20width%3D%271200%27%20height%3D%271200%27%20viewBox%3D%270%200%201200%201200%27%3E%3Crect%20width%3D%271200%27%20height%3D%271200%27%20fill-opacity%3D%220%22%2F%3E%3C%2Fsvg%3E\" data-orig-src=\"https:\/\/galerie-artima.com\/wp-content\/uploads\/2022\/02\/MARCUS-EGLI-Hominium-groupe-de-3-Piece-unique-en-aluminium-sculpte-1200x1200-1-500x500.jpg\" data-srcset=\"https:\/\/galerie-artima.com\/wp-content\/uploads\/2022\/02\/MARCUS-EGLI-Hominium-groupe-de-3-Piece-unique-en-aluminium-sculpte-1200x1200-1-66x66.jpg 66w, https:\/\/galerie-artima.com\/wp-content\/uploads\/2022\/02\/MARCUS-EGLI-Hominium-groupe-de-3-Piece-unique-en-aluminium-sculpte-1200x1200-1-96x96.jpg 96w, https:\/\/galerie-artima.com\/wp-content\/uploads\/2022\/02\/MARCUS-EGLI-Hominium-groupe-de-3-Piece-unique-en-aluminium-sculpte-1200x1200-1-150x150.jpg 150w, https:\/\/galerie-artima.com\/wp-content\/uploads\/2022\/02\/MARCUS-EGLI-Hominium-groupe-de-3-Piece-unique-en-aluminium-sculpte-1200x1200-1-200x200.jpg 200w, https:\/\/galerie-artima.com\/wp-content\/uploads\/2022\/02\/MARCUS-EGLI-Hominium-groupe-de-3-Piece-unique-en-aluminium-sculpte-1200x1200-1-300x300.jpg 300w, https:\/\/galerie-artima.com\/wp-content\/uploads\/2022\/02\/MARCUS-EGLI-Hominium-groupe-de-3-Piece-unique-en-aluminium-sculpte-1200x1200-1-400x400.jpg 400w, https:\/\/galerie-artima.com\/wp-content\/uploads\/2022\/02\/MARCUS-EGLI-Hominium-groupe-de-3-Piece-unique-en-aluminium-sculpte-1200x1200-1-500x500.jpg 500w, https:\/\/galerie-artima.com\/wp-content\/uploads\/2022\/02\/MARCUS-EGLI-Hominium-groupe-de-3-Piece-unique-en-aluminium-sculpte-1200x1200-1-600x600.jpg 600w, https:\/\/galerie-artima.com\/wp-content\/uploads\/2022\/02\/MARCUS-EGLI-Hominium-groupe-de-3-Piece-unique-en-aluminium-sculpte-1200x1200-1-768x768.jpg 768w, https:\/\/galerie-artima.com\/wp-content\/uploads\/2022\/02\/MARCUS-EGLI-Hominium-groupe-de-3-Piece-unique-en-aluminium-sculpte-1200x1200-1-800x800.jpg 800w, https:\/\/galerie-artima.com\/wp-content\/uploads\/2022\/02\/MARCUS-EGLI-Hominium-groupe-de-3-Piece-unique-en-aluminium-sculpte-1200x1200-1-1024x1024.jpg 1024w, https:\/\/galerie-artima.com\/wp-content\/uploads\/2022\/02\/MARCUS-EGLI-Hominium-groupe-de-3-Piece-unique-en-aluminium-sculpte-1200x1200-1.jpg 1200w\" data-sizes=\"auto\" \/><div class=\"fusion-rollover\">\n\t<div class=\"fusion-rollover-content\">\n\n\t\t\t\t\n\t\t\n\t\t\t\t\t\t\t\t\n\t\t\t\t\t\t\t\t\n\t\t\n\t\t\t\t\t\t\t\t\t\t\t\t\t\t\t\n\t\t\t\t\t\t\n\t\t\t\t\t\t\t\t\t\t<div class=\"fusion-product-buttons\">\n\t\t\t\t\t<a href=\"\/en\/wp-json\/wp\/v2\/pages\/6?add-to-cart=4020\" aria-describedby=\"woocommerce_loop_add_to_cart_link_describedby_4020\" data-quantity=\"1\" class=\"button product_type_simple add_to_cart_button ajax_add_to_cart\" data-product_id=\"4020\" data-product_sku=\"\" aria-label=\"Add to cart: &ldquo;Marcus Egli | Hominium Groupe de 3&rdquo;\" rel=\"nofollow\">Add to cart<\/a>\t<span id=\"woocommerce_loop_add_to_cart_link_describedby_4020\" class=\"screen-reader-text\">\n\t\t\t<\/span>\n<span class=\"fusion-rollover-linebreak\">\n\t\/<\/span>\n\n<a href=\"https:\/\/galerie-artima.com\/shop\/marcus-egli-hominium-groupe-de-3\" class=\"show_details_button\">\n\tDetails<\/a>\n\n\t\t\t\t<\/div>\n\t\t\t\t\t\t\t\t\t<a class=\"fusion-link-wrapper\" href=\"https:\/\/galerie-artima.com\/shop\/marcus-egli-hominium-groupe-de-3\" aria-label=\"Marcus Egli | Hominium Groupe de 3\"><\/a>\n\t<\/div>\n<\/div>\n<\/div>\n<\/div>\n<div class=\"fusion-product-content\">\n\t<div class=\"product-details\">\n\t\t<div class=\"product-details-container\">\n<h3 class=\"product-title\">\n\t<a href=\"https:\/\/galerie-artima.com\/shop\/marcus-egli-hominium-groupe-de-3\">\n\t\tMarcus Egli | Hominium Groupe de 3\t<\/a>\n<\/h3>\n<div class=\"fusion-price-rating\">\n\n\t<span class=\"price\"><span class=\"woocommerce-Price-amount amount\"><bdi>650,00<span class=\"woocommerce-Price-currencySymbol\">&euro;<\/span><\/bdi><\/span><\/span>\n\t\t<\/div>\n\t<\/div>\n<\/div>\n\n\t<\/div> \n\n\n<\/div>\n<\/li>\n<li class=\"product type-product post-4022 status-publish last instock product_cat-sculpture product_cat-tout has-post-thumbnail sold-individually shipping-taxable purchasable product-type-simple product-grid-view\">\n\t<div class=\"fusion-product-wrapper\">\n\n<div class=\"fusion-clean-product-image-wrapper \">\n\t<div  class=\"fusion-image-wrapper fusion-image-size-fixed\" aria-haspopup=\"true\">\n\t\t\t\t<img decoding=\"async\" width=\"500\" height=\"500\" src=\"https:\/\/galerie-artima.com\/wp-content\/uploads\/2022\/02\/MARCUS-EGLI-Hominium-groupe-de-4-Piece-unique-en-aluminium-sculpte-1200x1200-1-500x500.jpg\" class=\"attachment-woocommerce_thumbnail size-woocommerce_thumbnail lazyload wp-post-image\" alt=\"marcus egli hominium groupe de 4 piece unique en aluminium sculpte 1200x1200 1\" srcset=\"data:image\/svg+xml,%3Csvg%20xmlns%3D%27http%3A%2F%2Fwww.w3.org%2F2000%2Fsvg%27%20width%3D%271200%27%20height%3D%271200%27%20viewBox%3D%270%200%201200%201200%27%3E%3Crect%20width%3D%271200%27%20height%3D%271200%27%20fill-opacity%3D%220%22%2F%3E%3C%2Fsvg%3E\" data-orig-src=\"https:\/\/galerie-artima.com\/wp-content\/uploads\/2022\/02\/MARCUS-EGLI-Hominium-groupe-de-4-Piece-unique-en-aluminium-sculpte-1200x1200-1-500x500.jpg\" data-srcset=\"https:\/\/galerie-artima.com\/wp-content\/uploads\/2022\/02\/MARCUS-EGLI-Hominium-groupe-de-4-Piece-unique-en-aluminium-sculpte-1200x1200-1-66x66.jpg 66w, https:\/\/galerie-artima.com\/wp-content\/uploads\/2022\/02\/MARCUS-EGLI-Hominium-groupe-de-4-Piece-unique-en-aluminium-sculpte-1200x1200-1-96x96.jpg 96w, https:\/\/galerie-artima.com\/wp-content\/uploads\/2022\/02\/MARCUS-EGLI-Hominium-groupe-de-4-Piece-unique-en-aluminium-sculpte-1200x1200-1-150x150.jpg 150w, https:\/\/galerie-artima.com\/wp-content\/uploads\/2022\/02\/MARCUS-EGLI-Hominium-groupe-de-4-Piece-unique-en-aluminium-sculpte-1200x1200-1-200x200.jpg 200w, https:\/\/galerie-artima.com\/wp-content\/uploads\/2022\/02\/MARCUS-EGLI-Hominium-groupe-de-4-Piece-unique-en-aluminium-sculpte-1200x1200-1-300x300.jpg 300w, https:\/\/galerie-artima.com\/wp-content\/uploads\/2022\/02\/MARCUS-EGLI-Hominium-groupe-de-4-Piece-unique-en-aluminium-sculpte-1200x1200-1-400x400.jpg 400w, https:\/\/galerie-artima.com\/wp-content\/uploads\/2022\/02\/MARCUS-EGLI-Hominium-groupe-de-4-Piece-unique-en-aluminium-sculpte-1200x1200-1-500x500.jpg 500w, https:\/\/galerie-artima.com\/wp-content\/uploads\/2022\/02\/MARCUS-EGLI-Hominium-groupe-de-4-Piece-unique-en-aluminium-sculpte-1200x1200-1-600x600.jpg 600w, https:\/\/galerie-artima.com\/wp-content\/uploads\/2022\/02\/MARCUS-EGLI-Hominium-groupe-de-4-Piece-unique-en-aluminium-sculpte-1200x1200-1-768x768.jpg 768w, https:\/\/galerie-artima.com\/wp-content\/uploads\/2022\/02\/MARCUS-EGLI-Hominium-groupe-de-4-Piece-unique-en-aluminium-sculpte-1200x1200-1-800x800.jpg 800w, https:\/\/galerie-artima.com\/wp-content\/uploads\/2022\/02\/MARCUS-EGLI-Hominium-groupe-de-4-Piece-unique-en-aluminium-sculpte-1200x1200-1-1024x1024.jpg 1024w, https:\/\/galerie-artima.com\/wp-content\/uploads\/2022\/02\/MARCUS-EGLI-Hominium-groupe-de-4-Piece-unique-en-aluminium-sculpte-1200x1200-1.jpg 1200w\" data-sizes=\"auto\" \/><div class=\"fusion-rollover\">\n\t<div class=\"fusion-rollover-content\">\n\n\t\t\t\t\n\t\t\n\t\t\t\t\t\t\t\t\n\t\t\t\t\t\t\t\t\n\t\t\n\t\t\t\t\t\t\t\t\t\t\t\t\t\t\t\n\t\t\t\t\t\t\n\t\t\t\t\t\t\t\t\t\t<div class=\"fusion-product-buttons\">\n\t\t\t\t\t<a href=\"\/en\/wp-json\/wp\/v2\/pages\/6?add-to-cart=4022\" aria-describedby=\"woocommerce_loop_add_to_cart_link_describedby_4022\" data-quantity=\"1\" class=\"button product_type_simple add_to_cart_button ajax_add_to_cart\" data-product_id=\"4022\" data-product_sku=\"\" aria-label=\"Add to cart: &ldquo;Marcus Egli | Hominium Groupe de 4&rdquo;\" rel=\"nofollow\">Add to cart<\/a>\t<span id=\"woocommerce_loop_add_to_cart_link_describedby_4022\" class=\"screen-reader-text\">\n\t\t\t<\/span>\n<span class=\"fusion-rollover-linebreak\">\n\t\/<\/span>\n\n<a href=\"https:\/\/galerie-artima.com\/shop\/marcus-egli-hominium-groupe-de-4\" class=\"show_details_button\">\n\tDetails<\/a>\n\n\t\t\t\t<\/div>\n\t\t\t\t\t\t\t\t\t<a class=\"fusion-link-wrapper\" href=\"https:\/\/galerie-artima.com\/shop\/marcus-egli-hominium-groupe-de-4\" aria-label=\"Marcus Egli | Hominium Groupe de 4\"><\/a>\n\t<\/div>\n<\/div>\n<\/div>\n<\/div>\n<div class=\"fusion-product-content\">\n\t<div class=\"product-details\">\n\t\t<div class=\"product-details-container\">\n<h3 class=\"product-title\">\n\t<a href=\"https:\/\/galerie-artima.com\/shop\/marcus-egli-hominium-groupe-de-4\">\n\t\tMarcus Egli | Hominium Groupe de 4\t<\/a>\n<\/h3>\n<div class=\"fusion-price-rating\">\n\n\t<span class=\"price\"><span class=\"woocommerce-Price-amount amount\"><bdi>850,00<span class=\"woocommerce-Price-currencySymbol\">&euro;<\/span><\/bdi><\/span><\/span>\n\t\t<\/div>\n\t<\/div>\n<\/div>\n\n\t<\/div> \n\n\n<\/div>\n<\/li>\n<li class=\"product type-product post-14688 status-publish first instock product_cat-sculpture product_cat-tout has-post-thumbnail sold-individually shipping-taxable purchasable product-type-simple product-grid-view\">\n\t<div class=\"fusion-product-wrapper\">\n\n<div class=\"fusion-clean-product-image-wrapper \">\n\t<div  class=\"fusion-image-wrapper fusion-image-size-fixed\" aria-haspopup=\"true\">\n\t\t\t\t<img decoding=\"async\" width=\"500\" height=\"500\" src=\"https:\/\/galerie-artima.com\/wp-content\/uploads\/2024\/07\/MICHAEL-VIVIANI-AC-DC-Live-18.5x29x2.5cm-Technique-mixte-sur-resine-Edition-de-8-1-1-500x500.jpg\" class=\"attachment-woocommerce_thumbnail size-woocommerce_thumbnail lazyload wp-post-image\" alt=\"michael viviani ac dc live 18.5x29x2.5cm technique mixte sur resine edition de 8 1 1\" srcset=\"data:image\/svg+xml,%3Csvg%20xmlns%3D%27http%3A%2F%2Fwww.w3.org%2F2000%2Fsvg%27%20width%3D%271200%27%20height%3D%271200%27%20viewBox%3D%270%200%201200%201200%27%3E%3Crect%20width%3D%271200%27%20height%3D%271200%27%20fill-opacity%3D%220%22%2F%3E%3C%2Fsvg%3E\" data-orig-src=\"https:\/\/galerie-artima.com\/wp-content\/uploads\/2024\/07\/MICHAEL-VIVIANI-AC-DC-Live-18.5x29x2.5cm-Technique-mixte-sur-resine-Edition-de-8-1-1-500x500.jpg\" data-srcset=\"https:\/\/galerie-artima.com\/wp-content\/uploads\/2024\/07\/MICHAEL-VIVIANI-AC-DC-Live-18.5x29x2.5cm-Technique-mixte-sur-resine-Edition-de-8-1-1-66x66.jpg 66w, https:\/\/galerie-artima.com\/wp-content\/uploads\/2024\/07\/MICHAEL-VIVIANI-AC-DC-Live-18.5x29x2.5cm-Technique-mixte-sur-resine-Edition-de-8-1-1-96x96.jpg 96w, https:\/\/galerie-artima.com\/wp-content\/uploads\/2024\/07\/MICHAEL-VIVIANI-AC-DC-Live-18.5x29x2.5cm-Technique-mixte-sur-resine-Edition-de-8-1-1-150x150.jpg 150w, https:\/\/galerie-artima.com\/wp-content\/uploads\/2024\/07\/MICHAEL-VIVIANI-AC-DC-Live-18.5x29x2.5cm-Technique-mixte-sur-resine-Edition-de-8-1-1-200x200.jpg 200w, https:\/\/galerie-artima.com\/wp-content\/uploads\/2024\/07\/MICHAEL-VIVIANI-AC-DC-Live-18.5x29x2.5cm-Technique-mixte-sur-resine-Edition-de-8-1-1-300x300.jpg 300w, https:\/\/galerie-artima.com\/wp-content\/uploads\/2024\/07\/MICHAEL-VIVIANI-AC-DC-Live-18.5x29x2.5cm-Technique-mixte-sur-resine-Edition-de-8-1-1-400x400.jpg 400w, https:\/\/galerie-artima.com\/wp-content\/uploads\/2024\/07\/MICHAEL-VIVIANI-AC-DC-Live-18.5x29x2.5cm-Technique-mixte-sur-resine-Edition-de-8-1-1-500x500.jpg 500w, https:\/\/galerie-artima.com\/wp-content\/uploads\/2024\/07\/MICHAEL-VIVIANI-AC-DC-Live-18.5x29x2.5cm-Technique-mixte-sur-resine-Edition-de-8-1-1-600x600.jpg 600w, https:\/\/galerie-artima.com\/wp-content\/uploads\/2024\/07\/MICHAEL-VIVIANI-AC-DC-Live-18.5x29x2.5cm-Technique-mixte-sur-resine-Edition-de-8-1-1-768x768.jpg 768w, https:\/\/galerie-artima.com\/wp-content\/uploads\/2024\/07\/MICHAEL-VIVIANI-AC-DC-Live-18.5x29x2.5cm-Technique-mixte-sur-resine-Edition-de-8-1-1-800x800.jpg 800w, https:\/\/galerie-artima.com\/wp-content\/uploads\/2024\/07\/MICHAEL-VIVIANI-AC-DC-Live-18.5x29x2.5cm-Technique-mixte-sur-resine-Edition-de-8-1-1-1024x1024.jpg 1024w, https:\/\/galerie-artima.com\/wp-content\/uploads\/2024\/07\/MICHAEL-VIVIANI-AC-DC-Live-18.5x29x2.5cm-Technique-mixte-sur-resine-Edition-de-8-1-1.jpg 1200w\" data-sizes=\"auto\" \/><div class=\"fusion-rollover\">\n\t<div class=\"fusion-rollover-content\">\n\n\t\t\t\t\n\t\t\n\t\t\t\t\t\t\t\t\n\t\t\t\t\t\t\t\t\n\t\t\n\t\t\t\t\t\t\t\t\t\t\t\t\t\t\t\n\t\t\t\t\t\t\n\t\t\t\t\t\t\t\t\t\t<div class=\"fusion-product-buttons\">\n\t\t\t\t\t<a href=\"\/en\/wp-json\/wp\/v2\/pages\/6?add-to-cart=14688\" aria-describedby=\"woocommerce_loop_add_to_cart_link_describedby_14688\" data-quantity=\"1\" class=\"button product_type_simple add_to_cart_button ajax_add_to_cart\" data-product_id=\"14688\" data-product_sku=\"\" aria-label=\"Add to cart: &ldquo;Michael Viviani I AC DC Live&rdquo;\" rel=\"nofollow\">Add to cart<\/a>\t<span id=\"woocommerce_loop_add_to_cart_link_describedby_14688\" class=\"screen-reader-text\">\n\t\t\t<\/span>\n<span class=\"fusion-rollover-linebreak\">\n\t\/<\/span>\n\n<a href=\"https:\/\/galerie-artima.com\/shop\/michael-viviani-acdc-live\" class=\"show_details_button\">\n\tDetails<\/a>\n\n\t\t\t\t<\/div>\n\t\t\t\t\t\t\t\t\t<a class=\"fusion-link-wrapper\" href=\"https:\/\/galerie-artima.com\/shop\/michael-viviani-acdc-live\" aria-label=\"Michael Viviani I AC DC Live\"><\/a>\n\t<\/div>\n<\/div>\n<\/div>\n<\/div>\n<div class=\"fusion-product-content\">\n\t<div class=\"product-details\">\n\t\t<div class=\"product-details-container\">\n<h3 class=\"product-title\">\n\t<a href=\"https:\/\/galerie-artima.com\/shop\/michael-viviani-acdc-live\">\n\t\tMichael Viviani I AC DC Live\t<\/a>\n<\/h3>\n<div class=\"fusion-price-rating\">\n\n\t<span class=\"price\"><span class=\"woocommerce-Price-amount amount\"><bdi>1700,00<span class=\"woocommerce-Price-currencySymbol\">&euro;<\/span><\/bdi><\/span><\/span>\n\t\t<\/div>\n\t<\/div>\n<\/div>\n\n\t<\/div> \n\n\n<\/div>\n<\/li>\n<li class=\"product type-product post-14647 status-publish instock product_cat-sculpture product_cat-tout has-post-thumbnail sold-individually shipping-taxable purchasable product-type-simple product-grid-view\">\n\t<div class=\"fusion-product-wrapper\">\n\n<div class=\"fusion-clean-product-image-wrapper \">\n\t<div  class=\"fusion-image-wrapper fusion-image-size-fixed\" aria-haspopup=\"true\">\n\t\t\t\t<img decoding=\"async\" width=\"500\" height=\"500\" src=\"https:\/\/galerie-artima.com\/wp-content\/uploads\/2024\/07\/MICHAEL-VIVIANI-M-Revalite-18.5x29x2.5cm-Technique-mixte-sur-resine-Edition-de-8-3-500x500.jpg\" class=\"attachment-woocommerce_thumbnail size-woocommerce_thumbnail lazyload wp-post-image\" alt=\"michael viviani m revalite 18.5x29x2.5cm technique mixte sur resine edition de 8 3\" srcset=\"data:image\/svg+xml,%3Csvg%20xmlns%3D%27http%3A%2F%2Fwww.w3.org%2F2000%2Fsvg%27%20width%3D%271200%27%20height%3D%271200%27%20viewBox%3D%270%200%201200%201200%27%3E%3Crect%20width%3D%271200%27%20height%3D%271200%27%20fill-opacity%3D%220%22%2F%3E%3C%2Fsvg%3E\" data-orig-src=\"https:\/\/galerie-artima.com\/wp-content\/uploads\/2024\/07\/MICHAEL-VIVIANI-M-Revalite-18.5x29x2.5cm-Technique-mixte-sur-resine-Edition-de-8-3-500x500.jpg\" data-srcset=\"https:\/\/galerie-artima.com\/wp-content\/uploads\/2024\/07\/MICHAEL-VIVIANI-M-Revalite-18.5x29x2.5cm-Technique-mixte-sur-resine-Edition-de-8-3-66x66.jpg 66w, https:\/\/galerie-artima.com\/wp-content\/uploads\/2024\/07\/MICHAEL-VIVIANI-M-Revalite-18.5x29x2.5cm-Technique-mixte-sur-resine-Edition-de-8-3-96x96.jpg 96w, https:\/\/galerie-artima.com\/wp-content\/uploads\/2024\/07\/MICHAEL-VIVIANI-M-Revalite-18.5x29x2.5cm-Technique-mixte-sur-resine-Edition-de-8-3-150x150.jpg 150w, https:\/\/galerie-artima.com\/wp-content\/uploads\/2024\/07\/MICHAEL-VIVIANI-M-Revalite-18.5x29x2.5cm-Technique-mixte-sur-resine-Edition-de-8-3-200x200.jpg 200w, https:\/\/galerie-artima.com\/wp-content\/uploads\/2024\/07\/MICHAEL-VIVIANI-M-Revalite-18.5x29x2.5cm-Technique-mixte-sur-resine-Edition-de-8-3-300x300.jpg 300w, https:\/\/galerie-artima.com\/wp-content\/uploads\/2024\/07\/MICHAEL-VIVIANI-M-Revalite-18.5x29x2.5cm-Technique-mixte-sur-resine-Edition-de-8-3-400x400.jpg 400w, https:\/\/galerie-artima.com\/wp-content\/uploads\/2024\/07\/MICHAEL-VIVIANI-M-Revalite-18.5x29x2.5cm-Technique-mixte-sur-resine-Edition-de-8-3-500x500.jpg 500w, https:\/\/galerie-artima.com\/wp-content\/uploads\/2024\/07\/MICHAEL-VIVIANI-M-Revalite-18.5x29x2.5cm-Technique-mixte-sur-resine-Edition-de-8-3-600x600.jpg 600w, https:\/\/galerie-artima.com\/wp-content\/uploads\/2024\/07\/MICHAEL-VIVIANI-M-Revalite-18.5x29x2.5cm-Technique-mixte-sur-resine-Edition-de-8-3-768x768.jpg 768w, https:\/\/galerie-artima.com\/wp-content\/uploads\/2024\/07\/MICHAEL-VIVIANI-M-Revalite-18.5x29x2.5cm-Technique-mixte-sur-resine-Edition-de-8-3-800x800.jpg 800w, https:\/\/galerie-artima.com\/wp-content\/uploads\/2024\/07\/MICHAEL-VIVIANI-M-Revalite-18.5x29x2.5cm-Technique-mixte-sur-resine-Edition-de-8-3-1024x1024.jpg 1024w, https:\/\/galerie-artima.com\/wp-content\/uploads\/2024\/07\/MICHAEL-VIVIANI-M-Revalite-18.5x29x2.5cm-Technique-mixte-sur-resine-Edition-de-8-3.jpg 1200w\" data-sizes=\"auto\" \/><div class=\"fusion-rollover\">\n\t<div class=\"fusion-rollover-content\">\n\n\t\t\t\t\n\t\t\n\t\t\t\t\t\t\t\t\n\t\t\t\t\t\t\t\t\n\t\t\n\t\t\t\t\t\t\t\t\t\t\t\t\t\t\t\n\t\t\t\t\t\t\n\t\t\t\t\t\t\t\t\t\t<div class=\"fusion-product-buttons\">\n\t\t\t\t\t<a href=\"\/en\/wp-json\/wp\/v2\/pages\/6?add-to-cart=14647\" aria-describedby=\"woocommerce_loop_add_to_cart_link_describedby_14647\" data-quantity=\"1\" class=\"button product_type_simple add_to_cart_button ajax_add_to_cart\" data-product_id=\"14647\" data-product_sku=\"\" aria-label=\"Add to cart: &ldquo;Michael Viviani I M R\u00e9valit\u00e9&rdquo;\" rel=\"nofollow\">Add to cart<\/a>\t<span id=\"woocommerce_loop_add_to_cart_link_describedby_14647\" class=\"screen-reader-text\">\n\t\t\t<\/span>\n<span class=\"fusion-rollover-linebreak\">\n\t\/<\/span>\n\n<a href=\"https:\/\/galerie-artima.com\/shop\/michael-viviani-m-revalite\" class=\"show_details_button\">\n\tDetails<\/a>\n\n\t\t\t\t<\/div>\n\t\t\t\t\t\t\t\t\t<a class=\"fusion-link-wrapper\" href=\"https:\/\/galerie-artima.com\/shop\/michael-viviani-m-revalite\" aria-label=\"Michael Viviani I M R\u00e9valit\u00e9\"><\/a>\n\t<\/div>\n<\/div>\n<\/div>\n<\/div>\n<div class=\"fusion-product-content\">\n\t<div class=\"product-details\">\n\t\t<div class=\"product-details-container\">\n<h3 class=\"product-title\">\n\t<a href=\"https:\/\/galerie-artima.com\/shop\/michael-viviani-m-revalite\">\n\t\tMichael Viviani I M R\u00e9valit\u00e9\t<\/a>\n<\/h3>\n<div class=\"fusion-price-rating\">\n\n\t<span class=\"price\"><span class=\"woocommerce-Price-amount amount\"><bdi>1700,00<span class=\"woocommerce-Price-currencySymbol\">&euro;<\/span><\/bdi><\/span><\/span>\n\t\t<\/div>\n\t<\/div>\n<\/div>\n\n\t<\/div> \n\n\n<\/div>\n<\/li>\n<li class=\"product type-product post-14683 status-publish instock product_cat-sculpture product_cat-tout has-post-thumbnail sold-individually shipping-taxable purchasable product-type-simple product-grid-view\">\n\t<div class=\"fusion-product-wrapper\">\n\n<div class=\"fusion-clean-product-image-wrapper \">\n\t<div  class=\"fusion-image-wrapper fusion-image-size-fixed\" aria-haspopup=\"true\">\n\t\t\t\t<img decoding=\"async\" width=\"500\" height=\"500\" src=\"https:\/\/galerie-artima.com\/wp-content\/uploads\/2024\/03\/MICHAEL-VIVIANI-Pink-Floyd-Animals-18.5x29x2.5cm-Technique-mixte-sur-resine-Edition-de-8-2-500x500.jpg\" class=\"attachment-woocommerce_thumbnail size-woocommerce_thumbnail lazyload wp-post-image\" alt=\"michael viviani pink floyd animals 18.5x29x2.5cm technique mixte sur resine edition de 8 2\" srcset=\"data:image\/svg+xml,%3Csvg%20xmlns%3D%27http%3A%2F%2Fwww.w3.org%2F2000%2Fsvg%27%20width%3D%271200%27%20height%3D%271200%27%20viewBox%3D%270%200%201200%201200%27%3E%3Crect%20width%3D%271200%27%20height%3D%271200%27%20fill-opacity%3D%220%22%2F%3E%3C%2Fsvg%3E\" data-orig-src=\"https:\/\/galerie-artima.com\/wp-content\/uploads\/2024\/03\/MICHAEL-VIVIANI-Pink-Floyd-Animals-18.5x29x2.5cm-Technique-mixte-sur-resine-Edition-de-8-2-500x500.jpg\" data-srcset=\"https:\/\/galerie-artima.com\/wp-content\/uploads\/2024\/03\/MICHAEL-VIVIANI-Pink-Floyd-Animals-18.5x29x2.5cm-Technique-mixte-sur-resine-Edition-de-8-2-66x66.jpg 66w, https:\/\/galerie-artima.com\/wp-content\/uploads\/2024\/03\/MICHAEL-VIVIANI-Pink-Floyd-Animals-18.5x29x2.5cm-Technique-mixte-sur-resine-Edition-de-8-2-96x96.jpg 96w, https:\/\/galerie-artima.com\/wp-content\/uploads\/2024\/03\/MICHAEL-VIVIANI-Pink-Floyd-Animals-18.5x29x2.5cm-Technique-mixte-sur-resine-Edition-de-8-2-150x150.jpg 150w, https:\/\/galerie-artima.com\/wp-content\/uploads\/2024\/03\/MICHAEL-VIVIANI-Pink-Floyd-Animals-18.5x29x2.5cm-Technique-mixte-sur-resine-Edition-de-8-2-200x200.jpg 200w, https:\/\/galerie-artima.com\/wp-content\/uploads\/2024\/03\/MICHAEL-VIVIANI-Pink-Floyd-Animals-18.5x29x2.5cm-Technique-mixte-sur-resine-Edition-de-8-2-300x300.jpg 300w, https:\/\/galerie-artima.com\/wp-content\/uploads\/2024\/03\/MICHAEL-VIVIANI-Pink-Floyd-Animals-18.5x29x2.5cm-Technique-mixte-sur-resine-Edition-de-8-2-400x400.jpg 400w, https:\/\/galerie-artima.com\/wp-content\/uploads\/2024\/03\/MICHAEL-VIVIANI-Pink-Floyd-Animals-18.5x29x2.5cm-Technique-mixte-sur-resine-Edition-de-8-2-500x500.jpg 500w, https:\/\/galerie-artima.com\/wp-content\/uploads\/2024\/03\/MICHAEL-VIVIANI-Pink-Floyd-Animals-18.5x29x2.5cm-Technique-mixte-sur-resine-Edition-de-8-2-600x600.jpg 600w, https:\/\/galerie-artima.com\/wp-content\/uploads\/2024\/03\/MICHAEL-VIVIANI-Pink-Floyd-Animals-18.5x29x2.5cm-Technique-mixte-sur-resine-Edition-de-8-2-768x768.jpg 768w, https:\/\/galerie-artima.com\/wp-content\/uploads\/2024\/03\/MICHAEL-VIVIANI-Pink-Floyd-Animals-18.5x29x2.5cm-Technique-mixte-sur-resine-Edition-de-8-2-800x800.jpg 800w, https:\/\/galerie-artima.com\/wp-content\/uploads\/2024\/03\/MICHAEL-VIVIANI-Pink-Floyd-Animals-18.5x29x2.5cm-Technique-mixte-sur-resine-Edition-de-8-2-1024x1024.jpg 1024w, https:\/\/galerie-artima.com\/wp-content\/uploads\/2024\/03\/MICHAEL-VIVIANI-Pink-Floyd-Animals-18.5x29x2.5cm-Technique-mixte-sur-resine-Edition-de-8-2.jpg 1200w\" data-sizes=\"auto\" \/><div class=\"fusion-rollover\">\n\t<div class=\"fusion-rollover-content\">\n\n\t\t\t\t\n\t\t\n\t\t\t\t\t\t\t\t\n\t\t\t\t\t\t\t\t\n\t\t\n\t\t\t\t\t\t\t\t\t\t\t\t\t\t\t\n\t\t\t\t\t\t\n\t\t\t\t\t\t\t\t\t\t<div class=\"fusion-product-buttons\">\n\t\t\t\t\t<a href=\"\/en\/wp-json\/wp\/v2\/pages\/6?add-to-cart=14683\" aria-describedby=\"woocommerce_loop_add_to_cart_link_describedby_14683\" data-quantity=\"1\" class=\"button product_type_simple add_to_cart_button ajax_add_to_cart\" data-product_id=\"14683\" data-product_sku=\"\" aria-label=\"Add to cart: &ldquo;Michael Viviani I Pink Floyd Animals&rdquo;\" rel=\"nofollow\">Add to cart<\/a>\t<span id=\"woocommerce_loop_add_to_cart_link_describedby_14683\" class=\"screen-reader-text\">\n\t\t\t<\/span>\n<span class=\"fusion-rollover-linebreak\">\n\t\/<\/span>\n\n<a href=\"https:\/\/galerie-artima.com\/shop\/michael-viviani-pink-floyd-animals\" class=\"show_details_button\">\n\tDetails<\/a>\n\n\t\t\t\t<\/div>\n\t\t\t\t\t\t\t\t\t<a class=\"fusion-link-wrapper\" href=\"https:\/\/galerie-artima.com\/shop\/michael-viviani-pink-floyd-animals\" aria-label=\"Michael Viviani I Pink Floyd Animals\"><\/a>\n\t<\/div>\n<\/div>\n<\/div>\n<\/div>\n<div class=\"fusion-product-content\">\n\t<div class=\"product-details\">\n\t\t<div class=\"product-details-container\">\n<h3 class=\"product-title\">\n\t<a href=\"https:\/\/galerie-artima.com\/shop\/michael-viviani-pink-floyd-animals\">\n\t\tMichael Viviani I Pink Floyd Animals\t<\/a>\n<\/h3>\n<div class=\"fusion-price-rating\">\n\n\t<span class=\"price\"><span class=\"woocommerce-Price-amount amount\"><bdi>1700,00<span class=\"woocommerce-Price-currencySymbol\">&euro;<\/span><\/bdi><\/span><\/span>\n\t\t<\/div>\n\t<\/div>\n<\/div>\n\n\t<\/div> \n\n\n<\/div>\n<\/li>\n<li class=\"product type-product post-7296 status-publish last instock product_cat-sculpture product_cat-tout has-post-thumbnail sold-individually shipping-taxable purchasable product-type-simple product-grid-view\">\n\t<div class=\"fusion-product-wrapper\">\n\n<div class=\"fusion-clean-product-image-wrapper \">\n\t<div  class=\"fusion-image-wrapper fusion-image-size-fixed\" aria-haspopup=\"true\">\n\t\t\t\t<img decoding=\"async\" width=\"500\" height=\"500\" src=\"https:\/\/galerie-artima.com\/wp-content\/uploads\/2022\/03\/PHALIPPON-Sculpture-lumineuse-N\u00b01-60x23x23-cm-1200x1200--500x500.jpg\" class=\"attachment-woocommerce_thumbnail size-woocommerce_thumbnail lazyload wp-post-image\" alt=\"phalippon sculpture lumineuse n\u00b01 60x23x23 cm 1200x1200\" srcset=\"data:image\/svg+xml,%3Csvg%20xmlns%3D%27http%3A%2F%2Fwww.w3.org%2F2000%2Fsvg%27%20width%3D%271200%27%20height%3D%271200%27%20viewBox%3D%270%200%201200%201200%27%3E%3Crect%20width%3D%271200%27%20height%3D%271200%27%20fill-opacity%3D%220%22%2F%3E%3C%2Fsvg%3E\" data-orig-src=\"https:\/\/galerie-artima.com\/wp-content\/uploads\/2022\/03\/PHALIPPON-Sculpture-lumineuse-N\u00b01-60x23x23-cm-1200x1200--500x500.jpg\" data-srcset=\"https:\/\/galerie-artima.com\/wp-content\/uploads\/2022\/03\/PHALIPPON-Sculpture-lumineuse-N\u00b01-60x23x23-cm-1200x1200--66x66.jpg 66w, https:\/\/galerie-artima.com\/wp-content\/uploads\/2022\/03\/PHALIPPON-Sculpture-lumineuse-N\u00b01-60x23x23-cm-1200x1200--96x96.jpg 96w, https:\/\/galerie-artima.com\/wp-content\/uploads\/2022\/03\/PHALIPPON-Sculpture-lumineuse-N\u00b01-60x23x23-cm-1200x1200--150x150.jpg 150w, https:\/\/galerie-artima.com\/wp-content\/uploads\/2022\/03\/PHALIPPON-Sculpture-lumineuse-N\u00b01-60x23x23-cm-1200x1200--200x200.jpg 200w, https:\/\/galerie-artima.com\/wp-content\/uploads\/2022\/03\/PHALIPPON-Sculpture-lumineuse-N\u00b01-60x23x23-cm-1200x1200--300x300.jpg 300w, https:\/\/galerie-artima.com\/wp-content\/uploads\/2022\/03\/PHALIPPON-Sculpture-lumineuse-N\u00b01-60x23x23-cm-1200x1200--400x400.jpg 400w, https:\/\/galerie-artima.com\/wp-content\/uploads\/2022\/03\/PHALIPPON-Sculpture-lumineuse-N\u00b01-60x23x23-cm-1200x1200--500x500.jpg 500w, https:\/\/galerie-artima.com\/wp-content\/uploads\/2022\/03\/PHALIPPON-Sculpture-lumineuse-N\u00b01-60x23x23-cm-1200x1200--600x600.jpg 600w, https:\/\/galerie-artima.com\/wp-content\/uploads\/2022\/03\/PHALIPPON-Sculpture-lumineuse-N\u00b01-60x23x23-cm-1200x1200--768x768.jpg 768w, https:\/\/galerie-artima.com\/wp-content\/uploads\/2022\/03\/PHALIPPON-Sculpture-lumineuse-N\u00b01-60x23x23-cm-1200x1200--800x800.jpg 800w, https:\/\/galerie-artima.com\/wp-content\/uploads\/2022\/03\/PHALIPPON-Sculpture-lumineuse-N\u00b01-60x23x23-cm-1200x1200--1024x1024.jpg 1024w, https:\/\/galerie-artima.com\/wp-content\/uploads\/2022\/03\/PHALIPPON-Sculpture-lumineuse-N\u00b01-60x23x23-cm-1200x1200-.jpg 1200w\" data-sizes=\"auto\" \/><div class=\"fusion-rollover\">\n\t<div class=\"fusion-rollover-content\">\n\n\t\t\t\t\n\t\t\n\t\t\t\t\t\t\t\t\n\t\t\t\t\t\t\t\t\n\t\t\n\t\t\t\t\t\t\t\t\t\t\t\t\t\t\t\n\t\t\t\t\t\t\n\t\t\t\t\t\t\t\t\t\t<div class=\"fusion-product-buttons\">\n\t\t\t\t\t<a href=\"\/en\/wp-json\/wp\/v2\/pages\/6?add-to-cart=7296\" aria-describedby=\"woocommerce_loop_add_to_cart_link_describedby_7296\" data-quantity=\"1\" class=\"button product_type_simple add_to_cart_button ajax_add_to_cart\" data-product_id=\"7296\" data-product_sku=\"\" aria-label=\"Add to cart: &ldquo;Richard Phalippon | Sculpture lumineuse N\u00b01&rdquo;\" rel=\"nofollow\">Add to cart<\/a>\t<span id=\"woocommerce_loop_add_to_cart_link_describedby_7296\" class=\"screen-reader-text\">\n\t\t\t<\/span>\n<span class=\"fusion-rollover-linebreak\">\n\t\/<\/span>\n\n<a href=\"https:\/\/galerie-artima.com\/shop\/richard-phalippon-sculpture-lumineuse-n1\" class=\"show_details_button\">\n\tDetails<\/a>\n\n\t\t\t\t<\/div>\n\t\t\t\t\t\t\t\t\t<a class=\"fusion-link-wrapper\" href=\"https:\/\/galerie-artima.com\/shop\/richard-phalippon-sculpture-lumineuse-n1\" aria-label=\"Richard Phalippon | Sculpture lumineuse N\u00b01\"><\/a>\n\t<\/div>\n<\/div>\n<\/div>\n<\/div>\n<div class=\"fusion-product-content\">\n\t<div class=\"product-details\">\n\t\t<div class=\"product-details-container\">\n<h3 class=\"product-title\">\n\t<a href=\"https:\/\/galerie-artima.com\/shop\/richard-phalippon-sculpture-lumineuse-n1\">\n\t\tRichard Phalippon | Sculpture lumineuse N\u00b01\t<\/a>\n<\/h3>\n<div class=\"fusion-price-rating\">\n\n\t<span class=\"price\"><span class=\"woocommerce-Price-amount amount\"><bdi>1500,00<span class=\"woocommerce-Price-currencySymbol\">&euro;<\/span><\/bdi><\/span><\/span>\n\t\t<\/div>\n\t<\/div>\n<\/div>\n\n\t<\/div> \n\n\n<\/div>\n<\/li>\n<li class=\"product type-product post-7338 status-publish first instock product_cat-sculpture product_cat-tout has-post-thumbnail sold-individually shipping-taxable purchasable product-type-simple product-grid-view\">\n\t<div class=\"fusion-product-wrapper\">\n\n<div class=\"fusion-clean-product-image-wrapper \">\n\t<div  class=\"fusion-image-wrapper fusion-image-size-fixed\" aria-haspopup=\"true\">\n\t\t\t\t<img decoding=\"async\" width=\"500\" height=\"555\" src=\"https:\/\/galerie-artima.com\/wp-content\/uploads\/2022\/03\/PHALIPPON-Sculpture-lumineuse-N\u00b04-645x66x2cm-500x555.jpg\" class=\"attachment-woocommerce_thumbnail size-woocommerce_thumbnail lazyload wp-post-image\" alt=\"phalippon sculpture lumineuse n\u00b04 645x66x2cm\" srcset=\"data:image\/svg+xml,%3Csvg%20xmlns%3D%27http%3A%2F%2Fwww.w3.org%2F2000%2Fsvg%27%20width%3D%271082%27%20height%3D%271200%27%20viewBox%3D%270%200%201082%201200%27%3E%3Crect%20width%3D%271082%27%20height%3D%271200%27%20fill-opacity%3D%220%22%2F%3E%3C%2Fsvg%3E\" data-orig-src=\"https:\/\/galerie-artima.com\/wp-content\/uploads\/2022\/03\/PHALIPPON-Sculpture-lumineuse-N\u00b04-645x66x2cm-500x555.jpg\" data-srcset=\"https:\/\/galerie-artima.com\/wp-content\/uploads\/2022\/03\/PHALIPPON-Sculpture-lumineuse-N\u00b04-645x66x2cm-200x222.jpg 200w, https:\/\/galerie-artima.com\/wp-content\/uploads\/2022\/03\/PHALIPPON-Sculpture-lumineuse-N\u00b04-645x66x2cm-271x300.jpg 271w, https:\/\/galerie-artima.com\/wp-content\/uploads\/2022\/03\/PHALIPPON-Sculpture-lumineuse-N\u00b04-645x66x2cm-400x444.jpg 400w, https:\/\/galerie-artima.com\/wp-content\/uploads\/2022\/03\/PHALIPPON-Sculpture-lumineuse-N\u00b04-645x66x2cm-500x555.jpg 500w, https:\/\/galerie-artima.com\/wp-content\/uploads\/2022\/03\/PHALIPPON-Sculpture-lumineuse-N\u00b04-645x66x2cm-600x665.jpg 600w, https:\/\/galerie-artima.com\/wp-content\/uploads\/2022\/03\/PHALIPPON-Sculpture-lumineuse-N\u00b04-645x66x2cm-768x852.jpg 768w, https:\/\/galerie-artima.com\/wp-content\/uploads\/2022\/03\/PHALIPPON-Sculpture-lumineuse-N\u00b04-645x66x2cm-800x887.jpg 800w, https:\/\/galerie-artima.com\/wp-content\/uploads\/2022\/03\/PHALIPPON-Sculpture-lumineuse-N\u00b04-645x66x2cm-923x1024.jpg 923w, https:\/\/galerie-artima.com\/wp-content\/uploads\/2022\/03\/PHALIPPON-Sculpture-lumineuse-N\u00b04-645x66x2cm.jpg 1082w\" data-sizes=\"auto\" \/><div class=\"fusion-rollover\">\n\t<div class=\"fusion-rollover-content\">\n\n\t\t\t\t\n\t\t\n\t\t\t\t\t\t\t\t\n\t\t\t\t\t\t\t\t\n\t\t\n\t\t\t\t\t\t\t\t\t\t\t\t\t\t\t\n\t\t\t\t\t\t\n\t\t\t\t\t\t\t\t\t\t<div class=\"fusion-product-buttons\">\n\t\t\t\t\t<a href=\"\/en\/wp-json\/wp\/v2\/pages\/6?add-to-cart=7338\" aria-describedby=\"woocommerce_loop_add_to_cart_link_describedby_7338\" data-quantity=\"1\" class=\"button product_type_simple add_to_cart_button ajax_add_to_cart\" data-product_id=\"7338\" data-product_sku=\"\" aria-label=\"Add to cart: &ldquo;Richard Phalippon | Sculpture lumineuse N\u00b04&rdquo;\" rel=\"nofollow\">Add to cart<\/a>\t<span id=\"woocommerce_loop_add_to_cart_link_describedby_7338\" class=\"screen-reader-text\">\n\t\t\t<\/span>\n<span class=\"fusion-rollover-linebreak\">\n\t\/<\/span>\n\n<a href=\"https:\/\/galerie-artima.com\/shop\/richard-phalippon-sculpture-lumineuse-n4\" class=\"show_details_button\">\n\tDetails<\/a>\n\n\t\t\t\t<\/div>\n\t\t\t\t\t\t\t\t\t<a class=\"fusion-link-wrapper\" href=\"https:\/\/galerie-artima.com\/shop\/richard-phalippon-sculpture-lumineuse-n4\" aria-label=\"Richard Phalippon | Sculpture lumineuse N\u00b04\"><\/a>\n\t<\/div>\n<\/div>\n<\/div>\n<\/div>\n<div class=\"fusion-product-content\">\n\t<div class=\"product-details\">\n\t\t<div class=\"product-details-container\">\n<h3 class=\"product-title\">\n\t<a href=\"https:\/\/galerie-artima.com\/shop\/richard-phalippon-sculpture-lumineuse-n4\">\n\t\tRichard Phalippon | Sculpture lumineuse N\u00b04\t<\/a>\n<\/h3>\n<div class=\"fusion-price-rating\">\n\n\t<span class=\"price\"><span class=\"woocommerce-Price-amount amount\"><bdi>900,00<span class=\"woocommerce-Price-currencySymbol\">&euro;<\/span><\/bdi><\/span><\/span>\n\t\t<\/div>\n\t<\/div>\n<\/div>\n\n\t<\/div> \n\n\n<\/div>\n<\/li>\n<li class=\"product type-product post-7340 status-publish instock product_cat-sculpture product_cat-tout has-post-thumbnail sold-individually shipping-taxable purchasable product-type-simple product-grid-view\">\n\t<div class=\"fusion-product-wrapper\">\n\n<div class=\"fusion-clean-product-image-wrapper \">\n\t<div  class=\"fusion-image-wrapper fusion-image-size-fixed\" aria-haspopup=\"true\">\n\t\t\t\t<img decoding=\"async\" width=\"500\" height=\"500\" src=\"https:\/\/galerie-artima.com\/wp-content\/uploads\/2022\/03\/PHALIPPON-Sculpture-Lumineuse-N\u00b05-415x18x18-cm-1200x1200--500x500.jpg\" class=\"attachment-woocommerce_thumbnail size-woocommerce_thumbnail lazyload wp-post-image\" alt=\"phalippon sculpture lumineuse n\u00b05 415x18x18 cm 1200x1200\" srcset=\"data:image\/svg+xml,%3Csvg%20xmlns%3D%27http%3A%2F%2Fwww.w3.org%2F2000%2Fsvg%27%20width%3D%271200%27%20height%3D%271200%27%20viewBox%3D%270%200%201200%201200%27%3E%3Crect%20width%3D%271200%27%20height%3D%271200%27%20fill-opacity%3D%220%22%2F%3E%3C%2Fsvg%3E\" data-orig-src=\"https:\/\/galerie-artima.com\/wp-content\/uploads\/2022\/03\/PHALIPPON-Sculpture-Lumineuse-N\u00b05-415x18x18-cm-1200x1200--500x500.jpg\" data-srcset=\"https:\/\/galerie-artima.com\/wp-content\/uploads\/2022\/03\/PHALIPPON-Sculpture-Lumineuse-N\u00b05-415x18x18-cm-1200x1200--66x66.jpg 66w, https:\/\/galerie-artima.com\/wp-content\/uploads\/2022\/03\/PHALIPPON-Sculpture-Lumineuse-N\u00b05-415x18x18-cm-1200x1200--96x96.jpg 96w, https:\/\/galerie-artima.com\/wp-content\/uploads\/2022\/03\/PHALIPPON-Sculpture-Lumineuse-N\u00b05-415x18x18-cm-1200x1200--150x150.jpg 150w, https:\/\/galerie-artima.com\/wp-content\/uploads\/2022\/03\/PHALIPPON-Sculpture-Lumineuse-N\u00b05-415x18x18-cm-1200x1200--200x200.jpg 200w, https:\/\/galerie-artima.com\/wp-content\/uploads\/2022\/03\/PHALIPPON-Sculpture-Lumineuse-N\u00b05-415x18x18-cm-1200x1200--300x300.jpg 300w, https:\/\/galerie-artima.com\/wp-content\/uploads\/2022\/03\/PHALIPPON-Sculpture-Lumineuse-N\u00b05-415x18x18-cm-1200x1200--400x400.jpg 400w, https:\/\/galerie-artima.com\/wp-content\/uploads\/2022\/03\/PHALIPPON-Sculpture-Lumineuse-N\u00b05-415x18x18-cm-1200x1200--500x500.jpg 500w, https:\/\/galerie-artima.com\/wp-content\/uploads\/2022\/03\/PHALIPPON-Sculpture-Lumineuse-N\u00b05-415x18x18-cm-1200x1200--600x600.jpg 600w, https:\/\/galerie-artima.com\/wp-content\/uploads\/2022\/03\/PHALIPPON-Sculpture-Lumineuse-N\u00b05-415x18x18-cm-1200x1200--768x768.jpg 768w, https:\/\/galerie-artima.com\/wp-content\/uploads\/2022\/03\/PHALIPPON-Sculpture-Lumineuse-N\u00b05-415x18x18-cm-1200x1200--800x800.jpg 800w, https:\/\/galerie-artima.com\/wp-content\/uploads\/2022\/03\/PHALIPPON-Sculpture-Lumineuse-N\u00b05-415x18x18-cm-1200x1200--1024x1024.jpg 1024w, https:\/\/galerie-artima.com\/wp-content\/uploads\/2022\/03\/PHALIPPON-Sculpture-Lumineuse-N\u00b05-415x18x18-cm-1200x1200-.jpg 1200w\" data-sizes=\"auto\" \/><div class=\"fusion-rollover\">\n\t<div class=\"fusion-rollover-content\">\n\n\t\t\t\t\n\t\t\n\t\t\t\t\t\t\t\t\n\t\t\t\t\t\t\t\t\n\t\t\n\t\t\t\t\t\t\t\t\t\t\t\t\t\t\t\n\t\t\t\t\t\t\n\t\t\t\t\t\t\t\t\t\t<div class=\"fusion-product-buttons\">\n\t\t\t\t\t<a href=\"\/en\/wp-json\/wp\/v2\/pages\/6?add-to-cart=7340\" aria-describedby=\"woocommerce_loop_add_to_cart_link_describedby_7340\" data-quantity=\"1\" class=\"button product_type_simple add_to_cart_button ajax_add_to_cart\" data-product_id=\"7340\" data-product_sku=\"\" aria-label=\"Add to cart: &ldquo;Richard Phalippon | Sculpture lumineuse N\u00b05&rdquo;\" rel=\"nofollow\">Add to cart<\/a>\t<span id=\"woocommerce_loop_add_to_cart_link_describedby_7340\" class=\"screen-reader-text\">\n\t\t\t<\/span>\n<span class=\"fusion-rollover-linebreak\">\n\t\/<\/span>\n\n<a href=\"https:\/\/galerie-artima.com\/shop\/richard-phalippon-sculpture-lumineuse-n5\" class=\"show_details_button\">\n\tDetails<\/a>\n\n\t\t\t\t<\/div>\n\t\t\t\t\t\t\t\t\t<a class=\"fusion-link-wrapper\" href=\"https:\/\/galerie-artima.com\/shop\/richard-phalippon-sculpture-lumineuse-n5\" aria-label=\"Richard Phalippon | Sculpture lumineuse N\u00b05\"><\/a>\n\t<\/div>\n<\/div>\n<\/div>\n<\/div>\n<div class=\"fusion-product-content\">\n\t<div class=\"product-details\">\n\t\t<div class=\"product-details-container\">\n<h3 class=\"product-title\">\n\t<a href=\"https:\/\/galerie-artima.com\/shop\/richard-phalippon-sculpture-lumineuse-n5\">\n\t\tRichard Phalippon | Sculpture lumineuse N\u00b05\t<\/a>\n<\/h3>\n<div class=\"fusion-price-rating\">\n\n\t<span class=\"price\"><span class=\"woocommerce-Price-amount amount\"><bdi>400,00<span class=\"woocommerce-Price-currencySymbol\">&euro;<\/span><\/bdi><\/span><\/span>\n\t\t<\/div>\n\t<\/div>\n<\/div>\n\n\t<\/div> \n\n\n<\/div>\n<\/li>\n<\/ul>\n<\/div>\n<\/div><div class=\"nav fusion-mobile-tab-nav\"><ul class=\"nav-tabs\" role=\"tablist\"><li role=\"presentation\"><a class=\"tab-link\" data-toggle=\"tab\" role=\"tab\" aria-controls=\"tab-2b9ec6c7d2c41414b87\" aria-selected=\"false\" tabindex=\"-1\" id=\"mobile-fusion-tab-tableau\" href=\"#tab-2b9ec6c7d2c41414b87\"><h4 class=\"fusion-tab-heading\">TABLEAU<\/h4><\/a><\/li><\/ul><\/div><div class=\"tab-pane fade fusion-clearfix\" role=\"tabpanel\" tabindex=\"0\" aria-labelledby=\"fusion-tab-tableau\" id=\"tab-2b9ec6c7d2c41414b87\">\n<div class=\"woocommerce columns-4 \"><ul class=\"products clearfix products-4\">\n<li class=\"product type-product post-4002 status-publish first instock product_cat-tableau product_cat-tout has-post-thumbnail sold-individually shipping-taxable purchasable product-type-simple product-grid-view\">\n\t<div class=\"fusion-product-wrapper\">\n\n<div class=\"fusion-clean-product-image-wrapper \">\n\t<div  class=\"fusion-image-wrapper fusion-image-size-fixed\" aria-haspopup=\"true\">\n\t\t\t\t<img decoding=\"async\" width=\"500\" height=\"721\" src=\"https:\/\/galerie-artima.com\/wp-content\/uploads\/2022\/01\/AYLINE-OLUKMAN-Miracle-Poolside-100x70cm-Mixed-media-on-canvas-2020-500x721.jpg\" class=\"attachment-woocommerce_thumbnail size-woocommerce_thumbnail lazyload wp-post-image\" alt=\"ayline olukman miracle poolside 100x70cm mixed media on canvas 2020\" srcset=\"data:image\/svg+xml,%3Csvg%20xmlns%3D%27http%3A%2F%2Fwww.w3.org%2F2000%2Fsvg%27%20width%3D%27555%27%20height%3D%27800%27%20viewBox%3D%270%200%20555%20800%27%3E%3Crect%20width%3D%27555%27%20height%3D%27800%27%20fill-opacity%3D%220%22%2F%3E%3C%2Fsvg%3E\" data-orig-src=\"https:\/\/galerie-artima.com\/wp-content\/uploads\/2022\/01\/AYLINE-OLUKMAN-Miracle-Poolside-100x70cm-Mixed-media-on-canvas-2020-500x721.jpg\" data-srcset=\"https:\/\/galerie-artima.com\/wp-content\/uploads\/2022\/01\/AYLINE-OLUKMAN-Miracle-Poolside-100x70cm-Mixed-media-on-canvas-2020-200x288.jpg 200w, https:\/\/galerie-artima.com\/wp-content\/uploads\/2022\/01\/AYLINE-OLUKMAN-Miracle-Poolside-100x70cm-Mixed-media-on-canvas-2020-208x300.jpg 208w, https:\/\/galerie-artima.com\/wp-content\/uploads\/2022\/01\/AYLINE-OLUKMAN-Miracle-Poolside-100x70cm-Mixed-media-on-canvas-2020-400x577.jpg 400w, https:\/\/galerie-artima.com\/wp-content\/uploads\/2022\/01\/AYLINE-OLUKMAN-Miracle-Poolside-100x70cm-Mixed-media-on-canvas-2020-500x721.jpg 500w, https:\/\/galerie-artima.com\/wp-content\/uploads\/2022\/01\/AYLINE-OLUKMAN-Miracle-Poolside-100x70cm-Mixed-media-on-canvas-2020.jpg 555w\" data-sizes=\"auto\" \/><div class=\"fusion-rollover\">\n\t<div class=\"fusion-rollover-content\">\n\n\t\t\t\t\n\t\t\n\t\t\t\t\t\t\t\t\n\t\t\t\t\t\t\t\t\n\t\t\n\t\t\t\t\t\t\t\t\t\t\t\t\t\t\t\n\t\t\t\t\t\t\n\t\t\t\t\t\t\t\t\t\t<div class=\"fusion-product-buttons\">\n\t\t\t\t\t<a href=\"\/en\/wp-json\/wp\/v2\/pages\/6?add-to-cart=4002\" aria-describedby=\"woocommerce_loop_add_to_cart_link_describedby_4002\" data-quantity=\"1\" class=\"button product_type_simple add_to_cart_button ajax_add_to_cart\" data-product_id=\"4002\" data-product_sku=\"\" aria-label=\"Add to cart: &ldquo;Ayline Olukman I Miracle Poolside&rdquo;\" rel=\"nofollow\">Add to cart<\/a>\t<span id=\"woocommerce_loop_add_to_cart_link_describedby_4002\" class=\"screen-reader-text\">\n\t\t\t<\/span>\n<span class=\"fusion-rollover-linebreak\">\n\t\/<\/span>\n\n<a href=\"https:\/\/galerie-artima.com\/shop\/ayline-olukman-i-miracle-poolside\" class=\"show_details_button\">\n\tDetails<\/a>\n\n\t\t\t\t<\/div>\n\t\t\t\t\t\t\t\t\t<a class=\"fusion-link-wrapper\" href=\"https:\/\/galerie-artima.com\/shop\/ayline-olukman-i-miracle-poolside\" aria-label=\"Ayline Olukman I Miracle Poolside\"><\/a>\n\t<\/div>\n<\/div>\n<\/div>\n<\/div>\n<div class=\"fusion-product-content\">\n\t<div class=\"product-details\">\n\t\t<div class=\"product-details-container\">\n<h3 class=\"product-title\">\n\t<a href=\"https:\/\/galerie-artima.com\/shop\/ayline-olukman-i-miracle-poolside\">\n\t\tAyline Olukman I Miracle Poolside\t<\/a>\n<\/h3>\n<div class=\"fusion-price-rating\">\n\n\t<span class=\"price\"><span class=\"woocommerce-Price-amount amount\"><bdi>2900,00<span class=\"woocommerce-Price-currencySymbol\">&euro;<\/span><\/bdi><\/span><\/span>\n\t\t<\/div>\n\t<\/div>\n<\/div>\n\n\t<\/div> \n\n\n<\/div>\n<\/li>\n<li class=\"product type-product post-9801 status-publish instock product_cat-tableau product_cat-tout has-post-thumbnail sold-individually shipping-taxable purchasable product-type-simple product-grid-view\">\n\t<div class=\"fusion-product-wrapper\">\n\n<div class=\"fusion-clean-product-image-wrapper \">\n\t<div  class=\"fusion-image-wrapper fusion-image-size-fixed\" aria-haspopup=\"true\">\n\t\t\t\t<img decoding=\"async\" width=\"500\" height=\"500\" src=\"https:\/\/galerie-artima.com\/wp-content\/uploads\/2022\/10\/CHARLES-FAZZINO-A-tour-of-the-Mediterranean-mural-132x143cm-500x500.jpg\" class=\"attachment-woocommerce_thumbnail size-woocommerce_thumbnail lazyload wp-post-image\" alt=\"charles fazzino a tour of the mediterranean mural 132x143cm\" srcset=\"data:image\/svg+xml,%3Csvg%20xmlns%3D%27http%3A%2F%2Fwww.w3.org%2F2000%2Fsvg%27%20width%3D%271200%27%20height%3D%271200%27%20viewBox%3D%270%200%201200%201200%27%3E%3Crect%20width%3D%271200%27%20height%3D%271200%27%20fill-opacity%3D%220%22%2F%3E%3C%2Fsvg%3E\" data-orig-src=\"https:\/\/galerie-artima.com\/wp-content\/uploads\/2022\/10\/CHARLES-FAZZINO-A-tour-of-the-Mediterranean-mural-132x143cm-500x500.jpg\" data-srcset=\"https:\/\/galerie-artima.com\/wp-content\/uploads\/2022\/10\/CHARLES-FAZZINO-A-tour-of-the-Mediterranean-mural-132x143cm-66x66.jpg 66w, https:\/\/galerie-artima.com\/wp-content\/uploads\/2022\/10\/CHARLES-FAZZINO-A-tour-of-the-Mediterranean-mural-132x143cm-96x96.jpg 96w, https:\/\/galerie-artima.com\/wp-content\/uploads\/2022\/10\/CHARLES-FAZZINO-A-tour-of-the-Mediterranean-mural-132x143cm-150x150.jpg 150w, https:\/\/galerie-artima.com\/wp-content\/uploads\/2022\/10\/CHARLES-FAZZINO-A-tour-of-the-Mediterranean-mural-132x143cm-200x200.jpg 200w, https:\/\/galerie-artima.com\/wp-content\/uploads\/2022\/10\/CHARLES-FAZZINO-A-tour-of-the-Mediterranean-mural-132x143cm-300x300.jpg 300w, https:\/\/galerie-artima.com\/wp-content\/uploads\/2022\/10\/CHARLES-FAZZINO-A-tour-of-the-Mediterranean-mural-132x143cm-400x400.jpg 400w, https:\/\/galerie-artima.com\/wp-content\/uploads\/2022\/10\/CHARLES-FAZZINO-A-tour-of-the-Mediterranean-mural-132x143cm-500x500.jpg 500w, https:\/\/galerie-artima.com\/wp-content\/uploads\/2022\/10\/CHARLES-FAZZINO-A-tour-of-the-Mediterranean-mural-132x143cm-600x600.jpg 600w, https:\/\/galerie-artima.com\/wp-content\/uploads\/2022\/10\/CHARLES-FAZZINO-A-tour-of-the-Mediterranean-mural-132x143cm-768x768.jpg 768w, https:\/\/galerie-artima.com\/wp-content\/uploads\/2022\/10\/CHARLES-FAZZINO-A-tour-of-the-Mediterranean-mural-132x143cm-800x800.jpg 800w, https:\/\/galerie-artima.com\/wp-content\/uploads\/2022\/10\/CHARLES-FAZZINO-A-tour-of-the-Mediterranean-mural-132x143cm-1024x1024.jpg 1024w, https:\/\/galerie-artima.com\/wp-content\/uploads\/2022\/10\/CHARLES-FAZZINO-A-tour-of-the-Mediterranean-mural-132x143cm.jpg 1200w\" data-sizes=\"auto\" \/><div class=\"fusion-rollover\">\n\t<div class=\"fusion-rollover-content\">\n\n\t\t\t\t\n\t\t\n\t\t\t\t\t\t\t\t\n\t\t\t\t\t\t\t\t\n\t\t\n\t\t\t\t\t\t\t\t\t\t\t\t\t\t\t\n\t\t\t\t\t\t\n\t\t\t\t\t\t\t\t\t\t<div class=\"fusion-product-buttons\">\n\t\t\t\t\t<a href=\"\/en\/wp-json\/wp\/v2\/pages\/6?add-to-cart=9801\" aria-describedby=\"woocommerce_loop_add_to_cart_link_describedby_9801\" data-quantity=\"1\" class=\"button product_type_simple add_to_cart_button ajax_add_to_cart\" data-product_id=\"9801\" data-product_sku=\"\" aria-label=\"Add to cart: &ldquo;Charles Fazzino | A tour of Mediterranean&rdquo;\" rel=\"nofollow\">Add to cart<\/a>\t<span id=\"woocommerce_loop_add_to_cart_link_describedby_9801\" class=\"screen-reader-text\">\n\t\t\t<\/span>\n<span class=\"fusion-rollover-linebreak\">\n\t\/<\/span>\n\n<a href=\"https:\/\/galerie-artima.com\/shop\/charles-fazzino-a-tour-of-mediterranean\" class=\"show_details_button\">\n\tDetails<\/a>\n\n\t\t\t\t<\/div>\n\t\t\t\t\t\t\t\t\t<a class=\"fusion-link-wrapper\" href=\"https:\/\/galerie-artima.com\/shop\/charles-fazzino-a-tour-of-mediterranean\" aria-label=\"Charles Fazzino | A tour of Mediterranean\"><\/a>\n\t<\/div>\n<\/div>\n<\/div>\n<\/div>\n<div class=\"fusion-product-content\">\n\t<div class=\"product-details\">\n\t\t<div class=\"product-details-container\">\n<h3 class=\"product-title\">\n\t<a href=\"https:\/\/galerie-artima.com\/shop\/charles-fazzino-a-tour-of-mediterranean\">\n\t\tCharles Fazzino | A tour of Mediterranean\t<\/a>\n<\/h3>\n<div class=\"fusion-price-rating\">\n\n\t<span class=\"price\"><span class=\"woocommerce-Price-amount amount\"><bdi>15500,00<span class=\"woocommerce-Price-currencySymbol\">&euro;<\/span><\/bdi><\/span><\/span>\n\t\t<\/div>\n\t<\/div>\n<\/div>\n\n\t<\/div> \n\n\n<\/div>\n<\/li>\n<li class=\"product type-product post-3850 status-publish instock product_cat-tableau product_cat-tout has-post-thumbnail sold-individually shipping-taxable purchasable product-type-simple product-grid-view\">\n\t<div class=\"fusion-product-wrapper\">\n\n<div class=\"fusion-clean-product-image-wrapper \">\n\t<div  class=\"fusion-image-wrapper fusion-image-size-fixed\" aria-haspopup=\"true\">\n\t\t\t\t<img decoding=\"async\" width=\"500\" height=\"500\" src=\"https:\/\/galerie-artima.com\/wp-content\/uploads\/2024\/06\/CHARLES-FAZZINO-Le-Marais-est-magnifique-64x71cm-AP-500x500.jpg\" class=\"attachment-woocommerce_thumbnail size-woocommerce_thumbnail lazyload wp-post-image\" alt=\"charles fazzino le marais est magnifique 64x71cm ap\" srcset=\"data:image\/svg+xml,%3Csvg%20xmlns%3D%27http%3A%2F%2Fwww.w3.org%2F2000%2Fsvg%27%20width%3D%271200%27%20height%3D%271200%27%20viewBox%3D%270%200%201200%201200%27%3E%3Crect%20width%3D%271200%27%20height%3D%271200%27%20fill-opacity%3D%220%22%2F%3E%3C%2Fsvg%3E\" data-orig-src=\"https:\/\/galerie-artima.com\/wp-content\/uploads\/2024\/06\/CHARLES-FAZZINO-Le-Marais-est-magnifique-64x71cm-AP-500x500.jpg\" data-srcset=\"https:\/\/galerie-artima.com\/wp-content\/uploads\/2024\/06\/CHARLES-FAZZINO-Le-Marais-est-magnifique-64x71cm-AP-66x66.jpg 66w, https:\/\/galerie-artima.com\/wp-content\/uploads\/2024\/06\/CHARLES-FAZZINO-Le-Marais-est-magnifique-64x71cm-AP-96x96.jpg 96w, https:\/\/galerie-artima.com\/wp-content\/uploads\/2024\/06\/CHARLES-FAZZINO-Le-Marais-est-magnifique-64x71cm-AP-150x150.jpg 150w, https:\/\/galerie-artima.com\/wp-content\/uploads\/2024\/06\/CHARLES-FAZZINO-Le-Marais-est-magnifique-64x71cm-AP-200x200.jpg 200w, https:\/\/galerie-artima.com\/wp-content\/uploads\/2024\/06\/CHARLES-FAZZINO-Le-Marais-est-magnifique-64x71cm-AP-300x300.jpg 300w, https:\/\/galerie-artima.com\/wp-content\/uploads\/2024\/06\/CHARLES-FAZZINO-Le-Marais-est-magnifique-64x71cm-AP-400x400.jpg 400w, https:\/\/galerie-artima.com\/wp-content\/uploads\/2024\/06\/CHARLES-FAZZINO-Le-Marais-est-magnifique-64x71cm-AP-500x500.jpg 500w, https:\/\/galerie-artima.com\/wp-content\/uploads\/2024\/06\/CHARLES-FAZZINO-Le-Marais-est-magnifique-64x71cm-AP-600x600.jpg 600w, https:\/\/galerie-artima.com\/wp-content\/uploads\/2024\/06\/CHARLES-FAZZINO-Le-Marais-est-magnifique-64x71cm-AP-768x768.jpg 768w, https:\/\/galerie-artima.com\/wp-content\/uploads\/2024\/06\/CHARLES-FAZZINO-Le-Marais-est-magnifique-64x71cm-AP-800x800.jpg 800w, https:\/\/galerie-artima.com\/wp-content\/uploads\/2024\/06\/CHARLES-FAZZINO-Le-Marais-est-magnifique-64x71cm-AP-1024x1024.jpg 1024w, https:\/\/galerie-artima.com\/wp-content\/uploads\/2024\/06\/CHARLES-FAZZINO-Le-Marais-est-magnifique-64x71cm-AP.jpg 1200w\" data-sizes=\"auto\" \/><div class=\"fusion-rollover\">\n\t<div class=\"fusion-rollover-content\">\n\n\t\t\t\t\n\t\t\n\t\t\t\t\t\t\t\t\n\t\t\t\t\t\t\t\t\n\t\t\n\t\t\t\t\t\t\t\t\t\t\t\t\t\t\t\n\t\t\t\t\t\t\n\t\t\t\t\t\t\t\t\t\t<div class=\"fusion-product-buttons\">\n\t\t\t\t\t<a href=\"\/en\/wp-json\/wp\/v2\/pages\/6?add-to-cart=3850\" aria-describedby=\"woocommerce_loop_add_to_cart_link_describedby_3850\" data-quantity=\"1\" class=\"button product_type_simple add_to_cart_button ajax_add_to_cart\" data-product_id=\"3850\" data-product_sku=\"\" aria-label=\"Add to cart: &ldquo;Charles Fazzino | Le Marais est magnifique&rdquo;\" rel=\"nofollow\">Add to cart<\/a>\t<span id=\"woocommerce_loop_add_to_cart_link_describedby_3850\" class=\"screen-reader-text\">\n\t\t\t<\/span>\n<span class=\"fusion-rollover-linebreak\">\n\t\/<\/span>\n\n<a href=\"https:\/\/galerie-artima.com\/shop\/charles-fazzino-le-marais-est-magnifique\" class=\"show_details_button\">\n\tDetails<\/a>\n\n\t\t\t\t<\/div>\n\t\t\t\t\t\t\t\t\t<a class=\"fusion-link-wrapper\" href=\"https:\/\/galerie-artima.com\/shop\/charles-fazzino-le-marais-est-magnifique\" aria-label=\"Charles Fazzino | Le Marais est magnifique\"><\/a>\n\t<\/div>\n<\/div>\n<\/div>\n<\/div>\n<div class=\"fusion-product-content\">\n\t<div class=\"product-details\">\n\t\t<div class=\"product-details-container\">\n<h3 class=\"product-title\">\n\t<a href=\"https:\/\/galerie-artima.com\/shop\/charles-fazzino-le-marais-est-magnifique\">\n\t\tCharles Fazzino | Le Marais est magnifique\t<\/a>\n<\/h3>\n<div class=\"fusion-price-rating\">\n\n\t<span class=\"price\"><span class=\"woocommerce-Price-amount amount\"><bdi>3900,00<span class=\"woocommerce-Price-currencySymbol\">&euro;<\/span><\/bdi><\/span><\/span>\n\t\t<\/div>\n\t<\/div>\n<\/div>\n\n\t<\/div> \n\n\n<\/div>\n<\/li>\n<li class=\"product type-product post-3876 status-publish last instock product_cat-tableau product_cat-tout has-post-thumbnail sold-individually shipping-taxable purchasable product-type-simple product-grid-view\">\n\t<div class=\"fusion-product-wrapper\">\n\n<div class=\"fusion-clean-product-image-wrapper \">\n\t<div  class=\"fusion-image-wrapper fusion-image-size-fixed\" aria-haspopup=\"true\">\n\t\t\t\t<img decoding=\"async\" width=\"500\" height=\"500\" src=\"https:\/\/galerie-artima.com\/wp-content\/uploads\/2022\/11\/JOEL-CUOQ-John-Coltrane-100x100cm-Mosaique-de-cubes-en-papier-compresse-2023-500x500.jpg\" class=\"attachment-woocommerce_thumbnail size-woocommerce_thumbnail lazyload wp-post-image\" alt=\"joel cuoq john coltrane 100x100cm mosaique de cubes en papier compresse 2023\" srcset=\"data:image\/svg+xml,%3Csvg%20xmlns%3D%27http%3A%2F%2Fwww.w3.org%2F2000%2Fsvg%27%20width%3D%271200%27%20height%3D%271200%27%20viewBox%3D%270%200%201200%201200%27%3E%3Crect%20width%3D%271200%27%20height%3D%271200%27%20fill-opacity%3D%220%22%2F%3E%3C%2Fsvg%3E\" data-orig-src=\"https:\/\/galerie-artima.com\/wp-content\/uploads\/2022\/11\/JOEL-CUOQ-John-Coltrane-100x100cm-Mosaique-de-cubes-en-papier-compresse-2023-500x500.jpg\" data-srcset=\"https:\/\/galerie-artima.com\/wp-content\/uploads\/2022\/11\/JOEL-CUOQ-John-Coltrane-100x100cm-Mosaique-de-cubes-en-papier-compresse-2023-66x66.jpg 66w, https:\/\/galerie-artima.com\/wp-content\/uploads\/2022\/11\/JOEL-CUOQ-John-Coltrane-100x100cm-Mosaique-de-cubes-en-papier-compresse-2023-96x96.jpg 96w, https:\/\/galerie-artima.com\/wp-content\/uploads\/2022\/11\/JOEL-CUOQ-John-Coltrane-100x100cm-Mosaique-de-cubes-en-papier-compresse-2023-150x150.jpg 150w, https:\/\/galerie-artima.com\/wp-content\/uploads\/2022\/11\/JOEL-CUOQ-John-Coltrane-100x100cm-Mosaique-de-cubes-en-papier-compresse-2023-200x200.jpg 200w, https:\/\/galerie-artima.com\/wp-content\/uploads\/2022\/11\/JOEL-CUOQ-John-Coltrane-100x100cm-Mosaique-de-cubes-en-papier-compresse-2023-300x300.jpg 300w, https:\/\/galerie-artima.com\/wp-content\/uploads\/2022\/11\/JOEL-CUOQ-John-Coltrane-100x100cm-Mosaique-de-cubes-en-papier-compresse-2023-400x400.jpg 400w, https:\/\/galerie-artima.com\/wp-content\/uploads\/2022\/11\/JOEL-CUOQ-John-Coltrane-100x100cm-Mosaique-de-cubes-en-papier-compresse-2023-500x500.jpg 500w, https:\/\/galerie-artima.com\/wp-content\/uploads\/2022\/11\/JOEL-CUOQ-John-Coltrane-100x100cm-Mosaique-de-cubes-en-papier-compresse-2023-600x600.jpg 600w, https:\/\/galerie-artima.com\/wp-content\/uploads\/2022\/11\/JOEL-CUOQ-John-Coltrane-100x100cm-Mosaique-de-cubes-en-papier-compresse-2023-768x768.jpg 768w, https:\/\/galerie-artima.com\/wp-content\/uploads\/2022\/11\/JOEL-CUOQ-John-Coltrane-100x100cm-Mosaique-de-cubes-en-papier-compresse-2023-800x800.jpg 800w, https:\/\/galerie-artima.com\/wp-content\/uploads\/2022\/11\/JOEL-CUOQ-John-Coltrane-100x100cm-Mosaique-de-cubes-en-papier-compresse-2023-1024x1024.jpg 1024w, https:\/\/galerie-artima.com\/wp-content\/uploads\/2022\/11\/JOEL-CUOQ-John-Coltrane-100x100cm-Mosaique-de-cubes-en-papier-compresse-2023.jpg 1200w\" data-sizes=\"auto\" \/><div class=\"fusion-rollover\">\n\t<div class=\"fusion-rollover-content\">\n\n\t\t\t\t\n\t\t\n\t\t\t\t\t\t\t\t\n\t\t\t\t\t\t\t\t\n\t\t\n\t\t\t\t\t\t\t\t\t\t\t\t\t\t\t\n\t\t\t\t\t\t\n\t\t\t\t\t\t\t\t\t\t<div class=\"fusion-product-buttons\">\n\t\t\t\t\t<a href=\"\/en\/wp-json\/wp\/v2\/pages\/6?add-to-cart=3876\" aria-describedby=\"woocommerce_loop_add_to_cart_link_describedby_3876\" data-quantity=\"1\" class=\"button product_type_simple add_to_cart_button ajax_add_to_cart\" data-product_id=\"3876\" data-product_sku=\"\" aria-label=\"Add to cart: &ldquo;Jo\u00ebl Cuoq | John Coltrane&rdquo;\" rel=\"nofollow\">Add to cart<\/a>\t<span id=\"woocommerce_loop_add_to_cart_link_describedby_3876\" class=\"screen-reader-text\">\n\t\t\t<\/span>\n<span class=\"fusion-rollover-linebreak\">\n\t\/<\/span>\n\n<a href=\"https:\/\/galerie-artima.com\/shop\/joel-cuoq-john-coltrane\" class=\"show_details_button\">\n\tDetails<\/a>\n\n\t\t\t\t<\/div>\n\t\t\t\t\t\t\t\t\t<a class=\"fusion-link-wrapper\" href=\"https:\/\/galerie-artima.com\/shop\/joel-cuoq-john-coltrane\" aria-label=\"Jo\u00ebl Cuoq | John Coltrane\"><\/a>\n\t<\/div>\n<\/div>\n<\/div>\n<\/div>\n<div class=\"fusion-product-content\">\n\t<div class=\"product-details\">\n\t\t<div class=\"product-details-container\">\n<h3 class=\"product-title\">\n\t<a href=\"https:\/\/galerie-artima.com\/shop\/joel-cuoq-john-coltrane\">\n\t\tJo\u00ebl Cuoq | John Coltrane\t<\/a>\n<\/h3>\n<div class=\"fusion-price-rating\">\n\n\t<span class=\"price\"><span class=\"woocommerce-Price-amount amount\"><bdi>5500,00<span class=\"woocommerce-Price-currencySymbol\">&euro;<\/span><\/bdi><\/span><\/span>\n\t\t<\/div>\n\t<\/div>\n<\/div>\n\n\t<\/div> \n\n\n<\/div>\n<\/li>\n<li class=\"product type-product post-7361 status-publish first instock product_cat-tableau product_cat-tout has-post-thumbnail sold-individually shipping-taxable purchasable product-type-simple product-grid-view\">\n\t<div class=\"fusion-product-wrapper\">\n\n<div class=\"fusion-clean-product-image-wrapper \">\n\t<div  class=\"fusion-image-wrapper fusion-image-size-fixed\" aria-haspopup=\"true\">\n\t\t\t\t<img decoding=\"async\" width=\"500\" height=\"504\" src=\"https:\/\/galerie-artima.com\/wp-content\/uploads\/2022\/03\/JORG-DORING-1o9-Norma-Jane-80x80cm-1-500x504.jpg\" class=\"attachment-woocommerce_thumbnail size-woocommerce_thumbnail lazyload wp-post-image\" alt=\"jorg doring 1o9 norma jane 80x80cm 1\" srcset=\"data:image\/svg+xml,%3Csvg%20xmlns%3D%27http%3A%2F%2Fwww.w3.org%2F2000%2Fsvg%27%20width%3D%27800%27%20height%3D%27807%27%20viewBox%3D%270%200%20800%20807%27%3E%3Crect%20width%3D%27800%27%20height%3D%27807%27%20fill-opacity%3D%220%22%2F%3E%3C%2Fsvg%3E\" data-orig-src=\"https:\/\/galerie-artima.com\/wp-content\/uploads\/2022\/03\/JORG-DORING-1o9-Norma-Jane-80x80cm-1-500x504.jpg\" data-srcset=\"https:\/\/galerie-artima.com\/wp-content\/uploads\/2022\/03\/JORG-DORING-1o9-Norma-Jane-80x80cm-1-66x66.jpg 66w, https:\/\/galerie-artima.com\/wp-content\/uploads\/2022\/03\/JORG-DORING-1o9-Norma-Jane-80x80cm-1-96x96.jpg 96w, https:\/\/galerie-artima.com\/wp-content\/uploads\/2022\/03\/JORG-DORING-1o9-Norma-Jane-80x80cm-1-150x150.jpg 150w, https:\/\/galerie-artima.com\/wp-content\/uploads\/2022\/03\/JORG-DORING-1o9-Norma-Jane-80x80cm-1-200x202.jpg 200w, https:\/\/galerie-artima.com\/wp-content\/uploads\/2022\/03\/JORG-DORING-1o9-Norma-Jane-80x80cm-1-297x300.jpg 297w, https:\/\/galerie-artima.com\/wp-content\/uploads\/2022\/03\/JORG-DORING-1o9-Norma-Jane-80x80cm-1-400x404.jpg 400w, https:\/\/galerie-artima.com\/wp-content\/uploads\/2022\/03\/JORG-DORING-1o9-Norma-Jane-80x80cm-1-500x504.jpg 500w, https:\/\/galerie-artima.com\/wp-content\/uploads\/2022\/03\/JORG-DORING-1o9-Norma-Jane-80x80cm-1-600x605.jpg 600w, https:\/\/galerie-artima.com\/wp-content\/uploads\/2022\/03\/JORG-DORING-1o9-Norma-Jane-80x80cm-1-768x775.jpg 768w, https:\/\/galerie-artima.com\/wp-content\/uploads\/2022\/03\/JORG-DORING-1o9-Norma-Jane-80x80cm-1.jpg 800w\" data-sizes=\"auto\" \/><div class=\"fusion-rollover\">\n\t<div class=\"fusion-rollover-content\">\n\n\t\t\t\t\n\t\t\n\t\t\t\t\t\t\t\t\n\t\t\t\t\t\t\t\t\n\t\t\n\t\t\t\t\t\t\t\t\t\t\t\t\t\t\t\n\t\t\t\t\t\t\n\t\t\t\t\t\t\t\t\t\t<div class=\"fusion-product-buttons\">\n\t\t\t\t\t<a href=\"\/en\/wp-json\/wp\/v2\/pages\/6?add-to-cart=7361\" aria-describedby=\"woocommerce_loop_add_to_cart_link_describedby_7361\" data-quantity=\"1\" class=\"button product_type_simple add_to_cart_button ajax_add_to_cart\" data-product_id=\"7361\" data-product_sku=\"\" aria-label=\"Add to cart: &ldquo;J\u00f6rg D\u00f6ring | Norma Jean&rdquo;\" rel=\"nofollow\">Add to cart<\/a>\t<span id=\"woocommerce_loop_add_to_cart_link_describedby_7361\" class=\"screen-reader-text\">\n\t\t\t<\/span>\n<span class=\"fusion-rollover-linebreak\">\n\t\/<\/span>\n\n<a href=\"https:\/\/galerie-artima.com\/shop\/jorg-doring-norma-jean\" class=\"show_details_button\">\n\tDetails<\/a>\n\n\t\t\t\t<\/div>\n\t\t\t\t\t\t\t\t\t<a class=\"fusion-link-wrapper\" href=\"https:\/\/galerie-artima.com\/shop\/jorg-doring-norma-jean\" aria-label=\"J\u00f6rg D\u00f6ring | Norma Jean\"><\/a>\n\t<\/div>\n<\/div>\n<\/div>\n<\/div>\n<div class=\"fusion-product-content\">\n\t<div class=\"product-details\">\n\t\t<div class=\"product-details-container\">\n<h3 class=\"product-title\">\n\t<a href=\"https:\/\/galerie-artima.com\/shop\/jorg-doring-norma-jean\">\n\t\tJ\u00f6rg D\u00f6ring | Norma Jean\t<\/a>\n<\/h3>\n<div class=\"fusion-price-rating\">\n\n\t<span class=\"price\"><span class=\"woocommerce-Price-amount amount\"><bdi>1800,00<span class=\"woocommerce-Price-currencySymbol\">&euro;<\/span><\/bdi><\/span><\/span>\n\t\t<\/div>\n\t<\/div>\n<\/div>\n\n\t<\/div> \n\n\n<\/div>\n<\/li>\n<li class=\"product type-product post-13292 status-publish instock product_cat-tableau product_cat-tout has-post-thumbnail sold-individually shipping-taxable purchasable product-type-simple product-grid-view\">\n\t<div class=\"fusion-product-wrapper\">\n\n<div class=\"fusion-clean-product-image-wrapper \">\n\t<div  class=\"fusion-image-wrapper fusion-image-size-fixed\" aria-haspopup=\"true\">\n\t\t\t\t<img decoding=\"async\" width=\"500\" height=\"500\" src=\"https:\/\/galerie-artima.com\/wp-content\/uploads\/2025\/05\/KEYMI-Cacophonie-encadree-De-dangereux-penchants-95x95cm-Peinture-acrylique-sur-polystyrene-resine-2025-500x500.jpg\" class=\"attachment-woocommerce_thumbnail size-woocommerce_thumbnail lazyload wp-post-image\" alt=\"keymi cacophonie encadree de dangereux penchants 95x95cm peinture acrylique sur polystyrene resine 2025\" srcset=\"data:image\/svg+xml,%3Csvg%20xmlns%3D%27http%3A%2F%2Fwww.w3.org%2F2000%2Fsvg%27%20width%3D%271200%27%20height%3D%271200%27%20viewBox%3D%270%200%201200%201200%27%3E%3Crect%20width%3D%271200%27%20height%3D%271200%27%20fill-opacity%3D%220%22%2F%3E%3C%2Fsvg%3E\" data-orig-src=\"https:\/\/galerie-artima.com\/wp-content\/uploads\/2025\/05\/KEYMI-Cacophonie-encadree-De-dangereux-penchants-95x95cm-Peinture-acrylique-sur-polystyrene-resine-2025-500x500.jpg\" data-srcset=\"https:\/\/galerie-artima.com\/wp-content\/uploads\/2025\/05\/KEYMI-Cacophonie-encadree-De-dangereux-penchants-95x95cm-Peinture-acrylique-sur-polystyrene-resine-2025-66x66.jpg 66w, https:\/\/galerie-artima.com\/wp-content\/uploads\/2025\/05\/KEYMI-Cacophonie-encadree-De-dangereux-penchants-95x95cm-Peinture-acrylique-sur-polystyrene-resine-2025-96x96.jpg 96w, https:\/\/galerie-artima.com\/wp-content\/uploads\/2025\/05\/KEYMI-Cacophonie-encadree-De-dangereux-penchants-95x95cm-Peinture-acrylique-sur-polystyrene-resine-2025-150x150.jpg 150w, https:\/\/galerie-artima.com\/wp-content\/uploads\/2025\/05\/KEYMI-Cacophonie-encadree-De-dangereux-penchants-95x95cm-Peinture-acrylique-sur-polystyrene-resine-2025-200x200.jpg 200w, https:\/\/galerie-artima.com\/wp-content\/uploads\/2025\/05\/KEYMI-Cacophonie-encadree-De-dangereux-penchants-95x95cm-Peinture-acrylique-sur-polystyrene-resine-2025-300x300.jpg 300w, https:\/\/galerie-artima.com\/wp-content\/uploads\/2025\/05\/KEYMI-Cacophonie-encadree-De-dangereux-penchants-95x95cm-Peinture-acrylique-sur-polystyrene-resine-2025-400x400.jpg 400w, https:\/\/galerie-artima.com\/wp-content\/uploads\/2025\/05\/KEYMI-Cacophonie-encadree-De-dangereux-penchants-95x95cm-Peinture-acrylique-sur-polystyrene-resine-2025-500x500.jpg 500w, https:\/\/galerie-artima.com\/wp-content\/uploads\/2025\/05\/KEYMI-Cacophonie-encadree-De-dangereux-penchants-95x95cm-Peinture-acrylique-sur-polystyrene-resine-2025-600x600.jpg 600w, https:\/\/galerie-artima.com\/wp-content\/uploads\/2025\/05\/KEYMI-Cacophonie-encadree-De-dangereux-penchants-95x95cm-Peinture-acrylique-sur-polystyrene-resine-2025-768x768.jpg 768w, https:\/\/galerie-artima.com\/wp-content\/uploads\/2025\/05\/KEYMI-Cacophonie-encadree-De-dangereux-penchants-95x95cm-Peinture-acrylique-sur-polystyrene-resine-2025-800x800.jpg 800w, https:\/\/galerie-artima.com\/wp-content\/uploads\/2025\/05\/KEYMI-Cacophonie-encadree-De-dangereux-penchants-95x95cm-Peinture-acrylique-sur-polystyrene-resine-2025-1024x1024.jpg 1024w, https:\/\/galerie-artima.com\/wp-content\/uploads\/2025\/05\/KEYMI-Cacophonie-encadree-De-dangereux-penchants-95x95cm-Peinture-acrylique-sur-polystyrene-resine-2025.jpg 1200w\" data-sizes=\"auto\" \/><div class=\"fusion-rollover\">\n\t<div class=\"fusion-rollover-content\">\n\n\t\t\t\t\n\t\t\n\t\t\t\t\t\t\t\t\n\t\t\t\t\t\t\t\t\n\t\t\n\t\t\t\t\t\t\t\t\t\t\t\t\t\t\t\n\t\t\t\t\t\t\n\t\t\t\t\t\t\t\t\t\t<div class=\"fusion-product-buttons\">\n\t\t\t\t\t<a href=\"\/en\/wp-json\/wp\/v2\/pages\/6?add-to-cart=13292\" aria-describedby=\"woocommerce_loop_add_to_cart_link_describedby_13292\" data-quantity=\"1\" class=\"button product_type_simple add_to_cart_button ajax_add_to_cart\" data-product_id=\"13292\" data-product_sku=\"\" aria-label=\"Add to cart: &ldquo;Keymi I Cacophonie encadr\u00e9e De dangereux penchants&rdquo;\" rel=\"nofollow\">Add to cart<\/a>\t<span id=\"woocommerce_loop_add_to_cart_link_describedby_13292\" class=\"screen-reader-text\">\n\t\t\t<\/span>\n<span class=\"fusion-rollover-linebreak\">\n\t\/<\/span>\n\n<a href=\"https:\/\/galerie-artima.com\/shop\/keymi-cacophonie-encadree-de-dangereux-penchants\" class=\"show_details_button\">\n\tDetails<\/a>\n\n\t\t\t\t<\/div>\n\t\t\t\t\t\t\t\t\t<a class=\"fusion-link-wrapper\" href=\"https:\/\/galerie-artima.com\/shop\/keymi-cacophonie-encadree-de-dangereux-penchants\" aria-label=\"Keymi I Cacophonie encadr\u00e9e De dangereux penchants\"><\/a>\n\t<\/div>\n<\/div>\n<\/div>\n<\/div>\n<div class=\"fusion-product-content\">\n\t<div class=\"product-details\">\n\t\t<div class=\"product-details-container\">\n<h3 class=\"product-title\">\n\t<a href=\"https:\/\/galerie-artima.com\/shop\/keymi-cacophonie-encadree-de-dangereux-penchants\">\n\t\tKeymi I Cacophonie encadr\u00e9e De dangereux penchants\t<\/a>\n<\/h3>\n<div class=\"fusion-price-rating\">\n\n\t<span class=\"price\"><span class=\"woocommerce-Price-amount amount\"><bdi>4900,00<span class=\"woocommerce-Price-currencySymbol\">&euro;<\/span><\/bdi><\/span><\/span>\n\t\t<\/div>\n\t<\/div>\n<\/div>\n\n\t<\/div> \n\n\n<\/div>\n<\/li>\n<li class=\"product type-product post-16609 status-publish instock product_cat-tableau product_cat-tout has-post-thumbnail sold-individually shipping-taxable purchasable product-type-simple product-grid-view\">\n\t<div class=\"fusion-product-wrapper\">\n\n<div class=\"fusion-clean-product-image-wrapper \">\n\t<div  class=\"fusion-image-wrapper fusion-image-size-fixed\" aria-haspopup=\"true\">\n\t\t\t\t<img decoding=\"async\" width=\"500\" height=\"500\" src=\"https:\/\/galerie-artima.com\/wp-content\/uploads\/2025\/05\/KEYMI-Tout-le-monde-savait-60x30cm-Peinture-acrylique-sur-polystyrene-resine-2025-500x500.jpg\" class=\"attachment-woocommerce_thumbnail size-woocommerce_thumbnail lazyload wp-post-image\" alt=\"keymi tout le monde savait 60x30cm peinture acrylique sur polystyrene resine 2025\" srcset=\"data:image\/svg+xml,%3Csvg%20xmlns%3D%27http%3A%2F%2Fwww.w3.org%2F2000%2Fsvg%27%20width%3D%271200%27%20height%3D%271200%27%20viewBox%3D%270%200%201200%201200%27%3E%3Crect%20width%3D%271200%27%20height%3D%271200%27%20fill-opacity%3D%220%22%2F%3E%3C%2Fsvg%3E\" data-orig-src=\"https:\/\/galerie-artima.com\/wp-content\/uploads\/2025\/05\/KEYMI-Tout-le-monde-savait-60x30cm-Peinture-acrylique-sur-polystyrene-resine-2025-500x500.jpg\" data-srcset=\"https:\/\/galerie-artima.com\/wp-content\/uploads\/2025\/05\/KEYMI-Tout-le-monde-savait-60x30cm-Peinture-acrylique-sur-polystyrene-resine-2025-66x66.jpg 66w, https:\/\/galerie-artima.com\/wp-content\/uploads\/2025\/05\/KEYMI-Tout-le-monde-savait-60x30cm-Peinture-acrylique-sur-polystyrene-resine-2025-96x96.jpg 96w, https:\/\/galerie-artima.com\/wp-content\/uploads\/2025\/05\/KEYMI-Tout-le-monde-savait-60x30cm-Peinture-acrylique-sur-polystyrene-resine-2025-150x150.jpg 150w, https:\/\/galerie-artima.com\/wp-content\/uploads\/2025\/05\/KEYMI-Tout-le-monde-savait-60x30cm-Peinture-acrylique-sur-polystyrene-resine-2025-200x200.jpg 200w, https:\/\/galerie-artima.com\/wp-content\/uploads\/2025\/05\/KEYMI-Tout-le-monde-savait-60x30cm-Peinture-acrylique-sur-polystyrene-resine-2025-300x300.jpg 300w, https:\/\/galerie-artima.com\/wp-content\/uploads\/2025\/05\/KEYMI-Tout-le-monde-savait-60x30cm-Peinture-acrylique-sur-polystyrene-resine-2025-400x400.jpg 400w, https:\/\/galerie-artima.com\/wp-content\/uploads\/2025\/05\/KEYMI-Tout-le-monde-savait-60x30cm-Peinture-acrylique-sur-polystyrene-resine-2025-500x500.jpg 500w, https:\/\/galerie-artima.com\/wp-content\/uploads\/2025\/05\/KEYMI-Tout-le-monde-savait-60x30cm-Peinture-acrylique-sur-polystyrene-resine-2025-600x600.jpg 600w, https:\/\/galerie-artima.com\/wp-content\/uploads\/2025\/05\/KEYMI-Tout-le-monde-savait-60x30cm-Peinture-acrylique-sur-polystyrene-resine-2025-768x768.jpg 768w, https:\/\/galerie-artima.com\/wp-content\/uploads\/2025\/05\/KEYMI-Tout-le-monde-savait-60x30cm-Peinture-acrylique-sur-polystyrene-resine-2025-800x800.jpg 800w, https:\/\/galerie-artima.com\/wp-content\/uploads\/2025\/05\/KEYMI-Tout-le-monde-savait-60x30cm-Peinture-acrylique-sur-polystyrene-resine-2025-1024x1024.jpg 1024w, https:\/\/galerie-artima.com\/wp-content\/uploads\/2025\/05\/KEYMI-Tout-le-monde-savait-60x30cm-Peinture-acrylique-sur-polystyrene-resine-2025.jpg 1200w\" data-sizes=\"auto\" \/><div class=\"fusion-rollover\">\n\t<div class=\"fusion-rollover-content\">\n\n\t\t\t\t\n\t\t\n\t\t\t\t\t\t\t\t\n\t\t\t\t\t\t\t\t\n\t\t\n\t\t\t\t\t\t\t\t\t\t\t\t\t\t\t\n\t\t\t\t\t\t\n\t\t\t\t\t\t\t\t\t\t<div class=\"fusion-product-buttons\">\n\t\t\t\t\t<a href=\"\/en\/wp-json\/wp\/v2\/pages\/6?add-to-cart=16609\" aria-describedby=\"woocommerce_loop_add_to_cart_link_describedby_16609\" data-quantity=\"1\" class=\"button product_type_simple add_to_cart_button ajax_add_to_cart\" data-product_id=\"16609\" data-product_sku=\"\" aria-label=\"Add to cart: &ldquo;Keymi I Rumeur Encadr\u00e9e Tout le monde savait&rdquo;\" rel=\"nofollow\">Add to cart<\/a>\t<span id=\"woocommerce_loop_add_to_cart_link_describedby_16609\" class=\"screen-reader-text\">\n\t\t\t<\/span>\n<span class=\"fusion-rollover-linebreak\">\n\t\/<\/span>\n\n<a href=\"https:\/\/galerie-artima.com\/shop\/keymi-i-rumeur-encadree-tout-le-monde-savait\" class=\"show_details_button\">\n\tDetails<\/a>\n\n\t\t\t\t<\/div>\n\t\t\t\t\t\t\t\t\t<a class=\"fusion-link-wrapper\" href=\"https:\/\/galerie-artima.com\/shop\/keymi-i-rumeur-encadree-tout-le-monde-savait\" aria-label=\"Keymi I Rumeur Encadr\u00e9e Tout le monde savait\"><\/a>\n\t<\/div>\n<\/div>\n<\/div>\n<\/div>\n<div class=\"fusion-product-content\">\n\t<div class=\"product-details\">\n\t\t<div class=\"product-details-container\">\n<h3 class=\"product-title\">\n\t<a href=\"https:\/\/galerie-artima.com\/shop\/keymi-i-rumeur-encadree-tout-le-monde-savait\">\n\t\tKeymi I Rumeur Encadr\u00e9e Tout le monde savait\t<\/a>\n<\/h3>\n<div class=\"fusion-price-rating\">\n\n\t<span class=\"price\"><span class=\"woocommerce-Price-amount amount\"><bdi>990,00<span class=\"woocommerce-Price-currencySymbol\">&euro;<\/span><\/bdi><\/span><\/span>\n\t\t<\/div>\n\t<\/div>\n<\/div>\n\n\t<\/div> \n\n\n<\/div>\n<\/li>\n<li class=\"product type-product post-10623 status-publish last instock product_cat-tableau product_cat-tout has-post-thumbnail sold-individually shipping-taxable purchasable product-type-simple product-grid-view\">\n\t<div class=\"fusion-product-wrapper\">\n\n<div class=\"fusion-clean-product-image-wrapper \">\n\t<div  class=\"fusion-image-wrapper fusion-image-size-fixed\" aria-haspopup=\"true\">\n\t\t\t\t<img decoding=\"async\" width=\"500\" height=\"500\" src=\"https:\/\/galerie-artima.com\/wp-content\/uploads\/2023\/10\/KEYMI-Pin-up-Debbie-Puzzle-de-8-pieces-120x90cm-Peinture-a-la-bombe-sur-polystyrene-resine-2023-500x500.jpg\" class=\"attachment-woocommerce_thumbnail size-woocommerce_thumbnail lazyload wp-post-image\" alt=\"keymi pin up debbie puzzle de 8 pieces 120x90cm peinture a la bombe sur polystyrene resine 2023\" srcset=\"data:image\/svg+xml,%3Csvg%20xmlns%3D%27http%3A%2F%2Fwww.w3.org%2F2000%2Fsvg%27%20width%3D%271200%27%20height%3D%271200%27%20viewBox%3D%270%200%201200%201200%27%3E%3Crect%20width%3D%271200%27%20height%3D%271200%27%20fill-opacity%3D%220%22%2F%3E%3C%2Fsvg%3E\" data-orig-src=\"https:\/\/galerie-artima.com\/wp-content\/uploads\/2023\/10\/KEYMI-Pin-up-Debbie-Puzzle-de-8-pieces-120x90cm-Peinture-a-la-bombe-sur-polystyrene-resine-2023-500x500.jpg\" data-srcset=\"https:\/\/galerie-artima.com\/wp-content\/uploads\/2023\/10\/KEYMI-Pin-up-Debbie-Puzzle-de-8-pieces-120x90cm-Peinture-a-la-bombe-sur-polystyrene-resine-2023-66x66.jpg 66w, https:\/\/galerie-artima.com\/wp-content\/uploads\/2023\/10\/KEYMI-Pin-up-Debbie-Puzzle-de-8-pieces-120x90cm-Peinture-a-la-bombe-sur-polystyrene-resine-2023-96x96.jpg 96w, https:\/\/galerie-artima.com\/wp-content\/uploads\/2023\/10\/KEYMI-Pin-up-Debbie-Puzzle-de-8-pieces-120x90cm-Peinture-a-la-bombe-sur-polystyrene-resine-2023-150x150.jpg 150w, https:\/\/galerie-artima.com\/wp-content\/uploads\/2023\/10\/KEYMI-Pin-up-Debbie-Puzzle-de-8-pieces-120x90cm-Peinture-a-la-bombe-sur-polystyrene-resine-2023-200x200.jpg 200w, https:\/\/galerie-artima.com\/wp-content\/uploads\/2023\/10\/KEYMI-Pin-up-Debbie-Puzzle-de-8-pieces-120x90cm-Peinture-a-la-bombe-sur-polystyrene-resine-2023-300x300.jpg 300w, https:\/\/galerie-artima.com\/wp-content\/uploads\/2023\/10\/KEYMI-Pin-up-Debbie-Puzzle-de-8-pieces-120x90cm-Peinture-a-la-bombe-sur-polystyrene-resine-2023-400x400.jpg 400w, https:\/\/galerie-artima.com\/wp-content\/uploads\/2023\/10\/KEYMI-Pin-up-Debbie-Puzzle-de-8-pieces-120x90cm-Peinture-a-la-bombe-sur-polystyrene-resine-2023-500x500.jpg 500w, https:\/\/galerie-artima.com\/wp-content\/uploads\/2023\/10\/KEYMI-Pin-up-Debbie-Puzzle-de-8-pieces-120x90cm-Peinture-a-la-bombe-sur-polystyrene-resine-2023-600x600.jpg 600w, https:\/\/galerie-artima.com\/wp-content\/uploads\/2023\/10\/KEYMI-Pin-up-Debbie-Puzzle-de-8-pieces-120x90cm-Peinture-a-la-bombe-sur-polystyrene-resine-2023-768x768.jpg 768w, https:\/\/galerie-artima.com\/wp-content\/uploads\/2023\/10\/KEYMI-Pin-up-Debbie-Puzzle-de-8-pieces-120x90cm-Peinture-a-la-bombe-sur-polystyrene-resine-2023-800x800.jpg 800w, https:\/\/galerie-artima.com\/wp-content\/uploads\/2023\/10\/KEYMI-Pin-up-Debbie-Puzzle-de-8-pieces-120x90cm-Peinture-a-la-bombe-sur-polystyrene-resine-2023-1024x1024.jpg 1024w, https:\/\/galerie-artima.com\/wp-content\/uploads\/2023\/10\/KEYMI-Pin-up-Debbie-Puzzle-de-8-pieces-120x90cm-Peinture-a-la-bombe-sur-polystyrene-resine-2023.jpg 1200w\" data-sizes=\"auto\" \/><div class=\"fusion-rollover\">\n\t<div class=\"fusion-rollover-content\">\n\n\t\t\t\t\n\t\t\n\t\t\t\t\t\t\t\t\n\t\t\t\t\t\t\t\t\n\t\t\n\t\t\t\t\t\t\t\t\t\t\t\t\t\t\t\n\t\t\t\t\t\t\n\t\t\t\t\t\t\t\t\t\t<div class=\"fusion-product-buttons\">\n\t\t\t\t\t<a href=\"\/en\/wp-json\/wp\/v2\/pages\/6?add-to-cart=10623\" aria-describedby=\"woocommerce_loop_add_to_cart_link_describedby_10623\" data-quantity=\"1\" class=\"button product_type_simple add_to_cart_button ajax_add_to_cart\" data-product_id=\"10623\" data-product_sku=\"\" aria-label=\"Add to cart: &ldquo;Keymi I Pin up puzzle Debbie&rdquo;\" rel=\"nofollow\">Add to cart<\/a>\t<span id=\"woocommerce_loop_add_to_cart_link_describedby_10623\" class=\"screen-reader-text\">\n\t\t\t<\/span>\n<span class=\"fusion-rollover-linebreak\">\n\t\/<\/span>\n\n<a href=\"https:\/\/galerie-artima.com\/shop\/keymi-pin-up-puzzle-debbie\" class=\"show_details_button\">\n\tDetails<\/a>\n\n\t\t\t\t<\/div>\n\t\t\t\t\t\t\t\t\t<a class=\"fusion-link-wrapper\" href=\"https:\/\/galerie-artima.com\/shop\/keymi-pin-up-puzzle-debbie\" aria-label=\"Keymi I Pin up puzzle Debbie\"><\/a>\n\t<\/div>\n<\/div>\n<\/div>\n<\/div>\n<div class=\"fusion-product-content\">\n\t<div class=\"product-details\">\n\t\t<div class=\"product-details-container\">\n<h3 class=\"product-title\">\n\t<a href=\"https:\/\/galerie-artima.com\/shop\/keymi-pin-up-puzzle-debbie\">\n\t\tKeymi I Pin up puzzle Debbie\t<\/a>\n<\/h3>\n<div class=\"fusion-price-rating\">\n\n\t<span class=\"price\"><span class=\"woocommerce-Price-amount amount\"><bdi>3400,00<span class=\"woocommerce-Price-currencySymbol\">&euro;<\/span><\/bdi><\/span><\/span>\n\t\t<\/div>\n\t<\/div>\n<\/div>\n\n\t<\/div> \n\n\n<\/div>\n<\/li>\n<li class=\"product type-product post-13700 status-publish first instock product_cat-tableau product_cat-tout has-post-thumbnail sold-individually shipping-taxable purchasable product-type-simple product-grid-view\">\n\t<div class=\"fusion-product-wrapper\">\n\n<div class=\"fusion-clean-product-image-wrapper \">\n\t<div  class=\"fusion-image-wrapper fusion-image-size-fixed\" aria-haspopup=\"true\">\n\t\t\t\t<img decoding=\"async\" width=\"500\" height=\"500\" src=\"https:\/\/galerie-artima.com\/wp-content\/uploads\/2025\/05\/KEYMI-Lenigmatique-lettre-60x30cm-Peinture-acrylique-sur-polystyrene-resine-2025-500x500.jpg\" class=\"attachment-woocommerce_thumbnail size-woocommerce_thumbnail lazyload wp-post-image\" alt=\"keymi lenigmatique lettre 60x30cm peinture acrylique sur polystyrene resine 2025\" srcset=\"data:image\/svg+xml,%3Csvg%20xmlns%3D%27http%3A%2F%2Fwww.w3.org%2F2000%2Fsvg%27%20width%3D%271200%27%20height%3D%271200%27%20viewBox%3D%270%200%201200%201200%27%3E%3Crect%20width%3D%271200%27%20height%3D%271200%27%20fill-opacity%3D%220%22%2F%3E%3C%2Fsvg%3E\" data-orig-src=\"https:\/\/galerie-artima.com\/wp-content\/uploads\/2025\/05\/KEYMI-Lenigmatique-lettre-60x30cm-Peinture-acrylique-sur-polystyrene-resine-2025-500x500.jpg\" data-srcset=\"https:\/\/galerie-artima.com\/wp-content\/uploads\/2025\/05\/KEYMI-Lenigmatique-lettre-60x30cm-Peinture-acrylique-sur-polystyrene-resine-2025-66x66.jpg 66w, https:\/\/galerie-artima.com\/wp-content\/uploads\/2025\/05\/KEYMI-Lenigmatique-lettre-60x30cm-Peinture-acrylique-sur-polystyrene-resine-2025-96x96.jpg 96w, https:\/\/galerie-artima.com\/wp-content\/uploads\/2025\/05\/KEYMI-Lenigmatique-lettre-60x30cm-Peinture-acrylique-sur-polystyrene-resine-2025-150x150.jpg 150w, https:\/\/galerie-artima.com\/wp-content\/uploads\/2025\/05\/KEYMI-Lenigmatique-lettre-60x30cm-Peinture-acrylique-sur-polystyrene-resine-2025-200x200.jpg 200w, https:\/\/galerie-artima.com\/wp-content\/uploads\/2025\/05\/KEYMI-Lenigmatique-lettre-60x30cm-Peinture-acrylique-sur-polystyrene-resine-2025-300x300.jpg 300w, https:\/\/galerie-artima.com\/wp-content\/uploads\/2025\/05\/KEYMI-Lenigmatique-lettre-60x30cm-Peinture-acrylique-sur-polystyrene-resine-2025-400x400.jpg 400w, https:\/\/galerie-artima.com\/wp-content\/uploads\/2025\/05\/KEYMI-Lenigmatique-lettre-60x30cm-Peinture-acrylique-sur-polystyrene-resine-2025-500x500.jpg 500w, https:\/\/galerie-artima.com\/wp-content\/uploads\/2025\/05\/KEYMI-Lenigmatique-lettre-60x30cm-Peinture-acrylique-sur-polystyrene-resine-2025-600x600.jpg 600w, https:\/\/galerie-artima.com\/wp-content\/uploads\/2025\/05\/KEYMI-Lenigmatique-lettre-60x30cm-Peinture-acrylique-sur-polystyrene-resine-2025-768x768.jpg 768w, https:\/\/galerie-artima.com\/wp-content\/uploads\/2025\/05\/KEYMI-Lenigmatique-lettre-60x30cm-Peinture-acrylique-sur-polystyrene-resine-2025-800x800.jpg 800w, https:\/\/galerie-artima.com\/wp-content\/uploads\/2025\/05\/KEYMI-Lenigmatique-lettre-60x30cm-Peinture-acrylique-sur-polystyrene-resine-2025-1024x1024.jpg 1024w, https:\/\/galerie-artima.com\/wp-content\/uploads\/2025\/05\/KEYMI-Lenigmatique-lettre-60x30cm-Peinture-acrylique-sur-polystyrene-resine-2025.jpg 1200w\" data-sizes=\"auto\" \/><div class=\"fusion-rollover\">\n\t<div class=\"fusion-rollover-content\">\n\n\t\t\t\t\n\t\t\n\t\t\t\t\t\t\t\t\n\t\t\t\t\t\t\t\t\n\t\t\n\t\t\t\t\t\t\t\t\t\t\t\t\t\t\t\n\t\t\t\t\t\t\n\t\t\t\t\t\t\t\t\t\t<div class=\"fusion-product-buttons\">\n\t\t\t\t\t<a href=\"\/en\/wp-json\/wp\/v2\/pages\/6?add-to-cart=13700\" aria-describedby=\"woocommerce_loop_add_to_cart_link_describedby_13700\" data-quantity=\"1\" class=\"button product_type_simple add_to_cart_button ajax_add_to_cart\" data-product_id=\"13700\" data-product_sku=\"\" aria-label=\"Add to cart: &ldquo;Keymi I Rumeur Encadr\u00e9e L&#039;\u00e9nigmatique lettre&rdquo;\" rel=\"nofollow\">Add to cart<\/a>\t<span id=\"woocommerce_loop_add_to_cart_link_describedby_13700\" class=\"screen-reader-text\">\n\t\t\t<\/span>\n<span class=\"fusion-rollover-linebreak\">\n\t\/<\/span>\n\n<a href=\"https:\/\/galerie-artima.com\/shop\/keymi-rumeur-encadree-lenigmatique-lettre\" class=\"show_details_button\">\n\tDetails<\/a>\n\n\t\t\t\t<\/div>\n\t\t\t\t\t\t\t\t\t<a class=\"fusion-link-wrapper\" href=\"https:\/\/galerie-artima.com\/shop\/keymi-rumeur-encadree-lenigmatique-lettre\" aria-label=\"Keymi I Rumeur Encadr\u00e9e L&#8217;\u00e9nigmatique lettre\"><\/a>\n\t<\/div>\n<\/div>\n<\/div>\n<\/div>\n<div class=\"fusion-product-content\">\n\t<div class=\"product-details\">\n\t\t<div class=\"product-details-container\">\n<h3 class=\"product-title\">\n\t<a href=\"https:\/\/galerie-artima.com\/shop\/keymi-rumeur-encadree-lenigmatique-lettre\">\n\t\tKeymi I Rumeur Encadr\u00e9e L&#8217;\u00e9nigmatique lettre\t<\/a>\n<\/h3>\n<div class=\"fusion-price-rating\">\n\n\t<span class=\"price\"><span class=\"woocommerce-Price-amount amount\"><bdi>990,00<span class=\"woocommerce-Price-currencySymbol\">&euro;<\/span><\/bdi><\/span><\/span>\n\t\t<\/div>\n\t<\/div>\n<\/div>\n\n\t<\/div> \n\n\n<\/div>\n<\/li>\n<li class=\"product type-product post-10630 status-publish instock product_cat-tableau product_cat-tout has-post-thumbnail sold-individually shipping-taxable purchasable product-type-simple product-grid-view\">\n\t<div class=\"fusion-product-wrapper\">\n\n<div class=\"fusion-clean-product-image-wrapper \">\n\t<div  class=\"fusion-image-wrapper fusion-image-size-fixed\" aria-haspopup=\"true\">\n\t\t\t\t<img decoding=\"async\" width=\"500\" height=\"500\" src=\"https:\/\/galerie-artima.com\/wp-content\/uploads\/2025\/05\/KEYMI-Le-duel-60x30cm-Peinture-acrylique-sur-polystyrene-resine-2025-500x500.jpg\" class=\"attachment-woocommerce_thumbnail size-woocommerce_thumbnail lazyload wp-post-image\" alt=\"keymi le duel 60x30cm peinture acrylique sur polystyrene resine 2025\" srcset=\"data:image\/svg+xml,%3Csvg%20xmlns%3D%27http%3A%2F%2Fwww.w3.org%2F2000%2Fsvg%27%20width%3D%271200%27%20height%3D%271200%27%20viewBox%3D%270%200%201200%201200%27%3E%3Crect%20width%3D%271200%27%20height%3D%271200%27%20fill-opacity%3D%220%22%2F%3E%3C%2Fsvg%3E\" data-orig-src=\"https:\/\/galerie-artima.com\/wp-content\/uploads\/2025\/05\/KEYMI-Le-duel-60x30cm-Peinture-acrylique-sur-polystyrene-resine-2025-500x500.jpg\" data-srcset=\"https:\/\/galerie-artima.com\/wp-content\/uploads\/2025\/05\/KEYMI-Le-duel-60x30cm-Peinture-acrylique-sur-polystyrene-resine-2025-66x66.jpg 66w, https:\/\/galerie-artima.com\/wp-content\/uploads\/2025\/05\/KEYMI-Le-duel-60x30cm-Peinture-acrylique-sur-polystyrene-resine-2025-96x96.jpg 96w, https:\/\/galerie-artima.com\/wp-content\/uploads\/2025\/05\/KEYMI-Le-duel-60x30cm-Peinture-acrylique-sur-polystyrene-resine-2025-150x150.jpg 150w, https:\/\/galerie-artima.com\/wp-content\/uploads\/2025\/05\/KEYMI-Le-duel-60x30cm-Peinture-acrylique-sur-polystyrene-resine-2025-200x200.jpg 200w, https:\/\/galerie-artima.com\/wp-content\/uploads\/2025\/05\/KEYMI-Le-duel-60x30cm-Peinture-acrylique-sur-polystyrene-resine-2025-300x300.jpg 300w, https:\/\/galerie-artima.com\/wp-content\/uploads\/2025\/05\/KEYMI-Le-duel-60x30cm-Peinture-acrylique-sur-polystyrene-resine-2025-400x400.jpg 400w, https:\/\/galerie-artima.com\/wp-content\/uploads\/2025\/05\/KEYMI-Le-duel-60x30cm-Peinture-acrylique-sur-polystyrene-resine-2025-500x500.jpg 500w, https:\/\/galerie-artima.com\/wp-content\/uploads\/2025\/05\/KEYMI-Le-duel-60x30cm-Peinture-acrylique-sur-polystyrene-resine-2025-600x600.jpg 600w, https:\/\/galerie-artima.com\/wp-content\/uploads\/2025\/05\/KEYMI-Le-duel-60x30cm-Peinture-acrylique-sur-polystyrene-resine-2025-768x768.jpg 768w, https:\/\/galerie-artima.com\/wp-content\/uploads\/2025\/05\/KEYMI-Le-duel-60x30cm-Peinture-acrylique-sur-polystyrene-resine-2025-800x800.jpg 800w, https:\/\/galerie-artima.com\/wp-content\/uploads\/2025\/05\/KEYMI-Le-duel-60x30cm-Peinture-acrylique-sur-polystyrene-resine-2025-1024x1024.jpg 1024w, https:\/\/galerie-artima.com\/wp-content\/uploads\/2025\/05\/KEYMI-Le-duel-60x30cm-Peinture-acrylique-sur-polystyrene-resine-2025.jpg 1200w\" data-sizes=\"auto\" \/><div class=\"fusion-rollover\">\n\t<div class=\"fusion-rollover-content\">\n\n\t\t\t\t\n\t\t\n\t\t\t\t\t\t\t\t\n\t\t\t\t\t\t\t\t\n\t\t\n\t\t\t\t\t\t\t\t\t\t\t\t\t\t\t\n\t\t\t\t\t\t\n\t\t\t\t\t\t\t\t\t\t<div class=\"fusion-product-buttons\">\n\t\t\t\t\t<a href=\"\/en\/wp-json\/wp\/v2\/pages\/6?add-to-cart=10630\" aria-describedby=\"woocommerce_loop_add_to_cart_link_describedby_10630\" data-quantity=\"1\" class=\"button product_type_simple add_to_cart_button ajax_add_to_cart\" data-product_id=\"10630\" data-product_sku=\"\" aria-label=\"Add to cart: &ldquo;Keymi I Rumeur encadr\u00e9e L&#039;intenable secret&rdquo;\" rel=\"nofollow\">Add to cart<\/a>\t<span id=\"woocommerce_loop_add_to_cart_link_describedby_10630\" class=\"screen-reader-text\">\n\t\t\t<\/span>\n<span class=\"fusion-rollover-linebreak\">\n\t\/<\/span>\n\n<a href=\"https:\/\/galerie-artima.com\/shop\/keymi-rumeur-encadree-lintenable-secret\" class=\"show_details_button\">\n\tDetails<\/a>\n\n\t\t\t\t<\/div>\n\t\t\t\t\t\t\t\t\t<a class=\"fusion-link-wrapper\" href=\"https:\/\/galerie-artima.com\/shop\/keymi-rumeur-encadree-lintenable-secret\" aria-label=\"Keymi I Rumeur encadr\u00e9e L&#8217;intenable secret\"><\/a>\n\t<\/div>\n<\/div>\n<\/div>\n<\/div>\n<div class=\"fusion-product-content\">\n\t<div class=\"product-details\">\n\t\t<div class=\"product-details-container\">\n<h3 class=\"product-title\">\n\t<a href=\"https:\/\/galerie-artima.com\/shop\/keymi-rumeur-encadree-lintenable-secret\">\n\t\tKeymi I Rumeur encadr\u00e9e L&#8217;intenable secret\t<\/a>\n<\/h3>\n<div class=\"fusion-price-rating\">\n\n\t<span class=\"price\"><span class=\"woocommerce-Price-amount amount\"><bdi>990,00<span class=\"woocommerce-Price-currencySymbol\">&euro;<\/span><\/bdi><\/span><\/span>\n\t\t<\/div>\n\t<\/div>\n<\/div>\n\n\t<\/div> \n\n\n<\/div>\n<\/li>\n<li class=\"product type-product post-16602 status-publish instock product_cat-tableau product_cat-tout has-post-thumbnail sold-individually shipping-taxable purchasable product-type-simple product-grid-view\">\n\t<div class=\"fusion-product-wrapper\">\n\n<div class=\"fusion-clean-product-image-wrapper \">\n\t<div  class=\"fusion-image-wrapper fusion-image-size-fixed\" aria-haspopup=\"true\">\n\t\t\t\t<img decoding=\"async\" width=\"500\" height=\"500\" src=\"https:\/\/galerie-artima.com\/wp-content\/uploads\/2025\/05\/KEYMI-Lultime-composition-60x30cm-Peinture-acrylique-sur-polystyrene-resine-2025-500x500.jpg\" class=\"attachment-woocommerce_thumbnail size-woocommerce_thumbnail lazyload wp-post-image\" alt=\"keymi lultime composition 60x30cm peinture acrylique sur polystyrene resine 2025\" srcset=\"data:image\/svg+xml,%3Csvg%20xmlns%3D%27http%3A%2F%2Fwww.w3.org%2F2000%2Fsvg%27%20width%3D%271200%27%20height%3D%271200%27%20viewBox%3D%270%200%201200%201200%27%3E%3Crect%20width%3D%271200%27%20height%3D%271200%27%20fill-opacity%3D%220%22%2F%3E%3C%2Fsvg%3E\" data-orig-src=\"https:\/\/galerie-artima.com\/wp-content\/uploads\/2025\/05\/KEYMI-Lultime-composition-60x30cm-Peinture-acrylique-sur-polystyrene-resine-2025-500x500.jpg\" data-srcset=\"https:\/\/galerie-artima.com\/wp-content\/uploads\/2025\/05\/KEYMI-Lultime-composition-60x30cm-Peinture-acrylique-sur-polystyrene-resine-2025-66x66.jpg 66w, https:\/\/galerie-artima.com\/wp-content\/uploads\/2025\/05\/KEYMI-Lultime-composition-60x30cm-Peinture-acrylique-sur-polystyrene-resine-2025-96x96.jpg 96w, https:\/\/galerie-artima.com\/wp-content\/uploads\/2025\/05\/KEYMI-Lultime-composition-60x30cm-Peinture-acrylique-sur-polystyrene-resine-2025-150x150.jpg 150w, https:\/\/galerie-artima.com\/wp-content\/uploads\/2025\/05\/KEYMI-Lultime-composition-60x30cm-Peinture-acrylique-sur-polystyrene-resine-2025-200x200.jpg 200w, https:\/\/galerie-artima.com\/wp-content\/uploads\/2025\/05\/KEYMI-Lultime-composition-60x30cm-Peinture-acrylique-sur-polystyrene-resine-2025-300x300.jpg 300w, https:\/\/galerie-artima.com\/wp-content\/uploads\/2025\/05\/KEYMI-Lultime-composition-60x30cm-Peinture-acrylique-sur-polystyrene-resine-2025-400x400.jpg 400w, https:\/\/galerie-artima.com\/wp-content\/uploads\/2025\/05\/KEYMI-Lultime-composition-60x30cm-Peinture-acrylique-sur-polystyrene-resine-2025-500x500.jpg 500w, https:\/\/galerie-artima.com\/wp-content\/uploads\/2025\/05\/KEYMI-Lultime-composition-60x30cm-Peinture-acrylique-sur-polystyrene-resine-2025-600x600.jpg 600w, https:\/\/galerie-artima.com\/wp-content\/uploads\/2025\/05\/KEYMI-Lultime-composition-60x30cm-Peinture-acrylique-sur-polystyrene-resine-2025-768x768.jpg 768w, https:\/\/galerie-artima.com\/wp-content\/uploads\/2025\/05\/KEYMI-Lultime-composition-60x30cm-Peinture-acrylique-sur-polystyrene-resine-2025-800x800.jpg 800w, https:\/\/galerie-artima.com\/wp-content\/uploads\/2025\/05\/KEYMI-Lultime-composition-60x30cm-Peinture-acrylique-sur-polystyrene-resine-2025-1024x1024.jpg 1024w, https:\/\/galerie-artima.com\/wp-content\/uploads\/2025\/05\/KEYMI-Lultime-composition-60x30cm-Peinture-acrylique-sur-polystyrene-resine-2025.jpg 1200w\" data-sizes=\"auto\" \/><div class=\"fusion-rollover\">\n\t<div class=\"fusion-rollover-content\">\n\n\t\t\t\t\n\t\t\n\t\t\t\t\t\t\t\t\n\t\t\t\t\t\t\t\t\n\t\t\n\t\t\t\t\t\t\t\t\t\t\t\t\t\t\t\n\t\t\t\t\t\t\n\t\t\t\t\t\t\t\t\t\t<div class=\"fusion-product-buttons\">\n\t\t\t\t\t<a href=\"\/en\/wp-json\/wp\/v2\/pages\/6?add-to-cart=16602\" aria-describedby=\"woocommerce_loop_add_to_cart_link_describedby_16602\" data-quantity=\"1\" class=\"button product_type_simple add_to_cart_button ajax_add_to_cart\" data-product_id=\"16602\" data-product_sku=\"\" aria-label=\"Add to cart: &ldquo;Keymi I Rumeur Encadr\u00e9e L&#039;ultime composition&rdquo;\" rel=\"nofollow\">Add to cart<\/a>\t<span id=\"woocommerce_loop_add_to_cart_link_describedby_16602\" class=\"screen-reader-text\">\n\t\t\t<\/span>\n<span class=\"fusion-rollover-linebreak\">\n\t\/<\/span>\n\n<a href=\"https:\/\/galerie-artima.com\/shop\/keymi-rumeur-encadree-lultime-composition\" class=\"show_details_button\">\n\tDetails<\/a>\n\n\t\t\t\t<\/div>\n\t\t\t\t\t\t\t\t\t<a class=\"fusion-link-wrapper\" href=\"https:\/\/galerie-artima.com\/shop\/keymi-rumeur-encadree-lultime-composition\" aria-label=\"Keymi I Rumeur Encadr\u00e9e L&#8217;ultime composition\"><\/a>\n\t<\/div>\n<\/div>\n<\/div>\n<\/div>\n<div class=\"fusion-product-content\">\n\t<div class=\"product-details\">\n\t\t<div class=\"product-details-container\">\n<h3 class=\"product-title\">\n\t<a href=\"https:\/\/galerie-artima.com\/shop\/keymi-rumeur-encadree-lultime-composition\">\n\t\tKeymi I Rumeur Encadr\u00e9e L&#8217;ultime composition\t<\/a>\n<\/h3>\n<div class=\"fusion-price-rating\">\n\n\t<span class=\"price\"><span class=\"woocommerce-Price-amount amount\"><bdi>990,00<span class=\"woocommerce-Price-currencySymbol\">&euro;<\/span><\/bdi><\/span><\/span>\n\t\t<\/div>\n\t<\/div>\n<\/div>\n\n\t<\/div> \n\n\n<\/div>\n<\/li>\n<li class=\"product type-product post-16615 status-publish last instock product_cat-tableau product_cat-tout has-post-thumbnail sold-individually shipping-taxable purchasable product-type-simple product-grid-view\">\n\t<div class=\"fusion-product-wrapper\">\n\n<div class=\"fusion-clean-product-image-wrapper \">\n\t<div  class=\"fusion-image-wrapper fusion-image-size-fixed\" aria-haspopup=\"true\">\n\t\t\t\t<img decoding=\"async\" width=\"500\" height=\"500\" src=\"https:\/\/galerie-artima.com\/wp-content\/uploads\/2023\/05\/KEYMI-Rumeur-encadree-N\u00b0936-Messe-noire-Peinture-acrylique-sur-polystyrene-resine-64x54cm-2024-500x500.jpg\" class=\"attachment-woocommerce_thumbnail size-woocommerce_thumbnail lazyload wp-post-image\" alt=\"keymi rumeur encadree n\u00b0936 messe noire peinture acrylique sur polystyrene resine 64x54cm 2024\" srcset=\"data:image\/svg+xml,%3Csvg%20xmlns%3D%27http%3A%2F%2Fwww.w3.org%2F2000%2Fsvg%27%20width%3D%271200%27%20height%3D%271200%27%20viewBox%3D%270%200%201200%201200%27%3E%3Crect%20width%3D%271200%27%20height%3D%271200%27%20fill-opacity%3D%220%22%2F%3E%3C%2Fsvg%3E\" data-orig-src=\"https:\/\/galerie-artima.com\/wp-content\/uploads\/2023\/05\/KEYMI-Rumeur-encadree-N\u00b0936-Messe-noire-Peinture-acrylique-sur-polystyrene-resine-64x54cm-2024-500x500.jpg\" data-srcset=\"https:\/\/galerie-artima.com\/wp-content\/uploads\/2023\/05\/KEYMI-Rumeur-encadree-N\u00b0936-Messe-noire-Peinture-acrylique-sur-polystyrene-resine-64x54cm-2024-66x66.jpg 66w, https:\/\/galerie-artima.com\/wp-content\/uploads\/2023\/05\/KEYMI-Rumeur-encadree-N\u00b0936-Messe-noire-Peinture-acrylique-sur-polystyrene-resine-64x54cm-2024-96x96.jpg 96w, https:\/\/galerie-artima.com\/wp-content\/uploads\/2023\/05\/KEYMI-Rumeur-encadree-N\u00b0936-Messe-noire-Peinture-acrylique-sur-polystyrene-resine-64x54cm-2024-150x150.jpg 150w, https:\/\/galerie-artima.com\/wp-content\/uploads\/2023\/05\/KEYMI-Rumeur-encadree-N\u00b0936-Messe-noire-Peinture-acrylique-sur-polystyrene-resine-64x54cm-2024-200x200.jpg 200w, https:\/\/galerie-artima.com\/wp-content\/uploads\/2023\/05\/KEYMI-Rumeur-encadree-N\u00b0936-Messe-noire-Peinture-acrylique-sur-polystyrene-resine-64x54cm-2024-300x300.jpg 300w, https:\/\/galerie-artima.com\/wp-content\/uploads\/2023\/05\/KEYMI-Rumeur-encadree-N\u00b0936-Messe-noire-Peinture-acrylique-sur-polystyrene-resine-64x54cm-2024-400x400.jpg 400w, https:\/\/galerie-artima.com\/wp-content\/uploads\/2023\/05\/KEYMI-Rumeur-encadree-N\u00b0936-Messe-noire-Peinture-acrylique-sur-polystyrene-resine-64x54cm-2024-500x500.jpg 500w, https:\/\/galerie-artima.com\/wp-content\/uploads\/2023\/05\/KEYMI-Rumeur-encadree-N\u00b0936-Messe-noire-Peinture-acrylique-sur-polystyrene-resine-64x54cm-2024-600x600.jpg 600w, https:\/\/galerie-artima.com\/wp-content\/uploads\/2023\/05\/KEYMI-Rumeur-encadree-N\u00b0936-Messe-noire-Peinture-acrylique-sur-polystyrene-resine-64x54cm-2024-768x768.jpg 768w, https:\/\/galerie-artima.com\/wp-content\/uploads\/2023\/05\/KEYMI-Rumeur-encadree-N\u00b0936-Messe-noire-Peinture-acrylique-sur-polystyrene-resine-64x54cm-2024-800x800.jpg 800w, https:\/\/galerie-artima.com\/wp-content\/uploads\/2023\/05\/KEYMI-Rumeur-encadree-N\u00b0936-Messe-noire-Peinture-acrylique-sur-polystyrene-resine-64x54cm-2024-1024x1024.jpg 1024w, https:\/\/galerie-artima.com\/wp-content\/uploads\/2023\/05\/KEYMI-Rumeur-encadree-N\u00b0936-Messe-noire-Peinture-acrylique-sur-polystyrene-resine-64x54cm-2024.jpg 1200w\" data-sizes=\"auto\" \/><div class=\"fusion-rollover\">\n\t<div class=\"fusion-rollover-content\">\n\n\t\t\t\t\n\t\t\n\t\t\t\t\t\t\t\t\n\t\t\t\t\t\t\t\t\n\t\t\n\t\t\t\t\t\t\t\t\t\t\t\t\t\t\t\n\t\t\t\t\t\t\n\t\t\t\t\t\t\t\t\t\t<div class=\"fusion-product-buttons\">\n\t\t\t\t\t<a href=\"\/en\/wp-json\/wp\/v2\/pages\/6?add-to-cart=16615\" aria-describedby=\"woocommerce_loop_add_to_cart_link_describedby_16615\" data-quantity=\"1\" class=\"button product_type_simple add_to_cart_button ajax_add_to_cart\" data-product_id=\"16615\" data-product_sku=\"\" aria-label=\"Add to cart: &ldquo;Keymi I Rumeur Encadr\u00e9e Messe noire&rdquo;\" rel=\"nofollow\">Add to cart<\/a>\t<span id=\"woocommerce_loop_add_to_cart_link_describedby_16615\" class=\"screen-reader-text\">\n\t\t\t<\/span>\n<span class=\"fusion-rollover-linebreak\">\n\t\/<\/span>\n\n<a href=\"https:\/\/galerie-artima.com\/shop\/keymi-rumeur-encadree-messe-noire\" class=\"show_details_button\">\n\tDetails<\/a>\n\n\t\t\t\t<\/div>\n\t\t\t\t\t\t\t\t\t<a class=\"fusion-link-wrapper\" href=\"https:\/\/galerie-artima.com\/shop\/keymi-rumeur-encadree-messe-noire\" aria-label=\"Keymi I Rumeur Encadr\u00e9e Messe noire\"><\/a>\n\t<\/div>\n<\/div>\n<\/div>\n<\/div>\n<div class=\"fusion-product-content\">\n\t<div class=\"product-details\">\n\t\t<div class=\"product-details-container\">\n<h3 class=\"product-title\">\n\t<a href=\"https:\/\/galerie-artima.com\/shop\/keymi-rumeur-encadree-messe-noire\">\n\t\tKeymi I Rumeur Encadr\u00e9e Messe noire\t<\/a>\n<\/h3>\n<div class=\"fusion-price-rating\">\n\n\t<span class=\"price\"><span class=\"woocommerce-Price-amount amount\"><bdi>1200,00<span class=\"woocommerce-Price-currencySymbol\">&euro;<\/span><\/bdi><\/span><\/span>\n\t\t<\/div>\n\t<\/div>\n<\/div>\n\n\t<\/div> \n\n\n<\/div>\n<\/li>\n<li class=\"product type-product post-13725 status-publish first instock product_cat-tableau product_cat-tout has-post-thumbnail sold-individually shipping-taxable purchasable product-type-simple product-grid-view\">\n\t<div class=\"fusion-product-wrapper\">\n\n<div class=\"fusion-clean-product-image-wrapper \">\n\t<div  class=\"fusion-image-wrapper fusion-image-size-fixed\" aria-haspopup=\"true\">\n\t\t\t\t<img decoding=\"async\" width=\"500\" height=\"500\" src=\"https:\/\/galerie-artima.com\/wp-content\/uploads\/2023\/10\/KEYMI-Rumeur-encadree-N\u00b0566-Peinture-acrylique-sur-polystyrene-resine-64x54cm-2020.-500x500.jpg\" class=\"attachment-woocommerce_thumbnail size-woocommerce_thumbnail lazyload wp-post-image\" alt=\"keymi rumeur encadree n\u00b0566 peinture acrylique sur polystyrene resine 64x54cm 2020.\" srcset=\"data:image\/svg+xml,%3Csvg%20xmlns%3D%27http%3A%2F%2Fwww.w3.org%2F2000%2Fsvg%27%20width%3D%271200%27%20height%3D%271200%27%20viewBox%3D%270%200%201200%201200%27%3E%3Crect%20width%3D%271200%27%20height%3D%271200%27%20fill-opacity%3D%220%22%2F%3E%3C%2Fsvg%3E\" data-orig-src=\"https:\/\/galerie-artima.com\/wp-content\/uploads\/2023\/10\/KEYMI-Rumeur-encadree-N\u00b0566-Peinture-acrylique-sur-polystyrene-resine-64x54cm-2020.-500x500.jpg\" data-srcset=\"https:\/\/galerie-artima.com\/wp-content\/uploads\/2023\/10\/KEYMI-Rumeur-encadree-N\u00b0566-Peinture-acrylique-sur-polystyrene-resine-64x54cm-2020.-66x66.jpg 66w, https:\/\/galerie-artima.com\/wp-content\/uploads\/2023\/10\/KEYMI-Rumeur-encadree-N\u00b0566-Peinture-acrylique-sur-polystyrene-resine-64x54cm-2020.-96x96.jpg 96w, https:\/\/galerie-artima.com\/wp-content\/uploads\/2023\/10\/KEYMI-Rumeur-encadree-N\u00b0566-Peinture-acrylique-sur-polystyrene-resine-64x54cm-2020.-150x150.jpg 150w, https:\/\/galerie-artima.com\/wp-content\/uploads\/2023\/10\/KEYMI-Rumeur-encadree-N\u00b0566-Peinture-acrylique-sur-polystyrene-resine-64x54cm-2020.-200x200.jpg 200w, https:\/\/galerie-artima.com\/wp-content\/uploads\/2023\/10\/KEYMI-Rumeur-encadree-N\u00b0566-Peinture-acrylique-sur-polystyrene-resine-64x54cm-2020.-300x300.jpg 300w, https:\/\/galerie-artima.com\/wp-content\/uploads\/2023\/10\/KEYMI-Rumeur-encadree-N\u00b0566-Peinture-acrylique-sur-polystyrene-resine-64x54cm-2020.-400x400.jpg 400w, https:\/\/galerie-artima.com\/wp-content\/uploads\/2023\/10\/KEYMI-Rumeur-encadree-N\u00b0566-Peinture-acrylique-sur-polystyrene-resine-64x54cm-2020.-500x500.jpg 500w, https:\/\/galerie-artima.com\/wp-content\/uploads\/2023\/10\/KEYMI-Rumeur-encadree-N\u00b0566-Peinture-acrylique-sur-polystyrene-resine-64x54cm-2020.-600x600.jpg 600w, https:\/\/galerie-artima.com\/wp-content\/uploads\/2023\/10\/KEYMI-Rumeur-encadree-N\u00b0566-Peinture-acrylique-sur-polystyrene-resine-64x54cm-2020.-768x768.jpg 768w, https:\/\/galerie-artima.com\/wp-content\/uploads\/2023\/10\/KEYMI-Rumeur-encadree-N\u00b0566-Peinture-acrylique-sur-polystyrene-resine-64x54cm-2020.-800x800.jpg 800w, https:\/\/galerie-artima.com\/wp-content\/uploads\/2023\/10\/KEYMI-Rumeur-encadree-N\u00b0566-Peinture-acrylique-sur-polystyrene-resine-64x54cm-2020.-1024x1024.jpg 1024w, https:\/\/galerie-artima.com\/wp-content\/uploads\/2023\/10\/KEYMI-Rumeur-encadree-N\u00b0566-Peinture-acrylique-sur-polystyrene-resine-64x54cm-2020..jpg 1200w\" data-sizes=\"auto\" \/><div class=\"fusion-rollover\">\n\t<div class=\"fusion-rollover-content\">\n\n\t\t\t\t\n\t\t\n\t\t\t\t\t\t\t\t\n\t\t\t\t\t\t\t\t\n\t\t\n\t\t\t\t\t\t\t\t\t\t\t\t\t\t\t\n\t\t\t\t\t\t\n\t\t\t\t\t\t\t\t\t\t<div class=\"fusion-product-buttons\">\n\t\t\t\t\t<a href=\"\/en\/wp-json\/wp\/v2\/pages\/6?add-to-cart=13725\" aria-describedby=\"woocommerce_loop_add_to_cart_link_describedby_13725\" data-quantity=\"1\" class=\"button product_type_simple add_to_cart_button ajax_add_to_cart\" data-product_id=\"13725\" data-product_sku=\"\" aria-label=\"Add to cart: &ldquo;Keymi I Rumeur Encadr\u00e9e N\u00b0566&rdquo;\" rel=\"nofollow\">Add to cart<\/a>\t<span id=\"woocommerce_loop_add_to_cart_link_describedby_13725\" class=\"screen-reader-text\">\n\t\t\t<\/span>\n<span class=\"fusion-rollover-linebreak\">\n\t\/<\/span>\n\n<a href=\"https:\/\/galerie-artima.com\/shop\/keymi-rumeur-encadree-n566\" class=\"show_details_button\">\n\tDetails<\/a>\n\n\t\t\t\t<\/div>\n\t\t\t\t\t\t\t\t\t<a class=\"fusion-link-wrapper\" href=\"https:\/\/galerie-artima.com\/shop\/keymi-rumeur-encadree-n566\" aria-label=\"Keymi I Rumeur Encadr\u00e9e N\u00b0566\"><\/a>\n\t<\/div>\n<\/div>\n<\/div>\n<\/div>\n<div class=\"fusion-product-content\">\n\t<div class=\"product-details\">\n\t\t<div class=\"product-details-container\">\n<h3 class=\"product-title\">\n\t<a href=\"https:\/\/galerie-artima.com\/shop\/keymi-rumeur-encadree-n566\">\n\t\tKeymi I Rumeur Encadr\u00e9e N\u00b0566\t<\/a>\n<\/h3>\n<div class=\"fusion-price-rating\">\n\n\t<span class=\"price\"><span class=\"woocommerce-Price-amount amount\"><bdi>1200,00<span class=\"woocommerce-Price-currencySymbol\">&euro;<\/span><\/bdi><\/span><\/span>\n\t\t<\/div>\n\t<\/div>\n<\/div>\n\n\t<\/div> \n\n\n<\/div>\n<\/li>\n<li class=\"product type-product post-16617 status-publish instock product_cat-tableau product_cat-tout has-post-thumbnail sold-individually shipping-taxable purchasable product-type-simple product-grid-view\">\n\t<div class=\"fusion-product-wrapper\">\n\n<div class=\"fusion-clean-product-image-wrapper \">\n\t<div  class=\"fusion-image-wrapper fusion-image-size-fixed\" aria-haspopup=\"true\">\n\t\t\t\t<img decoding=\"async\" width=\"500\" height=\"500\" src=\"https:\/\/galerie-artima.com\/wp-content\/uploads\/2025\/05\/KEYMI-Supa-hero-60x30cm-Peinture-acrylique-sur-polystyrene-resine-2025-500x500.jpg\" class=\"attachment-woocommerce_thumbnail size-woocommerce_thumbnail lazyload wp-post-image\" alt=\"keymi supa hero 60x30cm peinture acrylique sur polystyrene resine 2025\" srcset=\"data:image\/svg+xml,%3Csvg%20xmlns%3D%27http%3A%2F%2Fwww.w3.org%2F2000%2Fsvg%27%20width%3D%271200%27%20height%3D%271200%27%20viewBox%3D%270%200%201200%201200%27%3E%3Crect%20width%3D%271200%27%20height%3D%271200%27%20fill-opacity%3D%220%22%2F%3E%3C%2Fsvg%3E\" data-orig-src=\"https:\/\/galerie-artima.com\/wp-content\/uploads\/2025\/05\/KEYMI-Supa-hero-60x30cm-Peinture-acrylique-sur-polystyrene-resine-2025-500x500.jpg\" data-srcset=\"https:\/\/galerie-artima.com\/wp-content\/uploads\/2025\/05\/KEYMI-Supa-hero-60x30cm-Peinture-acrylique-sur-polystyrene-resine-2025-66x66.jpg 66w, https:\/\/galerie-artima.com\/wp-content\/uploads\/2025\/05\/KEYMI-Supa-hero-60x30cm-Peinture-acrylique-sur-polystyrene-resine-2025-96x96.jpg 96w, https:\/\/galerie-artima.com\/wp-content\/uploads\/2025\/05\/KEYMI-Supa-hero-60x30cm-Peinture-acrylique-sur-polystyrene-resine-2025-150x150.jpg 150w, https:\/\/galerie-artima.com\/wp-content\/uploads\/2025\/05\/KEYMI-Supa-hero-60x30cm-Peinture-acrylique-sur-polystyrene-resine-2025-200x200.jpg 200w, https:\/\/galerie-artima.com\/wp-content\/uploads\/2025\/05\/KEYMI-Supa-hero-60x30cm-Peinture-acrylique-sur-polystyrene-resine-2025-300x300.jpg 300w, https:\/\/galerie-artima.com\/wp-content\/uploads\/2025\/05\/KEYMI-Supa-hero-60x30cm-Peinture-acrylique-sur-polystyrene-resine-2025-400x400.jpg 400w, https:\/\/galerie-artima.com\/wp-content\/uploads\/2025\/05\/KEYMI-Supa-hero-60x30cm-Peinture-acrylique-sur-polystyrene-resine-2025-500x500.jpg 500w, https:\/\/galerie-artima.com\/wp-content\/uploads\/2025\/05\/KEYMI-Supa-hero-60x30cm-Peinture-acrylique-sur-polystyrene-resine-2025-600x600.jpg 600w, https:\/\/galerie-artima.com\/wp-content\/uploads\/2025\/05\/KEYMI-Supa-hero-60x30cm-Peinture-acrylique-sur-polystyrene-resine-2025-768x768.jpg 768w, https:\/\/galerie-artima.com\/wp-content\/uploads\/2025\/05\/KEYMI-Supa-hero-60x30cm-Peinture-acrylique-sur-polystyrene-resine-2025-800x800.jpg 800w, https:\/\/galerie-artima.com\/wp-content\/uploads\/2025\/05\/KEYMI-Supa-hero-60x30cm-Peinture-acrylique-sur-polystyrene-resine-2025-1024x1024.jpg 1024w, https:\/\/galerie-artima.com\/wp-content\/uploads\/2025\/05\/KEYMI-Supa-hero-60x30cm-Peinture-acrylique-sur-polystyrene-resine-2025.jpg 1200w\" data-sizes=\"auto\" \/><div class=\"fusion-rollover\">\n\t<div class=\"fusion-rollover-content\">\n\n\t\t\t\t\n\t\t\n\t\t\t\t\t\t\t\t\n\t\t\t\t\t\t\t\t\n\t\t\n\t\t\t\t\t\t\t\t\t\t\t\t\t\t\t\n\t\t\t\t\t\t\n\t\t\t\t\t\t\t\t\t\t<div class=\"fusion-product-buttons\">\n\t\t\t\t\t<a href=\"\/en\/wp-json\/wp\/v2\/pages\/6?add-to-cart=16617\" aria-describedby=\"woocommerce_loop_add_to_cart_link_describedby_16617\" data-quantity=\"1\" class=\"button product_type_simple add_to_cart_button ajax_add_to_cart\" data-product_id=\"16617\" data-product_sku=\"\" aria-label=\"Add to cart: &ldquo;Keymi I Rumeur Encadr\u00e9e Supa hero&rdquo;\" rel=\"nofollow\">Add to cart<\/a>\t<span id=\"woocommerce_loop_add_to_cart_link_describedby_16617\" class=\"screen-reader-text\">\n\t\t\t<\/span>\n<span class=\"fusion-rollover-linebreak\">\n\t\/<\/span>\n\n<a href=\"https:\/\/galerie-artima.com\/shop\/keymi-rumeur-encadree-supa-hero\" class=\"show_details_button\">\n\tDetails<\/a>\n\n\t\t\t\t<\/div>\n\t\t\t\t\t\t\t\t\t<a class=\"fusion-link-wrapper\" href=\"https:\/\/galerie-artima.com\/shop\/keymi-rumeur-encadree-supa-hero\" aria-label=\"Keymi I Rumeur Encadr\u00e9e Supa hero\"><\/a>\n\t<\/div>\n<\/div>\n<\/div>\n<\/div>\n<div class=\"fusion-product-content\">\n\t<div class=\"product-details\">\n\t\t<div class=\"product-details-container\">\n<h3 class=\"product-title\">\n\t<a href=\"https:\/\/galerie-artima.com\/shop\/keymi-rumeur-encadree-supa-hero\">\n\t\tKeymi I Rumeur Encadr\u00e9e Supa hero\t<\/a>\n<\/h3>\n<div class=\"fusion-price-rating\">\n\n\t<span class=\"price\"><span class=\"woocommerce-Price-amount amount\"><bdi>990,00<span class=\"woocommerce-Price-currencySymbol\">&euro;<\/span><\/bdi><\/span><\/span>\n\t\t<\/div>\n\t<\/div>\n<\/div>\n\n\t<\/div> \n\n\n<\/div>\n<\/li>\n<li class=\"product type-product post-13693 status-publish instock product_cat-tableau product_cat-tout has-post-thumbnail sold-individually shipping-taxable purchasable product-type-simple product-grid-view\">\n\t<div class=\"fusion-product-wrapper\">\n\n<div class=\"fusion-clean-product-image-wrapper \">\n\t<div  class=\"fusion-image-wrapper fusion-image-size-fixed\" aria-haspopup=\"true\">\n\t\t\t\t<img decoding=\"async\" width=\"500\" height=\"500\" src=\"https:\/\/galerie-artima.com\/wp-content\/uploads\/2025\/05\/KEYMI-Un-fauteuil-pour-trois-60x30cm-Peinture-acrylique-sur-polystyrene-resine-2025-500x500.jpg\" class=\"attachment-woocommerce_thumbnail size-woocommerce_thumbnail lazyload wp-post-image\" alt=\"keymi un fauteuil pour trois 60x30cm peinture acrylique sur polystyrene resine 2025\" srcset=\"data:image\/svg+xml,%3Csvg%20xmlns%3D%27http%3A%2F%2Fwww.w3.org%2F2000%2Fsvg%27%20width%3D%271200%27%20height%3D%271200%27%20viewBox%3D%270%200%201200%201200%27%3E%3Crect%20width%3D%271200%27%20height%3D%271200%27%20fill-opacity%3D%220%22%2F%3E%3C%2Fsvg%3E\" data-orig-src=\"https:\/\/galerie-artima.com\/wp-content\/uploads\/2025\/05\/KEYMI-Un-fauteuil-pour-trois-60x30cm-Peinture-acrylique-sur-polystyrene-resine-2025-500x500.jpg\" data-srcset=\"https:\/\/galerie-artima.com\/wp-content\/uploads\/2025\/05\/KEYMI-Un-fauteuil-pour-trois-60x30cm-Peinture-acrylique-sur-polystyrene-resine-2025-66x66.jpg 66w, https:\/\/galerie-artima.com\/wp-content\/uploads\/2025\/05\/KEYMI-Un-fauteuil-pour-trois-60x30cm-Peinture-acrylique-sur-polystyrene-resine-2025-96x96.jpg 96w, https:\/\/galerie-artima.com\/wp-content\/uploads\/2025\/05\/KEYMI-Un-fauteuil-pour-trois-60x30cm-Peinture-acrylique-sur-polystyrene-resine-2025-150x150.jpg 150w, https:\/\/galerie-artima.com\/wp-content\/uploads\/2025\/05\/KEYMI-Un-fauteuil-pour-trois-60x30cm-Peinture-acrylique-sur-polystyrene-resine-2025-200x200.jpg 200w, https:\/\/galerie-artima.com\/wp-content\/uploads\/2025\/05\/KEYMI-Un-fauteuil-pour-trois-60x30cm-Peinture-acrylique-sur-polystyrene-resine-2025-300x300.jpg 300w, https:\/\/galerie-artima.com\/wp-content\/uploads\/2025\/05\/KEYMI-Un-fauteuil-pour-trois-60x30cm-Peinture-acrylique-sur-polystyrene-resine-2025-400x400.jpg 400w, https:\/\/galerie-artima.com\/wp-content\/uploads\/2025\/05\/KEYMI-Un-fauteuil-pour-trois-60x30cm-Peinture-acrylique-sur-polystyrene-resine-2025-500x500.jpg 500w, https:\/\/galerie-artima.com\/wp-content\/uploads\/2025\/05\/KEYMI-Un-fauteuil-pour-trois-60x30cm-Peinture-acrylique-sur-polystyrene-resine-2025-600x600.jpg 600w, https:\/\/galerie-artima.com\/wp-content\/uploads\/2025\/05\/KEYMI-Un-fauteuil-pour-trois-60x30cm-Peinture-acrylique-sur-polystyrene-resine-2025-768x768.jpg 768w, https:\/\/galerie-artima.com\/wp-content\/uploads\/2025\/05\/KEYMI-Un-fauteuil-pour-trois-60x30cm-Peinture-acrylique-sur-polystyrene-resine-2025-800x800.jpg 800w, https:\/\/galerie-artima.com\/wp-content\/uploads\/2025\/05\/KEYMI-Un-fauteuil-pour-trois-60x30cm-Peinture-acrylique-sur-polystyrene-resine-2025-1024x1024.jpg 1024w, https:\/\/galerie-artima.com\/wp-content\/uploads\/2025\/05\/KEYMI-Un-fauteuil-pour-trois-60x30cm-Peinture-acrylique-sur-polystyrene-resine-2025.jpg 1200w\" data-sizes=\"auto\" \/><div class=\"fusion-rollover\">\n\t<div class=\"fusion-rollover-content\">\n\n\t\t\t\t\n\t\t\n\t\t\t\t\t\t\t\t\n\t\t\t\t\t\t\t\t\n\t\t\n\t\t\t\t\t\t\t\t\t\t\t\t\t\t\t\n\t\t\t\t\t\t\n\t\t\t\t\t\t\t\t\t\t<div class=\"fusion-product-buttons\">\n\t\t\t\t\t<a href=\"\/en\/wp-json\/wp\/v2\/pages\/6?add-to-cart=13693\" aria-describedby=\"woocommerce_loop_add_to_cart_link_describedby_13693\" data-quantity=\"1\" class=\"button product_type_simple add_to_cart_button ajax_add_to_cart\" data-product_id=\"13693\" data-product_sku=\"\" aria-label=\"Add to cart: &ldquo;Keymi I Rumeur Encadr\u00e9e Un fauteuil pour trois&rdquo;\" rel=\"nofollow\">Add to cart<\/a>\t<span id=\"woocommerce_loop_add_to_cart_link_describedby_13693\" class=\"screen-reader-text\">\n\t\t\t<\/span>\n<span class=\"fusion-rollover-linebreak\">\n\t\/<\/span>\n\n<a href=\"https:\/\/galerie-artima.com\/shop\/keymi-rumeur-encadree-un-fauteuil-pour-trois\" class=\"show_details_button\">\n\tDetails<\/a>\n\n\t\t\t\t<\/div>\n\t\t\t\t\t\t\t\t\t<a class=\"fusion-link-wrapper\" href=\"https:\/\/galerie-artima.com\/shop\/keymi-rumeur-encadree-un-fauteuil-pour-trois\" aria-label=\"Keymi I Rumeur Encadr\u00e9e Un fauteuil pour trois\"><\/a>\n\t<\/div>\n<\/div>\n<\/div>\n<\/div>\n<div class=\"fusion-product-content\">\n\t<div class=\"product-details\">\n\t\t<div class=\"product-details-container\">\n<h3 class=\"product-title\">\n\t<a href=\"https:\/\/galerie-artima.com\/shop\/keymi-rumeur-encadree-un-fauteuil-pour-trois\">\n\t\tKeymi I Rumeur Encadr\u00e9e Un fauteuil pour trois\t<\/a>\n<\/h3>\n<div class=\"fusion-price-rating\">\n\n\t<span class=\"price\"><span class=\"woocommerce-Price-amount amount\"><bdi>990,00<span class=\"woocommerce-Price-currencySymbol\">&euro;<\/span><\/bdi><\/span><\/span>\n\t\t<\/div>\n\t<\/div>\n<\/div>\n\n\t<\/div> \n\n\n<\/div>\n<\/li>\n<li class=\"product type-product post-11519 status-publish last instock product_cat-tableau product_cat-tout has-post-thumbnail sold-individually shipping-taxable purchasable product-type-simple product-grid-view\">\n\t<div class=\"fusion-product-wrapper\">\n\n<div class=\"fusion-clean-product-image-wrapper \">\n\t<div  class=\"fusion-image-wrapper fusion-image-size-fixed\" aria-haspopup=\"true\">\n\t\t\t\t<img decoding=\"async\" width=\"500\" height=\"500\" src=\"https:\/\/galerie-artima.com\/wp-content\/uploads\/2023\/05\/LAURENT-MINGUET-Alone-in-Madison-serigraphie-sur-merisier-44x44cm-20-ex-500x500.jpg\" class=\"attachment-woocommerce_thumbnail size-woocommerce_thumbnail lazyload wp-post-image\" alt=\"laurent minguet alone in madison serigraphie sur merisier 44x44cm 20 ex\" srcset=\"data:image\/svg+xml,%3Csvg%20xmlns%3D%27http%3A%2F%2Fwww.w3.org%2F2000%2Fsvg%27%20width%3D%271200%27%20height%3D%271200%27%20viewBox%3D%270%200%201200%201200%27%3E%3Crect%20width%3D%271200%27%20height%3D%271200%27%20fill-opacity%3D%220%22%2F%3E%3C%2Fsvg%3E\" data-orig-src=\"https:\/\/galerie-artima.com\/wp-content\/uploads\/2023\/05\/LAURENT-MINGUET-Alone-in-Madison-serigraphie-sur-merisier-44x44cm-20-ex-500x500.jpg\" data-srcset=\"https:\/\/galerie-artima.com\/wp-content\/uploads\/2023\/05\/LAURENT-MINGUET-Alone-in-Madison-serigraphie-sur-merisier-44x44cm-20-ex-66x66.jpg 66w, https:\/\/galerie-artima.com\/wp-content\/uploads\/2023\/05\/LAURENT-MINGUET-Alone-in-Madison-serigraphie-sur-merisier-44x44cm-20-ex-96x96.jpg 96w, https:\/\/galerie-artima.com\/wp-content\/uploads\/2023\/05\/LAURENT-MINGUET-Alone-in-Madison-serigraphie-sur-merisier-44x44cm-20-ex-150x150.jpg 150w, https:\/\/galerie-artima.com\/wp-content\/uploads\/2023\/05\/LAURENT-MINGUET-Alone-in-Madison-serigraphie-sur-merisier-44x44cm-20-ex-200x200.jpg 200w, https:\/\/galerie-artima.com\/wp-content\/uploads\/2023\/05\/LAURENT-MINGUET-Alone-in-Madison-serigraphie-sur-merisier-44x44cm-20-ex-300x300.jpg 300w, https:\/\/galerie-artima.com\/wp-content\/uploads\/2023\/05\/LAURENT-MINGUET-Alone-in-Madison-serigraphie-sur-merisier-44x44cm-20-ex-400x400.jpg 400w, https:\/\/galerie-artima.com\/wp-content\/uploads\/2023\/05\/LAURENT-MINGUET-Alone-in-Madison-serigraphie-sur-merisier-44x44cm-20-ex-500x500.jpg 500w, https:\/\/galerie-artima.com\/wp-content\/uploads\/2023\/05\/LAURENT-MINGUET-Alone-in-Madison-serigraphie-sur-merisier-44x44cm-20-ex-600x600.jpg 600w, https:\/\/galerie-artima.com\/wp-content\/uploads\/2023\/05\/LAURENT-MINGUET-Alone-in-Madison-serigraphie-sur-merisier-44x44cm-20-ex-768x768.jpg 768w, https:\/\/galerie-artima.com\/wp-content\/uploads\/2023\/05\/LAURENT-MINGUET-Alone-in-Madison-serigraphie-sur-merisier-44x44cm-20-ex-800x800.jpg 800w, https:\/\/galerie-artima.com\/wp-content\/uploads\/2023\/05\/LAURENT-MINGUET-Alone-in-Madison-serigraphie-sur-merisier-44x44cm-20-ex-1024x1024.jpg 1024w, https:\/\/galerie-artima.com\/wp-content\/uploads\/2023\/05\/LAURENT-MINGUET-Alone-in-Madison-serigraphie-sur-merisier-44x44cm-20-ex.jpg 1200w\" data-sizes=\"auto\" \/><div class=\"fusion-rollover\">\n\t<div class=\"fusion-rollover-content\">\n\n\t\t\t\t\n\t\t\n\t\t\t\t\t\t\t\t\n\t\t\t\t\t\t\t\t\n\t\t\n\t\t\t\t\t\t\t\t\t\t\t\t\t\t\t\n\t\t\t\t\t\t\n\t\t\t\t\t\t\t\t\t\t<div class=\"fusion-product-buttons\">\n\t\t\t\t\t<a href=\"\/en\/wp-json\/wp\/v2\/pages\/6?add-to-cart=11519\" aria-describedby=\"woocommerce_loop_add_to_cart_link_describedby_11519\" data-quantity=\"1\" class=\"button product_type_simple add_to_cart_button ajax_add_to_cart\" data-product_id=\"11519\" data-product_sku=\"\" aria-label=\"Add to cart: &ldquo;Laurent Minguet I Alone in Madison&rdquo;\" rel=\"nofollow\">Add to cart<\/a>\t<span id=\"woocommerce_loop_add_to_cart_link_describedby_11519\" class=\"screen-reader-text\">\n\t\t\t<\/span>\n<span class=\"fusion-rollover-linebreak\">\n\t\/<\/span>\n\n<a href=\"https:\/\/galerie-artima.com\/shop\/laurent-minguet-alone-in-madison\" class=\"show_details_button\">\n\tDetails<\/a>\n\n\t\t\t\t<\/div>\n\t\t\t\t\t\t\t\t\t<a class=\"fusion-link-wrapper\" href=\"https:\/\/galerie-artima.com\/shop\/laurent-minguet-alone-in-madison\" aria-label=\"Laurent Minguet I Alone in Madison\"><\/a>\n\t<\/div>\n<\/div>\n<\/div>\n<\/div>\n<div class=\"fusion-product-content\">\n\t<div class=\"product-details\">\n\t\t<div class=\"product-details-container\">\n<h3 class=\"product-title\">\n\t<a href=\"https:\/\/galerie-artima.com\/shop\/laurent-minguet-alone-in-madison\">\n\t\tLaurent Minguet I Alone in Madison\t<\/a>\n<\/h3>\n<div class=\"fusion-price-rating\">\n\n\t<span class=\"price\"><span class=\"woocommerce-Price-amount amount\"><bdi>660,00<span class=\"woocommerce-Price-currencySymbol\">&euro;<\/span><\/bdi><\/span><\/span>\n\t\t<\/div>\n\t<\/div>\n<\/div>\n\n\t<\/div> \n\n\n<\/div>\n<\/li>\n<li class=\"product type-product post-7220 status-publish first instock product_cat-tableau product_cat-tout has-post-thumbnail sold-individually shipping-taxable purchasable product-type-simple product-grid-view\">\n\t<div class=\"fusion-product-wrapper\">\n\n<div class=\"fusion-clean-product-image-wrapper \">\n\t<div  class=\"fusion-image-wrapper fusion-image-size-fixed\" aria-haspopup=\"true\">\n\t\t\t\t<img decoding=\"async\" width=\"500\" height=\"500\" src=\"https:\/\/galerie-artima.com\/wp-content\/uploads\/2022\/03\/Alone-in-Tokyo-Serigraphie-sur-merisier-60x36cm-2026-500x500.webp\" class=\"attachment-woocommerce_thumbnail size-woocommerce_thumbnail lazyload wp-post-image\" alt=\"\" srcset=\"data:image\/svg+xml,%3Csvg%20xmlns%3D%27http%3A%2F%2Fwww.w3.org%2F2000%2Fsvg%27%20width%3D%271200%27%20height%3D%271200%27%20viewBox%3D%270%200%201200%201200%27%3E%3Crect%20width%3D%271200%27%20height%3D%271200%27%20fill-opacity%3D%220%22%2F%3E%3C%2Fsvg%3E\" data-orig-src=\"https:\/\/galerie-artima.com\/wp-content\/uploads\/2022\/03\/Alone-in-Tokyo-Serigraphie-sur-merisier-60x36cm-2026-500x500.webp\" data-srcset=\"https:\/\/galerie-artima.com\/wp-content\/uploads\/2022\/03\/Alone-in-Tokyo-Serigraphie-sur-merisier-60x36cm-2026-66x66.webp 66w, https:\/\/galerie-artima.com\/wp-content\/uploads\/2022\/03\/Alone-in-Tokyo-Serigraphie-sur-merisier-60x36cm-2026-96x96.webp 96w, https:\/\/galerie-artima.com\/wp-content\/uploads\/2022\/03\/Alone-in-Tokyo-Serigraphie-sur-merisier-60x36cm-2026-150x150.webp 150w, https:\/\/galerie-artima.com\/wp-content\/uploads\/2022\/03\/Alone-in-Tokyo-Serigraphie-sur-merisier-60x36cm-2026-200x200.webp 200w, https:\/\/galerie-artima.com\/wp-content\/uploads\/2022\/03\/Alone-in-Tokyo-Serigraphie-sur-merisier-60x36cm-2026-300x300.webp 300w, https:\/\/galerie-artima.com\/wp-content\/uploads\/2022\/03\/Alone-in-Tokyo-Serigraphie-sur-merisier-60x36cm-2026-400x400.webp 400w, https:\/\/galerie-artima.com\/wp-content\/uploads\/2022\/03\/Alone-in-Tokyo-Serigraphie-sur-merisier-60x36cm-2026-500x500.webp 500w, https:\/\/galerie-artima.com\/wp-content\/uploads\/2022\/03\/Alone-in-Tokyo-Serigraphie-sur-merisier-60x36cm-2026-600x600.webp 600w, https:\/\/galerie-artima.com\/wp-content\/uploads\/2022\/03\/Alone-in-Tokyo-Serigraphie-sur-merisier-60x36cm-2026-768x768.webp 768w, https:\/\/galerie-artima.com\/wp-content\/uploads\/2022\/03\/Alone-in-Tokyo-Serigraphie-sur-merisier-60x36cm-2026-800x800.webp 800w, https:\/\/galerie-artima.com\/wp-content\/uploads\/2022\/03\/Alone-in-Tokyo-Serigraphie-sur-merisier-60x36cm-2026-1024x1024.webp 1024w, https:\/\/galerie-artima.com\/wp-content\/uploads\/2022\/03\/Alone-in-Tokyo-Serigraphie-sur-merisier-60x36cm-2026.webp 1200w\" data-sizes=\"auto\" \/><div class=\"fusion-rollover\">\n\t<div class=\"fusion-rollover-content\">\n\n\t\t\t\t\n\t\t\n\t\t\t\t\t\t\t\t\n\t\t\t\t\t\t\t\t\n\t\t\n\t\t\t\t\t\t\t\t\t\t\t\t\t\t\t\n\t\t\t\t\t\t\n\t\t\t\t\t\t\t\t\t\t<div class=\"fusion-product-buttons\">\n\t\t\t\t\t<a href=\"\/en\/wp-json\/wp\/v2\/pages\/6?add-to-cart=7220\" aria-describedby=\"woocommerce_loop_add_to_cart_link_describedby_7220\" data-quantity=\"1\" class=\"button product_type_simple add_to_cart_button ajax_add_to_cart\" data-product_id=\"7220\" data-product_sku=\"\" aria-label=\"Add to cart: &ldquo;Laurent Minguet I Alone in Tokyo&rdquo;\" rel=\"nofollow\">Add to cart<\/a>\t<span id=\"woocommerce_loop_add_to_cart_link_describedby_7220\" class=\"screen-reader-text\">\n\t\t\t<\/span>\n<span class=\"fusion-rollover-linebreak\">\n\t\/<\/span>\n\n<a href=\"https:\/\/galerie-artima.com\/shop\/laurent-minguet-alone-in-tokyo\" class=\"show_details_button\">\n\tDetails<\/a>\n\n\t\t\t\t<\/div>\n\t\t\t\t\t\t\t\t\t<a class=\"fusion-link-wrapper\" href=\"https:\/\/galerie-artima.com\/shop\/laurent-minguet-alone-in-tokyo\" aria-label=\"Laurent Minguet I Alone in Tokyo\"><\/a>\n\t<\/div>\n<\/div>\n<\/div>\n<\/div>\n<div class=\"fusion-product-content\">\n\t<div class=\"product-details\">\n\t\t<div class=\"product-details-container\">\n<h3 class=\"product-title\">\n\t<a href=\"https:\/\/galerie-artima.com\/shop\/laurent-minguet-alone-in-tokyo\">\n\t\tLaurent Minguet I Alone in Tokyo\t<\/a>\n<\/h3>\n<div class=\"fusion-price-rating\">\n\n\t<span class=\"price\"><span class=\"woocommerce-Price-amount amount\"><bdi>770,00<span class=\"woocommerce-Price-currencySymbol\">&euro;<\/span><\/bdi><\/span><\/span>\n\t\t<\/div>\n\t<\/div>\n<\/div>\n\n\t<\/div> \n\n\n<\/div>\n<\/li>\n<li class=\"product type-product post-7222 status-publish instock product_cat-tableau product_cat-tout has-post-thumbnail sold-individually shipping-taxable purchasable product-type-simple product-grid-view\">\n\t<div class=\"fusion-product-wrapper\">\n\n<div class=\"fusion-clean-product-image-wrapper \">\n\t<div  class=\"fusion-image-wrapper fusion-image-size-fixed\" aria-haspopup=\"true\">\n\t\t\t\t<img decoding=\"async\" width=\"500\" height=\"500\" src=\"https:\/\/galerie-artima.com\/wp-content\/uploads\/2022\/02\/LAURENT-MINGUET-New-York-5th-avenue-Serigraphie-sur-merisier-90ex-40x77cm-2018-1200x1200-1-500x500.jpg\" class=\"attachment-woocommerce_thumbnail size-woocommerce_thumbnail lazyload wp-post-image\" alt=\"laurent minguet new york 5th avenue serigraphie sur merisier 90ex 40x77cm 2018 1200x1200 1\" srcset=\"data:image\/svg+xml,%3Csvg%20xmlns%3D%27http%3A%2F%2Fwww.w3.org%2F2000%2Fsvg%27%20width%3D%271200%27%20height%3D%271200%27%20viewBox%3D%270%200%201200%201200%27%3E%3Crect%20width%3D%271200%27%20height%3D%271200%27%20fill-opacity%3D%220%22%2F%3E%3C%2Fsvg%3E\" data-orig-src=\"https:\/\/galerie-artima.com\/wp-content\/uploads\/2022\/02\/LAURENT-MINGUET-New-York-5th-avenue-Serigraphie-sur-merisier-90ex-40x77cm-2018-1200x1200-1-500x500.jpg\" data-srcset=\"https:\/\/galerie-artima.com\/wp-content\/uploads\/2022\/02\/LAURENT-MINGUET-New-York-5th-avenue-Serigraphie-sur-merisier-90ex-40x77cm-2018-1200x1200-1-66x66.jpg 66w, https:\/\/galerie-artima.com\/wp-content\/uploads\/2022\/02\/LAURENT-MINGUET-New-York-5th-avenue-Serigraphie-sur-merisier-90ex-40x77cm-2018-1200x1200-1-96x96.jpg 96w, https:\/\/galerie-artima.com\/wp-content\/uploads\/2022\/02\/LAURENT-MINGUET-New-York-5th-avenue-Serigraphie-sur-merisier-90ex-40x77cm-2018-1200x1200-1-150x150.jpg 150w, https:\/\/galerie-artima.com\/wp-content\/uploads\/2022\/02\/LAURENT-MINGUET-New-York-5th-avenue-Serigraphie-sur-merisier-90ex-40x77cm-2018-1200x1200-1-200x200.jpg 200w, https:\/\/galerie-artima.com\/wp-content\/uploads\/2022\/02\/LAURENT-MINGUET-New-York-5th-avenue-Serigraphie-sur-merisier-90ex-40x77cm-2018-1200x1200-1-300x300.jpg 300w, https:\/\/galerie-artima.com\/wp-content\/uploads\/2022\/02\/LAURENT-MINGUET-New-York-5th-avenue-Serigraphie-sur-merisier-90ex-40x77cm-2018-1200x1200-1-400x400.jpg 400w, https:\/\/galerie-artima.com\/wp-content\/uploads\/2022\/02\/LAURENT-MINGUET-New-York-5th-avenue-Serigraphie-sur-merisier-90ex-40x77cm-2018-1200x1200-1-500x500.jpg 500w, https:\/\/galerie-artima.com\/wp-content\/uploads\/2022\/02\/LAURENT-MINGUET-New-York-5th-avenue-Serigraphie-sur-merisier-90ex-40x77cm-2018-1200x1200-1-600x600.jpg 600w, https:\/\/galerie-artima.com\/wp-content\/uploads\/2022\/02\/LAURENT-MINGUET-New-York-5th-avenue-Serigraphie-sur-merisier-90ex-40x77cm-2018-1200x1200-1-768x768.jpg 768w, https:\/\/galerie-artima.com\/wp-content\/uploads\/2022\/02\/LAURENT-MINGUET-New-York-5th-avenue-Serigraphie-sur-merisier-90ex-40x77cm-2018-1200x1200-1-800x800.jpg 800w, https:\/\/galerie-artima.com\/wp-content\/uploads\/2022\/02\/LAURENT-MINGUET-New-York-5th-avenue-Serigraphie-sur-merisier-90ex-40x77cm-2018-1200x1200-1-1024x1024.jpg 1024w, https:\/\/galerie-artima.com\/wp-content\/uploads\/2022\/02\/LAURENT-MINGUET-New-York-5th-avenue-Serigraphie-sur-merisier-90ex-40x77cm-2018-1200x1200-1.jpg 1200w\" data-sizes=\"auto\" \/><div class=\"fusion-rollover\">\n\t<div class=\"fusion-rollover-content\">\n\n\t\t\t\t\n\t\t\n\t\t\t\t\t\t\t\t\n\t\t\t\t\t\t\t\t\n\t\t\n\t\t\t\t\t\t\t\t\t\t\t\t\t\t\t\n\t\t\t\t\t\t\n\t\t\t\t\t\t\t\t\t\t<div class=\"fusion-product-buttons\">\n\t\t\t\t\t<a href=\"\/en\/wp-json\/wp\/v2\/pages\/6?add-to-cart=7222\" aria-describedby=\"woocommerce_loop_add_to_cart_link_describedby_7222\" data-quantity=\"1\" class=\"button product_type_simple add_to_cart_button ajax_add_to_cart\" data-product_id=\"7222\" data-product_sku=\"\" aria-label=\"Add to cart: &ldquo;Laurent Minguet I NYC 5th avenue&rdquo;\" rel=\"nofollow\">Add to cart<\/a>\t<span id=\"woocommerce_loop_add_to_cart_link_describedby_7222\" class=\"screen-reader-text\">\n\t\t\t<\/span>\n<span class=\"fusion-rollover-linebreak\">\n\t\/<\/span>\n\n<a href=\"https:\/\/galerie-artima.com\/shop\/laurent-minguet-nyc-5th-avenue\" class=\"show_details_button\">\n\tDetails<\/a>\n\n\t\t\t\t<\/div>\n\t\t\t\t\t\t\t\t\t<a class=\"fusion-link-wrapper\" href=\"https:\/\/galerie-artima.com\/shop\/laurent-minguet-nyc-5th-avenue\" aria-label=\"Laurent Minguet I NYC 5th avenue\"><\/a>\n\t<\/div>\n<\/div>\n<\/div>\n<\/div>\n<div class=\"fusion-product-content\">\n\t<div class=\"product-details\">\n\t\t<div class=\"product-details-container\">\n<h3 class=\"product-title\">\n\t<a href=\"https:\/\/galerie-artima.com\/shop\/laurent-minguet-nyc-5th-avenue\">\n\t\tLaurent Minguet I NYC 5th avenue\t<\/a>\n<\/h3>\n<div class=\"fusion-price-rating\">\n\n\t<span class=\"price\"><span class=\"woocommerce-Price-amount amount\"><bdi>850,00<span class=\"woocommerce-Price-currencySymbol\">&euro;<\/span><\/bdi><\/span><\/span>\n\t\t<\/div>\n\t<\/div>\n<\/div>\n\n\t<\/div> \n\n\n<\/div>\n<\/li>\n<li class=\"product type-product post-11499 status-publish instock product_cat-tableau product_cat-tout has-post-thumbnail sold-individually shipping-taxable purchasable product-type-simple product-grid-view\">\n\t<div class=\"fusion-product-wrapper\">\n\n<div class=\"fusion-clean-product-image-wrapper \">\n\t<div  class=\"fusion-image-wrapper fusion-image-size-fixed\" aria-haspopup=\"true\">\n\t\t\t\t<img decoding=\"async\" width=\"500\" height=\"500\" src=\"https:\/\/galerie-artima.com\/wp-content\/uploads\/2023\/05\/LAURENT-MINGUET-Good-Morning-NYC-Serigraphie-sur-erable-60x74cm-30-ex-500x500.jpg\" class=\"attachment-woocommerce_thumbnail size-woocommerce_thumbnail lazyload wp-post-image\" alt=\"laurent minguet good morning nyc serigraphie sur erable 60x74cm 30 ex\" srcset=\"data:image\/svg+xml,%3Csvg%20xmlns%3D%27http%3A%2F%2Fwww.w3.org%2F2000%2Fsvg%27%20width%3D%271200%27%20height%3D%271200%27%20viewBox%3D%270%200%201200%201200%27%3E%3Crect%20width%3D%271200%27%20height%3D%271200%27%20fill-opacity%3D%220%22%2F%3E%3C%2Fsvg%3E\" data-orig-src=\"https:\/\/galerie-artima.com\/wp-content\/uploads\/2023\/05\/LAURENT-MINGUET-Good-Morning-NYC-Serigraphie-sur-erable-60x74cm-30-ex-500x500.jpg\" data-srcset=\"https:\/\/galerie-artima.com\/wp-content\/uploads\/2023\/05\/LAURENT-MINGUET-Good-Morning-NYC-Serigraphie-sur-erable-60x74cm-30-ex-66x66.jpg 66w, https:\/\/galerie-artima.com\/wp-content\/uploads\/2023\/05\/LAURENT-MINGUET-Good-Morning-NYC-Serigraphie-sur-erable-60x74cm-30-ex-96x96.jpg 96w, https:\/\/galerie-artima.com\/wp-content\/uploads\/2023\/05\/LAURENT-MINGUET-Good-Morning-NYC-Serigraphie-sur-erable-60x74cm-30-ex-150x150.jpg 150w, https:\/\/galerie-artima.com\/wp-content\/uploads\/2023\/05\/LAURENT-MINGUET-Good-Morning-NYC-Serigraphie-sur-erable-60x74cm-30-ex-200x200.jpg 200w, https:\/\/galerie-artima.com\/wp-content\/uploads\/2023\/05\/LAURENT-MINGUET-Good-Morning-NYC-Serigraphie-sur-erable-60x74cm-30-ex-300x300.jpg 300w, https:\/\/galerie-artima.com\/wp-content\/uploads\/2023\/05\/LAURENT-MINGUET-Good-Morning-NYC-Serigraphie-sur-erable-60x74cm-30-ex-400x400.jpg 400w, https:\/\/galerie-artima.com\/wp-content\/uploads\/2023\/05\/LAURENT-MINGUET-Good-Morning-NYC-Serigraphie-sur-erable-60x74cm-30-ex-500x500.jpg 500w, https:\/\/galerie-artima.com\/wp-content\/uploads\/2023\/05\/LAURENT-MINGUET-Good-Morning-NYC-Serigraphie-sur-erable-60x74cm-30-ex-600x600.jpg 600w, https:\/\/galerie-artima.com\/wp-content\/uploads\/2023\/05\/LAURENT-MINGUET-Good-Morning-NYC-Serigraphie-sur-erable-60x74cm-30-ex-768x768.jpg 768w, https:\/\/galerie-artima.com\/wp-content\/uploads\/2023\/05\/LAURENT-MINGUET-Good-Morning-NYC-Serigraphie-sur-erable-60x74cm-30-ex-800x800.jpg 800w, https:\/\/galerie-artima.com\/wp-content\/uploads\/2023\/05\/LAURENT-MINGUET-Good-Morning-NYC-Serigraphie-sur-erable-60x74cm-30-ex-1024x1024.jpg 1024w, https:\/\/galerie-artima.com\/wp-content\/uploads\/2023\/05\/LAURENT-MINGUET-Good-Morning-NYC-Serigraphie-sur-erable-60x74cm-30-ex.jpg 1200w\" data-sizes=\"auto\" \/><div class=\"fusion-rollover\">\n\t<div class=\"fusion-rollover-content\">\n\n\t\t\t\t\n\t\t\n\t\t\t\t\t\t\t\t\n\t\t\t\t\t\t\t\t\n\t\t\n\t\t\t\t\t\t\t\t\t\t\t\t\t\t\t\n\t\t\t\t\t\t\n\t\t\t\t\t\t\t\t\t\t<div class=\"fusion-product-buttons\">\n\t\t\t\t\t<a href=\"\/en\/wp-json\/wp\/v2\/pages\/6?add-to-cart=11499\" aria-describedby=\"woocommerce_loop_add_to_cart_link_describedby_11499\" data-quantity=\"1\" class=\"button product_type_simple add_to_cart_button ajax_add_to_cart\" data-product_id=\"11499\" data-product_sku=\"\" aria-label=\"Add to cart: &ldquo;Laurent Minguet I NYC Good morning&rdquo;\" rel=\"nofollow\">Add to cart<\/a>\t<span id=\"woocommerce_loop_add_to_cart_link_describedby_11499\" class=\"screen-reader-text\">\n\t\t\t<\/span>\n<span class=\"fusion-rollover-linebreak\">\n\t\/<\/span>\n\n<a href=\"https:\/\/galerie-artima.com\/shop\/laurent-minguet-nyc-good-morning\" class=\"show_details_button\">\n\tDetails<\/a>\n\n\t\t\t\t<\/div>\n\t\t\t\t\t\t\t\t\t<a class=\"fusion-link-wrapper\" href=\"https:\/\/galerie-artima.com\/shop\/laurent-minguet-nyc-good-morning\" aria-label=\"Laurent Minguet I NYC Good morning\"><\/a>\n\t<\/div>\n<\/div>\n<\/div>\n<\/div>\n<div class=\"fusion-product-content\">\n\t<div class=\"product-details\">\n\t\t<div class=\"product-details-container\">\n<h3 class=\"product-title\">\n\t<a href=\"https:\/\/galerie-artima.com\/shop\/laurent-minguet-nyc-good-morning\">\n\t\tLaurent Minguet I NYC Good morning\t<\/a>\n<\/h3>\n<div class=\"fusion-price-rating\">\n\n\t<span class=\"price\"><span class=\"woocommerce-Price-amount amount\"><bdi>850,00<span class=\"woocommerce-Price-currencySymbol\">&euro;<\/span><\/bdi><\/span><\/span>\n\t\t<\/div>\n\t<\/div>\n<\/div>\n\n\t<\/div> \n\n\n<\/div>\n<\/li>\n<li class=\"product type-product post-9794 status-publish last instock product_cat-tableau product_cat-tout has-post-thumbnail sold-individually shipping-taxable purchasable product-type-simple product-grid-view\">\n\t<div class=\"fusion-product-wrapper\">\n\n<div class=\"fusion-clean-product-image-wrapper \">\n\t<div  class=\"fusion-image-wrapper fusion-image-size-fixed\" aria-haspopup=\"true\">\n\t\t\t\t<img decoding=\"async\" width=\"500\" height=\"500\" src=\"https:\/\/galerie-artima.com\/wp-content\/uploads\/2021\/07\/MONICA-DIXON-Brightwood-100x100-m-Acrylic-on-canvas-2024-500x500.jpg\" class=\"attachment-woocommerce_thumbnail size-woocommerce_thumbnail lazyload wp-post-image\" alt=\"monica dixon brightwood 100x100 m acrylic on canvas 2024\" srcset=\"data:image\/svg+xml,%3Csvg%20xmlns%3D%27http%3A%2F%2Fwww.w3.org%2F2000%2Fsvg%27%20width%3D%271200%27%20height%3D%271200%27%20viewBox%3D%270%200%201200%201200%27%3E%3Crect%20width%3D%271200%27%20height%3D%271200%27%20fill-opacity%3D%220%22%2F%3E%3C%2Fsvg%3E\" data-orig-src=\"https:\/\/galerie-artima.com\/wp-content\/uploads\/2021\/07\/MONICA-DIXON-Brightwood-100x100-m-Acrylic-on-canvas-2024-500x500.jpg\" data-srcset=\"https:\/\/galerie-artima.com\/wp-content\/uploads\/2021\/07\/MONICA-DIXON-Brightwood-100x100-m-Acrylic-on-canvas-2024-66x66.jpg 66w, https:\/\/galerie-artima.com\/wp-content\/uploads\/2021\/07\/MONICA-DIXON-Brightwood-100x100-m-Acrylic-on-canvas-2024-96x96.jpg 96w, https:\/\/galerie-artima.com\/wp-content\/uploads\/2021\/07\/MONICA-DIXON-Brightwood-100x100-m-Acrylic-on-canvas-2024-150x150.jpg 150w, https:\/\/galerie-artima.com\/wp-content\/uploads\/2021\/07\/MONICA-DIXON-Brightwood-100x100-m-Acrylic-on-canvas-2024-200x200.jpg 200w, https:\/\/galerie-artima.com\/wp-content\/uploads\/2021\/07\/MONICA-DIXON-Brightwood-100x100-m-Acrylic-on-canvas-2024-300x300.jpg 300w, https:\/\/galerie-artima.com\/wp-content\/uploads\/2021\/07\/MONICA-DIXON-Brightwood-100x100-m-Acrylic-on-canvas-2024-400x400.jpg 400w, https:\/\/galerie-artima.com\/wp-content\/uploads\/2021\/07\/MONICA-DIXON-Brightwood-100x100-m-Acrylic-on-canvas-2024-500x500.jpg 500w, https:\/\/galerie-artima.com\/wp-content\/uploads\/2021\/07\/MONICA-DIXON-Brightwood-100x100-m-Acrylic-on-canvas-2024-600x600.jpg 600w, https:\/\/galerie-artima.com\/wp-content\/uploads\/2021\/07\/MONICA-DIXON-Brightwood-100x100-m-Acrylic-on-canvas-2024-768x768.jpg 768w, https:\/\/galerie-artima.com\/wp-content\/uploads\/2021\/07\/MONICA-DIXON-Brightwood-100x100-m-Acrylic-on-canvas-2024-800x800.jpg 800w, https:\/\/galerie-artima.com\/wp-content\/uploads\/2021\/07\/MONICA-DIXON-Brightwood-100x100-m-Acrylic-on-canvas-2024-1024x1024.jpg 1024w, https:\/\/galerie-artima.com\/wp-content\/uploads\/2021\/07\/MONICA-DIXON-Brightwood-100x100-m-Acrylic-on-canvas-2024.jpg 1200w\" data-sizes=\"auto\" \/><div class=\"fusion-rollover\">\n\t<div class=\"fusion-rollover-content\">\n\n\t\t\t\t\n\t\t\n\t\t\t\t\t\t\t\t\n\t\t\t\t\t\t\t\t\n\t\t\n\t\t\t\t\t\t\t\t\t\t\t\t\t\t\t\n\t\t\t\t\t\t\n\t\t\t\t\t\t\t\t\t\t<div class=\"fusion-product-buttons\">\n\t\t\t\t\t<a href=\"\/en\/wp-json\/wp\/v2\/pages\/6?add-to-cart=9794\" aria-describedby=\"woocommerce_loop_add_to_cart_link_describedby_9794\" data-quantity=\"1\" class=\"button product_type_simple add_to_cart_button ajax_add_to_cart\" data-product_id=\"9794\" data-product_sku=\"\" aria-label=\"Add to cart: &ldquo;Monica Dixon | Brightwood&rdquo;\" rel=\"nofollow\">Add to cart<\/a>\t<span id=\"woocommerce_loop_add_to_cart_link_describedby_9794\" class=\"screen-reader-text\">\n\t\t\t<\/span>\n<span class=\"fusion-rollover-linebreak\">\n\t\/<\/span>\n\n<a href=\"https:\/\/galerie-artima.com\/shop\/monica-dixon-brightwood\" class=\"show_details_button\">\n\tDetails<\/a>\n\n\t\t\t\t<\/div>\n\t\t\t\t\t\t\t\t\t<a class=\"fusion-link-wrapper\" href=\"https:\/\/galerie-artima.com\/shop\/monica-dixon-brightwood\" aria-label=\"Monica Dixon | Brightwood\"><\/a>\n\t<\/div>\n<\/div>\n<\/div>\n<\/div>\n<div class=\"fusion-product-content\">\n\t<div class=\"product-details\">\n\t\t<div class=\"product-details-container\">\n<h3 class=\"product-title\">\n\t<a href=\"https:\/\/galerie-artima.com\/shop\/monica-dixon-brightwood\">\n\t\tMonica Dixon | Brightwood\t<\/a>\n<\/h3>\n<div class=\"fusion-price-rating\">\n\n\t<span class=\"price\"><span class=\"woocommerce-Price-amount amount\"><bdi>5500,00<span class=\"woocommerce-Price-currencySymbol\">&euro;<\/span><\/bdi><\/span><\/span>\n\t\t<\/div>\n\t<\/div>\n<\/div>\n\n\t<\/div> \n\n\n<\/div>\n<\/li>\n<li class=\"product type-product post-9257 status-publish first instock product_cat-tableau product_cat-tout has-post-thumbnail sold-individually shipping-taxable purchasable product-type-simple product-grid-view\">\n\t<div class=\"fusion-product-wrapper\">\n\n<div class=\"fusion-clean-product-image-wrapper \">\n\t<div  class=\"fusion-image-wrapper fusion-image-size-fixed\" aria-haspopup=\"true\">\n\t\t\t\t<img decoding=\"async\" width=\"500\" height=\"500\" src=\"https:\/\/galerie-artima.com\/wp-content\/uploads\/2022\/08\/Dhyaan-68x84cm-1200x1200-1-500x500.jpg\" class=\"attachment-woocommerce_thumbnail size-woocommerce_thumbnail lazyload wp-post-image\" alt=\"dhyaan 68x84cm 1200x1200 1\" srcset=\"data:image\/svg+xml,%3Csvg%20xmlns%3D%27http%3A%2F%2Fwww.w3.org%2F2000%2Fsvg%27%20width%3D%271200%27%20height%3D%271200%27%20viewBox%3D%270%200%201200%201200%27%3E%3Crect%20width%3D%271200%27%20height%3D%271200%27%20fill-opacity%3D%220%22%2F%3E%3C%2Fsvg%3E\" data-orig-src=\"https:\/\/galerie-artima.com\/wp-content\/uploads\/2022\/08\/Dhyaan-68x84cm-1200x1200-1-500x500.jpg\" data-srcset=\"https:\/\/galerie-artima.com\/wp-content\/uploads\/2022\/08\/Dhyaan-68x84cm-1200x1200-1-66x66.jpg 66w, https:\/\/galerie-artima.com\/wp-content\/uploads\/2022\/08\/Dhyaan-68x84cm-1200x1200-1-96x96.jpg 96w, https:\/\/galerie-artima.com\/wp-content\/uploads\/2022\/08\/Dhyaan-68x84cm-1200x1200-1-150x150.jpg 150w, https:\/\/galerie-artima.com\/wp-content\/uploads\/2022\/08\/Dhyaan-68x84cm-1200x1200-1-200x200.jpg 200w, https:\/\/galerie-artima.com\/wp-content\/uploads\/2022\/08\/Dhyaan-68x84cm-1200x1200-1-300x300.jpg 300w, https:\/\/galerie-artima.com\/wp-content\/uploads\/2022\/08\/Dhyaan-68x84cm-1200x1200-1-400x400.jpg 400w, https:\/\/galerie-artima.com\/wp-content\/uploads\/2022\/08\/Dhyaan-68x84cm-1200x1200-1-500x500.jpg 500w, https:\/\/galerie-artima.com\/wp-content\/uploads\/2022\/08\/Dhyaan-68x84cm-1200x1200-1-600x600.jpg 600w, https:\/\/galerie-artima.com\/wp-content\/uploads\/2022\/08\/Dhyaan-68x84cm-1200x1200-1-768x768.jpg 768w, https:\/\/galerie-artima.com\/wp-content\/uploads\/2022\/08\/Dhyaan-68x84cm-1200x1200-1-800x800.jpg 800w, https:\/\/galerie-artima.com\/wp-content\/uploads\/2022\/08\/Dhyaan-68x84cm-1200x1200-1-1024x1024.jpg 1024w, https:\/\/galerie-artima.com\/wp-content\/uploads\/2022\/08\/Dhyaan-68x84cm-1200x1200-1.jpg 1200w\" data-sizes=\"auto\" \/><div class=\"fusion-rollover\">\n\t<div class=\"fusion-rollover-content\">\n\n\t\t\t\t\n\t\t\n\t\t\t\t\t\t\t\t\n\t\t\t\t\t\t\t\t\n\t\t\n\t\t\t\t\t\t\t\t\t\t\t\t\t\t\t\n\t\t\t\t\t\t\n\t\t\t\t\t\t\t\t\t\t<div class=\"fusion-product-buttons\">\n\t\t\t\t\t<a href=\"\/en\/wp-json\/wp\/v2\/pages\/6?add-to-cart=9257\" aria-describedby=\"woocommerce_loop_add_to_cart_link_describedby_9257\" data-quantity=\"1\" class=\"button product_type_simple add_to_cart_button ajax_add_to_cart\" data-product_id=\"9257\" data-product_sku=\"\" aria-label=\"Add to cart: &ldquo;Ren\u00e9 Galassi I Dhyaan&rdquo;\" rel=\"nofollow\">Add to cart<\/a>\t<span id=\"woocommerce_loop_add_to_cart_link_describedby_9257\" class=\"screen-reader-text\">\n\t\t\t<\/span>\n<span class=\"fusion-rollover-linebreak\">\n\t\/<\/span>\n\n<a href=\"https:\/\/galerie-artima.com\/shop\/rene-galassi-dhyaan\" class=\"show_details_button\">\n\tDetails<\/a>\n\n\t\t\t\t<\/div>\n\t\t\t\t\t\t\t\t\t<a class=\"fusion-link-wrapper\" href=\"https:\/\/galerie-artima.com\/shop\/rene-galassi-dhyaan\" aria-label=\"Ren\u00e9 Galassi I Dhyaan\"><\/a>\n\t<\/div>\n<\/div>\n<\/div>\n<\/div>\n<div class=\"fusion-product-content\">\n\t<div class=\"product-details\">\n\t\t<div class=\"product-details-container\">\n<h3 class=\"product-title\">\n\t<a href=\"https:\/\/galerie-artima.com\/shop\/rene-galassi-dhyaan\">\n\t\tRen\u00e9 Galassi I Dhyaan\t<\/a>\n<\/h3>\n<div class=\"fusion-price-rating\">\n\n\t<span class=\"price\"><span class=\"woocommerce-Price-amount amount\"><bdi>3500,00<span class=\"woocommerce-Price-currencySymbol\">&euro;<\/span><\/bdi><\/span><\/span>\n\t\t<\/div>\n\t<\/div>\n<\/div>\n\n\t<\/div> \n\n\n<\/div>\n<\/li>\n<\/ul>\n<\/div>\n<\/div><div class=\"nav fusion-mobile-tab-nav\"><ul class=\"nav-tabs\" role=\"tablist\"><li role=\"presentation\"><a class=\"tab-link\" data-toggle=\"tab\" role=\"tab\" aria-controls=\"tab-14d6ca0181bf9104abc\" aria-selected=\"false\" tabindex=\"-1\" id=\"mobile-fusion-tab-photographie\" href=\"#tab-14d6ca0181bf9104abc\"><h4 class=\"fusion-tab-heading\">PHOTOGRAPHIE<\/h4><\/a><\/li><\/ul><\/div><div class=\"tab-pane fade fusion-clearfix\" role=\"tabpanel\" tabindex=\"0\" aria-labelledby=\"fusion-tab-photographie\" id=\"tab-14d6ca0181bf9104abc\">\n<div class=\"woocommerce columns-4 \"><ul class=\"products clearfix products-4\">\n<li class=\"product type-product post-12322 status-publish first instock product_cat-photographie product_cat-tout has-post-thumbnail sold-individually shipping-taxable purchasable product-type-simple product-grid-view\">\n\t<div class=\"fusion-product-wrapper\">\n\n<div class=\"fusion-clean-product-image-wrapper \">\n\t<div  class=\"fusion-image-wrapper fusion-image-size-fixed\" aria-haspopup=\"true\">\n\t\t\t\t<img decoding=\"async\" width=\"500\" height=\"500\" src=\"https:\/\/galerie-artima.com\/wp-content\/uploads\/2022\/05\/MARC-HARROLD-Beach-31-65x145cm-2-500x500.jpg\" class=\"attachment-woocommerce_thumbnail size-woocommerce_thumbnail lazyload wp-post-image\" alt=\"marc harrold beach 31 65x145cm 2\" srcset=\"data:image\/svg+xml,%3Csvg%20xmlns%3D%27http%3A%2F%2Fwww.w3.org%2F2000%2Fsvg%27%20width%3D%271200%27%20height%3D%271200%27%20viewBox%3D%270%200%201200%201200%27%3E%3Crect%20width%3D%271200%27%20height%3D%271200%27%20fill-opacity%3D%220%22%2F%3E%3C%2Fsvg%3E\" data-orig-src=\"https:\/\/galerie-artima.com\/wp-content\/uploads\/2022\/05\/MARC-HARROLD-Beach-31-65x145cm-2-500x500.jpg\" data-srcset=\"https:\/\/galerie-artima.com\/wp-content\/uploads\/2022\/05\/MARC-HARROLD-Beach-31-65x145cm-2-66x66.jpg 66w, https:\/\/galerie-artima.com\/wp-content\/uploads\/2022\/05\/MARC-HARROLD-Beach-31-65x145cm-2-96x96.jpg 96w, https:\/\/galerie-artima.com\/wp-content\/uploads\/2022\/05\/MARC-HARROLD-Beach-31-65x145cm-2-150x150.jpg 150w, https:\/\/galerie-artima.com\/wp-content\/uploads\/2022\/05\/MARC-HARROLD-Beach-31-65x145cm-2-200x200.jpg 200w, https:\/\/galerie-artima.com\/wp-content\/uploads\/2022\/05\/MARC-HARROLD-Beach-31-65x145cm-2-300x300.jpg 300w, https:\/\/galerie-artima.com\/wp-content\/uploads\/2022\/05\/MARC-HARROLD-Beach-31-65x145cm-2-400x400.jpg 400w, https:\/\/galerie-artima.com\/wp-content\/uploads\/2022\/05\/MARC-HARROLD-Beach-31-65x145cm-2-500x500.jpg 500w, https:\/\/galerie-artima.com\/wp-content\/uploads\/2022\/05\/MARC-HARROLD-Beach-31-65x145cm-2-600x600.jpg 600w, https:\/\/galerie-artima.com\/wp-content\/uploads\/2022\/05\/MARC-HARROLD-Beach-31-65x145cm-2-768x768.jpg 768w, https:\/\/galerie-artima.com\/wp-content\/uploads\/2022\/05\/MARC-HARROLD-Beach-31-65x145cm-2-800x800.jpg 800w, https:\/\/galerie-artima.com\/wp-content\/uploads\/2022\/05\/MARC-HARROLD-Beach-31-65x145cm-2-1024x1024.jpg 1024w, https:\/\/galerie-artima.com\/wp-content\/uploads\/2022\/05\/MARC-HARROLD-Beach-31-65x145cm-2.jpg 1200w\" data-sizes=\"auto\" \/><div class=\"fusion-rollover\">\n\t<div class=\"fusion-rollover-content\">\n\n\t\t\t\t\n\t\t\n\t\t\t\t\t\t\t\t\n\t\t\t\t\t\t\t\t\n\t\t\n\t\t\t\t\t\t\t\t\t\t\t\t\t\t\t\n\t\t\t\t\t\t\n\t\t\t\t\t\t\t\t\t\t<div class=\"fusion-product-buttons\">\n\t\t\t\t\t<a href=\"\/en\/wp-json\/wp\/v2\/pages\/6?add-to-cart=12322\" aria-describedby=\"woocommerce_loop_add_to_cart_link_describedby_12322\" data-quantity=\"1\" class=\"button product_type_simple add_to_cart_button ajax_add_to_cart\" data-product_id=\"12322\" data-product_sku=\"\" aria-label=\"Add to cart: &ldquo;Marc Harrold I Beach #31&rdquo;\" rel=\"nofollow\">Add to cart<\/a>\t<span id=\"woocommerce_loop_add_to_cart_link_describedby_12322\" class=\"screen-reader-text\">\n\t\t\t<\/span>\n<span class=\"fusion-rollover-linebreak\">\n\t\/<\/span>\n\n<a href=\"https:\/\/galerie-artima.com\/shop\/marc-harrold-beach-31\" class=\"show_details_button\">\n\tDetails<\/a>\n\n\t\t\t\t<\/div>\n\t\t\t\t\t\t\t\t\t<a class=\"fusion-link-wrapper\" href=\"https:\/\/galerie-artima.com\/shop\/marc-harrold-beach-31\" aria-label=\"Marc Harrold I Beach #31\"><\/a>\n\t<\/div>\n<\/div>\n<\/div>\n<\/div>\n<div class=\"fusion-product-content\">\n\t<div class=\"product-details\">\n\t\t<div class=\"product-details-container\">\n<h3 class=\"product-title\">\n\t<a href=\"https:\/\/galerie-artima.com\/shop\/marc-harrold-beach-31\">\n\t\tMarc Harrold I Beach #31\t<\/a>\n<\/h3>\n<div class=\"fusion-price-rating\">\n\n\t<span class=\"price\"><span class=\"woocommerce-Price-amount amount\"><bdi>4500,00<span class=\"woocommerce-Price-currencySymbol\">&euro;<\/span><\/bdi><\/span><\/span>\n\t\t<\/div>\n\t<\/div>\n<\/div>\n\n\t<\/div> \n\n\n<\/div>\n<\/li>\n<li class=\"product type-product post-12328 status-publish instock product_cat-photographie product_cat-tout has-post-thumbnail sold-individually shipping-taxable purchasable product-type-simple product-grid-view\">\n\t<div class=\"fusion-product-wrapper\">\n\n<div class=\"fusion-clean-product-image-wrapper \">\n\t<div  class=\"fusion-image-wrapper fusion-image-size-fixed\" aria-haspopup=\"true\">\n\t\t\t\t<img decoding=\"async\" width=\"500\" height=\"500\" src=\"https:\/\/galerie-artima.com\/wp-content\/uploads\/2023\/08\/MARC-HARROLD-Brooklyn-Bridge-500x500.jpg\" class=\"attachment-woocommerce_thumbnail size-woocommerce_thumbnail lazyload wp-post-image\" alt=\"marc harrold brooklyn bridge\" srcset=\"data:image\/svg+xml,%3Csvg%20xmlns%3D%27http%3A%2F%2Fwww.w3.org%2F2000%2Fsvg%27%20width%3D%271200%27%20height%3D%271200%27%20viewBox%3D%270%200%201200%201200%27%3E%3Crect%20width%3D%271200%27%20height%3D%271200%27%20fill-opacity%3D%220%22%2F%3E%3C%2Fsvg%3E\" data-orig-src=\"https:\/\/galerie-artima.com\/wp-content\/uploads\/2023\/08\/MARC-HARROLD-Brooklyn-Bridge-500x500.jpg\" data-srcset=\"https:\/\/galerie-artima.com\/wp-content\/uploads\/2023\/08\/MARC-HARROLD-Brooklyn-Bridge-66x66.jpg 66w, https:\/\/galerie-artima.com\/wp-content\/uploads\/2023\/08\/MARC-HARROLD-Brooklyn-Bridge-96x96.jpg 96w, https:\/\/galerie-artima.com\/wp-content\/uploads\/2023\/08\/MARC-HARROLD-Brooklyn-Bridge-150x150.jpg 150w, https:\/\/galerie-artima.com\/wp-content\/uploads\/2023\/08\/MARC-HARROLD-Brooklyn-Bridge-200x200.jpg 200w, https:\/\/galerie-artima.com\/wp-content\/uploads\/2023\/08\/MARC-HARROLD-Brooklyn-Bridge-300x300.jpg 300w, https:\/\/galerie-artima.com\/wp-content\/uploads\/2023\/08\/MARC-HARROLD-Brooklyn-Bridge-400x400.jpg 400w, https:\/\/galerie-artima.com\/wp-content\/uploads\/2023\/08\/MARC-HARROLD-Brooklyn-Bridge-500x500.jpg 500w, https:\/\/galerie-artima.com\/wp-content\/uploads\/2023\/08\/MARC-HARROLD-Brooklyn-Bridge-600x600.jpg 600w, https:\/\/galerie-artima.com\/wp-content\/uploads\/2023\/08\/MARC-HARROLD-Brooklyn-Bridge-768x768.jpg 768w, https:\/\/galerie-artima.com\/wp-content\/uploads\/2023\/08\/MARC-HARROLD-Brooklyn-Bridge-800x800.jpg 800w, https:\/\/galerie-artima.com\/wp-content\/uploads\/2023\/08\/MARC-HARROLD-Brooklyn-Bridge-1024x1024.jpg 1024w, https:\/\/galerie-artima.com\/wp-content\/uploads\/2023\/08\/MARC-HARROLD-Brooklyn-Bridge.jpg 1200w\" data-sizes=\"auto\" \/><div class=\"fusion-rollover\">\n\t<div class=\"fusion-rollover-content\">\n\n\t\t\t\t\n\t\t\n\t\t\t\t\t\t\t\t\n\t\t\t\t\t\t\t\t\n\t\t\n\t\t\t\t\t\t\t\t\t\t\t\t\t\t\t\n\t\t\t\t\t\t\n\t\t\t\t\t\t\t\t\t\t<div class=\"fusion-product-buttons\">\n\t\t\t\t\t<a href=\"\/en\/wp-json\/wp\/v2\/pages\/6?add-to-cart=12328\" aria-describedby=\"woocommerce_loop_add_to_cart_link_describedby_12328\" data-quantity=\"1\" class=\"button product_type_simple add_to_cart_button ajax_add_to_cart\" data-product_id=\"12328\" data-product_sku=\"\" aria-label=\"Add to cart: &ldquo;Marc Harrold I Brooklyn bridge&rdquo;\" rel=\"nofollow\">Add to cart<\/a>\t<span id=\"woocommerce_loop_add_to_cart_link_describedby_12328\" class=\"screen-reader-text\">\n\t\t\t<\/span>\n<span class=\"fusion-rollover-linebreak\">\n\t\/<\/span>\n\n<a href=\"https:\/\/galerie-artima.com\/shop\/marc-harrold-brooklyn-bridge\" class=\"show_details_button\">\n\tDetails<\/a>\n\n\t\t\t\t<\/div>\n\t\t\t\t\t\t\t\t\t<a class=\"fusion-link-wrapper\" href=\"https:\/\/galerie-artima.com\/shop\/marc-harrold-brooklyn-bridge\" aria-label=\"Marc Harrold I Brooklyn bridge\"><\/a>\n\t<\/div>\n<\/div>\n<\/div>\n<\/div>\n<div class=\"fusion-product-content\">\n\t<div class=\"product-details\">\n\t\t<div class=\"product-details-container\">\n<h3 class=\"product-title\">\n\t<a href=\"https:\/\/galerie-artima.com\/shop\/marc-harrold-brooklyn-bridge\">\n\t\tMarc Harrold I Brooklyn bridge\t<\/a>\n<\/h3>\n<div class=\"fusion-price-rating\">\n\n\t<span class=\"price\"><span class=\"woocommerce-Price-amount amount\"><bdi>6000,00<span class=\"woocommerce-Price-currencySymbol\">&euro;<\/span><\/bdi><\/span><\/span>\n\t\t<\/div>\n\t<\/div>\n<\/div>\n\n\t<\/div> \n\n\n<\/div>\n<\/li>\n<\/ul>\n<\/div>\n<\/div><div class=\"nav fusion-mobile-tab-nav\"><ul class=\"nav-tabs\" role=\"tablist\"><li role=\"presentation\"><a class=\"tab-link\" data-toggle=\"tab\" role=\"tab\" aria-controls=\"tab-99c26764051f46aed21\" aria-selected=\"false\" tabindex=\"-1\" id=\"mobile-fusion-tab-dessin\" href=\"#tab-99c26764051f46aed21\"><h4 class=\"fusion-tab-heading\">DESSIN<\/h4><\/a><\/li><\/ul><\/div><div class=\"tab-pane fade fusion-clearfix\" role=\"tabpanel\" tabindex=\"0\" aria-labelledby=\"fusion-tab-dessin\" id=\"tab-99c26764051f46aed21\">\n<div class=\"woocommerce columns-4 \"><ul class=\"products clearfix products-4\">\n<li class=\"product type-product post-3975 status-publish first instock product_cat-dessin product_cat-sculpture product_cat-tout has-post-thumbnail sold-individually shipping-taxable purchasable product-type-simple product-grid-view\">\n\t<div class=\"fusion-product-wrapper\">\n\n<div class=\"fusion-clean-product-image-wrapper \">\n\t<div  class=\"fusion-image-wrapper fusion-image-size-fixed\" aria-haspopup=\"true\">\n\t\t\t\t<img decoding=\"async\" width=\"500\" height=\"500\" src=\"https:\/\/galerie-artima.com\/wp-content\/uploads\/2024\/02\/CLAIRE-FANJUL-Oeuf-a-lhyppocampe-Feutre-Posca-sur-coquille-doeuf-18x15cm-2024-3-500x500.jpg\" class=\"attachment-woocommerce_thumbnail size-woocommerce_thumbnail lazyload wp-post-image\" alt=\"claire fanjul oeuf a lhyppocampe feutre posca sur coquille doeuf 18x15cm 2024 3\" srcset=\"data:image\/svg+xml,%3Csvg%20xmlns%3D%27http%3A%2F%2Fwww.w3.org%2F2000%2Fsvg%27%20width%3D%271200%27%20height%3D%271200%27%20viewBox%3D%270%200%201200%201200%27%3E%3Crect%20width%3D%271200%27%20height%3D%271200%27%20fill-opacity%3D%220%22%2F%3E%3C%2Fsvg%3E\" data-orig-src=\"https:\/\/galerie-artima.com\/wp-content\/uploads\/2024\/02\/CLAIRE-FANJUL-Oeuf-a-lhyppocampe-Feutre-Posca-sur-coquille-doeuf-18x15cm-2024-3-500x500.jpg\" data-srcset=\"https:\/\/galerie-artima.com\/wp-content\/uploads\/2024\/02\/CLAIRE-FANJUL-Oeuf-a-lhyppocampe-Feutre-Posca-sur-coquille-doeuf-18x15cm-2024-3-66x66.jpg 66w, https:\/\/galerie-artima.com\/wp-content\/uploads\/2024\/02\/CLAIRE-FANJUL-Oeuf-a-lhyppocampe-Feutre-Posca-sur-coquille-doeuf-18x15cm-2024-3-96x96.jpg 96w, https:\/\/galerie-artima.com\/wp-content\/uploads\/2024\/02\/CLAIRE-FANJUL-Oeuf-a-lhyppocampe-Feutre-Posca-sur-coquille-doeuf-18x15cm-2024-3-150x150.jpg 150w, https:\/\/galerie-artima.com\/wp-content\/uploads\/2024\/02\/CLAIRE-FANJUL-Oeuf-a-lhyppocampe-Feutre-Posca-sur-coquille-doeuf-18x15cm-2024-3-200x200.jpg 200w, https:\/\/galerie-artima.com\/wp-content\/uploads\/2024\/02\/CLAIRE-FANJUL-Oeuf-a-lhyppocampe-Feutre-Posca-sur-coquille-doeuf-18x15cm-2024-3-300x300.jpg 300w, https:\/\/galerie-artima.com\/wp-content\/uploads\/2024\/02\/CLAIRE-FANJUL-Oeuf-a-lhyppocampe-Feutre-Posca-sur-coquille-doeuf-18x15cm-2024-3-400x400.jpg 400w, https:\/\/galerie-artima.com\/wp-content\/uploads\/2024\/02\/CLAIRE-FANJUL-Oeuf-a-lhyppocampe-Feutre-Posca-sur-coquille-doeuf-18x15cm-2024-3-500x500.jpg 500w, https:\/\/galerie-artima.com\/wp-content\/uploads\/2024\/02\/CLAIRE-FANJUL-Oeuf-a-lhyppocampe-Feutre-Posca-sur-coquille-doeuf-18x15cm-2024-3-600x600.jpg 600w, https:\/\/galerie-artima.com\/wp-content\/uploads\/2024\/02\/CLAIRE-FANJUL-Oeuf-a-lhyppocampe-Feutre-Posca-sur-coquille-doeuf-18x15cm-2024-3-768x768.jpg 768w, https:\/\/galerie-artima.com\/wp-content\/uploads\/2024\/02\/CLAIRE-FANJUL-Oeuf-a-lhyppocampe-Feutre-Posca-sur-coquille-doeuf-18x15cm-2024-3-800x800.jpg 800w, https:\/\/galerie-artima.com\/wp-content\/uploads\/2024\/02\/CLAIRE-FANJUL-Oeuf-a-lhyppocampe-Feutre-Posca-sur-coquille-doeuf-18x15cm-2024-3-1024x1024.jpg 1024w, https:\/\/galerie-artima.com\/wp-content\/uploads\/2024\/02\/CLAIRE-FANJUL-Oeuf-a-lhyppocampe-Feutre-Posca-sur-coquille-doeuf-18x15cm-2024-3.jpg 1200w\" data-sizes=\"auto\" \/><div class=\"fusion-rollover\">\n\t<div class=\"fusion-rollover-content\">\n\n\t\t\t\t\n\t\t\n\t\t\t\t\t\t\t\t\n\t\t\t\t\t\t\t\t\n\t\t\n\t\t\t\t\t\t\t\t\t\t\t\t\t\t\t\n\t\t\t\t\t\t\n\t\t\t\t\t\t\t\t\t\t<div class=\"fusion-product-buttons\">\n\t\t\t\t\t<a href=\"\/en\/wp-json\/wp\/v2\/pages\/6?add-to-cart=3975\" aria-describedby=\"woocommerce_loop_add_to_cart_link_describedby_3975\" data-quantity=\"1\" class=\"button product_type_simple add_to_cart_button ajax_add_to_cart\" data-product_id=\"3975\" data-product_sku=\"\" aria-label=\"Add to cart: &ldquo;Claire Fanjul I L&#039;oeuf \u00e0 l&#039;hyppocampe&rdquo;\" rel=\"nofollow\">Add to cart<\/a>\t<span id=\"woocommerce_loop_add_to_cart_link_describedby_3975\" class=\"screen-reader-text\">\n\t\t\t<\/span>\n<span class=\"fusion-rollover-linebreak\">\n\t\/<\/span>\n\n<a href=\"https:\/\/galerie-artima.com\/shop\/claire-fanjul-loeuf-a-lhyppocampe\" class=\"show_details_button\">\n\tDetails<\/a>\n\n\t\t\t\t<\/div>\n\t\t\t\t\t\t\t\t\t<a class=\"fusion-link-wrapper\" href=\"https:\/\/galerie-artima.com\/shop\/claire-fanjul-loeuf-a-lhyppocampe\" aria-label=\"Claire Fanjul I L&#8217;oeuf \u00e0 l&#8217;hyppocampe\"><\/a>\n\t<\/div>\n<\/div>\n<\/div>\n<\/div>\n<div class=\"fusion-product-content\">\n\t<div class=\"product-details\">\n\t\t<div class=\"product-details-container\">\n<h3 class=\"product-title\">\n\t<a href=\"https:\/\/galerie-artima.com\/shop\/claire-fanjul-loeuf-a-lhyppocampe\">\n\t\tClaire Fanjul I L&#8217;oeuf \u00e0 l&#8217;hyppocampe\t<\/a>\n<\/h3>\n<div class=\"fusion-price-rating\">\n\n\t<span class=\"price\"><span class=\"woocommerce-Price-amount amount\"><bdi>1300,00<span class=\"woocommerce-Price-currencySymbol\">&euro;<\/span><\/bdi><\/span><\/span>\n\t\t<\/div>\n\t<\/div>\n<\/div>\n\n\t<\/div> \n\n\n<\/div>\n<\/li>\n<li class=\"product type-product post-7394 status-publish instock product_cat-dessin product_cat-sculpture product_cat-tout has-post-thumbnail sold-individually shipping-taxable purchasable product-type-simple product-grid-view\">\n\t<div class=\"fusion-product-wrapper\">\n\n<div class=\"fusion-clean-product-image-wrapper \">\n\t<div  class=\"fusion-image-wrapper fusion-image-size-fixed\" aria-haspopup=\"true\">\n\t\t\t\t<img decoding=\"async\" width=\"500\" height=\"500\" src=\"https:\/\/galerie-artima.com\/wp-content\/uploads\/2024\/02\/CLAIRE-FANJUL-Oeuf-au-poisson-a-bec-Feutre-Posca-sur-coquille-doeuf-18x15cm-2023-3-500x500.jpg\" class=\"attachment-woocommerce_thumbnail size-woocommerce_thumbnail lazyload wp-post-image\" alt=\"claire fanjul oeuf au poisson a bec feutre posca sur coquille doeuf 18x15cm 2023 3\" srcset=\"data:image\/svg+xml,%3Csvg%20xmlns%3D%27http%3A%2F%2Fwww.w3.org%2F2000%2Fsvg%27%20width%3D%271200%27%20height%3D%271200%27%20viewBox%3D%270%200%201200%201200%27%3E%3Crect%20width%3D%271200%27%20height%3D%271200%27%20fill-opacity%3D%220%22%2F%3E%3C%2Fsvg%3E\" data-orig-src=\"https:\/\/galerie-artima.com\/wp-content\/uploads\/2024\/02\/CLAIRE-FANJUL-Oeuf-au-poisson-a-bec-Feutre-Posca-sur-coquille-doeuf-18x15cm-2023-3-500x500.jpg\" data-srcset=\"https:\/\/galerie-artima.com\/wp-content\/uploads\/2024\/02\/CLAIRE-FANJUL-Oeuf-au-poisson-a-bec-Feutre-Posca-sur-coquille-doeuf-18x15cm-2023-3-66x66.jpg 66w, https:\/\/galerie-artima.com\/wp-content\/uploads\/2024\/02\/CLAIRE-FANJUL-Oeuf-au-poisson-a-bec-Feutre-Posca-sur-coquille-doeuf-18x15cm-2023-3-96x96.jpg 96w, https:\/\/galerie-artima.com\/wp-content\/uploads\/2024\/02\/CLAIRE-FANJUL-Oeuf-au-poisson-a-bec-Feutre-Posca-sur-coquille-doeuf-18x15cm-2023-3-150x150.jpg 150w, https:\/\/galerie-artima.com\/wp-content\/uploads\/2024\/02\/CLAIRE-FANJUL-Oeuf-au-poisson-a-bec-Feutre-Posca-sur-coquille-doeuf-18x15cm-2023-3-200x200.jpg 200w, https:\/\/galerie-artima.com\/wp-content\/uploads\/2024\/02\/CLAIRE-FANJUL-Oeuf-au-poisson-a-bec-Feutre-Posca-sur-coquille-doeuf-18x15cm-2023-3-300x300.jpg 300w, https:\/\/galerie-artima.com\/wp-content\/uploads\/2024\/02\/CLAIRE-FANJUL-Oeuf-au-poisson-a-bec-Feutre-Posca-sur-coquille-doeuf-18x15cm-2023-3-400x400.jpg 400w, https:\/\/galerie-artima.com\/wp-content\/uploads\/2024\/02\/CLAIRE-FANJUL-Oeuf-au-poisson-a-bec-Feutre-Posca-sur-coquille-doeuf-18x15cm-2023-3-500x500.jpg 500w, https:\/\/galerie-artima.com\/wp-content\/uploads\/2024\/02\/CLAIRE-FANJUL-Oeuf-au-poisson-a-bec-Feutre-Posca-sur-coquille-doeuf-18x15cm-2023-3-600x600.jpg 600w, https:\/\/galerie-artima.com\/wp-content\/uploads\/2024\/02\/CLAIRE-FANJUL-Oeuf-au-poisson-a-bec-Feutre-Posca-sur-coquille-doeuf-18x15cm-2023-3-768x768.jpg 768w, https:\/\/galerie-artima.com\/wp-content\/uploads\/2024\/02\/CLAIRE-FANJUL-Oeuf-au-poisson-a-bec-Feutre-Posca-sur-coquille-doeuf-18x15cm-2023-3-800x800.jpg 800w, https:\/\/galerie-artima.com\/wp-content\/uploads\/2024\/02\/CLAIRE-FANJUL-Oeuf-au-poisson-a-bec-Feutre-Posca-sur-coquille-doeuf-18x15cm-2023-3-1024x1024.jpg 1024w, https:\/\/galerie-artima.com\/wp-content\/uploads\/2024\/02\/CLAIRE-FANJUL-Oeuf-au-poisson-a-bec-Feutre-Posca-sur-coquille-doeuf-18x15cm-2023-3.jpg 1200w\" data-sizes=\"auto\" \/><div class=\"fusion-rollover\">\n\t<div class=\"fusion-rollover-content\">\n\n\t\t\t\t\n\t\t\n\t\t\t\t\t\t\t\t\n\t\t\t\t\t\t\t\t\n\t\t\n\t\t\t\t\t\t\t\t\t\t\t\t\t\t\t\n\t\t\t\t\t\t\n\t\t\t\t\t\t\t\t\t\t<div class=\"fusion-product-buttons\">\n\t\t\t\t\t<a href=\"\/en\/wp-json\/wp\/v2\/pages\/6?add-to-cart=7394\" aria-describedby=\"woocommerce_loop_add_to_cart_link_describedby_7394\" data-quantity=\"1\" class=\"button product_type_simple add_to_cart_button ajax_add_to_cart\" data-product_id=\"7394\" data-product_sku=\"\" aria-label=\"Add to cart: &ldquo;Claire Fanjul | Oeuf au poisson \u00e0 bec&rdquo;\" rel=\"nofollow\">Add to cart<\/a>\t<span id=\"woocommerce_loop_add_to_cart_link_describedby_7394\" class=\"screen-reader-text\">\n\t\t\t<\/span>\n<span class=\"fusion-rollover-linebreak\">\n\t\/<\/span>\n\n<a href=\"https:\/\/galerie-artima.com\/shop\/claire-fanjul-oeuf-au-poisson-a-bec\" class=\"show_details_button\">\n\tDetails<\/a>\n\n\t\t\t\t<\/div>\n\t\t\t\t\t\t\t\t\t<a class=\"fusion-link-wrapper\" href=\"https:\/\/galerie-artima.com\/shop\/claire-fanjul-oeuf-au-poisson-a-bec\" aria-label=\"Claire Fanjul | Oeuf au poisson \u00e0 bec\"><\/a>\n\t<\/div>\n<\/div>\n<\/div>\n<\/div>\n<div class=\"fusion-product-content\">\n\t<div class=\"product-details\">\n\t\t<div class=\"product-details-container\">\n<h3 class=\"product-title\">\n\t<a href=\"https:\/\/galerie-artima.com\/shop\/claire-fanjul-oeuf-au-poisson-a-bec\">\n\t\tClaire Fanjul | Oeuf au poisson \u00e0 bec\t<\/a>\n<\/h3>\n<div class=\"fusion-price-rating\">\n\n\t<span class=\"price\"><span class=\"woocommerce-Price-amount amount\"><bdi>1300,00<span class=\"woocommerce-Price-currencySymbol\">&euro;<\/span><\/bdi><\/span><\/span>\n\t\t<\/div>\n\t<\/div>\n<\/div>\n\n\t<\/div> \n\n\n<\/div>\n<\/li>\n<li class=\"product type-product post-3842 status-publish instock product_cat-dessin product_cat-sculpture product_cat-tout has-post-thumbnail sold-individually shipping-taxable purchasable product-type-simple product-grid-view\">\n\t<div class=\"fusion-product-wrapper\">\n\n<div class=\"fusion-clean-product-image-wrapper \">\n\t<div  class=\"fusion-image-wrapper fusion-image-size-fixed\" aria-haspopup=\"true\">\n\t\t\t\t<img decoding=\"async\" width=\"500\" height=\"500\" src=\"https:\/\/galerie-artima.com\/wp-content\/uploads\/2023\/11\/CLAIRE-FANJUL-Games-of-sword-Dessin-au-feutre-sur-oeuf-dautruche-18x15cm-500x500.jpg\" class=\"attachment-woocommerce_thumbnail size-woocommerce_thumbnail lazyload wp-post-image\" alt=\"claire fanjul games of sword dessin au feutre sur oeuf dautruche 18x15cm\" srcset=\"data:image\/svg+xml,%3Csvg%20xmlns%3D%27http%3A%2F%2Fwww.w3.org%2F2000%2Fsvg%27%20width%3D%271200%27%20height%3D%271200%27%20viewBox%3D%270%200%201200%201200%27%3E%3Crect%20width%3D%271200%27%20height%3D%271200%27%20fill-opacity%3D%220%22%2F%3E%3C%2Fsvg%3E\" data-orig-src=\"https:\/\/galerie-artima.com\/wp-content\/uploads\/2023\/11\/CLAIRE-FANJUL-Games-of-sword-Dessin-au-feutre-sur-oeuf-dautruche-18x15cm-500x500.jpg\" data-srcset=\"https:\/\/galerie-artima.com\/wp-content\/uploads\/2023\/11\/CLAIRE-FANJUL-Games-of-sword-Dessin-au-feutre-sur-oeuf-dautruche-18x15cm-66x66.jpg 66w, https:\/\/galerie-artima.com\/wp-content\/uploads\/2023\/11\/CLAIRE-FANJUL-Games-of-sword-Dessin-au-feutre-sur-oeuf-dautruche-18x15cm-96x96.jpg 96w, https:\/\/galerie-artima.com\/wp-content\/uploads\/2023\/11\/CLAIRE-FANJUL-Games-of-sword-Dessin-au-feutre-sur-oeuf-dautruche-18x15cm-150x150.jpg 150w, https:\/\/galerie-artima.com\/wp-content\/uploads\/2023\/11\/CLAIRE-FANJUL-Games-of-sword-Dessin-au-feutre-sur-oeuf-dautruche-18x15cm-200x200.jpg 200w, https:\/\/galerie-artima.com\/wp-content\/uploads\/2023\/11\/CLAIRE-FANJUL-Games-of-sword-Dessin-au-feutre-sur-oeuf-dautruche-18x15cm-300x300.jpg 300w, https:\/\/galerie-artima.com\/wp-content\/uploads\/2023\/11\/CLAIRE-FANJUL-Games-of-sword-Dessin-au-feutre-sur-oeuf-dautruche-18x15cm-400x400.jpg 400w, https:\/\/galerie-artima.com\/wp-content\/uploads\/2023\/11\/CLAIRE-FANJUL-Games-of-sword-Dessin-au-feutre-sur-oeuf-dautruche-18x15cm-500x500.jpg 500w, https:\/\/galerie-artima.com\/wp-content\/uploads\/2023\/11\/CLAIRE-FANJUL-Games-of-sword-Dessin-au-feutre-sur-oeuf-dautruche-18x15cm-600x600.jpg 600w, https:\/\/galerie-artima.com\/wp-content\/uploads\/2023\/11\/CLAIRE-FANJUL-Games-of-sword-Dessin-au-feutre-sur-oeuf-dautruche-18x15cm-768x768.jpg 768w, https:\/\/galerie-artima.com\/wp-content\/uploads\/2023\/11\/CLAIRE-FANJUL-Games-of-sword-Dessin-au-feutre-sur-oeuf-dautruche-18x15cm-800x800.jpg 800w, https:\/\/galerie-artima.com\/wp-content\/uploads\/2023\/11\/CLAIRE-FANJUL-Games-of-sword-Dessin-au-feutre-sur-oeuf-dautruche-18x15cm-1024x1024.jpg 1024w, https:\/\/galerie-artima.com\/wp-content\/uploads\/2023\/11\/CLAIRE-FANJUL-Games-of-sword-Dessin-au-feutre-sur-oeuf-dautruche-18x15cm.jpg 1200w\" data-sizes=\"auto\" \/><div class=\"fusion-rollover\">\n\t<div class=\"fusion-rollover-content\">\n\n\t\t\t\t\n\t\t\n\t\t\t\t\t\t\t\t\n\t\t\t\t\t\t\t\t\n\t\t\n\t\t\t\t\t\t\t\t\t\t\t\t\t\t\t\n\t\t\t\t\t\t\n\t\t\t\t\t\t\t\t\t\t<div class=\"fusion-product-buttons\">\n\t\t\t\t\t<a href=\"\/en\/wp-json\/wp\/v2\/pages\/6?add-to-cart=3842\" aria-describedby=\"woocommerce_loop_add_to_cart_link_describedby_3842\" data-quantity=\"1\" class=\"button product_type_simple add_to_cart_button ajax_add_to_cart\" data-product_id=\"3842\" data-product_sku=\"\" aria-label=\"Add to cart: &ldquo;Claire Fanjul | Oeuf Game of sword&rdquo;\" rel=\"nofollow\">Add to cart<\/a>\t<span id=\"woocommerce_loop_add_to_cart_link_describedby_3842\" class=\"screen-reader-text\">\n\t\t\t<\/span>\n<span class=\"fusion-rollover-linebreak\">\n\t\/<\/span>\n\n<a href=\"https:\/\/galerie-artima.com\/shop\/claire-fanjul-oeuf-game-of-sword\" class=\"show_details_button\">\n\tDetails<\/a>\n\n\t\t\t\t<\/div>\n\t\t\t\t\t\t\t\t\t<a class=\"fusion-link-wrapper\" href=\"https:\/\/galerie-artima.com\/shop\/claire-fanjul-oeuf-game-of-sword\" aria-label=\"Claire Fanjul | Oeuf Game of sword\"><\/a>\n\t<\/div>\n<\/div>\n<\/div>\n<\/div>\n<div class=\"fusion-product-content\">\n\t<div class=\"product-details\">\n\t\t<div class=\"product-details-container\">\n<h3 class=\"product-title\">\n\t<a href=\"https:\/\/galerie-artima.com\/shop\/claire-fanjul-oeuf-game-of-sword\">\n\t\tClaire Fanjul | Oeuf Game of sword\t<\/a>\n<\/h3>\n<div class=\"fusion-price-rating\">\n\n\t<span class=\"price\"><span class=\"woocommerce-Price-amount amount\"><bdi>1300,00<span class=\"woocommerce-Price-currencySymbol\">&euro;<\/span><\/bdi><\/span><\/span>\n\t\t<\/div>\n\t<\/div>\n<\/div>\n\n\t<\/div> \n\n\n<\/div>\n<\/li>\n<li class=\"product type-product post-8112 status-publish last instock product_cat-dessin product_cat-sculpture product_cat-tout has-post-thumbnail sold-individually shipping-taxable purchasable product-type-simple product-grid-view\">\n\t<div class=\"fusion-product-wrapper\">\n\n<div class=\"fusion-clean-product-image-wrapper \">\n\t<div  class=\"fusion-image-wrapper fusion-image-size-fixed\" aria-haspopup=\"true\">\n\t\t\t\t<img decoding=\"async\" width=\"500\" height=\"500\" src=\"https:\/\/galerie-artima.com\/wp-content\/uploads\/2022\/04\/CLAIRE-FANJUL-Perles-Dessin-au-feutre-sur-oeuf-dautruche-18x15cm-2021-6-500x500.jpg\" class=\"attachment-woocommerce_thumbnail size-woocommerce_thumbnail lazyload wp-post-image\" alt=\"claire fanjul perles dessin au feutre sur oeuf dautruche 18x15cm 2021 6\" srcset=\"data:image\/svg+xml,%3Csvg%20xmlns%3D%27http%3A%2F%2Fwww.w3.org%2F2000%2Fsvg%27%20width%3D%271200%27%20height%3D%271200%27%20viewBox%3D%270%200%201200%201200%27%3E%3Crect%20width%3D%271200%27%20height%3D%271200%27%20fill-opacity%3D%220%22%2F%3E%3C%2Fsvg%3E\" data-orig-src=\"https:\/\/galerie-artima.com\/wp-content\/uploads\/2022\/04\/CLAIRE-FANJUL-Perles-Dessin-au-feutre-sur-oeuf-dautruche-18x15cm-2021-6-500x500.jpg\" data-srcset=\"https:\/\/galerie-artima.com\/wp-content\/uploads\/2022\/04\/CLAIRE-FANJUL-Perles-Dessin-au-feutre-sur-oeuf-dautruche-18x15cm-2021-6-66x66.jpg 66w, https:\/\/galerie-artima.com\/wp-content\/uploads\/2022\/04\/CLAIRE-FANJUL-Perles-Dessin-au-feutre-sur-oeuf-dautruche-18x15cm-2021-6-96x96.jpg 96w, https:\/\/galerie-artima.com\/wp-content\/uploads\/2022\/04\/CLAIRE-FANJUL-Perles-Dessin-au-feutre-sur-oeuf-dautruche-18x15cm-2021-6-150x150.jpg 150w, https:\/\/galerie-artima.com\/wp-content\/uploads\/2022\/04\/CLAIRE-FANJUL-Perles-Dessin-au-feutre-sur-oeuf-dautruche-18x15cm-2021-6-200x200.jpg 200w, https:\/\/galerie-artima.com\/wp-content\/uploads\/2022\/04\/CLAIRE-FANJUL-Perles-Dessin-au-feutre-sur-oeuf-dautruche-18x15cm-2021-6-300x300.jpg 300w, https:\/\/galerie-artima.com\/wp-content\/uploads\/2022\/04\/CLAIRE-FANJUL-Perles-Dessin-au-feutre-sur-oeuf-dautruche-18x15cm-2021-6-400x400.jpg 400w, https:\/\/galerie-artima.com\/wp-content\/uploads\/2022\/04\/CLAIRE-FANJUL-Perles-Dessin-au-feutre-sur-oeuf-dautruche-18x15cm-2021-6-500x500.jpg 500w, https:\/\/galerie-artima.com\/wp-content\/uploads\/2022\/04\/CLAIRE-FANJUL-Perles-Dessin-au-feutre-sur-oeuf-dautruche-18x15cm-2021-6-600x600.jpg 600w, https:\/\/galerie-artima.com\/wp-content\/uploads\/2022\/04\/CLAIRE-FANJUL-Perles-Dessin-au-feutre-sur-oeuf-dautruche-18x15cm-2021-6-768x768.jpg 768w, https:\/\/galerie-artima.com\/wp-content\/uploads\/2022\/04\/CLAIRE-FANJUL-Perles-Dessin-au-feutre-sur-oeuf-dautruche-18x15cm-2021-6-800x800.jpg 800w, https:\/\/galerie-artima.com\/wp-content\/uploads\/2022\/04\/CLAIRE-FANJUL-Perles-Dessin-au-feutre-sur-oeuf-dautruche-18x15cm-2021-6-1024x1024.jpg 1024w, https:\/\/galerie-artima.com\/wp-content\/uploads\/2022\/04\/CLAIRE-FANJUL-Perles-Dessin-au-feutre-sur-oeuf-dautruche-18x15cm-2021-6.jpg 1200w\" data-sizes=\"auto\" \/><div class=\"fusion-rollover\">\n\t<div class=\"fusion-rollover-content\">\n\n\t\t\t\t\n\t\t\n\t\t\t\t\t\t\t\t\n\t\t\t\t\t\t\t\t\n\t\t\n\t\t\t\t\t\t\t\t\t\t\t\t\t\t\t\n\t\t\t\t\t\t\n\t\t\t\t\t\t\t\t\t\t<div class=\"fusion-product-buttons\">\n\t\t\t\t\t<a href=\"\/en\/wp-json\/wp\/v2\/pages\/6?add-to-cart=8112\" aria-describedby=\"woocommerce_loop_add_to_cart_link_describedby_8112\" data-quantity=\"1\" class=\"button product_type_simple add_to_cart_button ajax_add_to_cart\" data-product_id=\"8112\" data-product_sku=\"\" aria-label=\"Add to cart: &ldquo;Claire Fanjul | Perles&rdquo;\" rel=\"nofollow\">Add to cart<\/a>\t<span id=\"woocommerce_loop_add_to_cart_link_describedby_8112\" class=\"screen-reader-text\">\n\t\t\t<\/span>\n<span class=\"fusion-rollover-linebreak\">\n\t\/<\/span>\n\n<a href=\"https:\/\/galerie-artima.com\/shop\/claire-fanjul-perles\" class=\"show_details_button\">\n\tDetails<\/a>\n\n\t\t\t\t<\/div>\n\t\t\t\t\t\t\t\t\t<a class=\"fusion-link-wrapper\" href=\"https:\/\/galerie-artima.com\/shop\/claire-fanjul-perles\" aria-label=\"Claire Fanjul | Perles\"><\/a>\n\t<\/div>\n<\/div>\n<\/div>\n<\/div>\n<div class=\"fusion-product-content\">\n\t<div class=\"product-details\">\n\t\t<div class=\"product-details-container\">\n<h3 class=\"product-title\">\n\t<a href=\"https:\/\/galerie-artima.com\/shop\/claire-fanjul-perles\">\n\t\tClaire Fanjul | Perles\t<\/a>\n<\/h3>\n<div class=\"fusion-price-rating\">\n\n\t<span class=\"price\"><span class=\"woocommerce-Price-amount amount\"><bdi>1300,00<span class=\"woocommerce-Price-currencySymbol\">&euro;<\/span><\/bdi><\/span><\/span>\n\t\t<\/div>\n\t<\/div>\n<\/div>\n\n\t<\/div> \n\n\n<\/div>\n<\/li>\n<li class=\"product type-product post-7392 status-publish first instock product_cat-dessin product_cat-sculpture product_cat-tout has-post-thumbnail sold-individually shipping-taxable purchasable product-type-simple product-grid-view\">\n\t<div class=\"fusion-product-wrapper\">\n\n<div class=\"fusion-clean-product-image-wrapper \">\n\t<div  class=\"fusion-image-wrapper fusion-image-size-fixed\" aria-haspopup=\"true\">\n\t\t\t\t<img decoding=\"async\" width=\"500\" height=\"500\" src=\"https:\/\/galerie-artima.com\/wp-content\/uploads\/2024\/02\/CLAIRE-FANJUL-Serie-Utopia-Sphere-au-Porc-Epique-Posca-et-bois-de-tilleul-20cm-2022-2--500x500.jpg\" class=\"attachment-woocommerce_thumbnail size-woocommerce_thumbnail lazyload wp-post-image\" alt=\"claire fanjul serie utopia sphere au porc epique posca et bois de tilleul 20cm 2022 2\" srcset=\"data:image\/svg+xml,%3Csvg%20xmlns%3D%27http%3A%2F%2Fwww.w3.org%2F2000%2Fsvg%27%20width%3D%271200%27%20height%3D%271200%27%20viewBox%3D%270%200%201200%201200%27%3E%3Crect%20width%3D%271200%27%20height%3D%271200%27%20fill-opacity%3D%220%22%2F%3E%3C%2Fsvg%3E\" data-orig-src=\"https:\/\/galerie-artima.com\/wp-content\/uploads\/2024\/02\/CLAIRE-FANJUL-Serie-Utopia-Sphere-au-Porc-Epique-Posca-et-bois-de-tilleul-20cm-2022-2--500x500.jpg\" data-srcset=\"https:\/\/galerie-artima.com\/wp-content\/uploads\/2024\/02\/CLAIRE-FANJUL-Serie-Utopia-Sphere-au-Porc-Epique-Posca-et-bois-de-tilleul-20cm-2022-2--66x66.jpg 66w, https:\/\/galerie-artima.com\/wp-content\/uploads\/2024\/02\/CLAIRE-FANJUL-Serie-Utopia-Sphere-au-Porc-Epique-Posca-et-bois-de-tilleul-20cm-2022-2--96x96.jpg 96w, https:\/\/galerie-artima.com\/wp-content\/uploads\/2024\/02\/CLAIRE-FANJUL-Serie-Utopia-Sphere-au-Porc-Epique-Posca-et-bois-de-tilleul-20cm-2022-2--150x150.jpg 150w, https:\/\/galerie-artima.com\/wp-content\/uploads\/2024\/02\/CLAIRE-FANJUL-Serie-Utopia-Sphere-au-Porc-Epique-Posca-et-bois-de-tilleul-20cm-2022-2--200x200.jpg 200w, https:\/\/galerie-artima.com\/wp-content\/uploads\/2024\/02\/CLAIRE-FANJUL-Serie-Utopia-Sphere-au-Porc-Epique-Posca-et-bois-de-tilleul-20cm-2022-2--300x300.jpg 300w, https:\/\/galerie-artima.com\/wp-content\/uploads\/2024\/02\/CLAIRE-FANJUL-Serie-Utopia-Sphere-au-Porc-Epique-Posca-et-bois-de-tilleul-20cm-2022-2--400x400.jpg 400w, https:\/\/galerie-artima.com\/wp-content\/uploads\/2024\/02\/CLAIRE-FANJUL-Serie-Utopia-Sphere-au-Porc-Epique-Posca-et-bois-de-tilleul-20cm-2022-2--500x500.jpg 500w, https:\/\/galerie-artima.com\/wp-content\/uploads\/2024\/02\/CLAIRE-FANJUL-Serie-Utopia-Sphere-au-Porc-Epique-Posca-et-bois-de-tilleul-20cm-2022-2--600x600.jpg 600w, https:\/\/galerie-artima.com\/wp-content\/uploads\/2024\/02\/CLAIRE-FANJUL-Serie-Utopia-Sphere-au-Porc-Epique-Posca-et-bois-de-tilleul-20cm-2022-2--768x768.jpg 768w, https:\/\/galerie-artima.com\/wp-content\/uploads\/2024\/02\/CLAIRE-FANJUL-Serie-Utopia-Sphere-au-Porc-Epique-Posca-et-bois-de-tilleul-20cm-2022-2--800x800.jpg 800w, https:\/\/galerie-artima.com\/wp-content\/uploads\/2024\/02\/CLAIRE-FANJUL-Serie-Utopia-Sphere-au-Porc-Epique-Posca-et-bois-de-tilleul-20cm-2022-2--1024x1024.jpg 1024w, https:\/\/galerie-artima.com\/wp-content\/uploads\/2024\/02\/CLAIRE-FANJUL-Serie-Utopia-Sphere-au-Porc-Epique-Posca-et-bois-de-tilleul-20cm-2022-2-.jpg 1200w\" data-sizes=\"auto\" \/><div class=\"fusion-rollover\">\n\t<div class=\"fusion-rollover-content\">\n\n\t\t\t\t\n\t\t\n\t\t\t\t\t\t\t\t\n\t\t\t\t\t\t\t\t\n\t\t\n\t\t\t\t\t\t\t\t\t\t\t\t\t\t\t\n\t\t\t\t\t\t\n\t\t\t\t\t\t\t\t\t\t<div class=\"fusion-product-buttons\">\n\t\t\t\t\t<a href=\"\/en\/wp-json\/wp\/v2\/pages\/6?add-to-cart=7392\" aria-describedby=\"woocommerce_loop_add_to_cart_link_describedby_7392\" data-quantity=\"1\" class=\"button product_type_simple add_to_cart_button ajax_add_to_cart\" data-product_id=\"7392\" data-product_sku=\"\" aria-label=\"Add to cart: &ldquo;Claire Fanjul | Sph\u00e8re c\u00e9leste au porc-\u00e9pic&rdquo;\" rel=\"nofollow\">Add to cart<\/a>\t<span id=\"woocommerce_loop_add_to_cart_link_describedby_7392\" class=\"screen-reader-text\">\n\t\t\t<\/span>\n<span class=\"fusion-rollover-linebreak\">\n\t\/<\/span>\n\n<a href=\"https:\/\/galerie-artima.com\/shop\/claire-fanjul-sphere-celeste-au-porc-epic\" class=\"show_details_button\">\n\tDetails<\/a>\n\n\t\t\t\t<\/div>\n\t\t\t\t\t\t\t\t\t<a class=\"fusion-link-wrapper\" href=\"https:\/\/galerie-artima.com\/shop\/claire-fanjul-sphere-celeste-au-porc-epic\" aria-label=\"Claire Fanjul | Sph\u00e8re c\u00e9leste au porc-\u00e9pic\"><\/a>\n\t<\/div>\n<\/div>\n<\/div>\n<\/div>\n<div class=\"fusion-product-content\">\n\t<div class=\"product-details\">\n\t\t<div class=\"product-details-container\">\n<h3 class=\"product-title\">\n\t<a href=\"https:\/\/galerie-artima.com\/shop\/claire-fanjul-sphere-celeste-au-porc-epic\">\n\t\tClaire Fanjul | Sph\u00e8re c\u00e9leste au porc-\u00e9pic\t<\/a>\n<\/h3>\n<div class=\"fusion-price-rating\">\n\n\t<span class=\"price\"><span class=\"woocommerce-Price-amount amount\"><bdi>3500,00<span class=\"woocommerce-Price-currencySymbol\">&euro;<\/span><\/bdi><\/span><\/span>\n\t\t<\/div>\n\t<\/div>\n<\/div>\n\n\t<\/div> \n\n\n<\/div>\n<\/li>\n<\/ul>\n<\/div>\n<\/div><div class=\"nav fusion-mobile-tab-nav\"><ul class=\"nav-tabs\" role=\"tablist\"><li role=\"presentation\"><a class=\"tab-link\" data-toggle=\"tab\" role=\"tab\" aria-controls=\"tab-bb3dadf2fd75b7667f2\" aria-selected=\"false\" tabindex=\"-1\" id=\"mobile-fusion-tab-publication\" href=\"#tab-bb3dadf2fd75b7667f2\"><h4 class=\"fusion-tab-heading\">PUBLICATION<\/h4><\/a><\/li><\/ul><\/div><div class=\"tab-pane fade fusion-clearfix\" role=\"tabpanel\" tabindex=\"0\" aria-labelledby=\"fusion-tab-publication\" id=\"tab-bb3dadf2fd75b7667f2\">\n<div class=\"woocommerce columns-4 \"><ul class=\"products clearfix products-4\">\n<li class=\"product type-product post-555 status-publish first instock product_cat-publication has-post-thumbnail shipping-taxable purchasable product-type-simple product-grid-view\">\n\t<div class=\"fusion-product-wrapper\">\n\n<div class=\"fusion-clean-product-image-wrapper \">\n\t<div  class=\"fusion-image-wrapper fusion-image-size-fixed\" aria-haspopup=\"true\">\n\t\t\t\t<img decoding=\"async\" width=\"500\" height=\"495\" src=\"https:\/\/galerie-artima.com\/wp-content\/uploads\/2021\/04\/Alain-Le-Boucher-3-200x198-1-500x495.jpg\" class=\"attachment-woocommerce_thumbnail size-woocommerce_thumbnail lazyload wp-post-image\" alt=\"alain le boucher 3 200x198 1\" srcset=\"data:image\/svg+xml,%3Csvg%20xmlns%3D%27http%3A%2F%2Fwww.w3.org%2F2000%2Fsvg%27%20width%3D%271200%27%20height%3D%271188%27%20viewBox%3D%270%200%201200%201188%27%3E%3Crect%20width%3D%271200%27%20height%3D%271188%27%20fill-opacity%3D%220%22%2F%3E%3C%2Fsvg%3E\" data-orig-src=\"https:\/\/galerie-artima.com\/wp-content\/uploads\/2021\/04\/Alain-Le-Boucher-3-200x198-1-500x495.jpg\" data-srcset=\"https:\/\/galerie-artima.com\/wp-content\/uploads\/2021\/04\/Alain-Le-Boucher-3-200x198-1-66x66.jpg 66w, https:\/\/galerie-artima.com\/wp-content\/uploads\/2021\/04\/Alain-Le-Boucher-3-200x198-1-96x96.jpg 96w, https:\/\/galerie-artima.com\/wp-content\/uploads\/2021\/04\/Alain-Le-Boucher-3-200x198-1-150x150.jpg 150w, https:\/\/galerie-artima.com\/wp-content\/uploads\/2021\/04\/Alain-Le-Boucher-3-200x198-1-200x198.jpg 200w, https:\/\/galerie-artima.com\/wp-content\/uploads\/2021\/04\/Alain-Le-Boucher-3-200x198-1-300x297.jpg 300w, https:\/\/galerie-artima.com\/wp-content\/uploads\/2021\/04\/Alain-Le-Boucher-3-200x198-1-400x396.jpg 400w, https:\/\/galerie-artima.com\/wp-content\/uploads\/2021\/04\/Alain-Le-Boucher-3-200x198-1-500x495.jpg 500w, https:\/\/galerie-artima.com\/wp-content\/uploads\/2021\/04\/Alain-Le-Boucher-3-200x198-1-600x594.jpg 600w, https:\/\/galerie-artima.com\/wp-content\/uploads\/2021\/04\/Alain-Le-Boucher-3-200x198-1-768x760.jpg 768w, https:\/\/galerie-artima.com\/wp-content\/uploads\/2021\/04\/Alain-Le-Boucher-3-200x198-1-800x792.jpg 800w, https:\/\/galerie-artima.com\/wp-content\/uploads\/2021\/04\/Alain-Le-Boucher-3-200x198-1-1024x1014.jpg 1024w, https:\/\/galerie-artima.com\/wp-content\/uploads\/2021\/04\/Alain-Le-Boucher-3-200x198-1.jpg 1200w\" data-sizes=\"auto\" \/><div class=\"fusion-rollover\">\n\t<div class=\"fusion-rollover-content\">\n\n\t\t\t\t\n\t\t\n\t\t\t\t\t\t\t\t\n\t\t\t\t\t\t\t\t\n\t\t\n\t\t\t\t\t\t\t\t\t\t\t\t\t\t\t\n\t\t\t\t\t\t\n\t\t\t\t\t\t\t\t\t\t<div class=\"fusion-product-buttons\">\n\t\t\t\t\t<a href=\"\/en\/wp-json\/wp\/v2\/pages\/6?add-to-cart=555\" aria-describedby=\"woocommerce_loop_add_to_cart_link_describedby_555\" data-quantity=\"1\" class=\"button product_type_simple add_to_cart_button ajax_add_to_cart\" data-product_id=\"555\" data-product_sku=\"\" aria-label=\"Add to cart: &ldquo;Alain Le Boucher | Luchrones&rdquo;\" rel=\"nofollow\">Add to cart<\/a>\t<span id=\"woocommerce_loop_add_to_cart_link_describedby_555\" class=\"screen-reader-text\">\n\t\t\t<\/span>\n<span class=\"fusion-rollover-linebreak\">\n\t\/<\/span>\n\n<a href=\"https:\/\/galerie-artima.com\/shop\/alain-le-boucher-livre-luchrones\" class=\"show_details_button\">\n\tDetails<\/a>\n\n\t\t\t\t<\/div>\n\t\t\t\t\t\t\t\t\t<a class=\"fusion-link-wrapper\" href=\"https:\/\/galerie-artima.com\/shop\/alain-le-boucher-livre-luchrones\" aria-label=\"Alain Le Boucher | Luchrones\"><\/a>\n\t<\/div>\n<\/div>\n<\/div>\n<\/div>\n<div class=\"fusion-product-content\">\n\t<div class=\"product-details\">\n\t\t<div class=\"product-details-container\">\n<h3 class=\"product-title\">\n\t<a href=\"https:\/\/galerie-artima.com\/shop\/alain-le-boucher-livre-luchrones\">\n\t\tAlain Le Boucher | Luchrones\t<\/a>\n<\/h3>\n<div class=\"fusion-price-rating\">\n\n\t<span class=\"price\"><span class=\"woocommerce-Price-amount amount\"><bdi>30,00<span class=\"woocommerce-Price-currencySymbol\">&euro;<\/span><\/bdi><\/span><\/span>\n\t\t<\/div>\n\t<\/div>\n<\/div>\n\n\t<\/div> \n\n\n<\/div>\n<\/li>\n<li class=\"product type-product post-3867 status-publish instock product_cat-publication has-post-thumbnail shipping-taxable purchasable product-type-simple product-grid-view\">\n\t<div class=\"fusion-product-wrapper\">\n\n<div class=\"fusion-clean-product-image-wrapper \">\n\t<div  class=\"fusion-image-wrapper fusion-image-size-fixed\" aria-haspopup=\"true\">\n\t\t\t\t<img decoding=\"async\" width=\"500\" height=\"500\" src=\"https:\/\/galerie-artima.com\/wp-content\/uploads\/2022\/01\/Fazzino-scaled-500x500.jpg\" class=\"attachment-woocommerce_thumbnail size-woocommerce_thumbnail lazyload wp-post-image\" alt=\"fazzino scaled\" srcset=\"data:image\/svg+xml,%3Csvg%20xmlns%3D%27http%3A%2F%2Fwww.w3.org%2F2000%2Fsvg%27%20width%3D%272560%27%20height%3D%272560%27%20viewBox%3D%270%200%202560%202560%27%3E%3Crect%20width%3D%272560%27%20height%3D%272560%27%20fill-opacity%3D%220%22%2F%3E%3C%2Fsvg%3E\" data-orig-src=\"https:\/\/galerie-artima.com\/wp-content\/uploads\/2022\/01\/Fazzino-scaled-500x500.jpg\" data-srcset=\"https:\/\/galerie-artima.com\/wp-content\/uploads\/2022\/01\/Fazzino-66x66.jpg 66w, https:\/\/galerie-artima.com\/wp-content\/uploads\/2022\/01\/Fazzino-scaled-96x96.jpg 96w, https:\/\/galerie-artima.com\/wp-content\/uploads\/2022\/01\/Fazzino-150x150.jpg 150w, https:\/\/galerie-artima.com\/wp-content\/uploads\/2022\/01\/Fazzino-200x200.jpg 200w, https:\/\/galerie-artima.com\/wp-content\/uploads\/2022\/01\/Fazzino-300x300.jpg 300w, https:\/\/galerie-artima.com\/wp-content\/uploads\/2022\/01\/Fazzino-400x400.jpg 400w, https:\/\/galerie-artima.com\/wp-content\/uploads\/2022\/01\/Fazzino-scaled-500x500.jpg 500w, https:\/\/galerie-artima.com\/wp-content\/uploads\/2022\/01\/Fazzino-scaled-600x600.jpg 600w, https:\/\/galerie-artima.com\/wp-content\/uploads\/2022\/01\/Fazzino-768x768.jpg 768w, https:\/\/galerie-artima.com\/wp-content\/uploads\/2022\/01\/Fazzino-800x800.jpg 800w, https:\/\/galerie-artima.com\/wp-content\/uploads\/2022\/01\/Fazzino-1024x1024.jpg 1024w, https:\/\/galerie-artima.com\/wp-content\/uploads\/2022\/01\/Fazzino-1200x1200.jpg 1200w, https:\/\/galerie-artima.com\/wp-content\/uploads\/2022\/01\/Fazzino-1536x1536.jpg 1536w\" data-sizes=\"auto\" \/><div class=\"fusion-rollover\">\n\t<div class=\"fusion-rollover-content\">\n\n\t\t\t\t\n\t\t\n\t\t\t\t\t\t\t\t\n\t\t\t\t\t\t\t\t\n\t\t\n\t\t\t\t\t\t\t\t\t\t\t\t\t\t\t\n\t\t\t\t\t\t\n\t\t\t\t\t\t\t\t\t\t<div class=\"fusion-product-buttons\">\n\t\t\t\t\t<a href=\"\/en\/wp-json\/wp\/v2\/pages\/6?add-to-cart=3867\" aria-describedby=\"woocommerce_loop_add_to_cart_link_describedby_3867\" data-quantity=\"1\" class=\"button product_type_simple add_to_cart_button ajax_add_to_cart\" data-product_id=\"3867\" data-product_sku=\"\" aria-label=\"Add to cart: &ldquo;Charles Fazzino | The Sun shines bright over the big apple&rdquo;\" rel=\"nofollow\">Add to cart<\/a>\t<span id=\"woocommerce_loop_add_to_cart_link_describedby_3867\" class=\"screen-reader-text\">\n\t\t\t<\/span>\n<span class=\"fusion-rollover-linebreak\">\n\t\/<\/span>\n\n<a href=\"https:\/\/galerie-artima.com\/shop\/charles-fazzino-the-sun-shines-bright-over-the-big-apple\" class=\"show_details_button\">\n\tDetails<\/a>\n\n\t\t\t\t<\/div>\n\t\t\t\t\t\t\t\t\t<a class=\"fusion-link-wrapper\" href=\"https:\/\/galerie-artima.com\/shop\/charles-fazzino-the-sun-shines-bright-over-the-big-apple\" aria-label=\"Charles Fazzino | The Sun shines bright over the big apple\"><\/a>\n\t<\/div>\n<\/div>\n<\/div>\n<\/div>\n<div class=\"fusion-product-content\">\n\t<div class=\"product-details\">\n\t\t<div class=\"product-details-container\">\n<h3 class=\"product-title\">\n\t<a href=\"https:\/\/galerie-artima.com\/shop\/charles-fazzino-the-sun-shines-bright-over-the-big-apple\">\n\t\tCharles Fazzino | The Sun shines bright over the big apple\t<\/a>\n<\/h3>\n<div class=\"fusion-price-rating\">\n\n\t<span class=\"price\"><span class=\"woocommerce-Price-amount amount\"><bdi>80,00<span class=\"woocommerce-Price-currencySymbol\">&euro;<\/span><\/bdi><\/span><\/span>\n\t\t<\/div>\n\t<\/div>\n<\/div>\n\n\t<\/div> \n\n\n<\/div>\n<\/li>\n<\/ul>\n<\/div>\n<\/div><\/div><\/div><\/div><\/div><\/div><\/div><div class=\"fusion-fullwidth fullwidth-box fusion-builder-row-4 fusion-flex-container nonhundred-percent-fullwidth non-hundred-percent-height-scrolling fusion-no-medium-visibility fusion-no-large-visibility\" style=\"--awb-background-position:left top;--awb-border-sizes-top:0px;--awb-border-sizes-bottom:0px;--awb-border-sizes-left:0px;--awb-border-sizes-right:0px;--awb-border-radius-top-left:0px;--awb-border-radius-top-right:0px;--awb-border-radius-bottom-right:0px;--awb-border-radius-bottom-left:0px;--awb-padding-top:20px;--awb-padding-bottom:90px;--awb-flex-wrap:wrap;\" ><div class=\"fusion-builder-row fusion-row fusion-flex-align-items-flex-start fusion-flex-content-wrap\" style=\"max-width:1248px;margin-left: calc(-4% \/ 2 );margin-right: calc(-4% \/ 2 );\"><div class=\"fusion-layout-column fusion_builder_column fusion-builder-column-3 fusion_builder_column_1_1 1_1 fusion-flex-column fusion-flex-align-self-flex-start fusion-column-no-min-height fusion-no-large-visibility\" style=\"--awb-bg-blend:overlay;--awb-bg-size:cover;--awb-width-large:100%;--awb-margin-top-large:0px;--awb-spacing-right-large:0%;--awb-margin-bottom-large:0px;--awb-spacing-left-large:0.192%;--awb-width-medium:100%;--awb-order-medium:0;--awb-spacing-right-medium:0%;--awb-spacing-left-medium:0.192%;--awb-width-small:100%;--awb-order-small:0;--awb-spacing-right-small:0%;--awb-spacing-left-small:0.192%;\"><div class=\"fusion-column-wrapper fusion-column-has-shadow fusion-flex-justify-content-flex-start fusion-content-layout-column\"><div class=\"fusion-title title fusion-title-2 fusion-no-large-visibility sep-underline sep-solid fusion-title-text fusion-title-size-two\"><h2 class=\"fusion-title-heading title-heading-left\" style=\"margin:0;\">Peinture<\/h2><\/div><div class=\"fusion-woo-product-grid fusion-product-archive fusion-woo-product-grid-2 fusion-no-large-visibility hide-rating has-load-more has-column-spacing\" style=\"--awb-column-spacing-margin:calc((40px)\/ -2);--awb-column-spacing-padding:calc((40px)\/ 2);\"><ul class=\"products products-3 fusion-products-container-infinite\" data-pages=\"1\"><li class=\"product type-product post-5934 status-publish first instock product_cat-all product_cat-painting has-post-thumbnail sold-individually shipping-taxable purchasable product-type-simple product-grid-view\">\n\t<div class=\"fusion-product-wrapper\">\n\n<div class=\"fusion-clean-product-image-wrapper \">\n\t<div  class=\"fusion-image-wrapper fusion-image-size-fixed\" aria-haspopup=\"true\">\n\t\t\t\t<img decoding=\"async\" width=\"500\" height=\"721\" src=\"https:\/\/galerie-artima.com\/wp-content\/uploads\/2022\/01\/AYLINE-OLUKMAN-Miracle-Poolside-100x70cm-Mixed-media-on-canvas-2020-500x721.jpg\" class=\"attachment-woocommerce_thumbnail size-woocommerce_thumbnail lazyload wp-post-image\" alt=\"\" srcset=\"data:image\/svg+xml,%3Csvg%20xmlns%3D%27http%3A%2F%2Fwww.w3.org%2F2000%2Fsvg%27%20width%3D%27555%27%20height%3D%27800%27%20viewBox%3D%270%200%20555%20800%27%3E%3Crect%20width%3D%27555%27%20height%3D%27800%27%20fill-opacity%3D%220%22%2F%3E%3C%2Fsvg%3E\" data-orig-src=\"https:\/\/galerie-artima.com\/wp-content\/uploads\/2022\/01\/AYLINE-OLUKMAN-Miracle-Poolside-100x70cm-Mixed-media-on-canvas-2020-500x721.jpg\" data-srcset=\"https:\/\/galerie-artima.com\/wp-content\/uploads\/2022\/01\/AYLINE-OLUKMAN-Miracle-Poolside-100x70cm-Mixed-media-on-canvas-2020-200x288.jpg 200w, https:\/\/galerie-artima.com\/wp-content\/uploads\/2022\/01\/AYLINE-OLUKMAN-Miracle-Poolside-100x70cm-Mixed-media-on-canvas-2020-208x300.jpg 208w, https:\/\/galerie-artima.com\/wp-content\/uploads\/2022\/01\/AYLINE-OLUKMAN-Miracle-Poolside-100x70cm-Mixed-media-on-canvas-2020-400x577.jpg 400w, https:\/\/galerie-artima.com\/wp-content\/uploads\/2022\/01\/AYLINE-OLUKMAN-Miracle-Poolside-100x70cm-Mixed-media-on-canvas-2020-500x721.jpg 500w, https:\/\/galerie-artima.com\/wp-content\/uploads\/2022\/01\/AYLINE-OLUKMAN-Miracle-Poolside-100x70cm-Mixed-media-on-canvas-2020.jpg 555w\" data-sizes=\"auto\" \/><div class=\"fusion-rollover\">\n\t<div class=\"fusion-rollover-content\">\n\n\t\t\t\t\n\t\t\n\t\t\t\t\t\t\t\t\n\t\t\t\t\t\t\t\t\n\t\t\n\t\t\t\t\t\t\t\t\t\t\t\t\t\t\t\n\t\t\t\t\t\t\n\t\t\t\t\t\t\t\t\t\t<div class=\"fusion-product-buttons\">\n\t\t\t\t\t<a href=\"\/en\/wp-json\/wp\/v2\/pages\/6?add-to-cart=5934\" aria-describedby=\"woocommerce_loop_add_to_cart_link_describedby_5934\" data-quantity=\"1\" class=\"button product_type_simple add_to_cart_button ajax_add_to_cart\" data-product_id=\"5934\" data-product_sku=\"\" aria-label=\"Add to cart: &ldquo;Ayline Olukman I Miracle Poolside&rdquo;\" rel=\"nofollow\">Add to cart<\/a>\t<span id=\"woocommerce_loop_add_to_cart_link_describedby_5934\" class=\"screen-reader-text\">\n\t\t\t<\/span>\n<span class=\"fusion-rollover-linebreak\">\n\t\/<\/span>\n\n<a href=\"https:\/\/galerie-artima.com\/en\/shop\/ayline-olukman-i-miracle-poolside\" class=\"show_details_button\">\n\tDetails<\/a>\n\n\t\t\t\t<\/div>\n\t\t\t\t\t\t\t\t\t<a class=\"fusion-link-wrapper\" href=\"https:\/\/galerie-artima.com\/en\/shop\/ayline-olukman-i-miracle-poolside\" aria-label=\"Ayline Olukman I Miracle Poolside\"><\/a>\n\t<\/div>\n<\/div>\n<\/div>\n<\/div>\n<div class=\"fusion-product-content\">\n\t<div class=\"product-details\">\n\t\t<div class=\"product-details-container\">\n<h3 class=\"product-title\">\n\t<a href=\"https:\/\/galerie-artima.com\/en\/shop\/ayline-olukman-i-miracle-poolside\">\n\t\tAyline Olukman I Miracle Poolside\t<\/a>\n<\/h3>\n<div class=\"fusion-price-rating\">\n\n\t<span class=\"price\"><span class=\"woocommerce-Price-amount amount\"><bdi>2900,00<span class=\"woocommerce-Price-currencySymbol\">&euro;<\/span><\/bdi><\/span><\/span>\n\t\t<\/div>\n\t<\/div>\n<\/div>\n\n\t<\/div> \n\n\n<\/div>\n<\/li>\n<li class=\"product type-product post-9800 status-publish instock product_cat-all product_cat-painting has-post-thumbnail sold-individually shipping-taxable purchasable product-type-simple product-grid-view\">\n\t<div class=\"fusion-product-wrapper\">\n\n<div class=\"fusion-clean-product-image-wrapper \">\n\t<div  class=\"fusion-image-wrapper fusion-image-size-fixed\" aria-haspopup=\"true\">\n\t\t\t\t<img decoding=\"async\" width=\"500\" height=\"500\" src=\"https:\/\/galerie-artima.com\/wp-content\/uploads\/2022\/10\/CHARLES-FAZZINO-A-tour-of-the-Mediterranean-mural-132x143cm-500x500.jpg\" class=\"attachment-woocommerce_thumbnail size-woocommerce_thumbnail lazyload wp-post-image\" alt=\"\" srcset=\"data:image\/svg+xml,%3Csvg%20xmlns%3D%27http%3A%2F%2Fwww.w3.org%2F2000%2Fsvg%27%20width%3D%271200%27%20height%3D%271200%27%20viewBox%3D%270%200%201200%201200%27%3E%3Crect%20width%3D%271200%27%20height%3D%271200%27%20fill-opacity%3D%220%22%2F%3E%3C%2Fsvg%3E\" data-orig-src=\"https:\/\/galerie-artima.com\/wp-content\/uploads\/2022\/10\/CHARLES-FAZZINO-A-tour-of-the-Mediterranean-mural-132x143cm-500x500.jpg\" data-srcset=\"https:\/\/galerie-artima.com\/wp-content\/uploads\/2022\/10\/CHARLES-FAZZINO-A-tour-of-the-Mediterranean-mural-132x143cm-66x66.jpg 66w, https:\/\/galerie-artima.com\/wp-content\/uploads\/2022\/10\/CHARLES-FAZZINO-A-tour-of-the-Mediterranean-mural-132x143cm-96x96.jpg 96w, https:\/\/galerie-artima.com\/wp-content\/uploads\/2022\/10\/CHARLES-FAZZINO-A-tour-of-the-Mediterranean-mural-132x143cm-150x150.jpg 150w, https:\/\/galerie-artima.com\/wp-content\/uploads\/2022\/10\/CHARLES-FAZZINO-A-tour-of-the-Mediterranean-mural-132x143cm-200x200.jpg 200w, https:\/\/galerie-artima.com\/wp-content\/uploads\/2022\/10\/CHARLES-FAZZINO-A-tour-of-the-Mediterranean-mural-132x143cm-300x300.jpg 300w, https:\/\/galerie-artima.com\/wp-content\/uploads\/2022\/10\/CHARLES-FAZZINO-A-tour-of-the-Mediterranean-mural-132x143cm-400x400.jpg 400w, https:\/\/galerie-artima.com\/wp-content\/uploads\/2022\/10\/CHARLES-FAZZINO-A-tour-of-the-Mediterranean-mural-132x143cm-500x500.jpg 500w, https:\/\/galerie-artima.com\/wp-content\/uploads\/2022\/10\/CHARLES-FAZZINO-A-tour-of-the-Mediterranean-mural-132x143cm-600x600.jpg 600w, https:\/\/galerie-artima.com\/wp-content\/uploads\/2022\/10\/CHARLES-FAZZINO-A-tour-of-the-Mediterranean-mural-132x143cm-768x768.jpg 768w, https:\/\/galerie-artima.com\/wp-content\/uploads\/2022\/10\/CHARLES-FAZZINO-A-tour-of-the-Mediterranean-mural-132x143cm-800x800.jpg 800w, https:\/\/galerie-artima.com\/wp-content\/uploads\/2022\/10\/CHARLES-FAZZINO-A-tour-of-the-Mediterranean-mural-132x143cm-1024x1024.jpg 1024w, https:\/\/galerie-artima.com\/wp-content\/uploads\/2022\/10\/CHARLES-FAZZINO-A-tour-of-the-Mediterranean-mural-132x143cm.jpg 1200w\" data-sizes=\"auto\" \/><div class=\"fusion-rollover\">\n\t<div class=\"fusion-rollover-content\">\n\n\t\t\t\t\n\t\t\n\t\t\t\t\t\t\t\t\n\t\t\t\t\t\t\t\t\n\t\t\n\t\t\t\t\t\t\t\t\t\t\t\t\t\t\t\n\t\t\t\t\t\t\n\t\t\t\t\t\t\t\t\t\t<div class=\"fusion-product-buttons\">\n\t\t\t\t\t<a href=\"\/en\/wp-json\/wp\/v2\/pages\/6?add-to-cart=9800\" aria-describedby=\"woocommerce_loop_add_to_cart_link_describedby_9800\" data-quantity=\"1\" class=\"button product_type_simple add_to_cart_button ajax_add_to_cart\" data-product_id=\"9800\" data-product_sku=\"\" aria-label=\"Add to cart: &ldquo;Charles Fazzino | A tour of Mediterranean&rdquo;\" rel=\"nofollow\">Add to cart<\/a>\t<span id=\"woocommerce_loop_add_to_cart_link_describedby_9800\" class=\"screen-reader-text\">\n\t\t\t<\/span>\n<span class=\"fusion-rollover-linebreak\">\n\t\/<\/span>\n\n<a href=\"https:\/\/galerie-artima.com\/en\/shop\/charles-fazzino-a-tour-of-mediterranean\" class=\"show_details_button\">\n\tDetails<\/a>\n\n\t\t\t\t<\/div>\n\t\t\t\t\t\t\t\t\t<a class=\"fusion-link-wrapper\" href=\"https:\/\/galerie-artima.com\/en\/shop\/charles-fazzino-a-tour-of-mediterranean\" aria-label=\"Charles Fazzino | A tour of Mediterranean\"><\/a>\n\t<\/div>\n<\/div>\n<\/div>\n<\/div>\n<div class=\"fusion-product-content\">\n\t<div class=\"product-details\">\n\t\t<div class=\"product-details-container\">\n<h3 class=\"product-title\">\n\t<a href=\"https:\/\/galerie-artima.com\/en\/shop\/charles-fazzino-a-tour-of-mediterranean\">\n\t\tCharles Fazzino | A tour of Mediterranean\t<\/a>\n<\/h3>\n<div class=\"fusion-price-rating\">\n\n\t<span class=\"price\"><span class=\"woocommerce-Price-amount amount\"><bdi>15500,00<span class=\"woocommerce-Price-currencySymbol\">&euro;<\/span><\/bdi><\/span><\/span>\n\t\t<\/div>\n\t<\/div>\n<\/div>\n\n\t<\/div> \n\n\n<\/div>\n<\/li>\n<li class=\"product type-product post-3851 status-publish last instock product_cat-all product_cat-painting has-post-thumbnail sold-individually shipping-taxable purchasable product-type-simple product-grid-view\">\n\t<div class=\"fusion-product-wrapper\">\n\n<div class=\"fusion-clean-product-image-wrapper \">\n\t<div  class=\"fusion-image-wrapper fusion-image-size-fixed\" aria-haspopup=\"true\">\n\t\t\t\t<img decoding=\"async\" width=\"500\" height=\"500\" src=\"https:\/\/galerie-artima.com\/wp-content\/uploads\/2024\/06\/CHARLES-FAZZINO-Le-Marais-est-magnifique-64x71cm-AP-500x500.jpg\" class=\"attachment-woocommerce_thumbnail size-woocommerce_thumbnail lazyload wp-post-image\" alt=\"\" srcset=\"data:image\/svg+xml,%3Csvg%20xmlns%3D%27http%3A%2F%2Fwww.w3.org%2F2000%2Fsvg%27%20width%3D%271200%27%20height%3D%271200%27%20viewBox%3D%270%200%201200%201200%27%3E%3Crect%20width%3D%271200%27%20height%3D%271200%27%20fill-opacity%3D%220%22%2F%3E%3C%2Fsvg%3E\" data-orig-src=\"https:\/\/galerie-artima.com\/wp-content\/uploads\/2024\/06\/CHARLES-FAZZINO-Le-Marais-est-magnifique-64x71cm-AP-500x500.jpg\" data-srcset=\"https:\/\/galerie-artima.com\/wp-content\/uploads\/2024\/06\/CHARLES-FAZZINO-Le-Marais-est-magnifique-64x71cm-AP-66x66.jpg 66w, https:\/\/galerie-artima.com\/wp-content\/uploads\/2024\/06\/CHARLES-FAZZINO-Le-Marais-est-magnifique-64x71cm-AP-96x96.jpg 96w, https:\/\/galerie-artima.com\/wp-content\/uploads\/2024\/06\/CHARLES-FAZZINO-Le-Marais-est-magnifique-64x71cm-AP-150x150.jpg 150w, https:\/\/galerie-artima.com\/wp-content\/uploads\/2024\/06\/CHARLES-FAZZINO-Le-Marais-est-magnifique-64x71cm-AP-200x200.jpg 200w, https:\/\/galerie-artima.com\/wp-content\/uploads\/2024\/06\/CHARLES-FAZZINO-Le-Marais-est-magnifique-64x71cm-AP-300x300.jpg 300w, https:\/\/galerie-artima.com\/wp-content\/uploads\/2024\/06\/CHARLES-FAZZINO-Le-Marais-est-magnifique-64x71cm-AP-400x400.jpg 400w, https:\/\/galerie-artima.com\/wp-content\/uploads\/2024\/06\/CHARLES-FAZZINO-Le-Marais-est-magnifique-64x71cm-AP-500x500.jpg 500w, https:\/\/galerie-artima.com\/wp-content\/uploads\/2024\/06\/CHARLES-FAZZINO-Le-Marais-est-magnifique-64x71cm-AP-600x600.jpg 600w, https:\/\/galerie-artima.com\/wp-content\/uploads\/2024\/06\/CHARLES-FAZZINO-Le-Marais-est-magnifique-64x71cm-AP-768x768.jpg 768w, https:\/\/galerie-artima.com\/wp-content\/uploads\/2024\/06\/CHARLES-FAZZINO-Le-Marais-est-magnifique-64x71cm-AP-800x800.jpg 800w, https:\/\/galerie-artima.com\/wp-content\/uploads\/2024\/06\/CHARLES-FAZZINO-Le-Marais-est-magnifique-64x71cm-AP-1024x1024.jpg 1024w, https:\/\/galerie-artima.com\/wp-content\/uploads\/2024\/06\/CHARLES-FAZZINO-Le-Marais-est-magnifique-64x71cm-AP.jpg 1200w\" data-sizes=\"auto\" \/><div class=\"fusion-rollover\">\n\t<div class=\"fusion-rollover-content\">\n\n\t\t\t\t\n\t\t\n\t\t\t\t\t\t\t\t\n\t\t\t\t\t\t\t\t\n\t\t\n\t\t\t\t\t\t\t\t\t\t\t\t\t\t\t\n\t\t\t\t\t\t\n\t\t\t\t\t\t\t\t\t\t<div class=\"fusion-product-buttons\">\n\t\t\t\t\t<a href=\"\/en\/wp-json\/wp\/v2\/pages\/6?add-to-cart=3851\" aria-describedby=\"woocommerce_loop_add_to_cart_link_describedby_3851\" data-quantity=\"1\" class=\"button product_type_simple add_to_cart_button ajax_add_to_cart\" data-product_id=\"3851\" data-product_sku=\"\" aria-label=\"Add to cart: &ldquo;Charles Fazzino | Le Marais est magnifique&rdquo;\" rel=\"nofollow\">Add to cart<\/a>\t<span id=\"woocommerce_loop_add_to_cart_link_describedby_3851\" class=\"screen-reader-text\">\n\t\t\t<\/span>\n<span class=\"fusion-rollover-linebreak\">\n\t\/<\/span>\n\n<a href=\"https:\/\/galerie-artima.com\/en\/shop\/charles-fazzino-le-marais-est-magnifique\" class=\"show_details_button\">\n\tDetails<\/a>\n\n\t\t\t\t<\/div>\n\t\t\t\t\t\t\t\t\t<a class=\"fusion-link-wrapper\" href=\"https:\/\/galerie-artima.com\/en\/shop\/charles-fazzino-le-marais-est-magnifique\" aria-label=\"Charles Fazzino | Le Marais est magnifique\"><\/a>\n\t<\/div>\n<\/div>\n<\/div>\n<\/div>\n<div class=\"fusion-product-content\">\n\t<div class=\"product-details\">\n\t\t<div class=\"product-details-container\">\n<h3 class=\"product-title\">\n\t<a href=\"https:\/\/galerie-artima.com\/en\/shop\/charles-fazzino-le-marais-est-magnifique\">\n\t\tCharles Fazzino | Le Marais est magnifique\t<\/a>\n<\/h3>\n<div class=\"fusion-price-rating\">\n\n\t<span class=\"price\"><span class=\"woocommerce-Price-amount amount\"><bdi>3900,00<span class=\"woocommerce-Price-currencySymbol\">&euro;<\/span><\/bdi><\/span><\/span>\n\t\t<\/div>\n\t<\/div>\n<\/div>\n\n\t<\/div> \n\n\n<\/div>\n<\/li>\n<li class=\"product type-product post-3876 status-publish first instock product_cat-tableau product_cat-tout has-post-thumbnail sold-individually shipping-taxable purchasable product-type-simple product-grid-view\">\n\t<div class=\"fusion-product-wrapper\">\n\n<div class=\"fusion-clean-product-image-wrapper \">\n\t<div  class=\"fusion-image-wrapper fusion-image-size-fixed\" aria-haspopup=\"true\">\n\t\t\t\t<img decoding=\"async\" width=\"500\" height=\"500\" src=\"https:\/\/galerie-artima.com\/wp-content\/uploads\/2022\/11\/JOEL-CUOQ-John-Coltrane-100x100cm-Mosaique-de-cubes-en-papier-compresse-2023-500x500.jpg\" class=\"attachment-woocommerce_thumbnail size-woocommerce_thumbnail lazyload wp-post-image\" alt=\"joel cuoq john coltrane 100x100cm mosaique de cubes en papier compresse 2023\" srcset=\"data:image\/svg+xml,%3Csvg%20xmlns%3D%27http%3A%2F%2Fwww.w3.org%2F2000%2Fsvg%27%20width%3D%271200%27%20height%3D%271200%27%20viewBox%3D%270%200%201200%201200%27%3E%3Crect%20width%3D%271200%27%20height%3D%271200%27%20fill-opacity%3D%220%22%2F%3E%3C%2Fsvg%3E\" data-orig-src=\"https:\/\/galerie-artima.com\/wp-content\/uploads\/2022\/11\/JOEL-CUOQ-John-Coltrane-100x100cm-Mosaique-de-cubes-en-papier-compresse-2023-500x500.jpg\" data-srcset=\"https:\/\/galerie-artima.com\/wp-content\/uploads\/2022\/11\/JOEL-CUOQ-John-Coltrane-100x100cm-Mosaique-de-cubes-en-papier-compresse-2023-66x66.jpg 66w, https:\/\/galerie-artima.com\/wp-content\/uploads\/2022\/11\/JOEL-CUOQ-John-Coltrane-100x100cm-Mosaique-de-cubes-en-papier-compresse-2023-96x96.jpg 96w, https:\/\/galerie-artima.com\/wp-content\/uploads\/2022\/11\/JOEL-CUOQ-John-Coltrane-100x100cm-Mosaique-de-cubes-en-papier-compresse-2023-150x150.jpg 150w, https:\/\/galerie-artima.com\/wp-content\/uploads\/2022\/11\/JOEL-CUOQ-John-Coltrane-100x100cm-Mosaique-de-cubes-en-papier-compresse-2023-200x200.jpg 200w, https:\/\/galerie-artima.com\/wp-content\/uploads\/2022\/11\/JOEL-CUOQ-John-Coltrane-100x100cm-Mosaique-de-cubes-en-papier-compresse-2023-300x300.jpg 300w, https:\/\/galerie-artima.com\/wp-content\/uploads\/2022\/11\/JOEL-CUOQ-John-Coltrane-100x100cm-Mosaique-de-cubes-en-papier-compresse-2023-400x400.jpg 400w, https:\/\/galerie-artima.com\/wp-content\/uploads\/2022\/11\/JOEL-CUOQ-John-Coltrane-100x100cm-Mosaique-de-cubes-en-papier-compresse-2023-500x500.jpg 500w, https:\/\/galerie-artima.com\/wp-content\/uploads\/2022\/11\/JOEL-CUOQ-John-Coltrane-100x100cm-Mosaique-de-cubes-en-papier-compresse-2023-600x600.jpg 600w, https:\/\/galerie-artima.com\/wp-content\/uploads\/2022\/11\/JOEL-CUOQ-John-Coltrane-100x100cm-Mosaique-de-cubes-en-papier-compresse-2023-768x768.jpg 768w, https:\/\/galerie-artima.com\/wp-content\/uploads\/2022\/11\/JOEL-CUOQ-John-Coltrane-100x100cm-Mosaique-de-cubes-en-papier-compresse-2023-800x800.jpg 800w, https:\/\/galerie-artima.com\/wp-content\/uploads\/2022\/11\/JOEL-CUOQ-John-Coltrane-100x100cm-Mosaique-de-cubes-en-papier-compresse-2023-1024x1024.jpg 1024w, https:\/\/galerie-artima.com\/wp-content\/uploads\/2022\/11\/JOEL-CUOQ-John-Coltrane-100x100cm-Mosaique-de-cubes-en-papier-compresse-2023.jpg 1200w\" data-sizes=\"auto\" \/><div class=\"fusion-rollover\">\n\t<div class=\"fusion-rollover-content\">\n\n\t\t\t\t\n\t\t\n\t\t\t\t\t\t\t\t\n\t\t\t\t\t\t\t\t\n\t\t\n\t\t\t\t\t\t\t\t\t\t\t\t\t\t\t\n\t\t\t\t\t\t\n\t\t\t\t\t\t\t\t\t\t<div class=\"fusion-product-buttons\">\n\t\t\t\t\t<a href=\"\/en\/wp-json\/wp\/v2\/pages\/6?add-to-cart=3876\" aria-describedby=\"woocommerce_loop_add_to_cart_link_describedby_3876\" data-quantity=\"1\" class=\"button product_type_simple add_to_cart_button ajax_add_to_cart\" data-product_id=\"3876\" data-product_sku=\"\" aria-label=\"Add to cart: &ldquo;Jo\u00ebl Cuoq | John Coltrane&rdquo;\" rel=\"nofollow\">Add to cart<\/a>\t<span id=\"woocommerce_loop_add_to_cart_link_describedby_3876\" class=\"screen-reader-text\">\n\t\t\t<\/span>\n<span class=\"fusion-rollover-linebreak\">\n\t\/<\/span>\n\n<a href=\"https:\/\/galerie-artima.com\/shop\/joel-cuoq-john-coltrane\" class=\"show_details_button\">\n\tDetails<\/a>\n\n\t\t\t\t<\/div>\n\t\t\t\t\t\t\t\t\t<a class=\"fusion-link-wrapper\" href=\"https:\/\/galerie-artima.com\/shop\/joel-cuoq-john-coltrane\" aria-label=\"Jo\u00ebl Cuoq | John Coltrane\"><\/a>\n\t<\/div>\n<\/div>\n<\/div>\n<\/div>\n<div class=\"fusion-product-content\">\n\t<div class=\"product-details\">\n\t\t<div class=\"product-details-container\">\n<h3 class=\"product-title\">\n\t<a href=\"https:\/\/galerie-artima.com\/shop\/joel-cuoq-john-coltrane\">\n\t\tJo\u00ebl Cuoq | John Coltrane\t<\/a>\n<\/h3>\n<div class=\"fusion-price-rating\">\n\n\t<span class=\"price\"><span class=\"woocommerce-Price-amount amount\"><bdi>5500,00<span class=\"woocommerce-Price-currencySymbol\">&euro;<\/span><\/bdi><\/span><\/span>\n\t\t<\/div>\n\t<\/div>\n<\/div>\n\n\t<\/div> \n\n\n<\/div>\n<\/li>\n<li class=\"product type-product post-7360 status-publish instock product_cat-all product_cat-painting has-post-thumbnail sold-individually shipping-taxable purchasable product-type-simple product-grid-view\">\n\t<div class=\"fusion-product-wrapper\">\n\n<div class=\"fusion-clean-product-image-wrapper \">\n\t<div  class=\"fusion-image-wrapper fusion-image-size-fixed\" aria-haspopup=\"true\">\n\t\t\t\t<img decoding=\"async\" width=\"500\" height=\"504\" src=\"https:\/\/galerie-artima.com\/wp-content\/uploads\/2022\/03\/JORG-DORING-1o9-Norma-Jane-80x80cm-1-500x504.jpg\" class=\"attachment-woocommerce_thumbnail size-woocommerce_thumbnail lazyload wp-post-image\" alt=\"\" srcset=\"data:image\/svg+xml,%3Csvg%20xmlns%3D%27http%3A%2F%2Fwww.w3.org%2F2000%2Fsvg%27%20width%3D%27800%27%20height%3D%27807%27%20viewBox%3D%270%200%20800%20807%27%3E%3Crect%20width%3D%27800%27%20height%3D%27807%27%20fill-opacity%3D%220%22%2F%3E%3C%2Fsvg%3E\" data-orig-src=\"https:\/\/galerie-artima.com\/wp-content\/uploads\/2022\/03\/JORG-DORING-1o9-Norma-Jane-80x80cm-1-500x504.jpg\" data-srcset=\"https:\/\/galerie-artima.com\/wp-content\/uploads\/2022\/03\/JORG-DORING-1o9-Norma-Jane-80x80cm-1-66x66.jpg 66w, https:\/\/galerie-artima.com\/wp-content\/uploads\/2022\/03\/JORG-DORING-1o9-Norma-Jane-80x80cm-1-96x96.jpg 96w, https:\/\/galerie-artima.com\/wp-content\/uploads\/2022\/03\/JORG-DORING-1o9-Norma-Jane-80x80cm-1-150x150.jpg 150w, https:\/\/galerie-artima.com\/wp-content\/uploads\/2022\/03\/JORG-DORING-1o9-Norma-Jane-80x80cm-1-200x202.jpg 200w, https:\/\/galerie-artima.com\/wp-content\/uploads\/2022\/03\/JORG-DORING-1o9-Norma-Jane-80x80cm-1-297x300.jpg 297w, https:\/\/galerie-artima.com\/wp-content\/uploads\/2022\/03\/JORG-DORING-1o9-Norma-Jane-80x80cm-1-400x404.jpg 400w, https:\/\/galerie-artima.com\/wp-content\/uploads\/2022\/03\/JORG-DORING-1o9-Norma-Jane-80x80cm-1-500x504.jpg 500w, https:\/\/galerie-artima.com\/wp-content\/uploads\/2022\/03\/JORG-DORING-1o9-Norma-Jane-80x80cm-1-600x605.jpg 600w, https:\/\/galerie-artima.com\/wp-content\/uploads\/2022\/03\/JORG-DORING-1o9-Norma-Jane-80x80cm-1-768x775.jpg 768w, https:\/\/galerie-artima.com\/wp-content\/uploads\/2022\/03\/JORG-DORING-1o9-Norma-Jane-80x80cm-1.jpg 800w\" data-sizes=\"auto\" \/><div class=\"fusion-rollover\">\n\t<div class=\"fusion-rollover-content\">\n\n\t\t\t\t\n\t\t\n\t\t\t\t\t\t\t\t\n\t\t\t\t\t\t\t\t\n\t\t\n\t\t\t\t\t\t\t\t\t\t\t\t\t\t\t\n\t\t\t\t\t\t\n\t\t\t\t\t\t\t\t\t\t<div class=\"fusion-product-buttons\">\n\t\t\t\t\t<a href=\"\/en\/wp-json\/wp\/v2\/pages\/6?add-to-cart=7360\" aria-describedby=\"woocommerce_loop_add_to_cart_link_describedby_7360\" data-quantity=\"1\" class=\"button product_type_simple add_to_cart_button ajax_add_to_cart\" data-product_id=\"7360\" data-product_sku=\"\" aria-label=\"Add to cart: &ldquo;J\u00f6rg D\u00f6ring | Norma Jean&rdquo;\" rel=\"nofollow\">Add to cart<\/a>\t<span id=\"woocommerce_loop_add_to_cart_link_describedby_7360\" class=\"screen-reader-text\">\n\t\t\t<\/span>\n<span class=\"fusion-rollover-linebreak\">\n\t\/<\/span>\n\n<a href=\"https:\/\/galerie-artima.com\/en\/shop\/jorg-doring-norma-jean\" class=\"show_details_button\">\n\tDetails<\/a>\n\n\t\t\t\t<\/div>\n\t\t\t\t\t\t\t\t\t<a class=\"fusion-link-wrapper\" href=\"https:\/\/galerie-artima.com\/en\/shop\/jorg-doring-norma-jean\" aria-label=\"J\u00f6rg D\u00f6ring | Norma Jean\"><\/a>\n\t<\/div>\n<\/div>\n<\/div>\n<\/div>\n<div class=\"fusion-product-content\">\n\t<div class=\"product-details\">\n\t\t<div class=\"product-details-container\">\n<h3 class=\"product-title\">\n\t<a href=\"https:\/\/galerie-artima.com\/en\/shop\/jorg-doring-norma-jean\">\n\t\tJ\u00f6rg D\u00f6ring | Norma Jean\t<\/a>\n<\/h3>\n<div class=\"fusion-price-rating\">\n\n\t<span class=\"price\"><span class=\"woocommerce-Price-amount amount\"><bdi>1800,00<span class=\"woocommerce-Price-currencySymbol\">&euro;<\/span><\/bdi><\/span><\/span>\n\t\t<\/div>\n\t<\/div>\n<\/div>\n\n\t<\/div> \n\n\n<\/div>\n<\/li>\n<li class=\"product type-product post-13293 status-publish last instock product_cat-all product_cat-painting has-post-thumbnail sold-individually shipping-taxable purchasable product-type-simple product-grid-view\">\n\t<div class=\"fusion-product-wrapper\">\n\n<div class=\"fusion-clean-product-image-wrapper \">\n\t<div  class=\"fusion-image-wrapper fusion-image-size-fixed\" aria-haspopup=\"true\">\n\t\t\t\t<img decoding=\"async\" width=\"500\" height=\"500\" src=\"https:\/\/galerie-artima.com\/wp-content\/uploads\/2025\/05\/KEYMI-Cacophonie-encadree-De-dangereux-penchants-95x95cm-Peinture-acrylique-sur-polystyrene-resine-2025-500x500.jpg\" class=\"attachment-woocommerce_thumbnail size-woocommerce_thumbnail lazyload wp-post-image\" alt=\"\" srcset=\"data:image\/svg+xml,%3Csvg%20xmlns%3D%27http%3A%2F%2Fwww.w3.org%2F2000%2Fsvg%27%20width%3D%271200%27%20height%3D%271200%27%20viewBox%3D%270%200%201200%201200%27%3E%3Crect%20width%3D%271200%27%20height%3D%271200%27%20fill-opacity%3D%220%22%2F%3E%3C%2Fsvg%3E\" data-orig-src=\"https:\/\/galerie-artima.com\/wp-content\/uploads\/2025\/05\/KEYMI-Cacophonie-encadree-De-dangereux-penchants-95x95cm-Peinture-acrylique-sur-polystyrene-resine-2025-500x500.jpg\" data-srcset=\"https:\/\/galerie-artima.com\/wp-content\/uploads\/2025\/05\/KEYMI-Cacophonie-encadree-De-dangereux-penchants-95x95cm-Peinture-acrylique-sur-polystyrene-resine-2025-66x66.jpg 66w, https:\/\/galerie-artima.com\/wp-content\/uploads\/2025\/05\/KEYMI-Cacophonie-encadree-De-dangereux-penchants-95x95cm-Peinture-acrylique-sur-polystyrene-resine-2025-96x96.jpg 96w, https:\/\/galerie-artima.com\/wp-content\/uploads\/2025\/05\/KEYMI-Cacophonie-encadree-De-dangereux-penchants-95x95cm-Peinture-acrylique-sur-polystyrene-resine-2025-150x150.jpg 150w, https:\/\/galerie-artima.com\/wp-content\/uploads\/2025\/05\/KEYMI-Cacophonie-encadree-De-dangereux-penchants-95x95cm-Peinture-acrylique-sur-polystyrene-resine-2025-200x200.jpg 200w, https:\/\/galerie-artima.com\/wp-content\/uploads\/2025\/05\/KEYMI-Cacophonie-encadree-De-dangereux-penchants-95x95cm-Peinture-acrylique-sur-polystyrene-resine-2025-300x300.jpg 300w, https:\/\/galerie-artima.com\/wp-content\/uploads\/2025\/05\/KEYMI-Cacophonie-encadree-De-dangereux-penchants-95x95cm-Peinture-acrylique-sur-polystyrene-resine-2025-400x400.jpg 400w, https:\/\/galerie-artima.com\/wp-content\/uploads\/2025\/05\/KEYMI-Cacophonie-encadree-De-dangereux-penchants-95x95cm-Peinture-acrylique-sur-polystyrene-resine-2025-500x500.jpg 500w, https:\/\/galerie-artima.com\/wp-content\/uploads\/2025\/05\/KEYMI-Cacophonie-encadree-De-dangereux-penchants-95x95cm-Peinture-acrylique-sur-polystyrene-resine-2025-600x600.jpg 600w, https:\/\/galerie-artima.com\/wp-content\/uploads\/2025\/05\/KEYMI-Cacophonie-encadree-De-dangereux-penchants-95x95cm-Peinture-acrylique-sur-polystyrene-resine-2025-768x768.jpg 768w, https:\/\/galerie-artima.com\/wp-content\/uploads\/2025\/05\/KEYMI-Cacophonie-encadree-De-dangereux-penchants-95x95cm-Peinture-acrylique-sur-polystyrene-resine-2025-800x800.jpg 800w, https:\/\/galerie-artima.com\/wp-content\/uploads\/2025\/05\/KEYMI-Cacophonie-encadree-De-dangereux-penchants-95x95cm-Peinture-acrylique-sur-polystyrene-resine-2025-1024x1024.jpg 1024w, https:\/\/galerie-artima.com\/wp-content\/uploads\/2025\/05\/KEYMI-Cacophonie-encadree-De-dangereux-penchants-95x95cm-Peinture-acrylique-sur-polystyrene-resine-2025.jpg 1200w\" data-sizes=\"auto\" \/><div class=\"fusion-rollover\">\n\t<div class=\"fusion-rollover-content\">\n\n\t\t\t\t\n\t\t\n\t\t\t\t\t\t\t\t\n\t\t\t\t\t\t\t\t\n\t\t\n\t\t\t\t\t\t\t\t\t\t\t\t\t\t\t\n\t\t\t\t\t\t\n\t\t\t\t\t\t\t\t\t\t<div class=\"fusion-product-buttons\">\n\t\t\t\t\t<a href=\"\/en\/wp-json\/wp\/v2\/pages\/6?add-to-cart=13293\" aria-describedby=\"woocommerce_loop_add_to_cart_link_describedby_13293\" data-quantity=\"1\" class=\"button product_type_simple add_to_cart_button ajax_add_to_cart\" data-product_id=\"13293\" data-product_sku=\"\" aria-label=\"Add to cart: &ldquo;Keymi I Cacophonie encadr\u00e9e De dangereux penchants&rdquo;\" rel=\"nofollow\">Add to cart<\/a>\t<span id=\"woocommerce_loop_add_to_cart_link_describedby_13293\" class=\"screen-reader-text\">\n\t\t\t<\/span>\n<span class=\"fusion-rollover-linebreak\">\n\t\/<\/span>\n\n<a href=\"https:\/\/galerie-artima.com\/en\/shop\/keymi-cacophonie-encadree-de-dangereux-penchants\" class=\"show_details_button\">\n\tDetails<\/a>\n\n\t\t\t\t<\/div>\n\t\t\t\t\t\t\t\t\t<a class=\"fusion-link-wrapper\" href=\"https:\/\/galerie-artima.com\/en\/shop\/keymi-cacophonie-encadree-de-dangereux-penchants\" aria-label=\"Keymi I Cacophonie encadr\u00e9e De dangereux penchants\"><\/a>\n\t<\/div>\n<\/div>\n<\/div>\n<\/div>\n<div class=\"fusion-product-content\">\n\t<div class=\"product-details\">\n\t\t<div class=\"product-details-container\">\n<h3 class=\"product-title\">\n\t<a href=\"https:\/\/galerie-artima.com\/en\/shop\/keymi-cacophonie-encadree-de-dangereux-penchants\">\n\t\tKeymi I Cacophonie encadr\u00e9e De dangereux penchants\t<\/a>\n<\/h3>\n<div class=\"fusion-price-rating\">\n\n\t<span class=\"price\"><span class=\"woocommerce-Price-amount amount\"><bdi>4900,00<span class=\"woocommerce-Price-currencySymbol\">&euro;<\/span><\/bdi><\/span><\/span>\n\t\t<\/div>\n\t<\/div>\n<\/div>\n\n\t<\/div> \n\n\n<\/div>\n<\/li>\n<li class=\"product type-product post-10622 status-publish first instock product_cat-all product_cat-painting has-post-thumbnail sold-individually shipping-taxable purchasable product-type-simple product-grid-view\">\n\t<div class=\"fusion-product-wrapper\">\n\n<div class=\"fusion-clean-product-image-wrapper \">\n\t<div  class=\"fusion-image-wrapper fusion-image-size-fixed\" aria-haspopup=\"true\">\n\t\t\t\t<img decoding=\"async\" width=\"500\" height=\"500\" src=\"https:\/\/galerie-artima.com\/wp-content\/uploads\/2023\/10\/KEYMI-Pin-up-Debbie-Puzzle-de-8-pieces-120x90cm-Peinture-a-la-bombe-sur-polystyrene-resine-2023-500x500.jpg\" class=\"attachment-woocommerce_thumbnail size-woocommerce_thumbnail lazyload wp-post-image\" alt=\"\" srcset=\"data:image\/svg+xml,%3Csvg%20xmlns%3D%27http%3A%2F%2Fwww.w3.org%2F2000%2Fsvg%27%20width%3D%271200%27%20height%3D%271200%27%20viewBox%3D%270%200%201200%201200%27%3E%3Crect%20width%3D%271200%27%20height%3D%271200%27%20fill-opacity%3D%220%22%2F%3E%3C%2Fsvg%3E\" data-orig-src=\"https:\/\/galerie-artima.com\/wp-content\/uploads\/2023\/10\/KEYMI-Pin-up-Debbie-Puzzle-de-8-pieces-120x90cm-Peinture-a-la-bombe-sur-polystyrene-resine-2023-500x500.jpg\" data-srcset=\"https:\/\/galerie-artima.com\/wp-content\/uploads\/2023\/10\/KEYMI-Pin-up-Debbie-Puzzle-de-8-pieces-120x90cm-Peinture-a-la-bombe-sur-polystyrene-resine-2023-66x66.jpg 66w, https:\/\/galerie-artima.com\/wp-content\/uploads\/2023\/10\/KEYMI-Pin-up-Debbie-Puzzle-de-8-pieces-120x90cm-Peinture-a-la-bombe-sur-polystyrene-resine-2023-96x96.jpg 96w, https:\/\/galerie-artima.com\/wp-content\/uploads\/2023\/10\/KEYMI-Pin-up-Debbie-Puzzle-de-8-pieces-120x90cm-Peinture-a-la-bombe-sur-polystyrene-resine-2023-150x150.jpg 150w, https:\/\/galerie-artima.com\/wp-content\/uploads\/2023\/10\/KEYMI-Pin-up-Debbie-Puzzle-de-8-pieces-120x90cm-Peinture-a-la-bombe-sur-polystyrene-resine-2023-200x200.jpg 200w, https:\/\/galerie-artima.com\/wp-content\/uploads\/2023\/10\/KEYMI-Pin-up-Debbie-Puzzle-de-8-pieces-120x90cm-Peinture-a-la-bombe-sur-polystyrene-resine-2023-300x300.jpg 300w, https:\/\/galerie-artima.com\/wp-content\/uploads\/2023\/10\/KEYMI-Pin-up-Debbie-Puzzle-de-8-pieces-120x90cm-Peinture-a-la-bombe-sur-polystyrene-resine-2023-400x400.jpg 400w, https:\/\/galerie-artima.com\/wp-content\/uploads\/2023\/10\/KEYMI-Pin-up-Debbie-Puzzle-de-8-pieces-120x90cm-Peinture-a-la-bombe-sur-polystyrene-resine-2023-500x500.jpg 500w, https:\/\/galerie-artima.com\/wp-content\/uploads\/2023\/10\/KEYMI-Pin-up-Debbie-Puzzle-de-8-pieces-120x90cm-Peinture-a-la-bombe-sur-polystyrene-resine-2023-600x600.jpg 600w, https:\/\/galerie-artima.com\/wp-content\/uploads\/2023\/10\/KEYMI-Pin-up-Debbie-Puzzle-de-8-pieces-120x90cm-Peinture-a-la-bombe-sur-polystyrene-resine-2023-768x768.jpg 768w, https:\/\/galerie-artima.com\/wp-content\/uploads\/2023\/10\/KEYMI-Pin-up-Debbie-Puzzle-de-8-pieces-120x90cm-Peinture-a-la-bombe-sur-polystyrene-resine-2023-800x800.jpg 800w, https:\/\/galerie-artima.com\/wp-content\/uploads\/2023\/10\/KEYMI-Pin-up-Debbie-Puzzle-de-8-pieces-120x90cm-Peinture-a-la-bombe-sur-polystyrene-resine-2023-1024x1024.jpg 1024w, https:\/\/galerie-artima.com\/wp-content\/uploads\/2023\/10\/KEYMI-Pin-up-Debbie-Puzzle-de-8-pieces-120x90cm-Peinture-a-la-bombe-sur-polystyrene-resine-2023.jpg 1200w\" data-sizes=\"auto\" \/><div class=\"fusion-rollover\">\n\t<div class=\"fusion-rollover-content\">\n\n\t\t\t\t\n\t\t\n\t\t\t\t\t\t\t\t\n\t\t\t\t\t\t\t\t\n\t\t\n\t\t\t\t\t\t\t\t\t\t\t\t\t\t\t\n\t\t\t\t\t\t\n\t\t\t\t\t\t\t\t\t\t<div class=\"fusion-product-buttons\">\n\t\t\t\t\t<a href=\"\/en\/wp-json\/wp\/v2\/pages\/6?add-to-cart=10622\" aria-describedby=\"woocommerce_loop_add_to_cart_link_describedby_10622\" data-quantity=\"1\" class=\"button product_type_simple add_to_cart_button ajax_add_to_cart\" data-product_id=\"10622\" data-product_sku=\"\" aria-label=\"Add to cart: &ldquo;Keymi I Pin up puzzle Debbie&rdquo;\" rel=\"nofollow\">Add to cart<\/a>\t<span id=\"woocommerce_loop_add_to_cart_link_describedby_10622\" class=\"screen-reader-text\">\n\t\t\t<\/span>\n<span class=\"fusion-rollover-linebreak\">\n\t\/<\/span>\n\n<a href=\"https:\/\/galerie-artima.com\/en\/shop\/keymi-pin-up-puzzle-debbie\" class=\"show_details_button\">\n\tDetails<\/a>\n\n\t\t\t\t<\/div>\n\t\t\t\t\t\t\t\t\t<a class=\"fusion-link-wrapper\" href=\"https:\/\/galerie-artima.com\/en\/shop\/keymi-pin-up-puzzle-debbie\" aria-label=\"Keymi I Pin up puzzle Debbie\"><\/a>\n\t<\/div>\n<\/div>\n<\/div>\n<\/div>\n<div class=\"fusion-product-content\">\n\t<div class=\"product-details\">\n\t\t<div class=\"product-details-container\">\n<h3 class=\"product-title\">\n\t<a href=\"https:\/\/galerie-artima.com\/en\/shop\/keymi-pin-up-puzzle-debbie\">\n\t\tKeymi I Pin up puzzle Debbie\t<\/a>\n<\/h3>\n<div class=\"fusion-price-rating\">\n\n\t<span class=\"price\"><span class=\"woocommerce-Price-amount amount\"><bdi>3400,00<span class=\"woocommerce-Price-currencySymbol\">&euro;<\/span><\/bdi><\/span><\/span>\n\t\t<\/div>\n\t<\/div>\n<\/div>\n\n\t<\/div> \n\n\n<\/div>\n<\/li>\n<li class=\"product type-product post-13699 status-publish instock product_cat-all product_cat-painting has-post-thumbnail sold-individually shipping-taxable purchasable product-type-simple product-grid-view\">\n\t<div class=\"fusion-product-wrapper\">\n\n<div class=\"fusion-clean-product-image-wrapper \">\n\t<div  class=\"fusion-image-wrapper fusion-image-size-fixed\" aria-haspopup=\"true\">\n\t\t\t\t<img decoding=\"async\" width=\"500\" height=\"500\" src=\"https:\/\/galerie-artima.com\/wp-content\/uploads\/2025\/05\/KEYMI-Lenigmatique-lettre-60x30cm-Peinture-acrylique-sur-polystyrene-resine-2025-500x500.jpg\" class=\"attachment-woocommerce_thumbnail size-woocommerce_thumbnail lazyload wp-post-image\" alt=\"\" srcset=\"data:image\/svg+xml,%3Csvg%20xmlns%3D%27http%3A%2F%2Fwww.w3.org%2F2000%2Fsvg%27%20width%3D%271200%27%20height%3D%271200%27%20viewBox%3D%270%200%201200%201200%27%3E%3Crect%20width%3D%271200%27%20height%3D%271200%27%20fill-opacity%3D%220%22%2F%3E%3C%2Fsvg%3E\" data-orig-src=\"https:\/\/galerie-artima.com\/wp-content\/uploads\/2025\/05\/KEYMI-Lenigmatique-lettre-60x30cm-Peinture-acrylique-sur-polystyrene-resine-2025-500x500.jpg\" data-srcset=\"https:\/\/galerie-artima.com\/wp-content\/uploads\/2025\/05\/KEYMI-Lenigmatique-lettre-60x30cm-Peinture-acrylique-sur-polystyrene-resine-2025-66x66.jpg 66w, https:\/\/galerie-artima.com\/wp-content\/uploads\/2025\/05\/KEYMI-Lenigmatique-lettre-60x30cm-Peinture-acrylique-sur-polystyrene-resine-2025-96x96.jpg 96w, https:\/\/galerie-artima.com\/wp-content\/uploads\/2025\/05\/KEYMI-Lenigmatique-lettre-60x30cm-Peinture-acrylique-sur-polystyrene-resine-2025-150x150.jpg 150w, https:\/\/galerie-artima.com\/wp-content\/uploads\/2025\/05\/KEYMI-Lenigmatique-lettre-60x30cm-Peinture-acrylique-sur-polystyrene-resine-2025-200x200.jpg 200w, https:\/\/galerie-artima.com\/wp-content\/uploads\/2025\/05\/KEYMI-Lenigmatique-lettre-60x30cm-Peinture-acrylique-sur-polystyrene-resine-2025-300x300.jpg 300w, https:\/\/galerie-artima.com\/wp-content\/uploads\/2025\/05\/KEYMI-Lenigmatique-lettre-60x30cm-Peinture-acrylique-sur-polystyrene-resine-2025-400x400.jpg 400w, https:\/\/galerie-artima.com\/wp-content\/uploads\/2025\/05\/KEYMI-Lenigmatique-lettre-60x30cm-Peinture-acrylique-sur-polystyrene-resine-2025-500x500.jpg 500w, https:\/\/galerie-artima.com\/wp-content\/uploads\/2025\/05\/KEYMI-Lenigmatique-lettre-60x30cm-Peinture-acrylique-sur-polystyrene-resine-2025-600x600.jpg 600w, https:\/\/galerie-artima.com\/wp-content\/uploads\/2025\/05\/KEYMI-Lenigmatique-lettre-60x30cm-Peinture-acrylique-sur-polystyrene-resine-2025-768x768.jpg 768w, https:\/\/galerie-artima.com\/wp-content\/uploads\/2025\/05\/KEYMI-Lenigmatique-lettre-60x30cm-Peinture-acrylique-sur-polystyrene-resine-2025-800x800.jpg 800w, https:\/\/galerie-artima.com\/wp-content\/uploads\/2025\/05\/KEYMI-Lenigmatique-lettre-60x30cm-Peinture-acrylique-sur-polystyrene-resine-2025-1024x1024.jpg 1024w, https:\/\/galerie-artima.com\/wp-content\/uploads\/2025\/05\/KEYMI-Lenigmatique-lettre-60x30cm-Peinture-acrylique-sur-polystyrene-resine-2025.jpg 1200w\" data-sizes=\"auto\" \/><div class=\"fusion-rollover\">\n\t<div class=\"fusion-rollover-content\">\n\n\t\t\t\t\n\t\t\n\t\t\t\t\t\t\t\t\n\t\t\t\t\t\t\t\t\n\t\t\n\t\t\t\t\t\t\t\t\t\t\t\t\t\t\t\n\t\t\t\t\t\t\n\t\t\t\t\t\t\t\t\t\t<div class=\"fusion-product-buttons\">\n\t\t\t\t\t<a href=\"\/en\/wp-json\/wp\/v2\/pages\/6?add-to-cart=13699\" aria-describedby=\"woocommerce_loop_add_to_cart_link_describedby_13699\" data-quantity=\"1\" class=\"button product_type_simple add_to_cart_button ajax_add_to_cart\" data-product_id=\"13699\" data-product_sku=\"\" aria-label=\"Add to cart: &ldquo;Keymi I Rumeur Encadr\u00e9e L&#039;\u00e9nigmatique lettre&rdquo;\" rel=\"nofollow\">Add to cart<\/a>\t<span id=\"woocommerce_loop_add_to_cart_link_describedby_13699\" class=\"screen-reader-text\">\n\t\t\t<\/span>\n<span class=\"fusion-rollover-linebreak\">\n\t\/<\/span>\n\n<a href=\"https:\/\/galerie-artima.com\/en\/shop\/keymi-rumeur-encadree-lenigmatique-lettre\" class=\"show_details_button\">\n\tDetails<\/a>\n\n\t\t\t\t<\/div>\n\t\t\t\t\t\t\t\t\t<a class=\"fusion-link-wrapper\" href=\"https:\/\/galerie-artima.com\/en\/shop\/keymi-rumeur-encadree-lenigmatique-lettre\" aria-label=\"Keymi I Rumeur Encadr\u00e9e L&#8217;\u00e9nigmatique lettre\"><\/a>\n\t<\/div>\n<\/div>\n<\/div>\n<\/div>\n<div class=\"fusion-product-content\">\n\t<div class=\"product-details\">\n\t\t<div class=\"product-details-container\">\n<h3 class=\"product-title\">\n\t<a href=\"https:\/\/galerie-artima.com\/en\/shop\/keymi-rumeur-encadree-lenigmatique-lettre\">\n\t\tKeymi I Rumeur Encadr\u00e9e L&#8217;\u00e9nigmatique lettre\t<\/a>\n<\/h3>\n<div class=\"fusion-price-rating\">\n\n\t<span class=\"price\"><span class=\"woocommerce-Price-amount amount\"><bdi>990,00<span class=\"woocommerce-Price-currencySymbol\">&euro;<\/span><\/bdi><\/span><\/span>\n\t\t<\/div>\n\t<\/div>\n<\/div>\n\n\t<\/div> \n\n\n<\/div>\n<\/li>\n<li class=\"product type-product post-10631 status-publish last instock product_cat-all product_cat-painting has-post-thumbnail sold-individually shipping-taxable purchasable product-type-simple product-grid-view\">\n\t<div class=\"fusion-product-wrapper\">\n\n<div class=\"fusion-clean-product-image-wrapper \">\n\t<div  class=\"fusion-image-wrapper fusion-image-size-fixed\" aria-haspopup=\"true\">\n\t\t\t\t<img decoding=\"async\" width=\"500\" height=\"500\" src=\"https:\/\/galerie-artima.com\/wp-content\/uploads\/2025\/05\/KEYMI-Le-duel-60x30cm-Peinture-acrylique-sur-polystyrene-resine-2025-500x500.jpg\" class=\"attachment-woocommerce_thumbnail size-woocommerce_thumbnail lazyload wp-post-image\" alt=\"\" srcset=\"data:image\/svg+xml,%3Csvg%20xmlns%3D%27http%3A%2F%2Fwww.w3.org%2F2000%2Fsvg%27%20width%3D%271200%27%20height%3D%271200%27%20viewBox%3D%270%200%201200%201200%27%3E%3Crect%20width%3D%271200%27%20height%3D%271200%27%20fill-opacity%3D%220%22%2F%3E%3C%2Fsvg%3E\" data-orig-src=\"https:\/\/galerie-artima.com\/wp-content\/uploads\/2025\/05\/KEYMI-Le-duel-60x30cm-Peinture-acrylique-sur-polystyrene-resine-2025-500x500.jpg\" data-srcset=\"https:\/\/galerie-artima.com\/wp-content\/uploads\/2025\/05\/KEYMI-Le-duel-60x30cm-Peinture-acrylique-sur-polystyrene-resine-2025-66x66.jpg 66w, https:\/\/galerie-artima.com\/wp-content\/uploads\/2025\/05\/KEYMI-Le-duel-60x30cm-Peinture-acrylique-sur-polystyrene-resine-2025-96x96.jpg 96w, https:\/\/galerie-artima.com\/wp-content\/uploads\/2025\/05\/KEYMI-Le-duel-60x30cm-Peinture-acrylique-sur-polystyrene-resine-2025-150x150.jpg 150w, https:\/\/galerie-artima.com\/wp-content\/uploads\/2025\/05\/KEYMI-Le-duel-60x30cm-Peinture-acrylique-sur-polystyrene-resine-2025-200x200.jpg 200w, https:\/\/galerie-artima.com\/wp-content\/uploads\/2025\/05\/KEYMI-Le-duel-60x30cm-Peinture-acrylique-sur-polystyrene-resine-2025-300x300.jpg 300w, https:\/\/galerie-artima.com\/wp-content\/uploads\/2025\/05\/KEYMI-Le-duel-60x30cm-Peinture-acrylique-sur-polystyrene-resine-2025-400x400.jpg 400w, https:\/\/galerie-artima.com\/wp-content\/uploads\/2025\/05\/KEYMI-Le-duel-60x30cm-Peinture-acrylique-sur-polystyrene-resine-2025-500x500.jpg 500w, https:\/\/galerie-artima.com\/wp-content\/uploads\/2025\/05\/KEYMI-Le-duel-60x30cm-Peinture-acrylique-sur-polystyrene-resine-2025-600x600.jpg 600w, https:\/\/galerie-artima.com\/wp-content\/uploads\/2025\/05\/KEYMI-Le-duel-60x30cm-Peinture-acrylique-sur-polystyrene-resine-2025-768x768.jpg 768w, https:\/\/galerie-artima.com\/wp-content\/uploads\/2025\/05\/KEYMI-Le-duel-60x30cm-Peinture-acrylique-sur-polystyrene-resine-2025-800x800.jpg 800w, https:\/\/galerie-artima.com\/wp-content\/uploads\/2025\/05\/KEYMI-Le-duel-60x30cm-Peinture-acrylique-sur-polystyrene-resine-2025-1024x1024.jpg 1024w, https:\/\/galerie-artima.com\/wp-content\/uploads\/2025\/05\/KEYMI-Le-duel-60x30cm-Peinture-acrylique-sur-polystyrene-resine-2025.jpg 1200w\" data-sizes=\"auto\" \/><div class=\"fusion-rollover\">\n\t<div class=\"fusion-rollover-content\">\n\n\t\t\t\t\n\t\t\n\t\t\t\t\t\t\t\t\n\t\t\t\t\t\t\t\t\n\t\t\n\t\t\t\t\t\t\t\t\t\t\t\t\t\t\t\n\t\t\t\t\t\t\n\t\t\t\t\t\t\t\t\t\t<div class=\"fusion-product-buttons\">\n\t\t\t\t\t<a href=\"\/en\/wp-json\/wp\/v2\/pages\/6?add-to-cart=10631\" aria-describedby=\"woocommerce_loop_add_to_cart_link_describedby_10631\" data-quantity=\"1\" class=\"button product_type_simple add_to_cart_button ajax_add_to_cart\" data-product_id=\"10631\" data-product_sku=\"\" aria-label=\"Add to cart: &ldquo;Keymi I Rumeur encadr\u00e9e L&#039;intenable secret&rdquo;\" rel=\"nofollow\">Add to cart<\/a>\t<span id=\"woocommerce_loop_add_to_cart_link_describedby_10631\" class=\"screen-reader-text\">\n\t\t\t<\/span>\n<span class=\"fusion-rollover-linebreak\">\n\t\/<\/span>\n\n<a href=\"https:\/\/galerie-artima.com\/en\/shop\/keymi-rumeur-encadree-lintenable-secret\" class=\"show_details_button\">\n\tDetails<\/a>\n\n\t\t\t\t<\/div>\n\t\t\t\t\t\t\t\t\t<a class=\"fusion-link-wrapper\" href=\"https:\/\/galerie-artima.com\/en\/shop\/keymi-rumeur-encadree-lintenable-secret\" aria-label=\"Keymi I Rumeur encadr\u00e9e L&#8217;intenable secret\"><\/a>\n\t<\/div>\n<\/div>\n<\/div>\n<\/div>\n<div class=\"fusion-product-content\">\n\t<div class=\"product-details\">\n\t\t<div class=\"product-details-container\">\n<h3 class=\"product-title\">\n\t<a href=\"https:\/\/galerie-artima.com\/en\/shop\/keymi-rumeur-encadree-lintenable-secret\">\n\t\tKeymi I Rumeur encadr\u00e9e L&#8217;intenable secret\t<\/a>\n<\/h3>\n<div class=\"fusion-price-rating\">\n\n\t<span class=\"price\"><span class=\"woocommerce-Price-amount amount\"><bdi>990,00<span class=\"woocommerce-Price-currencySymbol\">&euro;<\/span><\/bdi><\/span><\/span>\n\t\t<\/div>\n\t<\/div>\n<\/div>\n\n\t<\/div> \n\n\n<\/div>\n<\/li>\n<li class=\"product type-product post-16601 status-publish first instock product_cat-all product_cat-painting has-post-thumbnail sold-individually shipping-taxable purchasable product-type-simple product-grid-view\">\n\t<div class=\"fusion-product-wrapper\">\n\n<div class=\"fusion-clean-product-image-wrapper \">\n\t<div  class=\"fusion-image-wrapper fusion-image-size-fixed\" aria-haspopup=\"true\">\n\t\t\t\t<img decoding=\"async\" width=\"500\" height=\"500\" src=\"https:\/\/galerie-artima.com\/wp-content\/uploads\/2025\/05\/KEYMI-Lultime-composition-60x30cm-Peinture-acrylique-sur-polystyrene-resine-2025-500x500.jpg\" class=\"attachment-woocommerce_thumbnail size-woocommerce_thumbnail lazyload wp-post-image\" alt=\"\" srcset=\"data:image\/svg+xml,%3Csvg%20xmlns%3D%27http%3A%2F%2Fwww.w3.org%2F2000%2Fsvg%27%20width%3D%271200%27%20height%3D%271200%27%20viewBox%3D%270%200%201200%201200%27%3E%3Crect%20width%3D%271200%27%20height%3D%271200%27%20fill-opacity%3D%220%22%2F%3E%3C%2Fsvg%3E\" data-orig-src=\"https:\/\/galerie-artima.com\/wp-content\/uploads\/2025\/05\/KEYMI-Lultime-composition-60x30cm-Peinture-acrylique-sur-polystyrene-resine-2025-500x500.jpg\" data-srcset=\"https:\/\/galerie-artima.com\/wp-content\/uploads\/2025\/05\/KEYMI-Lultime-composition-60x30cm-Peinture-acrylique-sur-polystyrene-resine-2025-66x66.jpg 66w, https:\/\/galerie-artima.com\/wp-content\/uploads\/2025\/05\/KEYMI-Lultime-composition-60x30cm-Peinture-acrylique-sur-polystyrene-resine-2025-96x96.jpg 96w, https:\/\/galerie-artima.com\/wp-content\/uploads\/2025\/05\/KEYMI-Lultime-composition-60x30cm-Peinture-acrylique-sur-polystyrene-resine-2025-150x150.jpg 150w, https:\/\/galerie-artima.com\/wp-content\/uploads\/2025\/05\/KEYMI-Lultime-composition-60x30cm-Peinture-acrylique-sur-polystyrene-resine-2025-200x200.jpg 200w, https:\/\/galerie-artima.com\/wp-content\/uploads\/2025\/05\/KEYMI-Lultime-composition-60x30cm-Peinture-acrylique-sur-polystyrene-resine-2025-300x300.jpg 300w, https:\/\/galerie-artima.com\/wp-content\/uploads\/2025\/05\/KEYMI-Lultime-composition-60x30cm-Peinture-acrylique-sur-polystyrene-resine-2025-400x400.jpg 400w, https:\/\/galerie-artima.com\/wp-content\/uploads\/2025\/05\/KEYMI-Lultime-composition-60x30cm-Peinture-acrylique-sur-polystyrene-resine-2025-500x500.jpg 500w, https:\/\/galerie-artima.com\/wp-content\/uploads\/2025\/05\/KEYMI-Lultime-composition-60x30cm-Peinture-acrylique-sur-polystyrene-resine-2025-600x600.jpg 600w, https:\/\/galerie-artima.com\/wp-content\/uploads\/2025\/05\/KEYMI-Lultime-composition-60x30cm-Peinture-acrylique-sur-polystyrene-resine-2025-768x768.jpg 768w, https:\/\/galerie-artima.com\/wp-content\/uploads\/2025\/05\/KEYMI-Lultime-composition-60x30cm-Peinture-acrylique-sur-polystyrene-resine-2025-800x800.jpg 800w, https:\/\/galerie-artima.com\/wp-content\/uploads\/2025\/05\/KEYMI-Lultime-composition-60x30cm-Peinture-acrylique-sur-polystyrene-resine-2025-1024x1024.jpg 1024w, https:\/\/galerie-artima.com\/wp-content\/uploads\/2025\/05\/KEYMI-Lultime-composition-60x30cm-Peinture-acrylique-sur-polystyrene-resine-2025.jpg 1200w\" data-sizes=\"auto\" \/><div class=\"fusion-rollover\">\n\t<div class=\"fusion-rollover-content\">\n\n\t\t\t\t\n\t\t\n\t\t\t\t\t\t\t\t\n\t\t\t\t\t\t\t\t\n\t\t\n\t\t\t\t\t\t\t\t\t\t\t\t\t\t\t\n\t\t\t\t\t\t\n\t\t\t\t\t\t\t\t\t\t<div class=\"fusion-product-buttons\">\n\t\t\t\t\t<a href=\"\/en\/wp-json\/wp\/v2\/pages\/6?add-to-cart=16601\" aria-describedby=\"woocommerce_loop_add_to_cart_link_describedby_16601\" data-quantity=\"1\" class=\"button product_type_simple add_to_cart_button ajax_add_to_cart\" data-product_id=\"16601\" data-product_sku=\"\" aria-label=\"Add to cart: &ldquo;Keymi I Rumeur Encadr\u00e9e L&#039;ultime composition&rdquo;\" rel=\"nofollow\">Add to cart<\/a>\t<span id=\"woocommerce_loop_add_to_cart_link_describedby_16601\" class=\"screen-reader-text\">\n\t\t\t<\/span>\n<span class=\"fusion-rollover-linebreak\">\n\t\/<\/span>\n\n<a href=\"https:\/\/galerie-artima.com\/en\/shop\/keymi-rumeur-encadree-lultime-composition\" class=\"show_details_button\">\n\tDetails<\/a>\n\n\t\t\t\t<\/div>\n\t\t\t\t\t\t\t\t\t<a class=\"fusion-link-wrapper\" href=\"https:\/\/galerie-artima.com\/en\/shop\/keymi-rumeur-encadree-lultime-composition\" aria-label=\"Keymi I Rumeur Encadr\u00e9e L&#8217;ultime composition\"><\/a>\n\t<\/div>\n<\/div>\n<\/div>\n<\/div>\n<div class=\"fusion-product-content\">\n\t<div class=\"product-details\">\n\t\t<div class=\"product-details-container\">\n<h3 class=\"product-title\">\n\t<a href=\"https:\/\/galerie-artima.com\/en\/shop\/keymi-rumeur-encadree-lultime-composition\">\n\t\tKeymi I Rumeur Encadr\u00e9e L&#8217;ultime composition\t<\/a>\n<\/h3>\n<div class=\"fusion-price-rating\">\n\n\t<span class=\"price\"><span class=\"woocommerce-Price-amount amount\"><bdi>990,00<span class=\"woocommerce-Price-currencySymbol\">&euro;<\/span><\/bdi><\/span><\/span>\n\t\t<\/div>\n\t<\/div>\n<\/div>\n\n\t<\/div> \n\n\n<\/div>\n<\/li>\n<li class=\"product type-product post-16616 status-publish instock product_cat-all product_cat-painting has-post-thumbnail sold-individually shipping-taxable purchasable product-type-simple product-grid-view\">\n\t<div class=\"fusion-product-wrapper\">\n\n<div class=\"fusion-clean-product-image-wrapper \">\n\t<div  class=\"fusion-image-wrapper fusion-image-size-fixed\" aria-haspopup=\"true\">\n\t\t\t\t<img decoding=\"async\" width=\"500\" height=\"500\" src=\"https:\/\/galerie-artima.com\/wp-content\/uploads\/2023\/05\/KEYMI-Rumeur-encadree-N\u00b0936-Messe-noire-Peinture-acrylique-sur-polystyrene-resine-64x54cm-2024-500x500.jpg\" class=\"attachment-woocommerce_thumbnail size-woocommerce_thumbnail lazyload wp-post-image\" alt=\"\" srcset=\"data:image\/svg+xml,%3Csvg%20xmlns%3D%27http%3A%2F%2Fwww.w3.org%2F2000%2Fsvg%27%20width%3D%271200%27%20height%3D%271200%27%20viewBox%3D%270%200%201200%201200%27%3E%3Crect%20width%3D%271200%27%20height%3D%271200%27%20fill-opacity%3D%220%22%2F%3E%3C%2Fsvg%3E\" data-orig-src=\"https:\/\/galerie-artima.com\/wp-content\/uploads\/2023\/05\/KEYMI-Rumeur-encadree-N\u00b0936-Messe-noire-Peinture-acrylique-sur-polystyrene-resine-64x54cm-2024-500x500.jpg\" data-srcset=\"https:\/\/galerie-artima.com\/wp-content\/uploads\/2023\/05\/KEYMI-Rumeur-encadree-N\u00b0936-Messe-noire-Peinture-acrylique-sur-polystyrene-resine-64x54cm-2024-66x66.jpg 66w, https:\/\/galerie-artima.com\/wp-content\/uploads\/2023\/05\/KEYMI-Rumeur-encadree-N\u00b0936-Messe-noire-Peinture-acrylique-sur-polystyrene-resine-64x54cm-2024-96x96.jpg 96w, https:\/\/galerie-artima.com\/wp-content\/uploads\/2023\/05\/KEYMI-Rumeur-encadree-N\u00b0936-Messe-noire-Peinture-acrylique-sur-polystyrene-resine-64x54cm-2024-150x150.jpg 150w, https:\/\/galerie-artima.com\/wp-content\/uploads\/2023\/05\/KEYMI-Rumeur-encadree-N\u00b0936-Messe-noire-Peinture-acrylique-sur-polystyrene-resine-64x54cm-2024-200x200.jpg 200w, https:\/\/galerie-artima.com\/wp-content\/uploads\/2023\/05\/KEYMI-Rumeur-encadree-N\u00b0936-Messe-noire-Peinture-acrylique-sur-polystyrene-resine-64x54cm-2024-300x300.jpg 300w, https:\/\/galerie-artima.com\/wp-content\/uploads\/2023\/05\/KEYMI-Rumeur-encadree-N\u00b0936-Messe-noire-Peinture-acrylique-sur-polystyrene-resine-64x54cm-2024-400x400.jpg 400w, https:\/\/galerie-artima.com\/wp-content\/uploads\/2023\/05\/KEYMI-Rumeur-encadree-N\u00b0936-Messe-noire-Peinture-acrylique-sur-polystyrene-resine-64x54cm-2024-500x500.jpg 500w, https:\/\/galerie-artima.com\/wp-content\/uploads\/2023\/05\/KEYMI-Rumeur-encadree-N\u00b0936-Messe-noire-Peinture-acrylique-sur-polystyrene-resine-64x54cm-2024-600x600.jpg 600w, https:\/\/galerie-artima.com\/wp-content\/uploads\/2023\/05\/KEYMI-Rumeur-encadree-N\u00b0936-Messe-noire-Peinture-acrylique-sur-polystyrene-resine-64x54cm-2024-768x768.jpg 768w, https:\/\/galerie-artima.com\/wp-content\/uploads\/2023\/05\/KEYMI-Rumeur-encadree-N\u00b0936-Messe-noire-Peinture-acrylique-sur-polystyrene-resine-64x54cm-2024-800x800.jpg 800w, https:\/\/galerie-artima.com\/wp-content\/uploads\/2023\/05\/KEYMI-Rumeur-encadree-N\u00b0936-Messe-noire-Peinture-acrylique-sur-polystyrene-resine-64x54cm-2024-1024x1024.jpg 1024w, https:\/\/galerie-artima.com\/wp-content\/uploads\/2023\/05\/KEYMI-Rumeur-encadree-N\u00b0936-Messe-noire-Peinture-acrylique-sur-polystyrene-resine-64x54cm-2024.jpg 1200w\" data-sizes=\"auto\" \/><div class=\"fusion-rollover\">\n\t<div class=\"fusion-rollover-content\">\n\n\t\t\t\t\n\t\t\n\t\t\t\t\t\t\t\t\n\t\t\t\t\t\t\t\t\n\t\t\n\t\t\t\t\t\t\t\t\t\t\t\t\t\t\t\n\t\t\t\t\t\t\n\t\t\t\t\t\t\t\t\t\t<div class=\"fusion-product-buttons\">\n\t\t\t\t\t<a href=\"\/en\/wp-json\/wp\/v2\/pages\/6?add-to-cart=16616\" aria-describedby=\"woocommerce_loop_add_to_cart_link_describedby_16616\" data-quantity=\"1\" class=\"button product_type_simple add_to_cart_button ajax_add_to_cart\" data-product_id=\"16616\" data-product_sku=\"\" aria-label=\"Add to cart: &ldquo;Keymi I Rumeur Encadr\u00e9e Messe noire&rdquo;\" rel=\"nofollow\">Add to cart<\/a>\t<span id=\"woocommerce_loop_add_to_cart_link_describedby_16616\" class=\"screen-reader-text\">\n\t\t\t<\/span>\n<span class=\"fusion-rollover-linebreak\">\n\t\/<\/span>\n\n<a href=\"https:\/\/galerie-artima.com\/en\/shop\/keymi-rumeur-encadree-messe-noire\" class=\"show_details_button\">\n\tDetails<\/a>\n\n\t\t\t\t<\/div>\n\t\t\t\t\t\t\t\t\t<a class=\"fusion-link-wrapper\" href=\"https:\/\/galerie-artima.com\/en\/shop\/keymi-rumeur-encadree-messe-noire\" aria-label=\"Keymi I Rumeur Encadr\u00e9e Messe noire\"><\/a>\n\t<\/div>\n<\/div>\n<\/div>\n<\/div>\n<div class=\"fusion-product-content\">\n\t<div class=\"product-details\">\n\t\t<div class=\"product-details-container\">\n<h3 class=\"product-title\">\n\t<a href=\"https:\/\/galerie-artima.com\/en\/shop\/keymi-rumeur-encadree-messe-noire\">\n\t\tKeymi I Rumeur Encadr\u00e9e Messe noire\t<\/a>\n<\/h3>\n<div class=\"fusion-price-rating\">\n\n\t<span class=\"price\"><span class=\"woocommerce-Price-amount amount\"><bdi>1200,00<span class=\"woocommerce-Price-currencySymbol\">&euro;<\/span><\/bdi><\/span><\/span>\n\t\t<\/div>\n\t<\/div>\n<\/div>\n\n\t<\/div> \n\n\n<\/div>\n<\/li>\n<li class=\"product type-product post-13726 status-publish last instock product_cat-all product_cat-painting has-post-thumbnail sold-individually shipping-taxable purchasable product-type-simple product-grid-view\">\n\t<div class=\"fusion-product-wrapper\">\n\n<div class=\"fusion-clean-product-image-wrapper \">\n\t<div  class=\"fusion-image-wrapper fusion-image-size-fixed\" aria-haspopup=\"true\">\n\t\t\t\t<img decoding=\"async\" width=\"500\" height=\"500\" src=\"https:\/\/galerie-artima.com\/wp-content\/uploads\/2023\/12\/KEYMI-Rumeur-encadree-N\u00b0566-Peinture-acrylique-sur-polystyrene-resine-64x54cm-2020-500x500.jpg\" class=\"attachment-woocommerce_thumbnail size-woocommerce_thumbnail lazyload wp-post-image\" alt=\"\" srcset=\"data:image\/svg+xml,%3Csvg%20xmlns%3D%27http%3A%2F%2Fwww.w3.org%2F2000%2Fsvg%27%20width%3D%271200%27%20height%3D%271200%27%20viewBox%3D%270%200%201200%201200%27%3E%3Crect%20width%3D%271200%27%20height%3D%271200%27%20fill-opacity%3D%220%22%2F%3E%3C%2Fsvg%3E\" data-orig-src=\"https:\/\/galerie-artima.com\/wp-content\/uploads\/2023\/12\/KEYMI-Rumeur-encadree-N\u00b0566-Peinture-acrylique-sur-polystyrene-resine-64x54cm-2020-500x500.jpg\" data-srcset=\"https:\/\/galerie-artima.com\/wp-content\/uploads\/2023\/12\/KEYMI-Rumeur-encadree-N\u00b0566-Peinture-acrylique-sur-polystyrene-resine-64x54cm-2020-66x66.jpg 66w, https:\/\/galerie-artima.com\/wp-content\/uploads\/2023\/12\/KEYMI-Rumeur-encadree-N\u00b0566-Peinture-acrylique-sur-polystyrene-resine-64x54cm-2020-96x96.jpg 96w, https:\/\/galerie-artima.com\/wp-content\/uploads\/2023\/12\/KEYMI-Rumeur-encadree-N\u00b0566-Peinture-acrylique-sur-polystyrene-resine-64x54cm-2020-150x150.jpg 150w, https:\/\/galerie-artima.com\/wp-content\/uploads\/2023\/12\/KEYMI-Rumeur-encadree-N\u00b0566-Peinture-acrylique-sur-polystyrene-resine-64x54cm-2020-200x200.jpg 200w, https:\/\/galerie-artima.com\/wp-content\/uploads\/2023\/12\/KEYMI-Rumeur-encadree-N\u00b0566-Peinture-acrylique-sur-polystyrene-resine-64x54cm-2020-300x300.jpg 300w, https:\/\/galerie-artima.com\/wp-content\/uploads\/2023\/12\/KEYMI-Rumeur-encadree-N\u00b0566-Peinture-acrylique-sur-polystyrene-resine-64x54cm-2020-400x400.jpg 400w, https:\/\/galerie-artima.com\/wp-content\/uploads\/2023\/12\/KEYMI-Rumeur-encadree-N\u00b0566-Peinture-acrylique-sur-polystyrene-resine-64x54cm-2020-500x500.jpg 500w, https:\/\/galerie-artima.com\/wp-content\/uploads\/2023\/12\/KEYMI-Rumeur-encadree-N\u00b0566-Peinture-acrylique-sur-polystyrene-resine-64x54cm-2020-600x600.jpg 600w, https:\/\/galerie-artima.com\/wp-content\/uploads\/2023\/12\/KEYMI-Rumeur-encadree-N\u00b0566-Peinture-acrylique-sur-polystyrene-resine-64x54cm-2020-768x768.jpg 768w, https:\/\/galerie-artima.com\/wp-content\/uploads\/2023\/12\/KEYMI-Rumeur-encadree-N\u00b0566-Peinture-acrylique-sur-polystyrene-resine-64x54cm-2020-800x800.jpg 800w, https:\/\/galerie-artima.com\/wp-content\/uploads\/2023\/12\/KEYMI-Rumeur-encadree-N\u00b0566-Peinture-acrylique-sur-polystyrene-resine-64x54cm-2020-1024x1024.jpg 1024w, https:\/\/galerie-artima.com\/wp-content\/uploads\/2023\/12\/KEYMI-Rumeur-encadree-N\u00b0566-Peinture-acrylique-sur-polystyrene-resine-64x54cm-2020.jpg 1200w\" data-sizes=\"auto\" \/><div class=\"fusion-rollover\">\n\t<div class=\"fusion-rollover-content\">\n\n\t\t\t\t\n\t\t\n\t\t\t\t\t\t\t\t\n\t\t\t\t\t\t\t\t\n\t\t\n\t\t\t\t\t\t\t\t\t\t\t\t\t\t\t\n\t\t\t\t\t\t\n\t\t\t\t\t\t\t\t\t\t<div class=\"fusion-product-buttons\">\n\t\t\t\t\t<a href=\"\/en\/wp-json\/wp\/v2\/pages\/6?add-to-cart=13726\" aria-describedby=\"woocommerce_loop_add_to_cart_link_describedby_13726\" data-quantity=\"1\" class=\"button product_type_simple add_to_cart_button ajax_add_to_cart\" data-product_id=\"13726\" data-product_sku=\"\" aria-label=\"Add to cart: &ldquo;Keymi I Rumeur Encadr\u00e9e N\u00b0566&rdquo;\" rel=\"nofollow\">Add to cart<\/a>\t<span id=\"woocommerce_loop_add_to_cart_link_describedby_13726\" class=\"screen-reader-text\">\n\t\t\t<\/span>\n<span class=\"fusion-rollover-linebreak\">\n\t\/<\/span>\n\n<a href=\"https:\/\/galerie-artima.com\/en\/shop\/keymi-rumeur-encadree-n566\" class=\"show_details_button\">\n\tDetails<\/a>\n\n\t\t\t\t<\/div>\n\t\t\t\t\t\t\t\t\t<a class=\"fusion-link-wrapper\" href=\"https:\/\/galerie-artima.com\/en\/shop\/keymi-rumeur-encadree-n566\" aria-label=\"Keymi I Rumeur Encadr\u00e9e N\u00b0566\"><\/a>\n\t<\/div>\n<\/div>\n<\/div>\n<\/div>\n<div class=\"fusion-product-content\">\n\t<div class=\"product-details\">\n\t\t<div class=\"product-details-container\">\n<h3 class=\"product-title\">\n\t<a href=\"https:\/\/galerie-artima.com\/en\/shop\/keymi-rumeur-encadree-n566\">\n\t\tKeymi I Rumeur Encadr\u00e9e N\u00b0566\t<\/a>\n<\/h3>\n<div class=\"fusion-price-rating\">\n\n\t<span class=\"price\"><span class=\"woocommerce-Price-amount amount\"><bdi>1200,00<span class=\"woocommerce-Price-currencySymbol\">&euro;<\/span><\/bdi><\/span><\/span>\n\t\t<\/div>\n\t<\/div>\n<\/div>\n\n\t<\/div> \n\n\n<\/div>\n<\/li>\n<li class=\"product type-product post-16618 status-publish first instock product_cat-all product_cat-painting has-post-thumbnail sold-individually shipping-taxable purchasable product-type-simple product-grid-view\">\n\t<div class=\"fusion-product-wrapper\">\n\n<div class=\"fusion-clean-product-image-wrapper \">\n\t<div  class=\"fusion-image-wrapper fusion-image-size-fixed\" aria-haspopup=\"true\">\n\t\t\t\t<img decoding=\"async\" width=\"500\" height=\"500\" src=\"https:\/\/galerie-artima.com\/wp-content\/uploads\/2025\/05\/KEYMI-Supa-hero-60x30cm-Peinture-acrylique-sur-polystyrene-resine-2025-500x500.jpg\" class=\"attachment-woocommerce_thumbnail size-woocommerce_thumbnail lazyload wp-post-image\" alt=\"\" srcset=\"data:image\/svg+xml,%3Csvg%20xmlns%3D%27http%3A%2F%2Fwww.w3.org%2F2000%2Fsvg%27%20width%3D%271200%27%20height%3D%271200%27%20viewBox%3D%270%200%201200%201200%27%3E%3Crect%20width%3D%271200%27%20height%3D%271200%27%20fill-opacity%3D%220%22%2F%3E%3C%2Fsvg%3E\" data-orig-src=\"https:\/\/galerie-artima.com\/wp-content\/uploads\/2025\/05\/KEYMI-Supa-hero-60x30cm-Peinture-acrylique-sur-polystyrene-resine-2025-500x500.jpg\" data-srcset=\"https:\/\/galerie-artima.com\/wp-content\/uploads\/2025\/05\/KEYMI-Supa-hero-60x30cm-Peinture-acrylique-sur-polystyrene-resine-2025-66x66.jpg 66w, https:\/\/galerie-artima.com\/wp-content\/uploads\/2025\/05\/KEYMI-Supa-hero-60x30cm-Peinture-acrylique-sur-polystyrene-resine-2025-96x96.jpg 96w, https:\/\/galerie-artima.com\/wp-content\/uploads\/2025\/05\/KEYMI-Supa-hero-60x30cm-Peinture-acrylique-sur-polystyrene-resine-2025-150x150.jpg 150w, https:\/\/galerie-artima.com\/wp-content\/uploads\/2025\/05\/KEYMI-Supa-hero-60x30cm-Peinture-acrylique-sur-polystyrene-resine-2025-200x200.jpg 200w, https:\/\/galerie-artima.com\/wp-content\/uploads\/2025\/05\/KEYMI-Supa-hero-60x30cm-Peinture-acrylique-sur-polystyrene-resine-2025-300x300.jpg 300w, https:\/\/galerie-artima.com\/wp-content\/uploads\/2025\/05\/KEYMI-Supa-hero-60x30cm-Peinture-acrylique-sur-polystyrene-resine-2025-400x400.jpg 400w, https:\/\/galerie-artima.com\/wp-content\/uploads\/2025\/05\/KEYMI-Supa-hero-60x30cm-Peinture-acrylique-sur-polystyrene-resine-2025-500x500.jpg 500w, https:\/\/galerie-artima.com\/wp-content\/uploads\/2025\/05\/KEYMI-Supa-hero-60x30cm-Peinture-acrylique-sur-polystyrene-resine-2025-600x600.jpg 600w, https:\/\/galerie-artima.com\/wp-content\/uploads\/2025\/05\/KEYMI-Supa-hero-60x30cm-Peinture-acrylique-sur-polystyrene-resine-2025-768x768.jpg 768w, https:\/\/galerie-artima.com\/wp-content\/uploads\/2025\/05\/KEYMI-Supa-hero-60x30cm-Peinture-acrylique-sur-polystyrene-resine-2025-800x800.jpg 800w, https:\/\/galerie-artima.com\/wp-content\/uploads\/2025\/05\/KEYMI-Supa-hero-60x30cm-Peinture-acrylique-sur-polystyrene-resine-2025-1024x1024.jpg 1024w, https:\/\/galerie-artima.com\/wp-content\/uploads\/2025\/05\/KEYMI-Supa-hero-60x30cm-Peinture-acrylique-sur-polystyrene-resine-2025.jpg 1200w\" data-sizes=\"auto\" \/><div class=\"fusion-rollover\">\n\t<div class=\"fusion-rollover-content\">\n\n\t\t\t\t\n\t\t\n\t\t\t\t\t\t\t\t\n\t\t\t\t\t\t\t\t\n\t\t\n\t\t\t\t\t\t\t\t\t\t\t\t\t\t\t\n\t\t\t\t\t\t\n\t\t\t\t\t\t\t\t\t\t<div class=\"fusion-product-buttons\">\n\t\t\t\t\t<a href=\"\/en\/wp-json\/wp\/v2\/pages\/6?add-to-cart=16618\" aria-describedby=\"woocommerce_loop_add_to_cart_link_describedby_16618\" data-quantity=\"1\" class=\"button product_type_simple add_to_cart_button ajax_add_to_cart\" data-product_id=\"16618\" data-product_sku=\"\" aria-label=\"Add to cart: &ldquo;Keymi I Rumeur Encadr\u00e9e Supa Hero&rdquo;\" rel=\"nofollow\">Add to cart<\/a>\t<span id=\"woocommerce_loop_add_to_cart_link_describedby_16618\" class=\"screen-reader-text\">\n\t\t\t<\/span>\n<span class=\"fusion-rollover-linebreak\">\n\t\/<\/span>\n\n<a href=\"https:\/\/galerie-artima.com\/en\/shop\/keymi-rumeur-encadree-supa-hero\" class=\"show_details_button\">\n\tDetails<\/a>\n\n\t\t\t\t<\/div>\n\t\t\t\t\t\t\t\t\t<a class=\"fusion-link-wrapper\" href=\"https:\/\/galerie-artima.com\/en\/shop\/keymi-rumeur-encadree-supa-hero\" aria-label=\"Keymi I Rumeur Encadr\u00e9e Supa Hero\"><\/a>\n\t<\/div>\n<\/div>\n<\/div>\n<\/div>\n<div class=\"fusion-product-content\">\n\t<div class=\"product-details\">\n\t\t<div class=\"product-details-container\">\n<h3 class=\"product-title\">\n\t<a href=\"https:\/\/galerie-artima.com\/en\/shop\/keymi-rumeur-encadree-supa-hero\">\n\t\tKeymi I Rumeur Encadr\u00e9e Supa Hero\t<\/a>\n<\/h3>\n<div class=\"fusion-price-rating\">\n\n\t<span class=\"price\"><span class=\"woocommerce-Price-amount amount\"><bdi>990,00<span class=\"woocommerce-Price-currencySymbol\">&euro;<\/span><\/bdi><\/span><\/span>\n\t\t<\/div>\n\t<\/div>\n<\/div>\n\n\t<\/div> \n\n\n<\/div>\n<\/li>\n<li class=\"product type-product post-16610 status-publish instock product_cat-all product_cat-painting has-post-thumbnail sold-individually shipping-taxable purchasable product-type-simple product-grid-view\">\n\t<div class=\"fusion-product-wrapper\">\n\n<div class=\"fusion-clean-product-image-wrapper \">\n\t<div  class=\"fusion-image-wrapper fusion-image-size-fixed\" aria-haspopup=\"true\">\n\t\t\t\t<img decoding=\"async\" width=\"500\" height=\"500\" src=\"https:\/\/galerie-artima.com\/wp-content\/uploads\/2025\/05\/KEYMI-Tout-le-monde-savait-60x30cm-Peinture-acrylique-sur-polystyrene-resine-2025-500x500.jpg\" class=\"attachment-woocommerce_thumbnail size-woocommerce_thumbnail lazyload wp-post-image\" alt=\"\" srcset=\"data:image\/svg+xml,%3Csvg%20xmlns%3D%27http%3A%2F%2Fwww.w3.org%2F2000%2Fsvg%27%20width%3D%271200%27%20height%3D%271200%27%20viewBox%3D%270%200%201200%201200%27%3E%3Crect%20width%3D%271200%27%20height%3D%271200%27%20fill-opacity%3D%220%22%2F%3E%3C%2Fsvg%3E\" data-orig-src=\"https:\/\/galerie-artima.com\/wp-content\/uploads\/2025\/05\/KEYMI-Tout-le-monde-savait-60x30cm-Peinture-acrylique-sur-polystyrene-resine-2025-500x500.jpg\" data-srcset=\"https:\/\/galerie-artima.com\/wp-content\/uploads\/2025\/05\/KEYMI-Tout-le-monde-savait-60x30cm-Peinture-acrylique-sur-polystyrene-resine-2025-66x66.jpg 66w, https:\/\/galerie-artima.com\/wp-content\/uploads\/2025\/05\/KEYMI-Tout-le-monde-savait-60x30cm-Peinture-acrylique-sur-polystyrene-resine-2025-96x96.jpg 96w, https:\/\/galerie-artima.com\/wp-content\/uploads\/2025\/05\/KEYMI-Tout-le-monde-savait-60x30cm-Peinture-acrylique-sur-polystyrene-resine-2025-150x150.jpg 150w, https:\/\/galerie-artima.com\/wp-content\/uploads\/2025\/05\/KEYMI-Tout-le-monde-savait-60x30cm-Peinture-acrylique-sur-polystyrene-resine-2025-200x200.jpg 200w, https:\/\/galerie-artima.com\/wp-content\/uploads\/2025\/05\/KEYMI-Tout-le-monde-savait-60x30cm-Peinture-acrylique-sur-polystyrene-resine-2025-300x300.jpg 300w, https:\/\/galerie-artima.com\/wp-content\/uploads\/2025\/05\/KEYMI-Tout-le-monde-savait-60x30cm-Peinture-acrylique-sur-polystyrene-resine-2025-400x400.jpg 400w, https:\/\/galerie-artima.com\/wp-content\/uploads\/2025\/05\/KEYMI-Tout-le-monde-savait-60x30cm-Peinture-acrylique-sur-polystyrene-resine-2025-500x500.jpg 500w, https:\/\/galerie-artima.com\/wp-content\/uploads\/2025\/05\/KEYMI-Tout-le-monde-savait-60x30cm-Peinture-acrylique-sur-polystyrene-resine-2025-600x600.jpg 600w, https:\/\/galerie-artima.com\/wp-content\/uploads\/2025\/05\/KEYMI-Tout-le-monde-savait-60x30cm-Peinture-acrylique-sur-polystyrene-resine-2025-768x768.jpg 768w, https:\/\/galerie-artima.com\/wp-content\/uploads\/2025\/05\/KEYMI-Tout-le-monde-savait-60x30cm-Peinture-acrylique-sur-polystyrene-resine-2025-800x800.jpg 800w, https:\/\/galerie-artima.com\/wp-content\/uploads\/2025\/05\/KEYMI-Tout-le-monde-savait-60x30cm-Peinture-acrylique-sur-polystyrene-resine-2025-1024x1024.jpg 1024w, https:\/\/galerie-artima.com\/wp-content\/uploads\/2025\/05\/KEYMI-Tout-le-monde-savait-60x30cm-Peinture-acrylique-sur-polystyrene-resine-2025.jpg 1200w\" data-sizes=\"auto\" \/><div class=\"fusion-rollover\">\n\t<div class=\"fusion-rollover-content\">\n\n\t\t\t\t\n\t\t\n\t\t\t\t\t\t\t\t\n\t\t\t\t\t\t\t\t\n\t\t\n\t\t\t\t\t\t\t\t\t\t\t\t\t\t\t\n\t\t\t\t\t\t\n\t\t\t\t\t\t\t\t\t\t<div class=\"fusion-product-buttons\">\n\t\t\t\t\t<a href=\"\/en\/wp-json\/wp\/v2\/pages\/6?add-to-cart=16610\" aria-describedby=\"woocommerce_loop_add_to_cart_link_describedby_16610\" data-quantity=\"1\" class=\"button product_type_simple add_to_cart_button ajax_add_to_cart\" data-product_id=\"16610\" data-product_sku=\"\" aria-label=\"Add to cart: &ldquo;Keymi I Rumeur Encadr\u00e9e Tout le monde savait&rdquo;\" rel=\"nofollow\">Add to cart<\/a>\t<span id=\"woocommerce_loop_add_to_cart_link_describedby_16610\" class=\"screen-reader-text\">\n\t\t\t<\/span>\n<span class=\"fusion-rollover-linebreak\">\n\t\/<\/span>\n\n<a href=\"https:\/\/galerie-artima.com\/en\/shop\/keymi-i-rumeur-encadree-tout-le-monde-savait\" class=\"show_details_button\">\n\tDetails<\/a>\n\n\t\t\t\t<\/div>\n\t\t\t\t\t\t\t\t\t<a class=\"fusion-link-wrapper\" href=\"https:\/\/galerie-artima.com\/en\/shop\/keymi-i-rumeur-encadree-tout-le-monde-savait\" aria-label=\"Keymi I Rumeur Encadr\u00e9e Tout le monde savait\"><\/a>\n\t<\/div>\n<\/div>\n<\/div>\n<\/div>\n<div class=\"fusion-product-content\">\n\t<div class=\"product-details\">\n\t\t<div class=\"product-details-container\">\n<h3 class=\"product-title\">\n\t<a href=\"https:\/\/galerie-artima.com\/en\/shop\/keymi-i-rumeur-encadree-tout-le-monde-savait\">\n\t\tKeymi I Rumeur Encadr\u00e9e Tout le monde savait\t<\/a>\n<\/h3>\n<div class=\"fusion-price-rating\">\n\n\t<span class=\"price\"><span class=\"woocommerce-Price-amount amount\"><bdi>990,00<span class=\"woocommerce-Price-currencySymbol\">&euro;<\/span><\/bdi><\/span><\/span>\n\t\t<\/div>\n\t<\/div>\n<\/div>\n\n\t<\/div> \n\n\n<\/div>\n<\/li>\n<li class=\"product type-product post-13694 status-publish last instock product_cat-all product_cat-painting has-post-thumbnail sold-individually shipping-taxable purchasable product-type-simple product-grid-view\">\n\t<div class=\"fusion-product-wrapper\">\n\n<div class=\"fusion-clean-product-image-wrapper \">\n\t<div  class=\"fusion-image-wrapper fusion-image-size-fixed\" aria-haspopup=\"true\">\n\t\t\t\t<img decoding=\"async\" width=\"500\" height=\"500\" src=\"https:\/\/galerie-artima.com\/wp-content\/uploads\/2025\/05\/KEYMI-Un-fauteuil-pour-trois-60x30cm-Peinture-acrylique-sur-polystyrene-resine-2025-500x500.jpg\" class=\"attachment-woocommerce_thumbnail size-woocommerce_thumbnail lazyload wp-post-image\" alt=\"\" srcset=\"data:image\/svg+xml,%3Csvg%20xmlns%3D%27http%3A%2F%2Fwww.w3.org%2F2000%2Fsvg%27%20width%3D%271200%27%20height%3D%271200%27%20viewBox%3D%270%200%201200%201200%27%3E%3Crect%20width%3D%271200%27%20height%3D%271200%27%20fill-opacity%3D%220%22%2F%3E%3C%2Fsvg%3E\" data-orig-src=\"https:\/\/galerie-artima.com\/wp-content\/uploads\/2025\/05\/KEYMI-Un-fauteuil-pour-trois-60x30cm-Peinture-acrylique-sur-polystyrene-resine-2025-500x500.jpg\" data-srcset=\"https:\/\/galerie-artima.com\/wp-content\/uploads\/2025\/05\/KEYMI-Un-fauteuil-pour-trois-60x30cm-Peinture-acrylique-sur-polystyrene-resine-2025-66x66.jpg 66w, https:\/\/galerie-artima.com\/wp-content\/uploads\/2025\/05\/KEYMI-Un-fauteuil-pour-trois-60x30cm-Peinture-acrylique-sur-polystyrene-resine-2025-96x96.jpg 96w, https:\/\/galerie-artima.com\/wp-content\/uploads\/2025\/05\/KEYMI-Un-fauteuil-pour-trois-60x30cm-Peinture-acrylique-sur-polystyrene-resine-2025-150x150.jpg 150w, https:\/\/galerie-artima.com\/wp-content\/uploads\/2025\/05\/KEYMI-Un-fauteuil-pour-trois-60x30cm-Peinture-acrylique-sur-polystyrene-resine-2025-200x200.jpg 200w, https:\/\/galerie-artima.com\/wp-content\/uploads\/2025\/05\/KEYMI-Un-fauteuil-pour-trois-60x30cm-Peinture-acrylique-sur-polystyrene-resine-2025-300x300.jpg 300w, https:\/\/galerie-artima.com\/wp-content\/uploads\/2025\/05\/KEYMI-Un-fauteuil-pour-trois-60x30cm-Peinture-acrylique-sur-polystyrene-resine-2025-400x400.jpg 400w, https:\/\/galerie-artima.com\/wp-content\/uploads\/2025\/05\/KEYMI-Un-fauteuil-pour-trois-60x30cm-Peinture-acrylique-sur-polystyrene-resine-2025-500x500.jpg 500w, https:\/\/galerie-artima.com\/wp-content\/uploads\/2025\/05\/KEYMI-Un-fauteuil-pour-trois-60x30cm-Peinture-acrylique-sur-polystyrene-resine-2025-600x600.jpg 600w, https:\/\/galerie-artima.com\/wp-content\/uploads\/2025\/05\/KEYMI-Un-fauteuil-pour-trois-60x30cm-Peinture-acrylique-sur-polystyrene-resine-2025-768x768.jpg 768w, https:\/\/galerie-artima.com\/wp-content\/uploads\/2025\/05\/KEYMI-Un-fauteuil-pour-trois-60x30cm-Peinture-acrylique-sur-polystyrene-resine-2025-800x800.jpg 800w, https:\/\/galerie-artima.com\/wp-content\/uploads\/2025\/05\/KEYMI-Un-fauteuil-pour-trois-60x30cm-Peinture-acrylique-sur-polystyrene-resine-2025-1024x1024.jpg 1024w, https:\/\/galerie-artima.com\/wp-content\/uploads\/2025\/05\/KEYMI-Un-fauteuil-pour-trois-60x30cm-Peinture-acrylique-sur-polystyrene-resine-2025.jpg 1200w\" data-sizes=\"auto\" \/><div class=\"fusion-rollover\">\n\t<div class=\"fusion-rollover-content\">\n\n\t\t\t\t\n\t\t\n\t\t\t\t\t\t\t\t\n\t\t\t\t\t\t\t\t\n\t\t\n\t\t\t\t\t\t\t\t\t\t\t\t\t\t\t\n\t\t\t\t\t\t\n\t\t\t\t\t\t\t\t\t\t<div class=\"fusion-product-buttons\">\n\t\t\t\t\t<a href=\"\/en\/wp-json\/wp\/v2\/pages\/6?add-to-cart=13694\" aria-describedby=\"woocommerce_loop_add_to_cart_link_describedby_13694\" data-quantity=\"1\" class=\"button product_type_simple add_to_cart_button ajax_add_to_cart\" data-product_id=\"13694\" data-product_sku=\"\" aria-label=\"Add to cart: &ldquo;Keymi I Rumeur Encadr\u00e9e Un fauteuil pour trois&rdquo;\" rel=\"nofollow\">Add to cart<\/a>\t<span id=\"woocommerce_loop_add_to_cart_link_describedby_13694\" class=\"screen-reader-text\">\n\t\t\t<\/span>\n<span class=\"fusion-rollover-linebreak\">\n\t\/<\/span>\n\n<a href=\"https:\/\/galerie-artima.com\/en\/shop\/keymi-rumeur-encadree-un-fauteuil-pour-trois\" class=\"show_details_button\">\n\tDetails<\/a>\n\n\t\t\t\t<\/div>\n\t\t\t\t\t\t\t\t\t<a class=\"fusion-link-wrapper\" href=\"https:\/\/galerie-artima.com\/en\/shop\/keymi-rumeur-encadree-un-fauteuil-pour-trois\" aria-label=\"Keymi I Rumeur Encadr\u00e9e Un fauteuil pour trois\"><\/a>\n\t<\/div>\n<\/div>\n<\/div>\n<\/div>\n<div class=\"fusion-product-content\">\n\t<div class=\"product-details\">\n\t\t<div class=\"product-details-container\">\n<h3 class=\"product-title\">\n\t<a href=\"https:\/\/galerie-artima.com\/en\/shop\/keymi-rumeur-encadree-un-fauteuil-pour-trois\">\n\t\tKeymi I Rumeur Encadr\u00e9e Un fauteuil pour trois\t<\/a>\n<\/h3>\n<div class=\"fusion-price-rating\">\n\n\t<span class=\"price\"><span class=\"woocommerce-Price-amount amount\"><bdi>990,00<span class=\"woocommerce-Price-currencySymbol\">&euro;<\/span><\/bdi><\/span><\/span>\n\t\t<\/div>\n\t<\/div>\n<\/div>\n\n\t<\/div> \n\n\n<\/div>\n<\/li>\n<li class=\"product type-product post-11519 status-publish first instock product_cat-tableau product_cat-tout has-post-thumbnail sold-individually shipping-taxable purchasable product-type-simple product-grid-view\">\n\t<div class=\"fusion-product-wrapper\">\n\n<div class=\"fusion-clean-product-image-wrapper \">\n\t<div  class=\"fusion-image-wrapper fusion-image-size-fixed\" aria-haspopup=\"true\">\n\t\t\t\t<img decoding=\"async\" width=\"500\" height=\"500\" src=\"https:\/\/galerie-artima.com\/wp-content\/uploads\/2023\/05\/LAURENT-MINGUET-Alone-in-Madison-serigraphie-sur-merisier-44x44cm-20-ex-500x500.jpg\" class=\"attachment-woocommerce_thumbnail size-woocommerce_thumbnail lazyload wp-post-image\" alt=\"laurent minguet alone in madison serigraphie sur merisier 44x44cm 20 ex\" srcset=\"data:image\/svg+xml,%3Csvg%20xmlns%3D%27http%3A%2F%2Fwww.w3.org%2F2000%2Fsvg%27%20width%3D%271200%27%20height%3D%271200%27%20viewBox%3D%270%200%201200%201200%27%3E%3Crect%20width%3D%271200%27%20height%3D%271200%27%20fill-opacity%3D%220%22%2F%3E%3C%2Fsvg%3E\" data-orig-src=\"https:\/\/galerie-artima.com\/wp-content\/uploads\/2023\/05\/LAURENT-MINGUET-Alone-in-Madison-serigraphie-sur-merisier-44x44cm-20-ex-500x500.jpg\" data-srcset=\"https:\/\/galerie-artima.com\/wp-content\/uploads\/2023\/05\/LAURENT-MINGUET-Alone-in-Madison-serigraphie-sur-merisier-44x44cm-20-ex-66x66.jpg 66w, https:\/\/galerie-artima.com\/wp-content\/uploads\/2023\/05\/LAURENT-MINGUET-Alone-in-Madison-serigraphie-sur-merisier-44x44cm-20-ex-96x96.jpg 96w, https:\/\/galerie-artima.com\/wp-content\/uploads\/2023\/05\/LAURENT-MINGUET-Alone-in-Madison-serigraphie-sur-merisier-44x44cm-20-ex-150x150.jpg 150w, https:\/\/galerie-artima.com\/wp-content\/uploads\/2023\/05\/LAURENT-MINGUET-Alone-in-Madison-serigraphie-sur-merisier-44x44cm-20-ex-200x200.jpg 200w, https:\/\/galerie-artima.com\/wp-content\/uploads\/2023\/05\/LAURENT-MINGUET-Alone-in-Madison-serigraphie-sur-merisier-44x44cm-20-ex-300x300.jpg 300w, https:\/\/galerie-artima.com\/wp-content\/uploads\/2023\/05\/LAURENT-MINGUET-Alone-in-Madison-serigraphie-sur-merisier-44x44cm-20-ex-400x400.jpg 400w, https:\/\/galerie-artima.com\/wp-content\/uploads\/2023\/05\/LAURENT-MINGUET-Alone-in-Madison-serigraphie-sur-merisier-44x44cm-20-ex-500x500.jpg 500w, https:\/\/galerie-artima.com\/wp-content\/uploads\/2023\/05\/LAURENT-MINGUET-Alone-in-Madison-serigraphie-sur-merisier-44x44cm-20-ex-600x600.jpg 600w, https:\/\/galerie-artima.com\/wp-content\/uploads\/2023\/05\/LAURENT-MINGUET-Alone-in-Madison-serigraphie-sur-merisier-44x44cm-20-ex-768x768.jpg 768w, https:\/\/galerie-artima.com\/wp-content\/uploads\/2023\/05\/LAURENT-MINGUET-Alone-in-Madison-serigraphie-sur-merisier-44x44cm-20-ex-800x800.jpg 800w, https:\/\/galerie-artima.com\/wp-content\/uploads\/2023\/05\/LAURENT-MINGUET-Alone-in-Madison-serigraphie-sur-merisier-44x44cm-20-ex-1024x1024.jpg 1024w, https:\/\/galerie-artima.com\/wp-content\/uploads\/2023\/05\/LAURENT-MINGUET-Alone-in-Madison-serigraphie-sur-merisier-44x44cm-20-ex.jpg 1200w\" data-sizes=\"auto\" \/><div class=\"fusion-rollover\">\n\t<div class=\"fusion-rollover-content\">\n\n\t\t\t\t\n\t\t\n\t\t\t\t\t\t\t\t\n\t\t\t\t\t\t\t\t\n\t\t\n\t\t\t\t\t\t\t\t\t\t\t\t\t\t\t\n\t\t\t\t\t\t\n\t\t\t\t\t\t\t\t\t\t<div class=\"fusion-product-buttons\">\n\t\t\t\t\t<a href=\"\/en\/wp-json\/wp\/v2\/pages\/6?add-to-cart=11519\" aria-describedby=\"woocommerce_loop_add_to_cart_link_describedby_11519\" data-quantity=\"1\" class=\"button product_type_simple add_to_cart_button ajax_add_to_cart\" data-product_id=\"11519\" data-product_sku=\"\" aria-label=\"Add to cart: &ldquo;Laurent Minguet I Alone in Madison&rdquo;\" rel=\"nofollow\">Add to cart<\/a>\t<span id=\"woocommerce_loop_add_to_cart_link_describedby_11519\" class=\"screen-reader-text\">\n\t\t\t<\/span>\n<span class=\"fusion-rollover-linebreak\">\n\t\/<\/span>\n\n<a href=\"https:\/\/galerie-artima.com\/shop\/laurent-minguet-alone-in-madison\" class=\"show_details_button\">\n\tDetails<\/a>\n\n\t\t\t\t<\/div>\n\t\t\t\t\t\t\t\t\t<a class=\"fusion-link-wrapper\" href=\"https:\/\/galerie-artima.com\/shop\/laurent-minguet-alone-in-madison\" aria-label=\"Laurent Minguet I Alone in Madison\"><\/a>\n\t<\/div>\n<\/div>\n<\/div>\n<\/div>\n<div class=\"fusion-product-content\">\n\t<div class=\"product-details\">\n\t\t<div class=\"product-details-container\">\n<h3 class=\"product-title\">\n\t<a href=\"https:\/\/galerie-artima.com\/shop\/laurent-minguet-alone-in-madison\">\n\t\tLaurent Minguet I Alone in Madison\t<\/a>\n<\/h3>\n<div class=\"fusion-price-rating\">\n\n\t<span class=\"price\"><span class=\"woocommerce-Price-amount amount\"><bdi>660,00<span class=\"woocommerce-Price-currencySymbol\">&euro;<\/span><\/bdi><\/span><\/span>\n\t\t<\/div>\n\t<\/div>\n<\/div>\n\n\t<\/div> \n\n\n<\/div>\n<\/li>\n<li class=\"product type-product post-7221 status-publish instock product_cat-all product_cat-painting has-post-thumbnail sold-individually shipping-taxable purchasable product-type-simple product-grid-view\">\n\t<div class=\"fusion-product-wrapper\">\n\n<div class=\"fusion-clean-product-image-wrapper \">\n\t<div  class=\"fusion-image-wrapper fusion-image-size-fixed\" aria-haspopup=\"true\">\n\t\t\t\t<img decoding=\"async\" width=\"500\" height=\"500\" src=\"https:\/\/galerie-artima.com\/wp-content\/uploads\/2022\/03\/Alone-in-Tokyo-Serigraphie-sur-merisier-60x36cm-2026-500x500.webp\" class=\"attachment-woocommerce_thumbnail size-woocommerce_thumbnail lazyload wp-post-image\" alt=\"\" srcset=\"data:image\/svg+xml,%3Csvg%20xmlns%3D%27http%3A%2F%2Fwww.w3.org%2F2000%2Fsvg%27%20width%3D%271200%27%20height%3D%271200%27%20viewBox%3D%270%200%201200%201200%27%3E%3Crect%20width%3D%271200%27%20height%3D%271200%27%20fill-opacity%3D%220%22%2F%3E%3C%2Fsvg%3E\" data-orig-src=\"https:\/\/galerie-artima.com\/wp-content\/uploads\/2022\/03\/Alone-in-Tokyo-Serigraphie-sur-merisier-60x36cm-2026-500x500.webp\" data-srcset=\"https:\/\/galerie-artima.com\/wp-content\/uploads\/2022\/03\/Alone-in-Tokyo-Serigraphie-sur-merisier-60x36cm-2026-66x66.webp 66w, https:\/\/galerie-artima.com\/wp-content\/uploads\/2022\/03\/Alone-in-Tokyo-Serigraphie-sur-merisier-60x36cm-2026-96x96.webp 96w, https:\/\/galerie-artima.com\/wp-content\/uploads\/2022\/03\/Alone-in-Tokyo-Serigraphie-sur-merisier-60x36cm-2026-150x150.webp 150w, https:\/\/galerie-artima.com\/wp-content\/uploads\/2022\/03\/Alone-in-Tokyo-Serigraphie-sur-merisier-60x36cm-2026-200x200.webp 200w, https:\/\/galerie-artima.com\/wp-content\/uploads\/2022\/03\/Alone-in-Tokyo-Serigraphie-sur-merisier-60x36cm-2026-300x300.webp 300w, https:\/\/galerie-artima.com\/wp-content\/uploads\/2022\/03\/Alone-in-Tokyo-Serigraphie-sur-merisier-60x36cm-2026-400x400.webp 400w, https:\/\/galerie-artima.com\/wp-content\/uploads\/2022\/03\/Alone-in-Tokyo-Serigraphie-sur-merisier-60x36cm-2026-500x500.webp 500w, https:\/\/galerie-artima.com\/wp-content\/uploads\/2022\/03\/Alone-in-Tokyo-Serigraphie-sur-merisier-60x36cm-2026-600x600.webp 600w, https:\/\/galerie-artima.com\/wp-content\/uploads\/2022\/03\/Alone-in-Tokyo-Serigraphie-sur-merisier-60x36cm-2026-768x768.webp 768w, https:\/\/galerie-artima.com\/wp-content\/uploads\/2022\/03\/Alone-in-Tokyo-Serigraphie-sur-merisier-60x36cm-2026-800x800.webp 800w, https:\/\/galerie-artima.com\/wp-content\/uploads\/2022\/03\/Alone-in-Tokyo-Serigraphie-sur-merisier-60x36cm-2026-1024x1024.webp 1024w, https:\/\/galerie-artima.com\/wp-content\/uploads\/2022\/03\/Alone-in-Tokyo-Serigraphie-sur-merisier-60x36cm-2026.webp 1200w\" data-sizes=\"auto\" \/><div class=\"fusion-rollover\">\n\t<div class=\"fusion-rollover-content\">\n\n\t\t\t\t\n\t\t\n\t\t\t\t\t\t\t\t\n\t\t\t\t\t\t\t\t\n\t\t\n\t\t\t\t\t\t\t\t\t\t\t\t\t\t\t\n\t\t\t\t\t\t\n\t\t\t\t\t\t\t\t\t\t<div class=\"fusion-product-buttons\">\n\t\t\t\t\t<a href=\"\/en\/wp-json\/wp\/v2\/pages\/6?add-to-cart=7221\" aria-describedby=\"woocommerce_loop_add_to_cart_link_describedby_7221\" data-quantity=\"1\" class=\"button product_type_simple add_to_cart_button ajax_add_to_cart\" data-product_id=\"7221\" data-product_sku=\"\" aria-label=\"Add to cart: &ldquo;Laurent Minguet I Alone in Tokyo&rdquo;\" rel=\"nofollow\">Add to cart<\/a>\t<span id=\"woocommerce_loop_add_to_cart_link_describedby_7221\" class=\"screen-reader-text\">\n\t\t\t<\/span>\n<span class=\"fusion-rollover-linebreak\">\n\t\/<\/span>\n\n<a href=\"https:\/\/galerie-artima.com\/en\/shop\/laurent-minguet-alone-in-tokyo\" class=\"show_details_button\">\n\tDetails<\/a>\n\n\t\t\t\t<\/div>\n\t\t\t\t\t\t\t\t\t<a class=\"fusion-link-wrapper\" href=\"https:\/\/galerie-artima.com\/en\/shop\/laurent-minguet-alone-in-tokyo\" aria-label=\"Laurent Minguet I Alone in Tokyo\"><\/a>\n\t<\/div>\n<\/div>\n<\/div>\n<\/div>\n<div class=\"fusion-product-content\">\n\t<div class=\"product-details\">\n\t\t<div class=\"product-details-container\">\n<h3 class=\"product-title\">\n\t<a href=\"https:\/\/galerie-artima.com\/en\/shop\/laurent-minguet-alone-in-tokyo\">\n\t\tLaurent Minguet I Alone in Tokyo\t<\/a>\n<\/h3>\n<div class=\"fusion-price-rating\">\n\n\t<span class=\"price\"><span class=\"woocommerce-Price-amount amount\"><bdi>770,00<span class=\"woocommerce-Price-currencySymbol\">&euro;<\/span><\/bdi><\/span><\/span>\n\t\t<\/div>\n\t<\/div>\n<\/div>\n\n\t<\/div> \n\n\n<\/div>\n<\/li>\n<li class=\"product type-product post-7223 status-publish last instock product_cat-all product_cat-painting has-post-thumbnail sold-individually shipping-taxable purchasable product-type-simple product-grid-view\">\n\t<div class=\"fusion-product-wrapper\">\n\n<div class=\"fusion-clean-product-image-wrapper \">\n\t<div  class=\"fusion-image-wrapper fusion-image-size-fixed\" aria-haspopup=\"true\">\n\t\t\t\t<img decoding=\"async\" width=\"500\" height=\"500\" src=\"https:\/\/galerie-artima.com\/wp-content\/uploads\/2022\/02\/LAURENT-MINGUET-New-York-5th-avenue-Serigraphie-sur-merisier-90ex-40x77cm-2018-1200x1200-1-500x500.jpg\" class=\"attachment-woocommerce_thumbnail size-woocommerce_thumbnail lazyload wp-post-image\" alt=\"\" srcset=\"data:image\/svg+xml,%3Csvg%20xmlns%3D%27http%3A%2F%2Fwww.w3.org%2F2000%2Fsvg%27%20width%3D%271200%27%20height%3D%271200%27%20viewBox%3D%270%200%201200%201200%27%3E%3Crect%20width%3D%271200%27%20height%3D%271200%27%20fill-opacity%3D%220%22%2F%3E%3C%2Fsvg%3E\" data-orig-src=\"https:\/\/galerie-artima.com\/wp-content\/uploads\/2022\/02\/LAURENT-MINGUET-New-York-5th-avenue-Serigraphie-sur-merisier-90ex-40x77cm-2018-1200x1200-1-500x500.jpg\" data-srcset=\"https:\/\/galerie-artima.com\/wp-content\/uploads\/2022\/02\/LAURENT-MINGUET-New-York-5th-avenue-Serigraphie-sur-merisier-90ex-40x77cm-2018-1200x1200-1-66x66.jpg 66w, https:\/\/galerie-artima.com\/wp-content\/uploads\/2022\/02\/LAURENT-MINGUET-New-York-5th-avenue-Serigraphie-sur-merisier-90ex-40x77cm-2018-1200x1200-1-96x96.jpg 96w, https:\/\/galerie-artima.com\/wp-content\/uploads\/2022\/02\/LAURENT-MINGUET-New-York-5th-avenue-Serigraphie-sur-merisier-90ex-40x77cm-2018-1200x1200-1-150x150.jpg 150w, https:\/\/galerie-artima.com\/wp-content\/uploads\/2022\/02\/LAURENT-MINGUET-New-York-5th-avenue-Serigraphie-sur-merisier-90ex-40x77cm-2018-1200x1200-1-200x200.jpg 200w, https:\/\/galerie-artima.com\/wp-content\/uploads\/2022\/02\/LAURENT-MINGUET-New-York-5th-avenue-Serigraphie-sur-merisier-90ex-40x77cm-2018-1200x1200-1-300x300.jpg 300w, https:\/\/galerie-artima.com\/wp-content\/uploads\/2022\/02\/LAURENT-MINGUET-New-York-5th-avenue-Serigraphie-sur-merisier-90ex-40x77cm-2018-1200x1200-1-400x400.jpg 400w, https:\/\/galerie-artima.com\/wp-content\/uploads\/2022\/02\/LAURENT-MINGUET-New-York-5th-avenue-Serigraphie-sur-merisier-90ex-40x77cm-2018-1200x1200-1-500x500.jpg 500w, https:\/\/galerie-artima.com\/wp-content\/uploads\/2022\/02\/LAURENT-MINGUET-New-York-5th-avenue-Serigraphie-sur-merisier-90ex-40x77cm-2018-1200x1200-1-600x600.jpg 600w, https:\/\/galerie-artima.com\/wp-content\/uploads\/2022\/02\/LAURENT-MINGUET-New-York-5th-avenue-Serigraphie-sur-merisier-90ex-40x77cm-2018-1200x1200-1-768x768.jpg 768w, https:\/\/galerie-artima.com\/wp-content\/uploads\/2022\/02\/LAURENT-MINGUET-New-York-5th-avenue-Serigraphie-sur-merisier-90ex-40x77cm-2018-1200x1200-1-800x800.jpg 800w, https:\/\/galerie-artima.com\/wp-content\/uploads\/2022\/02\/LAURENT-MINGUET-New-York-5th-avenue-Serigraphie-sur-merisier-90ex-40x77cm-2018-1200x1200-1-1024x1024.jpg 1024w, https:\/\/galerie-artima.com\/wp-content\/uploads\/2022\/02\/LAURENT-MINGUET-New-York-5th-avenue-Serigraphie-sur-merisier-90ex-40x77cm-2018-1200x1200-1.jpg 1200w\" data-sizes=\"auto\" \/><div class=\"fusion-rollover\">\n\t<div class=\"fusion-rollover-content\">\n\n\t\t\t\t\n\t\t\n\t\t\t\t\t\t\t\t\n\t\t\t\t\t\t\t\t\n\t\t\n\t\t\t\t\t\t\t\t\t\t\t\t\t\t\t\n\t\t\t\t\t\t\n\t\t\t\t\t\t\t\t\t\t<div class=\"fusion-product-buttons\">\n\t\t\t\t\t<a href=\"\/en\/wp-json\/wp\/v2\/pages\/6?add-to-cart=7223\" aria-describedby=\"woocommerce_loop_add_to_cart_link_describedby_7223\" data-quantity=\"1\" class=\"button product_type_simple add_to_cart_button ajax_add_to_cart\" data-product_id=\"7223\" data-product_sku=\"\" aria-label=\"Add to cart: &ldquo;Laurent Minguet I NYC 5th avenue&rdquo;\" rel=\"nofollow\">Add to cart<\/a>\t<span id=\"woocommerce_loop_add_to_cart_link_describedby_7223\" class=\"screen-reader-text\">\n\t\t\t<\/span>\n<span class=\"fusion-rollover-linebreak\">\n\t\/<\/span>\n\n<a href=\"https:\/\/galerie-artima.com\/en\/shop\/laurent-minguet-nyc-5th-avenue\" class=\"show_details_button\">\n\tDetails<\/a>\n\n\t\t\t\t<\/div>\n\t\t\t\t\t\t\t\t\t<a class=\"fusion-link-wrapper\" href=\"https:\/\/galerie-artima.com\/en\/shop\/laurent-minguet-nyc-5th-avenue\" aria-label=\"Laurent Minguet I NYC 5th avenue\"><\/a>\n\t<\/div>\n<\/div>\n<\/div>\n<\/div>\n<div class=\"fusion-product-content\">\n\t<div class=\"product-details\">\n\t\t<div class=\"product-details-container\">\n<h3 class=\"product-title\">\n\t<a href=\"https:\/\/galerie-artima.com\/en\/shop\/laurent-minguet-nyc-5th-avenue\">\n\t\tLaurent Minguet I NYC 5th avenue\t<\/a>\n<\/h3>\n<div class=\"fusion-price-rating\">\n\n\t<span class=\"price\"><span class=\"woocommerce-Price-amount amount\"><bdi>850,00<span class=\"woocommerce-Price-currencySymbol\">&euro;<\/span><\/bdi><\/span><\/span>\n\t\t<\/div>\n\t<\/div>\n<\/div>\n\n\t<\/div> \n\n\n<\/div>\n<\/li>\n<li class=\"product type-product post-11500 status-publish first instock product_cat-all product_cat-painting has-post-thumbnail sold-individually shipping-taxable purchasable product-type-simple product-grid-view\">\n\t<div class=\"fusion-product-wrapper\">\n\n<div class=\"fusion-clean-product-image-wrapper \">\n\t<div  class=\"fusion-image-wrapper fusion-image-size-fixed\" aria-haspopup=\"true\">\n\t\t\t\t<img decoding=\"async\" width=\"500\" height=\"500\" src=\"https:\/\/galerie-artima.com\/wp-content\/uploads\/2023\/05\/LAURENT-MINGUET-Good-Morning-NYC-Serigraphie-sur-erable-60x74cm-30-ex-500x500.jpg\" class=\"attachment-woocommerce_thumbnail size-woocommerce_thumbnail lazyload wp-post-image\" alt=\"\" srcset=\"data:image\/svg+xml,%3Csvg%20xmlns%3D%27http%3A%2F%2Fwww.w3.org%2F2000%2Fsvg%27%20width%3D%271200%27%20height%3D%271200%27%20viewBox%3D%270%200%201200%201200%27%3E%3Crect%20width%3D%271200%27%20height%3D%271200%27%20fill-opacity%3D%220%22%2F%3E%3C%2Fsvg%3E\" data-orig-src=\"https:\/\/galerie-artima.com\/wp-content\/uploads\/2023\/05\/LAURENT-MINGUET-Good-Morning-NYC-Serigraphie-sur-erable-60x74cm-30-ex-500x500.jpg\" data-srcset=\"https:\/\/galerie-artima.com\/wp-content\/uploads\/2023\/05\/LAURENT-MINGUET-Good-Morning-NYC-Serigraphie-sur-erable-60x74cm-30-ex-66x66.jpg 66w, https:\/\/galerie-artima.com\/wp-content\/uploads\/2023\/05\/LAURENT-MINGUET-Good-Morning-NYC-Serigraphie-sur-erable-60x74cm-30-ex-96x96.jpg 96w, https:\/\/galerie-artima.com\/wp-content\/uploads\/2023\/05\/LAURENT-MINGUET-Good-Morning-NYC-Serigraphie-sur-erable-60x74cm-30-ex-150x150.jpg 150w, https:\/\/galerie-artima.com\/wp-content\/uploads\/2023\/05\/LAURENT-MINGUET-Good-Morning-NYC-Serigraphie-sur-erable-60x74cm-30-ex-200x200.jpg 200w, https:\/\/galerie-artima.com\/wp-content\/uploads\/2023\/05\/LAURENT-MINGUET-Good-Morning-NYC-Serigraphie-sur-erable-60x74cm-30-ex-300x300.jpg 300w, https:\/\/galerie-artima.com\/wp-content\/uploads\/2023\/05\/LAURENT-MINGUET-Good-Morning-NYC-Serigraphie-sur-erable-60x74cm-30-ex-400x400.jpg 400w, https:\/\/galerie-artima.com\/wp-content\/uploads\/2023\/05\/LAURENT-MINGUET-Good-Morning-NYC-Serigraphie-sur-erable-60x74cm-30-ex-500x500.jpg 500w, https:\/\/galerie-artima.com\/wp-content\/uploads\/2023\/05\/LAURENT-MINGUET-Good-Morning-NYC-Serigraphie-sur-erable-60x74cm-30-ex-600x600.jpg 600w, https:\/\/galerie-artima.com\/wp-content\/uploads\/2023\/05\/LAURENT-MINGUET-Good-Morning-NYC-Serigraphie-sur-erable-60x74cm-30-ex-768x768.jpg 768w, https:\/\/galerie-artima.com\/wp-content\/uploads\/2023\/05\/LAURENT-MINGUET-Good-Morning-NYC-Serigraphie-sur-erable-60x74cm-30-ex-800x800.jpg 800w, https:\/\/galerie-artima.com\/wp-content\/uploads\/2023\/05\/LAURENT-MINGUET-Good-Morning-NYC-Serigraphie-sur-erable-60x74cm-30-ex-1024x1024.jpg 1024w, https:\/\/galerie-artima.com\/wp-content\/uploads\/2023\/05\/LAURENT-MINGUET-Good-Morning-NYC-Serigraphie-sur-erable-60x74cm-30-ex.jpg 1200w\" data-sizes=\"auto\" \/><div class=\"fusion-rollover\">\n\t<div class=\"fusion-rollover-content\">\n\n\t\t\t\t\n\t\t\n\t\t\t\t\t\t\t\t\n\t\t\t\t\t\t\t\t\n\t\t\n\t\t\t\t\t\t\t\t\t\t\t\t\t\t\t\n\t\t\t\t\t\t\n\t\t\t\t\t\t\t\t\t\t<div class=\"fusion-product-buttons\">\n\t\t\t\t\t<a href=\"\/en\/wp-json\/wp\/v2\/pages\/6?add-to-cart=11500\" aria-describedby=\"woocommerce_loop_add_to_cart_link_describedby_11500\" data-quantity=\"1\" class=\"button product_type_simple add_to_cart_button ajax_add_to_cart\" data-product_id=\"11500\" data-product_sku=\"\" aria-label=\"Add to cart: &ldquo;Laurent Minguet I NYC Good morning&rdquo;\" rel=\"nofollow\">Add to cart<\/a>\t<span id=\"woocommerce_loop_add_to_cart_link_describedby_11500\" class=\"screen-reader-text\">\n\t\t\t<\/span>\n<span class=\"fusion-rollover-linebreak\">\n\t\/<\/span>\n\n<a href=\"https:\/\/galerie-artima.com\/en\/shop\/laurent-minguet-nyc-good-morning\" class=\"show_details_button\">\n\tDetails<\/a>\n\n\t\t\t\t<\/div>\n\t\t\t\t\t\t\t\t\t<a class=\"fusion-link-wrapper\" href=\"https:\/\/galerie-artima.com\/en\/shop\/laurent-minguet-nyc-good-morning\" aria-label=\"Laurent Minguet I NYC Good morning\"><\/a>\n\t<\/div>\n<\/div>\n<\/div>\n<\/div>\n<div class=\"fusion-product-content\">\n\t<div class=\"product-details\">\n\t\t<div class=\"product-details-container\">\n<h3 class=\"product-title\">\n\t<a href=\"https:\/\/galerie-artima.com\/en\/shop\/laurent-minguet-nyc-good-morning\">\n\t\tLaurent Minguet I NYC Good morning\t<\/a>\n<\/h3>\n<div class=\"fusion-price-rating\">\n\n\t<span class=\"price\"><span class=\"woocommerce-Price-amount amount\"><bdi>850,00<span class=\"woocommerce-Price-currencySymbol\">&euro;<\/span><\/bdi><\/span><\/span>\n\t\t<\/div>\n\t<\/div>\n<\/div>\n\n\t<\/div> \n\n\n<\/div>\n<\/li>\n<li class=\"product type-product post-9795 status-publish instock product_cat-all product_cat-painting has-post-thumbnail sold-individually shipping-taxable purchasable product-type-simple product-grid-view\">\n\t<div class=\"fusion-product-wrapper\">\n\n<div class=\"fusion-clean-product-image-wrapper \">\n\t<div  class=\"fusion-image-wrapper fusion-image-size-fixed\" aria-haspopup=\"true\">\n\t\t\t\t<img decoding=\"async\" width=\"500\" height=\"500\" src=\"https:\/\/galerie-artima.com\/wp-content\/uploads\/2021\/07\/MONICA-DIXON-Brightwood-100x100-m-Acrylic-on-canvas-2024-500x500.jpg\" class=\"attachment-woocommerce_thumbnail size-woocommerce_thumbnail lazyload wp-post-image\" alt=\"\" srcset=\"data:image\/svg+xml,%3Csvg%20xmlns%3D%27http%3A%2F%2Fwww.w3.org%2F2000%2Fsvg%27%20width%3D%271200%27%20height%3D%271200%27%20viewBox%3D%270%200%201200%201200%27%3E%3Crect%20width%3D%271200%27%20height%3D%271200%27%20fill-opacity%3D%220%22%2F%3E%3C%2Fsvg%3E\" data-orig-src=\"https:\/\/galerie-artima.com\/wp-content\/uploads\/2021\/07\/MONICA-DIXON-Brightwood-100x100-m-Acrylic-on-canvas-2024-500x500.jpg\" data-srcset=\"https:\/\/galerie-artima.com\/wp-content\/uploads\/2021\/07\/MONICA-DIXON-Brightwood-100x100-m-Acrylic-on-canvas-2024-66x66.jpg 66w, https:\/\/galerie-artima.com\/wp-content\/uploads\/2021\/07\/MONICA-DIXON-Brightwood-100x100-m-Acrylic-on-canvas-2024-96x96.jpg 96w, https:\/\/galerie-artima.com\/wp-content\/uploads\/2021\/07\/MONICA-DIXON-Brightwood-100x100-m-Acrylic-on-canvas-2024-150x150.jpg 150w, https:\/\/galerie-artima.com\/wp-content\/uploads\/2021\/07\/MONICA-DIXON-Brightwood-100x100-m-Acrylic-on-canvas-2024-200x200.jpg 200w, https:\/\/galerie-artima.com\/wp-content\/uploads\/2021\/07\/MONICA-DIXON-Brightwood-100x100-m-Acrylic-on-canvas-2024-300x300.jpg 300w, https:\/\/galerie-artima.com\/wp-content\/uploads\/2021\/07\/MONICA-DIXON-Brightwood-100x100-m-Acrylic-on-canvas-2024-400x400.jpg 400w, https:\/\/galerie-artima.com\/wp-content\/uploads\/2021\/07\/MONICA-DIXON-Brightwood-100x100-m-Acrylic-on-canvas-2024-500x500.jpg 500w, https:\/\/galerie-artima.com\/wp-content\/uploads\/2021\/07\/MONICA-DIXON-Brightwood-100x100-m-Acrylic-on-canvas-2024-600x600.jpg 600w, https:\/\/galerie-artima.com\/wp-content\/uploads\/2021\/07\/MONICA-DIXON-Brightwood-100x100-m-Acrylic-on-canvas-2024-768x768.jpg 768w, https:\/\/galerie-artima.com\/wp-content\/uploads\/2021\/07\/MONICA-DIXON-Brightwood-100x100-m-Acrylic-on-canvas-2024-800x800.jpg 800w, https:\/\/galerie-artima.com\/wp-content\/uploads\/2021\/07\/MONICA-DIXON-Brightwood-100x100-m-Acrylic-on-canvas-2024-1024x1024.jpg 1024w, https:\/\/galerie-artima.com\/wp-content\/uploads\/2021\/07\/MONICA-DIXON-Brightwood-100x100-m-Acrylic-on-canvas-2024.jpg 1200w\" data-sizes=\"auto\" \/><div class=\"fusion-rollover\">\n\t<div class=\"fusion-rollover-content\">\n\n\t\t\t\t\n\t\t\n\t\t\t\t\t\t\t\t\n\t\t\t\t\t\t\t\t\n\t\t\n\t\t\t\t\t\t\t\t\t\t\t\t\t\t\t\n\t\t\t\t\t\t\n\t\t\t\t\t\t\t\t\t\t<div class=\"fusion-product-buttons\">\n\t\t\t\t\t<a href=\"\/en\/wp-json\/wp\/v2\/pages\/6?add-to-cart=9795\" aria-describedby=\"woocommerce_loop_add_to_cart_link_describedby_9795\" data-quantity=\"1\" class=\"button product_type_simple add_to_cart_button ajax_add_to_cart\" data-product_id=\"9795\" data-product_sku=\"\" aria-label=\"Add to cart: &ldquo;Monica Dixon | Brightwood&rdquo;\" rel=\"nofollow\">Add to cart<\/a>\t<span id=\"woocommerce_loop_add_to_cart_link_describedby_9795\" class=\"screen-reader-text\">\n\t\t\t<\/span>\n<span class=\"fusion-rollover-linebreak\">\n\t\/<\/span>\n\n<a href=\"https:\/\/galerie-artima.com\/en\/shop\/monica-dixon-brightwood\" class=\"show_details_button\">\n\tDetails<\/a>\n\n\t\t\t\t<\/div>\n\t\t\t\t\t\t\t\t\t<a class=\"fusion-link-wrapper\" href=\"https:\/\/galerie-artima.com\/en\/shop\/monica-dixon-brightwood\" aria-label=\"Monica Dixon | Brightwood\"><\/a>\n\t<\/div>\n<\/div>\n<\/div>\n<\/div>\n<div class=\"fusion-product-content\">\n\t<div class=\"product-details\">\n\t\t<div class=\"product-details-container\">\n<h3 class=\"product-title\">\n\t<a href=\"https:\/\/galerie-artima.com\/en\/shop\/monica-dixon-brightwood\">\n\t\tMonica Dixon | Brightwood\t<\/a>\n<\/h3>\n<div class=\"fusion-price-rating\">\n\n\t<span class=\"price\"><span class=\"woocommerce-Price-amount amount\"><bdi>5500,00<span class=\"woocommerce-Price-currencySymbol\">&euro;<\/span><\/bdi><\/span><\/span>\n\t\t<\/div>\n\t<\/div>\n<\/div>\n\n\t<\/div> \n\n\n<\/div>\n<\/li>\n<li class=\"product type-product post-9256 status-publish last instock product_cat-all product_cat-painting has-post-thumbnail sold-individually shipping-taxable purchasable product-type-simple product-grid-view\">\n\t<div class=\"fusion-product-wrapper\">\n\n<div class=\"fusion-clean-product-image-wrapper \">\n\t<div  class=\"fusion-image-wrapper fusion-image-size-fixed\" aria-haspopup=\"true\">\n\t\t\t\t<img decoding=\"async\" width=\"500\" height=\"500\" src=\"https:\/\/galerie-artima.com\/wp-content\/uploads\/2022\/08\/Dhyaan-68x84cm-1200x1200-1-500x500.jpg\" class=\"attachment-woocommerce_thumbnail size-woocommerce_thumbnail lazyload wp-post-image\" alt=\"\" srcset=\"data:image\/svg+xml,%3Csvg%20xmlns%3D%27http%3A%2F%2Fwww.w3.org%2F2000%2Fsvg%27%20width%3D%271200%27%20height%3D%271200%27%20viewBox%3D%270%200%201200%201200%27%3E%3Crect%20width%3D%271200%27%20height%3D%271200%27%20fill-opacity%3D%220%22%2F%3E%3C%2Fsvg%3E\" data-orig-src=\"https:\/\/galerie-artima.com\/wp-content\/uploads\/2022\/08\/Dhyaan-68x84cm-1200x1200-1-500x500.jpg\" data-srcset=\"https:\/\/galerie-artima.com\/wp-content\/uploads\/2022\/08\/Dhyaan-68x84cm-1200x1200-1-66x66.jpg 66w, https:\/\/galerie-artima.com\/wp-content\/uploads\/2022\/08\/Dhyaan-68x84cm-1200x1200-1-96x96.jpg 96w, https:\/\/galerie-artima.com\/wp-content\/uploads\/2022\/08\/Dhyaan-68x84cm-1200x1200-1-150x150.jpg 150w, https:\/\/galerie-artima.com\/wp-content\/uploads\/2022\/08\/Dhyaan-68x84cm-1200x1200-1-200x200.jpg 200w, https:\/\/galerie-artima.com\/wp-content\/uploads\/2022\/08\/Dhyaan-68x84cm-1200x1200-1-300x300.jpg 300w, https:\/\/galerie-artima.com\/wp-content\/uploads\/2022\/08\/Dhyaan-68x84cm-1200x1200-1-400x400.jpg 400w, https:\/\/galerie-artima.com\/wp-content\/uploads\/2022\/08\/Dhyaan-68x84cm-1200x1200-1-500x500.jpg 500w, https:\/\/galerie-artima.com\/wp-content\/uploads\/2022\/08\/Dhyaan-68x84cm-1200x1200-1-600x600.jpg 600w, https:\/\/galerie-artima.com\/wp-content\/uploads\/2022\/08\/Dhyaan-68x84cm-1200x1200-1-768x768.jpg 768w, https:\/\/galerie-artima.com\/wp-content\/uploads\/2022\/08\/Dhyaan-68x84cm-1200x1200-1-800x800.jpg 800w, https:\/\/galerie-artima.com\/wp-content\/uploads\/2022\/08\/Dhyaan-68x84cm-1200x1200-1-1024x1024.jpg 1024w, https:\/\/galerie-artima.com\/wp-content\/uploads\/2022\/08\/Dhyaan-68x84cm-1200x1200-1.jpg 1200w\" data-sizes=\"auto\" \/><div class=\"fusion-rollover\">\n\t<div class=\"fusion-rollover-content\">\n\n\t\t\t\t\n\t\t\n\t\t\t\t\t\t\t\t\n\t\t\t\t\t\t\t\t\n\t\t\n\t\t\t\t\t\t\t\t\t\t\t\t\t\t\t\n\t\t\t\t\t\t\n\t\t\t\t\t\t\t\t\t\t<div class=\"fusion-product-buttons\">\n\t\t\t\t\t<a href=\"\/en\/wp-json\/wp\/v2\/pages\/6?add-to-cart=9256\" aria-describedby=\"woocommerce_loop_add_to_cart_link_describedby_9256\" data-quantity=\"1\" class=\"button product_type_simple add_to_cart_button ajax_add_to_cart\" data-product_id=\"9256\" data-product_sku=\"\" aria-label=\"Add to cart: &ldquo;Ren\u00e9 Galassi I Dhyaan&rdquo;\" rel=\"nofollow\">Add to cart<\/a>\t<span id=\"woocommerce_loop_add_to_cart_link_describedby_9256\" class=\"screen-reader-text\">\n\t\t\t<\/span>\n<span class=\"fusion-rollover-linebreak\">\n\t\/<\/span>\n\n<a href=\"https:\/\/galerie-artima.com\/en\/shop\/rene-galassi-dhyaan\" class=\"show_details_button\">\n\tDetails<\/a>\n\n\t\t\t\t<\/div>\n\t\t\t\t\t\t\t\t\t<a class=\"fusion-link-wrapper\" href=\"https:\/\/galerie-artima.com\/en\/shop\/rene-galassi-dhyaan\" aria-label=\"Ren\u00e9 Galassi I Dhyaan\"><\/a>\n\t<\/div>\n<\/div>\n<\/div>\n<\/div>\n<div class=\"fusion-product-content\">\n\t<div class=\"product-details\">\n\t\t<div class=\"product-details-container\">\n<h3 class=\"product-title\">\n\t<a href=\"https:\/\/galerie-artima.com\/en\/shop\/rene-galassi-dhyaan\">\n\t\tRen\u00e9 Galassi I Dhyaan\t<\/a>\n<\/h3>\n<div class=\"fusion-price-rating\">\n\n\t<span class=\"price\"><span class=\"woocommerce-Price-amount amount\"><bdi>3500,00<span class=\"woocommerce-Price-currencySymbol\">&euro;<\/span><\/bdi><\/span><\/span>\n\t\t<\/div>\n\t<\/div>\n<\/div>\n\n\t<\/div> \n\n\n<\/div>\n<\/li>\n<\/ul><div class=\"fusion-woo-product-grid-pagination fusion-clearfix infinite-scroll infinite-scroll-hide\"><\/div><\/div><div class=\"fusion-title title fusion-title-3 fusion-no-large-visibility sep-underline sep-solid fusion-title-text fusion-title-size-two\"><h2 class=\"fusion-title-heading title-heading-left\" style=\"margin:0;\">Sculpture<\/h2><\/div><div class=\"fusion-woo-product-grid fusion-product-archive fusion-woo-product-grid-3 fusion-no-large-visibility hide-rating has-load-more has-column-spacing\" style=\"--awb-column-spacing-margin:calc((40px)\/ -2);--awb-column-spacing-padding:calc((40px)\/ 2);\"><ul class=\"products products-3 fusion-products-container-infinite\" data-pages=\"1\"><li class=\"product type-product post-3950 status-publish first instock product_cat-all product_cat-sculpture-en has-post-thumbnail sold-individually shipping-taxable purchasable product-type-simple product-grid-view\">\n\t<div class=\"fusion-product-wrapper\">\n\n<div class=\"fusion-clean-product-image-wrapper \">\n\t<div  class=\"fusion-image-wrapper fusion-image-size-fixed\" aria-haspopup=\"true\">\n\t\t\t\t<img decoding=\"async\" width=\"500\" height=\"500\" src=\"https:\/\/galerie-artima.com\/wp-content\/uploads\/2022\/01\/BRUNO-HELGEN-Globe-O30cm-1000-holes-graphite-2-1-500x500.jpg\" class=\"attachment-woocommerce_thumbnail size-woocommerce_thumbnail lazyload wp-post-image\" alt=\"\" srcset=\"data:image\/svg+xml,%3Csvg%20xmlns%3D%27http%3A%2F%2Fwww.w3.org%2F2000%2Fsvg%27%20width%3D%271200%27%20height%3D%271200%27%20viewBox%3D%270%200%201200%201200%27%3E%3Crect%20width%3D%271200%27%20height%3D%271200%27%20fill-opacity%3D%220%22%2F%3E%3C%2Fsvg%3E\" data-orig-src=\"https:\/\/galerie-artima.com\/wp-content\/uploads\/2022\/01\/BRUNO-HELGEN-Globe-O30cm-1000-holes-graphite-2-1-500x500.jpg\" data-srcset=\"https:\/\/galerie-artima.com\/wp-content\/uploads\/2022\/01\/BRUNO-HELGEN-Globe-O30cm-1000-holes-graphite-2-1-66x66.jpg 66w, https:\/\/galerie-artima.com\/wp-content\/uploads\/2022\/01\/BRUNO-HELGEN-Globe-O30cm-1000-holes-graphite-2-1-96x96.jpg 96w, https:\/\/galerie-artima.com\/wp-content\/uploads\/2022\/01\/BRUNO-HELGEN-Globe-O30cm-1000-holes-graphite-2-1-150x150.jpg 150w, https:\/\/galerie-artima.com\/wp-content\/uploads\/2022\/01\/BRUNO-HELGEN-Globe-O30cm-1000-holes-graphite-2-1-200x200.jpg 200w, https:\/\/galerie-artima.com\/wp-content\/uploads\/2022\/01\/BRUNO-HELGEN-Globe-O30cm-1000-holes-graphite-2-1-300x300.jpg 300w, https:\/\/galerie-artima.com\/wp-content\/uploads\/2022\/01\/BRUNO-HELGEN-Globe-O30cm-1000-holes-graphite-2-1-400x400.jpg 400w, https:\/\/galerie-artima.com\/wp-content\/uploads\/2022\/01\/BRUNO-HELGEN-Globe-O30cm-1000-holes-graphite-2-1-500x500.jpg 500w, https:\/\/galerie-artima.com\/wp-content\/uploads\/2022\/01\/BRUNO-HELGEN-Globe-O30cm-1000-holes-graphite-2-1-600x600.jpg 600w, https:\/\/galerie-artima.com\/wp-content\/uploads\/2022\/01\/BRUNO-HELGEN-Globe-O30cm-1000-holes-graphite-2-1-768x768.jpg 768w, https:\/\/galerie-artima.com\/wp-content\/uploads\/2022\/01\/BRUNO-HELGEN-Globe-O30cm-1000-holes-graphite-2-1-800x800.jpg 800w, https:\/\/galerie-artima.com\/wp-content\/uploads\/2022\/01\/BRUNO-HELGEN-Globe-O30cm-1000-holes-graphite-2-1-1024x1024.jpg 1024w, https:\/\/galerie-artima.com\/wp-content\/uploads\/2022\/01\/BRUNO-HELGEN-Globe-O30cm-1000-holes-graphite-2-1.jpg 1200w\" data-sizes=\"auto\" \/><div class=\"fusion-rollover\">\n\t<div class=\"fusion-rollover-content\">\n\n\t\t\t\t\n\t\t\n\t\t\t\t\t\t\t\t\n\t\t\t\t\t\t\t\t\n\t\t\n\t\t\t\t\t\t\t\t\t\t\t\t\t\t\t\n\t\t\t\t\t\t\n\t\t\t\t\t\t\t\t\t\t<div class=\"fusion-product-buttons\">\n\t\t\t\t\t<a href=\"\/en\/wp-json\/wp\/v2\/pages\/6?add-to-cart=3950\" aria-describedby=\"woocommerce_loop_add_to_cart_link_describedby_3950\" data-quantity=\"1\" class=\"button product_type_simple add_to_cart_button ajax_add_to_cart\" data-product_id=\"3950\" data-product_sku=\"\" aria-label=\"Add to cart: &ldquo;Bruno Helgen | Globe 1000 holes 35cm&rdquo;\" rel=\"nofollow\">Add to cart<\/a>\t<span id=\"woocommerce_loop_add_to_cart_link_describedby_3950\" class=\"screen-reader-text\">\n\t\t\t<\/span>\n<span class=\"fusion-rollover-linebreak\">\n\t\/<\/span>\n\n<a href=\"https:\/\/galerie-artima.com\/en\/shop\/bruno-helgen-globe-1000-holes-30cm\" class=\"show_details_button\">\n\tDetails<\/a>\n\n\t\t\t\t<\/div>\n\t\t\t\t\t\t\t\t\t<a class=\"fusion-link-wrapper\" href=\"https:\/\/galerie-artima.com\/en\/shop\/bruno-helgen-globe-1000-holes-30cm\" aria-label=\"Bruno Helgen | Globe 1000 holes 35cm\"><\/a>\n\t<\/div>\n<\/div>\n<\/div>\n<\/div>\n<div class=\"fusion-product-content\">\n\t<div class=\"product-details\">\n\t\t<div class=\"product-details-container\">\n<h3 class=\"product-title\">\n\t<a href=\"https:\/\/galerie-artima.com\/en\/shop\/bruno-helgen-globe-1000-holes-30cm\">\n\t\tBruno Helgen | Globe 1000 holes 35cm\t<\/a>\n<\/h3>\n<div class=\"fusion-price-rating\">\n\n\t<span class=\"price\"><span class=\"woocommerce-Price-amount amount\"><bdi>4500,00<span class=\"woocommerce-Price-currencySymbol\">&euro;<\/span><\/bdi><\/span><\/span>\n\t\t<\/div>\n\t<\/div>\n<\/div>\n\n\t<\/div> \n\n\n<\/div>\n<\/li>\n<li class=\"product type-product post-3953 status-publish instock product_cat-sculpture product_cat-tout has-post-thumbnail sold-individually shipping-taxable purchasable product-type-simple product-grid-view\">\n\t<div class=\"fusion-product-wrapper\">\n\n<div class=\"fusion-clean-product-image-wrapper \">\n\t<div  class=\"fusion-image-wrapper fusion-image-size-fixed\" aria-haspopup=\"true\">\n\t\t\t\t<img decoding=\"async\" width=\"500\" height=\"500\" src=\"https:\/\/galerie-artima.com\/wp-content\/uploads\/2022\/10\/BRUNO-HELGEN-Globe-O30cm-Golden-Lines-2-500x500.jpg\" class=\"attachment-woocommerce_thumbnail size-woocommerce_thumbnail lazyload wp-post-image\" alt=\"bruno helgen globe o30cm golden lines 2\" srcset=\"data:image\/svg+xml,%3Csvg%20xmlns%3D%27http%3A%2F%2Fwww.w3.org%2F2000%2Fsvg%27%20width%3D%271200%27%20height%3D%271200%27%20viewBox%3D%270%200%201200%201200%27%3E%3Crect%20width%3D%271200%27%20height%3D%271200%27%20fill-opacity%3D%220%22%2F%3E%3C%2Fsvg%3E\" data-orig-src=\"https:\/\/galerie-artima.com\/wp-content\/uploads\/2022\/10\/BRUNO-HELGEN-Globe-O30cm-Golden-Lines-2-500x500.jpg\" data-srcset=\"https:\/\/galerie-artima.com\/wp-content\/uploads\/2022\/10\/BRUNO-HELGEN-Globe-O30cm-Golden-Lines-2-66x66.jpg 66w, https:\/\/galerie-artima.com\/wp-content\/uploads\/2022\/10\/BRUNO-HELGEN-Globe-O30cm-Golden-Lines-2-96x96.jpg 96w, https:\/\/galerie-artima.com\/wp-content\/uploads\/2022\/10\/BRUNO-HELGEN-Globe-O30cm-Golden-Lines-2-150x150.jpg 150w, https:\/\/galerie-artima.com\/wp-content\/uploads\/2022\/10\/BRUNO-HELGEN-Globe-O30cm-Golden-Lines-2-200x200.jpg 200w, https:\/\/galerie-artima.com\/wp-content\/uploads\/2022\/10\/BRUNO-HELGEN-Globe-O30cm-Golden-Lines-2-300x300.jpg 300w, https:\/\/galerie-artima.com\/wp-content\/uploads\/2022\/10\/BRUNO-HELGEN-Globe-O30cm-Golden-Lines-2-400x400.jpg 400w, https:\/\/galerie-artima.com\/wp-content\/uploads\/2022\/10\/BRUNO-HELGEN-Globe-O30cm-Golden-Lines-2-500x500.jpg 500w, https:\/\/galerie-artima.com\/wp-content\/uploads\/2022\/10\/BRUNO-HELGEN-Globe-O30cm-Golden-Lines-2-600x600.jpg 600w, https:\/\/galerie-artima.com\/wp-content\/uploads\/2022\/10\/BRUNO-HELGEN-Globe-O30cm-Golden-Lines-2-768x768.jpg 768w, https:\/\/galerie-artima.com\/wp-content\/uploads\/2022\/10\/BRUNO-HELGEN-Globe-O30cm-Golden-Lines-2-800x800.jpg 800w, https:\/\/galerie-artima.com\/wp-content\/uploads\/2022\/10\/BRUNO-HELGEN-Globe-O30cm-Golden-Lines-2-1024x1024.jpg 1024w, https:\/\/galerie-artima.com\/wp-content\/uploads\/2022\/10\/BRUNO-HELGEN-Globe-O30cm-Golden-Lines-2.jpg 1200w\" data-sizes=\"auto\" \/><div class=\"fusion-rollover\">\n\t<div class=\"fusion-rollover-content\">\n\n\t\t\t\t\n\t\t\n\t\t\t\t\t\t\t\t\n\t\t\t\t\t\t\t\t\n\t\t\n\t\t\t\t\t\t\t\t\t\t\t\t\t\t\t\n\t\t\t\t\t\t\n\t\t\t\t\t\t\t\t\t\t<div class=\"fusion-product-buttons\">\n\t\t\t\t\t<a href=\"\/en\/wp-json\/wp\/v2\/pages\/6?add-to-cart=3953\" aria-describedby=\"woocommerce_loop_add_to_cart_link_describedby_3953\" data-quantity=\"1\" class=\"button product_type_simple add_to_cart_button ajax_add_to_cart\" data-product_id=\"3953\" data-product_sku=\"\" aria-label=\"Add to cart: &ldquo;Bruno Helgen | Globe Golden Lines 30cm&rdquo;\" rel=\"nofollow\">Add to cart<\/a>\t<span id=\"woocommerce_loop_add_to_cart_link_describedby_3953\" class=\"screen-reader-text\">\n\t\t\t<\/span>\n<span class=\"fusion-rollover-linebreak\">\n\t\/<\/span>\n\n<a href=\"https:\/\/galerie-artima.com\/shop\/bruno-helgen-golden-lines-30cm\" class=\"show_details_button\">\n\tDetails<\/a>\n\n\t\t\t\t<\/div>\n\t\t\t\t\t\t\t\t\t<a class=\"fusion-link-wrapper\" href=\"https:\/\/galerie-artima.com\/shop\/bruno-helgen-golden-lines-30cm\" aria-label=\"Bruno Helgen | Globe Golden Lines 30cm\"><\/a>\n\t<\/div>\n<\/div>\n<\/div>\n<\/div>\n<div class=\"fusion-product-content\">\n\t<div class=\"product-details\">\n\t\t<div class=\"product-details-container\">\n<h3 class=\"product-title\">\n\t<a href=\"https:\/\/galerie-artima.com\/shop\/bruno-helgen-golden-lines-30cm\">\n\t\tBruno Helgen | Globe Golden Lines 30cm\t<\/a>\n<\/h3>\n<div class=\"fusion-price-rating\">\n\n\t<span class=\"price\"><span class=\"woocommerce-Price-amount amount\"><bdi>3500,00<span class=\"woocommerce-Price-currencySymbol\">&euro;<\/span><\/bdi><\/span><\/span>\n\t\t<\/div>\n\t<\/div>\n<\/div>\n\n\t<\/div> \n\n\n<\/div>\n<\/li>\n<li class=\"product type-product post-7179 status-publish last instock product_cat-all product_cat-sculpture-en has-post-thumbnail sold-individually shipping-taxable purchasable product-type-simple product-grid-view\">\n\t<div class=\"fusion-product-wrapper\">\n\n<div class=\"fusion-clean-product-image-wrapper \">\n\t<div  class=\"fusion-image-wrapper fusion-image-size-fixed\" aria-haspopup=\"true\">\n\t\t\t\t<img decoding=\"async\" width=\"500\" height=\"500\" src=\"https:\/\/galerie-artima.com\/wp-content\/uploads\/2022\/10\/BRUNO-HELGEN-White-Peace-30cm-Racine-de-Teck-et-sable-2-500x500.jpg\" class=\"attachment-woocommerce_thumbnail size-woocommerce_thumbnail lazyload wp-post-image\" alt=\"\" srcset=\"data:image\/svg+xml,%3Csvg%20xmlns%3D%27http%3A%2F%2Fwww.w3.org%2F2000%2Fsvg%27%20width%3D%271200%27%20height%3D%271200%27%20viewBox%3D%270%200%201200%201200%27%3E%3Crect%20width%3D%271200%27%20height%3D%271200%27%20fill-opacity%3D%220%22%2F%3E%3C%2Fsvg%3E\" data-orig-src=\"https:\/\/galerie-artima.com\/wp-content\/uploads\/2022\/10\/BRUNO-HELGEN-White-Peace-30cm-Racine-de-Teck-et-sable-2-500x500.jpg\" data-srcset=\"https:\/\/galerie-artima.com\/wp-content\/uploads\/2022\/10\/BRUNO-HELGEN-White-Peace-30cm-Racine-de-Teck-et-sable-2-66x66.jpg 66w, https:\/\/galerie-artima.com\/wp-content\/uploads\/2022\/10\/BRUNO-HELGEN-White-Peace-30cm-Racine-de-Teck-et-sable-2-96x96.jpg 96w, https:\/\/galerie-artima.com\/wp-content\/uploads\/2022\/10\/BRUNO-HELGEN-White-Peace-30cm-Racine-de-Teck-et-sable-2-150x150.jpg 150w, https:\/\/galerie-artima.com\/wp-content\/uploads\/2022\/10\/BRUNO-HELGEN-White-Peace-30cm-Racine-de-Teck-et-sable-2-200x200.jpg 200w, https:\/\/galerie-artima.com\/wp-content\/uploads\/2022\/10\/BRUNO-HELGEN-White-Peace-30cm-Racine-de-Teck-et-sable-2-300x300.jpg 300w, https:\/\/galerie-artima.com\/wp-content\/uploads\/2022\/10\/BRUNO-HELGEN-White-Peace-30cm-Racine-de-Teck-et-sable-2-400x400.jpg 400w, https:\/\/galerie-artima.com\/wp-content\/uploads\/2022\/10\/BRUNO-HELGEN-White-Peace-30cm-Racine-de-Teck-et-sable-2-500x500.jpg 500w, https:\/\/galerie-artima.com\/wp-content\/uploads\/2022\/10\/BRUNO-HELGEN-White-Peace-30cm-Racine-de-Teck-et-sable-2-600x600.jpg 600w, https:\/\/galerie-artima.com\/wp-content\/uploads\/2022\/10\/BRUNO-HELGEN-White-Peace-30cm-Racine-de-Teck-et-sable-2-768x768.jpg 768w, https:\/\/galerie-artima.com\/wp-content\/uploads\/2022\/10\/BRUNO-HELGEN-White-Peace-30cm-Racine-de-Teck-et-sable-2-800x800.jpg 800w, https:\/\/galerie-artima.com\/wp-content\/uploads\/2022\/10\/BRUNO-HELGEN-White-Peace-30cm-Racine-de-Teck-et-sable-2-1024x1024.jpg 1024w, https:\/\/galerie-artima.com\/wp-content\/uploads\/2022\/10\/BRUNO-HELGEN-White-Peace-30cm-Racine-de-Teck-et-sable-2.jpg 1200w\" data-sizes=\"auto\" \/><div class=\"fusion-rollover\">\n\t<div class=\"fusion-rollover-content\">\n\n\t\t\t\t\n\t\t\n\t\t\t\t\t\t\t\t\n\t\t\t\t\t\t\t\t\n\t\t\n\t\t\t\t\t\t\t\t\t\t\t\t\t\t\t\n\t\t\t\t\t\t\n\t\t\t\t\t\t\t\t\t\t<div class=\"fusion-product-buttons\">\n\t\t\t\t\t<a href=\"\/en\/wp-json\/wp\/v2\/pages\/6?add-to-cart=7179\" aria-describedby=\"woocommerce_loop_add_to_cart_link_describedby_7179\" data-quantity=\"1\" class=\"button product_type_simple add_to_cart_button ajax_add_to_cart\" data-product_id=\"7179\" data-product_sku=\"\" aria-label=\"Add to cart: &ldquo;Bruno Helgen | Globe White Sand 30cm&rdquo;\" rel=\"nofollow\">Add to cart<\/a>\t<span id=\"woocommerce_loop_add_to_cart_link_describedby_7179\" class=\"screen-reader-text\">\n\t\t\t<\/span>\n<span class=\"fusion-rollover-linebreak\">\n\t\/<\/span>\n\n<a href=\"https:\/\/galerie-artima.com\/en\/shop\/bruno-helgen-globe-white-sand-30cm\" class=\"show_details_button\">\n\tDetails<\/a>\n\n\t\t\t\t<\/div>\n\t\t\t\t\t\t\t\t\t<a class=\"fusion-link-wrapper\" href=\"https:\/\/galerie-artima.com\/en\/shop\/bruno-helgen-globe-white-sand-30cm\" aria-label=\"Bruno Helgen | Globe White Sand 30cm\"><\/a>\n\t<\/div>\n<\/div>\n<\/div>\n<\/div>\n<div class=\"fusion-product-content\">\n\t<div class=\"product-details\">\n\t\t<div class=\"product-details-container\">\n<h3 class=\"product-title\">\n\t<a href=\"https:\/\/galerie-artima.com\/en\/shop\/bruno-helgen-globe-white-sand-30cm\">\n\t\tBruno Helgen | Globe White Sand 30cm\t<\/a>\n<\/h3>\n<div class=\"fusion-price-rating\">\n\n\t<span class=\"price\"><span class=\"woocommerce-Price-amount amount\"><bdi>2500,00<span class=\"woocommerce-Price-currencySymbol\">&euro;<\/span><\/bdi><\/span><\/span>\n\t\t<\/div>\n\t<\/div>\n<\/div>\n\n\t<\/div> \n\n\n<\/div>\n<\/li>\n<li class=\"product type-product post-7395 status-publish first instock product_cat-all product_cat-drawing product_cat-sculpture-en has-post-thumbnail sold-individually shipping-taxable purchasable product-type-simple product-grid-view\">\n\t<div class=\"fusion-product-wrapper\">\n\n<div class=\"fusion-clean-product-image-wrapper \">\n\t<div  class=\"fusion-image-wrapper fusion-image-size-fixed\" aria-haspopup=\"true\">\n\t\t\t\t<img decoding=\"async\" width=\"500\" height=\"500\" src=\"https:\/\/galerie-artima.com\/wp-content\/uploads\/2024\/02\/CLAIRE-FANJUL-Oeuf-au-poisson-a-bec-Feutre-Posca-sur-coquille-doeuf-18x15cm-2023-3-500x500.jpg\" class=\"attachment-woocommerce_thumbnail size-woocommerce_thumbnail lazyload wp-post-image\" alt=\"\" srcset=\"data:image\/svg+xml,%3Csvg%20xmlns%3D%27http%3A%2F%2Fwww.w3.org%2F2000%2Fsvg%27%20width%3D%271200%27%20height%3D%271200%27%20viewBox%3D%270%200%201200%201200%27%3E%3Crect%20width%3D%271200%27%20height%3D%271200%27%20fill-opacity%3D%220%22%2F%3E%3C%2Fsvg%3E\" data-orig-src=\"https:\/\/galerie-artima.com\/wp-content\/uploads\/2024\/02\/CLAIRE-FANJUL-Oeuf-au-poisson-a-bec-Feutre-Posca-sur-coquille-doeuf-18x15cm-2023-3-500x500.jpg\" data-srcset=\"https:\/\/galerie-artima.com\/wp-content\/uploads\/2024\/02\/CLAIRE-FANJUL-Oeuf-au-poisson-a-bec-Feutre-Posca-sur-coquille-doeuf-18x15cm-2023-3-66x66.jpg 66w, https:\/\/galerie-artima.com\/wp-content\/uploads\/2024\/02\/CLAIRE-FANJUL-Oeuf-au-poisson-a-bec-Feutre-Posca-sur-coquille-doeuf-18x15cm-2023-3-96x96.jpg 96w, https:\/\/galerie-artima.com\/wp-content\/uploads\/2024\/02\/CLAIRE-FANJUL-Oeuf-au-poisson-a-bec-Feutre-Posca-sur-coquille-doeuf-18x15cm-2023-3-150x150.jpg 150w, https:\/\/galerie-artima.com\/wp-content\/uploads\/2024\/02\/CLAIRE-FANJUL-Oeuf-au-poisson-a-bec-Feutre-Posca-sur-coquille-doeuf-18x15cm-2023-3-200x200.jpg 200w, https:\/\/galerie-artima.com\/wp-content\/uploads\/2024\/02\/CLAIRE-FANJUL-Oeuf-au-poisson-a-bec-Feutre-Posca-sur-coquille-doeuf-18x15cm-2023-3-300x300.jpg 300w, https:\/\/galerie-artima.com\/wp-content\/uploads\/2024\/02\/CLAIRE-FANJUL-Oeuf-au-poisson-a-bec-Feutre-Posca-sur-coquille-doeuf-18x15cm-2023-3-400x400.jpg 400w, https:\/\/galerie-artima.com\/wp-content\/uploads\/2024\/02\/CLAIRE-FANJUL-Oeuf-au-poisson-a-bec-Feutre-Posca-sur-coquille-doeuf-18x15cm-2023-3-500x500.jpg 500w, https:\/\/galerie-artima.com\/wp-content\/uploads\/2024\/02\/CLAIRE-FANJUL-Oeuf-au-poisson-a-bec-Feutre-Posca-sur-coquille-doeuf-18x15cm-2023-3-600x600.jpg 600w, https:\/\/galerie-artima.com\/wp-content\/uploads\/2024\/02\/CLAIRE-FANJUL-Oeuf-au-poisson-a-bec-Feutre-Posca-sur-coquille-doeuf-18x15cm-2023-3-768x768.jpg 768w, https:\/\/galerie-artima.com\/wp-content\/uploads\/2024\/02\/CLAIRE-FANJUL-Oeuf-au-poisson-a-bec-Feutre-Posca-sur-coquille-doeuf-18x15cm-2023-3-800x800.jpg 800w, https:\/\/galerie-artima.com\/wp-content\/uploads\/2024\/02\/CLAIRE-FANJUL-Oeuf-au-poisson-a-bec-Feutre-Posca-sur-coquille-doeuf-18x15cm-2023-3-1024x1024.jpg 1024w, https:\/\/galerie-artima.com\/wp-content\/uploads\/2024\/02\/CLAIRE-FANJUL-Oeuf-au-poisson-a-bec-Feutre-Posca-sur-coquille-doeuf-18x15cm-2023-3.jpg 1200w\" data-sizes=\"auto\" \/><div class=\"fusion-rollover\">\n\t<div class=\"fusion-rollover-content\">\n\n\t\t\t\t\n\t\t\n\t\t\t\t\t\t\t\t\n\t\t\t\t\t\t\t\t\n\t\t\n\t\t\t\t\t\t\t\t\t\t\t\t\t\t\t\n\t\t\t\t\t\t\n\t\t\t\t\t\t\t\t\t\t<div class=\"fusion-product-buttons\">\n\t\t\t\t\t<a href=\"\/en\/wp-json\/wp\/v2\/pages\/6?add-to-cart=7395\" aria-describedby=\"woocommerce_loop_add_to_cart_link_describedby_7395\" data-quantity=\"1\" class=\"button product_type_simple add_to_cart_button ajax_add_to_cart\" data-product_id=\"7395\" data-product_sku=\"\" aria-label=\"Add to cart: &ldquo;Claire Fanjul | Oeuf au poisson \u00e0 bec&rdquo;\" rel=\"nofollow\">Add to cart<\/a>\t<span id=\"woocommerce_loop_add_to_cart_link_describedby_7395\" class=\"screen-reader-text\">\n\t\t\t<\/span>\n<span class=\"fusion-rollover-linebreak\">\n\t\/<\/span>\n\n<a href=\"https:\/\/galerie-artima.com\/en\/shop\/claire-fanjul-oeuf-au-poisson-a-bec\" class=\"show_details_button\">\n\tDetails<\/a>\n\n\t\t\t\t<\/div>\n\t\t\t\t\t\t\t\t\t<a class=\"fusion-link-wrapper\" href=\"https:\/\/galerie-artima.com\/en\/shop\/claire-fanjul-oeuf-au-poisson-a-bec\" aria-label=\"Claire Fanjul | Oeuf au poisson \u00e0 bec\"><\/a>\n\t<\/div>\n<\/div>\n<\/div>\n<\/div>\n<div class=\"fusion-product-content\">\n\t<div class=\"product-details\">\n\t\t<div class=\"product-details-container\">\n<h3 class=\"product-title\">\n\t<a href=\"https:\/\/galerie-artima.com\/en\/shop\/claire-fanjul-oeuf-au-poisson-a-bec\">\n\t\tClaire Fanjul | Oeuf au poisson \u00e0 bec\t<\/a>\n<\/h3>\n<div class=\"fusion-price-rating\">\n\n\t<span class=\"price\"><span class=\"woocommerce-Price-amount amount\"><bdi>1300,00<span class=\"woocommerce-Price-currencySymbol\">&euro;<\/span><\/bdi><\/span><\/span>\n\t\t<\/div>\n\t<\/div>\n<\/div>\n\n\t<\/div> \n\n\n<\/div>\n<\/li>\n<li class=\"product type-product post-3843 status-publish instock product_cat-all product_cat-drawing product_cat-sculpture-en has-post-thumbnail sold-individually shipping-taxable purchasable product-type-simple product-grid-view\">\n\t<div class=\"fusion-product-wrapper\">\n\n<div class=\"fusion-clean-product-image-wrapper \">\n\t<div  class=\"fusion-image-wrapper fusion-image-size-fixed\" aria-haspopup=\"true\">\n\t\t\t\t<img decoding=\"async\" width=\"500\" height=\"500\" src=\"https:\/\/galerie-artima.com\/wp-content\/uploads\/2023\/11\/CLAIRE-FANJUL-Games-of-sword-Dessin-au-feutre-sur-oeuf-dautruche-18x15cm-500x500.jpg\" class=\"attachment-woocommerce_thumbnail size-woocommerce_thumbnail lazyload wp-post-image\" alt=\"\" srcset=\"data:image\/svg+xml,%3Csvg%20xmlns%3D%27http%3A%2F%2Fwww.w3.org%2F2000%2Fsvg%27%20width%3D%271200%27%20height%3D%271200%27%20viewBox%3D%270%200%201200%201200%27%3E%3Crect%20width%3D%271200%27%20height%3D%271200%27%20fill-opacity%3D%220%22%2F%3E%3C%2Fsvg%3E\" data-orig-src=\"https:\/\/galerie-artima.com\/wp-content\/uploads\/2023\/11\/CLAIRE-FANJUL-Games-of-sword-Dessin-au-feutre-sur-oeuf-dautruche-18x15cm-500x500.jpg\" data-srcset=\"https:\/\/galerie-artima.com\/wp-content\/uploads\/2023\/11\/CLAIRE-FANJUL-Games-of-sword-Dessin-au-feutre-sur-oeuf-dautruche-18x15cm-66x66.jpg 66w, https:\/\/galerie-artima.com\/wp-content\/uploads\/2023\/11\/CLAIRE-FANJUL-Games-of-sword-Dessin-au-feutre-sur-oeuf-dautruche-18x15cm-96x96.jpg 96w, https:\/\/galerie-artima.com\/wp-content\/uploads\/2023\/11\/CLAIRE-FANJUL-Games-of-sword-Dessin-au-feutre-sur-oeuf-dautruche-18x15cm-150x150.jpg 150w, https:\/\/galerie-artima.com\/wp-content\/uploads\/2023\/11\/CLAIRE-FANJUL-Games-of-sword-Dessin-au-feutre-sur-oeuf-dautruche-18x15cm-200x200.jpg 200w, https:\/\/galerie-artima.com\/wp-content\/uploads\/2023\/11\/CLAIRE-FANJUL-Games-of-sword-Dessin-au-feutre-sur-oeuf-dautruche-18x15cm-300x300.jpg 300w, https:\/\/galerie-artima.com\/wp-content\/uploads\/2023\/11\/CLAIRE-FANJUL-Games-of-sword-Dessin-au-feutre-sur-oeuf-dautruche-18x15cm-400x400.jpg 400w, https:\/\/galerie-artima.com\/wp-content\/uploads\/2023\/11\/CLAIRE-FANJUL-Games-of-sword-Dessin-au-feutre-sur-oeuf-dautruche-18x15cm-500x500.jpg 500w, https:\/\/galerie-artima.com\/wp-content\/uploads\/2023\/11\/CLAIRE-FANJUL-Games-of-sword-Dessin-au-feutre-sur-oeuf-dautruche-18x15cm-600x600.jpg 600w, https:\/\/galerie-artima.com\/wp-content\/uploads\/2023\/11\/CLAIRE-FANJUL-Games-of-sword-Dessin-au-feutre-sur-oeuf-dautruche-18x15cm-768x768.jpg 768w, https:\/\/galerie-artima.com\/wp-content\/uploads\/2023\/11\/CLAIRE-FANJUL-Games-of-sword-Dessin-au-feutre-sur-oeuf-dautruche-18x15cm-800x800.jpg 800w, https:\/\/galerie-artima.com\/wp-content\/uploads\/2023\/11\/CLAIRE-FANJUL-Games-of-sword-Dessin-au-feutre-sur-oeuf-dautruche-18x15cm-1024x1024.jpg 1024w, https:\/\/galerie-artima.com\/wp-content\/uploads\/2023\/11\/CLAIRE-FANJUL-Games-of-sword-Dessin-au-feutre-sur-oeuf-dautruche-18x15cm.jpg 1200w\" data-sizes=\"auto\" \/><div class=\"fusion-rollover\">\n\t<div class=\"fusion-rollover-content\">\n\n\t\t\t\t\n\t\t\n\t\t\t\t\t\t\t\t\n\t\t\t\t\t\t\t\t\n\t\t\n\t\t\t\t\t\t\t\t\t\t\t\t\t\t\t\n\t\t\t\t\t\t\n\t\t\t\t\t\t\t\t\t\t<div class=\"fusion-product-buttons\">\n\t\t\t\t\t<a href=\"\/en\/wp-json\/wp\/v2\/pages\/6?add-to-cart=3843\" aria-describedby=\"woocommerce_loop_add_to_cart_link_describedby_3843\" data-quantity=\"1\" class=\"button product_type_simple add_to_cart_button ajax_add_to_cart\" data-product_id=\"3843\" data-product_sku=\"\" aria-label=\"Add to cart: &ldquo;Claire Fanjul | Oeuf Game of sword&rdquo;\" rel=\"nofollow\">Add to cart<\/a>\t<span id=\"woocommerce_loop_add_to_cart_link_describedby_3843\" class=\"screen-reader-text\">\n\t\t\t<\/span>\n<span class=\"fusion-rollover-linebreak\">\n\t\/<\/span>\n\n<a href=\"https:\/\/galerie-artima.com\/en\/shop\/claire-fanjul-oeuf-game-of-sword\" class=\"show_details_button\">\n\tDetails<\/a>\n\n\t\t\t\t<\/div>\n\t\t\t\t\t\t\t\t\t<a class=\"fusion-link-wrapper\" href=\"https:\/\/galerie-artima.com\/en\/shop\/claire-fanjul-oeuf-game-of-sword\" aria-label=\"Claire Fanjul | Oeuf Game of sword\"><\/a>\n\t<\/div>\n<\/div>\n<\/div>\n<\/div>\n<div class=\"fusion-product-content\">\n\t<div class=\"product-details\">\n\t\t<div class=\"product-details-container\">\n<h3 class=\"product-title\">\n\t<a href=\"https:\/\/galerie-artima.com\/en\/shop\/claire-fanjul-oeuf-game-of-sword\">\n\t\tClaire Fanjul | Oeuf Game of sword\t<\/a>\n<\/h3>\n<div class=\"fusion-price-rating\">\n\n\t<span class=\"price\"><span class=\"woocommerce-Price-amount amount\"><bdi>1300,00<span class=\"woocommerce-Price-currencySymbol\">&euro;<\/span><\/bdi><\/span><\/span>\n\t\t<\/div>\n\t<\/div>\n<\/div>\n\n\t<\/div> \n\n\n<\/div>\n<\/li>\n<li class=\"product type-product post-8113 status-publish last instock product_cat-all product_cat-drawing product_cat-sculpture-en has-post-thumbnail sold-individually shipping-taxable purchasable product-type-simple product-grid-view\">\n\t<div class=\"fusion-product-wrapper\">\n\n<div class=\"fusion-clean-product-image-wrapper \">\n\t<div  class=\"fusion-image-wrapper fusion-image-size-fixed\" aria-haspopup=\"true\">\n\t\t\t\t<img decoding=\"async\" width=\"500\" height=\"500\" src=\"https:\/\/galerie-artima.com\/wp-content\/uploads\/2022\/04\/CLAIRE-FANJUL-Perles-Dessin-au-feutre-sur-oeuf-dautruche-18x15cm-2021-6-500x500.jpg\" class=\"attachment-woocommerce_thumbnail size-woocommerce_thumbnail lazyload wp-post-image\" alt=\"\" srcset=\"data:image\/svg+xml,%3Csvg%20xmlns%3D%27http%3A%2F%2Fwww.w3.org%2F2000%2Fsvg%27%20width%3D%271200%27%20height%3D%271200%27%20viewBox%3D%270%200%201200%201200%27%3E%3Crect%20width%3D%271200%27%20height%3D%271200%27%20fill-opacity%3D%220%22%2F%3E%3C%2Fsvg%3E\" data-orig-src=\"https:\/\/galerie-artima.com\/wp-content\/uploads\/2022\/04\/CLAIRE-FANJUL-Perles-Dessin-au-feutre-sur-oeuf-dautruche-18x15cm-2021-6-500x500.jpg\" data-srcset=\"https:\/\/galerie-artima.com\/wp-content\/uploads\/2022\/04\/CLAIRE-FANJUL-Perles-Dessin-au-feutre-sur-oeuf-dautruche-18x15cm-2021-6-66x66.jpg 66w, https:\/\/galerie-artima.com\/wp-content\/uploads\/2022\/04\/CLAIRE-FANJUL-Perles-Dessin-au-feutre-sur-oeuf-dautruche-18x15cm-2021-6-96x96.jpg 96w, https:\/\/galerie-artima.com\/wp-content\/uploads\/2022\/04\/CLAIRE-FANJUL-Perles-Dessin-au-feutre-sur-oeuf-dautruche-18x15cm-2021-6-150x150.jpg 150w, https:\/\/galerie-artima.com\/wp-content\/uploads\/2022\/04\/CLAIRE-FANJUL-Perles-Dessin-au-feutre-sur-oeuf-dautruche-18x15cm-2021-6-200x200.jpg 200w, https:\/\/galerie-artima.com\/wp-content\/uploads\/2022\/04\/CLAIRE-FANJUL-Perles-Dessin-au-feutre-sur-oeuf-dautruche-18x15cm-2021-6-300x300.jpg 300w, https:\/\/galerie-artima.com\/wp-content\/uploads\/2022\/04\/CLAIRE-FANJUL-Perles-Dessin-au-feutre-sur-oeuf-dautruche-18x15cm-2021-6-400x400.jpg 400w, https:\/\/galerie-artima.com\/wp-content\/uploads\/2022\/04\/CLAIRE-FANJUL-Perles-Dessin-au-feutre-sur-oeuf-dautruche-18x15cm-2021-6-500x500.jpg 500w, https:\/\/galerie-artima.com\/wp-content\/uploads\/2022\/04\/CLAIRE-FANJUL-Perles-Dessin-au-feutre-sur-oeuf-dautruche-18x15cm-2021-6-600x600.jpg 600w, https:\/\/galerie-artima.com\/wp-content\/uploads\/2022\/04\/CLAIRE-FANJUL-Perles-Dessin-au-feutre-sur-oeuf-dautruche-18x15cm-2021-6-768x768.jpg 768w, https:\/\/galerie-artima.com\/wp-content\/uploads\/2022\/04\/CLAIRE-FANJUL-Perles-Dessin-au-feutre-sur-oeuf-dautruche-18x15cm-2021-6-800x800.jpg 800w, https:\/\/galerie-artima.com\/wp-content\/uploads\/2022\/04\/CLAIRE-FANJUL-Perles-Dessin-au-feutre-sur-oeuf-dautruche-18x15cm-2021-6-1024x1024.jpg 1024w, https:\/\/galerie-artima.com\/wp-content\/uploads\/2022\/04\/CLAIRE-FANJUL-Perles-Dessin-au-feutre-sur-oeuf-dautruche-18x15cm-2021-6.jpg 1200w\" data-sizes=\"auto\" \/><div class=\"fusion-rollover\">\n\t<div class=\"fusion-rollover-content\">\n\n\t\t\t\t\n\t\t\n\t\t\t\t\t\t\t\t\n\t\t\t\t\t\t\t\t\n\t\t\n\t\t\t\t\t\t\t\t\t\t\t\t\t\t\t\n\t\t\t\t\t\t\n\t\t\t\t\t\t\t\t\t\t<div class=\"fusion-product-buttons\">\n\t\t\t\t\t<a href=\"\/en\/wp-json\/wp\/v2\/pages\/6?add-to-cart=8113\" aria-describedby=\"woocommerce_loop_add_to_cart_link_describedby_8113\" data-quantity=\"1\" class=\"button product_type_simple add_to_cart_button ajax_add_to_cart\" data-product_id=\"8113\" data-product_sku=\"\" aria-label=\"Add to cart: &ldquo;Claire Fanjul | Perles&rdquo;\" rel=\"nofollow\">Add to cart<\/a>\t<span id=\"woocommerce_loop_add_to_cart_link_describedby_8113\" class=\"screen-reader-text\">\n\t\t\t<\/span>\n<span class=\"fusion-rollover-linebreak\">\n\t\/<\/span>\n\n<a href=\"https:\/\/galerie-artima.com\/en\/shop\/claire-fanjul-perles\" class=\"show_details_button\">\n\tDetails<\/a>\n\n\t\t\t\t<\/div>\n\t\t\t\t\t\t\t\t\t<a class=\"fusion-link-wrapper\" href=\"https:\/\/galerie-artima.com\/en\/shop\/claire-fanjul-perles\" aria-label=\"Claire Fanjul | Perles\"><\/a>\n\t<\/div>\n<\/div>\n<\/div>\n<\/div>\n<div class=\"fusion-product-content\">\n\t<div class=\"product-details\">\n\t\t<div class=\"product-details-container\">\n<h3 class=\"product-title\">\n\t<a href=\"https:\/\/galerie-artima.com\/en\/shop\/claire-fanjul-perles\">\n\t\tClaire Fanjul | Perles\t<\/a>\n<\/h3>\n<div class=\"fusion-price-rating\">\n\n\t<span class=\"price\"><span class=\"woocommerce-Price-amount amount\"><bdi>1300,00<span class=\"woocommerce-Price-currencySymbol\">&euro;<\/span><\/bdi><\/span><\/span>\n\t\t<\/div>\n\t<\/div>\n<\/div>\n\n\t<\/div> \n\n\n<\/div>\n<\/li>\n<li class=\"product type-product post-7393 status-publish first instock product_cat-all product_cat-drawing product_cat-sculpture-en has-post-thumbnail sold-individually shipping-taxable purchasable product-type-simple product-grid-view\">\n\t<div class=\"fusion-product-wrapper\">\n\n<div class=\"fusion-clean-product-image-wrapper \">\n\t<div  class=\"fusion-image-wrapper fusion-image-size-fixed\" aria-haspopup=\"true\">\n\t\t\t\t<img decoding=\"async\" width=\"500\" height=\"500\" src=\"https:\/\/galerie-artima.com\/wp-content\/uploads\/2024\/02\/CLAIRE-FANJUL-Serie-Utopia-Sphere-au-Porc-Epique-Posca-et-bois-de-tilleul-20cm-2022-2--500x500.jpg\" class=\"attachment-woocommerce_thumbnail size-woocommerce_thumbnail lazyload wp-post-image\" alt=\"\" srcset=\"data:image\/svg+xml,%3Csvg%20xmlns%3D%27http%3A%2F%2Fwww.w3.org%2F2000%2Fsvg%27%20width%3D%271200%27%20height%3D%271200%27%20viewBox%3D%270%200%201200%201200%27%3E%3Crect%20width%3D%271200%27%20height%3D%271200%27%20fill-opacity%3D%220%22%2F%3E%3C%2Fsvg%3E\" data-orig-src=\"https:\/\/galerie-artima.com\/wp-content\/uploads\/2024\/02\/CLAIRE-FANJUL-Serie-Utopia-Sphere-au-Porc-Epique-Posca-et-bois-de-tilleul-20cm-2022-2--500x500.jpg\" data-srcset=\"https:\/\/galerie-artima.com\/wp-content\/uploads\/2024\/02\/CLAIRE-FANJUL-Serie-Utopia-Sphere-au-Porc-Epique-Posca-et-bois-de-tilleul-20cm-2022-2--66x66.jpg 66w, https:\/\/galerie-artima.com\/wp-content\/uploads\/2024\/02\/CLAIRE-FANJUL-Serie-Utopia-Sphere-au-Porc-Epique-Posca-et-bois-de-tilleul-20cm-2022-2--96x96.jpg 96w, https:\/\/galerie-artima.com\/wp-content\/uploads\/2024\/02\/CLAIRE-FANJUL-Serie-Utopia-Sphere-au-Porc-Epique-Posca-et-bois-de-tilleul-20cm-2022-2--150x150.jpg 150w, https:\/\/galerie-artima.com\/wp-content\/uploads\/2024\/02\/CLAIRE-FANJUL-Serie-Utopia-Sphere-au-Porc-Epique-Posca-et-bois-de-tilleul-20cm-2022-2--200x200.jpg 200w, https:\/\/galerie-artima.com\/wp-content\/uploads\/2024\/02\/CLAIRE-FANJUL-Serie-Utopia-Sphere-au-Porc-Epique-Posca-et-bois-de-tilleul-20cm-2022-2--300x300.jpg 300w, https:\/\/galerie-artima.com\/wp-content\/uploads\/2024\/02\/CLAIRE-FANJUL-Serie-Utopia-Sphere-au-Porc-Epique-Posca-et-bois-de-tilleul-20cm-2022-2--400x400.jpg 400w, https:\/\/galerie-artima.com\/wp-content\/uploads\/2024\/02\/CLAIRE-FANJUL-Serie-Utopia-Sphere-au-Porc-Epique-Posca-et-bois-de-tilleul-20cm-2022-2--500x500.jpg 500w, https:\/\/galerie-artima.com\/wp-content\/uploads\/2024\/02\/CLAIRE-FANJUL-Serie-Utopia-Sphere-au-Porc-Epique-Posca-et-bois-de-tilleul-20cm-2022-2--600x600.jpg 600w, https:\/\/galerie-artima.com\/wp-content\/uploads\/2024\/02\/CLAIRE-FANJUL-Serie-Utopia-Sphere-au-Porc-Epique-Posca-et-bois-de-tilleul-20cm-2022-2--768x768.jpg 768w, https:\/\/galerie-artima.com\/wp-content\/uploads\/2024\/02\/CLAIRE-FANJUL-Serie-Utopia-Sphere-au-Porc-Epique-Posca-et-bois-de-tilleul-20cm-2022-2--800x800.jpg 800w, https:\/\/galerie-artima.com\/wp-content\/uploads\/2024\/02\/CLAIRE-FANJUL-Serie-Utopia-Sphere-au-Porc-Epique-Posca-et-bois-de-tilleul-20cm-2022-2--1024x1024.jpg 1024w, https:\/\/galerie-artima.com\/wp-content\/uploads\/2024\/02\/CLAIRE-FANJUL-Serie-Utopia-Sphere-au-Porc-Epique-Posca-et-bois-de-tilleul-20cm-2022-2-.jpg 1200w\" data-sizes=\"auto\" \/><div class=\"fusion-rollover\">\n\t<div class=\"fusion-rollover-content\">\n\n\t\t\t\t\n\t\t\n\t\t\t\t\t\t\t\t\n\t\t\t\t\t\t\t\t\n\t\t\n\t\t\t\t\t\t\t\t\t\t\t\t\t\t\t\n\t\t\t\t\t\t\n\t\t\t\t\t\t\t\t\t\t<div class=\"fusion-product-buttons\">\n\t\t\t\t\t<a href=\"\/en\/wp-json\/wp\/v2\/pages\/6?add-to-cart=7393\" aria-describedby=\"woocommerce_loop_add_to_cart_link_describedby_7393\" data-quantity=\"1\" class=\"button product_type_simple add_to_cart_button ajax_add_to_cart\" data-product_id=\"7393\" data-product_sku=\"\" aria-label=\"Add to cart: &ldquo;Claire Fanjul | Sph\u00e8re c\u00e9leste au porc-\u00e9pic&rdquo;\" rel=\"nofollow\">Add to cart<\/a>\t<span id=\"woocommerce_loop_add_to_cart_link_describedby_7393\" class=\"screen-reader-text\">\n\t\t\t<\/span>\n<span class=\"fusion-rollover-linebreak\">\n\t\/<\/span>\n\n<a href=\"https:\/\/galerie-artima.com\/en\/shop\/claire-fanjul-sphere-celeste-au-porc-epic\" class=\"show_details_button\">\n\tDetails<\/a>\n\n\t\t\t\t<\/div>\n\t\t\t\t\t\t\t\t\t<a class=\"fusion-link-wrapper\" href=\"https:\/\/galerie-artima.com\/en\/shop\/claire-fanjul-sphere-celeste-au-porc-epic\" aria-label=\"Claire Fanjul | Sph\u00e8re c\u00e9leste au porc-\u00e9pic\"><\/a>\n\t<\/div>\n<\/div>\n<\/div>\n<\/div>\n<div class=\"fusion-product-content\">\n\t<div class=\"product-details\">\n\t\t<div class=\"product-details-container\">\n<h3 class=\"product-title\">\n\t<a href=\"https:\/\/galerie-artima.com\/en\/shop\/claire-fanjul-sphere-celeste-au-porc-epic\">\n\t\tClaire Fanjul | Sph\u00e8re c\u00e9leste au porc-\u00e9pic\t<\/a>\n<\/h3>\n<div class=\"fusion-price-rating\">\n\n\t<span class=\"price\"><span class=\"woocommerce-Price-amount amount\"><bdi>3500,00<span class=\"woocommerce-Price-currencySymbol\">&euro;<\/span><\/bdi><\/span><\/span>\n\t\t<\/div>\n\t<\/div>\n<\/div>\n\n\t<\/div> \n\n\n<\/div>\n<\/li>\n<li class=\"product type-product post-5949 status-publish instock product_cat-all product_cat-drawing product_cat-sculpture-en has-post-thumbnail sold-individually shipping-taxable purchasable product-type-simple product-grid-view\">\n\t<div class=\"fusion-product-wrapper\">\n\n<div class=\"fusion-clean-product-image-wrapper \">\n\t<div  class=\"fusion-image-wrapper fusion-image-size-fixed\" aria-haspopup=\"true\">\n\t\t\t\t<img decoding=\"async\" width=\"500\" height=\"500\" src=\"https:\/\/galerie-artima.com\/wp-content\/uploads\/2024\/02\/CLAIRE-FANJUL-Oeuf-a-lhyppocampe-Feutre-Posca-sur-coquille-doeuf-18x15cm-2024-3-500x500.jpg\" class=\"attachment-woocommerce_thumbnail size-woocommerce_thumbnail lazyload wp-post-image\" alt=\"\" srcset=\"data:image\/svg+xml,%3Csvg%20xmlns%3D%27http%3A%2F%2Fwww.w3.org%2F2000%2Fsvg%27%20width%3D%271200%27%20height%3D%271200%27%20viewBox%3D%270%200%201200%201200%27%3E%3Crect%20width%3D%271200%27%20height%3D%271200%27%20fill-opacity%3D%220%22%2F%3E%3C%2Fsvg%3E\" data-orig-src=\"https:\/\/galerie-artima.com\/wp-content\/uploads\/2024\/02\/CLAIRE-FANJUL-Oeuf-a-lhyppocampe-Feutre-Posca-sur-coquille-doeuf-18x15cm-2024-3-500x500.jpg\" data-srcset=\"https:\/\/galerie-artima.com\/wp-content\/uploads\/2024\/02\/CLAIRE-FANJUL-Oeuf-a-lhyppocampe-Feutre-Posca-sur-coquille-doeuf-18x15cm-2024-3-66x66.jpg 66w, https:\/\/galerie-artima.com\/wp-content\/uploads\/2024\/02\/CLAIRE-FANJUL-Oeuf-a-lhyppocampe-Feutre-Posca-sur-coquille-doeuf-18x15cm-2024-3-96x96.jpg 96w, https:\/\/galerie-artima.com\/wp-content\/uploads\/2024\/02\/CLAIRE-FANJUL-Oeuf-a-lhyppocampe-Feutre-Posca-sur-coquille-doeuf-18x15cm-2024-3-150x150.jpg 150w, https:\/\/galerie-artima.com\/wp-content\/uploads\/2024\/02\/CLAIRE-FANJUL-Oeuf-a-lhyppocampe-Feutre-Posca-sur-coquille-doeuf-18x15cm-2024-3-200x200.jpg 200w, https:\/\/galerie-artima.com\/wp-content\/uploads\/2024\/02\/CLAIRE-FANJUL-Oeuf-a-lhyppocampe-Feutre-Posca-sur-coquille-doeuf-18x15cm-2024-3-300x300.jpg 300w, https:\/\/galerie-artima.com\/wp-content\/uploads\/2024\/02\/CLAIRE-FANJUL-Oeuf-a-lhyppocampe-Feutre-Posca-sur-coquille-doeuf-18x15cm-2024-3-400x400.jpg 400w, https:\/\/galerie-artima.com\/wp-content\/uploads\/2024\/02\/CLAIRE-FANJUL-Oeuf-a-lhyppocampe-Feutre-Posca-sur-coquille-doeuf-18x15cm-2024-3-500x500.jpg 500w, https:\/\/galerie-artima.com\/wp-content\/uploads\/2024\/02\/CLAIRE-FANJUL-Oeuf-a-lhyppocampe-Feutre-Posca-sur-coquille-doeuf-18x15cm-2024-3-600x600.jpg 600w, https:\/\/galerie-artima.com\/wp-content\/uploads\/2024\/02\/CLAIRE-FANJUL-Oeuf-a-lhyppocampe-Feutre-Posca-sur-coquille-doeuf-18x15cm-2024-3-768x768.jpg 768w, https:\/\/galerie-artima.com\/wp-content\/uploads\/2024\/02\/CLAIRE-FANJUL-Oeuf-a-lhyppocampe-Feutre-Posca-sur-coquille-doeuf-18x15cm-2024-3-800x800.jpg 800w, https:\/\/galerie-artima.com\/wp-content\/uploads\/2024\/02\/CLAIRE-FANJUL-Oeuf-a-lhyppocampe-Feutre-Posca-sur-coquille-doeuf-18x15cm-2024-3-1024x1024.jpg 1024w, https:\/\/galerie-artima.com\/wp-content\/uploads\/2024\/02\/CLAIRE-FANJUL-Oeuf-a-lhyppocampe-Feutre-Posca-sur-coquille-doeuf-18x15cm-2024-3.jpg 1200w\" data-sizes=\"auto\" \/><div class=\"fusion-rollover\">\n\t<div class=\"fusion-rollover-content\">\n\n\t\t\t\t\n\t\t\n\t\t\t\t\t\t\t\t\n\t\t\t\t\t\t\t\t\n\t\t\n\t\t\t\t\t\t\t\t\t\t\t\t\t\t\t\n\t\t\t\t\t\t\n\t\t\t\t\t\t\t\t\t\t<div class=\"fusion-product-buttons\">\n\t\t\t\t\t<a href=\"\/en\/wp-json\/wp\/v2\/pages\/6?add-to-cart=5949\" aria-describedby=\"woocommerce_loop_add_to_cart_link_describedby_5949\" data-quantity=\"1\" class=\"button product_type_simple add_to_cart_button ajax_add_to_cart\" data-product_id=\"5949\" data-product_sku=\"\" aria-label=\"Add to cart: &ldquo;Claire Fanjul I L&#039;oeuf \u00e0 l&#039;hyppocampe&rdquo;\" rel=\"nofollow\">Add to cart<\/a>\t<span id=\"woocommerce_loop_add_to_cart_link_describedby_5949\" class=\"screen-reader-text\">\n\t\t\t<\/span>\n<span class=\"fusion-rollover-linebreak\">\n\t\/<\/span>\n\n<a href=\"https:\/\/galerie-artima.com\/en\/shop\/claire-fanjul-loeuf-a-lhyppocampe\" class=\"show_details_button\">\n\tDetails<\/a>\n\n\t\t\t\t<\/div>\n\t\t\t\t\t\t\t\t\t<a class=\"fusion-link-wrapper\" href=\"https:\/\/galerie-artima.com\/en\/shop\/claire-fanjul-loeuf-a-lhyppocampe\" aria-label=\"Claire Fanjul I L&#8217;oeuf \u00e0 l&#8217;hyppocampe\"><\/a>\n\t<\/div>\n<\/div>\n<\/div>\n<\/div>\n<div class=\"fusion-product-content\">\n\t<div class=\"product-details\">\n\t\t<div class=\"product-details-container\">\n<h3 class=\"product-title\">\n\t<a href=\"https:\/\/galerie-artima.com\/en\/shop\/claire-fanjul-loeuf-a-lhyppocampe\">\n\t\tClaire Fanjul I L&#8217;oeuf \u00e0 l&#8217;hyppocampe\t<\/a>\n<\/h3>\n<div class=\"fusion-price-rating\">\n\n\t<span class=\"price\"><span class=\"woocommerce-Price-amount amount\"><bdi>1300,00<span class=\"woocommerce-Price-currencySymbol\">&euro;<\/span><\/bdi><\/span><\/span>\n\t\t<\/div>\n\t<\/div>\n<\/div>\n\n\t<\/div> \n\n\n<\/div>\n<\/li>\n<li class=\"product type-product post-7359 status-publish last instock product_cat-all product_cat-sculpture-en has-post-thumbnail sold-individually shipping-taxable purchasable product-type-simple product-grid-view\">\n\t<div class=\"fusion-product-wrapper\">\n\n<div class=\"fusion-clean-product-image-wrapper \">\n\t<div  class=\"fusion-image-wrapper fusion-image-size-fixed\" aria-haspopup=\"true\">\n\t\t\t\t<img decoding=\"async\" width=\"500\" height=\"500\" src=\"https:\/\/galerie-artima.com\/wp-content\/uploads\/2022\/01\/DAN-LAM-Bang-23x23x18cm-Mousse-de-polyurethane-resine-et-acrylique-2019-2-500x500.jpg\" class=\"attachment-woocommerce_thumbnail size-woocommerce_thumbnail lazyload wp-post-image\" alt=\"\" srcset=\"data:image\/svg+xml,%3Csvg%20xmlns%3D%27http%3A%2F%2Fwww.w3.org%2F2000%2Fsvg%27%20width%3D%271200%27%20height%3D%271200%27%20viewBox%3D%270%200%201200%201200%27%3E%3Crect%20width%3D%271200%27%20height%3D%271200%27%20fill-opacity%3D%220%22%2F%3E%3C%2Fsvg%3E\" data-orig-src=\"https:\/\/galerie-artima.com\/wp-content\/uploads\/2022\/01\/DAN-LAM-Bang-23x23x18cm-Mousse-de-polyurethane-resine-et-acrylique-2019-2-500x500.jpg\" data-srcset=\"https:\/\/galerie-artima.com\/wp-content\/uploads\/2022\/01\/DAN-LAM-Bang-23x23x18cm-Mousse-de-polyurethane-resine-et-acrylique-2019-2-66x66.jpg 66w, https:\/\/galerie-artima.com\/wp-content\/uploads\/2022\/01\/DAN-LAM-Bang-23x23x18cm-Mousse-de-polyurethane-resine-et-acrylique-2019-2-96x96.jpg 96w, https:\/\/galerie-artima.com\/wp-content\/uploads\/2022\/01\/DAN-LAM-Bang-23x23x18cm-Mousse-de-polyurethane-resine-et-acrylique-2019-2-150x150.jpg 150w, https:\/\/galerie-artima.com\/wp-content\/uploads\/2022\/01\/DAN-LAM-Bang-23x23x18cm-Mousse-de-polyurethane-resine-et-acrylique-2019-2-200x200.jpg 200w, https:\/\/galerie-artima.com\/wp-content\/uploads\/2022\/01\/DAN-LAM-Bang-23x23x18cm-Mousse-de-polyurethane-resine-et-acrylique-2019-2-300x300.jpg 300w, https:\/\/galerie-artima.com\/wp-content\/uploads\/2022\/01\/DAN-LAM-Bang-23x23x18cm-Mousse-de-polyurethane-resine-et-acrylique-2019-2-400x400.jpg 400w, https:\/\/galerie-artima.com\/wp-content\/uploads\/2022\/01\/DAN-LAM-Bang-23x23x18cm-Mousse-de-polyurethane-resine-et-acrylique-2019-2-500x500.jpg 500w, https:\/\/galerie-artima.com\/wp-content\/uploads\/2022\/01\/DAN-LAM-Bang-23x23x18cm-Mousse-de-polyurethane-resine-et-acrylique-2019-2-600x600.jpg 600w, https:\/\/galerie-artima.com\/wp-content\/uploads\/2022\/01\/DAN-LAM-Bang-23x23x18cm-Mousse-de-polyurethane-resine-et-acrylique-2019-2-768x768.jpg 768w, https:\/\/galerie-artima.com\/wp-content\/uploads\/2022\/01\/DAN-LAM-Bang-23x23x18cm-Mousse-de-polyurethane-resine-et-acrylique-2019-2-800x800.jpg 800w, https:\/\/galerie-artima.com\/wp-content\/uploads\/2022\/01\/DAN-LAM-Bang-23x23x18cm-Mousse-de-polyurethane-resine-et-acrylique-2019-2-1024x1024.jpg 1024w, https:\/\/galerie-artima.com\/wp-content\/uploads\/2022\/01\/DAN-LAM-Bang-23x23x18cm-Mousse-de-polyurethane-resine-et-acrylique-2019-2.jpg 1200w\" data-sizes=\"auto\" \/><div class=\"fusion-rollover\">\n\t<div class=\"fusion-rollover-content\">\n\n\t\t\t\t\n\t\t\n\t\t\t\t\t\t\t\t\n\t\t\t\t\t\t\t\t\n\t\t\n\t\t\t\t\t\t\t\t\t\t\t\t\t\t\t\n\t\t\t\t\t\t\n\t\t\t\t\t\t\t\t\t\t<div class=\"fusion-product-buttons\">\n\t\t\t\t\t<a href=\"\/en\/wp-json\/wp\/v2\/pages\/6?add-to-cart=7359\" aria-describedby=\"woocommerce_loop_add_to_cart_link_describedby_7359\" data-quantity=\"1\" class=\"button product_type_simple add_to_cart_button ajax_add_to_cart\" data-product_id=\"7359\" data-product_sku=\"\" aria-label=\"Add to cart: &ldquo;Dan Lam | Bang&rdquo;\" rel=\"nofollow\">Add to cart<\/a>\t<span id=\"woocommerce_loop_add_to_cart_link_describedby_7359\" class=\"screen-reader-text\">\n\t\t\t<\/span>\n<span class=\"fusion-rollover-linebreak\">\n\t\/<\/span>\n\n<a href=\"https:\/\/galerie-artima.com\/en\/shop\/dan-lam-bang\" class=\"show_details_button\">\n\tDetails<\/a>\n\n\t\t\t\t<\/div>\n\t\t\t\t\t\t\t\t\t<a class=\"fusion-link-wrapper\" href=\"https:\/\/galerie-artima.com\/en\/shop\/dan-lam-bang\" aria-label=\"Dan Lam | Bang\"><\/a>\n\t<\/div>\n<\/div>\n<\/div>\n<\/div>\n<div class=\"fusion-product-content\">\n\t<div class=\"product-details\">\n\t\t<div class=\"product-details-container\">\n<h3 class=\"product-title\">\n\t<a href=\"https:\/\/galerie-artima.com\/en\/shop\/dan-lam-bang\">\n\t\tDan Lam | Bang\t<\/a>\n<\/h3>\n<div class=\"fusion-price-rating\">\n\n\t<span class=\"price\"><span class=\"woocommerce-Price-amount amount\"><bdi>1600,00<span class=\"woocommerce-Price-currencySymbol\">&euro;<\/span><\/bdi><\/span><\/span>\n\t\t<\/div>\n\t<\/div>\n<\/div>\n\n\t<\/div> \n\n\n<\/div>\n<\/li>\n<li class=\"product type-product post-4010 status-publish first instock product_cat-all product_cat-sculpture-en has-post-thumbnail sold-individually shipping-taxable purchasable product-type-simple product-grid-view\">\n\t<div class=\"fusion-product-wrapper\">\n\n<div class=\"fusion-clean-product-image-wrapper \">\n\t<div  class=\"fusion-image-wrapper fusion-image-size-fixed\" aria-haspopup=\"true\">\n\t\t\t\t<img decoding=\"async\" width=\"500\" height=\"500\" src=\"https:\/\/galerie-artima.com\/wp-content\/uploads\/2022\/01\/DAN-LAM-Feeling-Off-20x24x15cm-Mousse-de-polyurethane-resine-et-acrylique-2019-2-500x500.jpg\" class=\"attachment-woocommerce_thumbnail size-woocommerce_thumbnail lazyload wp-post-image\" alt=\"\" srcset=\"data:image\/svg+xml,%3Csvg%20xmlns%3D%27http%3A%2F%2Fwww.w3.org%2F2000%2Fsvg%27%20width%3D%271200%27%20height%3D%271200%27%20viewBox%3D%270%200%201200%201200%27%3E%3Crect%20width%3D%271200%27%20height%3D%271200%27%20fill-opacity%3D%220%22%2F%3E%3C%2Fsvg%3E\" data-orig-src=\"https:\/\/galerie-artima.com\/wp-content\/uploads\/2022\/01\/DAN-LAM-Feeling-Off-20x24x15cm-Mousse-de-polyurethane-resine-et-acrylique-2019-2-500x500.jpg\" data-srcset=\"https:\/\/galerie-artima.com\/wp-content\/uploads\/2022\/01\/DAN-LAM-Feeling-Off-20x24x15cm-Mousse-de-polyurethane-resine-et-acrylique-2019-2-66x66.jpg 66w, https:\/\/galerie-artima.com\/wp-content\/uploads\/2022\/01\/DAN-LAM-Feeling-Off-20x24x15cm-Mousse-de-polyurethane-resine-et-acrylique-2019-2-96x96.jpg 96w, https:\/\/galerie-artima.com\/wp-content\/uploads\/2022\/01\/DAN-LAM-Feeling-Off-20x24x15cm-Mousse-de-polyurethane-resine-et-acrylique-2019-2-150x150.jpg 150w, https:\/\/galerie-artima.com\/wp-content\/uploads\/2022\/01\/DAN-LAM-Feeling-Off-20x24x15cm-Mousse-de-polyurethane-resine-et-acrylique-2019-2-200x200.jpg 200w, https:\/\/galerie-artima.com\/wp-content\/uploads\/2022\/01\/DAN-LAM-Feeling-Off-20x24x15cm-Mousse-de-polyurethane-resine-et-acrylique-2019-2-300x300.jpg 300w, https:\/\/galerie-artima.com\/wp-content\/uploads\/2022\/01\/DAN-LAM-Feeling-Off-20x24x15cm-Mousse-de-polyurethane-resine-et-acrylique-2019-2-400x400.jpg 400w, https:\/\/galerie-artima.com\/wp-content\/uploads\/2022\/01\/DAN-LAM-Feeling-Off-20x24x15cm-Mousse-de-polyurethane-resine-et-acrylique-2019-2-500x500.jpg 500w, https:\/\/galerie-artima.com\/wp-content\/uploads\/2022\/01\/DAN-LAM-Feeling-Off-20x24x15cm-Mousse-de-polyurethane-resine-et-acrylique-2019-2-600x600.jpg 600w, https:\/\/galerie-artima.com\/wp-content\/uploads\/2022\/01\/DAN-LAM-Feeling-Off-20x24x15cm-Mousse-de-polyurethane-resine-et-acrylique-2019-2-768x768.jpg 768w, https:\/\/galerie-artima.com\/wp-content\/uploads\/2022\/01\/DAN-LAM-Feeling-Off-20x24x15cm-Mousse-de-polyurethane-resine-et-acrylique-2019-2-800x800.jpg 800w, https:\/\/galerie-artima.com\/wp-content\/uploads\/2022\/01\/DAN-LAM-Feeling-Off-20x24x15cm-Mousse-de-polyurethane-resine-et-acrylique-2019-2-1024x1024.jpg 1024w, https:\/\/galerie-artima.com\/wp-content\/uploads\/2022\/01\/DAN-LAM-Feeling-Off-20x24x15cm-Mousse-de-polyurethane-resine-et-acrylique-2019-2.jpg 1200w\" data-sizes=\"auto\" \/><div class=\"fusion-rollover\">\n\t<div class=\"fusion-rollover-content\">\n\n\t\t\t\t\n\t\t\n\t\t\t\t\t\t\t\t\n\t\t\t\t\t\t\t\t\n\t\t\n\t\t\t\t\t\t\t\t\t\t\t\t\t\t\t\n\t\t\t\t\t\t\n\t\t\t\t\t\t\t\t\t\t<div class=\"fusion-product-buttons\">\n\t\t\t\t\t<a href=\"\/en\/wp-json\/wp\/v2\/pages\/6?add-to-cart=4010\" aria-describedby=\"woocommerce_loop_add_to_cart_link_describedby_4010\" data-quantity=\"1\" class=\"button product_type_simple add_to_cart_button ajax_add_to_cart\" data-product_id=\"4010\" data-product_sku=\"\" aria-label=\"Add to cart: &ldquo;Dan Lam | Feeling off&rdquo;\" rel=\"nofollow\">Add to cart<\/a>\t<span id=\"woocommerce_loop_add_to_cart_link_describedby_4010\" class=\"screen-reader-text\">\n\t\t\t<\/span>\n<span class=\"fusion-rollover-linebreak\">\n\t\/<\/span>\n\n<a href=\"https:\/\/galerie-artima.com\/en\/shop\/dan-lam-feeling-off\" class=\"show_details_button\">\n\tDetails<\/a>\n\n\t\t\t\t<\/div>\n\t\t\t\t\t\t\t\t\t<a class=\"fusion-link-wrapper\" href=\"https:\/\/galerie-artima.com\/en\/shop\/dan-lam-feeling-off\" aria-label=\"Dan Lam | Feeling off\"><\/a>\n\t<\/div>\n<\/div>\n<\/div>\n<\/div>\n<div class=\"fusion-product-content\">\n\t<div class=\"product-details\">\n\t\t<div class=\"product-details-container\">\n<h3 class=\"product-title\">\n\t<a href=\"https:\/\/galerie-artima.com\/en\/shop\/dan-lam-feeling-off\">\n\t\tDan Lam | Feeling off\t<\/a>\n<\/h3>\n<div class=\"fusion-price-rating\">\n\n\t<span class=\"price\"><span class=\"woocommerce-Price-amount amount\"><bdi>1600,00<span class=\"woocommerce-Price-currencySymbol\">&euro;<\/span><\/bdi><\/span><\/span>\n\t\t<\/div>\n\t<\/div>\n<\/div>\n\n\t<\/div> \n\n\n<\/div>\n<\/li>\n<li class=\"product type-product post-4008 status-publish instock product_cat-all product_cat-sculpture-en has-post-thumbnail sold-individually shipping-taxable purchasable product-type-simple product-grid-view\">\n\t<div class=\"fusion-product-wrapper\">\n\n<div class=\"fusion-clean-product-image-wrapper \">\n\t<div  class=\"fusion-image-wrapper fusion-image-size-fixed\" aria-haspopup=\"true\">\n\t\t\t\t<img decoding=\"async\" width=\"500\" height=\"500\" src=\"https:\/\/galerie-artima.com\/wp-content\/uploads\/2022\/01\/DAN-LAM-Majesty-19x25x24cm-Mousse-de-polyurethane-resine-et-acrylique-2019-2-500x500.jpg\" class=\"attachment-woocommerce_thumbnail size-woocommerce_thumbnail lazyload wp-post-image\" alt=\"\" srcset=\"data:image\/svg+xml,%3Csvg%20xmlns%3D%27http%3A%2F%2Fwww.w3.org%2F2000%2Fsvg%27%20width%3D%271200%27%20height%3D%271200%27%20viewBox%3D%270%200%201200%201200%27%3E%3Crect%20width%3D%271200%27%20height%3D%271200%27%20fill-opacity%3D%220%22%2F%3E%3C%2Fsvg%3E\" data-orig-src=\"https:\/\/galerie-artima.com\/wp-content\/uploads\/2022\/01\/DAN-LAM-Majesty-19x25x24cm-Mousse-de-polyurethane-resine-et-acrylique-2019-2-500x500.jpg\" data-srcset=\"https:\/\/galerie-artima.com\/wp-content\/uploads\/2022\/01\/DAN-LAM-Majesty-19x25x24cm-Mousse-de-polyurethane-resine-et-acrylique-2019-2-66x66.jpg 66w, https:\/\/galerie-artima.com\/wp-content\/uploads\/2022\/01\/DAN-LAM-Majesty-19x25x24cm-Mousse-de-polyurethane-resine-et-acrylique-2019-2-96x96.jpg 96w, https:\/\/galerie-artima.com\/wp-content\/uploads\/2022\/01\/DAN-LAM-Majesty-19x25x24cm-Mousse-de-polyurethane-resine-et-acrylique-2019-2-150x150.jpg 150w, https:\/\/galerie-artima.com\/wp-content\/uploads\/2022\/01\/DAN-LAM-Majesty-19x25x24cm-Mousse-de-polyurethane-resine-et-acrylique-2019-2-200x200.jpg 200w, https:\/\/galerie-artima.com\/wp-content\/uploads\/2022\/01\/DAN-LAM-Majesty-19x25x24cm-Mousse-de-polyurethane-resine-et-acrylique-2019-2-300x300.jpg 300w, https:\/\/galerie-artima.com\/wp-content\/uploads\/2022\/01\/DAN-LAM-Majesty-19x25x24cm-Mousse-de-polyurethane-resine-et-acrylique-2019-2-400x400.jpg 400w, https:\/\/galerie-artima.com\/wp-content\/uploads\/2022\/01\/DAN-LAM-Majesty-19x25x24cm-Mousse-de-polyurethane-resine-et-acrylique-2019-2-500x500.jpg 500w, https:\/\/galerie-artima.com\/wp-content\/uploads\/2022\/01\/DAN-LAM-Majesty-19x25x24cm-Mousse-de-polyurethane-resine-et-acrylique-2019-2-600x600.jpg 600w, https:\/\/galerie-artima.com\/wp-content\/uploads\/2022\/01\/DAN-LAM-Majesty-19x25x24cm-Mousse-de-polyurethane-resine-et-acrylique-2019-2-768x768.jpg 768w, https:\/\/galerie-artima.com\/wp-content\/uploads\/2022\/01\/DAN-LAM-Majesty-19x25x24cm-Mousse-de-polyurethane-resine-et-acrylique-2019-2-800x800.jpg 800w, https:\/\/galerie-artima.com\/wp-content\/uploads\/2022\/01\/DAN-LAM-Majesty-19x25x24cm-Mousse-de-polyurethane-resine-et-acrylique-2019-2-1024x1024.jpg 1024w, https:\/\/galerie-artima.com\/wp-content\/uploads\/2022\/01\/DAN-LAM-Majesty-19x25x24cm-Mousse-de-polyurethane-resine-et-acrylique-2019-2.jpg 1200w\" data-sizes=\"auto\" \/><div class=\"fusion-rollover\">\n\t<div class=\"fusion-rollover-content\">\n\n\t\t\t\t\n\t\t\n\t\t\t\t\t\t\t\t\n\t\t\t\t\t\t\t\t\n\t\t\n\t\t\t\t\t\t\t\t\t\t\t\t\t\t\t\n\t\t\t\t\t\t\n\t\t\t\t\t\t\t\t\t\t<div class=\"fusion-product-buttons\">\n\t\t\t\t\t<a href=\"\/en\/wp-json\/wp\/v2\/pages\/6?add-to-cart=4008\" aria-describedby=\"woocommerce_loop_add_to_cart_link_describedby_4008\" data-quantity=\"1\" class=\"button product_type_simple add_to_cart_button ajax_add_to_cart\" data-product_id=\"4008\" data-product_sku=\"\" aria-label=\"Add to cart: &ldquo;Dan Lam | Majesty&rdquo;\" rel=\"nofollow\">Add to cart<\/a>\t<span id=\"woocommerce_loop_add_to_cart_link_describedby_4008\" class=\"screen-reader-text\">\n\t\t\t<\/span>\n<span class=\"fusion-rollover-linebreak\">\n\t\/<\/span>\n\n<a href=\"https:\/\/galerie-artima.com\/en\/shop\/dan-lam-majesty\" class=\"show_details_button\">\n\tDetails<\/a>\n\n\t\t\t\t<\/div>\n\t\t\t\t\t\t\t\t\t<a class=\"fusion-link-wrapper\" href=\"https:\/\/galerie-artima.com\/en\/shop\/dan-lam-majesty\" aria-label=\"Dan Lam | Majesty\"><\/a>\n\t<\/div>\n<\/div>\n<\/div>\n<\/div>\n<div class=\"fusion-product-content\">\n\t<div class=\"product-details\">\n\t\t<div class=\"product-details-container\">\n<h3 class=\"product-title\">\n\t<a href=\"https:\/\/galerie-artima.com\/en\/shop\/dan-lam-majesty\">\n\t\tDan Lam | Majesty\t<\/a>\n<\/h3>\n<div class=\"fusion-price-rating\">\n\n\t<span class=\"price\"><span class=\"woocommerce-Price-amount amount\"><bdi>1600,00<span class=\"woocommerce-Price-currencySymbol\">&euro;<\/span><\/bdi><\/span><\/span>\n\t\t<\/div>\n\t<\/div>\n<\/div>\n\n\t<\/div> \n\n\n<\/div>\n<\/li>\n<li class=\"product type-product post-7366 status-publish last instock product_cat-all product_cat-sculpture-en has-post-thumbnail sold-individually shipping-taxable purchasable product-type-simple product-grid-view\">\n\t<div class=\"fusion-product-wrapper\">\n\n<div class=\"fusion-clean-product-image-wrapper \">\n\t<div  class=\"fusion-image-wrapper fusion-image-size-fixed\" aria-haspopup=\"true\">\n\t\t\t\t<img decoding=\"async\" width=\"500\" height=\"500\" src=\"https:\/\/galerie-artima.com\/wp-content\/uploads\/2022\/03\/JANKLO-Dior-Rose-irise-Synthetic-crystal-inclusion-27x16x16cm-2018-3-500x500.jpg\" class=\"attachment-woocommerce_thumbnail size-woocommerce_thumbnail lazyload wp-post-image\" alt=\"\" srcset=\"data:image\/svg+xml,%3Csvg%20xmlns%3D%27http%3A%2F%2Fwww.w3.org%2F2000%2Fsvg%27%20width%3D%271200%27%20height%3D%271200%27%20viewBox%3D%270%200%201200%201200%27%3E%3Crect%20width%3D%271200%27%20height%3D%271200%27%20fill-opacity%3D%220%22%2F%3E%3C%2Fsvg%3E\" data-orig-src=\"https:\/\/galerie-artima.com\/wp-content\/uploads\/2022\/03\/JANKLO-Dior-Rose-irise-Synthetic-crystal-inclusion-27x16x16cm-2018-3-500x500.jpg\" data-srcset=\"https:\/\/galerie-artima.com\/wp-content\/uploads\/2022\/03\/JANKLO-Dior-Rose-irise-Synthetic-crystal-inclusion-27x16x16cm-2018-3-66x66.jpg 66w, https:\/\/galerie-artima.com\/wp-content\/uploads\/2022\/03\/JANKLO-Dior-Rose-irise-Synthetic-crystal-inclusion-27x16x16cm-2018-3-96x96.jpg 96w, https:\/\/galerie-artima.com\/wp-content\/uploads\/2022\/03\/JANKLO-Dior-Rose-irise-Synthetic-crystal-inclusion-27x16x16cm-2018-3-150x150.jpg 150w, https:\/\/galerie-artima.com\/wp-content\/uploads\/2022\/03\/JANKLO-Dior-Rose-irise-Synthetic-crystal-inclusion-27x16x16cm-2018-3-200x200.jpg 200w, https:\/\/galerie-artima.com\/wp-content\/uploads\/2022\/03\/JANKLO-Dior-Rose-irise-Synthetic-crystal-inclusion-27x16x16cm-2018-3-300x300.jpg 300w, https:\/\/galerie-artima.com\/wp-content\/uploads\/2022\/03\/JANKLO-Dior-Rose-irise-Synthetic-crystal-inclusion-27x16x16cm-2018-3-400x400.jpg 400w, https:\/\/galerie-artima.com\/wp-content\/uploads\/2022\/03\/JANKLO-Dior-Rose-irise-Synthetic-crystal-inclusion-27x16x16cm-2018-3-500x500.jpg 500w, https:\/\/galerie-artima.com\/wp-content\/uploads\/2022\/03\/JANKLO-Dior-Rose-irise-Synthetic-crystal-inclusion-27x16x16cm-2018-3-600x600.jpg 600w, https:\/\/galerie-artima.com\/wp-content\/uploads\/2022\/03\/JANKLO-Dior-Rose-irise-Synthetic-crystal-inclusion-27x16x16cm-2018-3-768x768.jpg 768w, https:\/\/galerie-artima.com\/wp-content\/uploads\/2022\/03\/JANKLO-Dior-Rose-irise-Synthetic-crystal-inclusion-27x16x16cm-2018-3-800x800.jpg 800w, https:\/\/galerie-artima.com\/wp-content\/uploads\/2022\/03\/JANKLO-Dior-Rose-irise-Synthetic-crystal-inclusion-27x16x16cm-2018-3-1024x1024.jpg 1024w, https:\/\/galerie-artima.com\/wp-content\/uploads\/2022\/03\/JANKLO-Dior-Rose-irise-Synthetic-crystal-inclusion-27x16x16cm-2018-3.jpg 1200w\" data-sizes=\"auto\" \/><div class=\"fusion-rollover\">\n\t<div class=\"fusion-rollover-content\">\n\n\t\t\t\t\n\t\t\n\t\t\t\t\t\t\t\t\n\t\t\t\t\t\t\t\t\n\t\t\n\t\t\t\t\t\t\t\t\t\t\t\t\t\t\t\n\t\t\t\t\t\t\n\t\t\t\t\t\t\t\t\t\t<div class=\"fusion-product-buttons\">\n\t\t\t\t\t<a href=\"\/en\/wp-json\/wp\/v2\/pages\/6?add-to-cart=7366\" aria-describedby=\"woocommerce_loop_add_to_cart_link_describedby_7366\" data-quantity=\"1\" class=\"button product_type_simple add_to_cart_button ajax_add_to_cart\" data-product_id=\"7366\" data-product_sku=\"\" aria-label=\"Add to cart: &ldquo;Janklo | Acrylic glass Inclusion Dior&rdquo;\" rel=\"nofollow\">Add to cart<\/a>\t<span id=\"woocommerce_loop_add_to_cart_link_describedby_7366\" class=\"screen-reader-text\">\n\t\t\t<\/span>\n<span class=\"fusion-rollover-linebreak\">\n\t\/<\/span>\n\n<a href=\"https:\/\/galerie-artima.com\/en\/shop\/janklo-acrylic-glass-inclusion-dior\" class=\"show_details_button\">\n\tDetails<\/a>\n\n\t\t\t\t<\/div>\n\t\t\t\t\t\t\t\t\t<a class=\"fusion-link-wrapper\" href=\"https:\/\/galerie-artima.com\/en\/shop\/janklo-acrylic-glass-inclusion-dior\" aria-label=\"Janklo | Acrylic glass Inclusion Dior\"><\/a>\n\t<\/div>\n<\/div>\n<\/div>\n<\/div>\n<div class=\"fusion-product-content\">\n\t<div class=\"product-details\">\n\t\t<div class=\"product-details-container\">\n<h3 class=\"product-title\">\n\t<a href=\"https:\/\/galerie-artima.com\/en\/shop\/janklo-acrylic-glass-inclusion-dior\">\n\t\tJanklo | Acrylic glass Inclusion Dior\t<\/a>\n<\/h3>\n<div class=\"fusion-price-rating\">\n\n\t<span class=\"price\"><span class=\"woocommerce-Price-amount amount\"><bdi>4000,00<span class=\"woocommerce-Price-currencySymbol\">&euro;<\/span><\/bdi><\/span><\/span>\n\t\t<\/div>\n\t<\/div>\n<\/div>\n\n\t<\/div> \n\n\n<\/div>\n<\/li>\n<li class=\"product type-product post-4015 status-publish first instock product_cat-all product_cat-sculpture-en has-post-thumbnail sold-individually shipping-taxable purchasable product-type-simple product-grid-view\">\n\t<div class=\"fusion-product-wrapper\">\n\n<div class=\"fusion-clean-product-image-wrapper \">\n\t<div  class=\"fusion-image-wrapper fusion-image-size-fixed\" aria-haspopup=\"true\">\n\t\t\t\t<img decoding=\"async\" width=\"500\" height=\"500\" src=\"https:\/\/galerie-artima.com\/wp-content\/uploads\/2022\/02\/MARCUS-EGLI-Hominium-1-piece-unique-en-aluminium-sculpte-14x4x2cm-1200x1200-1-500x500.jpg\" class=\"attachment-woocommerce_thumbnail size-woocommerce_thumbnail lazyload wp-post-image\" alt=\"\" srcset=\"data:image\/svg+xml,%3Csvg%20xmlns%3D%27http%3A%2F%2Fwww.w3.org%2F2000%2Fsvg%27%20width%3D%271200%27%20height%3D%271200%27%20viewBox%3D%270%200%201200%201200%27%3E%3Crect%20width%3D%271200%27%20height%3D%271200%27%20fill-opacity%3D%220%22%2F%3E%3C%2Fsvg%3E\" data-orig-src=\"https:\/\/galerie-artima.com\/wp-content\/uploads\/2022\/02\/MARCUS-EGLI-Hominium-1-piece-unique-en-aluminium-sculpte-14x4x2cm-1200x1200-1-500x500.jpg\" data-srcset=\"https:\/\/galerie-artima.com\/wp-content\/uploads\/2022\/02\/MARCUS-EGLI-Hominium-1-piece-unique-en-aluminium-sculpte-14x4x2cm-1200x1200-1-66x66.jpg 66w, https:\/\/galerie-artima.com\/wp-content\/uploads\/2022\/02\/MARCUS-EGLI-Hominium-1-piece-unique-en-aluminium-sculpte-14x4x2cm-1200x1200-1-96x96.jpg 96w, https:\/\/galerie-artima.com\/wp-content\/uploads\/2022\/02\/MARCUS-EGLI-Hominium-1-piece-unique-en-aluminium-sculpte-14x4x2cm-1200x1200-1-150x150.jpg 150w, https:\/\/galerie-artima.com\/wp-content\/uploads\/2022\/02\/MARCUS-EGLI-Hominium-1-piece-unique-en-aluminium-sculpte-14x4x2cm-1200x1200-1-200x200.jpg 200w, https:\/\/galerie-artima.com\/wp-content\/uploads\/2022\/02\/MARCUS-EGLI-Hominium-1-piece-unique-en-aluminium-sculpte-14x4x2cm-1200x1200-1-300x300.jpg 300w, https:\/\/galerie-artima.com\/wp-content\/uploads\/2022\/02\/MARCUS-EGLI-Hominium-1-piece-unique-en-aluminium-sculpte-14x4x2cm-1200x1200-1-400x400.jpg 400w, https:\/\/galerie-artima.com\/wp-content\/uploads\/2022\/02\/MARCUS-EGLI-Hominium-1-piece-unique-en-aluminium-sculpte-14x4x2cm-1200x1200-1-500x500.jpg 500w, https:\/\/galerie-artima.com\/wp-content\/uploads\/2022\/02\/MARCUS-EGLI-Hominium-1-piece-unique-en-aluminium-sculpte-14x4x2cm-1200x1200-1-600x600.jpg 600w, https:\/\/galerie-artima.com\/wp-content\/uploads\/2022\/02\/MARCUS-EGLI-Hominium-1-piece-unique-en-aluminium-sculpte-14x4x2cm-1200x1200-1-768x768.jpg 768w, https:\/\/galerie-artima.com\/wp-content\/uploads\/2022\/02\/MARCUS-EGLI-Hominium-1-piece-unique-en-aluminium-sculpte-14x4x2cm-1200x1200-1-800x800.jpg 800w, https:\/\/galerie-artima.com\/wp-content\/uploads\/2022\/02\/MARCUS-EGLI-Hominium-1-piece-unique-en-aluminium-sculpte-14x4x2cm-1200x1200-1-1024x1024.jpg 1024w, https:\/\/galerie-artima.com\/wp-content\/uploads\/2022\/02\/MARCUS-EGLI-Hominium-1-piece-unique-en-aluminium-sculpte-14x4x2cm-1200x1200-1.jpg 1200w\" data-sizes=\"auto\" \/><div class=\"fusion-rollover\">\n\t<div class=\"fusion-rollover-content\">\n\n\t\t\t\t\n\t\t\n\t\t\t\t\t\t\t\t\n\t\t\t\t\t\t\t\t\n\t\t\n\t\t\t\t\t\t\t\t\t\t\t\t\t\t\t\n\t\t\t\t\t\t\n\t\t\t\t\t\t\t\t\t\t<div class=\"fusion-product-buttons\">\n\t\t\t\t\t<a href=\"\/en\/wp-json\/wp\/v2\/pages\/6?add-to-cart=4015\" aria-describedby=\"woocommerce_loop_add_to_cart_link_describedby_4015\" data-quantity=\"1\" class=\"button product_type_simple add_to_cart_button ajax_add_to_cart\" data-product_id=\"4015\" data-product_sku=\"\" aria-label=\"Add to cart: &ldquo;Marcus Egli | Hominium&rdquo;\" rel=\"nofollow\">Add to cart<\/a>\t<span id=\"woocommerce_loop_add_to_cart_link_describedby_4015\" class=\"screen-reader-text\">\n\t\t\t<\/span>\n<span class=\"fusion-rollover-linebreak\">\n\t\/<\/span>\n\n<a href=\"https:\/\/galerie-artima.com\/en\/shop\/marcus-egli-hominium__trashed\" class=\"show_details_button\">\n\tDetails<\/a>\n\n\t\t\t\t<\/div>\n\t\t\t\t\t\t\t\t\t<a class=\"fusion-link-wrapper\" href=\"https:\/\/galerie-artima.com\/en\/shop\/marcus-egli-hominium__trashed\" aria-label=\"Marcus Egli | Hominium\"><\/a>\n\t<\/div>\n<\/div>\n<\/div>\n<\/div>\n<div class=\"fusion-product-content\">\n\t<div class=\"product-details\">\n\t\t<div class=\"product-details-container\">\n<h3 class=\"product-title\">\n\t<a href=\"https:\/\/galerie-artima.com\/en\/shop\/marcus-egli-hominium__trashed\">\n\t\tMarcus Egli | Hominium\t<\/a>\n<\/h3>\n<div class=\"fusion-price-rating\">\n\n\t<span class=\"price\"><span class=\"woocommerce-Price-amount amount\"><bdi>225,00<span class=\"woocommerce-Price-currencySymbol\">&euro;<\/span><\/bdi><\/span><\/span>\n\t\t<\/div>\n\t<\/div>\n<\/div>\n\n\t<\/div> \n\n\n<\/div>\n<\/li>\n<li class=\"product type-product post-4019 status-publish instock product_cat-all product_cat-sculpture-en has-post-thumbnail sold-individually shipping-taxable purchasable product-type-simple product-grid-view\">\n\t<div class=\"fusion-product-wrapper\">\n\n<div class=\"fusion-clean-product-image-wrapper \">\n\t<div  class=\"fusion-image-wrapper fusion-image-size-fixed\" aria-haspopup=\"true\">\n\t\t\t\t<img decoding=\"async\" width=\"500\" height=\"500\" src=\"https:\/\/galerie-artima.com\/wp-content\/uploads\/2022\/02\/MARCUS-EGLI-Hominium-groupe-de-2-Piece-unique-en-aluminium-sculpte-1200x1200-1-500x500.jpg\" class=\"attachment-woocommerce_thumbnail size-woocommerce_thumbnail lazyload wp-post-image\" alt=\"\" srcset=\"data:image\/svg+xml,%3Csvg%20xmlns%3D%27http%3A%2F%2Fwww.w3.org%2F2000%2Fsvg%27%20width%3D%271200%27%20height%3D%271200%27%20viewBox%3D%270%200%201200%201200%27%3E%3Crect%20width%3D%271200%27%20height%3D%271200%27%20fill-opacity%3D%220%22%2F%3E%3C%2Fsvg%3E\" data-orig-src=\"https:\/\/galerie-artima.com\/wp-content\/uploads\/2022\/02\/MARCUS-EGLI-Hominium-groupe-de-2-Piece-unique-en-aluminium-sculpte-1200x1200-1-500x500.jpg\" data-srcset=\"https:\/\/galerie-artima.com\/wp-content\/uploads\/2022\/02\/MARCUS-EGLI-Hominium-groupe-de-2-Piece-unique-en-aluminium-sculpte-1200x1200-1-66x66.jpg 66w, https:\/\/galerie-artima.com\/wp-content\/uploads\/2022\/02\/MARCUS-EGLI-Hominium-groupe-de-2-Piece-unique-en-aluminium-sculpte-1200x1200-1-96x96.jpg 96w, https:\/\/galerie-artima.com\/wp-content\/uploads\/2022\/02\/MARCUS-EGLI-Hominium-groupe-de-2-Piece-unique-en-aluminium-sculpte-1200x1200-1-150x150.jpg 150w, https:\/\/galerie-artima.com\/wp-content\/uploads\/2022\/02\/MARCUS-EGLI-Hominium-groupe-de-2-Piece-unique-en-aluminium-sculpte-1200x1200-1-200x200.jpg 200w, https:\/\/galerie-artima.com\/wp-content\/uploads\/2022\/02\/MARCUS-EGLI-Hominium-groupe-de-2-Piece-unique-en-aluminium-sculpte-1200x1200-1-300x300.jpg 300w, https:\/\/galerie-artima.com\/wp-content\/uploads\/2022\/02\/MARCUS-EGLI-Hominium-groupe-de-2-Piece-unique-en-aluminium-sculpte-1200x1200-1-400x400.jpg 400w, https:\/\/galerie-artima.com\/wp-content\/uploads\/2022\/02\/MARCUS-EGLI-Hominium-groupe-de-2-Piece-unique-en-aluminium-sculpte-1200x1200-1-500x500.jpg 500w, https:\/\/galerie-artima.com\/wp-content\/uploads\/2022\/02\/MARCUS-EGLI-Hominium-groupe-de-2-Piece-unique-en-aluminium-sculpte-1200x1200-1-600x600.jpg 600w, https:\/\/galerie-artima.com\/wp-content\/uploads\/2022\/02\/MARCUS-EGLI-Hominium-groupe-de-2-Piece-unique-en-aluminium-sculpte-1200x1200-1-768x768.jpg 768w, https:\/\/galerie-artima.com\/wp-content\/uploads\/2022\/02\/MARCUS-EGLI-Hominium-groupe-de-2-Piece-unique-en-aluminium-sculpte-1200x1200-1-800x800.jpg 800w, https:\/\/galerie-artima.com\/wp-content\/uploads\/2022\/02\/MARCUS-EGLI-Hominium-groupe-de-2-Piece-unique-en-aluminium-sculpte-1200x1200-1-1024x1024.jpg 1024w, https:\/\/galerie-artima.com\/wp-content\/uploads\/2022\/02\/MARCUS-EGLI-Hominium-groupe-de-2-Piece-unique-en-aluminium-sculpte-1200x1200-1.jpg 1200w\" data-sizes=\"auto\" \/><div class=\"fusion-rollover\">\n\t<div class=\"fusion-rollover-content\">\n\n\t\t\t\t\n\t\t\n\t\t\t\t\t\t\t\t\n\t\t\t\t\t\t\t\t\n\t\t\n\t\t\t\t\t\t\t\t\t\t\t\t\t\t\t\n\t\t\t\t\t\t\n\t\t\t\t\t\t\t\t\t\t<div class=\"fusion-product-buttons\">\n\t\t\t\t\t<a href=\"\/en\/wp-json\/wp\/v2\/pages\/6?add-to-cart=4019\" aria-describedby=\"woocommerce_loop_add_to_cart_link_describedby_4019\" data-quantity=\"1\" class=\"button product_type_simple add_to_cart_button ajax_add_to_cart\" data-product_id=\"4019\" data-product_sku=\"\" aria-label=\"Add to cart: &ldquo;Marcus Egli | Hominium Group of  2&rdquo;\" rel=\"nofollow\">Add to cart<\/a>\t<span id=\"woocommerce_loop_add_to_cart_link_describedby_4019\" class=\"screen-reader-text\">\n\t\t\t<\/span>\n<span class=\"fusion-rollover-linebreak\">\n\t\/<\/span>\n\n<a href=\"https:\/\/galerie-artima.com\/en\/shop\/marcus-egli-hominium-group-of-2\" class=\"show_details_button\">\n\tDetails<\/a>\n\n\t\t\t\t<\/div>\n\t\t\t\t\t\t\t\t\t<a class=\"fusion-link-wrapper\" href=\"https:\/\/galerie-artima.com\/en\/shop\/marcus-egli-hominium-group-of-2\" aria-label=\"Marcus Egli | Hominium Group of  2\"><\/a>\n\t<\/div>\n<\/div>\n<\/div>\n<\/div>\n<div class=\"fusion-product-content\">\n\t<div class=\"product-details\">\n\t\t<div class=\"product-details-container\">\n<h3 class=\"product-title\">\n\t<a href=\"https:\/\/galerie-artima.com\/en\/shop\/marcus-egli-hominium-group-of-2\">\n\t\tMarcus Egli | Hominium Group of  2\t<\/a>\n<\/h3>\n<div class=\"fusion-price-rating\">\n\n\t<span class=\"price\"><span class=\"woocommerce-Price-amount amount\"><bdi>450,00<span class=\"woocommerce-Price-currencySymbol\">&euro;<\/span><\/bdi><\/span><\/span>\n\t\t<\/div>\n\t<\/div>\n<\/div>\n\n\t<\/div> \n\n\n<\/div>\n<\/li>\n<li class=\"product type-product post-4021 status-publish last instock product_cat-all product_cat-sculpture-en has-post-thumbnail sold-individually shipping-taxable purchasable product-type-simple product-grid-view\">\n\t<div class=\"fusion-product-wrapper\">\n\n<div class=\"fusion-clean-product-image-wrapper \">\n\t<div  class=\"fusion-image-wrapper fusion-image-size-fixed\" aria-haspopup=\"true\">\n\t\t\t\t<img decoding=\"async\" width=\"500\" height=\"500\" src=\"https:\/\/galerie-artima.com\/wp-content\/uploads\/2022\/02\/MARCUS-EGLI-Hominium-groupe-de-3-Piece-unique-en-aluminium-sculpte-1200x1200-1-500x500.jpg\" class=\"attachment-woocommerce_thumbnail size-woocommerce_thumbnail lazyload wp-post-image\" alt=\"\" srcset=\"data:image\/svg+xml,%3Csvg%20xmlns%3D%27http%3A%2F%2Fwww.w3.org%2F2000%2Fsvg%27%20width%3D%271200%27%20height%3D%271200%27%20viewBox%3D%270%200%201200%201200%27%3E%3Crect%20width%3D%271200%27%20height%3D%271200%27%20fill-opacity%3D%220%22%2F%3E%3C%2Fsvg%3E\" data-orig-src=\"https:\/\/galerie-artima.com\/wp-content\/uploads\/2022\/02\/MARCUS-EGLI-Hominium-groupe-de-3-Piece-unique-en-aluminium-sculpte-1200x1200-1-500x500.jpg\" data-srcset=\"https:\/\/galerie-artima.com\/wp-content\/uploads\/2022\/02\/MARCUS-EGLI-Hominium-groupe-de-3-Piece-unique-en-aluminium-sculpte-1200x1200-1-66x66.jpg 66w, https:\/\/galerie-artima.com\/wp-content\/uploads\/2022\/02\/MARCUS-EGLI-Hominium-groupe-de-3-Piece-unique-en-aluminium-sculpte-1200x1200-1-96x96.jpg 96w, https:\/\/galerie-artima.com\/wp-content\/uploads\/2022\/02\/MARCUS-EGLI-Hominium-groupe-de-3-Piece-unique-en-aluminium-sculpte-1200x1200-1-150x150.jpg 150w, https:\/\/galerie-artima.com\/wp-content\/uploads\/2022\/02\/MARCUS-EGLI-Hominium-groupe-de-3-Piece-unique-en-aluminium-sculpte-1200x1200-1-200x200.jpg 200w, https:\/\/galerie-artima.com\/wp-content\/uploads\/2022\/02\/MARCUS-EGLI-Hominium-groupe-de-3-Piece-unique-en-aluminium-sculpte-1200x1200-1-300x300.jpg 300w, https:\/\/galerie-artima.com\/wp-content\/uploads\/2022\/02\/MARCUS-EGLI-Hominium-groupe-de-3-Piece-unique-en-aluminium-sculpte-1200x1200-1-400x400.jpg 400w, https:\/\/galerie-artima.com\/wp-content\/uploads\/2022\/02\/MARCUS-EGLI-Hominium-groupe-de-3-Piece-unique-en-aluminium-sculpte-1200x1200-1-500x500.jpg 500w, https:\/\/galerie-artima.com\/wp-content\/uploads\/2022\/02\/MARCUS-EGLI-Hominium-groupe-de-3-Piece-unique-en-aluminium-sculpte-1200x1200-1-600x600.jpg 600w, https:\/\/galerie-artima.com\/wp-content\/uploads\/2022\/02\/MARCUS-EGLI-Hominium-groupe-de-3-Piece-unique-en-aluminium-sculpte-1200x1200-1-768x768.jpg 768w, https:\/\/galerie-artima.com\/wp-content\/uploads\/2022\/02\/MARCUS-EGLI-Hominium-groupe-de-3-Piece-unique-en-aluminium-sculpte-1200x1200-1-800x800.jpg 800w, https:\/\/galerie-artima.com\/wp-content\/uploads\/2022\/02\/MARCUS-EGLI-Hominium-groupe-de-3-Piece-unique-en-aluminium-sculpte-1200x1200-1-1024x1024.jpg 1024w, https:\/\/galerie-artima.com\/wp-content\/uploads\/2022\/02\/MARCUS-EGLI-Hominium-groupe-de-3-Piece-unique-en-aluminium-sculpte-1200x1200-1.jpg 1200w\" data-sizes=\"auto\" \/><div class=\"fusion-rollover\">\n\t<div class=\"fusion-rollover-content\">\n\n\t\t\t\t\n\t\t\n\t\t\t\t\t\t\t\t\n\t\t\t\t\t\t\t\t\n\t\t\n\t\t\t\t\t\t\t\t\t\t\t\t\t\t\t\n\t\t\t\t\t\t\n\t\t\t\t\t\t\t\t\t\t<div class=\"fusion-product-buttons\">\n\t\t\t\t\t<a href=\"\/en\/wp-json\/wp\/v2\/pages\/6?add-to-cart=4021\" aria-describedby=\"woocommerce_loop_add_to_cart_link_describedby_4021\" data-quantity=\"1\" class=\"button product_type_simple add_to_cart_button ajax_add_to_cart\" data-product_id=\"4021\" data-product_sku=\"\" aria-label=\"Add to cart: &ldquo;Marcus Egli | Hominium Group of 3&rdquo;\" rel=\"nofollow\">Add to cart<\/a>\t<span id=\"woocommerce_loop_add_to_cart_link_describedby_4021\" class=\"screen-reader-text\">\n\t\t\t<\/span>\n<span class=\"fusion-rollover-linebreak\">\n\t\/<\/span>\n\n<a href=\"https:\/\/galerie-artima.com\/en\/shop\/marcus-egli-hominium-groupe-of-3\" class=\"show_details_button\">\n\tDetails<\/a>\n\n\t\t\t\t<\/div>\n\t\t\t\t\t\t\t\t\t<a class=\"fusion-link-wrapper\" href=\"https:\/\/galerie-artima.com\/en\/shop\/marcus-egli-hominium-groupe-of-3\" aria-label=\"Marcus Egli | Hominium Group of 3\"><\/a>\n\t<\/div>\n<\/div>\n<\/div>\n<\/div>\n<div class=\"fusion-product-content\">\n\t<div class=\"product-details\">\n\t\t<div class=\"product-details-container\">\n<h3 class=\"product-title\">\n\t<a href=\"https:\/\/galerie-artima.com\/en\/shop\/marcus-egli-hominium-groupe-of-3\">\n\t\tMarcus Egli | Hominium Group of 3\t<\/a>\n<\/h3>\n<div class=\"fusion-price-rating\">\n\n\t<span class=\"price\"><span class=\"woocommerce-Price-amount amount\"><bdi>650,00<span class=\"woocommerce-Price-currencySymbol\">&euro;<\/span><\/bdi><\/span><\/span>\n\t\t<\/div>\n\t<\/div>\n<\/div>\n\n\t<\/div> \n\n\n<\/div>\n<\/li>\n<li class=\"product type-product post-4023 status-publish first instock product_cat-all product_cat-sculpture-en has-post-thumbnail sold-individually shipping-taxable purchasable product-type-simple product-grid-view\">\n\t<div class=\"fusion-product-wrapper\">\n\n<div class=\"fusion-clean-product-image-wrapper \">\n\t<div  class=\"fusion-image-wrapper fusion-image-size-fixed\" aria-haspopup=\"true\">\n\t\t\t\t<img decoding=\"async\" width=\"500\" height=\"500\" src=\"https:\/\/galerie-artima.com\/wp-content\/uploads\/2022\/02\/MARCUS-EGLI-Hominium-groupe-de-4-Piece-unique-en-aluminium-sculpte-1200x1200-1-500x500.jpg\" class=\"attachment-woocommerce_thumbnail size-woocommerce_thumbnail lazyload wp-post-image\" alt=\"\" srcset=\"data:image\/svg+xml,%3Csvg%20xmlns%3D%27http%3A%2F%2Fwww.w3.org%2F2000%2Fsvg%27%20width%3D%271200%27%20height%3D%271200%27%20viewBox%3D%270%200%201200%201200%27%3E%3Crect%20width%3D%271200%27%20height%3D%271200%27%20fill-opacity%3D%220%22%2F%3E%3C%2Fsvg%3E\" data-orig-src=\"https:\/\/galerie-artima.com\/wp-content\/uploads\/2022\/02\/MARCUS-EGLI-Hominium-groupe-de-4-Piece-unique-en-aluminium-sculpte-1200x1200-1-500x500.jpg\" data-srcset=\"https:\/\/galerie-artima.com\/wp-content\/uploads\/2022\/02\/MARCUS-EGLI-Hominium-groupe-de-4-Piece-unique-en-aluminium-sculpte-1200x1200-1-66x66.jpg 66w, https:\/\/galerie-artima.com\/wp-content\/uploads\/2022\/02\/MARCUS-EGLI-Hominium-groupe-de-4-Piece-unique-en-aluminium-sculpte-1200x1200-1-96x96.jpg 96w, https:\/\/galerie-artima.com\/wp-content\/uploads\/2022\/02\/MARCUS-EGLI-Hominium-groupe-de-4-Piece-unique-en-aluminium-sculpte-1200x1200-1-150x150.jpg 150w, https:\/\/galerie-artima.com\/wp-content\/uploads\/2022\/02\/MARCUS-EGLI-Hominium-groupe-de-4-Piece-unique-en-aluminium-sculpte-1200x1200-1-200x200.jpg 200w, https:\/\/galerie-artima.com\/wp-content\/uploads\/2022\/02\/MARCUS-EGLI-Hominium-groupe-de-4-Piece-unique-en-aluminium-sculpte-1200x1200-1-300x300.jpg 300w, https:\/\/galerie-artima.com\/wp-content\/uploads\/2022\/02\/MARCUS-EGLI-Hominium-groupe-de-4-Piece-unique-en-aluminium-sculpte-1200x1200-1-400x400.jpg 400w, https:\/\/galerie-artima.com\/wp-content\/uploads\/2022\/02\/MARCUS-EGLI-Hominium-groupe-de-4-Piece-unique-en-aluminium-sculpte-1200x1200-1-500x500.jpg 500w, https:\/\/galerie-artima.com\/wp-content\/uploads\/2022\/02\/MARCUS-EGLI-Hominium-groupe-de-4-Piece-unique-en-aluminium-sculpte-1200x1200-1-600x600.jpg 600w, https:\/\/galerie-artima.com\/wp-content\/uploads\/2022\/02\/MARCUS-EGLI-Hominium-groupe-de-4-Piece-unique-en-aluminium-sculpte-1200x1200-1-768x768.jpg 768w, https:\/\/galerie-artima.com\/wp-content\/uploads\/2022\/02\/MARCUS-EGLI-Hominium-groupe-de-4-Piece-unique-en-aluminium-sculpte-1200x1200-1-800x800.jpg 800w, https:\/\/galerie-artima.com\/wp-content\/uploads\/2022\/02\/MARCUS-EGLI-Hominium-groupe-de-4-Piece-unique-en-aluminium-sculpte-1200x1200-1-1024x1024.jpg 1024w, https:\/\/galerie-artima.com\/wp-content\/uploads\/2022\/02\/MARCUS-EGLI-Hominium-groupe-de-4-Piece-unique-en-aluminium-sculpte-1200x1200-1.jpg 1200w\" data-sizes=\"auto\" \/><div class=\"fusion-rollover\">\n\t<div class=\"fusion-rollover-content\">\n\n\t\t\t\t\n\t\t\n\t\t\t\t\t\t\t\t\n\t\t\t\t\t\t\t\t\n\t\t\n\t\t\t\t\t\t\t\t\t\t\t\t\t\t\t\n\t\t\t\t\t\t\n\t\t\t\t\t\t\t\t\t\t<div class=\"fusion-product-buttons\">\n\t\t\t\t\t<a href=\"\/en\/wp-json\/wp\/v2\/pages\/6?add-to-cart=4023\" aria-describedby=\"woocommerce_loop_add_to_cart_link_describedby_4023\" data-quantity=\"1\" class=\"button product_type_simple add_to_cart_button ajax_add_to_cart\" data-product_id=\"4023\" data-product_sku=\"\" aria-label=\"Add to cart: &ldquo;Marcus Egli | Hominium Group of 4&rdquo;\" rel=\"nofollow\">Add to cart<\/a>\t<span id=\"woocommerce_loop_add_to_cart_link_describedby_4023\" class=\"screen-reader-text\">\n\t\t\t<\/span>\n<span class=\"fusion-rollover-linebreak\">\n\t\/<\/span>\n\n<a href=\"https:\/\/galerie-artima.com\/en\/shop\/marcus-egli-hominium-groupe-of-4\" class=\"show_details_button\">\n\tDetails<\/a>\n\n\t\t\t\t<\/div>\n\t\t\t\t\t\t\t\t\t<a class=\"fusion-link-wrapper\" href=\"https:\/\/galerie-artima.com\/en\/shop\/marcus-egli-hominium-groupe-of-4\" aria-label=\"Marcus Egli | Hominium Group of 4\"><\/a>\n\t<\/div>\n<\/div>\n<\/div>\n<\/div>\n<div class=\"fusion-product-content\">\n\t<div class=\"product-details\">\n\t\t<div class=\"product-details-container\">\n<h3 class=\"product-title\">\n\t<a href=\"https:\/\/galerie-artima.com\/en\/shop\/marcus-egli-hominium-groupe-of-4\">\n\t\tMarcus Egli | Hominium Group of 4\t<\/a>\n<\/h3>\n<div class=\"fusion-price-rating\">\n\n\t<span class=\"price\"><span class=\"woocommerce-Price-amount amount\"><bdi>850,00<span class=\"woocommerce-Price-currencySymbol\">&euro;<\/span><\/bdi><\/span><\/span>\n\t\t<\/div>\n\t<\/div>\n<\/div>\n\n\t<\/div> \n\n\n<\/div>\n<\/li>\n<li class=\"product type-product post-14689 status-publish instock product_cat-all product_cat-sculpture-en has-post-thumbnail sold-individually shipping-taxable purchasable product-type-simple product-grid-view\">\n\t<div class=\"fusion-product-wrapper\">\n\n<div class=\"fusion-clean-product-image-wrapper \">\n\t<div  class=\"fusion-image-wrapper fusion-image-size-fixed\" aria-haspopup=\"true\">\n\t\t\t\t<img decoding=\"async\" width=\"500\" height=\"500\" src=\"https:\/\/galerie-artima.com\/wp-content\/uploads\/2024\/07\/MICHAEL-VIVIANI-AC-DC-Live-18.5x29x2.5cm-Technique-mixte-sur-resine-Edition-de-8-1-1-500x500.jpg\" class=\"attachment-woocommerce_thumbnail size-woocommerce_thumbnail lazyload wp-post-image\" alt=\"\" srcset=\"data:image\/svg+xml,%3Csvg%20xmlns%3D%27http%3A%2F%2Fwww.w3.org%2F2000%2Fsvg%27%20width%3D%271200%27%20height%3D%271200%27%20viewBox%3D%270%200%201200%201200%27%3E%3Crect%20width%3D%271200%27%20height%3D%271200%27%20fill-opacity%3D%220%22%2F%3E%3C%2Fsvg%3E\" data-orig-src=\"https:\/\/galerie-artima.com\/wp-content\/uploads\/2024\/07\/MICHAEL-VIVIANI-AC-DC-Live-18.5x29x2.5cm-Technique-mixte-sur-resine-Edition-de-8-1-1-500x500.jpg\" data-srcset=\"https:\/\/galerie-artima.com\/wp-content\/uploads\/2024\/07\/MICHAEL-VIVIANI-AC-DC-Live-18.5x29x2.5cm-Technique-mixte-sur-resine-Edition-de-8-1-1-66x66.jpg 66w, https:\/\/galerie-artima.com\/wp-content\/uploads\/2024\/07\/MICHAEL-VIVIANI-AC-DC-Live-18.5x29x2.5cm-Technique-mixte-sur-resine-Edition-de-8-1-1-96x96.jpg 96w, https:\/\/galerie-artima.com\/wp-content\/uploads\/2024\/07\/MICHAEL-VIVIANI-AC-DC-Live-18.5x29x2.5cm-Technique-mixte-sur-resine-Edition-de-8-1-1-150x150.jpg 150w, https:\/\/galerie-artima.com\/wp-content\/uploads\/2024\/07\/MICHAEL-VIVIANI-AC-DC-Live-18.5x29x2.5cm-Technique-mixte-sur-resine-Edition-de-8-1-1-200x200.jpg 200w, https:\/\/galerie-artima.com\/wp-content\/uploads\/2024\/07\/MICHAEL-VIVIANI-AC-DC-Live-18.5x29x2.5cm-Technique-mixte-sur-resine-Edition-de-8-1-1-300x300.jpg 300w, https:\/\/galerie-artima.com\/wp-content\/uploads\/2024\/07\/MICHAEL-VIVIANI-AC-DC-Live-18.5x29x2.5cm-Technique-mixte-sur-resine-Edition-de-8-1-1-400x400.jpg 400w, https:\/\/galerie-artima.com\/wp-content\/uploads\/2024\/07\/MICHAEL-VIVIANI-AC-DC-Live-18.5x29x2.5cm-Technique-mixte-sur-resine-Edition-de-8-1-1-500x500.jpg 500w, https:\/\/galerie-artima.com\/wp-content\/uploads\/2024\/07\/MICHAEL-VIVIANI-AC-DC-Live-18.5x29x2.5cm-Technique-mixte-sur-resine-Edition-de-8-1-1-600x600.jpg 600w, https:\/\/galerie-artima.com\/wp-content\/uploads\/2024\/07\/MICHAEL-VIVIANI-AC-DC-Live-18.5x29x2.5cm-Technique-mixte-sur-resine-Edition-de-8-1-1-768x768.jpg 768w, https:\/\/galerie-artima.com\/wp-content\/uploads\/2024\/07\/MICHAEL-VIVIANI-AC-DC-Live-18.5x29x2.5cm-Technique-mixte-sur-resine-Edition-de-8-1-1-800x800.jpg 800w, https:\/\/galerie-artima.com\/wp-content\/uploads\/2024\/07\/MICHAEL-VIVIANI-AC-DC-Live-18.5x29x2.5cm-Technique-mixte-sur-resine-Edition-de-8-1-1-1024x1024.jpg 1024w, https:\/\/galerie-artima.com\/wp-content\/uploads\/2024\/07\/MICHAEL-VIVIANI-AC-DC-Live-18.5x29x2.5cm-Technique-mixte-sur-resine-Edition-de-8-1-1.jpg 1200w\" data-sizes=\"auto\" \/><div class=\"fusion-rollover\">\n\t<div class=\"fusion-rollover-content\">\n\n\t\t\t\t\n\t\t\n\t\t\t\t\t\t\t\t\n\t\t\t\t\t\t\t\t\n\t\t\n\t\t\t\t\t\t\t\t\t\t\t\t\t\t\t\n\t\t\t\t\t\t\n\t\t\t\t\t\t\t\t\t\t<div class=\"fusion-product-buttons\">\n\t\t\t\t\t<a href=\"\/en\/wp-json\/wp\/v2\/pages\/6?add-to-cart=14689\" aria-describedby=\"woocommerce_loop_add_to_cart_link_describedby_14689\" data-quantity=\"1\" class=\"button product_type_simple add_to_cart_button ajax_add_to_cart\" data-product_id=\"14689\" data-product_sku=\"\" aria-label=\"Add to cart: &ldquo;Michael Viviani I AC DC Live&rdquo;\" rel=\"nofollow\">Add to cart<\/a>\t<span id=\"woocommerce_loop_add_to_cart_link_describedby_14689\" class=\"screen-reader-text\">\n\t\t\t<\/span>\n<span class=\"fusion-rollover-linebreak\">\n\t\/<\/span>\n\n<a href=\"https:\/\/galerie-artima.com\/en\/shop\/michael-viviani-acdc-live\" class=\"show_details_button\">\n\tDetails<\/a>\n\n\t\t\t\t<\/div>\n\t\t\t\t\t\t\t\t\t<a class=\"fusion-link-wrapper\" href=\"https:\/\/galerie-artima.com\/en\/shop\/michael-viviani-acdc-live\" aria-label=\"Michael Viviani I AC DC Live\"><\/a>\n\t<\/div>\n<\/div>\n<\/div>\n<\/div>\n<div class=\"fusion-product-content\">\n\t<div class=\"product-details\">\n\t\t<div class=\"product-details-container\">\n<h3 class=\"product-title\">\n\t<a href=\"https:\/\/galerie-artima.com\/en\/shop\/michael-viviani-acdc-live\">\n\t\tMichael Viviani I AC DC Live\t<\/a>\n<\/h3>\n<div class=\"fusion-price-rating\">\n\n\t<span class=\"price\"><span class=\"woocommerce-Price-amount amount\"><bdi>1700,00<span class=\"woocommerce-Price-currencySymbol\">&euro;<\/span><\/bdi><\/span><\/span>\n\t\t<\/div>\n\t<\/div>\n<\/div>\n\n\t<\/div> \n\n\n<\/div>\n<\/li>\n<li class=\"product type-product post-14648 status-publish last instock product_cat-all product_cat-sculpture-en has-post-thumbnail sold-individually shipping-taxable purchasable product-type-simple product-grid-view\">\n\t<div class=\"fusion-product-wrapper\">\n\n<div class=\"fusion-clean-product-image-wrapper \">\n\t<div  class=\"fusion-image-wrapper fusion-image-size-fixed\" aria-haspopup=\"true\">\n\t\t\t\t<img decoding=\"async\" width=\"500\" height=\"500\" src=\"https:\/\/galerie-artima.com\/wp-content\/uploads\/2024\/07\/MICHAEL-VIVIANI-M-Revalite-18.5x29x2.5cm-Technique-mixte-sur-resine-Edition-de-8-3-500x500.jpg\" class=\"attachment-woocommerce_thumbnail size-woocommerce_thumbnail lazyload wp-post-image\" alt=\"\" srcset=\"data:image\/svg+xml,%3Csvg%20xmlns%3D%27http%3A%2F%2Fwww.w3.org%2F2000%2Fsvg%27%20width%3D%271200%27%20height%3D%271200%27%20viewBox%3D%270%200%201200%201200%27%3E%3Crect%20width%3D%271200%27%20height%3D%271200%27%20fill-opacity%3D%220%22%2F%3E%3C%2Fsvg%3E\" data-orig-src=\"https:\/\/galerie-artima.com\/wp-content\/uploads\/2024\/07\/MICHAEL-VIVIANI-M-Revalite-18.5x29x2.5cm-Technique-mixte-sur-resine-Edition-de-8-3-500x500.jpg\" data-srcset=\"https:\/\/galerie-artima.com\/wp-content\/uploads\/2024\/07\/MICHAEL-VIVIANI-M-Revalite-18.5x29x2.5cm-Technique-mixte-sur-resine-Edition-de-8-3-66x66.jpg 66w, https:\/\/galerie-artima.com\/wp-content\/uploads\/2024\/07\/MICHAEL-VIVIANI-M-Revalite-18.5x29x2.5cm-Technique-mixte-sur-resine-Edition-de-8-3-96x96.jpg 96w, https:\/\/galerie-artima.com\/wp-content\/uploads\/2024\/07\/MICHAEL-VIVIANI-M-Revalite-18.5x29x2.5cm-Technique-mixte-sur-resine-Edition-de-8-3-150x150.jpg 150w, https:\/\/galerie-artima.com\/wp-content\/uploads\/2024\/07\/MICHAEL-VIVIANI-M-Revalite-18.5x29x2.5cm-Technique-mixte-sur-resine-Edition-de-8-3-200x200.jpg 200w, https:\/\/galerie-artima.com\/wp-content\/uploads\/2024\/07\/MICHAEL-VIVIANI-M-Revalite-18.5x29x2.5cm-Technique-mixte-sur-resine-Edition-de-8-3-300x300.jpg 300w, https:\/\/galerie-artima.com\/wp-content\/uploads\/2024\/07\/MICHAEL-VIVIANI-M-Revalite-18.5x29x2.5cm-Technique-mixte-sur-resine-Edition-de-8-3-400x400.jpg 400w, https:\/\/galerie-artima.com\/wp-content\/uploads\/2024\/07\/MICHAEL-VIVIANI-M-Revalite-18.5x29x2.5cm-Technique-mixte-sur-resine-Edition-de-8-3-500x500.jpg 500w, https:\/\/galerie-artima.com\/wp-content\/uploads\/2024\/07\/MICHAEL-VIVIANI-M-Revalite-18.5x29x2.5cm-Technique-mixte-sur-resine-Edition-de-8-3-600x600.jpg 600w, https:\/\/galerie-artima.com\/wp-content\/uploads\/2024\/07\/MICHAEL-VIVIANI-M-Revalite-18.5x29x2.5cm-Technique-mixte-sur-resine-Edition-de-8-3-768x768.jpg 768w, https:\/\/galerie-artima.com\/wp-content\/uploads\/2024\/07\/MICHAEL-VIVIANI-M-Revalite-18.5x29x2.5cm-Technique-mixte-sur-resine-Edition-de-8-3-800x800.jpg 800w, https:\/\/galerie-artima.com\/wp-content\/uploads\/2024\/07\/MICHAEL-VIVIANI-M-Revalite-18.5x29x2.5cm-Technique-mixte-sur-resine-Edition-de-8-3-1024x1024.jpg 1024w, https:\/\/galerie-artima.com\/wp-content\/uploads\/2024\/07\/MICHAEL-VIVIANI-M-Revalite-18.5x29x2.5cm-Technique-mixte-sur-resine-Edition-de-8-3.jpg 1200w\" data-sizes=\"auto\" \/><div class=\"fusion-rollover\">\n\t<div class=\"fusion-rollover-content\">\n\n\t\t\t\t\n\t\t\n\t\t\t\t\t\t\t\t\n\t\t\t\t\t\t\t\t\n\t\t\n\t\t\t\t\t\t\t\t\t\t\t\t\t\t\t\n\t\t\t\t\t\t\n\t\t\t\t\t\t\t\t\t\t<div class=\"fusion-product-buttons\">\n\t\t\t\t\t<a href=\"\/en\/wp-json\/wp\/v2\/pages\/6?add-to-cart=14648\" aria-describedby=\"woocommerce_loop_add_to_cart_link_describedby_14648\" data-quantity=\"1\" class=\"button product_type_simple add_to_cart_button ajax_add_to_cart\" data-product_id=\"14648\" data-product_sku=\"\" aria-label=\"Add to cart: &ldquo;Michael Viviani I M R\u00e9valit\u00e9&rdquo;\" rel=\"nofollow\">Add to cart<\/a>\t<span id=\"woocommerce_loop_add_to_cart_link_describedby_14648\" class=\"screen-reader-text\">\n\t\t\t<\/span>\n<span class=\"fusion-rollover-linebreak\">\n\t\/<\/span>\n\n<a href=\"https:\/\/galerie-artima.com\/en\/shop\/michael-viviani-m-revalite\" class=\"show_details_button\">\n\tDetails<\/a>\n\n\t\t\t\t<\/div>\n\t\t\t\t\t\t\t\t\t<a class=\"fusion-link-wrapper\" href=\"https:\/\/galerie-artima.com\/en\/shop\/michael-viviani-m-revalite\" aria-label=\"Michael Viviani I M R\u00e9valit\u00e9\"><\/a>\n\t<\/div>\n<\/div>\n<\/div>\n<\/div>\n<div class=\"fusion-product-content\">\n\t<div class=\"product-details\">\n\t\t<div class=\"product-details-container\">\n<h3 class=\"product-title\">\n\t<a href=\"https:\/\/galerie-artima.com\/en\/shop\/michael-viviani-m-revalite\">\n\t\tMichael Viviani I M R\u00e9valit\u00e9\t<\/a>\n<\/h3>\n<div class=\"fusion-price-rating\">\n\n\t<span class=\"price\"><span class=\"woocommerce-Price-amount amount\"><bdi>1700,00<span class=\"woocommerce-Price-currencySymbol\">&euro;<\/span><\/bdi><\/span><\/span>\n\t\t<\/div>\n\t<\/div>\n<\/div>\n\n\t<\/div> \n\n\n<\/div>\n<\/li>\n<li class=\"product type-product post-14682 status-publish first instock product_cat-all product_cat-sculpture-en has-post-thumbnail sold-individually shipping-taxable purchasable product-type-simple product-grid-view\">\n\t<div class=\"fusion-product-wrapper\">\n\n<div class=\"fusion-clean-product-image-wrapper \">\n\t<div  class=\"fusion-image-wrapper fusion-image-size-fixed\" aria-haspopup=\"true\">\n\t\t\t\t<img decoding=\"async\" width=\"500\" height=\"500\" src=\"https:\/\/galerie-artima.com\/wp-content\/uploads\/2024\/03\/MICHAEL-VIVIANI-Pink-Floyd-Animals-18.5x29x2.5cm-Technique-mixte-sur-resine-Edition-de-8-2-500x500.jpg\" class=\"attachment-woocommerce_thumbnail size-woocommerce_thumbnail lazyload wp-post-image\" alt=\"\" srcset=\"data:image\/svg+xml,%3Csvg%20xmlns%3D%27http%3A%2F%2Fwww.w3.org%2F2000%2Fsvg%27%20width%3D%271200%27%20height%3D%271200%27%20viewBox%3D%270%200%201200%201200%27%3E%3Crect%20width%3D%271200%27%20height%3D%271200%27%20fill-opacity%3D%220%22%2F%3E%3C%2Fsvg%3E\" data-orig-src=\"https:\/\/galerie-artima.com\/wp-content\/uploads\/2024\/03\/MICHAEL-VIVIANI-Pink-Floyd-Animals-18.5x29x2.5cm-Technique-mixte-sur-resine-Edition-de-8-2-500x500.jpg\" data-srcset=\"https:\/\/galerie-artima.com\/wp-content\/uploads\/2024\/03\/MICHAEL-VIVIANI-Pink-Floyd-Animals-18.5x29x2.5cm-Technique-mixte-sur-resine-Edition-de-8-2-66x66.jpg 66w, https:\/\/galerie-artima.com\/wp-content\/uploads\/2024\/03\/MICHAEL-VIVIANI-Pink-Floyd-Animals-18.5x29x2.5cm-Technique-mixte-sur-resine-Edition-de-8-2-96x96.jpg 96w, https:\/\/galerie-artima.com\/wp-content\/uploads\/2024\/03\/MICHAEL-VIVIANI-Pink-Floyd-Animals-18.5x29x2.5cm-Technique-mixte-sur-resine-Edition-de-8-2-150x150.jpg 150w, https:\/\/galerie-artima.com\/wp-content\/uploads\/2024\/03\/MICHAEL-VIVIANI-Pink-Floyd-Animals-18.5x29x2.5cm-Technique-mixte-sur-resine-Edition-de-8-2-200x200.jpg 200w, https:\/\/galerie-artima.com\/wp-content\/uploads\/2024\/03\/MICHAEL-VIVIANI-Pink-Floyd-Animals-18.5x29x2.5cm-Technique-mixte-sur-resine-Edition-de-8-2-300x300.jpg 300w, https:\/\/galerie-artima.com\/wp-content\/uploads\/2024\/03\/MICHAEL-VIVIANI-Pink-Floyd-Animals-18.5x29x2.5cm-Technique-mixte-sur-resine-Edition-de-8-2-400x400.jpg 400w, https:\/\/galerie-artima.com\/wp-content\/uploads\/2024\/03\/MICHAEL-VIVIANI-Pink-Floyd-Animals-18.5x29x2.5cm-Technique-mixte-sur-resine-Edition-de-8-2-500x500.jpg 500w, https:\/\/galerie-artima.com\/wp-content\/uploads\/2024\/03\/MICHAEL-VIVIANI-Pink-Floyd-Animals-18.5x29x2.5cm-Technique-mixte-sur-resine-Edition-de-8-2-600x600.jpg 600w, https:\/\/galerie-artima.com\/wp-content\/uploads\/2024\/03\/MICHAEL-VIVIANI-Pink-Floyd-Animals-18.5x29x2.5cm-Technique-mixte-sur-resine-Edition-de-8-2-768x768.jpg 768w, https:\/\/galerie-artima.com\/wp-content\/uploads\/2024\/03\/MICHAEL-VIVIANI-Pink-Floyd-Animals-18.5x29x2.5cm-Technique-mixte-sur-resine-Edition-de-8-2-800x800.jpg 800w, https:\/\/galerie-artima.com\/wp-content\/uploads\/2024\/03\/MICHAEL-VIVIANI-Pink-Floyd-Animals-18.5x29x2.5cm-Technique-mixte-sur-resine-Edition-de-8-2-1024x1024.jpg 1024w, https:\/\/galerie-artima.com\/wp-content\/uploads\/2024\/03\/MICHAEL-VIVIANI-Pink-Floyd-Animals-18.5x29x2.5cm-Technique-mixte-sur-resine-Edition-de-8-2.jpg 1200w\" data-sizes=\"auto\" \/><div class=\"fusion-rollover\">\n\t<div class=\"fusion-rollover-content\">\n\n\t\t\t\t\n\t\t\n\t\t\t\t\t\t\t\t\n\t\t\t\t\t\t\t\t\n\t\t\n\t\t\t\t\t\t\t\t\t\t\t\t\t\t\t\n\t\t\t\t\t\t\n\t\t\t\t\t\t\t\t\t\t<div class=\"fusion-product-buttons\">\n\t\t\t\t\t<a href=\"\/en\/wp-json\/wp\/v2\/pages\/6?add-to-cart=14682\" aria-describedby=\"woocommerce_loop_add_to_cart_link_describedby_14682\" data-quantity=\"1\" class=\"button product_type_simple add_to_cart_button ajax_add_to_cart\" data-product_id=\"14682\" data-product_sku=\"\" aria-label=\"Add to cart: &ldquo;Michael Viviani I Pink Floyd Animals&rdquo;\" rel=\"nofollow\">Add to cart<\/a>\t<span id=\"woocommerce_loop_add_to_cart_link_describedby_14682\" class=\"screen-reader-text\">\n\t\t\t<\/span>\n<span class=\"fusion-rollover-linebreak\">\n\t\/<\/span>\n\n<a href=\"https:\/\/galerie-artima.com\/en\/shop\/michael-viviani-pink-floyd-animals\" class=\"show_details_button\">\n\tDetails<\/a>\n\n\t\t\t\t<\/div>\n\t\t\t\t\t\t\t\t\t<a class=\"fusion-link-wrapper\" href=\"https:\/\/galerie-artima.com\/en\/shop\/michael-viviani-pink-floyd-animals\" aria-label=\"Michael Viviani I Pink Floyd Animals\"><\/a>\n\t<\/div>\n<\/div>\n<\/div>\n<\/div>\n<div class=\"fusion-product-content\">\n\t<div class=\"product-details\">\n\t\t<div class=\"product-details-container\">\n<h3 class=\"product-title\">\n\t<a href=\"https:\/\/galerie-artima.com\/en\/shop\/michael-viviani-pink-floyd-animals\">\n\t\tMichael Viviani I Pink Floyd Animals\t<\/a>\n<\/h3>\n<div class=\"fusion-price-rating\">\n\n\t<span class=\"price\"><span class=\"woocommerce-Price-amount amount\"><bdi>1700,00<span class=\"woocommerce-Price-currencySymbol\">&euro;<\/span><\/bdi><\/span><\/span>\n\t\t<\/div>\n\t<\/div>\n<\/div>\n\n\t<\/div> \n\n\n<\/div>\n<\/li>\n<li class=\"product type-product post-7297 status-publish instock product_cat-all product_cat-sculpture-en has-post-thumbnail sold-individually shipping-taxable purchasable product-type-simple product-grid-view\">\n\t<div class=\"fusion-product-wrapper\">\n\n<div class=\"fusion-clean-product-image-wrapper \">\n\t<div  class=\"fusion-image-wrapper fusion-image-size-fixed\" aria-haspopup=\"true\">\n\t\t\t\t<img decoding=\"async\" width=\"500\" height=\"500\" src=\"https:\/\/galerie-artima.com\/wp-content\/uploads\/2022\/03\/PHALIPPON-Sculpture-lumineuse-N\u00b01-60x23x23-cm-1200x1200--500x500.jpg\" class=\"attachment-woocommerce_thumbnail size-woocommerce_thumbnail lazyload wp-post-image\" alt=\"\" srcset=\"data:image\/svg+xml,%3Csvg%20xmlns%3D%27http%3A%2F%2Fwww.w3.org%2F2000%2Fsvg%27%20width%3D%271200%27%20height%3D%271200%27%20viewBox%3D%270%200%201200%201200%27%3E%3Crect%20width%3D%271200%27%20height%3D%271200%27%20fill-opacity%3D%220%22%2F%3E%3C%2Fsvg%3E\" data-orig-src=\"https:\/\/galerie-artima.com\/wp-content\/uploads\/2022\/03\/PHALIPPON-Sculpture-lumineuse-N\u00b01-60x23x23-cm-1200x1200--500x500.jpg\" data-srcset=\"https:\/\/galerie-artima.com\/wp-content\/uploads\/2022\/03\/PHALIPPON-Sculpture-lumineuse-N\u00b01-60x23x23-cm-1200x1200--66x66.jpg 66w, https:\/\/galerie-artima.com\/wp-content\/uploads\/2022\/03\/PHALIPPON-Sculpture-lumineuse-N\u00b01-60x23x23-cm-1200x1200--96x96.jpg 96w, https:\/\/galerie-artima.com\/wp-content\/uploads\/2022\/03\/PHALIPPON-Sculpture-lumineuse-N\u00b01-60x23x23-cm-1200x1200--150x150.jpg 150w, https:\/\/galerie-artima.com\/wp-content\/uploads\/2022\/03\/PHALIPPON-Sculpture-lumineuse-N\u00b01-60x23x23-cm-1200x1200--200x200.jpg 200w, https:\/\/galerie-artima.com\/wp-content\/uploads\/2022\/03\/PHALIPPON-Sculpture-lumineuse-N\u00b01-60x23x23-cm-1200x1200--300x300.jpg 300w, https:\/\/galerie-artima.com\/wp-content\/uploads\/2022\/03\/PHALIPPON-Sculpture-lumineuse-N\u00b01-60x23x23-cm-1200x1200--400x400.jpg 400w, https:\/\/galerie-artima.com\/wp-content\/uploads\/2022\/03\/PHALIPPON-Sculpture-lumineuse-N\u00b01-60x23x23-cm-1200x1200--500x500.jpg 500w, https:\/\/galerie-artima.com\/wp-content\/uploads\/2022\/03\/PHALIPPON-Sculpture-lumineuse-N\u00b01-60x23x23-cm-1200x1200--600x600.jpg 600w, https:\/\/galerie-artima.com\/wp-content\/uploads\/2022\/03\/PHALIPPON-Sculpture-lumineuse-N\u00b01-60x23x23-cm-1200x1200--768x768.jpg 768w, https:\/\/galerie-artima.com\/wp-content\/uploads\/2022\/03\/PHALIPPON-Sculpture-lumineuse-N\u00b01-60x23x23-cm-1200x1200--800x800.jpg 800w, https:\/\/galerie-artima.com\/wp-content\/uploads\/2022\/03\/PHALIPPON-Sculpture-lumineuse-N\u00b01-60x23x23-cm-1200x1200--1024x1024.jpg 1024w, https:\/\/galerie-artima.com\/wp-content\/uploads\/2022\/03\/PHALIPPON-Sculpture-lumineuse-N\u00b01-60x23x23-cm-1200x1200-.jpg 1200w\" data-sizes=\"auto\" \/><div class=\"fusion-rollover\">\n\t<div class=\"fusion-rollover-content\">\n\n\t\t\t\t\n\t\t\n\t\t\t\t\t\t\t\t\n\t\t\t\t\t\t\t\t\n\t\t\n\t\t\t\t\t\t\t\t\t\t\t\t\t\t\t\n\t\t\t\t\t\t\n\t\t\t\t\t\t\t\t\t\t<div class=\"fusion-product-buttons\">\n\t\t\t\t\t<a href=\"\/en\/wp-json\/wp\/v2\/pages\/6?add-to-cart=7297\" aria-describedby=\"woocommerce_loop_add_to_cart_link_describedby_7297\" data-quantity=\"1\" class=\"button product_type_simple add_to_cart_button ajax_add_to_cart\" data-product_id=\"7297\" data-product_sku=\"\" aria-label=\"Add to cart: &ldquo;Richard Phalippon | Light Sculpture N\u00b01&rdquo;\" rel=\"nofollow\">Add to cart<\/a>\t<span id=\"woocommerce_loop_add_to_cart_link_describedby_7297\" class=\"screen-reader-text\">\n\t\t\t<\/span>\n<span class=\"fusion-rollover-linebreak\">\n\t\/<\/span>\n\n<a href=\"https:\/\/galerie-artima.com\/en\/shop\/richard-phalippon-light-sculpture-n1\" class=\"show_details_button\">\n\tDetails<\/a>\n\n\t\t\t\t<\/div>\n\t\t\t\t\t\t\t\t\t<a class=\"fusion-link-wrapper\" href=\"https:\/\/galerie-artima.com\/en\/shop\/richard-phalippon-light-sculpture-n1\" aria-label=\"Richard Phalippon | Light Sculpture N\u00b01\"><\/a>\n\t<\/div>\n<\/div>\n<\/div>\n<\/div>\n<div class=\"fusion-product-content\">\n\t<div class=\"product-details\">\n\t\t<div class=\"product-details-container\">\n<h3 class=\"product-title\">\n\t<a href=\"https:\/\/galerie-artima.com\/en\/shop\/richard-phalippon-light-sculpture-n1\">\n\t\tRichard Phalippon | Light Sculpture N\u00b01\t<\/a>\n<\/h3>\n<div class=\"fusion-price-rating\">\n\n\t<span class=\"price\"><span class=\"woocommerce-Price-amount amount\"><bdi>1500,00<span class=\"woocommerce-Price-currencySymbol\">&euro;<\/span><\/bdi><\/span><\/span>\n\t\t<\/div>\n\t<\/div>\n<\/div>\n\n\t<\/div> \n\n\n<\/div>\n<\/li>\n<li class=\"product type-product post-7339 status-publish last instock product_cat-all product_cat-sculpture-en has-post-thumbnail sold-individually shipping-taxable purchasable product-type-simple product-grid-view\">\n\t<div class=\"fusion-product-wrapper\">\n\n<div class=\"fusion-clean-product-image-wrapper \">\n\t<div  class=\"fusion-image-wrapper fusion-image-size-fixed\" aria-haspopup=\"true\">\n\t\t\t\t<img decoding=\"async\" width=\"500\" height=\"555\" src=\"https:\/\/galerie-artima.com\/wp-content\/uploads\/2022\/03\/PHALIPPON-Sculpture-lumineuse-N\u00b04-645x66x2cm-500x555.jpg\" class=\"attachment-woocommerce_thumbnail size-woocommerce_thumbnail lazyload wp-post-image\" alt=\"\" srcset=\"data:image\/svg+xml,%3Csvg%20xmlns%3D%27http%3A%2F%2Fwww.w3.org%2F2000%2Fsvg%27%20width%3D%271082%27%20height%3D%271200%27%20viewBox%3D%270%200%201082%201200%27%3E%3Crect%20width%3D%271082%27%20height%3D%271200%27%20fill-opacity%3D%220%22%2F%3E%3C%2Fsvg%3E\" data-orig-src=\"https:\/\/galerie-artima.com\/wp-content\/uploads\/2022\/03\/PHALIPPON-Sculpture-lumineuse-N\u00b04-645x66x2cm-500x555.jpg\" data-srcset=\"https:\/\/galerie-artima.com\/wp-content\/uploads\/2022\/03\/PHALIPPON-Sculpture-lumineuse-N\u00b04-645x66x2cm-200x222.jpg 200w, https:\/\/galerie-artima.com\/wp-content\/uploads\/2022\/03\/PHALIPPON-Sculpture-lumineuse-N\u00b04-645x66x2cm-271x300.jpg 271w, https:\/\/galerie-artima.com\/wp-content\/uploads\/2022\/03\/PHALIPPON-Sculpture-lumineuse-N\u00b04-645x66x2cm-400x444.jpg 400w, https:\/\/galerie-artima.com\/wp-content\/uploads\/2022\/03\/PHALIPPON-Sculpture-lumineuse-N\u00b04-645x66x2cm-500x555.jpg 500w, https:\/\/galerie-artima.com\/wp-content\/uploads\/2022\/03\/PHALIPPON-Sculpture-lumineuse-N\u00b04-645x66x2cm-600x665.jpg 600w, https:\/\/galerie-artima.com\/wp-content\/uploads\/2022\/03\/PHALIPPON-Sculpture-lumineuse-N\u00b04-645x66x2cm-768x852.jpg 768w, https:\/\/galerie-artima.com\/wp-content\/uploads\/2022\/03\/PHALIPPON-Sculpture-lumineuse-N\u00b04-645x66x2cm-800x887.jpg 800w, https:\/\/galerie-artima.com\/wp-content\/uploads\/2022\/03\/PHALIPPON-Sculpture-lumineuse-N\u00b04-645x66x2cm-923x1024.jpg 923w, https:\/\/galerie-artima.com\/wp-content\/uploads\/2022\/03\/PHALIPPON-Sculpture-lumineuse-N\u00b04-645x66x2cm.jpg 1082w\" data-sizes=\"auto\" \/><div class=\"fusion-rollover\">\n\t<div class=\"fusion-rollover-content\">\n\n\t\t\t\t\n\t\t\n\t\t\t\t\t\t\t\t\n\t\t\t\t\t\t\t\t\n\t\t\n\t\t\t\t\t\t\t\t\t\t\t\t\t\t\t\n\t\t\t\t\t\t\n\t\t\t\t\t\t\t\t\t\t<div class=\"fusion-product-buttons\">\n\t\t\t\t\t<a href=\"\/en\/wp-json\/wp\/v2\/pages\/6?add-to-cart=7339\" aria-describedby=\"woocommerce_loop_add_to_cart_link_describedby_7339\" data-quantity=\"1\" class=\"button product_type_simple add_to_cart_button ajax_add_to_cart\" data-product_id=\"7339\" data-product_sku=\"\" aria-label=\"Add to cart: &ldquo;Richard Phalippon | Light Sculpture N\u00b04&rdquo;\" rel=\"nofollow\">Add to cart<\/a>\t<span id=\"woocommerce_loop_add_to_cart_link_describedby_7339\" class=\"screen-reader-text\">\n\t\t\t<\/span>\n<span class=\"fusion-rollover-linebreak\">\n\t\/<\/span>\n\n<a href=\"https:\/\/galerie-artima.com\/en\/shop\/richard-phalippon-light-sculpture-n4\" class=\"show_details_button\">\n\tDetails<\/a>\n\n\t\t\t\t<\/div>\n\t\t\t\t\t\t\t\t\t<a class=\"fusion-link-wrapper\" href=\"https:\/\/galerie-artima.com\/en\/shop\/richard-phalippon-light-sculpture-n4\" aria-label=\"Richard Phalippon | Light Sculpture N\u00b04\"><\/a>\n\t<\/div>\n<\/div>\n<\/div>\n<\/div>\n<div class=\"fusion-product-content\">\n\t<div class=\"product-details\">\n\t\t<div class=\"product-details-container\">\n<h3 class=\"product-title\">\n\t<a href=\"https:\/\/galerie-artima.com\/en\/shop\/richard-phalippon-light-sculpture-n4\">\n\t\tRichard Phalippon | Light Sculpture N\u00b04\t<\/a>\n<\/h3>\n<div class=\"fusion-price-rating\">\n\n\t<span class=\"price\"><span class=\"woocommerce-Price-amount amount\"><bdi>900,00<span class=\"woocommerce-Price-currencySymbol\">&euro;<\/span><\/bdi><\/span><\/span>\n\t\t<\/div>\n\t<\/div>\n<\/div>\n\n\t<\/div> \n\n\n<\/div>\n<\/li>\n<li class=\"product type-product post-7341 status-publish first instock product_cat-all product_cat-sculpture-en has-post-thumbnail sold-individually shipping-taxable purchasable product-type-simple product-grid-view\">\n\t<div class=\"fusion-product-wrapper\">\n\n<div class=\"fusion-clean-product-image-wrapper \">\n\t<div  class=\"fusion-image-wrapper fusion-image-size-fixed\" aria-haspopup=\"true\">\n\t\t\t\t<img decoding=\"async\" width=\"500\" height=\"500\" src=\"https:\/\/galerie-artima.com\/wp-content\/uploads\/2022\/03\/PHALIPPON-Sculpture-Lumineuse-N\u00b05-415x18x18-cm-1200x1200--500x500.jpg\" class=\"attachment-woocommerce_thumbnail size-woocommerce_thumbnail lazyload wp-post-image\" alt=\"\" srcset=\"data:image\/svg+xml,%3Csvg%20xmlns%3D%27http%3A%2F%2Fwww.w3.org%2F2000%2Fsvg%27%20width%3D%271200%27%20height%3D%271200%27%20viewBox%3D%270%200%201200%201200%27%3E%3Crect%20width%3D%271200%27%20height%3D%271200%27%20fill-opacity%3D%220%22%2F%3E%3C%2Fsvg%3E\" data-orig-src=\"https:\/\/galerie-artima.com\/wp-content\/uploads\/2022\/03\/PHALIPPON-Sculpture-Lumineuse-N\u00b05-415x18x18-cm-1200x1200--500x500.jpg\" data-srcset=\"https:\/\/galerie-artima.com\/wp-content\/uploads\/2022\/03\/PHALIPPON-Sculpture-Lumineuse-N\u00b05-415x18x18-cm-1200x1200--66x66.jpg 66w, https:\/\/galerie-artima.com\/wp-content\/uploads\/2022\/03\/PHALIPPON-Sculpture-Lumineuse-N\u00b05-415x18x18-cm-1200x1200--96x96.jpg 96w, https:\/\/galerie-artima.com\/wp-content\/uploads\/2022\/03\/PHALIPPON-Sculpture-Lumineuse-N\u00b05-415x18x18-cm-1200x1200--150x150.jpg 150w, https:\/\/galerie-artima.com\/wp-content\/uploads\/2022\/03\/PHALIPPON-Sculpture-Lumineuse-N\u00b05-415x18x18-cm-1200x1200--200x200.jpg 200w, https:\/\/galerie-artima.com\/wp-content\/uploads\/2022\/03\/PHALIPPON-Sculpture-Lumineuse-N\u00b05-415x18x18-cm-1200x1200--300x300.jpg 300w, https:\/\/galerie-artima.com\/wp-content\/uploads\/2022\/03\/PHALIPPON-Sculpture-Lumineuse-N\u00b05-415x18x18-cm-1200x1200--400x400.jpg 400w, https:\/\/galerie-artima.com\/wp-content\/uploads\/2022\/03\/PHALIPPON-Sculpture-Lumineuse-N\u00b05-415x18x18-cm-1200x1200--500x500.jpg 500w, https:\/\/galerie-artima.com\/wp-content\/uploads\/2022\/03\/PHALIPPON-Sculpture-Lumineuse-N\u00b05-415x18x18-cm-1200x1200--600x600.jpg 600w, https:\/\/galerie-artima.com\/wp-content\/uploads\/2022\/03\/PHALIPPON-Sculpture-Lumineuse-N\u00b05-415x18x18-cm-1200x1200--768x768.jpg 768w, https:\/\/galerie-artima.com\/wp-content\/uploads\/2022\/03\/PHALIPPON-Sculpture-Lumineuse-N\u00b05-415x18x18-cm-1200x1200--800x800.jpg 800w, https:\/\/galerie-artima.com\/wp-content\/uploads\/2022\/03\/PHALIPPON-Sculpture-Lumineuse-N\u00b05-415x18x18-cm-1200x1200--1024x1024.jpg 1024w, https:\/\/galerie-artima.com\/wp-content\/uploads\/2022\/03\/PHALIPPON-Sculpture-Lumineuse-N\u00b05-415x18x18-cm-1200x1200-.jpg 1200w\" data-sizes=\"auto\" \/><div class=\"fusion-rollover\">\n\t<div class=\"fusion-rollover-content\">\n\n\t\t\t\t\n\t\t\n\t\t\t\t\t\t\t\t\n\t\t\t\t\t\t\t\t\n\t\t\n\t\t\t\t\t\t\t\t\t\t\t\t\t\t\t\n\t\t\t\t\t\t\n\t\t\t\t\t\t\t\t\t\t<div class=\"fusion-product-buttons\">\n\t\t\t\t\t<a href=\"\/en\/wp-json\/wp\/v2\/pages\/6?add-to-cart=7341\" aria-describedby=\"woocommerce_loop_add_to_cart_link_describedby_7341\" data-quantity=\"1\" class=\"button product_type_simple add_to_cart_button ajax_add_to_cart\" data-product_id=\"7341\" data-product_sku=\"\" aria-label=\"Add to cart: &ldquo;Richard Phalippon | Light Sculpture N\u00b05&rdquo;\" rel=\"nofollow\">Add to cart<\/a>\t<span id=\"woocommerce_loop_add_to_cart_link_describedby_7341\" class=\"screen-reader-text\">\n\t\t\t<\/span>\n<span class=\"fusion-rollover-linebreak\">\n\t\/<\/span>\n\n<a href=\"https:\/\/galerie-artima.com\/en\/shop\/richard-phalippon-light-sculpture-n5\" class=\"show_details_button\">\n\tDetails<\/a>\n\n\t\t\t\t<\/div>\n\t\t\t\t\t\t\t\t\t<a class=\"fusion-link-wrapper\" href=\"https:\/\/galerie-artima.com\/en\/shop\/richard-phalippon-light-sculpture-n5\" aria-label=\"Richard Phalippon | Light Sculpture N\u00b05\"><\/a>\n\t<\/div>\n<\/div>\n<\/div>\n<\/div>\n<div class=\"fusion-product-content\">\n\t<div class=\"product-details\">\n\t\t<div class=\"product-details-container\">\n<h3 class=\"product-title\">\n\t<a href=\"https:\/\/galerie-artima.com\/en\/shop\/richard-phalippon-light-sculpture-n5\">\n\t\tRichard Phalippon | Light Sculpture N\u00b05\t<\/a>\n<\/h3>\n<div class=\"fusion-price-rating\">\n\n\t<span class=\"price\"><span class=\"woocommerce-Price-amount amount\"><bdi>400,00<span class=\"woocommerce-Price-currencySymbol\">&euro;<\/span><\/bdi><\/span><\/span>\n\t\t<\/div>\n\t<\/div>\n<\/div>\n\n\t<\/div> \n\n\n<\/div>\n<\/li>\n<\/ul><div class=\"fusion-woo-product-grid-pagination fusion-clearfix infinite-scroll infinite-scroll-hide\"><\/div><\/div><div class=\"fusion-title title fusion-title-4 fusion-no-large-visibility sep-underline sep-solid fusion-title-text fusion-title-size-two\"><h2 class=\"fusion-title-heading title-heading-left\" style=\"margin:0;\">Desssin<\/h2><\/div><div class=\"fusion-woo-product-grid fusion-product-archive fusion-woo-product-grid-4 fusion-no-large-visibility hide-rating has-load-more has-column-spacing\" style=\"--awb-column-spacing-margin:calc((40px)\/ -2);--awb-column-spacing-padding:calc((40px)\/ 2);\"><ul class=\"products products-3 fusion-products-container-infinite\" data-pages=\"1\"><li class=\"product type-product post-7395 status-publish first instock product_cat-all product_cat-drawing product_cat-sculpture-en has-post-thumbnail sold-individually shipping-taxable purchasable product-type-simple product-grid-view\">\n\t<div class=\"fusion-product-wrapper\">\n\n<div class=\"fusion-clean-product-image-wrapper \">\n\t<div  class=\"fusion-image-wrapper fusion-image-size-fixed\" aria-haspopup=\"true\">\n\t\t\t\t<img decoding=\"async\" width=\"500\" height=\"500\" src=\"https:\/\/galerie-artima.com\/wp-content\/uploads\/2024\/02\/CLAIRE-FANJUL-Oeuf-au-poisson-a-bec-Feutre-Posca-sur-coquille-doeuf-18x15cm-2023-3-500x500.jpg\" class=\"attachment-woocommerce_thumbnail size-woocommerce_thumbnail lazyload wp-post-image\" alt=\"\" srcset=\"data:image\/svg+xml,%3Csvg%20xmlns%3D%27http%3A%2F%2Fwww.w3.org%2F2000%2Fsvg%27%20width%3D%271200%27%20height%3D%271200%27%20viewBox%3D%270%200%201200%201200%27%3E%3Crect%20width%3D%271200%27%20height%3D%271200%27%20fill-opacity%3D%220%22%2F%3E%3C%2Fsvg%3E\" data-orig-src=\"https:\/\/galerie-artima.com\/wp-content\/uploads\/2024\/02\/CLAIRE-FANJUL-Oeuf-au-poisson-a-bec-Feutre-Posca-sur-coquille-doeuf-18x15cm-2023-3-500x500.jpg\" data-srcset=\"https:\/\/galerie-artima.com\/wp-content\/uploads\/2024\/02\/CLAIRE-FANJUL-Oeuf-au-poisson-a-bec-Feutre-Posca-sur-coquille-doeuf-18x15cm-2023-3-66x66.jpg 66w, https:\/\/galerie-artima.com\/wp-content\/uploads\/2024\/02\/CLAIRE-FANJUL-Oeuf-au-poisson-a-bec-Feutre-Posca-sur-coquille-doeuf-18x15cm-2023-3-96x96.jpg 96w, https:\/\/galerie-artima.com\/wp-content\/uploads\/2024\/02\/CLAIRE-FANJUL-Oeuf-au-poisson-a-bec-Feutre-Posca-sur-coquille-doeuf-18x15cm-2023-3-150x150.jpg 150w, https:\/\/galerie-artima.com\/wp-content\/uploads\/2024\/02\/CLAIRE-FANJUL-Oeuf-au-poisson-a-bec-Feutre-Posca-sur-coquille-doeuf-18x15cm-2023-3-200x200.jpg 200w, https:\/\/galerie-artima.com\/wp-content\/uploads\/2024\/02\/CLAIRE-FANJUL-Oeuf-au-poisson-a-bec-Feutre-Posca-sur-coquille-doeuf-18x15cm-2023-3-300x300.jpg 300w, https:\/\/galerie-artima.com\/wp-content\/uploads\/2024\/02\/CLAIRE-FANJUL-Oeuf-au-poisson-a-bec-Feutre-Posca-sur-coquille-doeuf-18x15cm-2023-3-400x400.jpg 400w, https:\/\/galerie-artima.com\/wp-content\/uploads\/2024\/02\/CLAIRE-FANJUL-Oeuf-au-poisson-a-bec-Feutre-Posca-sur-coquille-doeuf-18x15cm-2023-3-500x500.jpg 500w, https:\/\/galerie-artima.com\/wp-content\/uploads\/2024\/02\/CLAIRE-FANJUL-Oeuf-au-poisson-a-bec-Feutre-Posca-sur-coquille-doeuf-18x15cm-2023-3-600x600.jpg 600w, https:\/\/galerie-artima.com\/wp-content\/uploads\/2024\/02\/CLAIRE-FANJUL-Oeuf-au-poisson-a-bec-Feutre-Posca-sur-coquille-doeuf-18x15cm-2023-3-768x768.jpg 768w, https:\/\/galerie-artima.com\/wp-content\/uploads\/2024\/02\/CLAIRE-FANJUL-Oeuf-au-poisson-a-bec-Feutre-Posca-sur-coquille-doeuf-18x15cm-2023-3-800x800.jpg 800w, https:\/\/galerie-artima.com\/wp-content\/uploads\/2024\/02\/CLAIRE-FANJUL-Oeuf-au-poisson-a-bec-Feutre-Posca-sur-coquille-doeuf-18x15cm-2023-3-1024x1024.jpg 1024w, https:\/\/galerie-artima.com\/wp-content\/uploads\/2024\/02\/CLAIRE-FANJUL-Oeuf-au-poisson-a-bec-Feutre-Posca-sur-coquille-doeuf-18x15cm-2023-3.jpg 1200w\" data-sizes=\"auto\" \/><div class=\"fusion-rollover\">\n\t<div class=\"fusion-rollover-content\">\n\n\t\t\t\t\n\t\t\n\t\t\t\t\t\t\t\t\n\t\t\t\t\t\t\t\t\n\t\t\n\t\t\t\t\t\t\t\t\t\t\t\t\t\t\t\n\t\t\t\t\t\t\n\t\t\t\t\t\t\t\t\t\t<div class=\"fusion-product-buttons\">\n\t\t\t\t\t<a href=\"\/en\/wp-json\/wp\/v2\/pages\/6?add-to-cart=7395\" aria-describedby=\"woocommerce_loop_add_to_cart_link_describedby_7395\" data-quantity=\"1\" class=\"button product_type_simple add_to_cart_button ajax_add_to_cart\" data-product_id=\"7395\" data-product_sku=\"\" aria-label=\"Add to cart: &ldquo;Claire Fanjul | Oeuf au poisson \u00e0 bec&rdquo;\" rel=\"nofollow\">Add to cart<\/a>\t<span id=\"woocommerce_loop_add_to_cart_link_describedby_7395\" class=\"screen-reader-text\">\n\t\t\t<\/span>\n<span class=\"fusion-rollover-linebreak\">\n\t\/<\/span>\n\n<a href=\"https:\/\/galerie-artima.com\/en\/shop\/claire-fanjul-oeuf-au-poisson-a-bec\" class=\"show_details_button\">\n\tDetails<\/a>\n\n\t\t\t\t<\/div>\n\t\t\t\t\t\t\t\t\t<a class=\"fusion-link-wrapper\" href=\"https:\/\/galerie-artima.com\/en\/shop\/claire-fanjul-oeuf-au-poisson-a-bec\" aria-label=\"Claire Fanjul | Oeuf au poisson \u00e0 bec\"><\/a>\n\t<\/div>\n<\/div>\n<\/div>\n<\/div>\n<div class=\"fusion-product-content\">\n\t<div class=\"product-details\">\n\t\t<div class=\"product-details-container\">\n<h3 class=\"product-title\">\n\t<a href=\"https:\/\/galerie-artima.com\/en\/shop\/claire-fanjul-oeuf-au-poisson-a-bec\">\n\t\tClaire Fanjul | Oeuf au poisson \u00e0 bec\t<\/a>\n<\/h3>\n<div class=\"fusion-price-rating\">\n\n\t<span class=\"price\"><span class=\"woocommerce-Price-amount amount\"><bdi>1300,00<span class=\"woocommerce-Price-currencySymbol\">&euro;<\/span><\/bdi><\/span><\/span>\n\t\t<\/div>\n\t<\/div>\n<\/div>\n\n\t<\/div> \n\n\n<\/div>\n<\/li>\n<li class=\"product type-product post-3843 status-publish instock product_cat-all product_cat-drawing product_cat-sculpture-en has-post-thumbnail sold-individually shipping-taxable purchasable product-type-simple product-grid-view\">\n\t<div class=\"fusion-product-wrapper\">\n\n<div class=\"fusion-clean-product-image-wrapper \">\n\t<div  class=\"fusion-image-wrapper fusion-image-size-fixed\" aria-haspopup=\"true\">\n\t\t\t\t<img decoding=\"async\" width=\"500\" height=\"500\" src=\"https:\/\/galerie-artima.com\/wp-content\/uploads\/2023\/11\/CLAIRE-FANJUL-Games-of-sword-Dessin-au-feutre-sur-oeuf-dautruche-18x15cm-500x500.jpg\" class=\"attachment-woocommerce_thumbnail size-woocommerce_thumbnail lazyload wp-post-image\" alt=\"\" srcset=\"data:image\/svg+xml,%3Csvg%20xmlns%3D%27http%3A%2F%2Fwww.w3.org%2F2000%2Fsvg%27%20width%3D%271200%27%20height%3D%271200%27%20viewBox%3D%270%200%201200%201200%27%3E%3Crect%20width%3D%271200%27%20height%3D%271200%27%20fill-opacity%3D%220%22%2F%3E%3C%2Fsvg%3E\" data-orig-src=\"https:\/\/galerie-artima.com\/wp-content\/uploads\/2023\/11\/CLAIRE-FANJUL-Games-of-sword-Dessin-au-feutre-sur-oeuf-dautruche-18x15cm-500x500.jpg\" data-srcset=\"https:\/\/galerie-artima.com\/wp-content\/uploads\/2023\/11\/CLAIRE-FANJUL-Games-of-sword-Dessin-au-feutre-sur-oeuf-dautruche-18x15cm-66x66.jpg 66w, https:\/\/galerie-artima.com\/wp-content\/uploads\/2023\/11\/CLAIRE-FANJUL-Games-of-sword-Dessin-au-feutre-sur-oeuf-dautruche-18x15cm-96x96.jpg 96w, https:\/\/galerie-artima.com\/wp-content\/uploads\/2023\/11\/CLAIRE-FANJUL-Games-of-sword-Dessin-au-feutre-sur-oeuf-dautruche-18x15cm-150x150.jpg 150w, https:\/\/galerie-artima.com\/wp-content\/uploads\/2023\/11\/CLAIRE-FANJUL-Games-of-sword-Dessin-au-feutre-sur-oeuf-dautruche-18x15cm-200x200.jpg 200w, https:\/\/galerie-artima.com\/wp-content\/uploads\/2023\/11\/CLAIRE-FANJUL-Games-of-sword-Dessin-au-feutre-sur-oeuf-dautruche-18x15cm-300x300.jpg 300w, https:\/\/galerie-artima.com\/wp-content\/uploads\/2023\/11\/CLAIRE-FANJUL-Games-of-sword-Dessin-au-feutre-sur-oeuf-dautruche-18x15cm-400x400.jpg 400w, https:\/\/galerie-artima.com\/wp-content\/uploads\/2023\/11\/CLAIRE-FANJUL-Games-of-sword-Dessin-au-feutre-sur-oeuf-dautruche-18x15cm-500x500.jpg 500w, https:\/\/galerie-artima.com\/wp-content\/uploads\/2023\/11\/CLAIRE-FANJUL-Games-of-sword-Dessin-au-feutre-sur-oeuf-dautruche-18x15cm-600x600.jpg 600w, https:\/\/galerie-artima.com\/wp-content\/uploads\/2023\/11\/CLAIRE-FANJUL-Games-of-sword-Dessin-au-feutre-sur-oeuf-dautruche-18x15cm-768x768.jpg 768w, https:\/\/galerie-artima.com\/wp-content\/uploads\/2023\/11\/CLAIRE-FANJUL-Games-of-sword-Dessin-au-feutre-sur-oeuf-dautruche-18x15cm-800x800.jpg 800w, https:\/\/galerie-artima.com\/wp-content\/uploads\/2023\/11\/CLAIRE-FANJUL-Games-of-sword-Dessin-au-feutre-sur-oeuf-dautruche-18x15cm-1024x1024.jpg 1024w, https:\/\/galerie-artima.com\/wp-content\/uploads\/2023\/11\/CLAIRE-FANJUL-Games-of-sword-Dessin-au-feutre-sur-oeuf-dautruche-18x15cm.jpg 1200w\" data-sizes=\"auto\" \/><div class=\"fusion-rollover\">\n\t<div class=\"fusion-rollover-content\">\n\n\t\t\t\t\n\t\t\n\t\t\t\t\t\t\t\t\n\t\t\t\t\t\t\t\t\n\t\t\n\t\t\t\t\t\t\t\t\t\t\t\t\t\t\t\n\t\t\t\t\t\t\n\t\t\t\t\t\t\t\t\t\t<div class=\"fusion-product-buttons\">\n\t\t\t\t\t<a href=\"\/en\/wp-json\/wp\/v2\/pages\/6?add-to-cart=3843\" aria-describedby=\"woocommerce_loop_add_to_cart_link_describedby_3843\" data-quantity=\"1\" class=\"button product_type_simple add_to_cart_button ajax_add_to_cart\" data-product_id=\"3843\" data-product_sku=\"\" aria-label=\"Add to cart: &ldquo;Claire Fanjul | Oeuf Game of sword&rdquo;\" rel=\"nofollow\">Add to cart<\/a>\t<span id=\"woocommerce_loop_add_to_cart_link_describedby_3843\" class=\"screen-reader-text\">\n\t\t\t<\/span>\n<span class=\"fusion-rollover-linebreak\">\n\t\/<\/span>\n\n<a href=\"https:\/\/galerie-artima.com\/en\/shop\/claire-fanjul-oeuf-game-of-sword\" class=\"show_details_button\">\n\tDetails<\/a>\n\n\t\t\t\t<\/div>\n\t\t\t\t\t\t\t\t\t<a class=\"fusion-link-wrapper\" href=\"https:\/\/galerie-artima.com\/en\/shop\/claire-fanjul-oeuf-game-of-sword\" aria-label=\"Claire Fanjul | Oeuf Game of sword\"><\/a>\n\t<\/div>\n<\/div>\n<\/div>\n<\/div>\n<div class=\"fusion-product-content\">\n\t<div class=\"product-details\">\n\t\t<div class=\"product-details-container\">\n<h3 class=\"product-title\">\n\t<a href=\"https:\/\/galerie-artima.com\/en\/shop\/claire-fanjul-oeuf-game-of-sword\">\n\t\tClaire Fanjul | Oeuf Game of sword\t<\/a>\n<\/h3>\n<div class=\"fusion-price-rating\">\n\n\t<span class=\"price\"><span class=\"woocommerce-Price-amount amount\"><bdi>1300,00<span class=\"woocommerce-Price-currencySymbol\">&euro;<\/span><\/bdi><\/span><\/span>\n\t\t<\/div>\n\t<\/div>\n<\/div>\n\n\t<\/div> \n\n\n<\/div>\n<\/li>\n<li class=\"product type-product post-8113 status-publish last instock product_cat-all product_cat-drawing product_cat-sculpture-en has-post-thumbnail sold-individually shipping-taxable purchasable product-type-simple product-grid-view\">\n\t<div class=\"fusion-product-wrapper\">\n\n<div class=\"fusion-clean-product-image-wrapper \">\n\t<div  class=\"fusion-image-wrapper fusion-image-size-fixed\" aria-haspopup=\"true\">\n\t\t\t\t<img decoding=\"async\" width=\"500\" height=\"500\" src=\"https:\/\/galerie-artima.com\/wp-content\/uploads\/2022\/04\/CLAIRE-FANJUL-Perles-Dessin-au-feutre-sur-oeuf-dautruche-18x15cm-2021-6-500x500.jpg\" class=\"attachment-woocommerce_thumbnail size-woocommerce_thumbnail lazyload wp-post-image\" alt=\"\" srcset=\"data:image\/svg+xml,%3Csvg%20xmlns%3D%27http%3A%2F%2Fwww.w3.org%2F2000%2Fsvg%27%20width%3D%271200%27%20height%3D%271200%27%20viewBox%3D%270%200%201200%201200%27%3E%3Crect%20width%3D%271200%27%20height%3D%271200%27%20fill-opacity%3D%220%22%2F%3E%3C%2Fsvg%3E\" data-orig-src=\"https:\/\/galerie-artima.com\/wp-content\/uploads\/2022\/04\/CLAIRE-FANJUL-Perles-Dessin-au-feutre-sur-oeuf-dautruche-18x15cm-2021-6-500x500.jpg\" data-srcset=\"https:\/\/galerie-artima.com\/wp-content\/uploads\/2022\/04\/CLAIRE-FANJUL-Perles-Dessin-au-feutre-sur-oeuf-dautruche-18x15cm-2021-6-66x66.jpg 66w, https:\/\/galerie-artima.com\/wp-content\/uploads\/2022\/04\/CLAIRE-FANJUL-Perles-Dessin-au-feutre-sur-oeuf-dautruche-18x15cm-2021-6-96x96.jpg 96w, https:\/\/galerie-artima.com\/wp-content\/uploads\/2022\/04\/CLAIRE-FANJUL-Perles-Dessin-au-feutre-sur-oeuf-dautruche-18x15cm-2021-6-150x150.jpg 150w, https:\/\/galerie-artima.com\/wp-content\/uploads\/2022\/04\/CLAIRE-FANJUL-Perles-Dessin-au-feutre-sur-oeuf-dautruche-18x15cm-2021-6-200x200.jpg 200w, https:\/\/galerie-artima.com\/wp-content\/uploads\/2022\/04\/CLAIRE-FANJUL-Perles-Dessin-au-feutre-sur-oeuf-dautruche-18x15cm-2021-6-300x300.jpg 300w, https:\/\/galerie-artima.com\/wp-content\/uploads\/2022\/04\/CLAIRE-FANJUL-Perles-Dessin-au-feutre-sur-oeuf-dautruche-18x15cm-2021-6-400x400.jpg 400w, https:\/\/galerie-artima.com\/wp-content\/uploads\/2022\/04\/CLAIRE-FANJUL-Perles-Dessin-au-feutre-sur-oeuf-dautruche-18x15cm-2021-6-500x500.jpg 500w, https:\/\/galerie-artima.com\/wp-content\/uploads\/2022\/04\/CLAIRE-FANJUL-Perles-Dessin-au-feutre-sur-oeuf-dautruche-18x15cm-2021-6-600x600.jpg 600w, https:\/\/galerie-artima.com\/wp-content\/uploads\/2022\/04\/CLAIRE-FANJUL-Perles-Dessin-au-feutre-sur-oeuf-dautruche-18x15cm-2021-6-768x768.jpg 768w, https:\/\/galerie-artima.com\/wp-content\/uploads\/2022\/04\/CLAIRE-FANJUL-Perles-Dessin-au-feutre-sur-oeuf-dautruche-18x15cm-2021-6-800x800.jpg 800w, https:\/\/galerie-artima.com\/wp-content\/uploads\/2022\/04\/CLAIRE-FANJUL-Perles-Dessin-au-feutre-sur-oeuf-dautruche-18x15cm-2021-6-1024x1024.jpg 1024w, https:\/\/galerie-artima.com\/wp-content\/uploads\/2022\/04\/CLAIRE-FANJUL-Perles-Dessin-au-feutre-sur-oeuf-dautruche-18x15cm-2021-6.jpg 1200w\" data-sizes=\"auto\" \/><div class=\"fusion-rollover\">\n\t<div class=\"fusion-rollover-content\">\n\n\t\t\t\t\n\t\t\n\t\t\t\t\t\t\t\t\n\t\t\t\t\t\t\t\t\n\t\t\n\t\t\t\t\t\t\t\t\t\t\t\t\t\t\t\n\t\t\t\t\t\t\n\t\t\t\t\t\t\t\t\t\t<div class=\"fusion-product-buttons\">\n\t\t\t\t\t<a href=\"\/en\/wp-json\/wp\/v2\/pages\/6?add-to-cart=8113\" aria-describedby=\"woocommerce_loop_add_to_cart_link_describedby_8113\" data-quantity=\"1\" class=\"button product_type_simple add_to_cart_button ajax_add_to_cart\" data-product_id=\"8113\" data-product_sku=\"\" aria-label=\"Add to cart: &ldquo;Claire Fanjul | Perles&rdquo;\" rel=\"nofollow\">Add to cart<\/a>\t<span id=\"woocommerce_loop_add_to_cart_link_describedby_8113\" class=\"screen-reader-text\">\n\t\t\t<\/span>\n<span class=\"fusion-rollover-linebreak\">\n\t\/<\/span>\n\n<a href=\"https:\/\/galerie-artima.com\/en\/shop\/claire-fanjul-perles\" class=\"show_details_button\">\n\tDetails<\/a>\n\n\t\t\t\t<\/div>\n\t\t\t\t\t\t\t\t\t<a class=\"fusion-link-wrapper\" href=\"https:\/\/galerie-artima.com\/en\/shop\/claire-fanjul-perles\" aria-label=\"Claire Fanjul | Perles\"><\/a>\n\t<\/div>\n<\/div>\n<\/div>\n<\/div>\n<div class=\"fusion-product-content\">\n\t<div class=\"product-details\">\n\t\t<div class=\"product-details-container\">\n<h3 class=\"product-title\">\n\t<a href=\"https:\/\/galerie-artima.com\/en\/shop\/claire-fanjul-perles\">\n\t\tClaire Fanjul | Perles\t<\/a>\n<\/h3>\n<div class=\"fusion-price-rating\">\n\n\t<span class=\"price\"><span class=\"woocommerce-Price-amount amount\"><bdi>1300,00<span class=\"woocommerce-Price-currencySymbol\">&euro;<\/span><\/bdi><\/span><\/span>\n\t\t<\/div>\n\t<\/div>\n<\/div>\n\n\t<\/div> \n\n\n<\/div>\n<\/li>\n<li class=\"product type-product post-7393 status-publish first instock product_cat-all product_cat-drawing product_cat-sculpture-en has-post-thumbnail sold-individually shipping-taxable purchasable product-type-simple product-grid-view\">\n\t<div class=\"fusion-product-wrapper\">\n\n<div class=\"fusion-clean-product-image-wrapper \">\n\t<div  class=\"fusion-image-wrapper fusion-image-size-fixed\" aria-haspopup=\"true\">\n\t\t\t\t<img decoding=\"async\" width=\"500\" height=\"500\" src=\"https:\/\/galerie-artima.com\/wp-content\/uploads\/2024\/02\/CLAIRE-FANJUL-Serie-Utopia-Sphere-au-Porc-Epique-Posca-et-bois-de-tilleul-20cm-2022-2--500x500.jpg\" class=\"attachment-woocommerce_thumbnail size-woocommerce_thumbnail lazyload wp-post-image\" alt=\"\" srcset=\"data:image\/svg+xml,%3Csvg%20xmlns%3D%27http%3A%2F%2Fwww.w3.org%2F2000%2Fsvg%27%20width%3D%271200%27%20height%3D%271200%27%20viewBox%3D%270%200%201200%201200%27%3E%3Crect%20width%3D%271200%27%20height%3D%271200%27%20fill-opacity%3D%220%22%2F%3E%3C%2Fsvg%3E\" data-orig-src=\"https:\/\/galerie-artima.com\/wp-content\/uploads\/2024\/02\/CLAIRE-FANJUL-Serie-Utopia-Sphere-au-Porc-Epique-Posca-et-bois-de-tilleul-20cm-2022-2--500x500.jpg\" data-srcset=\"https:\/\/galerie-artima.com\/wp-content\/uploads\/2024\/02\/CLAIRE-FANJUL-Serie-Utopia-Sphere-au-Porc-Epique-Posca-et-bois-de-tilleul-20cm-2022-2--66x66.jpg 66w, https:\/\/galerie-artima.com\/wp-content\/uploads\/2024\/02\/CLAIRE-FANJUL-Serie-Utopia-Sphere-au-Porc-Epique-Posca-et-bois-de-tilleul-20cm-2022-2--96x96.jpg 96w, https:\/\/galerie-artima.com\/wp-content\/uploads\/2024\/02\/CLAIRE-FANJUL-Serie-Utopia-Sphere-au-Porc-Epique-Posca-et-bois-de-tilleul-20cm-2022-2--150x150.jpg 150w, https:\/\/galerie-artima.com\/wp-content\/uploads\/2024\/02\/CLAIRE-FANJUL-Serie-Utopia-Sphere-au-Porc-Epique-Posca-et-bois-de-tilleul-20cm-2022-2--200x200.jpg 200w, https:\/\/galerie-artima.com\/wp-content\/uploads\/2024\/02\/CLAIRE-FANJUL-Serie-Utopia-Sphere-au-Porc-Epique-Posca-et-bois-de-tilleul-20cm-2022-2--300x300.jpg 300w, https:\/\/galerie-artima.com\/wp-content\/uploads\/2024\/02\/CLAIRE-FANJUL-Serie-Utopia-Sphere-au-Porc-Epique-Posca-et-bois-de-tilleul-20cm-2022-2--400x400.jpg 400w, https:\/\/galerie-artima.com\/wp-content\/uploads\/2024\/02\/CLAIRE-FANJUL-Serie-Utopia-Sphere-au-Porc-Epique-Posca-et-bois-de-tilleul-20cm-2022-2--500x500.jpg 500w, https:\/\/galerie-artima.com\/wp-content\/uploads\/2024\/02\/CLAIRE-FANJUL-Serie-Utopia-Sphere-au-Porc-Epique-Posca-et-bois-de-tilleul-20cm-2022-2--600x600.jpg 600w, https:\/\/galerie-artima.com\/wp-content\/uploads\/2024\/02\/CLAIRE-FANJUL-Serie-Utopia-Sphere-au-Porc-Epique-Posca-et-bois-de-tilleul-20cm-2022-2--768x768.jpg 768w, https:\/\/galerie-artima.com\/wp-content\/uploads\/2024\/02\/CLAIRE-FANJUL-Serie-Utopia-Sphere-au-Porc-Epique-Posca-et-bois-de-tilleul-20cm-2022-2--800x800.jpg 800w, https:\/\/galerie-artima.com\/wp-content\/uploads\/2024\/02\/CLAIRE-FANJUL-Serie-Utopia-Sphere-au-Porc-Epique-Posca-et-bois-de-tilleul-20cm-2022-2--1024x1024.jpg 1024w, https:\/\/galerie-artima.com\/wp-content\/uploads\/2024\/02\/CLAIRE-FANJUL-Serie-Utopia-Sphere-au-Porc-Epique-Posca-et-bois-de-tilleul-20cm-2022-2-.jpg 1200w\" data-sizes=\"auto\" \/><div class=\"fusion-rollover\">\n\t<div class=\"fusion-rollover-content\">\n\n\t\t\t\t\n\t\t\n\t\t\t\t\t\t\t\t\n\t\t\t\t\t\t\t\t\n\t\t\n\t\t\t\t\t\t\t\t\t\t\t\t\t\t\t\n\t\t\t\t\t\t\n\t\t\t\t\t\t\t\t\t\t<div class=\"fusion-product-buttons\">\n\t\t\t\t\t<a href=\"\/en\/wp-json\/wp\/v2\/pages\/6?add-to-cart=7393\" aria-describedby=\"woocommerce_loop_add_to_cart_link_describedby_7393\" data-quantity=\"1\" class=\"button product_type_simple add_to_cart_button ajax_add_to_cart\" data-product_id=\"7393\" data-product_sku=\"\" aria-label=\"Add to cart: &ldquo;Claire Fanjul | Sph\u00e8re c\u00e9leste au porc-\u00e9pic&rdquo;\" rel=\"nofollow\">Add to cart<\/a>\t<span id=\"woocommerce_loop_add_to_cart_link_describedby_7393\" class=\"screen-reader-text\">\n\t\t\t<\/span>\n<span class=\"fusion-rollover-linebreak\">\n\t\/<\/span>\n\n<a href=\"https:\/\/galerie-artima.com\/en\/shop\/claire-fanjul-sphere-celeste-au-porc-epic\" class=\"show_details_button\">\n\tDetails<\/a>\n\n\t\t\t\t<\/div>\n\t\t\t\t\t\t\t\t\t<a class=\"fusion-link-wrapper\" href=\"https:\/\/galerie-artima.com\/en\/shop\/claire-fanjul-sphere-celeste-au-porc-epic\" aria-label=\"Claire Fanjul | Sph\u00e8re c\u00e9leste au porc-\u00e9pic\"><\/a>\n\t<\/div>\n<\/div>\n<\/div>\n<\/div>\n<div class=\"fusion-product-content\">\n\t<div class=\"product-details\">\n\t\t<div class=\"product-details-container\">\n<h3 class=\"product-title\">\n\t<a href=\"https:\/\/galerie-artima.com\/en\/shop\/claire-fanjul-sphere-celeste-au-porc-epic\">\n\t\tClaire Fanjul | Sph\u00e8re c\u00e9leste au porc-\u00e9pic\t<\/a>\n<\/h3>\n<div class=\"fusion-price-rating\">\n\n\t<span class=\"price\"><span class=\"woocommerce-Price-amount amount\"><bdi>3500,00<span class=\"woocommerce-Price-currencySymbol\">&euro;<\/span><\/bdi><\/span><\/span>\n\t\t<\/div>\n\t<\/div>\n<\/div>\n\n\t<\/div> \n\n\n<\/div>\n<\/li>\n<li class=\"product type-product post-5949 status-publish instock product_cat-all product_cat-drawing product_cat-sculpture-en has-post-thumbnail sold-individually shipping-taxable purchasable product-type-simple product-grid-view\">\n\t<div class=\"fusion-product-wrapper\">\n\n<div class=\"fusion-clean-product-image-wrapper \">\n\t<div  class=\"fusion-image-wrapper fusion-image-size-fixed\" aria-haspopup=\"true\">\n\t\t\t\t<img decoding=\"async\" width=\"500\" height=\"500\" src=\"https:\/\/galerie-artima.com\/wp-content\/uploads\/2024\/02\/CLAIRE-FANJUL-Oeuf-a-lhyppocampe-Feutre-Posca-sur-coquille-doeuf-18x15cm-2024-3-500x500.jpg\" class=\"attachment-woocommerce_thumbnail size-woocommerce_thumbnail lazyload wp-post-image\" alt=\"\" srcset=\"data:image\/svg+xml,%3Csvg%20xmlns%3D%27http%3A%2F%2Fwww.w3.org%2F2000%2Fsvg%27%20width%3D%271200%27%20height%3D%271200%27%20viewBox%3D%270%200%201200%201200%27%3E%3Crect%20width%3D%271200%27%20height%3D%271200%27%20fill-opacity%3D%220%22%2F%3E%3C%2Fsvg%3E\" data-orig-src=\"https:\/\/galerie-artima.com\/wp-content\/uploads\/2024\/02\/CLAIRE-FANJUL-Oeuf-a-lhyppocampe-Feutre-Posca-sur-coquille-doeuf-18x15cm-2024-3-500x500.jpg\" data-srcset=\"https:\/\/galerie-artima.com\/wp-content\/uploads\/2024\/02\/CLAIRE-FANJUL-Oeuf-a-lhyppocampe-Feutre-Posca-sur-coquille-doeuf-18x15cm-2024-3-66x66.jpg 66w, https:\/\/galerie-artima.com\/wp-content\/uploads\/2024\/02\/CLAIRE-FANJUL-Oeuf-a-lhyppocampe-Feutre-Posca-sur-coquille-doeuf-18x15cm-2024-3-96x96.jpg 96w, https:\/\/galerie-artima.com\/wp-content\/uploads\/2024\/02\/CLAIRE-FANJUL-Oeuf-a-lhyppocampe-Feutre-Posca-sur-coquille-doeuf-18x15cm-2024-3-150x150.jpg 150w, https:\/\/galerie-artima.com\/wp-content\/uploads\/2024\/02\/CLAIRE-FANJUL-Oeuf-a-lhyppocampe-Feutre-Posca-sur-coquille-doeuf-18x15cm-2024-3-200x200.jpg 200w, https:\/\/galerie-artima.com\/wp-content\/uploads\/2024\/02\/CLAIRE-FANJUL-Oeuf-a-lhyppocampe-Feutre-Posca-sur-coquille-doeuf-18x15cm-2024-3-300x300.jpg 300w, https:\/\/galerie-artima.com\/wp-content\/uploads\/2024\/02\/CLAIRE-FANJUL-Oeuf-a-lhyppocampe-Feutre-Posca-sur-coquille-doeuf-18x15cm-2024-3-400x400.jpg 400w, https:\/\/galerie-artima.com\/wp-content\/uploads\/2024\/02\/CLAIRE-FANJUL-Oeuf-a-lhyppocampe-Feutre-Posca-sur-coquille-doeuf-18x15cm-2024-3-500x500.jpg 500w, https:\/\/galerie-artima.com\/wp-content\/uploads\/2024\/02\/CLAIRE-FANJUL-Oeuf-a-lhyppocampe-Feutre-Posca-sur-coquille-doeuf-18x15cm-2024-3-600x600.jpg 600w, https:\/\/galerie-artima.com\/wp-content\/uploads\/2024\/02\/CLAIRE-FANJUL-Oeuf-a-lhyppocampe-Feutre-Posca-sur-coquille-doeuf-18x15cm-2024-3-768x768.jpg 768w, https:\/\/galerie-artima.com\/wp-content\/uploads\/2024\/02\/CLAIRE-FANJUL-Oeuf-a-lhyppocampe-Feutre-Posca-sur-coquille-doeuf-18x15cm-2024-3-800x800.jpg 800w, https:\/\/galerie-artima.com\/wp-content\/uploads\/2024\/02\/CLAIRE-FANJUL-Oeuf-a-lhyppocampe-Feutre-Posca-sur-coquille-doeuf-18x15cm-2024-3-1024x1024.jpg 1024w, https:\/\/galerie-artima.com\/wp-content\/uploads\/2024\/02\/CLAIRE-FANJUL-Oeuf-a-lhyppocampe-Feutre-Posca-sur-coquille-doeuf-18x15cm-2024-3.jpg 1200w\" data-sizes=\"auto\" \/><div class=\"fusion-rollover\">\n\t<div class=\"fusion-rollover-content\">\n\n\t\t\t\t\n\t\t\n\t\t\t\t\t\t\t\t\n\t\t\t\t\t\t\t\t\n\t\t\n\t\t\t\t\t\t\t\t\t\t\t\t\t\t\t\n\t\t\t\t\t\t\n\t\t\t\t\t\t\t\t\t\t<div class=\"fusion-product-buttons\">\n\t\t\t\t\t<a href=\"\/en\/wp-json\/wp\/v2\/pages\/6?add-to-cart=5949\" aria-describedby=\"woocommerce_loop_add_to_cart_link_describedby_5949\" data-quantity=\"1\" class=\"button product_type_simple add_to_cart_button ajax_add_to_cart\" data-product_id=\"5949\" data-product_sku=\"\" aria-label=\"Add to cart: &ldquo;Claire Fanjul I L&#039;oeuf \u00e0 l&#039;hyppocampe&rdquo;\" rel=\"nofollow\">Add to cart<\/a>\t<span id=\"woocommerce_loop_add_to_cart_link_describedby_5949\" class=\"screen-reader-text\">\n\t\t\t<\/span>\n<span class=\"fusion-rollover-linebreak\">\n\t\/<\/span>\n\n<a href=\"https:\/\/galerie-artima.com\/en\/shop\/claire-fanjul-loeuf-a-lhyppocampe\" class=\"show_details_button\">\n\tDetails<\/a>\n\n\t\t\t\t<\/div>\n\t\t\t\t\t\t\t\t\t<a class=\"fusion-link-wrapper\" href=\"https:\/\/galerie-artima.com\/en\/shop\/claire-fanjul-loeuf-a-lhyppocampe\" aria-label=\"Claire Fanjul I L&#8217;oeuf \u00e0 l&#8217;hyppocampe\"><\/a>\n\t<\/div>\n<\/div>\n<\/div>\n<\/div>\n<div class=\"fusion-product-content\">\n\t<div class=\"product-details\">\n\t\t<div class=\"product-details-container\">\n<h3 class=\"product-title\">\n\t<a href=\"https:\/\/galerie-artima.com\/en\/shop\/claire-fanjul-loeuf-a-lhyppocampe\">\n\t\tClaire Fanjul I L&#8217;oeuf \u00e0 l&#8217;hyppocampe\t<\/a>\n<\/h3>\n<div class=\"fusion-price-rating\">\n\n\t<span class=\"price\"><span class=\"woocommerce-Price-amount amount\"><bdi>1300,00<span class=\"woocommerce-Price-currencySymbol\">&euro;<\/span><\/bdi><\/span><\/span>\n\t\t<\/div>\n\t<\/div>\n<\/div>\n\n\t<\/div> \n\n\n<\/div>\n<\/li>\n<\/ul><div class=\"fusion-woo-product-grid-pagination fusion-clearfix infinite-scroll infinite-scroll-hide\"><\/div><\/div><div class=\"fusion-title title fusion-title-5 fusion-no-large-visibility sep-underline sep-solid fusion-title-text fusion-title-size-two\"><h2 class=\"fusion-title-heading title-heading-left\" style=\"margin:0;\">Photographie<\/h2><\/div><div class=\"fusion-woo-product-grid fusion-product-archive fusion-woo-product-grid-5 fusion-no-large-visibility hide-rating has-load-more has-column-spacing\" style=\"--awb-column-spacing-margin:calc((40px)\/ -2);--awb-column-spacing-padding:calc((40px)\/ 2);\"><ul class=\"products products-3 fusion-products-container-infinite\" data-pages=\"1\"><li class=\"product type-product post-12321 status-publish first instock product_cat-all product_cat-photograph has-post-thumbnail sold-individually shipping-taxable purchasable product-type-simple product-grid-view\">\n\t<div class=\"fusion-product-wrapper\">\n\n<div class=\"fusion-clean-product-image-wrapper \">\n\t<div  class=\"fusion-image-wrapper fusion-image-size-fixed\" aria-haspopup=\"true\">\n\t\t\t\t<img decoding=\"async\" width=\"500\" height=\"500\" src=\"https:\/\/galerie-artima.com\/wp-content\/uploads\/2022\/05\/MARC-HARROLD-Beach-31-65x145cm-2-500x500.jpg\" class=\"attachment-woocommerce_thumbnail size-woocommerce_thumbnail lazyload wp-post-image\" alt=\"\" srcset=\"data:image\/svg+xml,%3Csvg%20xmlns%3D%27http%3A%2F%2Fwww.w3.org%2F2000%2Fsvg%27%20width%3D%271200%27%20height%3D%271200%27%20viewBox%3D%270%200%201200%201200%27%3E%3Crect%20width%3D%271200%27%20height%3D%271200%27%20fill-opacity%3D%220%22%2F%3E%3C%2Fsvg%3E\" data-orig-src=\"https:\/\/galerie-artima.com\/wp-content\/uploads\/2022\/05\/MARC-HARROLD-Beach-31-65x145cm-2-500x500.jpg\" data-srcset=\"https:\/\/galerie-artima.com\/wp-content\/uploads\/2022\/05\/MARC-HARROLD-Beach-31-65x145cm-2-66x66.jpg 66w, https:\/\/galerie-artima.com\/wp-content\/uploads\/2022\/05\/MARC-HARROLD-Beach-31-65x145cm-2-96x96.jpg 96w, https:\/\/galerie-artima.com\/wp-content\/uploads\/2022\/05\/MARC-HARROLD-Beach-31-65x145cm-2-150x150.jpg 150w, https:\/\/galerie-artima.com\/wp-content\/uploads\/2022\/05\/MARC-HARROLD-Beach-31-65x145cm-2-200x200.jpg 200w, https:\/\/galerie-artima.com\/wp-content\/uploads\/2022\/05\/MARC-HARROLD-Beach-31-65x145cm-2-300x300.jpg 300w, https:\/\/galerie-artima.com\/wp-content\/uploads\/2022\/05\/MARC-HARROLD-Beach-31-65x145cm-2-400x400.jpg 400w, https:\/\/galerie-artima.com\/wp-content\/uploads\/2022\/05\/MARC-HARROLD-Beach-31-65x145cm-2-500x500.jpg 500w, https:\/\/galerie-artima.com\/wp-content\/uploads\/2022\/05\/MARC-HARROLD-Beach-31-65x145cm-2-600x600.jpg 600w, https:\/\/galerie-artima.com\/wp-content\/uploads\/2022\/05\/MARC-HARROLD-Beach-31-65x145cm-2-768x768.jpg 768w, https:\/\/galerie-artima.com\/wp-content\/uploads\/2022\/05\/MARC-HARROLD-Beach-31-65x145cm-2-800x800.jpg 800w, https:\/\/galerie-artima.com\/wp-content\/uploads\/2022\/05\/MARC-HARROLD-Beach-31-65x145cm-2-1024x1024.jpg 1024w, https:\/\/galerie-artima.com\/wp-content\/uploads\/2022\/05\/MARC-HARROLD-Beach-31-65x145cm-2.jpg 1200w\" data-sizes=\"auto\" \/><div class=\"fusion-rollover\">\n\t<div class=\"fusion-rollover-content\">\n\n\t\t\t\t\n\t\t\n\t\t\t\t\t\t\t\t\n\t\t\t\t\t\t\t\t\n\t\t\n\t\t\t\t\t\t\t\t\t\t\t\t\t\t\t\n\t\t\t\t\t\t\n\t\t\t\t\t\t\t\t\t\t<div class=\"fusion-product-buttons\">\n\t\t\t\t\t<a href=\"\/en\/wp-json\/wp\/v2\/pages\/6?add-to-cart=12321\" aria-describedby=\"woocommerce_loop_add_to_cart_link_describedby_12321\" data-quantity=\"1\" class=\"button product_type_simple add_to_cart_button ajax_add_to_cart\" data-product_id=\"12321\" data-product_sku=\"\" aria-label=\"Add to cart: &ldquo;Marc Harrold I Beach #31&rdquo;\" rel=\"nofollow\">Add to cart<\/a>\t<span id=\"woocommerce_loop_add_to_cart_link_describedby_12321\" class=\"screen-reader-text\">\n\t\t\t<\/span>\n<span class=\"fusion-rollover-linebreak\">\n\t\/<\/span>\n\n<a href=\"https:\/\/galerie-artima.com\/en\/shop\/marc-harrold-beach-31\" class=\"show_details_button\">\n\tDetails<\/a>\n\n\t\t\t\t<\/div>\n\t\t\t\t\t\t\t\t\t<a class=\"fusion-link-wrapper\" href=\"https:\/\/galerie-artima.com\/en\/shop\/marc-harrold-beach-31\" aria-label=\"Marc Harrold I Beach #31\"><\/a>\n\t<\/div>\n<\/div>\n<\/div>\n<\/div>\n<div class=\"fusion-product-content\">\n\t<div class=\"product-details\">\n\t\t<div class=\"product-details-container\">\n<h3 class=\"product-title\">\n\t<a href=\"https:\/\/galerie-artima.com\/en\/shop\/marc-harrold-beach-31\">\n\t\tMarc Harrold I Beach #31\t<\/a>\n<\/h3>\n<div class=\"fusion-price-rating\">\n\n\t<span class=\"price\"><span class=\"woocommerce-Price-amount amount\"><bdi>4500,00<span class=\"woocommerce-Price-currencySymbol\">&euro;<\/span><\/bdi><\/span><\/span>\n\t\t<\/div>\n\t<\/div>\n<\/div>\n\n\t<\/div> \n\n\n<\/div>\n<\/li>\n<li class=\"product type-product post-12327 status-publish instock product_cat-all product_cat-photograph has-post-thumbnail sold-individually shipping-taxable purchasable product-type-simple product-grid-view\">\n\t<div class=\"fusion-product-wrapper\">\n\n<div class=\"fusion-clean-product-image-wrapper \">\n\t<div  class=\"fusion-image-wrapper fusion-image-size-fixed\" aria-haspopup=\"true\">\n\t\t\t\t<img decoding=\"async\" width=\"500\" height=\"500\" src=\"https:\/\/galerie-artima.com\/wp-content\/uploads\/2023\/08\/MARC-HARROLD-Brooklyn-Bridge-500x500.jpg\" class=\"attachment-woocommerce_thumbnail size-woocommerce_thumbnail lazyload wp-post-image\" alt=\"\" srcset=\"data:image\/svg+xml,%3Csvg%20xmlns%3D%27http%3A%2F%2Fwww.w3.org%2F2000%2Fsvg%27%20width%3D%271200%27%20height%3D%271200%27%20viewBox%3D%270%200%201200%201200%27%3E%3Crect%20width%3D%271200%27%20height%3D%271200%27%20fill-opacity%3D%220%22%2F%3E%3C%2Fsvg%3E\" data-orig-src=\"https:\/\/galerie-artima.com\/wp-content\/uploads\/2023\/08\/MARC-HARROLD-Brooklyn-Bridge-500x500.jpg\" data-srcset=\"https:\/\/galerie-artima.com\/wp-content\/uploads\/2023\/08\/MARC-HARROLD-Brooklyn-Bridge-66x66.jpg 66w, https:\/\/galerie-artima.com\/wp-content\/uploads\/2023\/08\/MARC-HARROLD-Brooklyn-Bridge-96x96.jpg 96w, https:\/\/galerie-artima.com\/wp-content\/uploads\/2023\/08\/MARC-HARROLD-Brooklyn-Bridge-150x150.jpg 150w, https:\/\/galerie-artima.com\/wp-content\/uploads\/2023\/08\/MARC-HARROLD-Brooklyn-Bridge-200x200.jpg 200w, https:\/\/galerie-artima.com\/wp-content\/uploads\/2023\/08\/MARC-HARROLD-Brooklyn-Bridge-300x300.jpg 300w, https:\/\/galerie-artima.com\/wp-content\/uploads\/2023\/08\/MARC-HARROLD-Brooklyn-Bridge-400x400.jpg 400w, https:\/\/galerie-artima.com\/wp-content\/uploads\/2023\/08\/MARC-HARROLD-Brooklyn-Bridge-500x500.jpg 500w, https:\/\/galerie-artima.com\/wp-content\/uploads\/2023\/08\/MARC-HARROLD-Brooklyn-Bridge-600x600.jpg 600w, https:\/\/galerie-artima.com\/wp-content\/uploads\/2023\/08\/MARC-HARROLD-Brooklyn-Bridge-768x768.jpg 768w, https:\/\/galerie-artima.com\/wp-content\/uploads\/2023\/08\/MARC-HARROLD-Brooklyn-Bridge-800x800.jpg 800w, https:\/\/galerie-artima.com\/wp-content\/uploads\/2023\/08\/MARC-HARROLD-Brooklyn-Bridge-1024x1024.jpg 1024w, https:\/\/galerie-artima.com\/wp-content\/uploads\/2023\/08\/MARC-HARROLD-Brooklyn-Bridge.jpg 1200w\" data-sizes=\"auto\" \/><div class=\"fusion-rollover\">\n\t<div class=\"fusion-rollover-content\">\n\n\t\t\t\t\n\t\t\n\t\t\t\t\t\t\t\t\n\t\t\t\t\t\t\t\t\n\t\t\n\t\t\t\t\t\t\t\t\t\t\t\t\t\t\t\n\t\t\t\t\t\t\n\t\t\t\t\t\t\t\t\t\t<div class=\"fusion-product-buttons\">\n\t\t\t\t\t<a href=\"\/en\/wp-json\/wp\/v2\/pages\/6?add-to-cart=12327\" aria-describedby=\"woocommerce_loop_add_to_cart_link_describedby_12327\" data-quantity=\"1\" class=\"button product_type_simple add_to_cart_button ajax_add_to_cart\" data-product_id=\"12327\" data-product_sku=\"\" aria-label=\"Add to cart: &ldquo;Marc Harrold I Brooklyn bridge&rdquo;\" rel=\"nofollow\">Add to cart<\/a>\t<span id=\"woocommerce_loop_add_to_cart_link_describedby_12327\" class=\"screen-reader-text\">\n\t\t\t<\/span>\n<span class=\"fusion-rollover-linebreak\">\n\t\/<\/span>\n\n<a href=\"https:\/\/galerie-artima.com\/en\/shop\/marc-harrold-brooklyn-bridge\" class=\"show_details_button\">\n\tDetails<\/a>\n\n\t\t\t\t<\/div>\n\t\t\t\t\t\t\t\t\t<a class=\"fusion-link-wrapper\" href=\"https:\/\/galerie-artima.com\/en\/shop\/marc-harrold-brooklyn-bridge\" aria-label=\"Marc Harrold I Brooklyn bridge\"><\/a>\n\t<\/div>\n<\/div>\n<\/div>\n<\/div>\n<div class=\"fusion-product-content\">\n\t<div class=\"product-details\">\n\t\t<div class=\"product-details-container\">\n<h3 class=\"product-title\">\n\t<a href=\"https:\/\/galerie-artima.com\/en\/shop\/marc-harrold-brooklyn-bridge\">\n\t\tMarc Harrold I Brooklyn bridge\t<\/a>\n<\/h3>\n<div class=\"fusion-price-rating\">\n\n\t<span class=\"price\"><span class=\"woocommerce-Price-amount amount\"><bdi>6000,00<span class=\"woocommerce-Price-currencySymbol\">&euro;<\/span><\/bdi><\/span><\/span>\n\t\t<\/div>\n\t<\/div>\n<\/div>\n\n\t<\/div> \n\n\n<\/div>\n<\/li>\n<\/ul><div class=\"fusion-woo-product-grid-pagination fusion-clearfix infinite-scroll infinite-scroll-hide\"><\/div><\/div><div class=\"fusion-title title fusion-title-6 fusion-no-large-visibility sep-underline sep-solid fusion-title-text fusion-title-size-two\"><h2 class=\"fusion-title-heading title-heading-left\" style=\"margin:0;\">Publication<\/h2><\/div><div class=\"fusion-woo-product-grid fusion-product-archive fusion-woo-product-grid-6 fusion-no-large-visibility hide-rating has-load-more has-column-spacing\" style=\"--awb-column-spacing-margin:calc((40px)\/ -2);--awb-column-spacing-padding:calc((40px)\/ 2);\"><ul class=\"products products-3 fusion-products-container-infinite\" data-pages=\"1\"><li class=\"product type-product post-4024 status-publish first instock product_cat-edition has-post-thumbnail shipping-taxable purchasable product-type-simple product-grid-view\">\n\t<div class=\"fusion-product-wrapper\">\n\n<div class=\"fusion-clean-product-image-wrapper \">\n\t<div  class=\"fusion-image-wrapper fusion-image-size-fixed\" aria-haspopup=\"true\">\n\t\t\t\t<img decoding=\"async\" width=\"500\" height=\"495\" src=\"https:\/\/galerie-artima.com\/wp-content\/uploads\/2021\/04\/Alain-Le-Boucher-3-200x198-1-500x495.jpg\" class=\"attachment-woocommerce_thumbnail size-woocommerce_thumbnail lazyload wp-post-image\" alt=\"\" srcset=\"data:image\/svg+xml,%3Csvg%20xmlns%3D%27http%3A%2F%2Fwww.w3.org%2F2000%2Fsvg%27%20width%3D%271200%27%20height%3D%271188%27%20viewBox%3D%270%200%201200%201188%27%3E%3Crect%20width%3D%271200%27%20height%3D%271188%27%20fill-opacity%3D%220%22%2F%3E%3C%2Fsvg%3E\" data-orig-src=\"https:\/\/galerie-artima.com\/wp-content\/uploads\/2021\/04\/Alain-Le-Boucher-3-200x198-1-500x495.jpg\" data-srcset=\"https:\/\/galerie-artima.com\/wp-content\/uploads\/2021\/04\/Alain-Le-Boucher-3-200x198-1-66x66.jpg 66w, https:\/\/galerie-artima.com\/wp-content\/uploads\/2021\/04\/Alain-Le-Boucher-3-200x198-1-96x96.jpg 96w, https:\/\/galerie-artima.com\/wp-content\/uploads\/2021\/04\/Alain-Le-Boucher-3-200x198-1-150x150.jpg 150w, https:\/\/galerie-artima.com\/wp-content\/uploads\/2021\/04\/Alain-Le-Boucher-3-200x198-1-200x198.jpg 200w, https:\/\/galerie-artima.com\/wp-content\/uploads\/2021\/04\/Alain-Le-Boucher-3-200x198-1-300x297.jpg 300w, https:\/\/galerie-artima.com\/wp-content\/uploads\/2021\/04\/Alain-Le-Boucher-3-200x198-1-400x396.jpg 400w, https:\/\/galerie-artima.com\/wp-content\/uploads\/2021\/04\/Alain-Le-Boucher-3-200x198-1-500x495.jpg 500w, https:\/\/galerie-artima.com\/wp-content\/uploads\/2021\/04\/Alain-Le-Boucher-3-200x198-1-600x594.jpg 600w, https:\/\/galerie-artima.com\/wp-content\/uploads\/2021\/04\/Alain-Le-Boucher-3-200x198-1-768x760.jpg 768w, https:\/\/galerie-artima.com\/wp-content\/uploads\/2021\/04\/Alain-Le-Boucher-3-200x198-1-800x792.jpg 800w, https:\/\/galerie-artima.com\/wp-content\/uploads\/2021\/04\/Alain-Le-Boucher-3-200x198-1-1024x1014.jpg 1024w, https:\/\/galerie-artima.com\/wp-content\/uploads\/2021\/04\/Alain-Le-Boucher-3-200x198-1.jpg 1200w\" data-sizes=\"auto\" \/><div class=\"fusion-rollover\">\n\t<div class=\"fusion-rollover-content\">\n\n\t\t\t\t\n\t\t\n\t\t\t\t\t\t\t\t\n\t\t\t\t\t\t\t\t\n\t\t\n\t\t\t\t\t\t\t\t\t\t\t\t\t\t\t\n\t\t\t\t\t\t\n\t\t\t\t\t\t\t\t\t\t<div class=\"fusion-product-buttons\">\n\t\t\t\t\t<a href=\"\/en\/wp-json\/wp\/v2\/pages\/6?add-to-cart=4024\" aria-describedby=\"woocommerce_loop_add_to_cart_link_describedby_4024\" data-quantity=\"1\" class=\"button product_type_simple add_to_cart_button ajax_add_to_cart\" data-product_id=\"4024\" data-product_sku=\"\" aria-label=\"Add to cart: &ldquo;Alain Le Boucher | Luchrones&rdquo;\" rel=\"nofollow\">Add to cart<\/a>\t<span id=\"woocommerce_loop_add_to_cart_link_describedby_4024\" class=\"screen-reader-text\">\n\t\t\t<\/span>\n<span class=\"fusion-rollover-linebreak\">\n\t\/<\/span>\n\n<a href=\"https:\/\/galerie-artima.com\/en\/shop\/alain-le-boucher-luchrones\" class=\"show_details_button\">\n\tDetails<\/a>\n\n\t\t\t\t<\/div>\n\t\t\t\t\t\t\t\t\t<a class=\"fusion-link-wrapper\" href=\"https:\/\/galerie-artima.com\/en\/shop\/alain-le-boucher-luchrones\" aria-label=\"Alain Le Boucher | Luchrones\"><\/a>\n\t<\/div>\n<\/div>\n<\/div>\n<\/div>\n<div class=\"fusion-product-content\">\n\t<div class=\"product-details\">\n\t\t<div class=\"product-details-container\">\n<h3 class=\"product-title\">\n\t<a href=\"https:\/\/galerie-artima.com\/en\/shop\/alain-le-boucher-luchrones\">\n\t\tAlain Le Boucher | Luchrones\t<\/a>\n<\/h3>\n<div class=\"fusion-price-rating\">\n\n\t<span class=\"price\"><span class=\"woocommerce-Price-amount amount\"><bdi>30,00<span class=\"woocommerce-Price-currencySymbol\">&euro;<\/span><\/bdi><\/span><\/span>\n\t\t<\/div>\n\t<\/div>\n<\/div>\n\n\t<\/div> \n\n\n<\/div>\n<\/li>\n<li class=\"product type-product post-6273 status-publish instock product_cat-edition has-post-thumbnail shipping-taxable purchasable product-type-simple product-grid-view\">\n\t<div class=\"fusion-product-wrapper\">\n\n<div class=\"fusion-clean-product-image-wrapper \">\n\t<div  class=\"fusion-image-wrapper fusion-image-size-fixed\" aria-haspopup=\"true\">\n\t\t\t\t<img decoding=\"async\" width=\"500\" height=\"500\" src=\"https:\/\/galerie-artima.com\/wp-content\/uploads\/2022\/01\/Fazzino-scaled-500x500.jpg\" class=\"attachment-woocommerce_thumbnail size-woocommerce_thumbnail lazyload wp-post-image\" alt=\"\" srcset=\"data:image\/svg+xml,%3Csvg%20xmlns%3D%27http%3A%2F%2Fwww.w3.org%2F2000%2Fsvg%27%20width%3D%272560%27%20height%3D%272560%27%20viewBox%3D%270%200%202560%202560%27%3E%3Crect%20width%3D%272560%27%20height%3D%272560%27%20fill-opacity%3D%220%22%2F%3E%3C%2Fsvg%3E\" data-orig-src=\"https:\/\/galerie-artima.com\/wp-content\/uploads\/2022\/01\/Fazzino-scaled-500x500.jpg\" data-srcset=\"https:\/\/galerie-artima.com\/wp-content\/uploads\/2022\/01\/Fazzino-66x66.jpg 66w, https:\/\/galerie-artima.com\/wp-content\/uploads\/2022\/01\/Fazzino-scaled-96x96.jpg 96w, https:\/\/galerie-artima.com\/wp-content\/uploads\/2022\/01\/Fazzino-150x150.jpg 150w, https:\/\/galerie-artima.com\/wp-content\/uploads\/2022\/01\/Fazzino-200x200.jpg 200w, https:\/\/galerie-artima.com\/wp-content\/uploads\/2022\/01\/Fazzino-300x300.jpg 300w, https:\/\/galerie-artima.com\/wp-content\/uploads\/2022\/01\/Fazzino-400x400.jpg 400w, https:\/\/galerie-artima.com\/wp-content\/uploads\/2022\/01\/Fazzino-scaled-500x500.jpg 500w, https:\/\/galerie-artima.com\/wp-content\/uploads\/2022\/01\/Fazzino-scaled-600x600.jpg 600w, https:\/\/galerie-artima.com\/wp-content\/uploads\/2022\/01\/Fazzino-768x768.jpg 768w, https:\/\/galerie-artima.com\/wp-content\/uploads\/2022\/01\/Fazzino-800x800.jpg 800w, https:\/\/galerie-artima.com\/wp-content\/uploads\/2022\/01\/Fazzino-1024x1024.jpg 1024w, https:\/\/galerie-artima.com\/wp-content\/uploads\/2022\/01\/Fazzino-1200x1200.jpg 1200w, https:\/\/galerie-artima.com\/wp-content\/uploads\/2022\/01\/Fazzino-1536x1536.jpg 1536w\" data-sizes=\"auto\" \/><div class=\"fusion-rollover\">\n\t<div class=\"fusion-rollover-content\">\n\n\t\t\t\t\n\t\t\n\t\t\t\t\t\t\t\t\n\t\t\t\t\t\t\t\t\n\t\t\n\t\t\t\t\t\t\t\t\t\t\t\t\t\t\t\n\t\t\t\t\t\t\n\t\t\t\t\t\t\t\t\t\t<div class=\"fusion-product-buttons\">\n\t\t\t\t\t<a href=\"\/en\/wp-json\/wp\/v2\/pages\/6?add-to-cart=6273\" aria-describedby=\"woocommerce_loop_add_to_cart_link_describedby_6273\" data-quantity=\"1\" class=\"button product_type_simple add_to_cart_button ajax_add_to_cart\" data-product_id=\"6273\" data-product_sku=\"\" aria-label=\"Add to cart: &ldquo;Charles Fazzino | The Sun shines bright over the big apple&rdquo;\" rel=\"nofollow\">Add to cart<\/a>\t<span id=\"woocommerce_loop_add_to_cart_link_describedby_6273\" class=\"screen-reader-text\">\n\t\t\t<\/span>\n<span class=\"fusion-rollover-linebreak\">\n\t\/<\/span>\n\n<a href=\"https:\/\/galerie-artima.com\/en\/shop\/charles-fazzino-the-sun-shines-bright-over-the-big-apple\" class=\"show_details_button\">\n\tDetails<\/a>\n\n\t\t\t\t<\/div>\n\t\t\t\t\t\t\t\t\t<a class=\"fusion-link-wrapper\" href=\"https:\/\/galerie-artima.com\/en\/shop\/charles-fazzino-the-sun-shines-bright-over-the-big-apple\" aria-label=\"Charles Fazzino | The Sun shines bright over the big apple\"><\/a>\n\t<\/div>\n<\/div>\n<\/div>\n<\/div>\n<div class=\"fusion-product-content\">\n\t<div class=\"product-details\">\n\t\t<div class=\"product-details-container\">\n<h3 class=\"product-title\">\n\t<a href=\"https:\/\/galerie-artima.com\/en\/shop\/charles-fazzino-the-sun-shines-bright-over-the-big-apple\">\n\t\tCharles Fazzino | The Sun shines bright over the big apple\t<\/a>\n<\/h3>\n<div class=\"fusion-price-rating\">\n\n\t<span class=\"price\"><span class=\"woocommerce-Price-amount amount\"><bdi>80,00<span class=\"woocommerce-Price-currencySymbol\">&euro;<\/span><\/bdi><\/span><\/span>\n\t\t<\/div>\n\t<\/div>\n<\/div>\n\n\t<\/div> \n\n\n<\/div>\n<\/li>\n<\/ul><div class=\"fusion-woo-product-grid-pagination fusion-clearfix infinite-scroll infinite-scroll-hide\"><\/div><\/div><\/div><\/div><\/div><\/div><\/p>\n","protected":false},"excerpt":{"rendered":"","protected":false},"author":1,"featured_media":0,"parent":0,"menu_order":74,"comment_status":"closed","ping_status":"closed","template":"100-width.php","meta":{"footnotes":""},"class_list":["post-6","page","type-page","status-publish","hentry"],"yoast_head":"<!-- This site is optimized with the Yoast SEO plugin v27.2 - https:\/\/yoast.com\/product\/yoast-seo-wordpress\/ -->\n<title>Store - Galerie Artima<\/title>\n<meta name=\"robots\" content=\"index, follow, max-snippet:-1, max-image-preview:large, max-video-preview:-1\" \/>\n<link rel=\"canonical\" href=\"https:\/\/galerie-artima.com\/en\/store\" \/>\n<meta property=\"og:locale\" content=\"en_US\" \/>\n<meta property=\"og:type\" content=\"article\" \/>\n<meta property=\"og:title\" content=\"Store - Galerie Artima\" \/>\n<meta property=\"og:url\" content=\"https:\/\/galerie-artima.com\/store\" \/>\n<meta property=\"og:site_name\" content=\"Galerie Artima\" \/>\n<meta property=\"article:publisher\" content=\"https:\/\/www.facebook.com\/mulevosges\" \/>\n<meta property=\"article:modified_time\" content=\"2026-02-03T22:59:51+00:00\" \/>\n<meta name=\"twitter:card\" content=\"summary_large_image\" \/>\n<script type=\"application\/ld+json\" class=\"yoast-schema-graph\">{\"@context\":\"https:\/\/schema.org\",\"@graph\":[{\"@type\":\"WebPage\",\"@id\":\"https:\/\/galerie-artima.com\/store\",\"url\":\"https:\/\/galerie-artima.com\/store\",\"name\":\"Store - Galerie Artima\",\"isPartOf\":{\"@id\":\"https:\/\/galerie-artima.com\/#website\"},\"datePublished\":\"2021-03-22T14:38:13+00:00\",\"dateModified\":\"2026-02-03T22:59:51+00:00\",\"breadcrumb\":{\"@id\":\"https:\/\/galerie-artima.com\/store#breadcrumb\"},\"inLanguage\":\"en-US\",\"potentialAction\":[{\"@type\":\"ReadAction\",\"target\":[\"https:\/\/galerie-artima.com\/store\"]}]},{\"@type\":\"BreadcrumbList\",\"@id\":\"https:\/\/galerie-artima.com\/store#breadcrumb\",\"itemListElement\":[{\"@type\":\"ListItem\",\"position\":1,\"name\":\"Accueil\",\"item\":\"https:\/\/galerie-artima.com\/en\"},{\"@type\":\"ListItem\",\"position\":2,\"name\":\"Store\"}]},{\"@type\":\"WebSite\",\"@id\":\"https:\/\/galerie-artima.com\/#website\",\"url\":\"https:\/\/galerie-artima.com\/\",\"name\":\"Galerie Artima\",\"description\":\"Galerie ARTIMA - Paris - Honfleur\",\"publisher\":{\"@id\":\"https:\/\/galerie-artima.com\/#organization\"},\"potentialAction\":[{\"@type\":\"SearchAction\",\"target\":{\"@type\":\"EntryPoint\",\"urlTemplate\":\"https:\/\/galerie-artima.com\/?s={search_term_string}\"},\"query-input\":{\"@type\":\"PropertyValueSpecification\",\"valueRequired\":true,\"valueName\":\"search_term_string\"}}],\"inLanguage\":\"en-US\"},{\"@type\":\"Organization\",\"@id\":\"https:\/\/galerie-artima.com\/#organization\",\"name\":\"Galerie ARTIMA\",\"url\":\"https:\/\/galerie-artima.com\/\",\"logo\":{\"@type\":\"ImageObject\",\"inLanguage\":\"en-US\",\"@id\":\"https:\/\/galerie-artima.com\/#\/schema\/logo\/image\/\",\"url\":\"https:\/\/galerie-artima.com\/wp-content\/uploads\/2022\/02\/LOGO-2022-copie.jpg\",\"contentUrl\":\"https:\/\/galerie-artima.com\/wp-content\/uploads\/2022\/02\/LOGO-2022-copie.jpg\",\"width\":2362,\"height\":654,\"caption\":\"Galerie ARTIMA\"},\"image\":{\"@id\":\"https:\/\/galerie-artima.com\/#\/schema\/logo\/image\/\"},\"sameAs\":[\"https:\/\/www.facebook.com\/mulevosges\",\"https:\/\/www.instagram.com\/galerie_artima\/\"]}]}<\/script>\n<!-- \/ Yoast SEO plugin. -->","yoast_head_json":{"title":"Store - Galerie Artima","robots":{"index":"index","follow":"follow","max-snippet":"max-snippet:-1","max-image-preview":"max-image-preview:large","max-video-preview":"max-video-preview:-1"},"canonical":"https:\/\/galerie-artima.com\/en\/store","og_locale":"en_US","og_type":"article","og_title":"Store - Galerie Artima","og_url":"https:\/\/galerie-artima.com\/store","og_site_name":"Galerie Artima","article_publisher":"https:\/\/www.facebook.com\/mulevosges","article_modified_time":"2026-02-03T22:59:51+00:00","twitter_card":"summary_large_image","schema":{"@context":"https:\/\/schema.org","@graph":[{"@type":"WebPage","@id":"https:\/\/galerie-artima.com\/store","url":"https:\/\/galerie-artima.com\/store","name":"Store - Galerie Artima","isPartOf":{"@id":"https:\/\/galerie-artima.com\/#website"},"datePublished":"2021-03-22T14:38:13+00:00","dateModified":"2026-02-03T22:59:51+00:00","breadcrumb":{"@id":"https:\/\/galerie-artima.com\/store#breadcrumb"},"inLanguage":"en-US","potentialAction":[{"@type":"ReadAction","target":["https:\/\/galerie-artima.com\/store"]}]},{"@type":"BreadcrumbList","@id":"https:\/\/galerie-artima.com\/store#breadcrumb","itemListElement":[{"@type":"ListItem","position":1,"name":"Accueil","item":"https:\/\/galerie-artima.com\/en"},{"@type":"ListItem","position":2,"name":"Store"}]},{"@type":"WebSite","@id":"https:\/\/galerie-artima.com\/#website","url":"https:\/\/galerie-artima.com\/","name":"Galerie Artima","description":"Galerie ARTIMA - Paris - Honfleur","publisher":{"@id":"https:\/\/galerie-artima.com\/#organization"},"potentialAction":[{"@type":"SearchAction","target":{"@type":"EntryPoint","urlTemplate":"https:\/\/galerie-artima.com\/?s={search_term_string}"},"query-input":{"@type":"PropertyValueSpecification","valueRequired":true,"valueName":"search_term_string"}}],"inLanguage":"en-US"},{"@type":"Organization","@id":"https:\/\/galerie-artima.com\/#organization","name":"Galerie ARTIMA","url":"https:\/\/galerie-artima.com\/","logo":{"@type":"ImageObject","inLanguage":"en-US","@id":"https:\/\/galerie-artima.com\/#\/schema\/logo\/image\/","url":"https:\/\/galerie-artima.com\/wp-content\/uploads\/2022\/02\/LOGO-2022-copie.jpg","contentUrl":"https:\/\/galerie-artima.com\/wp-content\/uploads\/2022\/02\/LOGO-2022-copie.jpg","width":2362,"height":654,"caption":"Galerie ARTIMA"},"image":{"@id":"https:\/\/galerie-artima.com\/#\/schema\/logo\/image\/"},"sameAs":["https:\/\/www.facebook.com\/mulevosges","https:\/\/www.instagram.com\/galerie_artima\/"]}]}},"_links":{"self":[{"href":"https:\/\/galerie-artima.com\/en\/wp-json\/wp\/v2\/pages\/6","targetHints":{"allow":["GET"]}}],"collection":[{"href":"https:\/\/galerie-artima.com\/en\/wp-json\/wp\/v2\/pages"}],"about":[{"href":"https:\/\/galerie-artima.com\/en\/wp-json\/wp\/v2\/types\/page"}],"author":[{"embeddable":true,"href":"https:\/\/galerie-artima.com\/en\/wp-json\/wp\/v2\/users\/1"}],"replies":[{"embeddable":true,"href":"https:\/\/galerie-artima.com\/en\/wp-json\/wp\/v2\/comments?post=6"}],"version-history":[{"count":104,"href":"https:\/\/galerie-artima.com\/en\/wp-json\/wp\/v2\/pages\/6\/revisions"}],"predecessor-version":[{"id":21340,"href":"https:\/\/galerie-artima.com\/en\/wp-json\/wp\/v2\/pages\/6\/revisions\/21340"}],"wp:attachment":[{"href":"https:\/\/galerie-artima.com\/en\/wp-json\/wp\/v2\/media?parent=6"}],"curies":[{"name":"wp","href":"https:\/\/api.w.org\/{rel}","templated":true}]}}